{"id":1496,"date":"2026-09-04T14:04:31","date_gmt":"2026-09-04T12:04:31","guid":{"rendered":"https:\/\/semmelweis.hu\/gsi\/?page_id=1496"},"modified":"2026-09-05T13:25:03","modified_gmt":"2026-09-05T11:25:03","slug":"fok-immunologia-alapjai","status":"publish","type":"page","link":"https:\/\/semmelweis.hu\/gsi\/oktatas\/tantargyak\/fok-immunologia-alapjai\/","title":{"rendered":"Immunol\u00f3gia alapjai (FOKOGEN347_1M)"},"content":{"rendered":"<h2>Immunol\u00f3gia alapjai\u00a0(FOKOGEN347_1M)<br \/>\nFogorvostudom\u00e1nyi Kar, 2. \u00e9vfolyam<\/h2>\n<div class=\"responsive-tabs\">\n<h2 class=\"tabtitle\">Kurzusinform\u00e1ci\u00f3<\/h2>\n<div class=\"tabcontent\">\n\n<h3>\u00c1ltal\u00e1nos t\u00e1j\u00e9koztat\u00e1s (2026\/27. tan\u00e9v I. f\u00e9l\u00e9v)<\/h3>\n<p>Az Immunol\u00f3gia alapjai tant\u00e1rgy a fogorvostanhallgat\u00f3k sz\u00e1m\u00e1ra kidolgozott pre-klinikai kurzus, mely bemutatja az immunrendszer, a szerzett \u00e9s adapt\u00edv immunv\u00e1lasz alapvet\u0151 saj\u00e1toss\u00e1gait. T\u00e1rgyalja az immunv\u00e1laszban szerepl\u0151 sejtek \u00e9s molekul\u00e1k l\u00e9trej\u00f6tt\u00e9t, az antig\u00e9nreceptorok genetikai diverzit\u00e1s\u00e1nak kialakul\u00e1s\u00e1t \u00e9s a diverzit\u00e1s szerep\u00e9t a hat\u00e9kony immunv\u00e1laszban. Megismerteti a hallgat\u00f3kat az immunol\u00f3giai szab\u00e1lyoz\u00e1s folyamataival az eg\u00e9szs\u00e9ges szervezetben. Ugyancsak t\u00e1rgyalja az immunol\u00f3giai folyamatok lefoly\u00e1s\u00e1t, \u00e9s megv\u00e1ltoz\u00e1s\u00e1t egyes k\u00f3ros \u00e1llapotokban, mint a fert\u0151z\u00e9sek, tumoros \u00e1llapotok, t\u00fal\u00e9rz\u00e9kenys\u00e9gi reakci\u00f3k, autoimmunit\u00e1s, immunhi\u00e1nyos \u00e1llapotok, illetve a transzplant\u00e1ci\u00f3 sor\u00e1n, minden esetben kiemelve a fog\u00e1szati vonatkoz\u00e1sokat is, amellyel m\u00e1s t\u00e1rgyak megalapoz\u00e1s\u00e1t szolg\u00e1lja. A kapcsol\u00f3d\u00f3 gyakorlati foglalkoz\u00e1sok els\u0151 fel\u00e9ben megismerteti a hallgat\u00f3kat az immunrendszer m\u0171k\u00f6d\u00e9s\u00e9nek vizsg\u00e1lat\u00e1hoz sz\u00fcks\u00e9ges alapvet\u0151 m\u00f3dszerekkel, a mindennapi diagnosztikai gyakorlatban haszn\u00e1lt immunol\u00f3giai technik\u00e1kkal, \u00e9s gyakoroltatja az eredm\u00e9nyek \u00e9rt\u00e9kel\u00e9s\u00e9t. A gyakorlati foglalkoz\u00e1sok m\u00e1sodik fel\u00e9ben a ter\u00e1pi\u00e1ban alkalmazott immunmodul\u00e1ci\u00f3s elj\u00e1r\u00e1sok, a v\u00e9d\u0151olt\u00e1sok alapjai, valamint a gyakran alkalmazott immunter\u00e1pi\u00e1s m\u00f3dszerek ismertet\u00e9s\u00e9re ker\u00fcl sor klinikai p\u00e9ld\u00e1kon kereszt\u00fcl.<\/p>\n<p>&nbsp;<\/p>\n<h3>Kurzus adatok:<\/h3>\n<table>\n<tbody>\n<tr>\n<td>\n<p>Kredit<\/p>\n<\/td>\n<td>\n<p>3 kredit<\/p>\n<\/td>\n<\/tr>\n<tr>\n<td>\n<p>Kurzus fel\u00e9p\u00edt\u00e9se<\/p>\n<\/td>\n<td>\n<p>El\u0151ad\u00e1sok minden h\u00e9ten 90 perc, gyakorlatok minden m\u00e1sodik h\u00e9ten 2&#215;45 perc<\/p>\n<\/td>\n<\/tr>\n<tr>\n<td>\n<p>El\u0151ad\u00e1sok<\/p>\n<\/td>\n<td>\n<p>Heti 1 alkalom, 90 perc<\/p>\n<\/td>\n<\/tr>\n<tr>\n<td>\n<p>El\u0151ad\u00e1s id\u0151pontja<\/p>\n<\/td>\n<td>\n<p>Kedd 10:00\u201311:30, EOK Hevesy El\u0151ad\u00f3<\/p>\n<\/td>\n<\/tr>\n<tr>\n<td>\n<p>Gyakorlatok<\/p>\n<\/td>\n<td>\n<p>Minden m\u00e1sodik h\u00e9ten, 2&#215;45 perc. A hallgat\u00f3knak a <strong>Neptunban kijel\u00f6lt csoportjukban<\/strong> kell r\u00e9szt venni\u00fck; m\u00e1s csoportban p\u00f3tl\u00e1s nem lehets\u00e9ges.<\/p>\n<\/td>\n<\/tr>\n<tr>\n<td>\n<p>Oktat\u00e1si sz\u00fcnetek<\/p>\n<\/td>\n<td>\n<p>2026. okt\u00f3ber 23. (p\u00e9ntek)<\/p>\n<\/td>\n<\/tr>\n<tr>\n<td>\n<p>El\u0151felt\u00e9tel<\/p>\n<\/td>\n<td>\n<p>Sejttan, Fogorvosi Biok\u00e9mia I.<\/p>\n<\/td>\n<\/tr>\n<\/tbody>\n<\/table>\n<p><strong>\u00a0<\/strong><\/p>\n<h3>Tanulm\u00e1nyi felel\u0151s \u00e9s el\u00e9rhet\u0151s\u00e9gek:<\/h3>\n<ul>\n<li>Tanulm\u00e1nyi felel\u0151s: <a href=\"https:\/\/semmelweis.hu\/telefonkonyv?emp_id=685\" target=\"_blank\" rel=\"noopener\">Dr. Holub Marianna Csilla<\/a>, PhD<br \/>\nAz e-mail tartalmazza a teljes nevet, Neptun-k\u00f3dot, kart \u00e9s a kit\u00f6lt\u00f6tt t\u00e1rgymez\u0151t. V\u00e1laszid\u0151 \u00e1tlagosan 2 munkanap. A leveleket munkaid\u0151n k\u00edv\u00fcl, h\u00e9tv\u00e9g\u00e9n \u00e9s szabadnapokon nem olvassuk.<\/li>\n<li>Tanulm\u00e1nyi adminisztr\u00e1tor: <a href=\"https:\/\/semmelweis.hu\/telefonkonyv?emp_id=17875\" target=\"_blank\" rel=\"noopener\">N\u00e9methn\u00e9 Moln\u00e1r M\u00e1ria<\/a><br \/>\nTanulm\u00e1nyi \u00fcgyint\u00e9z\u00e9s elektronikusan t\u00f6rt\u00e9nik.<\/li>\n<li>Int\u00e9zetvezet\u0151: <a href=\"https:\/\/semmelweis.hu\/telefonkonyv?emp_id=683\" target=\"_blank\" rel=\"noopener\">Prof. Dr. Buz\u00e1s Edit<\/a>, MD, DSc<br \/>\nSzem\u00e9lyes egyeztet\u00e9s e-mailes id\u0151pontk\u00e9r\u00e9ssel.<\/li>\n<li>Int\u00e9zeti honlap: <a href=\"https:\/\/semmelweis.hu\/gsi\/\" target=\"_blank\" rel=\"noopener\">https:\/\/semmelweis.hu\/gsi\/<\/a><\/li>\n<\/ul>\n<p><strong>\u00a0<\/strong><\/p>\n<h3>Al\u00e1\u00edr\u00e1s megszerz\u00e9se \u00e9s \u00e9rdemjegy szerz\u00e9se:<\/h3>\n<table>\n<tbody>\n<tr>\n<td width=\"321\">\n<p>K\u00f6vetelm\u00e9ny<\/p>\n<\/td>\n<td width=\"302\">\n<p>Minimum felt\u00e9tel<\/p>\n<\/td>\n<\/tr>\n<tr>\n<td width=\"321\">\n<p>Gyakorlatokon val\u00f3 r\u00e9szv\u00e9tel<\/p>\n<\/td>\n<td width=\"302\">\n<p><strong>Legal\u00e1bb 75%<\/strong> (ide\u00e9rtve az esetlegesen online megtartott gyakorlatokat is)<\/p>\n<\/td>\n<\/tr>\n<tr>\n<td width=\"321\">\n<p>Al\u00e1\u00edr\u00e1s<\/p>\n<\/td>\n<td width=\"302\">\n<p>Az el\u0151ad\u00f3 a f\u00e9l\u00e9vv\u00e9gi al\u00e1\u00edr\u00e1st a gyakorlatvezet\u0151 javaslata alapj\u00e1n adja meg. Az al\u00e1\u00edr\u00e1s megszerz\u00e9s\u00e9t a vizsgaid\u0151szak els\u0151 het\u00e9ben ellen\u0151rizhetik a Neptunban.<\/p>\n<\/td>\n<\/tr>\n<\/tbody>\n<\/table>\n<p><strong>\u00a0<\/strong><\/p>\n<h3>Gyakorlatok l\u00e1togat\u00e1sa \u00e9s hi\u00e1nyz\u00e1sok<\/h3>\n<table>\n<tbody>\n<tr>\n<td>\n<p>Gyakorlati r\u00e9szv\u00e9tel<\/p>\n<\/td>\n<td>\n<p>A hallgat\u00f3k kiz\u00e1r\u00f3lag a <strong>Neptunban kijel\u00f6lt csoportjukban<\/strong> vehetnek r\u00e9szt. M\u00e1s csoportban p\u00f3tl\u00e1s nem lehets\u00e9ges.<\/p>\n<\/td>\n<\/tr>\n<tr>\n<td>\n<p>Minimum r\u00e9szv\u00e9tel<\/p>\n<\/td>\n<td>\n<p>A gyakorlatok legal\u00e1bb <strong>75%-\u00e1n<\/strong> jelen kell lenni.<\/p>\n<\/td>\n<\/tr>\n<tr>\n<td>\n<p>Jelenl\u00e9t ellen\u0151rz\u00e9se<\/p>\n<\/td>\n<td>\n<p>A jelenl\u00e9tet a gyakorlatvezet\u0151 <strong>minden gyakorlaton<\/strong> ellen\u0151rzi.<\/p>\n<\/td>\n<\/tr>\n<tr>\n<td>\n<p>F\u00e9l\u00e9ves hi\u00e1nyz\u00e1s<\/p>\n<\/td>\n<td>\n<p>Maximum <strong>2 hi\u00e1nyz\u00e1s\/f\u00e9l\u00e9v<\/strong>, az okokt\u00f3l f\u00fcggetlen\u00fcl.<\/p>\n<\/td>\n<\/tr>\n<tr>\n<td>\n<p>K\u00e9s\u00e9s<\/p>\n<\/td>\n<td>\n<p>2\u00d710 perc k\u00e9s\u00e9s = 1 hi\u00e1nyz\u00e1s <br \/>\n&gt;20 perc k\u00e9s\u00e9s = 1 hi\u00e1nyz\u00e1s<\/p>\n<\/td>\n<\/tr>\n<tr>\n<td>\n<p>Nyilv\u00e1ntart\u00e1s<\/p>\n<\/td>\n<td>\n<p>A hallgat\u00f3k felel\u0151sek a saj\u00e1t hi\u00e1nyz\u00e1saik nyilv\u00e1ntart\u00e1s\u00e1\u00e9rt. A gyakorlatvezet\u0151 oktat\u00f3 a hi\u00e1nyz\u00e1sokat csak a f\u00e9l\u00e9v v\u00e9g\u00e9n \u00f6sszes\u00edti.<\/p>\n<\/td>\n<\/tr>\n<tr>\n<td>\n<p>K\u00f6vetkezm\u00e9ny<\/p>\n<\/td>\n<td>\n<p><strong>2-n\u00e9l t\u00f6bb hi\u00e1nyz\u00e1s az al\u00e1\u00edr\u00e1s megtagad\u00e1s\u00e1t vonja maga ut\u00e1n<\/strong><\/p>\n<\/td>\n<\/tr>\n<\/tbody>\n<\/table>\n<p><strong>\u00a0<\/strong><\/p>\n<h3>F\u00e9l\u00e9vk\u00f6zi Demonstr\u00e1ci\u00f3k<\/h3>\n<table>\n<tbody>\n<tr>\n<td>\n<p>Alkalmak<\/p>\n<\/td>\n<td>\n<p>A f\u00e9l\u00e9v sor\u00e1n k\u00e9t alkalommal<\/p>\n<\/td>\n<\/tr>\n<tr>\n<td>\n<p>Id\u0151pont<\/p>\n<\/td>\n<td>\n<p>A gyakorlatok idej\u00e9ben.<\/p>\n<p><strong>els\u0151 demonstr\u00e1ci\u00f3: <\/strong><\/p>\n<p>p\u00e1ratlan heti csoportoknak az 5. oktat\u00e1si h\u00e9ten<\/p>\n<p>p\u00e1ros heti csoportoknak a 6. oktat\u00e1si h\u00e9ten;<\/p>\n<p>&nbsp;<\/p>\n<p><strong>m\u00e1sodik demonstr\u00e1ci\u00f3<\/strong>:<\/p>\n<p>p\u00e1ratlan heti csoportoknak a 13. oktat\u00e1si h\u00e9ten<\/p>\n<p>p\u00e1ros heti csoportoknak a 14. oktat\u00e1si h\u00e9ten<\/p>\n<\/td>\n<\/tr>\n<tr>\n<td>\n<p>Helye<\/p>\n<\/td>\n<td>\n<p>A gyakorlat hely\u00e9n szem\u00e9lyes megjelen\u00e9ssel. Amennyiben nem \u00e1ll rendelkez\u00e9sre sz\u00e1m\u00edt\u00f3g\u00e9pes terem, \u00fagy a magukkal hozott eszk\u00f6z\u00f6n (laptop, Ipad &#8211; a telefon kijelz\u0151 m\u00e9rete nem alkalmas erre) \u00edrj\u00e1k meg.<\/p>\n<\/td>\n<\/tr>\n<tr>\n<td>\n<p>Forma<\/p>\n<\/td>\n<td>\n<p>\u00cdr\u00e1sbeli teszt, 20 pont\u00e9rt, 20 perc id\u0151tartamban, az exam.semmelweis.hu online fel\u00fcleten. A demonstr\u00e1ci\u00f3s tesztr\u0151l b\u00e1rminem\u0171 m\u00e1solat k\u00e9sz\u00edt\u00e9se tilos.<\/p>\n<\/td>\n<\/tr>\n<tr>\n<td>\n<p>T\u00e9m\u00e1k<\/p>\n<\/td>\n<td>\n<p>A Moodle-ban a \u201eKollokvium\/vizsga\u201d f\u00fcl alatt megjel\u00f6lt, a demonstr\u00e1ci\u00f3t megel\u0151z\u0151 el\u0151ad\u00e1sok \u00e9s gyakorlatok t\u00e9m\u00e1i: a tank\u00f6nyv anyaga (sz\u00f6veg + \u00e1br\u00e1k), az e-book fejezetek (PDF) t\u00e9m\u00e1i, valamint a prezent\u00e1ci\u00f3k anyaga (sz\u00f6veg + \u00e1br\u00e1k).<\/p>\n<\/td>\n<\/tr>\n<tr>\n<td>\n<p>Halaszt\u00e1s\/jav\u00edt\u00e1s<\/p>\n<\/td>\n<td>\n<p>Nem lehets\u00e9ges<\/p>\n<\/td>\n<\/tr>\n<tr>\n<td>\n<p>Eredm\u00e9nyek<\/p>\n<\/td>\n<td>\n<p>Az eredm\u00e9nyeket a Moodle-ban fogj\u00e1k l\u00e1tni. Az eredm\u00e9nyek ir\u00e1nt \u00e9rdekl\u0151d\u0151 e-mailekre nem v\u00e1laszolunk.<\/p>\n<\/td>\n<\/tr>\n<tr>\n<td>\n<p>Al\u00e1\u00edr\u00e1s felt\u00e9tele<\/p>\n<\/td>\n<td>\n<p>A demonstr\u00e1ci\u00f3kon val\u00f3 r\u00e9szv\u00e9tel \u00e9s annak eredm\u00e9nyess\u00e9ge NEM felt\u00e9tele a f\u00e9l\u00e9v v\u00e9gi al\u00e1\u00edr\u00e1snak, de azok eredm\u00e9nyei alapj\u00e1n b\u00f3nusz pontokat nyerhetnek.<\/p>\n<\/td>\n<\/tr>\n<tr>\n<td>\n<p>Hi\u00e1nyz\u00e1s<\/p>\n<\/td>\n<td>\n<p>Ha a demonstr\u00e1ci\u00f3n megalapozott indok miatt nem tud r\u00e9szt venni a hallgat\u00f3, a hi\u00e1nyz\u00e1s\u00e1t egy h\u00e9ten bel\u00fcl igazolnia kell a gyakorlatvezet\u0151n\u00e9l vagy a tanulm\u00e1nyi felel\u0151sn\u00e9l. Csak eredeti orvosi (esetlegesen egy\u00e9b) igazol\u00e1sokat fogadunk el.<\/p>\n<\/td>\n<\/tr>\n<tr>\n<td>\n<p>Demonstr\u00e1ci\u00f3 p\u00f3tl\u00e1sa<\/p>\n<\/td>\n<td>\n<p>A p\u00f3tl\u00e1s id\u0151pontj\u00e1t a Neptunon kereszt\u00fcl jelentj\u00fck be.<\/p>\n<\/td>\n<\/tr>\n<\/tbody>\n<\/table>\n<p>&nbsp;<\/p>\n<h3>B\u00f3nuszpont rendszer:<\/h3>\n<div class=\"fontos_div\">\n<p><strong>Fontos:<\/strong> A b\u00f3nuszpontok megszerz\u00e9se <strong>lehet\u0151s\u00e9g, nem k\u00f6telezetts\u00e9g<\/strong>.<\/p>\n<\/div>\n<table>\n<tbody>\n<tr>\n<td width=\"236\">\n<p>B\u00f3nuszpont-szerz\u00e9si lehet\u0151s\u00e9g<\/p>\n<\/td>\n<td width=\"359\">\n<p>Maxim\u00e1lis pontsz\u00e1m<\/p>\n<\/td>\n<\/tr>\n<tr>\n<td width=\"236\">\n<p>El\u0151ad\u00e1sokon el\u00e9rhet\u0151 Moodle-tesztek (2\u201314. el\u0151ad\u00e1s, random id\u0151pontokban)<\/p>\n<\/td>\n<td width=\"359\">\n<p>20<\/p>\n<\/td>\n<\/tr>\n<tr>\n<td width=\"236\">\n<p>1. demonstr\u00e1ci\u00f3<\/p>\n<\/td>\n<td width=\"359\">\n<p>20<\/p>\n<\/td>\n<\/tr>\n<tr>\n<td width=\"236\">\n<p>2. demonstr\u00e1ci\u00f3<\/p>\n<\/td>\n<td width=\"359\">\n<p>20<\/p>\n<\/td>\n<\/tr>\n<tr>\n<td width=\"236\">\n<p>\u00d6sszesen<\/p>\n<\/td>\n<td width=\"359\">\n<p>60<\/p>\n<\/td>\n<\/tr>\n<\/tbody>\n<\/table>\n<p>&nbsp;<\/p>\n<table>\n<tbody>\n<tr>\n<td width=\"236\">\n<p>El\u00e9rt eredm\u00e9ny<\/p>\n<\/td>\n<td width=\"359\">\n<p>K\u00f6vetkezm\u00e9ny<\/p>\n<\/td>\n<\/tr>\n<tr>\n<td width=\"236\">\n<p>45\u201360 pont<\/p>\n<\/td>\n<td width=\"359\">\n<p>K\u00f6nny\u00edtett vizsg\u00e1t tehet<\/p>\n<\/td>\n<\/tr>\n<tr>\n<td width=\"236\">\n<p>0\u201344 pont<\/p>\n<\/td>\n<td width=\"359\">\n<p>Norm\u00e1l vizsg\u00e1t tesz<\/p>\n<\/td>\n<\/tr>\n<\/tbody>\n<\/table>\n<p>&nbsp;<\/p>\n<table>\n<thead>\n<tr>\n<td colspan=\"2\" width=\"179\">\n<p>El\u0151ad\u00e1s-tesztek szab\u00e1lyai<\/p>\n<\/td>\n<\/tr>\n<\/thead>\n<tbody>\n<tr>\n<td width=\"179\">\n<p>Hozz\u00e1f\u00e9r\u00e9s<\/p>\n<\/td>\n<td width=\"425\">\n<p>QR-k\u00f3d seg\u00edts\u00e9g\u00e9vel, exam.semmelweis.hu fel\u00fcleten saj\u00e1t elektronikai eszk\u00f6zr\u0151l<\/p>\n<\/td>\n<\/tr>\n<tr>\n<td width=\"179\">\n<p>Moodle-bel\u00e9p\u00e9s<\/p>\n<\/td>\n<td width=\"425\">\n<p>Minden hallgat\u00f3nak ismernie kell a SEKA-azonos\u00edt\u00f3j\u00e1t \u00e9s jelszav\u00e1t<\/p>\n<\/td>\n<\/tr>\n<tr>\n<td width=\"179\">\n<p>Tesztek id\u0151pontja<\/p>\n<\/td>\n<td width=\"425\">\n<p>A 2\u201314. el\u0151ad\u00e1son, random id\u0151pontokban<\/p>\n<\/td>\n<\/tr>\n<tr>\n<td width=\"179\">\n<p>Megold\u00e1si id\u0151<\/p>\n<\/td>\n<td width=\"425\">\n<p>1 perc\/k\u00e9rd\u00e9s<\/p>\n<\/td>\n<\/tr>\n<tr>\n<td width=\"179\">\n<p>Helyes v\u00e1lasz<\/p>\n<\/td>\n<td width=\"425\">\n<p>1 b\u00f3nuszpont<\/p>\n<\/td>\n<\/tr>\n<tr>\n<td width=\"179\">\n<p>Technikai probl\u00e9m\u00e1k<\/p>\n<\/td>\n<td width=\"425\">\n<p>Az oktat\u00f3k nem v\u00e1llalnak felel\u0151ss\u00e9get a bel\u00e9p\u00e9si vagy egy\u00e9b technikai probl\u00e9m\u00e1k\u00e9rt<\/p>\n<\/td>\n<\/tr>\n<tr>\n<td width=\"179\">\n<p>P\u00f3tl\u00e1s<\/p>\n<\/td>\n<td width=\"425\">\n<p>A tesztek nem p\u00f3tolhat\u00f3k<\/p>\n<\/td>\n<\/tr>\n<\/tbody>\n<\/table>\n<p>&nbsp;<\/p>\n<h3>Kollokvium (r\u00e9szletes le\u00edr\u00e1s a \u2019Kollokvium\u2019 f\u00fcl alatt) (TVSZ 30\u00a7 (4))<\/h3>\n<table>\n<tbody>\n<tr>\n<td>\n<p>Vizsga form\u00e1ja<\/p>\n<\/td>\n<td>\n<p>\u00edr\u00e1sbeli, 60 pontos, 50 percig \u00edrhat\u00f3 elektronikus teszt az exam.semmelweis.hu fel\u00fcleten, szem\u00e9lyes megjelen\u00e9ssel, int\u00e9zeti sz\u00e1m\u00edt\u00f3g\u00e9peken.<\/p>\n<\/td>\n<\/tr>\n<tr>\n<td>\n<p>Vizsgaid\u0151szak<\/p>\n<\/td>\n<td>\n<p>2026. december. 14 &#8211; 2026. december. 18.; 2027. janu\u00e1r. 4 &#8211; 2027. febru\u00e1r. 12.<\/p>\n<\/td>\n<\/tr>\n<tr>\n<td>\n<p>Id\u0151pontok<\/p>\n<\/td>\n<td>\n<p>A vizsgaid\u0151szak el\u0151tt <strong>1 h\u00f3nappal<\/strong> a Neptunban meghirdetve<\/p>\n<\/td>\n<\/tr>\n<tr>\n<td>\n<p>Jelentkez\u00e9s<\/p>\n<\/td>\n<td>\n<p>Kiz\u00e1r\u00f3lag Neptunon \u00e1t<\/p>\n<\/td>\n<\/tr>\n<tr>\n<td>\n<p>Szem\u00e9lyazonoss\u00e1g igazol\u00e1s<\/p>\n<\/td>\n<td>\n<p>A hallgat\u00f3knak szem\u00e9lyazonoss\u00e1gukat hivatalos, f\u00e9nyk\u00e9pes igazolv\u00e1nnyal (\u00fatlev\u00e9l, di\u00e1kigazolv\u00e1ny) kell igazolniuk. Telefonon bemutatott f\u00e9nyk\u00e9p nem fogadhat\u00f3 el. Amennyiben a szem\u00e9lyazonoss\u00e1g nem igazolhat\u00f3, a Neptun rendszerben \u201enem jelent meg\u201d st\u00e1tusz ker\u00fcl r\u00f6gz\u00edt\u00e9sre; a vizsgalehet\u0151s\u00e9g nem v\u00e9sz el, azonban a Vizsg\u00e1ztat\u00e1si \u00e9s T\u00e9r\u00edt\u00e9si Szab\u00e1lyzatban meghat\u00e1rozott vizsgaadminisztr\u00e1ci\u00f3s d\u00edjat kell fizetni. (TVSZ 34\u00a7 (8))<\/p>\n<\/td>\n<\/tr>\n<tr>\n<td>\n<p>A vizsga anyaga<\/p>\n<\/td>\n<td>\n<p>Az el\u0151ad\u00e1sokon \u00e9s gyakorlatokon leadott t\u00e9m\u00e1k illetve a tematik\u00e1ban (l\u00e1sd a honlapon \u00e9s Moodle-on) kijel\u00f6lt tank\u00f6nyvi anyag. A vizsg\u00e1n a tananyag ismeret\u00e9n t\u00fal sz\u00fcks\u00e9g van az ismeretek szintetiz\u00e1l\u00e1s\u00e1ra is. A tanul\u00e1s sor\u00e1n ne feledkezzenek meg arr\u00f3l, hogy a tananyagban nem csak a tank\u00f6nyv \u00e9s el\u0151ad\u00e1sok sz\u00f6vege foglaltatik benne, hanem az \u00e1br\u00e1k, rajzok is.<\/p>\n<p>A tesztk\u00e9rd\u00e9seket legk\u00e9s\u0151bb a vizsgaid\u0151szak kezdete el\u0151tti h\u00e9ten t\u00f6ltj\u00fck fel a Moodleba.<\/p>\n<\/td>\n<\/tr>\n<tr>\n<td>\n<p>Eredm\u00e9nyes vizsga felt\u00e9tele<\/p>\n<\/td>\n<td>\n<p>A vizsga eredm\u00e9ny\u00e9nek el kell \u00e9rnie az 50 %-ot. (30 pont a 60-b\u00f3l)<\/p>\n<\/td>\n<\/tr>\n<tr>\n<td>\n<p>Eredm\u00e9ny<\/p>\n<\/td>\n<td>\n<p>A kollokviumi jegyet 48 \u00f3r\u00e1n bel\u00fcl a Neptunban, ezt k\u00f6vet\u0151en a kijav\u00edtott dolgozat eredm\u00e9ny\u00e9t exam.semmelweis.hu fel\u00fcleten tessz\u00fck l\u00e1that\u00f3v\u00e1. A vizsga eredm\u00e9nye ir\u00e1nti e-mailes \u00e9rdekl\u0151d\u00e9sre nem v\u00e1laszolunk.<\/p>\n<\/td>\n<\/tr>\n<tr>\n<td>\n<p>Vizsgabetekint\u00e9s<\/p>\n<\/td>\n<td>\n<p>Ig\u00e9ny eset\u00e9n a dolgozatot a fel\u00fcgyel\u0151 tan\u00e1rn\u00e1l lehet szem\u00e9lyesen megtekinteni.<\/p>\n<\/td>\n<\/tr>\n<tr>\n<td>\n<p>K\u00f6nny\u00edtett vizsga<\/p>\n<\/td>\n<td>\n<p>Az a hallgat\u00f3, aki a f\u00e9l\u00e9v sor\u00e1n legal\u00e1bb 45 pontnyi b\u00f3nuszt gy\u0171jt\u00f6tt, vizsgak\u00f6nny\u00edt\u00e9st kap. A k\u00f6nny\u00edtett vizsgateszt 45 pontos, azaz 15 pontr\u00f3l indul ehhez adjuk hozz\u00e1 a vizsg\u00e1n szerzett pontokat.<\/p>\n<\/td>\n<\/tr>\n<tr>\n<td>\n<p>Ism\u00e9tl\u0151vizsga<\/p>\n<\/td>\n<td>\n<p>Az els\u0151 ism\u00e9tl\u0151vizsga \u00edr\u00e1sbeli, minden tov\u00e1bbi ism\u00e9tl\u0151vizsga sz\u00f3beli<\/p>\n<\/td>\n<\/tr>\n<tr>\n<td>\n<p>Sz\u00f3beli ism\u00e9tl\u0151vizsga<\/p>\n<\/td>\n<td>\n<p>A m\u00e1sodik ism\u00e9tl\u0151vizsg\u00e1t\u00f3l kezdve Bizotts\u00e1g el\u0151tt kell sz\u00f3beli vizsg\u00e1t tenni. A t\u00e9telsor a kollokvium f\u00fcl alatt tal\u00e1lhat\u00f3 t\u00e9telsorral egyezik meg.<\/p>\n<\/td>\n<\/tr>\n<tr>\n<td>\n<p>Igazol\u00e1s n\u00e9lk\u00fcli hi\u00e1nyz\u00e1s<\/p>\n<\/td>\n<td>\n<p>1 vizsgalehet\u0151s\u00e9g elv\u00e9sz<\/p>\n<\/td>\n<\/tr>\n<tr>\n<td>\n<p>Hi\u00e1nyz\u00e1s igazol\u00e1sa<\/p>\n<\/td>\n<td>\n<p>Alapos indokkal al\u00e1t\u00e1maszthat\u00f3 t\u00e1voll\u00e9tet a hallgat\u00f3 k\u00f6teles 3 munkanapon bel\u00fcl szem\u00e9lyesen, \u00edr\u00e1sban, elektronikusan vagy meghatalmazott \u00fatj\u00e1n a tanulm\u00e1nyi felel\u0151sn\u00e9l igazolni.<\/p>\n<p>Ha a hallgat\u00f3 a t\u00e1voll\u00e9t\u00e9t megfelel\u0151en igazolja, akkor a \u201enem jelent meg\u201d bejegyz\u00e9st t\u00f6r\u00f6lj\u00fck. (TVSZ 34\u00a7 (10))<\/p>\n<\/td>\n<\/tr>\n<\/tbody>\n<\/table>\n<p><strong>\u00a0<\/strong><\/p>\n<h3>K\u00f6telez\u0151 irodalom \u00e9s tananyag<\/h3>\n<table style=\"width: 100%\">\n<tbody>\n<tr>\n<td style=\"width: 14.3065%\">\n<p>Immunol\u00f3gia tank\u00f6nyv<\/p>\n<\/td>\n<td style=\"width: 85.6209%\">\n<p>Falus Andr\u00e1s, Buz\u00e1s Edit, Holub Marianna Csilla, Rajnav\u00f6lgyi \u00c9va (Szerk.): Az immunol\u00f3gia alapjai. Semmelweis Kiad\u00f3, Budapest, 2014. <a href=\"https:\/\/www.semmelweiskiado.hu\/termek\/931\/az-immunologia-alapjai-2-kiadas\" target=\"_blank\" rel=\"noopener\">elektronikus form\u00e1ban \u2192<\/a><\/p>\n<\/td>\n<\/tr>\n<tr>\n<td style=\"width: 14.3065%\">\n<p>Immunol\u00f3gia gyakorlati jegyzet<\/p>\n<\/td>\n<td style=\"width: 85.6209%\">\n<p>F\u00fcl\u00f6p A. K. (Szerk.): Immunol\u00f3gia szemin\u00e1riumok (Moodle \/ Ebook)<\/p>\n<\/td>\n<\/tr>\n<tr>\n<td style=\"width: 14.3065%\">\n<p>El\u0151ad\u00e1si \u00e9s gyakorlati prezent\u00e1ci\u00f3k<\/p>\n<\/td>\n<td style=\"width: 85.6209%\">\n<p>Moodle, saj\u00e1t jegyzetek<\/p>\n<\/td>\n<\/tr>\n<\/tbody>\n<\/table>\n<p><strong>\u00a0<\/strong><\/p>\n<h3>Konzult\u00e1ci\u00f3 a vizsgaid\u0151szakban<\/h3>\n<table>\n<tbody>\n<tr>\n<td>\n<p>Konzult\u00e1ci\u00f3<\/p>\n<\/td>\n<td width=\"489\">\n<p>Heti 1 alkalom, online<\/p>\n<\/td>\n<\/tr>\n<tr>\n<td>\n<p>Id\u0151tartam<\/p>\n<\/td>\n<td width=\"489\">\n<p>45 perc<\/p>\n<\/td>\n<\/tr>\n<tr>\n<td>\n<p>Inform\u00e1ci\u00f3<\/p>\n<\/td>\n<td width=\"489\">\n<p>Id\u0151pontok \u00e9s Zoom linkek a Moodle-ben \u00e9s a honlapon a vizsgaid\u0151szakot megel\u0151z\u0151 h\u00e9ten<\/p>\n<\/td>\n<\/tr>\n<\/tbody>\n<\/table>\n<p>&nbsp;<\/p>\n<h3>Egy\u00e9b inform\u00e1ci\u00f3k:<\/h3>\n<p>A foglalkoz\u00e1sokon csak megfelel\u0151 ment\u00e1lis \u00e9s eg\u00e9szs\u00e9gi \u00e1llapotban lehet r\u00e9szt venni. Nyomat\u00e9kosan felh\u00edvjuk a hallgat\u00f3k figyelm\u00e9t, hogy az el\u0151ad\u00e1sokon \u00e9s a gyakorlatokon hang-, k\u00e9p- \u00e9s videofelv\u00e9tel k\u00e9sz\u00edt\u00e9se tilos! (Rektori KORL_6_2013).<\/p>\n<p>Az Int\u00e9zet honlapj\u00e1n (http:\/\/semmelweis.hu\/gsi) \u00e9s a Moodle-on az Int\u00e9zettel \u00e9s az oktat\u00e1ssal kapcsolatos tov\u00e1bbi inform\u00e1ci\u00f3k (pl. oktat\u00f3k e-mail c\u00edmei, az el\u0151ad\u00e1sokhoz, illetve a gyakorlatokhoz kapcsol\u00f3d\u00f3 prezent\u00e1ci\u00f3k) tal\u00e1lhat\u00f3k. A honlapot\/Moodle-t a f\u00e9l\u00e9v folyam\u00e1n folyamatosan friss\u00edtj\u00fck.<\/p>\n<p>&nbsp;<\/p>\n\n<\/div><h2 class=\"tabtitle\">Tematika<\/h2>\n<div class=\"tabcontent\">\n\n<h3>Az Immunol\u00f3gia el\u0151ad\u00e1sok \u00e9s gyakorlatok tematik\u00e1ja a 2026\/27. tan\u00e9v 1. f\u00e9l\u00e9v\u00e9ben<\/h3>\n<table style=\"width: 100%\" border=\"1\" width=\"100%\" cellpadding=\"1\">\n<tbody>\n<tr>\n<td style=\"text-align: center\" width=\"151\">\n<p><strong>\u00a0<\/strong><\/p>\n<\/td>\n<td width=\"265\">\n<h5 style=\"text-align: center\">El\u0151ad\u00e1s<\/h5>\n<h5 style=\"text-align: center\">Kedd 10:00-11:30, EOK Hevesy terem<\/h5>\n<\/td>\n<td style=\"text-align: center\" width=\"302\">\n<h5>Gyakorlat<\/h5>\n<h5>k\u00e9thetente 2&#215;45 perc, kedd<\/h5>\n<\/td>\n<\/tr>\n<tr>\n<td style=\"text-align: center\" width=\"151\">\n<p><strong>1. h\u00e9t<\/strong><\/p>\n<p>(szept 7-11)<\/p>\n<\/td>\n<td style=\"text-align: center\" width=\"265\">\n<p>Az immunv\u00e1lasz feladatai, lefoly\u00e1sa, szervei \u00e9s sejtjei<\/p>\n<\/td>\n<td style=\"text-align: center\" width=\"302\">\n<p>Bevezet\u00e9s: Az immunrendszer a laborban<br \/>\nAntig\u00e9n-antitest alap\u00fa m\u00f3dszerek. <br \/>\nDiagnosztikai antitesttel kapcsolatos alapfogalmak<\/p>\n<\/td>\n<\/tr>\n<tr>\n<td style=\"text-align: center\" width=\"151\">\n<p><strong>2. h\u00e9t<\/strong><\/p>\n<p>(szept 14-18)<\/p>\n<\/td>\n<td style=\"text-align: center\" width=\"265\">\n<p>A term\u00e9szetes immunit\u00e1s alapjai<\/p>\n<\/td>\n<td style=\"text-align: center\" width=\"302\">\n<p>Bevezet\u00e9s: Az immunrendszer a laborban<br \/>\nAntig\u00e9n-antitest alap\u00fa m\u00f3dszerek. <br \/>\nDiagnosztikai antitesttel kapcsolatos alapfogalmak<\/p>\n<\/td>\n<\/tr>\n<tr>\n<td style=\"text-align: center\" width=\"151\">\n<p><strong>3. h\u00e9t<\/strong><\/p>\n<p>(szept 21-25)<\/p>\n<\/td>\n<td style=\"text-align: center\" width=\"265\">\n<p>A komplementrendszer,<br \/>\nGyullad\u00e1s \u00e9s akutf\u00e1zis reakci\u00f3<\/p>\n<\/td>\n<td style=\"text-align: center\" width=\"302\">\n<p>Antig\u00e9n-antitest alap\u00fa m\u00f3dszerek I: Immunszerol\u00f3gia<br \/>\nAntig\u00e9n-antitest alap\u00fa m\u00f3dszerek II.: immunessz\u00e9k<\/p>\n<\/td>\n<\/tr>\n<tr>\n<td style=\"text-align: center\" width=\"151\">\n<p><strong>4. h\u00e9t<\/strong><\/p>\n<p>(szept 28 &#8211; okt 2)<\/p>\n<\/td>\n<td style=\"text-align: center\" width=\"265\">\n<p>Antig\u00e9n, antig\u00e9nprezent\u00e1ci\u00f3, MHC-k<\/p>\n<\/td>\n<td style=\"text-align: center\" width=\"302\">\n<p>Antig\u00e9n-antitest alap\u00fa m\u00f3dszerek I: Immunszerol\u00f3gia<br \/>\nAntig\u00e9n-antitest alap\u00fa m\u00f3dszerek II.: immunessz\u00e9k<\/p>\n<\/td>\n<\/tr>\n<tr>\n<td style=\"text-align: center\" width=\"151\">\n<p><strong>5. h\u00e9t<\/strong><\/p>\n<p>(okt 5-9)<\/p>\n<\/td>\n<td style=\"text-align: center\" width=\"265\">\n<p>Antig\u00e9nreceptorok \u00e9s keletkez\u00e9s\u00fck<\/p>\n<\/td>\n<td style=\"text-align: center\" width=\"302\">\n<p><span style=\"color: #ff0000\">Demonstr\u00e1ci\u00f3 I.<\/span><\/p>\n<p>Antig\u00e9n-antitest alap\u00fa m\u00f3dszerek III: \u00c1raml\u00e1si citometria<\/p>\n<\/td>\n<\/tr>\n<tr>\n<td style=\"text-align: center\" width=\"151\">\n<p><strong>6. h\u00e9t<\/strong><\/p>\n<p>(okt 12-16)<\/p>\n<\/td>\n<td style=\"text-align: center\" width=\"265\">\n<p>T-sejtek, sejtk\u00f6zvet\u00edtett immunit\u00e1s<\/p>\n<\/td>\n<td style=\"text-align: center\" width=\"302\">\n<p><span style=\"color: #ff0000\">Demonstr\u00e1ci\u00f3 I.<\/span><\/p>\n<p>Antig\u00e9n-antitest alap\u00fa m\u00f3dszerek III: \u00c1raml\u00e1si citometria<\/p>\n<\/td>\n<\/tr>\n<tr>\n<td style=\"text-align: center\" width=\"151\">\n<p><strong>7. h\u00e9t<\/strong><\/p>\n<p>(okt 19-22)<\/p>\n<\/td>\n<td style=\"text-align: center\" width=\"265\">\n<p>B-sejtek, humor\u00e1lis immunv\u00e1lasz<\/p>\n<\/td>\n<td style=\"text-align: center\" width=\"302\">\n<p>Immunol\u00f3giai alap\u00fa ter\u00e1pi\u00e1k<\/p>\n<\/td>\n<\/tr>\n<tr>\n<td style=\"text-align: center\" width=\"151\">\n<p><strong>8. h\u00e9t<\/strong><\/p>\n<p>(okt 26-30)<\/p>\n<\/td>\n<td style=\"text-align: center\" width=\"265\">\n<p>Immunv\u00e1lasz fert\u0151z\u00e9sekben, immundeficienci\u00e1k<\/p>\n<\/td>\n<td style=\"text-align: center\" width=\"302\">\n<p>Immunol\u00f3giai alap\u00fa ter\u00e1pi\u00e1k<\/p>\n<\/td>\n<\/tr>\n<tr>\n<td style=\"text-align: center\" width=\"151\">\n<p><strong>9. h\u00e9t<\/strong><\/p>\n<p>(nov-2-6)<\/p>\n<\/td>\n<td style=\"text-align: center\" width=\"265\">\n<p>Mucosa immunit\u00e1s alapjai<\/p>\n<\/td>\n<td style=\"text-align: center\" width=\"302\">\n<p>Immuniz\u00e1l\u00e1s \u00e9s vakcin\u00e1ci\u00f3<\/p>\n<\/td>\n<\/tr>\n<tr>\n<td style=\"text-align: center\" width=\"151\">\n<p><strong>10. h\u00e9t<\/strong><\/p>\n<p>(nov 9-13)<\/p>\n<\/td>\n<td style=\"text-align: center\" width=\"265\">\n<p>Hiperszenzitivit\u00e1si reakci\u00f3k<\/p>\n<\/td>\n<td style=\"text-align: center\" width=\"302\">\n<p>Immuniz\u00e1l\u00e1s \u00e9s vakcin\u00e1ci\u00f3<\/p>\n<\/td>\n<\/tr>\n<tr>\n<td style=\"text-align: center\" width=\"151\">\n<p><strong>11. h\u00e9t<\/strong><\/p>\n<p>(nov 16-20)<\/p>\n<\/td>\n<td style=\"text-align: center\" width=\"265\">\n<p>Autoimmunit\u00e1s \u00e9s tolerancia<\/p>\n<\/td>\n<td style=\"text-align: center\" width=\"302\">\n<p>T\u00fal\u00e9rz\u00e9kenys\u00e9gi reakci\u00f3k<\/p>\n<\/td>\n<\/tr>\n<tr>\n<td style=\"text-align: center\" width=\"151\">\n<p><strong>12. h\u00e9t<\/strong><\/p>\n<p>(nov 23-27)<\/p>\n<\/td>\n<td style=\"text-align: center\" width=\"265\">\n<p>Tumorimmunol\u00f3gia<\/p>\n<\/td>\n<td style=\"text-align: center\" width=\"302\">\n<p>T\u00fal\u00e9rz\u00e9kenys\u00e9gi reakci\u00f3k<\/p>\n<\/td>\n<\/tr>\n<tr>\n<td style=\"text-align: center\" width=\"151\">\n<p><strong>13. h\u00e9t<\/strong><\/p>\n<p>(nov 30 &#8211; dec 4)<\/p>\n<\/td>\n<td style=\"text-align: center\" width=\"265\">\n<p>Transzplant\u00e1ci\u00f3s immunol\u00f3gia<\/p>\n<\/td>\n<td style=\"text-align: center\" width=\"302\">\n<p><span style=\"color: #ff0000\">Demonstr\u00e1ci\u00f3 II.<\/span><\/p>\n<p>Autoantitestek vizsg\u00e1l\u00f3 m\u00f3dszerei<\/p>\n<\/td>\n<\/tr>\n<tr>\n<td style=\"text-align: center\" width=\"151\">\n<p><strong>14. h\u00e9t<\/strong><\/p>\n<p>(dec 7-11)<\/p>\n<\/td>\n<td style=\"text-align: center\" width=\"265\">\n<p>Az immunv\u00e1lasz \u00f6sszefoglal\u00e1sa<\/p>\n<\/td>\n<td style=\"text-align: center\" width=\"302\">\n<p><span style=\"color: #ff0000\">Demonstr\u00e1ci\u00f3 II.<\/span><\/p>\n<p>Autoantitestek vizsg\u00e1l\u00f3 m\u00f3dszerei<\/p>\n<\/td>\n<\/tr>\n<\/tbody>\n<\/table>\n<p>&nbsp;<\/p>\n<\/div><\/div>\n","protected":false},"excerpt":{"rendered":"<p>Immunol\u00f3gia alapjai\u00a0(FOKOGEN347_1M) Fogorvostudom\u00e1nyi Kar, 2. \u00e9vfolyam \u00c1ltal\u00e1nos t\u00e1j\u00e9koztat\u00e1s (2026\/27. tan\u00e9v I. f\u00e9l\u00e9v) Az Immunol\u00f3gia alapjai tant\u00e1rgy a fogorvostanhallgat\u00f3k sz\u00e1m\u00e1ra kidolgozott pre-klinikai kurzus, mely bemutatja az immunrendszer, a szerzett \u00e9s adapt\u00edv immunv\u00e1lasz alapvet\u0151 saj\u00e1toss\u00e1gait. T\u00e1rgyalja az immunv\u00e1laszban szerepl\u0151 sejtek \u00e9s molekul\u00e1k l\u00e9trej\u00f6tt\u00e9t, az antig\u00e9nreceptorok genetikai diverzit\u00e1s\u00e1nak kialakul\u00e1s\u00e1t \u00e9s a diverzit\u00e1s szerep\u00e9t a hat\u00e9kony immunv\u00e1laszban. Megismerteti a &hellip;<\/p>\n","protected":false},"author":102170,"featured_media":0,"parent":75,"menu_order":16,"comment_status":"closed","ping_status":"closed","template":"template-fullwidth.php","meta":{"_acf_changed":false,"footnotes":""},"categories":[53],"tags":[],"class_list":["post-1496","page","type-page","status-publish","hentry","category-fok"],"acf":[],"_links":{"self":[{"href":"https:\/\/semmelweis.hu\/gsi\/wp-json\/wp\/v2\/pages\/1496","targetHints":{"allow":["GET"]}}],"collection":[{"href":"https:\/\/semmelweis.hu\/gsi\/wp-json\/wp\/v2\/pages"}],"about":[{"href":"https:\/\/semmelweis.hu\/gsi\/wp-json\/wp\/v2\/types\/page"}],"author":[{"embeddable":true,"href":"https:\/\/semmelweis.hu\/gsi\/wp-json\/wp\/v2\/users\/102170"}],"replies":[{"embeddable":true,"href":"https:\/\/semmelweis.hu\/gsi\/wp-json\/wp\/v2\/comments?post=1496"}],"version-history":[{"count":10,"href":"https:\/\/semmelweis.hu\/gsi\/wp-json\/wp\/v2\/pages\/1496\/revisions"}],"predecessor-version":[{"id":1562,"href":"https:\/\/semmelweis.hu\/gsi\/wp-json\/wp\/v2\/pages\/1496\/revisions\/1562"}],"up":[{"embeddable":true,"href":"https:\/\/semmelweis.hu\/gsi\/wp-json\/wp\/v2\/pages\/75"}],"wp:attachment":[{"href":"https:\/\/semmelweis.hu\/gsi\/wp-json\/wp\/v2\/media?parent=1496"}],"wp:term":[{"taxonomy":"category","embeddable":true,"href":"https:\/\/semmelweis.hu\/gsi\/wp-json\/wp\/v2\/categories?post=1496"},{"taxonomy":"post_tag","embeddable":true,"href":"https:\/\/semmelweis.hu\/gsi\/wp-json\/wp\/v2\/tags?post=1496"}],"curies":[{"name":"wp","href":"https:\/\/api.w.org\/{rel}","templated":true}]}}