{"id":63,"date":"2012-08-21T21:44:32","date_gmt":"2012-08-21T19:44:32","guid":{"rendered":"http:\/\/semmelweis-egyetem.hu\/genomikai-medicina\/?page_id=63"},"modified":"2025-03-11T10:19:57","modified_gmt":"2025-03-11T09:19:57","slug":"postgradualis-kepzes","status":"publish","type":"page","link":"https:\/\/semmelweis.hu\/genomikai-medicina\/oktatas\/postgradualis-kepzes\/","title":{"rendered":"Postgradu\u00e1lis k\u00e9pz\u00e9s"},"content":{"rendered":"<div class=\"responsive-tabs\">\n<h2 class=\"tabtitle\">Neuromuscularis betegs\u00e9gek<\/h2>\n<div class=\"tabcontent\">\n\n<h3>Neuromuscularis betegs\u00e9gek<\/h3>\n<h5><strong>Tov\u00e1bbk\u00e9pz\u0151 kurzus <\/strong><\/h5>\n<p><strong>Id\u0151pont:<\/strong> 2025. \u00e1prilis 11.<\/p>\n<p><strong>Kredit pont:<\/strong> 16 pont<\/p>\n<p><strong>Helysz\u00edn:\u00a0<\/strong>SE N\u0151gy\u00f3gy\u00e1szati Klinika II. emeleti tanterme, 1082 Budapest, \u00dcll\u0151i \u00fat 78\/a.<\/p>\n<p><strong>C\u00edm: <\/strong>A Neuromuscularis Betegs\u00e9gek\u00a0 Diagnosztikai \u00e9s Ter\u00e1pi\u00e1s Lehet\u0151s\u00e9gei Napjainkban<\/p>\n<p><strong>Program:<\/strong><\/p>\n<table style=\"width: 69.5688%\">\n<tbody>\n<tr>\n<td style=\"width: 10.9558%\" width=\"104\">\n<p>09:00-09:30<\/p>\n<\/td>\n<td style=\"width: 155.422%\" width=\"500\">\n<p>A magass\u00e1gi diagn\u00f3zis \u00e9s minta felismer\u00e9s jelent\u0151s\u00e9ge neuromuscularis betegs\u00e9gekben &#8211; Moln\u00e1r M\u00e1ria Judit<\/p>\n<\/td>\n<\/tr>\n<tr>\n<td style=\"width: 10.9558%\" width=\"104\">\n<p>09:30-10:00<\/p>\n<\/td>\n<td style=\"width: 155.422%\" width=\"500\">\n<p>HyerCKaemia &#8211; Grosz Zolt\u00e1n<\/p>\n<\/td>\n<\/tr>\n<tr>\n<td style=\"width: 10.9558%\" width=\"104\">\n<p>10:00-10:30<\/p>\n<\/td>\n<td style=\"width: 155.422%\" width=\"500\">\n<p>A floppy baby &#8211; Varga No\u00e9mi \u00c1gnes<\/p>\n<\/td>\n<\/tr>\n<tr>\n<td style=\"width: 10.9558%\" width=\"104\">\n<p>10:30-11:00<\/p>\n<\/td>\n<td style=\"width: 155.422%\" width=\"500\">\n<p>F\u00e1radts\u00e1g, terhel\u00e9si intolerancia &#8211; Pal\u00e1sti \u00c1gnes<\/p>\n<\/td>\n<\/tr>\n<tr>\n<td style=\"width: 10.9558%\" width=\"104\">\n<p>11:00- 11:30<\/p>\n<\/td>\n<td style=\"width: 155.422%\" width=\"500\">\n<p>Izomg\u00f6rcs\u00f6k &#8211; Bocz\u00e1n Judit<\/p>\n<\/td>\n<\/tr>\n<tr>\n<td style=\"width: 10.9558%\" width=\"104\">\n<p>11:30-12:00\u00a0<\/p>\n<\/td>\n<td style=\"width: 155.422%\" width=\"500\">\n<p>A k\u00e9palkot\u00f3 vizsg\u00e1latok jelent\u0151s\u00e9ge a neuromuscularis k\u00f3rk\u00e9pek diagnosztik\u00e1j\u00e1ban &#8211; Csillik Anita<\/p>\n<\/td>\n<\/tr>\n<tr>\n<td style=\"width: 10.9558%\" width=\"104\">\n<p><strong>12:00-13:00<\/strong><\/p>\n<\/td>\n<td style=\"width: 155.422%\" width=\"500\">\n<p><strong>EB\u00c9D<\/strong><\/p>\n<\/td>\n<\/tr>\n<tr>\n<td style=\"width: 10.9558%\" width=\"104\">\n<p>13:00-13:30<\/p>\n<\/td>\n<td style=\"width: 155.422%\" width=\"500\">\n<p>Mikor sz\u00fcks\u00e9ges az izom \u00e9s idegbiopszia 2025-ben? &#8211; \u00a0P\u00e1l Endre<\/p>\n<\/td>\n<\/tr>\n<tr>\n<td style=\"width: 10.9558%\" width=\"104\">\n<p>13.30-14:00<\/p>\n<\/td>\n<td style=\"width: 155.422%\" width=\"500\">\n<p>A genetikai tesztek jelent\u0151s\u00e9ge a neuromuscularis k\u00f3rk\u00e9pek diagnosztik\u00e1j\u00e1ban \u00e9s menedzsmentj\u00e9ben &#8211; Moln\u00e1r M\u00e1ria Judit<\/p>\n<\/td>\n<\/tr>\n<tr>\n<td style=\"width: 10.9558%\" width=\"104\">\n<p>14:00-14:30<\/p>\n<\/td>\n<td style=\"width: 155.422%\" width=\"500\">\n<p>Farmakol\u00f3giai kezel\u00e9sek (kis molekul\u00e1s kezel\u00e9sek) &#8211; Grosz Zolt\u00e1n<\/p>\n<\/td>\n<\/tr>\n<tr>\n<td style=\"width: 10.9558%\" width=\"104\">\n<p>14:30-15:00<\/p>\n<\/td>\n<td style=\"width: 155.422%\" width=\"500\">\n<p>Innovat\u00edv molekul\u00e1ris ter\u00e1pi\u00e1k (g\u00e9nter\u00e1pia, RNS alap\u00fa ter\u00e1pi\u00e1k, enzimp\u00f3tl\u00f3 kezel\u00e9sek, \u0151ssejt kezel\u00e9s egy\u00e9b biologikumok) &#8211; Balicza P\u00e9ter<\/p>\n<\/td>\n<\/tr>\n<tr>\n<td style=\"width: 10.9558%\" width=\"104\">\n<p>15:00-15:30<\/p>\n<\/td>\n<td style=\"width: 155.422%\" width=\"500\">\n<p>Neuromuscularis betegs\u00e9gek immunmodul\u00e1ns kezel\u00e9se &#8211; R\u00f3zsa Csilla<\/p>\n<\/td>\n<\/tr>\n<tr>\n<td style=\"width: 10.9558%\" width=\"104\">\n<p>15:30-16:00<\/p>\n<\/td>\n<td style=\"width: 155.422%\" width=\"500\">\n<p>Ortopediai korrekci\u00f3s m\u0171t\u00e9tek &#8211; Terebessy Tam\u00e1s<\/p>\n<\/td>\n<\/tr>\n<tr>\n<td style=\"width: 10.9558%\" width=\"104\">\n<p>16:00-16:30<\/p>\n<\/td>\n<td style=\"width: 155.422%\" width=\"500\">\n<p>Fizioter\u00e1pia, motoros funkcion\u00e1lis sk\u00e1l\u00e1k &#8211; Surj\u00e1n Kinga<\/p>\n<\/td>\n<\/tr>\n<tr>\n<td style=\"width: 10.9558%\" width=\"104\">\n<p>16:30-16:45<\/p>\n<\/td>\n<td style=\"width: 155.422%\" width=\"500\">\n<p>Rehabilit\u00e1ci\u00f3s technik\u00e1k: Exoskeleton &#8211; Cserh\u00e1ti P\u00e9ter<\/p>\n<\/td>\n<\/tr>\n<tr>\n<td style=\"width: 10.9558%\" width=\"104\">\n<p>16:45-17:00\u00a0<\/p>\n<\/td>\n<td style=\"width: 155.422%\" width=\"500\">\n<p>Rehabilit\u00e1ci\u00f3s technik\u00e1k: robotika &#8211; Fazekas G\u00e1bor<\/p>\n<\/td>\n<\/tr>\n<tr>\n<td style=\"width: 10.9558%\" width=\"104\">\n<p>17:00-17:15<\/p>\n<\/td>\n<td style=\"width: 155.422%\" width=\"500\">\n<p>Rehabilit\u00e1ci\u00f3s technik\u00e1k: gy\u00f3gy\u00e1szati seg\u00e9deszk\u00f6z\u00f6k &#8211; Farkas P\u00e9ter<\/p>\n<\/td>\n<\/tr>\n<tr>\n<td style=\"width: 10.9558%\" width=\"104\">\n<p>17:15-17:30<\/p>\n<\/td>\n<td style=\"width: 155.422%\" width=\"500\">\n<p>Tranz\u00edci\u00f3 a gyermekkorb\u00f3l a feln\u0151ttkorba &#8211; S\u00e1gi Judit<\/p>\n<\/td>\n<\/tr>\n<tr>\n<td style=\"width: 10.9558%\" width=\"104\">\n<p>17:30<\/p>\n<\/td>\n<td style=\"width: 155.422%\" width=\"500\">\n<p>Teszt\u00edr\u00e1s<\/p>\n<\/td>\n<\/tr>\n<\/tbody>\n<\/table>\n<p>&nbsp;<\/p>\n\n<\/div><h2 class=\"tabtitle\">NGS\/Bioinformatika<\/h2>\n<div class=\"tabcontent\">\n\n<h3>NGS\/Bioinformatika kurzus tematika<\/h3>\n<p style=\"text-align: justify\">Kurzus c\u00edme: Alap bioinformatikai ismeretek \u00faj gener\u00e1ci\u00f3s szekven\u00e1l\u00e1shoz <br \/>\nMi az, amit tudni kell az eredm\u00e9nyek \u00e9s leletek \u00e9rtelmez\u00e9s\u00e9hez?<\/p>\n<p>Kurzus vezet\u0151: Prof. Dr. Moln\u00e1r M\u00e1ria Judit<\/p>\n<p style=\"text-align: justify\">Tisztelt Koll\u00e9ga!<\/p>\n<p style=\"text-align: justify\">A molekul\u00e1ris genetikai diagnosztik\u00e1t forradalmas\u00edtotta az \u00fajgener\u00e1ci\u00f3s szekven\u00e1l\u00e1s technol\u00f3gi\u00e1j\u00e1nak elterjed\u00e9se, hiszen seg\u00edts\u00e9g\u00e9vel n\u00e9h\u00e1ny nap alatt a teljes exom, illetve a teljes genom b\u00e1zissorrendje felt\u00e9rk\u00e9pezhet\u0151. Ennek k\u00f6vetkezt\u00e9ben lehet\u0151v\u00e9 v\u00e1lt egyes betegs\u00e9gcsoportok h\u00e1tter\u00e9ben \u00e1ll\u00f3 nagy g\u00e9npanelek, a teljes klinikai exom vizsg\u00e1lata. Az \u00faj technol\u00f3gia \u00faj kih\u00edv\u00e1sokat eredm\u00e9nyezett, nem csak a laborat\u00f3riumban dolgoz\u00f3 biol\u00f3gusok \u00e9s vegy\u00e9szek sz\u00e1m\u00e1ra, hanem a gyakorl\u00f3 klinikusoknak is.<\/p>\n<p style=\"text-align: justify\">Nem csak az a neh\u00e9z, hogy mely vari\u00e1nsoknak tulajdon\u00edtson az NGS leletez\u0151 jelent\u0151s\u00e9get, hanem az is, hogy a sok-sok inform\u00e1ci\u00f3 \u00e9s vari\u00e1ns k\u00f6z\u00fcl melyik az, amelyik a beteg klinikai t\u00fcneteivel \u00f6sszef\u00fcgg\u00e9sbe hozhat\u00f3. \u00c9s ha v\u00e9gre elk\u00e9sz\u00fcl a lelet, a genetikai tan\u00e1csad\u00f3 hogyan fogja a m\u00e9g mindig sok bizonytalans\u00e1got \u00e9s sz\u00e1mos inform\u00e1ci\u00f3t \u00fagy k\u00f6z\u00f6lni a beteggel, az \u00e9rintettel, hogy a molekul\u00e1ris genetik\u00e1ban nem j\u00e1rtas laikus se rettenjen el, de ne is \u00e9rtelmezze f\u00e9lre a rendelkez\u00e9s\u00e9re \u00e1ll\u00f3 inform\u00e1ci\u00f3kat.<\/p>\n<p style=\"text-align: justify\">A fenti t\u00e9m\u00e1khoz k\u00edv\u00e1n seg\u00edts\u00e9get ny\u00fajtani tov\u00e1bbk\u00e9pz\u00e9s\u00fcnk klinikai genetikusok, gyakorl\u00f3 klinikusok, biol\u00f3gusok sz\u00e1m\u00e1ra, akik az \u00faj technol\u00f3gi\u00e1val a k\u00f6zelj\u00f6v\u0151ben fognak tal\u00e1lkozni.<\/p>\n<p style=\"text-align: justify\">\u00a0<\/p>\n<p>Az NGS klinikai felhaszn\u00e1l\u00e1sa &#8211; Moln\u00e1r M\u00e1ria Judit\u00a0<\/p>\n<p>NGS platformok \u00e1ttekint\u00e9se &#8211; Csab\u00e1n D\u00f3ra<\/p>\n<p>NGS nyers adatok \u00e9rt\u00e9kel\u00e9se &#8211; G\u00e9zsi Andr\u00e1s<\/p>\n<p>Human phenotype ontology jelent\u0151s\u00e9ge az NGS elemz\u00e9s sor\u00e1n &#8211; Moln\u00e1r Viktor<\/p>\n<p>Genetikai tan\u00e1csad\u00e1s WES, WGS vizsg\u00e1latok el\u0151tt \u00e9s ut\u00e1n &#8211; Varga No\u00e9mi \u00c1gnes<\/p>\n<p>NGS downstream analysis &#8211; Pongor L\u0151rinc<\/p>\n<p>NGS adatok \u00e9rt\u00e9kel\u00e9se a klinikai adatok t\u00fckr\u00e9ben &#8211; Balicza P\u00e9ter<\/p>\n<p>Az ide\u00e1lis NGS lelet: mit tartalmazzon a lelet \u00e9s hogyan \u00e9rtelmezz\u00fck azt &#8211; Moln\u00e1r M\u00e1ria Judit<\/p>\n<p>\u00c9rdekes esetek megbesz\u00e9l\u00e9se &#8211; Szlep\u00e1k Tam\u00e1s<\/p>\n<p>&nbsp;<\/p>\n<p style=\"text-align: justify\"><strong>\u00a0<\/strong>A tanfolyam OFTEX \u00e9rt\u00e9ke: <strong>32 kreditpont<\/strong><\/p>\n<p style=\"text-align: justify\">\u00a0<\/p>\n<p style=\"text-align: justify\">Azon \u00e9rdekl\u0151d\u0151k, akik nem az OFTEX-en kereszt\u00fcl jelentkeznek, a k\u00f6vetkez\u0151 e-mail c\u00edmen tehetik azt meg: <a href=\"mailto:toth.andrea@semmelweis.hu\">toth.andrea@semmelweis.hu\u00a0<\/a><\/p>\n<p style=\"text-align: justify\">Szeretettel l\u00e1tjuk tanfolyamunkon!<\/p>\n<hr \/>\n\n<\/div><h2 class=\"tabtitle\">Klinikai Genetika K\u00f6t. Tanf.<\/h2>\n<div class=\"tabcontent\">\n\n<h3>Klinikai Genetika K\u00f6telez\u0151 Tanfolyam<\/h3>\n<p style=\"text-align: justify\">C\u00edme: <strong>A klinikai genetika aktu\u00e1lis k\u00e9rd\u00e9sei &#8211; 2024.<\/strong><\/p>\n<p style=\"text-align: justify\">Ideje: <strong>2024. okt\u00f3ber 17- 18.<\/strong><\/p>\n<p style=\"text-align: justify\">Helysz\u00edne: Semmelweis Egyetem, Budapest\u00a0<\/p>\n<p>Program:<\/p>\n<table style=\"width: 67.0545%\">\n<tbody>\n<tr>\n<td style=\"width: 18.2421%\" width=\"94\">\n<p><strong>1.\u00a0\u00a0\u00a0\u00a0\u00a0 <\/strong><strong>nap<\/strong><\/p>\n<\/td>\n<td style=\"width: 142.796%\" width=\"507\">\n<p><strong>\u00a0<\/strong><\/p>\n<\/td>\n<\/tr>\n<tr>\n<td style=\"width: 18.2421%\" width=\"94\">\n<p>8:30-9:00<\/p>\n<\/td>\n<td style=\"width: 142.796%\" width=\"507\">\n<p>A klinikai genetika szerepe a mindennapi klinikai gyakorlatban &#8211; Dr. Moln\u00e1r M\u00e1ria Judit<\/p>\n<\/td>\n<\/tr>\n<tr>\n<td style=\"width: 18.2421%\" width=\"94\">\n<p>9:00-9:30<\/p>\n<\/td>\n<td style=\"width: 142.796%\" width=\"507\">\n<p>A technol\u00f3giai fejl\u0151d\u00e9s\u00e9nek k\u00f6sz\u00f6nhet\u0151 v\u00e1ltoz\u00e1sok a genetikai betegs\u00e9gek diagnosztik\u00e1j\u00e1ban &#8211; Dr. Sz\u00e9ll M\u00e1rta<\/p>\n<\/td>\n<\/tr>\n<tr>\n<td style=\"width: 18.2421%\" width=\"94\">\n<p>9:30-10:00<\/p>\n<\/td>\n<td style=\"width: 142.796%\" width=\"507\">\n<p>Web alap\u00fa keres\u00e9si m\u00f3dszerek a klinikai genetik\u00e1ban &#8211; Dr. Moln\u00e1r Viktor<\/p>\n<\/td>\n<\/tr>\n<tr>\n<td style=\"width: 18.2421%\" width=\"94\">\n<p>10:00-10:30<\/p>\n<\/td>\n<td style=\"width: 142.796%\" width=\"507\">\n<p>Modern molekul\u00e1ris genetikai diagnosztikai m\u00f3dszerek &#8211; Dr. Pentel\u00e9nyi Kl\u00e1ra<\/p>\n<\/td>\n<\/tr>\n<tr>\n<td style=\"width: 18.2421%\" width=\"94\">\n<p>10:30-11:00<\/p>\n<\/td>\n<td style=\"width: 142.796%\" width=\"507\">\n<p>Modern citogenetikai diagnosztikai m\u00f3dszerek &#8211; Dr. Ujfalusi Anik\u00f3<\/p>\n<\/td>\n<\/tr>\n<tr>\n<td style=\"width: 18.2421%\" width=\"94\">\n<p>11:00-11:30<\/p>\n<\/td>\n<td style=\"width: 142.796%\" width=\"507\">\n<p>N\u00e9peg\u00e9szs\u00e9g\u00fcgyi jelent\u0151s\u00e9g\u0171 k\u00f3rk\u00e9pek genetik\u00e1ja: \u00d6r\u00f6kletes daganat szindr\u00f3m\u00e1k \u2013 Dr. Pat\u00f3cs Attila<\/p>\n<\/td>\n<\/tr>\n<tr>\n<td style=\"width: 18.2421%\" width=\"94\">\n<p>11:30-12:00<\/p>\n<\/td>\n<td style=\"width: 142.796%\" width=\"507\">\n<p>N\u00e9peg\u00e9szs\u00e9g\u00fcgyi jelent\u0151s\u00e9g\u0171 k\u00f3rk\u00e9pek genetik\u00e1ja \u2013 Diabetes genetika &#8211; Dr. Balogh Istv\u00e1n<\/p>\n<\/td>\n<\/tr>\n<tr>\n<td style=\"width: 18.2421%\" width=\"94\">\n<p>12:00-12:30<\/p>\n<\/td>\n<td style=\"width: 142.796%\" width=\"507\">\n<p>N\u00e9peg\u00e9szs\u00e9g\u00fcgyi jelent\u0151s\u00e9g\u0171 k\u00f3rk\u00e9pek genetik\u00e1ja \u2013 Cardiogenetika \u2013 Dr. Fekete B\u00e1lint<\/p>\n<\/td>\n<\/tr>\n<tr>\n<td style=\"width: 18.2421%\" width=\"94\">\n<p><strong>12:30-13:30<\/strong><\/p>\n<\/td>\n<td style=\"width: 142.796%\" width=\"507\">\n<p><strong>Eb\u00e9dsz\u00fcnet<\/strong><\/p>\n<\/td>\n<\/tr>\n<tr>\n<td style=\"width: 18.2421%\" width=\"94\">\n<p>13:30-14:00<\/p>\n<\/td>\n<td style=\"width: 142.796%\" width=\"507\">\n<p>A velesz\u00fcletett genetikai rendelleness\u00e9gek jelent\u0151s\u00e9ge \u00e9s diagnosztikai lehet\u0151s\u00e9gei \u2013 Dr. Hadzsiev Kinga<\/p>\n<\/td>\n<\/tr>\n<tr>\n<td style=\"width: 18.2421%\" width=\"94\">\n<p>14:00-14:30<\/p>\n<\/td>\n<td style=\"width: 142.796%\" width=\"507\">\n<p>Lysosomalis betegs\u00e9gek diagnosztikai \u00e9s kezel\u00e9si algoritmusai &#8211; Dr. Grosz Zolt\u00e1n<\/p>\n<\/td>\n<\/tr>\n<tr>\n<td style=\"width: 18.2421%\" width=\"94\">\n<p>14:30-15:00<\/p>\n<\/td>\n<td style=\"width: 142.796%\" width=\"507\">\n<p>Diagnosztikus strat\u00e9gi\u00e1k negat\u00edv WES eredm\u00e9ny ut\u00e1n \u2013 Dr. Balicza P\u00e9ter<\/p>\n<\/td>\n<\/tr>\n<tr>\n<td style=\"width: 18.2421%\" width=\"94\">\n<p>15:00-15:30<\/p>\n<\/td>\n<td style=\"width: 142.796%\" width=\"507\">\n<p>A genetikai tan\u00e1csad\u00e1s kihiv\u00e1sai a teljes exom \u00e9s teljes genom szekven\u00e1l\u00e1s korszak\u00e1ban \u2013 Dr. Szegedi M\u00e1rta<\/p>\n<\/td>\n<\/tr>\n<tr>\n<td style=\"width: 18.2421%\" width=\"94\">\n<p>15:30-16:00<\/p>\n<\/td>\n<td style=\"width: 142.796%\" width=\"507\">\n<p>Prevent\u00edv medicina: A preconcepcion\u00e1lis genetikai sz\u0171r\u00e9s gyakorlata \u2013 Dr. Varga No\u00e9mi \u00c1gnes<\/p>\n<\/td>\n<\/tr>\n<tr>\n<td style=\"width: 18.2421%\" width=\"94\">\n<p>16:00-16:30<\/p>\n<\/td>\n<td style=\"width: 142.796%\" width=\"507\">\n<p>A biobankok, adattavak, adatmegoszt\u00e1s jelent\u0151s\u00e9ge a klinikai genetikai diagnosztik\u00e1ban \u2013 Dr. Jimoh Idris J\u00e1nos<\/p>\n<\/td>\n<\/tr>\n<tr>\n<td style=\"width: 18.2421%\" width=\"94\">\n<p>&nbsp;<\/p>\n<\/td>\n<td style=\"width: 142.796%\" width=\"507\">\n<p>&nbsp;<\/p>\n<\/td>\n<\/tr>\n<tr>\n<td style=\"width: 18.2421%\" width=\"94\">\n<p><strong>2.\u00a0\u00a0\u00a0\u00a0\u00a0 <\/strong><strong>nap<\/strong><\/p>\n<\/td>\n<td style=\"width: 142.796%\" width=\"507\">\n<p>&nbsp;<\/p>\n<\/td>\n<\/tr>\n<tr>\n<td style=\"width: 18.2421%\" width=\"94\">\n<p>8:30-10:00<\/p>\n<\/td>\n<td style=\"width: 142.796%\" width=\"507\">\n<p>A WES \u00e9s a WGS elemz\u00e9s ABC-je ( workshop ) &#8211; Dr. Moln\u00e1r Viktor, Dr. Butz Henrietta<\/p>\n<\/td>\n<\/tr>\n<tr>\n<td style=\"width: 18.2421%\" width=\"94\">\n<p>10:00-10:30<\/p>\n<\/td>\n<td style=\"width: 142.796%\" width=\"507\">\n<p>Genetikai diagnosztikai k\u00e9szs\u00e9gfejleszt\u00e9s &#8211; Dr. Balicza P\u00e9ter<\/p>\n<\/td>\n<\/tr>\n<tr>\n<td style=\"width: 18.2421%\" width=\"94\">\n<p>10:30-11:00<\/p>\n<\/td>\n<td style=\"width: 142.796%\" width=\"507\">\n<p>Genetikai alap\u00fa ter\u00e1pi\u00e1k \u2013 status 2024. &#8211; \u00a0Dr. Moln\u00e1r M\u00e1ria Judit<\/p>\n<\/td>\n<\/tr>\n<tr>\n<td style=\"width: 18.2421%\" width=\"94\">\n<p>11:00-11:30<\/p>\n<\/td>\n<td style=\"width: 142.796%\" width=\"507\">\n<p>Farmakogenetikai ir\u00e1nyelvek 2024 &#8211; Dr. Szegedi M\u00e1rta<\/p>\n<\/td>\n<\/tr>\n<tr>\n<td style=\"width: 18.2421%\" width=\"94\">\n<p>11:30-12:00<\/p>\n<\/td>\n<td style=\"width: 142.796%\" width=\"507\">\n<p>Genetikai diagnosztikai fejt\u00f6r\u0151 &#8211; Dr. Udvari Szabolcs, Dr. G\u00e1l Anik\u00f3\u00a0<\/p>\n<\/td>\n<\/tr>\n<tr>\n<td style=\"width: 18.2421%\" width=\"94\">\n<p>12:00-12:30<\/p>\n<\/td>\n<td style=\"width: 142.796%\" width=\"507\">\n<p>Szem\u00e9lyre szabott orvosl\u00e1s status 2024. &#8211; Dr. N\u00e9meth Gy\u00f6rgy<\/p>\n<\/td>\n<\/tr>\n<tr>\n<td style=\"width: 18.2421%\" width=\"94\">\n<p><strong>12:30-13:30 <\/strong><\/p>\n<\/td>\n<td style=\"width: 142.796%\" width=\"507\">\n<p><strong>Eb\u00e9dsz\u00fcnet<\/strong><\/p>\n<\/td>\n<\/tr>\n<tr>\n<td style=\"width: 18.2421%\" width=\"94\">\n<p>13:30-14:00<\/p>\n<\/td>\n<td style=\"width: 142.796%\" width=\"507\">\n<p>Reanim\u00e1ci\u00f3s oktat\u00e1s &#8211; Dr. Frit\u00faz G\u00e1bor<\/p>\n<\/td>\n<\/tr>\n<tr>\n<td style=\"width: 18.2421%\" width=\"94\">\n<p>14:00-15:30<\/p>\n<\/td>\n<td style=\"width: 142.796%\" width=\"507\">\n<p>Etikai esetb\u00f6rze \u2013 Dr. Csendes Barbara<\/p>\n<\/td>\n<\/tr>\n<tr>\n<td style=\"width: 18.2421%\" width=\"94\">\n<p>15:30-16:00<\/p>\n<\/td>\n<td style=\"width: 142.796%\" width=\"507\">\n<p>A gyakorit\u00f3l a ritk\u00e1ig (a helyes d\u00f6nt\u00e9shozatal gyakorlata) \u2013team competition &#8211; Dr. Moln\u00e1r Viktor Dr. Varga No\u00e9mi \u00c1gnes<\/p>\n<\/td>\n<\/tr>\n<tr>\n<td style=\"width: 18.2421%\" width=\"94\">\n<p>16:00-16:30<\/p>\n<\/td>\n<td style=\"width: 142.796%\" width=\"507\">\n<p>Teszt\u00edr\u00e1s \u2013 Dr. Moln\u00e1r M\u00e1ria Judit<\/p>\n<\/td>\n<\/tr>\n<\/tbody>\n<\/table>\n<p>&nbsp;<\/p>\n<p style=\"text-align: justify\">Kredit \u00e9rt\u00e9k:\u00a0<\/p>\n<p style=\"text-align: justify\">R\u00e9szv\u00e9teli d\u00edj:\u00a0<\/p>\n<p style=\"text-align: justify\">Jelentkez\u00e9si hat\u00e1rid\u0151:\u00a0<\/p>\n<p style=\"text-align: justify\">Azon \u00e9rdekl\u0151d\u0151k, akik nem az OFTEX-en kereszt\u00fcl jelentkeznek, a k\u00f6vetkez\u0151 e-mail c\u00edmen tehetik azt meg: <a href=\"mailto:toth.andrea@semmelweis.hu\">toth.andrea@semmelweis.hu<\/a><\/p>\n<p style=\"text-align: justify\">Szeretettel v\u00e1rjuk jelentkez\u00e9s\u00e9t!<\/p>\n<p style=\"text-align: justify\">\u00dcdv\u00f6zlettel<\/p>\n<p style=\"text-align: justify\"><em>Prof. Dr. Moln\u00e1r M\u00e1ria Judit<\/em><\/p>\n<\/div><\/div>\n","protected":false},"excerpt":{"rendered":"<p>Neuromuscularis betegs\u00e9gek Tov\u00e1bbk\u00e9pz\u0151 kurzus Id\u0151pont: 2025. \u00e1prilis 11. Kredit pont: 16 pont Helysz\u00edn:\u00a0SE N\u0151gy\u00f3gy\u00e1szati Klinika II. emeleti tanterme, 1082 Budapest, \u00dcll\u0151i \u00fat 78\/a. C\u00edm: A Neuromuscularis Betegs\u00e9gek\u00a0 Diagnosztikai \u00e9s Ter\u00e1pi\u00e1s Lehet\u0151s\u00e9gei Napjainkban Program: 09:00-09:30 A magass\u00e1gi diagn\u00f3zis \u00e9s minta felismer\u00e9s jelent\u0151s\u00e9ge neuromuscularis betegs\u00e9gekben &#8211; Moln\u00e1r M\u00e1ria Judit 09:30-10:00 HyerCKaemia &#8211; Grosz Zolt\u00e1n 10:00-10:30 A floppy &hellip;<\/p>\n","protected":false},"author":101429,"featured_media":0,"parent":2685,"menu_order":2,"comment_status":"closed","ping_status":"closed","template":"","meta":{"_acf_changed":false,"footnotes":""},"categories":[],"tags":[],"class_list":["post-63","page","type-page","status-publish","hentry"],"acf":[],"_links":{"self":[{"href":"https:\/\/semmelweis.hu\/genomikai-medicina\/wp-json\/wp\/v2\/pages\/63","targetHints":{"allow":["GET"]}}],"collection":[{"href":"https:\/\/semmelweis.hu\/genomikai-medicina\/wp-json\/wp\/v2\/pages"}],"about":[{"href":"https:\/\/semmelweis.hu\/genomikai-medicina\/wp-json\/wp\/v2\/types\/page"}],"author":[{"embeddable":true,"href":"https:\/\/semmelweis.hu\/genomikai-medicina\/wp-json\/wp\/v2\/users\/101429"}],"replies":[{"embeddable":true,"href":"https:\/\/semmelweis.hu\/genomikai-medicina\/wp-json\/wp\/v2\/comments?post=63"}],"version-history":[{"count":11,"href":"https:\/\/semmelweis.hu\/genomikai-medicina\/wp-json\/wp\/v2\/pages\/63\/revisions"}],"predecessor-version":[{"id":4216,"href":"https:\/\/semmelweis.hu\/genomikai-medicina\/wp-json\/wp\/v2\/pages\/63\/revisions\/4216"}],"up":[{"embeddable":true,"href":"https:\/\/semmelweis.hu\/genomikai-medicina\/wp-json\/wp\/v2\/pages\/2685"}],"wp:attachment":[{"href":"https:\/\/semmelweis.hu\/genomikai-medicina\/wp-json\/wp\/v2\/media?parent=63"}],"wp:term":[{"taxonomy":"category","embeddable":true,"href":"https:\/\/semmelweis.hu\/genomikai-medicina\/wp-json\/wp\/v2\/categories?post=63"},{"taxonomy":"post_tag","embeddable":true,"href":"https:\/\/semmelweis.hu\/genomikai-medicina\/wp-json\/wp\/v2\/tags?post=63"}],"curies":[{"name":"wp","href":"https:\/\/api.w.org\/{rel}","templated":true}]}}