{"id":2822,"date":"2019-11-19T12:33:24","date_gmt":"2019-11-19T11:33:24","guid":{"rendered":"http:\/\/semmelweis.hu\/genomikai-medicina\/?page_id=2822"},"modified":"2026-01-29T10:08:32","modified_gmt":"2026-01-29T09:08:32","slug":"szakrendeleseink","status":"publish","type":"page","link":"https:\/\/semmelweis.hu\/genomikai-medicina\/betegellatas\/betegeknek\/szakrendeleseink\/","title":{"rendered":"Szakrendel\u00e9seink r\u00e9szletesen"},"content":{"rendered":"<div class=\"responsive-tabs\">\n<h2 class=\"tabtitle\">Ritka Betegs\u00e9g Amb.<\/h2>\n<div class=\"tabcontent\">\n\n<h4 style=\"text-align: justify\"><strong>Ritka Betegs\u00e9gek Ambulanci\u00e1ja \u00e9s Neurogenetikai Szakrendel\u00e9s<\/strong><\/h4>\n<p style=\"text-align: justify\">A rendel\u00e9sen szakorvosaink r\u00e9szletesen \u00e1ttekintik a t\u00fcneteket \u00e9s kor\u00e1bbi leleteket, sz\u00fcks\u00e9g\u00a0eset\u00e9n genetikai \u00e9s egy\u00e9b kieg\u00e9sz\u00edt\u0151 vizsg\u00e1latokat javasolnak, hogy pontos diagn\u00f3zist \u00e1ll\u00edthassanak fel, majd seg\u00edtik a megfelel\u0151 Ritka Betegs\u00e9g Szak\u00e9rt\u0151i K\u00f6zpontba jut\u00e1st a\u00a0tov\u00e1bbi kezel\u00e9sek, menedzsment c\u00e9lj\u00e1b\u00f3l.\u00a0<\/p>\n<ul style=\"text-align: justify\">\n<li><strong>Ritka neurol\u00f3giai diagnosztika<\/strong><\/li>\n<\/ul>\n<p style=\"text-align: justify\">Ritka idegrendszeri \u00e9s izombetegs\u00e9gek betegs\u00e9gek kivizsg\u00e1l\u00e1sa \u00e9s genetikai diagnosztik\u00e1ja\u00a0(izombetegs\u00e9gek, motoneuron betegs\u00e9gek, neuropathi\u00e1k, ataxi\u00e1k, epilepszia, neuroimmun\u00a0betegs\u00e9gek, neurodegenerat\u00edv k\u00f3rk\u00e9pek, \u00f6r\u00f6kletes stroke szindrom\u00e1k). A vizsg\u00e1latok c\u00e9lja a\u00a0pontos diagn\u00f3zis \u00e9s a szem\u00e9lyre szabott kezel\u00e9s \u00e9s gondoz\u00e1s.<\/p>\n<ul style=\"text-align: justify\">\n<li><strong>Ritka betegs\u00e9gek diagnosztik\u00e1ja<\/strong><\/li>\n<\/ul>\n<p style=\"text-align: justify\">Int\u00e9zet\u00fcnk Ritka Betegs\u00e9gek Ambulanci\u00e1ja komplex diagnosztikai t\u00e1mogat\u00e1st ny\u00fajt a ritka k\u00f3rk\u00e9pekkel \u00e9l\u0151 betegek sz\u00e1m\u00e1ra. C\u00e9lunk, hogy a p\u00e1ciens t\u00fcnetei \u00e9s rendelkez\u00e9sre \u00e1ll\u00f3 vizsg\u00e1lati eredm\u00e9nyei alapj\u00e1n felt\u00e1rjuk a betegs\u00e9g lehets\u00e9ges ok\u00e1t, \u00e9s seg\u00edts\u00e9get ny\u00fajtsunk a helyes beteg\u00fat megtal\u00e1l\u00e1s\u00e1ban. Az ambulancia szorosan egy\u00fcttm\u0171k\u00f6dik a Semmelweis Egyetem Ritka Betegs\u00e9g H\u00e1l\u00f3zat\u00e1nak szakembereivel, \u00edgy a beteget a legink\u00e1bb kompetens szakorvoshoz ir\u00e1ny\u00edtjuk, biztos\u00edtva ezzel a pontos diagn\u00f3zist, a szem\u00e9lyre szabott kezel\u00e9st \u00e9s a hossz\u00fa t\u00e1v\u00fa gondoz\u00e1st.<\/p>\n<p style=\"text-align: justify\">Orvosaink rendel\u00e9si idej\u00e9t <a href=\"https:\/\/semmelweis.hu\/genomikai-medicina\/betegellatas\/betegeknek\/ambulancia-szakrendeles\/\">ide kattintva<\/a> tudja megtekinteni.<\/p>\n<p style=\"text-align: justify\">El\u0151jegyz\u00e9s k\u00e9rhet\u0151 a <strong>+36 20 670 1906<\/strong>-os telefonsz\u00e1mon h\u00e9tk\u00f6znapokon <strong>11.00 \u00e9s 15.00<\/strong> \u00f3ra k\u00f6z\u00f6tt, vagy a <a href=\"mailto:ritkaidopont@med.semmelweis-univ.hu\" target=\"_blank\" rel=\"noopener noreferrer\">ritkaidopont@med.semmelweis-univ.hu<\/a> e-mail c\u00edmen. Amennyiben az emailes id\u0151pontfoglal\u00e1st v\u00e1lasztj\u00e1k, k\u00e9rj\u00fck, mindenf\u00e9lek\u00e9ppen adj\u00e1k meg a lev\u00e9lben a k\u00f6vetkez\u0151ket: n\u00e9v, TAJ sz\u00e1m, telefonsz\u00e1m.<\/p>\n<hr \/>\n\n<\/div><h2 class=\"tabtitle\">Genetikai tan\u00e1csad\u00e1s<\/h2>\n<div class=\"tabcontent\">\n\n<h4 style=\"text-align: justify\"><strong>genetikai tan\u00e1csad\u00e1s<\/strong><\/h4>\n<p style=\"text-align: justify\">A genetikai tan\u00e1csad\u00e1s c\u00e9lja az \u00f6r\u00f6kletes betegs\u00e9gek \u00e9s velesz\u00fcletett \u00e1llapotok h\u00e1tter\u00e9ben \u00e1ll\u00f3 okok felt\u00e1r\u00e1sa, az \u00f6r\u00f6kl\u0151d\u00e9s m\u00f3dj\u00e1nak \u00e9s az egy\u00e9ni, illetve csal\u00e1di kock\u00e1zatok meg\u00e9rt\u00e9se, valamint annak seg\u00edt\u00e9se, hogy a p\u00e1ciensek \u00e9s csal\u00e1dtagjaik a genetikai inform\u00e1ci\u00f3k birtok\u00e1ban megalapozott d\u00f6nt\u00e9seket hozhassanak a kivizsg\u00e1l\u00e1sr\u00f3l, az ut\u00e1nk\u00f6vet\u00e9sr\u0151l \u00e9s a hossz\u00fa t\u00e1v\u00fa eg\u00e9szs\u00e9gmeg\u0151rz\u00e9sr\u0151l.<\/p>\n<ul style=\"text-align: justify\">\n<li><strong>Klinikai genetikai tan\u00e1csad\u00e1s <\/strong><\/li>\n<\/ul>\n<p style=\"text-align: justify\">A tan\u00e1csad\u00e1s c\u00e9lja, hogy seg\u00edtsen meg\u00e9rteni az \u00f6r\u00f6kletes betegs\u00e9gek kialakul\u00e1s\u00e1nak h\u00e1tter\u00e9t, azok \u00f6r\u00f6kl\u0151d\u00e9s\u00e9t \u00e9s az egy\u00e9ni, illetve csal\u00e1di kock\u00e1zatokat. A tan\u00e1csad\u00e1s sor\u00e1n r\u00e9szletesen \u00e1ttekintj\u00fck a szem\u00e9lyes \u00e9s csal\u00e1di k\u00f3rel\u0151zm\u00e9nyt, sz\u00fcks\u00e9g eset\u00e9n genetikai vizsg\u00e1latokat javaslunk, majd az eredm\u00e9nyeket k\u00f6z\u00e9rthet\u0151 form\u00e1ban \u00e9rtelmezz\u00fck. A genetikai tan\u00e1csad\u00e1s t\u00e1mogat\u00e1st ny\u00fajt a diagn\u00f3zis tiszt\u00e1z\u00e1s\u00e1ban, a j\u00f6v\u0151beli eg\u00e9szs\u00e9g\u00fcgyi kock\u00e1zatok felm\u00e9r\u00e9s\u00e9ben, valamint a megalapozott d\u00f6nt\u00e9shozatalban \u2013 legyen sz\u00f3 betegs\u00e9gmegel\u0151z\u00e9sr\u0151l, ut\u00e1nk\u00f6vet\u00e9sr\u0151l vagy csal\u00e1dtervez\u00e9ssel kapcsolatos k\u00e9rd\u00e9sekr\u0151l \u2013, mindezt szem\u00e9lyre szabott, empatikus megk\u00f6zel\u00edt\u00e9ssel.<\/p>\n<ul style=\"text-align: justify\">\n<li><strong>Farmakogenetikai tan\u00e1csad\u00e1s<\/strong><\/li>\n<\/ul>\n<p style=\"text-align: justify\">A farmakogenetikai tan\u00e1csad\u00e1s sor\u00e1n azt vizsg\u00e1ljuk, hogy az \u00d6n egy\u00e9ni genetikai adotts\u00e1gai mik\u00e9nt befoly\u00e1solj\u00e1k a k\u00fcl\u00f6nb\u00f6z\u0151 gy\u00f3gyszerek hat\u00e1s\u00e1t \u00e9s leboml\u00e1s\u00e1t a szervezetben. A genetikai vizsg\u00e1latok seg\u00edts\u00e9g\u00e9vel meg\u00e1llap\u00edthat\u00f3, hogy egyes k\u00e9sz\u00edtm\u00e9nyek eset\u00e9ben az \u00e1tlagosn\u00e1l kisebb vagy nagyobb d\u00f3zis alkalmaz\u00e1sa lehet indokolt, mely gy\u00f3gyszerek hordozhatnak fokozott mell\u00e9khat\u00e1s- vagy sz\u00f6v\u0151dm\u00e9nykock\u00e1zatot, illetve mely hat\u00f3anyagokn\u00e1l val\u00f3sz\u00edn\u0171s\u00edthet\u0151 cs\u00f6kkent hat\u00e9konys\u00e1g vagy teljes hat\u00e1stalans\u00e1g. A tan\u00e1csad\u00e1s c\u00e9lja a szem\u00e9lyre szabott gy\u00f3gyszeres kezel\u00e9s t\u00e1mogat\u00e1sa, a nem k\u00edv\u00e1nt mell\u00e9khat\u00e1sok megel\u0151z\u00e9se, valamint annak el\u0151seg\u00edt\u00e9se, hogy a beteg a sz\u00e1m\u00e1ra legbiztons\u00e1gosabb \u00e9s leghat\u00e9konyabb ter\u00e1pi\u00e1ban r\u00e9szes\u00fclj\u00f6n, ak\u00e1r kr\u00f3nikus betegs\u00e9gek kezel\u00e9se, ak\u00e1r \u00faj gy\u00f3gyszer bevezet\u00e9se el\u0151tt.<\/p>\n<p style=\"text-align: justify\">Orvosaink rendel\u00e9si idej\u00e9t <a href=\"https:\/\/semmelweis.hu\/genomikai-medicina\/betegellatas\/betegeknek\/ambulancia-szakrendeles\/\">ide kattintva<\/a> tudja megtekinteni.<\/p>\n<p style=\"text-align: justify\">El\u0151jegyz\u00e9s k\u00e9rhet\u0151 a <strong>+36 20 670 1906<\/strong>-os telefonsz\u00e1mon h\u00e9tk\u00f6znapokon <strong>11.00 \u00e9s 15.00<\/strong> \u00f3ra k\u00f6z\u00f6tt, vagy a <a href=\"mailto:ritkaidopont@med.semmelweis-univ.hu\" target=\"_blank\" rel=\"noopener noreferrer\">ritkaidopont@med.semmelweis-univ.hu<\/a> e-mail c\u00edmen. Amennyiben az emailes id\u0151pontfoglal\u00e1st v\u00e1lasztj\u00e1k, k\u00e9rj\u00fck, mindenf\u00e9lek\u00e9ppen adj\u00e1k meg a lev\u00e9lben a k\u00f6vetkez\u0151ket: n\u00e9v, TAJ sz\u00e1m, telefonsz\u00e1m.<\/p>\n<hr \/>\n\n<\/div><h2 class=\"tabtitle\">EMG\/ENG<\/h2>\n<div class=\"tabcontent\">\n\n<h4 style=\"text-align: justify\"><strong>Neurofiziol\u00f3gia &#8211; EMG\/ENG<\/strong><\/h4>\n<p style=\"text-align: justify\">Az el\u0151jegyz\u00e9shez k\u00e9rj\u00fck, k\u00e9sz\u00edtse el\u0151 beutal\u00f3j\u00e1t, munkat\u00e1rsunk az azon tal\u00e1lhat\u00f3 inform\u00e1ci\u00f3k alapj\u00e1n fog id\u0151pontot adni.<\/p>\n<p style=\"text-align: justify\">A vizsg\u00e1latra k\u00e9rj\u00fck, id\u0151ben \u00e9rkezzen, amennyiben id\u0151pontj\u00e1t lek\u00e9si, el\u0151fordulhat, hogy nem tudjuk elv\u00e9gezni a vizsg\u00e1latot. A v\u00e1r\u00f3ban csak a vizsg\u00e1latra \u00e9rkez\u0151k, illetve kiskor\u00faak eset\u00e9n a k\u00eds\u00e9r\u0151k tart\u00f3zkodhatnak.<\/p>\n<p style=\"text-align: justify\">A vizsg\u00e1latot k\u00f6vet\u0151en a ki\u00e9rt\u00e9kel\u00e9s az esetek t\u00f6bbs\u00e9g\u00e9ben k\u00e9s\u0151bb t\u00f6rt\u00e9nik, \u00edgy nem kapja k\u00e9zhez azonnal a lelet\u00e9t. Amennyiben szeretn\u00e9, hogy lelet\u00e9t post\u00e1zzuk, \u00fagy k\u00e9rj\u00fck, legyen kedves hozzon mag\u00e1val saj\u00e1t r\u00e9szre megc\u00edmzett \u00e9s felb\u00e9lyegzett bor\u00edt\u00e9kot. Ellenkez\u0151 esetben lelet\u00e9\u00e9rt szem\u00e9lyesen kell bej\u00f6nnie, aminek id\u0151pontj\u00e1r\u00f3l \u00e9rtes\u00edt\u00e9st kap. Az EESZT-be a vizsg\u00e1lat sz\u00f6veges v\u00e9lem\u00e9nye ker\u00fcl f\u00f6l, a r\u00e9szletes adatok ott nem szerepelnek.<\/p>\n<p style=\"text-align: justify\">A rendel\u00e9s csak NEAK \u00e1ltal finansz\u00edrozott eg\u00e9szs\u00e9g\u00fcgyi ell\u00e1t\u00f3 beutal\u00f3j\u00e1val vehet\u0151 ig\u00e9nybe. A mag\u00e1nrendel\u00e9seken javasolt vizsg\u00e1ltok t\u00e9r\u00edt\u00e9sk\u00f6telesek, \u00e1rjegyz\u00e9ket \u00e9s el\u0151jegyz\u00e9si telefonsz\u00e1mot <a href=\"https:\/\/semmelweiskft.hu\/\">ide kattintva<\/a> tal\u00e1l.<\/p>\n<p style=\"text-align: justify\">A neurofiziol\u00f3giai szakrendel\u00e9sen <strong>Dr. Grosz Zolt\u00e1n<\/strong> v\u00e1rja a p\u00e1cienseket.<\/p>\n<p style=\"text-align: justify\"><em>Rendel\u00e9si ideje: 8.00- 16.00 k\u00f6z\u00f6tt.<\/em><\/p>\n<p style=\"text-align: justify\">El\u0151jegyz\u00e9s k\u00e9rhet\u0151 a <strong>+36 20 670 1906<\/strong>-os telefonsz\u00e1mon h\u00e9tk\u00f6znapokon <strong>11.00 \u00e9s 15.00<\/strong> \u00f3ra k\u00f6z\u00f6tt, vagy a <a href=\"mailto:ritkaidopont@med.semmelweis-univ.hu\" target=\"_blank\" rel=\"noopener noreferrer\">ritkaidopont@med.semmelweis-univ.hu<\/a> e-mail c\u00edmen. Amennyiben az emailes id\u0151pontfoglal\u00e1st v\u00e1lasztj\u00e1k, k\u00e9rj\u00fck, mindenf\u00e9lek\u00e9ppen adj\u00e1k meg a lev\u00e9lben a k\u00f6vetkez\u0151ket: n\u00e9v, TAJ sz\u00e1m, telefonsz\u00e1m.<\/p>\n<hr \/>\n\n<\/div><h2 class=\"tabtitle\">Szindromatol\u00f3gia<\/h2>\n<div class=\"tabcontent\">\n\n<h4 style=\"text-align: justify\"><strong>Szindromatol\u00f3giai Ambulancia &#8211; s<\/strong><strong>zakrendel\u00e9s a velesz\u00fcletett rendelleness\u00e9ggel \u00e9l\u0151k sz\u00e1m\u00e1ra<\/strong><\/h4>\n<p style=\"text-align: justify\">A Szindromatol\u00f3giai Ambulancia olyan szem\u00e9lyekkel, f\u0151k\u00e9nt gyermekekkel foglalkozik, akik valamilyen rendelleness\u00e9ggel j\u00f6ttek a vil\u00e1gra, bizonyos tulajdons\u00e1gaik, fizikai megjelen\u00e9s\u00fck az \u00e1tlagt\u00f3l valamelyest elt\u00e9r\u0151. A velesz\u00fcletett rendelleness\u00e9gek diagnosztik\u00e1ja \u00e1ltal\u00e1ban klinikai genetikusok feladata, mert az ilyen esetek h\u00e1tter\u00e9ben gyakran genetikai k\u00f3rok \u00e1ll. Ezeknek a k\u00f3rk\u00e9peknek a diagnosztik\u00e1ja nem k\u00f6nny\u0171, az apr\u00f3 elt\u00e9r\u00e9sek felfedez\u00e9se \u201eszakavatott\u201d szemet k\u00edv\u00e1n, \u00e9s egy nagyon speci\u00e1lis tud\u00e1sanyagot. Sz\u00fcks\u00e9ges tov\u00e1bb\u00e1 a panaszok rendszerszint\u0171 \u00e1ttekint\u00e9se a kor\u00e1bbi vizsg\u00e1lati eredm\u00e9nyek r\u00e9szletes \u00e1ttekint\u00e9se mellett, ez sok esetben az alapell\u00e1t\u00e1sban dolgoz\u00f3 orvosokt\u00f3l nem v\u00e1rhat\u00f3 el.<\/p>\n<p style=\"text-align: justify\">Kiknek aj\u00e1nlott felkeresnie dysmorphologia szakrendel\u00e9s\u00fcnket?<\/p>\n<ul style=\"text-align: justify\">\n<li>Ha genetikai rendelleness\u00e9g gyan\u00faja felmer\u00fcl<\/li>\n<li>T\u00f6bb szokatlan fejl\u0151d\u00e9si vari\u00e1ci\u00f3, rendelleness\u00e9g t\u00e1rsul<\/li>\n<li>Nem megfelel\u0151 a gyermek ment\u00e1lis \u00e9s motoros fejl\u0151d\u00e9si \u00fcteme<\/li>\n<li>\u201eFurcsa viselked\u00e9smint\u00e1k\u201d<\/li>\n<li>A csal\u00e1dban kor\u00e1bban fejl\u0151d\u00e9si rendelleness\u00e9g fordult el\u0151, \u00e9s a k\u00f6vetkez\u0151 gener\u00e1ci\u00f3ban a csal\u00e1d szeretn\u00e9 ennek ism\u00e9tl\u0151d\u00e9s\u00e9t elker\u00fclni<\/li>\n<\/ul>\n<p style=\"text-align: justify\">A Szindromatol\u00f3giai\u00a0 Ambulanci\u00e1n <strong>Dr. Varga No\u00e9mi \u00c1gnes<\/strong>\u00a0v\u00e1rja a p\u00e1cienseket.<\/p>\n<p style=\"text-align: justify\"><em>Rendel\u00e9si ideje: h\u00e9tf\u0151 12:30 \u2013 16:00, p\u00e9ntek 11:00 \u2013 14:00<\/em><\/p>\n<p style=\"text-align: justify\">El\u0151jegyz\u00e9s k\u00e9rhet\u0151 a <strong>+36 20 670 1906<\/strong>-os telefonsz\u00e1mon h\u00e9tk\u00f6znapokon <strong>11.00 \u00e9s 15.00<\/strong> \u00f3ra k\u00f6z\u00f6tt, vagy a <a href=\"mailto:ritkaidopont@med.semmelweis-univ.hu\" target=\"_blank\" rel=\"noopener noreferrer\">ritkaidopont@med.semmelweis-univ.hu<\/a> e-mail c\u00edmen. Amennyiben az emailes id\u0151pontfoglal\u00e1st v\u00e1lasztj\u00e1k, k\u00e9rj\u00fck, mindenf\u00e9lek\u00e9ppen adj\u00e1k meg a lev\u00e9lben a k\u00f6vetkez\u0151ket: n\u00e9v, TAJ sz\u00e1m, telefonsz\u00e1m.<\/p>\n<hr \/>\n\n<\/div><h2 class=\"tabtitle\">Kardiogenetika<\/h2>\n<div class=\"tabcontent\">\n\n<h4 style=\"text-align: justify\"><strong>Kardiogenetikai Ambulancia<\/strong><\/h4>\n<p style=\"text-align: justify\">A sz\u00edv \u00e9s \u00e9rrendszeri betegs\u00e9gek h\u00e1tter\u00e9ben nem ritk\u00e1n genetikai okok \u00e1llnak. Ezek ismerete nagyon fontos sok esetben m\u00e1r a t\u00fcnetek kialakul\u00e1sa el\u0151tt is, mert bizonyos t\u00fcnetek megfelel\u0151 \u00e9letm\u00f3ddal \u00e9s intervenci\u00f3val megel\u0151zhet\u0151ek.<\/p>\n<p style=\"text-align: justify\">Abban az esetben fontos a genetikai okok keres\u00e9se, ha a csal\u00e1dban halmozottan fordultak el\u0151 sz\u00edv- \u00e9s \u00e9rrendszeri betegs\u00e9gek, fiatalkori sz\u00edvbetegs\u00e9g alakult ki, esetleg hirtelen sz\u00edvhal\u00e1l miatt vesz\u00edtettek el csal\u00e1dtagot. Egyes \u00f6r\u00f6kletes sz\u00edvbetegs\u00e9gekben speci\u00e1lis ter\u00e1pi\u00e1s lehet\u0151s\u00e9gek is rendelkez\u00e9sre \u00e1llnak.<\/p>\n<p style=\"text-align: justify\">A genetikai diagn\u00f3zis megsz\u00fclet\u00e9se eset\u00e9n van lehet\u0151s\u00e9g a csal\u00e1dtagok vizsg\u00e1lat\u00e1ra \u00e9s a megfelel\u0151 prevenci\u00f3s int\u00e9zked\u00e9sek megt\u00e9tel\u00e9re \u00e9s adott esetben prenat\u00e1lis diagnosztik\u00e1ra is. Teh\u00e1t megteremti a lehet\u0151s\u00e9get, hogy megel\u0151zhet\u0151v\u00e9 v\u00e1ljanak a betegs\u00e9gek s\u00falyos megnyilv\u00e1nul\u00e1si form\u00e1i.<\/p>\n<p style=\"text-align: justify\">T\u00f6bbek k\u00f6z\u00f6tt az al\u00e1bbi kardiogenetika betegcsoportok, illetve csal\u00e1dtagjaik jelentkez\u00e9s\u00e9t v\u00e1rjuk:<\/p>\n<ul style=\"text-align: justify\">\n<li>kardiomyopathi\u00e1k<\/li>\n<li>sz\u00edvritmuszavarok \u00a0(pl. Brugada-szindr\u00f3ma, hossz\u00fa QT)<\/li>\n<li>aortopathi\u00e1k (pl. Marfan-szindr\u00f3ma, Loeys-Dietz-szindr\u00f3ma)<\/li>\n<li>hirtelen sz\u00edvhal\u00e1l<\/li>\n<li>velesz\u00fcletett sz\u00edvhib\u00e1k.<\/li>\n<\/ul>\n<p style=\"text-align: justify\">Az \u00fajonnan megny\u00edlt Kardiogenetikai Ambulanci\u00e1n <strong>Dr. Jimoh Idris J\u00e1nos<\/strong> v\u00e1rja a p\u00e1cienseket.<\/p>\n<p style=\"text-align: justify\"><em>Rendel\u00e9s ideje: minden h\u00e9tf\u0151n 8:00 \u2013 12:00 k\u00f6z\u00f6tt.<\/em><\/p>\n<p style=\"text-align: justify\">El\u0151jegyz\u00e9s k\u00e9rhet\u0151 a <strong>+36 20 670 1906<\/strong>-os telefonsz\u00e1mon h\u00e9tk\u00f6znapokon <strong>11.00 \u00e9s 15.00<\/strong> \u00f3ra k\u00f6z\u00f6tt, vagy a <a href=\"mailto:ritkaidopont@med.semmelweis-univ.hu\" target=\"_blank\" rel=\"noopener noreferrer\">ritkaidopont@med.semmelweis-univ.hu<\/a> e-mail c\u00edmen. Amennyiben az emailes id\u0151pontfoglal\u00e1st v\u00e1lasztj\u00e1k, k\u00e9rj\u00fck, mindenf\u00e9lek\u00e9ppen adj\u00e1k meg a lev\u00e9lben a k\u00f6vetkez\u0151ket: n\u00e9v, TAJ sz\u00e1m, telefonsz\u00e1m.<\/p>\n<hr \/>\n<p style=\"text-align: justify\">Mindk\u00e9t szakrendel\u00e9sen a genetikai diagnosztika mellett genetikai tan\u00e1csad\u00e1sban is r\u00e9szes\u00fclnek a hozz\u00e1nk fordul\u00f3k, amely sor\u00e1n t\u00e1j\u00e9koztat\u00e1st kaphatnak az adott betegs\u00e9g legfontosabb jellemz\u0151ir\u0151l, \u00f6r\u00f6kl\u0151d\u00e9si kock\u00e1zat\u00e1r\u00f3l, prevenci\u00f3s \u00e9s ter\u00e1pi\u00e1s lehet\u0151s\u00e9gekr\u0151l.<\/p>\n<p style=\"text-align: justify\">Ezeknek a betegs\u00e9geknek az ell\u00e1t\u00e1sa t\u00f6bb szakember munk\u00e1j\u00e1t, kollabor\u00e1ci\u00f3j\u00e1t ig\u00e9nyli, az ell\u00e1t\u00e1s \u00edgy multidiszciplin\u00e1ris jelleg\u0171, amelynek csak az egyik \u00e1llom\u00e1sa a genetikai tan\u00e1csad\u00e1s.<\/p>\n<hr \/>\n\n<\/div><h2 class=\"tabtitle\">Onkogenetika<\/h2>\n<div class=\"tabcontent\">\n\n<h4><strong>onkogenetikai szakrendel\u00e9s<\/strong><\/h4>\n<p style=\"text-align: justify\">Az onkogenetikai tan\u00e1csad\u00e1s c\u00e9lja az \u00f6r\u00f6kletes daganatos betegs\u00e9gekre val\u00f3 hajlam felismer\u00e9se \u00e9s a szem\u00e9lyre szabott megel\u0151z\u00e9s, illetve korai felismer\u00e9s t\u00e1mogat\u00e1sa. Az ell\u00e1t\u00e1s sor\u00e1n a csal\u00e1di \u00e9s egy\u00e9ni k\u00f3rel\u0151zm\u00e9ny r\u00e9szletes elemz\u00e9s\u00e9t k\u00f6vet\u0151en t\u00f6rt\u00e9nik a daganathajlamot okoz\u00f3 genetikai elt\u00e9r\u00e9sek kock\u00e1zat\u00e1nak felm\u00e9r\u00e9se, sz\u00fcks\u00e9g eset\u00e9n c\u00e9lzott genetikai vizsg\u00e1latok javaslat\u00e1val. A tan\u00e1csad\u00e1s seg\u00edt annak meg\u00e9rt\u00e9s\u00e9ben, hogy fenn\u00e1ll-e \u00f6r\u00f6kl\u00f6tt daganathajlam, ez milyen k\u00f6vetkezm\u00e9nyekkel j\u00e1rhat az \u00e9rintett \u00e9s csal\u00e1dtagjai sz\u00e1m\u00e1ra, valamint milyen sz\u0171r\u0151vizsg\u00e1latok, megel\u0151z\u0151 vagy kock\u00e1zatcs\u00f6kkent\u0151 l\u00e9p\u00e9sek javasoltak. Az onkogenetikai tan\u00e1csad\u00e1s kiemelten fontos fiatal \u00e9letkorban jelentkez\u0151 daganatok, halmoz\u00f3d\u00f3 csal\u00e1di esetek vagy ritka daganatt\u00edpusok eset\u00e9n, \u00e9s hozz\u00e1j\u00e1rul a tudatos, hossz\u00fa t\u00e1v\u00fa eg\u00e9szs\u00e9gmeg\u0151rz\u00e9shez.<\/p>\n<p style=\"text-align: justify\">Az onkogenetikai szakrendel\u00e9sen <strong>Dr. S\u00e1gin\u00e9 Cs\u00e1nyi Judit \u00e9s Dr. Moln\u00e1r Viktor<\/strong>\u00a0v\u00e1rja a p\u00e1cienseket.<\/p>\n<p style=\"text-align: justify\"><em>Rendel\u00e9si ideje: kedd 14:00 \u2013 17:00, p\u00e9ntek 08:00 \u2013 16:00<\/em><\/p>\n<p style=\"text-align: justify\">El\u0151jegyz\u00e9s k\u00e9rhet\u0151 a\u00a0<strong>+36 20 670 1906<\/strong>-os telefonsz\u00e1mon h\u00e9tk\u00f6znapokon\u00a0<strong>11.00 \u00e9s 15.00<\/strong>\u00a0\u00f3ra k\u00f6z\u00f6tt, vagy a\u00a0<a href=\"mailto:ritkaidopont@med.semmelweis-univ.hu\" target=\"_blank\" rel=\"noopener noreferrer\">ritkaidopont@med.semmelweis-univ.hu<\/a>\u00a0e-mail c\u00edmen. Amennyiben az emailes id\u0151pontfoglal\u00e1st v\u00e1lasztj\u00e1k, k\u00e9rj\u00fck, mindenf\u00e9lek\u00e9ppen adj\u00e1k meg a lev\u00e9lben a k\u00f6vetkez\u0151ket: n\u00e9v, TAJ sz\u00e1m, telefonsz\u00e1m.<\/p>\n<hr \/>\n\n<\/div><h2 class=\"tabtitle\">Neurocutan<\/h2>\n<div class=\"tabcontent\">\n\n<h4 style=\"text-align: justify\"><strong>Neurocutan Ambulancia<\/strong><\/h4>\n<p style=\"text-align: justify\">Neurocutan szindr\u00f3m\u00e1k (m\u00e1sn\u00e9ven phakomatosis-ok) olyan, \u00fan. multisziszt\u00e9m\u00e1s (t\u00f6bb szervrendszert \u00e9rint\u0151), genetikailag determin\u00e1lt betegs\u00e9gek \u00f6sszefoglal\u00f3 neve, amelyek alapvet\u0151en az idegrendszert, valamint ezzel egyidej\u0171leg a b\u0151rt, a szemet, illetve egy\u00e9b szerveket \u00e9rinthetnek.<\/p>\n<p style=\"text-align: justify\">Ilyen k\u00f3rk\u00e9pek pl.: a neurofibromatosis, sclerosis tuberosa, shwannomatosis, Sturge-Weber szindr\u00f3ma, von Hippel-Lindau betegs\u00e9g.<\/p>\n<p style=\"text-align: justify\">Ezen betegs\u00e9gek alapja genetikai elt\u00e9r\u00e9s, amelynek felismer\u00e9se fontos, ugyanis a k\u00f6vetkez\u0151 gener\u00e1ci\u00f3ra tov\u00e1bb \u00f6r\u00f6kl\u0151dhet. A k\u00f3rk\u00e9pek felismer\u00e9se, diagnosztiz\u00e1l\u00e1sa, a betegek \u00e9lethossziglan tart\u00f3 nyomon k\u00f6vet\u00e9se, a csal\u00e1dtervez\u00e9sre vonatkoz\u00f3 tan\u00e1csad\u00e1s, a leg\u00fajabb kezel\u00e9si elj\u00e1r\u00e1sok indik\u00e1l\u00e1sa \u2013 \u00e9s mindenekel\u0151tt a beteg \u00e9s csal\u00e1dj\u00e1nak fizikai \u00e9s pszich\u00e9s t\u00e1mogat\u00e1sa, seg\u00edt\u00e9se speci\u00e1lis szaktud\u00e1st ig\u00e9nyel.<\/p>\n<p style=\"text-align: justify\">Tisztelettel v\u00e1rjuk ezen betegs\u00e9gcsoport m\u00e1r diagnosztiz\u00e1lt, vagy eddig konkr\u00e9t (genetikai) diagn\u00f3zissal nem rendelkez\u0151 p\u00e1cienseit. K\u00e9rj\u00fck, hogy els\u0151 alkalommal sz\u00edveskedjenek magukkal hozni minden eddigi orvosi dokument\u00e1ci\u00f3jukat!<\/p>\n<p style=\"text-align: justify\">A Neurocutan Szakrendel\u00e9s vezet\u0151je <strong>Dr. Szegedi M\u00e1rta<\/strong>, egyetemi adjunktus.<\/p>\n<p style=\"text-align: justify\"><em>Rendel\u00e9si id\u0151: kedd 9:00 \u2013 12:00.<\/em><\/p>\n<p style=\"text-align: justify\">El\u0151jegyz\u00e9s k\u00e9rhet\u0151 a <strong>+36 20 670 1906<\/strong>-os telefonsz\u00e1mon h\u00e9tk\u00f6znapokon <strong>11.00 \u00e9s 15.00<\/strong> \u00f3ra k\u00f6z\u00f6tt, vagy a <a href=\"mailto:ritkaidopont@med.semmelweis-univ.hu\" target=\"_blank\" rel=\"noopener noreferrer\">ritkaidopont@med.semmelweis-univ.hu<\/a> e-mail c\u00edmen. Amennyiben az emailes id\u0151pontfoglal\u00e1st v\u00e1lasztj\u00e1k, k\u00e9rj\u00fck, mindenf\u00e9lek\u00e9ppen adj\u00e1k meg a lev\u00e9lben a k\u00f6vetkez\u0151ket: n\u00e9v, TAJ sz\u00e1m, telefonsz\u00e1m.<\/p>\n<hr \/>\n\n<\/div><h2 class=\"tabtitle\">Fizioter\u00e1pia<\/h2>\n<div class=\"tabcontent\">\n\n<h4 style=\"text-align: justify\"><strong>Fizioter\u00e1pi\u00e1s szakrendel\u00e9s &#8211; gy\u00f3gytorna<\/strong><\/h4>\n<p style=\"text-align: justify\">A gy\u00f3gytorna a fizioter\u00e1pia legjelent\u0151sebb r\u00e9sz\u00e9t mag\u00e1ba foglal\u00f3 \u00e1gazata. A gy\u00f3gytorna f\u0151 c\u00e9lkit\u0171z\u00e9se a fiziol\u00f3gi\u00e1s, norm\u00e1l mozg\u00e1s helyre\u00e1ll\u00edt\u00e1sa, hogy az f\u00e1jdalommentesen \u00e9s gazdas\u00e1gosan kivitelezhet\u0151 legyen. Hozz\u00e1j\u00e1rul a mozgat\u00f3rendszert \u00e9rint\u0151 panaszok cs\u00f6kkent\u00e9s\u00e9hez, fejleszti a h\u00e9tk\u00f6znapi funkci\u00f3kat. Speci\u00e1lis gyakorlatokat alkalmazva egyar\u00e1nt igyekszik az \u00e9rintett ter\u00fclet funkci\u00f3j\u00e1t helyre\u00e1ll\u00edtani, valamint az egyens\u00faly, a koordin\u00e1ci\u00f3 \u00e9s \u00fcgyess\u00e9g fejleszt\u00e9s\u00e9n kereszt\u00fcl hozz\u00e1j\u00e1rul a mozg\u00e1s harm\u00f3ni\u00e1j\u00e1nak helyre\u00e1ll\u00edt\u00e1s\u00e1hoz.<\/p>\n<p style=\"text-align: justify\">Az int\u00e9zet\u00fcnk \u00e1ltal biztos\u00edtott ambul\u00e1ns fizioter\u00e1pia keretein bel\u00fcl szakk\u00e9pzett ell\u00e1t\u00e1st ny\u00fajtunk sz\u00e1mos betegs\u00e9g kezel\u00e9s\u00e9re, t\u00f6bbek k\u00f6z\u00f6tt a neuromuscul\u00e1ris \u00e9s neurodegenerat\u00edv k\u00f3rk\u00e9pekben, anyagcsere betegs\u00e9gekben ill. egy\u00e9b neurogenetikai betegs\u00e9gben. Az int\u00e9zet\u00fcnk \u00e1ltal gondozott betegeket v\u00e1rjuk kezel\u00e9seinken, ak\u00e1r egy\u00e9ni, ak\u00e1r csoportos torna keretein bel\u00fcl.<\/p>\n<p style=\"text-align: justify\">Milyen probl\u00e9m\u00e1kkal \u00e9rdemes gy\u00f3gytorn\u00e1szhoz fordulni?<\/p>\n<ul style=\"text-align: justify\">\n<li>K\u00fcl\u00f6nf\u00e9le neurol\u00f3giai, neuromuscul\u00e1ris k\u00f3rk\u00e9pek<\/li>\n<li>Koordin\u00e1ci\u00f3- \u00e9s egyens\u00faly probl\u00e9m\u00e1k<\/li>\n<li>A mozgat\u00f3rendszert \u00e9rint\u0151 genetikai betegs\u00e9gek<\/li>\n<li>Kr\u00f3nikusan fenn\u00e1ll\u00f3 f\u00e1jdalmak<\/li>\n<li>Prevenci\u00f3- \u00e9s eg\u00e9szs\u00e9gfejleszt\u00e9s<\/li>\n<\/ul>\n<p style=\"text-align: justify\">Mire sz\u00e1m\u00edtsak az els\u0151 tal\u00e1lkoz\u00e1skor?<\/p>\n<p style=\"text-align: justify\">Az els\u0151 tal\u00e1lkoz\u00e1skor a gy\u00f3gytorn\u00e1sz, k\u00f3rt\u00f6rt\u00e9net felv\u00e9tel\u00e9t k\u00f6vet\u0151en egy alapos betegvizsg\u00e1lattal fogja ind\u00edtani a kezel\u00e9st. A probl\u00e9ma felt\u00e1r\u00e1s\u00e1t k\u00f6vet\u0151en a p\u00e1cienssel egy\u00fctt, k\u00f6z\u00f6sen ker\u00fclnek meghat\u00e1roz\u00e1sra a kezel\u00e9s c\u00e9lkit\u0171z\u00e9sei. Ezt k\u00f6vet\u0151en lehet megkezdeni a k\u00f6z\u00f6s munk\u00e1t, mely mag\u00e1ba foglalhat egy\u00e9ni vagy csoportos torn\u00e1t, elektroter\u00e1pi\u00e1s kezel\u00e9seket \u00e9s m\u00e9g sz\u00e1mos m\u00e1s speci\u00e1lis kezel\u00e9si elj\u00e1r\u00e1st.<\/p>\n<p style=\"text-align: justify\">Egy sikeres kezel\u00e9s sorozat eredm\u00e9nyek\u00e9nt nem csup\u00e1n mozg\u00e1sszervi \u00e1llapotban \u00e9rhet\u00fcnk el javul\u00e1st, hanem ez\u00e1ltal a mindennapi mozg\u00e1sok kivitelez\u00e9se is k\u00f6nnyebb\u00e9 v\u00e1lhat, amely elengedhetetlen ahhoz, hogy j\u00f3 \u00e9letmin\u0151s\u00e9gben teljes \u00e9letet \u00e9lj\u00fcnk.<\/p>\n<p style=\"text-align: justify\">A Fizioter\u00e1pi\u00e1s szakrendel\u00e9sre int\u00e9zet\u00fcnk orvosai utalhatj\u00e1k be a p\u00e1cienseket. Az id\u0151pont egyeztet\u00e9se szem\u00e9lyesen a gy\u00f3gytorn\u00e1sszal, <strong>Surj\u00e1n King\u00e1val<\/strong> t\u00f6rt\u00e9nik a <strong>+36 30 016-4212<\/strong> telefonsz\u00e1mon. Egyel\u0151re heti 6 \u00f3r\u00e1ban van lehet\u0151s\u00e9g a rendel\u00e9st ig\u00e9nybe venni k\u00f6zfinansz\u00edrozott form\u00e1ban.<\/p>\n<hr \/>\n\n<\/div><h2 class=\"tabtitle\">Pszichoter\u00e1pia<\/h2>\n<div class=\"tabcontent\">\n\n<h4><strong>Pszichoter\u00e1pi\u00e1s szakrendel\u00e9s<\/strong><\/h4>\n<p style=\"text-align: justify\">T\u00f6bb \u00e9v ut\u00e1n hi\u00e1nyp\u00f3tl\u00f3 lehet\u0151s\u00e9get kaptunk, hogy az int\u00e9zet\u00fcnk betegeit ambul\u00e1ns keretek k\u00f6z\u00f6tt is ell\u00e1thassuk. A szakambulancia gy\u00f3gy\u00edt\u00f3 tev\u00e9kenys\u00e9ge a feln\u0151tt lakoss\u00e1g sz\u00e1m\u00e1ra ny\u00fajt ell\u00e1t\u00e1st. A pszichoter\u00e1pia seg\u00edts\u00e9g\u00e9vel m\u00f3d van a lelki probl\u00e9m\u00e1k, pszich\u00e9s betegs\u00e9gek kezel\u00e9s\u00e9re. Illetve seg\u00edt egy-egy betegs\u00e9g, diagn\u00f3zis ut\u00e1n az egy\u00e9nre, vagy a csal\u00e1dokra nehezed\u0151 teher, kr\u00edzis feldolgoz\u00e1s\u00e1ra. Az \u00e1ltalunk kezelt k\u00f3rk\u00e9pek\u00a0 nagy r\u00e9sze fokozott pszich\u00e9s terhet r\u00f3 a betegekre, mert sok esetben nem gy\u00f3gy\u00edthat\u00f3ak, nem gyakoriak, nehezen gy\u00f3gyszerelhet\u0151ek \u00e9s ezek a faktorok mind el\u0151seg\u00edtik a kontrollveszt\u00e9st, pszich\u00e9s tartal\u00e9kok kimer\u00fcl\u00e9s\u00e9t, fokozz\u00e1k a kil\u00e1t\u00e1stalans\u00e1got \u00e9s nehez\u00edtik a pozit\u00edv szeml\u00e9letet megtart\u00e1s\u00e1t. Egyar\u00e1nt nagy terhet jelentenek a betegeknek \u00e9s a csal\u00e1dtagoknak is.<\/p>\n<p style=\"text-align: justify\">Egy\u00e9ni \u00e9s csoportos kognit\u00edv viselked\u00e9ster\u00e1pia, szupport\u00edv ter\u00e1pia, relax\u00e1ci\u00f3s, metakognit\u00edv ter\u00e1pi\u00e1k \u00e9rhet\u0151ek el. Az al\u00e1bbi feln\u0151tt pszich\u00e9s zavarok kezel\u00e9se tartozik a Genomikai Medicina \u00e9s Ritka Betegs\u00e9gek Int\u00e9zet\u00e9nek profilj\u00e1ba:<\/p>\n<ul style=\"text-align: justify\">\n<li>szorong\u00e1sos zavarok<\/li>\n<li>depresszi\u00f3<\/li>\n<li>szomatiz\u00e1ci\u00f3s zavarok<\/li>\n<li>traumatiz\u00e1ci\u00f3<\/li>\n<li>kr\u00edzis<\/li>\n<\/ul>\n<p style=\"text-align: justify\">Az egy\u00e9ni ter\u00e1pi\u00e1s m\u00f3dszerek mellett csoportter\u00e1pi\u00e1ra is van m\u00f3d:<\/p>\n<ul style=\"text-align: justify\">\n<li>probl\u00e9ma megold\u00f3 tr\u00e9ning<\/li>\n<li>asszert\u00edv (szoci\u00e1lis k\u00e9szs\u00e9gfejleszt\u0151) tr\u00e9ning<\/li>\n<\/ul>\n<p style=\"text-align: justify\">El\u0151jegyz\u00e9s k\u00e9rhet\u0151 a <strong>+36 20 670 1906<\/strong>-os telefonsz\u00e1mon h\u00e9tk\u00f6znapokon <strong>11.00 \u00e9s 15.00<\/strong> \u00f3ra k\u00f6z\u00f6tt, vagy a <a href=\"mailto:ritkaidopont@med.semmelweis-univ.hu\" target=\"_blank\" rel=\"noopener noreferrer\">ritkaidopont@med.semmelweis-univ.hu<\/a> e-mail c\u00edmen. Amennyiben az emailes id\u0151pontfoglal\u00e1st v\u00e1lasztj\u00e1k, k\u00e9rj\u00fck, mindenf\u00e9lek\u00e9ppen adj\u00e1k meg a lev\u00e9lben a k\u00f6vetkez\u0151ket: n\u00e9v, TAJ sz\u00e1m, telefonsz\u00e1m.<\/p>\n<hr \/>\n<\/div><\/div>\n","protected":false},"excerpt":{"rendered":"<p>Ritka Betegs\u00e9gek Ambulanci\u00e1ja \u00e9s Neurogenetikai Szakrendel\u00e9s A rendel\u00e9sen szakorvosaink r\u00e9szletesen \u00e1ttekintik a t\u00fcneteket \u00e9s kor\u00e1bbi leleteket, sz\u00fcks\u00e9g\u00a0eset\u00e9n genetikai \u00e9s egy\u00e9b kieg\u00e9sz\u00edt\u0151 vizsg\u00e1latokat javasolnak, hogy pontos diagn\u00f3zist \u00e1ll\u00edthassanak fel, majd seg\u00edtik a megfelel\u0151 Ritka Betegs\u00e9g Szak\u00e9rt\u0151i K\u00f6zpontba jut\u00e1st a\u00a0tov\u00e1bbi kezel\u00e9sek, menedzsment c\u00e9lj\u00e1b\u00f3l.\u00a0 Ritka neurol\u00f3giai diagnosztika Ritka idegrendszeri \u00e9s izombetegs\u00e9gek betegs\u00e9gek kivizsg\u00e1l\u00e1sa \u00e9s genetikai diagnosztik\u00e1ja\u00a0(izombetegs\u00e9gek, motoneuron betegs\u00e9gek, &hellip;<\/p>\n","protected":false},"author":101429,"featured_media":0,"parent":1350,"menu_order":2,"comment_status":"closed","ping_status":"closed","template":"","meta":{"_acf_changed":false,"footnotes":""},"categories":[],"tags":[],"class_list":["post-2822","page","type-page","status-publish","hentry"],"acf":[],"_links":{"self":[{"href":"https:\/\/semmelweis.hu\/genomikai-medicina\/wp-json\/wp\/v2\/pages\/2822","targetHints":{"allow":["GET"]}}],"collection":[{"href":"https:\/\/semmelweis.hu\/genomikai-medicina\/wp-json\/wp\/v2\/pages"}],"about":[{"href":"https:\/\/semmelweis.hu\/genomikai-medicina\/wp-json\/wp\/v2\/types\/page"}],"author":[{"embeddable":true,"href":"https:\/\/semmelweis.hu\/genomikai-medicina\/wp-json\/wp\/v2\/users\/101429"}],"replies":[{"embeddable":true,"href":"https:\/\/semmelweis.hu\/genomikai-medicina\/wp-json\/wp\/v2\/comments?post=2822"}],"version-history":[{"count":11,"href":"https:\/\/semmelweis.hu\/genomikai-medicina\/wp-json\/wp\/v2\/pages\/2822\/revisions"}],"predecessor-version":[{"id":4324,"href":"https:\/\/semmelweis.hu\/genomikai-medicina\/wp-json\/wp\/v2\/pages\/2822\/revisions\/4324"}],"up":[{"embeddable":true,"href":"https:\/\/semmelweis.hu\/genomikai-medicina\/wp-json\/wp\/v2\/pages\/1350"}],"wp:attachment":[{"href":"https:\/\/semmelweis.hu\/genomikai-medicina\/wp-json\/wp\/v2\/media?parent=2822"}],"wp:term":[{"taxonomy":"category","embeddable":true,"href":"https:\/\/semmelweis.hu\/genomikai-medicina\/wp-json\/wp\/v2\/categories?post=2822"},{"taxonomy":"post_tag","embeddable":true,"href":"https:\/\/semmelweis.hu\/genomikai-medicina\/wp-json\/wp\/v2\/tags?post=2822"}],"curies":[{"name":"wp","href":"https:\/\/api.w.org\/{rel}","templated":true}]}}