{"id":11671,"date":"2026-04-24T12:23:34","date_gmt":"2026-04-24T10:23:34","guid":{"rendered":"https:\/\/semmelweis.hu\/gazdalkodas-kfi\/?page_id=11671"},"modified":"2026-04-24T12:26:36","modified_gmt":"2026-04-24T10:26:36","slug":"efop_plusz-3-1-3-tef-25-2026-00080-no-az-esely-a-semmelweis-egyetemen","status":"publish","type":"page","link":"https:\/\/semmelweis.hu\/gazdalkodas-kfi\/projektek\/oei-projektek\/operativ-programok-hazai-es-eus-projektek\/efop_plusz-3-1-3-tef-25-2026-00080-no-az-esely-a-semmelweis-egyetemen\/","title":{"rendered":"EFOP_PLUSZ-3.1.3\/TEF-25-2026-00080 | \u201eN\u0151 az es\u00e9ly\u201d a Semmelweis Egyetemen"},"content":{"rendered":"<p><img loading=\"lazy\" decoding=\"async\" class=\"size-medium wp-image-11674 alignright\" src=\"https:\/\/semmelweis.hu\/gazdalkodas-kfi\/files\/2026\/04\/kedvezmenyezetti-infoblokk-keretes-1-400x120.jpg\" alt=\"\" width=\"400\" height=\"120\" srcset=\"https:\/\/semmelweis.hu\/gazdalkodas-kfi\/files\/2026\/04\/kedvezmenyezetti-infoblokk-keretes-1-400x120.jpg 400w, https:\/\/semmelweis.hu\/gazdalkodas-kfi\/files\/2026\/04\/kedvezmenyezetti-infoblokk-keretes-1-1024x306.jpg 1024w, https:\/\/semmelweis.hu\/gazdalkodas-kfi\/files\/2026\/04\/kedvezmenyezetti-infoblokk-keretes-1-768x230.jpg 768w, https:\/\/semmelweis.hu\/gazdalkodas-kfi\/files\/2026\/04\/kedvezmenyezetti-infoblokk-keretes-1-753x225.jpg 753w, https:\/\/semmelweis.hu\/gazdalkodas-kfi\/files\/2026\/04\/kedvezmenyezetti-infoblokk-keretes-1.jpg 1504w\" sizes=\"auto, (max-width: 400px) 100vw, 400px\" \/><\/p>\n<h4>\u00a0<\/h4>\n<h4>\u00a0<\/h4>\n<h4>\u00a0<\/h4>\n<h4><strong>\u201eN\u0151 az es\u00e9ly\u201d a Semmelweis Egyetemen<\/strong><\/h4>\n<h5 style=\"text-align: justify\">A projekt az Eur\u00f3pai Uni\u00f3 t\u00e1mogat\u00e1s\u00e1val, a magyar \u00e1llam t\u00e1rsfinansz\u00edroz\u00e1s\u00e1val val\u00f3sul meg a Sz\u00e9chenyi Terv Plusz program keret\u00e9ben.<\/h5>\n<ul style=\"list-style-type: square\">\n<li><strong>V\u00e9gs\u0151 kedvezm\u00e9nyezett:<\/strong> Semmelweis Egyetem<\/li>\n<li><strong>Projekt azonos\u00edt\u00f3 sz\u00e1ma: <\/strong>EFOP_PLUSZ-3.1.3\/TEF-25-2026-00080<\/li>\n<li><strong>A fejleszt\u00e9s t\u00e1rgya<\/strong>: A gyakorlati orvosk\u00e9pz\u00e9s fejleszt\u00e9se a Semmelweis egyetemen<\/li>\n<li><strong>Szerz\u0151d\u00f6tt t\u00e1mogat\u00e1s \u00f6sszege: <\/strong>107\u00a0969\u00a0882 Ft<\/li>\n<li><strong>T\u00e1mogat\u00e1s intenzit\u00e1sa:<\/strong> 100%<\/li>\n<li><strong>Projekt megval\u00f3s\u00edt\u00e1s\u00e1nak kezdete:<\/strong> 2026.04.01<\/li>\n<li><strong>Projekt tervezett fizikai befejez\u00e9se:<\/strong> 2028.03.31<\/li>\n<\/ul>\n<h5>\u00a0<\/h5>\n<h5 style=\"text-align: justify\">Projekt bemutat\u00e1sa<\/h5>\n<p style=\"text-align: justify\">A belgy\u00f3gy\u00e1szati \u00e9s geri\u00e1triai fekv\u0151beteg ell\u00e1t\u00e1st v\u00e9gz\u0151 oszt\u00e1lyok nagy l\u00e9tsz\u00e1m\u00fa, kr\u00f3nikus betegs\u00e9gekkel k\u00fczd\u0151, gyakran id\u0151s \u00e9s korl\u00e1tozott mozg\u00e1sk\u00e9pess\u00e9g\u0171 betegeket l\u00e1tnak el, ahol az \u00e1pol\u00f3kra magas fizikai, ment\u00e1lis \u00e9s adminisztrat\u00edv terhek h\u00e1rulnak. <br \/>\nA munkav\u00e1llal\u00f3i l\u00e9tsz\u00e1m cs\u00f6kken\u0151 tendenci\u00e1t mutat, emiatt a munkaer\u0151 &#8211; toborz\u00e1s sor\u00e1n ezek kiemelten fontos ter\u00fcletek.<\/p>\n<p style=\"text-align: justify\">A seg\u00e9d\u00e1pol\u00f3k alkalmaz\u00e1sa lehet\u0151v\u00e9 teszi a hat\u00e9kony munkamegoszt\u00e1st az ilyen jelleg\u0171 oszt\u00e1lyokon. A szakk\u00e9pzett \u00e1pol\u00f3k mentes\u00fclnek az olyan alapfeladatok al\u00f3l, mint a betegek mozgat\u00e1sa, seg\u00edts\u00e9gny\u00fajt\u00e1s az \u00e9tkeztet\u00e9sben, illetve az alapvet\u0151 higi\u00e9niai sz\u00fcks\u00e9gletek kiel\u00e9g\u00edt\u00e9s\u00e9ben, ez\u00e1ltal a szak\u00e1pol\u00f3k azokra a feladatokra koncentr\u00e1lhatnak, amelyekhez speci\u00e1lis szaktud\u00e1s sz\u00fcks\u00e9ges: gy\u00f3gyszerel\u00e9s, inf\u00fazi\u00f3k \u00f6ssze\u00e1ll\u00edt\u00e1sa, sebkezel\u00e9s. A hat\u00e9konyabb csapatmunka lehet\u0151v\u00e9 teszi a t\u00f6bbszint\u0171 ell\u00e1t\u00e1st, ahol mindenki a k\u00e9pzetts\u00e9g\u00e9nek megfelel\u0151 legmagasabb szint\u0171 feladatot l\u00e1thatja el, ezzel is cs\u00f6kkentve a ki\u00e9g\u00e9s \u00e9s a fluktu\u00e1ci\u00f3 kock\u00e1zat\u00e1t. A belgy\u00f3gy\u00e1szati \u00e9s geri\u00e1triai oszt\u00e1lyokon kritikus pont a betegfel\u00fcgyelet. Seg\u00e9d\u00e1pol\u00f3k jelenl\u00e9te eset\u00e9n cs\u00f6kkenthet\u0151k az eles\u00e9sek sz\u00e1ma, t\u00f6bb szem figyel a zavart vagy gyenge betegekre. H\u00edv\u00f3jelz\u00e9sekre hamarabb \u00e9rkezik v\u00e1lasz, ami n\u00f6veli a betegek biztons\u00e1g\u00e9rzet\u00e9t. A fekv\u0151betegek rendszeres forgat\u00e1sa seg\u00edt megel\u0151zni a felfekv\u00e9sek kialakul\u00e1s\u00e1t. A szak\u00e1pol\u00f3k adminisztrat\u00edv \u00e9s ter\u00e1pi\u00e1s terhei mellett gyakran kev\u00e9s id\u0151 jut a betegek lelki t\u00e1mogat\u00e1s\u00e1ra.<\/p>\n<p style=\"text-align: justify\">A seg\u00e9d\u00e1pol\u00f3k jelenl\u00e9te cs\u00f6kkenti a betegek elszigetelts\u00e9g\u00e9t \u00e9s szorong\u00e1s\u00e1t. Ez a poz\u00edci\u00f3 lehet\u0151s\u00e9get biztos\u00edt az alacsonyabb iskolai v\u00e9gzetts\u00e9ggel rendelkez\u0151k sz\u00e1m\u00e1ra is, hogy stabil, \u00e9rt\u00e9kteremt\u0151 munk\u00e1t v\u00e9gezzenek ebben az \u00e1gazatban, hasonl\u00f3k\u00e9ppen a betegk\u00eds\u00e9r\u0151kh\u00f6z, akiknek a munk\u00e1ja szint\u00e9n n\u00e9lk\u00fcl\u00f6zhetetlen a k\u00f3rh\u00e1zi ell\u00e1t\u00e1s folyamat\u00e1ban. A betegk\u00eds\u00e9r\u0151k azok a szem\u00e9lyek, akik biztos\u00edtj\u00e1k, hogy a p\u00e1ciensek id\u0151ben meg\u00e9rkezzenek a vizsg\u00e1latokra, m\u0171t\u00e9tekre, mindek\u00f6zben figyelik a beteg \u00e1llapot\u00e1t, embers\u00e9g\u00fckkel, t\u00fcrelmes kommunik\u00e1ci\u00f3val megnyugtatj\u00e1k \u0151ket. Az ehhez sz\u00fcks\u00e9ges attit\u0171d megteremt\u00e9s\u00e9hez is elengedhetetlen a szakmai tov\u00e1bbk\u00e9pz\u00e9s\u00fck, amit a jelenlegi p\u00e1ly\u00e1zat biztos\u00edt.<\/p>\n<p><strong>Helysz\u00ednek:<\/strong><\/p>\n<ul>\n<li>Geri\u00e1triai Klinika \u00e9s \u00c1pol\u00e1studom\u00e1nyi K\u00f6zpont<\/li>\n<li>Belgy\u00f3gy\u00e1szati \u00e9s Onkol\u00f3giai Klinika<\/li>\n<li>Belgy\u00f3gy\u00e1szati \u00e9s Hematol\u00f3giai Klinika<\/li>\n<li>\u00c1pol\u00e1svezet\u00e9si \u00e9s Szakdolgoz\u00f3i Oktat\u00e1si Igazgat\u00f3s\u00e1g<\/li>\n<\/ul>\n<p>&nbsp;<\/p>\n<p>A fejleszt\u00e9s hozz\u00e1j\u00e1rul a betegell\u00e1t\u00e1s sz\u00ednvonal\u00e1nak emel\u00e9s\u00e9hez \u00e9s a hum\u00e1ner\u0151forr\u00e1s hat\u00e9konyabb kihaszn\u00e1l\u00e1s\u00e1hoz.<\/p>\n","protected":false},"excerpt":{"rendered":"<p>\u00a0 \u00a0 \u00a0 \u201eN\u0151 az es\u00e9ly\u201d a Semmelweis Egyetemen A projekt az Eur\u00f3pai Uni\u00f3 t\u00e1mogat\u00e1s\u00e1val, a magyar \u00e1llam t\u00e1rsfinansz\u00edroz\u00e1s\u00e1val val\u00f3sul meg a Sz\u00e9chenyi Terv Plusz program keret\u00e9ben. V\u00e9gs\u0151 kedvezm\u00e9nyezett: Semmelweis Egyetem Projekt azonos\u00edt\u00f3 sz\u00e1ma: EFOP_PLUSZ-3.1.3\/TEF-25-2026-00080 A fejleszt\u00e9s t\u00e1rgya: A gyakorlati orvosk\u00e9pz\u00e9s fejleszt\u00e9se a Semmelweis egyetemen Szerz\u0151d\u00f6tt t\u00e1mogat\u00e1s \u00f6sszege: 107\u00a0969\u00a0882 Ft T\u00e1mogat\u00e1s intenzit\u00e1sa: 100% Projekt megval\u00f3s\u00edt\u00e1s\u00e1nak &hellip;<\/p>\n","protected":false},"author":102301,"featured_media":0,"parent":170,"menu_order":0,"comment_status":"closed","ping_status":"closed","template":"template-fullwidth.php","meta":{"_acf_changed":false,"footnotes":""},"categories":[],"tags":[],"class_list":["post-11671","page","type-page","status-publish","hentry"],"acf":[],"_links":{"self":[{"href":"https:\/\/semmelweis.hu\/gazdalkodas-kfi\/wp-json\/wp\/v2\/pages\/11671","targetHints":{"allow":["GET"]}}],"collection":[{"href":"https:\/\/semmelweis.hu\/gazdalkodas-kfi\/wp-json\/wp\/v2\/pages"}],"about":[{"href":"https:\/\/semmelweis.hu\/gazdalkodas-kfi\/wp-json\/wp\/v2\/types\/page"}],"author":[{"embeddable":true,"href":"https:\/\/semmelweis.hu\/gazdalkodas-kfi\/wp-json\/wp\/v2\/users\/102301"}],"replies":[{"embeddable":true,"href":"https:\/\/semmelweis.hu\/gazdalkodas-kfi\/wp-json\/wp\/v2\/comments?post=11671"}],"version-history":[{"count":4,"href":"https:\/\/semmelweis.hu\/gazdalkodas-kfi\/wp-json\/wp\/v2\/pages\/11671\/revisions"}],"predecessor-version":[{"id":11676,"href":"https:\/\/semmelweis.hu\/gazdalkodas-kfi\/wp-json\/wp\/v2\/pages\/11671\/revisions\/11676"}],"up":[{"embeddable":true,"href":"https:\/\/semmelweis.hu\/gazdalkodas-kfi\/wp-json\/wp\/v2\/pages\/170"}],"wp:attachment":[{"href":"https:\/\/semmelweis.hu\/gazdalkodas-kfi\/wp-json\/wp\/v2\/media?parent=11671"}],"wp:term":[{"taxonomy":"category","embeddable":true,"href":"https:\/\/semmelweis.hu\/gazdalkodas-kfi\/wp-json\/wp\/v2\/categories?post=11671"},{"taxonomy":"post_tag","embeddable":true,"href":"https:\/\/semmelweis.hu\/gazdalkodas-kfi\/wp-json\/wp\/v2\/tags?post=11671"}],"curies":[{"name":"wp","href":"https:\/\/api.w.org\/{rel}","templated":true}]}}