{"id":913,"date":"2014-02-06T11:27:28","date_gmt":"2014-02-06T10:27:28","guid":{"rendered":"http:\/\/semmelweis.hu\/fszoi\/?page_id=913"},"modified":"2017-06-26T15:16:19","modified_gmt":"2017-06-26T13:16:19","slug":"strasser-solti-fanny-szakmai-oneletrajz","status":"publish","type":"page","link":"https:\/\/semmelweis.hu\/fszoi\/munkatarsak\/strasser-solti-fanny-szakmai-oneletrajz\/","title":{"rendered":"dr. Strasser-Solti Fanny &#8211; szakmai \u00f6n\u00e9letrajz"},"content":{"rendered":"<p><!--[if gte mso 9]&gt;--><\/p>\n<p class=\"MsoNormal\"><a href=\"https:\/\/semmelweis.hu\/fszoi\/files\/2014\/02\/image0012.jpg\"><img loading=\"lazy\" decoding=\"async\" class=\"alignright  wp-image-912\" alt=\"Strasser-Solti Fanny\" src=\"https:\/\/semmelweis.hu\/fszoi\/files\/2014\/02\/image0012.jpg\" width=\"173\" height=\"251\" \/><\/a><b>Szem\u00e9lyi adatok<\/b><\/p>\n<p class=\"MsoNormal\"><em><strong>N\u00e9v:<\/strong><\/em> Strasser-Solti Fanny<\/p>\n<p class=\"MsoNormal\"><b>Tanulm\u00e1nyok<\/b><\/p>\n<p class=\"MsoNormal\"><strong>2008 \u2013 2013.<\/strong><span>\u00a0 <\/span>Szegedi Tudom\u00e1nyegyetem, Fogorvo<a name=\"_GoBack\"><\/a>studom\u00e1nyi Kar<\/p>\n<p class=\"MsoNormal\"><b>\u00a0<\/b><\/p>\n<p class=\"MsoNormal\"><b>Szakmai tapasztalat<\/b><\/p>\n<p class=\"MsoNormal\"><strong>2007-2008<\/strong> Fogorvosi asszisztens gyakorlat, Budapest.<br \/>\n<strong>2009<\/strong> \u00c1pol\u00e1stani I. \u00e9ves szakmai gyakorlat, Budapest.<br \/>\n<strong>2010<\/strong> Odontotechnol\u00f3giai II. \u00e9ves szakmai gyakorlat, Szeged.<br \/>\n<strong>2011<\/strong> Fogseb\u00e9szeti III. \u00e9ves szakmai gyakorlat, Szeged.<br \/>\n<strong>2012<\/strong> Fog\u00e1szati alapell\u00e1t\u00e1s IV. \u00e9ves szakmai gyakorlat, Szeged.<br \/>\n<strong>2013<\/strong> Fogorvosi diploma, Szeged.<br \/>\n<strong>2013<\/strong> <strong>okt\u00f3ber<\/strong> Semmelweis Egyetem Fog\u00e1szati \u00e9s Sz\u00e1jseb\u00e9szeti Oktat\u00f3 Int\u00e9zet- Konzerv\u00e1l\u00f3 fog\u00e1szati \u00e9s Fogp\u00f3tl\u00e1stani oszt\u00e1ly, fogorvos.<br \/>\n<strong>2013 december<\/strong> Semmelweis Egyetem Fog\u00e1szati \u00e9s Sz\u00e1jseb\u00e9szeti Oktat\u00f3 Int\u00e9zet &#8211; <span style=\"color: black\">Konzerv\u00e1l\u00f3 Fog\u00e1szat \u00e9s Fogp\u00f3tl\u00e1stan rezidens<\/span>.<\/p>\n<p class=\"MsoNormal\"><b><br \/>\nNyelvismeret<\/b><\/p>\n<p class=\"MsoNormal\"><strong>Angol<\/strong> fels\u0151fok\u00fa nyelvvizsga (2007).<\/p>\n","protected":false},"excerpt":{"rendered":"<p><a href=\"https:\/\/semmelweis.hu\/fszoi\/files\/2014\/02\/image0012.jpg\"><\/a> Szem\u00e9lyi adatok N\u00e9v: Strasser-Solti Fanny Tanulm\u00e1nyok 2008 \u2013 2013.\u00a0 Szegedi Tudom\u00e1nyegyetem, Fogorvo <a name=\"_GoBack\"><\/a> studom\u00e1nyi Kar \u00a0 Szakmai tapasztalat 2007-2008 Fogorvosi asszisztens gyakorlat, Budapest. 2009 \u00c1pol\u00e1stani I. \u00e9ves szakmai gyakorlat, Budapest. 2010 Odontotechnol\u00f3giai II. \u00e9ves szakmai gyakorlat, Szeged. 2011 Fogseb\u00e9szeti III. \u00e9ves szakmai gyakorlat, Szeged. 2012 Fog\u00e1szati alapell\u00e1t\u00e1s IV. \u00e9ves szakmai gyakorlat, Szeged. 2013 Fogorvosi diploma, Szeged. &hellip;<\/p>\n","protected":false},"author":188,"featured_media":0,"parent":78,"menu_order":0,"comment_status":"closed","ping_status":"closed","template":"","meta":{"_acf_changed":false,"footnotes":""},"categories":[],"tags":[],"class_list":["post-913","page","type-page","status-publish","hentry"],"acf":[],"_links":{"self":[{"href":"https:\/\/semmelweis.hu\/fszoi\/wp-json\/wp\/v2\/pages\/913","targetHints":{"allow":["GET"]}}],"collection":[{"href":"https:\/\/semmelweis.hu\/fszoi\/wp-json\/wp\/v2\/pages"}],"about":[{"href":"https:\/\/semmelweis.hu\/fszoi\/wp-json\/wp\/v2\/types\/page"}],"author":[{"embeddable":true,"href":"https:\/\/semmelweis.hu\/fszoi\/wp-json\/wp\/v2\/users\/188"}],"replies":[{"embeddable":true,"href":"https:\/\/semmelweis.hu\/fszoi\/wp-json\/wp\/v2\/comments?post=913"}],"version-history":[{"count":3,"href":"https:\/\/semmelweis.hu\/fszoi\/wp-json\/wp\/v2\/pages\/913\/revisions"}],"predecessor-version":[{"id":917,"href":"https:\/\/semmelweis.hu\/fszoi\/wp-json\/wp\/v2\/pages\/913\/revisions\/917"}],"up":[{"embeddable":true,"href":"https:\/\/semmelweis.hu\/fszoi\/wp-json\/wp\/v2\/pages\/78"}],"wp:attachment":[{"href":"https:\/\/semmelweis.hu\/fszoi\/wp-json\/wp\/v2\/media?parent=913"}],"wp:term":[{"taxonomy":"category","embeddable":true,"href":"https:\/\/semmelweis.hu\/fszoi\/wp-json\/wp\/v2\/categories?post=913"},{"taxonomy":"post_tag","embeddable":true,"href":"https:\/\/semmelweis.hu\/fszoi\/wp-json\/wp\/v2\/tags?post=913"}],"curies":[{"name":"wp","href":"https:\/\/api.w.org\/{rel}","templated":true}]}}