{"id":39,"date":"2013-07-12T11:10:41","date_gmt":"2013-07-12T09:10:41","guid":{"rendered":"http:\/\/semmelweis-egyetem.hu\/fpszcs\/?page_id=39"},"modified":"2024-09-16T12:06:10","modified_gmt":"2024-09-16T10:06:10","slug":"munkatarsak-2","status":"publish","type":"page","link":"https:\/\/semmelweis.hu\/fpszcs\/altalanos-informaciok\/munkatarsak-2\/","title":{"rendered":"Munkat\u00e1rsak"},"content":{"rendered":"<h4><strong>Munkat\u00e1rsaink:<\/strong><\/h4>\n<p><strong>Dr. Baran Brigitta PhD.<br \/>\n<\/strong>munkacsoport vezet\u0151, egyetemi docens<br \/>\nigazs\u00e1g\u00fcgyi pszichi\u00e1ter, neurol\u00f3gus szak\u00e9rt\u0151<br \/>\nneurol\u00f3gus, pszichi\u00e1ter, pszichoterapeuta, geri\u00e1ter, igazs\u00e1g\u00fcgyi pszichi\u00e1ter szakorvos<br \/>\n<a href=\"https:\/\/semmelweis.hu\/fpszcs\/baran-brigitta-cv\/\">\u00c9letrajz<\/a><\/p>\n<p><strong>Bocs\u00f3 Anna<br \/>\n<\/strong>Orvostanhallgat\u00f3, TDK hallgat\u00f3<\/p>\n<p><strong>Prof. Silfen P\u00e9ter<br \/>\n<\/strong>igazs\u00e1g\u00fcgyi pszichi\u00e1ter szak\u00e9rt\u0151, klinikai kriminol\u00f3gus<br \/>\npszichi\u00e1ter, pszichoterapeuta szakorvos<br \/>\n<a href=\"https:\/\/semmelweis.hu\/fpszcs\/silfen-peter-szakmai-oneletrajz\/\">\u00c9letrajz<\/a><\/p>\n<p><strong>Csizmadia Laura<\/strong><br \/>\nklinikai szakpszichol\u00f3gus jel\u00f6lt<\/p>\n<p><strong>Dr. Jekkel \u00c9va PhD.<br \/>\n<\/strong>egyetemi adjunktus<br \/>\nigazs\u00e1g\u00fcgyi pszichol\u00f3gus szak\u00e9rt\u0151<br \/>\nklinikai szakpszichol\u00f3gus, pszichoterapeuta<br \/>\n<a href=\"https:\/\/semmelweis.hu\/fpszcs\/jekkel-eva-szakmai-oneletrajz\/\">\u00c9letrajz<\/a><\/p>\n<p><strong>Lesty\u00e1n Lilla<br \/>\n<\/strong>Pszichol\u00f3gus hallgat\u00f3, \u00f6nk\u00e9ntes<\/p>\n<p><strong>Lisincki Anna<br \/>\n<\/strong>klinikai szakpszichol\u00f3gus<br \/>\nPhD hallgat\u00f3<\/p>\n<p><strong>Dr. Morvai Levente<br \/>\n<\/strong>pszichi\u00e1ter rezidens<br \/>\nPhD. hallgat\u00f3<\/p>\n<p><strong>Dr. Szab\u00f3 Ferenc \u00c1d\u00e1m<br \/>\n<\/strong>egyetemi tan\u00e1rseg\u00e9d<br \/>\npszichi\u00e1ter, igazs\u00e1g\u00fcgyi pszichi\u00e1ter szakorvos,<br \/>\neseti szak\u00e9rt\u0151, joghallgat\u00f3<br \/>\n<a href=\"https:\/\/semmelweis.hu\/fpszcs\/szabo-frerenc-adam-szakmai-oneletrajz\/\">\u00c9letrajz<\/a><\/p>\n<p><strong>Dr. Szekeres Gy\u00f6rgy Tibor PhD.<\/strong><br \/>\negyetemi docens, R\u00f3kus r\u00e9szleg vezet\u0151<br \/>\npszichi\u00e1ter, pszichi\u00e1triai rehabilit\u00e1ci\u00f3s, igazs\u00e1g\u00fcgyi pszichi\u00e1ter szakorvos<br \/>\nigazs\u00e1g\u00fcgyi pszichi\u00e1ter szak\u00e9rt\u0151<\/p>\n<p><strong>Dr. Zsigmond R\u00e9ka Ildik\u00f3<br \/>\n<\/strong>egyetemi tan\u00e1rseg\u00e9d<br \/>\npszichi\u00e1ter szakorvos, igazs\u00e1g\u00fcgyi pszichi\u00e1ter rezidens<br \/>\nJog\u00e1sz, eg\u00e9szs\u00e9g\u00fcgyi szakjog\u00e1sz<\/p>\n<p><strong>Klinikai konzulensek:<br \/>\n<\/strong><\/p>\n<p><strong>Prof. Bitter Istv\u00e1n DSc.<br \/>\n<\/strong>nyugalmazott egyetemi tan\u00e1r, klinika igazgat\u00f3, professor emeritus<br \/>\npszichofarmakol\u00f3giai szakkonzulens<br \/>\npszichi\u00e1ter, pszichoterapeuta \u00e9s klinikai farmakol\u00f3gus szakorvos<br \/>\na SE Igazs\u00e1g\u00fcgyi Pszichi\u00e1triai Szakmai Gr\u00e9mium tagja<\/p>\n<p><strong>Dr. Bodn\u00e1r Katalin<\/strong><br \/>\negyetemi tan\u00e1rseg\u00e9d, <br \/>\npszichi\u00e1ter szakorvos, jog\u00e1sz<br \/>\nklinikai farmakol\u00f3gia szakorvosjel\u00f6lt <br \/>\nintegrat\u00edv hipnoterapeuta, pszichodr\u00e1ma asszisztens <\/p>\n<p><strong>Prof. Tringer L\u00e1szl\u00f3 CSc.<br \/>\n<\/strong>nyugalmazott klinika igazgat\u00f3, professor emeritus,<br \/>\na szak\u00e9rt\u0151i csoport megalap\u00edt\u00f3ja, <br \/>\npszichi\u00e1ter, neurol\u00f3gus, pszichoterapeuta, klinikai farmakol\u00f3gus, addiktol\u00f3gus, geri\u00e1ter szakorvos, klinikai szakpszichol\u00f3gus<\/p>\n<p><strong>Dr. Czenner Zsuzsanna CSc.<br \/>\n<\/strong>nyugalmazott egyetemi docens<br \/>\nm\u0171k\u00f6d\u00e9s\u00e9t besz\u00fcntetett igazs\u00e1g\u00fcgyi klinikai \u00e9s ment\u00e1lhigi\u00e9niai feln\u0151tt- \u00e9s gyermek szakpszichol\u00f3gus szak\u00e9rt\u0151<\/p>\n<p><strong> Dr. Farkas Kinga PhD.<\/strong><br \/>\negyetemi adjunktus<br \/>\npszichi\u00e1ter szakorvos<\/p>\n<p><strong>Dr. Pataky Ilona CSc.<br \/>\n<\/strong>nyugalmazott egyetemi docens <br \/>\nigazs\u00e1g\u00fcgyi klinikai \u00e9s ment\u00e1lhigi\u00e9niai feln\u0151tt- \u00e9s gyermek szakpszichol\u00f3gus szak\u00e9rt\u0151<br \/>\nneuropszichol\u00f3gus<\/p>\n<p><strong>Dr. Simon Lajos PhD.<br \/>\n<\/strong>nyugalmazott egyetemi docens<br \/>\nszexu\u00e1lis zavarok szakkonzulens<br \/>\npszichi\u00e1ter, neurol\u00f3gus, pszichi\u00e1triai rehabilit\u00e1ci\u00f3s szakorvos, pszichoterapeuta<\/p>\n<p><strong>Dr. Tolna Judit PhD.<br \/>\n<\/strong>nyugalmazott egyetemi docens<br \/>\nprimer pszich\u00f3zisok szakkonzulens<br \/>\npszichi\u00e1ter, neurol\u00f3gus, pszichi\u00e1triai rehabilit\u00e1c\u00f3s szakorvos<\/p>\n<p><strong>Dr. R\u00e9thelyi J\u00e1nos<\/strong><br \/>\negyetemi tan\u00e1r, klinika igazgat\u00f3<br \/>\npszichi\u00e1ter, klinikai genetikus szakorvos, pszichoterapeuta<br \/>\na SE Igazs\u00e1g\u00fcgyi Pszichi\u00e1triai Szakmai Gr\u00e9mium tagja<\/p>\n<p><strong>Dr. Szily Erika PhD.<br \/>\n<\/strong>egyetemi adjunktus<br \/>\naddiktol\u00f3gus szakkonzulens<br \/>\npszichi\u00e1ter, addiktol\u00f3gus szakorvos<\/p>\n<p><strong>Dr. Unoka Zsolt PhD.<br \/>\n<\/strong>egyetemi tan\u00e1r<br \/>\nszem\u00e9lyis\u00e9gzavarok szakkonzulens<br \/>\npszichi\u00e1ter, pszichi\u00e1triai rehabilit\u00e1ci\u00f3 szakorvosa, pszichoterapeuta<\/p>\n<p><strong>Dr. Csibri \u00c9va<br \/>\n<\/strong>nyugalmazott klinikai f\u0151orvos<br \/>\ngerontopszichi\u00e1triai \u00e9s epileptol\u00f3giai szakkonzulens<br \/>\npszichi\u00e1ter, neurol\u00f3gus, geri\u00e1ter, pszichi\u00e1triai rehabilit\u00e1ci\u00f3s, elekrtoencephalogr\u00e1fi\u00e1s szakorvos<\/p>\n<p><strong>Dr. Hidasi Zolt\u00e1n PhD.<br \/>\n<\/strong>egyetemi docens<br \/>\ngerontopszichi\u00e1triai \u00e9s epileptol\u00f3giai szakkonzulens<br \/>\npszichi\u00e1ter, neurol\u00f3gus, pszichi\u00e1triai rehabilit\u00e1ci\u00f3s szakorvos, pszichoterapeuta<\/p>\n<p><strong>K\u00fcls\u0151 munkat\u00e1rsak:<\/strong><\/p>\n<p><strong>Dr. Dallos Gy\u00f6ngyv\u00e9r PhD.<\/strong><br \/>\ngyermekpszichi\u00e1ter szakkonzulens<br \/>\ngyermek- \u00e9s ifjs\u00e1gpszichi\u00e1ter szakorvos<\/p>\n<p><strong>Dr. Krist\u00f3f Andrea<\/strong><br \/>\nSE Pathol\u00f3giai, Igazs\u00e1g\u00fcgyi \u00e9s Biztos\u00edt\u00e1sorvostani Int\u00e9zet<br \/>\nPszichi\u00e1ter, igazs\u00e1g\u00fcgyi pszichi\u00e1ter szakorvos, igazs\u00e1g\u00fcgyi pszichi\u00e1ter szak\u00e9rt\u0151<br \/>\na SE Igazs\u00e1g\u00fcgyi Pszichi\u00e1triai Szakmai Gr\u00e9mium tagja<\/p>\n<p><strong>Dr. Somogyi Andrea<\/strong><br \/>\nPszichi\u00e1ter, igazs\u00e1g\u00fcgyi pszichi\u00e1ter szakorvos, igazs\u00e1g\u00fcgyi pszichi\u00e1ter szak\u00e9rt\u0151<\/p>\n<p><strong>Dr. Szil\u00e1gyi Simon<\/strong><br \/>\noszt\u00e1lyvezet\u0151 f\u0151orvos, Budapesti P\u00e9terfy S\u00e1ndor utcai K\u00f3rh\u00e1z &#8211; Rendel\u0151int\u00e9zet,<br \/>\nKr\u00edzisintervenci\u00f3s \u00e9s Pszichi\u00e1triai Oszt\u00e1ly<br \/>\npszichi\u00e1ter, pszichoterapeuta, igazs\u00e1g\u00fcgyi pszichi\u00e1ter, pszichi\u00e1triai orvosi rehabilit\u00e1ci\u00f3 szakorvosa<br \/>\nigazs\u00e1g\u00fcgyi pszichi\u00e1ter szak\u00e9rt\u0151<\/p>\n<p><strong>Dr. Szuromi B\u00e1lint PhD.<\/strong><br \/>\n\u00c9szak-budai Szt. J\u00e1nos Centrumk\u00f3rh\u00e1z K\u00fatv\u00f6lgyi Szakrendel\u0151<br \/>\npszichi\u00e1ter, pszichoterapeuta, igazs\u00e1g\u00fcgyi pszichi\u00e1tria szakorvosa<br \/>\nigazs\u00e1g\u00fcgyi pszichi\u00e1ter szak\u00e9rt\u0151<\/p>\n<p><strong>Dr. med. et jur. Vizi J\u00e1nos<\/strong><br \/>\nNy\u00edr\u0151 Gyula Orsz\u00e1gos Pszichi\u00e1triai \u00e9s Addiktol\u00f3giai Int\u00e9zet, Szexu\u00e1lmedicina <br \/>\nigazs\u00e1g\u00fcgyi pszichi\u00e1ter szak\u00e9rt\u0151,<br \/>\npszichi\u00e1ter, igazs\u00e1g\u00fcgyi pszichi\u00e1ter szakorvos, jog\u00e1sz<\/p>\n","protected":false},"excerpt":{"rendered":"<p>Munkat\u00e1rsaink: Dr. Baran Brigitta PhD. munkacsoport vezet\u0151, egyetemi docens igazs\u00e1g\u00fcgyi pszichi\u00e1ter, neurol\u00f3gus szak\u00e9rt\u0151 neurol\u00f3gus, pszichi\u00e1ter, pszichoterapeuta, geri\u00e1ter, igazs\u00e1g\u00fcgyi pszichi\u00e1ter szakorvos <a href=\"https:\/\/semmelweis.hu\/fpszcs\/baran-brigitta-cv\/\">\u00c9letrajz<\/a> Bocs\u00f3 Anna Orvostanhallgat\u00f3, TDK hallgat\u00f3 Prof. Silfen P\u00e9ter igazs\u00e1g\u00fcgyi pszichi\u00e1ter szak\u00e9rt\u0151, klinikai kriminol\u00f3gus pszichi\u00e1ter, pszichoterapeuta szakorvos <a href=\"https:\/\/semmelweis.hu\/fpszcs\/silfen-peter-szakmai-oneletrajz\/\">\u00c9letrajz<\/a> Csizmadia Laura klinikai szakpszichol\u00f3gus jel\u00f6lt Dr. Jekkel \u00c9va PhD. egyetemi adjunktus igazs\u00e1g\u00fcgyi pszichol\u00f3gus szak\u00e9rt\u0151 klinikai szakpszichol\u00f3gus, pszichoterapeuta <a href=\"https:\/\/semmelweis.hu\/fpszcs\/jekkel-eva-szakmai-oneletrajz\/\">\u00c9letrajz<\/a> Lesty\u00e1n Lilla &hellip;<\/p>\n","protected":false},"author":57,"featured_media":0,"parent":13,"menu_order":0,"comment_status":"closed","ping_status":"closed","template":"","meta":{"_acf_changed":false,"footnotes":""},"categories":[],"tags":[],"class_list":["post-39","page","type-page","status-publish","hentry"],"acf":[],"_links":{"self":[{"href":"https:\/\/semmelweis.hu\/fpszcs\/wp-json\/wp\/v2\/pages\/39","targetHints":{"allow":["GET"]}}],"collection":[{"href":"https:\/\/semmelweis.hu\/fpszcs\/wp-json\/wp\/v2\/pages"}],"about":[{"href":"https:\/\/semmelweis.hu\/fpszcs\/wp-json\/wp\/v2\/types\/page"}],"author":[{"embeddable":true,"href":"https:\/\/semmelweis.hu\/fpszcs\/wp-json\/wp\/v2\/users\/57"}],"replies":[{"embeddable":true,"href":"https:\/\/semmelweis.hu\/fpszcs\/wp-json\/wp\/v2\/comments?post=39"}],"version-history":[{"count":10,"href":"https:\/\/semmelweis.hu\/fpszcs\/wp-json\/wp\/v2\/pages\/39\/revisions"}],"predecessor-version":[{"id":613,"href":"https:\/\/semmelweis.hu\/fpszcs\/wp-json\/wp\/v2\/pages\/39\/revisions\/613"}],"up":[{"embeddable":true,"href":"https:\/\/semmelweis.hu\/fpszcs\/wp-json\/wp\/v2\/pages\/13"}],"wp:attachment":[{"href":"https:\/\/semmelweis.hu\/fpszcs\/wp-json\/wp\/v2\/media?parent=39"}],"wp:term":[{"taxonomy":"category","embeddable":true,"href":"https:\/\/semmelweis.hu\/fpszcs\/wp-json\/wp\/v2\/categories?post=39"},{"taxonomy":"post_tag","embeddable":true,"href":"https:\/\/semmelweis.hu\/fpszcs\/wp-json\/wp\/v2\/tags?post=39"}],"curies":[{"name":"wp","href":"https:\/\/api.w.org\/{rel}","templated":true}]}}