{"id":361,"date":"2015-11-06T08:18:11","date_gmt":"2015-11-06T07:18:11","guid":{"rendered":"http:\/\/semmelweis.hu\/fpszcs\/?page_id=361"},"modified":"2021-05-17T06:28:47","modified_gmt":"2021-05-17T04:28:47","slug":"szakmai-tevekenyseg","status":"publish","type":"page","link":"https:\/\/semmelweis.hu\/fpszcs\/szakmai-tevekenyseg\/","title":{"rendered":"Szakmai tev\u00e9kenys\u00e9g"},"content":{"rendered":"<p style=\"text-align: justify\"><strong>A Semmelweis Egyetem Pszichi\u00e1triai \u00e9s Pszichoter\u00e1pi\u00e1s Klinika Forenzikus Pszichi\u00e1triai Munkacsoportj\u00e1t<\/strong><\/p>\n<p style=\"text-align: justify\">2004-ben Tringer L\u00e1szl\u00f3 professzor, a Klinika akkori igazgat\u00f3ja alap\u00edtotta. 2004-2009-ig Dr. Farkas M\u00e1rta, 2009. \u00f3ta Dr. Baran Brigitta vezet\u00e9s\u00e9vel m\u0171k\u00f6dik.<\/p>\n<p style=\"text-align: justify\">A munkacsoport megalak\u00edt\u00e1s\u00e1nak c\u00e9lja:<\/p>\n<ul style=\"text-align: justify\">\n<li>a Klinika hagyom\u00e1nyainak folytat\u00e1sa,<\/li>\n<li>az igazs\u00e1g\u00fcgyi pszichi\u00e1ter ut\u00e1np\u00f3tl\u00e1s nevel\u00e9se,<\/li>\n<li>a Klinik\u00e1val szemben t\u00e1masztott igazs\u00e1g\u00fcgyi pszichi\u00e1triai szakmai ig\u00e9nyeknek val\u00f3 \u00a0magasabb szint\u0171 megfelel\u00e9s,<\/li>\n<li>a forenzikus pszichi\u00e1triai tev\u00e9kenys\u00e9g tudom\u00e1nyos m\u0171vel\u00e9se volt.<\/li>\n<\/ul>\n<p style=\"text-align: justify\">Klinik\u00e1nk k\u00fcldet\u00e9s-nyilatkozata az \u00e1ltal\u00e1nos oktat\u00f3, kutat\u00f3 \u00e9s gy\u00f3gy\u00edt\u00f3 munka mellett a speci\u00e1lis forenzikus pszichi\u00e1triai tev\u00e9kenys\u00e9get is tartalmazza. A Munkacsoportban dolgoz\u00f3 igazs\u00e1g\u00fcgyi szak\u00e9rt\u0151ink \u00e1ltal k\u00e9sz\u00edtett igazs\u00e1g\u00fcgyi pszichi\u00e1triai, neurol\u00f3giai \u00e9s pszichol\u00f3giai szak\u00e9rt\u0151i v\u00e9lem\u00e9nyek hagyom\u00e1nyosan sz\u00e9lesk\u00f6r\u0171 szakmai konzult\u00e1ci\u00f3 eredm\u00e9nyek\u00e9nt sz\u00fcletnek. Igazs\u00e1g\u00fcgyi pszichi\u00e1ter szak\u00e9rt\u0151ink munk\u00e1j\u00e1t a szakma sz\u00e1mos ter\u00fclet\u00e9n kiemelked\u0151 gyakorlati \u00e9s kutat\u00e1si tapasztalattal rendelkez\u0151 szakorvosok\/szakkonzulensek seg\u00edtik.<\/p>\n<p style=\"text-align: justify\">A szak\u00e9rt\u0151i n\u00e9vjegyz\u00e9k alapj\u00e1n kirendelhet\u0151 igazs\u00e1g\u00fcgyi pszichi\u00e1ter szak\u00e9rt\u0151k n\u00f6vekv\u0151 \u00e1tlag\u00e9letkor\u00e1ra val\u00f3 tekintettel egyre s\u00fcrget\u0151bb az ut\u00e1np\u00f3tl\u00e1s biztos\u00edt\u00e1sa. Az igazs\u00e1g\u00fcgyi pszichi\u00e1tria r\u00e1\u00e9p\u00edtett szakk\u00e9pz\u00e9sben val\u00f3 akt\u00edv k\u00f6zrem\u0171k\u00f6d\u00e9ssel c\u00e9lunk az evidenci\u00e1kon alapul\u00f3, ig\u00e9nyes szakmai sz\u00ednvonal\u00fa, a nemzetk\u00f6zi norm\u00e1kkal harmoniz\u00e1l\u00f3 forenzikus pszichi\u00e1triai tev\u00e9kenys\u00e9get v\u00e9gz\u0151 ut\u00e1np\u00f3tl\u00e1s k\u00e9pz\u00e9se.<\/p>\n<p style=\"text-align: justify\">Az igazs\u00e1g\u00fcgyi pszichi\u00e1triai tev\u00e9kenys\u00e9g \u00e9s int\u00e9zm\u00e9nyrendszer hazai saj\u00e1toss\u00e1ga, hogy a mindennapi \u00e1ltal\u00e1nos pszichi\u00e1triai tudom\u00e1nyos, szakmai gyakorlat \u00e9s az igazs\u00e1g\u00fcgyi pszichi\u00e1triai tev\u00e9kenys\u00e9g elv\u00e1lt egym\u00e1st\u00f3l: az igazs\u00e1g\u00fcgyi pszichi\u00e1terek jelent\u0151s r\u00e9sze \u00e9vtizedekkel ezel\u0151tt elszakadt az \u00e1ltal\u00e1nos pszichi\u00e1triai gyakorlatt\u00f3l, ez\u00e9rt az \u00e1ltal\u00e1nos \u00e9s az igazs\u00e1g\u00fcgyi pszichi\u00e1terek nyelvezete is elt\u00e1volodott egym\u00e1st\u00f3l. Az igazs\u00e1g\u00fcgyi pszichi\u00e1triai, vagy az \u00f6ssz-szervezeti eg\u00e9szs\u00e9gk\u00e1rosod\u00e1st v\u00e9lem\u00e9nyez\u0151 szak\u00e9rt\u0151i v\u00e9lem\u00e9nyek t\u00f6bbnyire m\u00e9g a r\u00e9gi, bizonytalan pszichi\u00e1triai k\u00f3rk\u00e9p-megnevez\u00e9seket haszn\u00e1lj\u00e1k, melyek sem a napi gyakorlatban, sem az OEP finansz\u00edroz\u00e1sban nem haszn\u00e1latosak. Feladatunknak tartjuk a k\u00f6z\u00f6s nyelv \u00fajra megalkot\u00e1s\u00e1t, az \u00faj pszichi\u00e1triai nevez\u00e9ktan forenzikus pszichi\u00e1triai \u00a0vonatkoz\u00e1sainak kidolgoz\u00e1s\u00e1t. Indokoltnak tartjuk, hogy a nemzetk\u00f6zileg elfogadott k\u00f3rk\u00e9p-kateg\u00f3ri\u00e1k a forenzikus pszichi\u00e1triai munk\u00e1ban is megjelenjenek \u00e9s \u00e1ltal\u00e1nosan elterjedjenek.<\/p>\n<p style=\"text-align: justify\">Feladatunknak tekintj\u00fck tov\u00e1bb\u00e1 a forenzikus pszichi\u00e1triai\/pszichol\u00f3giai tev\u00e9kenys\u00e9g tudom\u00e1nyos m\u0171vel\u00e9s\u00e9t, bekapcsol\u00f3d\u00e1sunkat a nemzetk\u00f6zi kutat\u00e1sokba, tudom\u00e1nyos, kutat\u00e1si egy\u00fcttm\u0171k\u00f6d\u00e9s kialak\u00edt\u00e1s\u00e1t a ter\u00fclet t\u00e1rsint\u00e9zeteivel: az Igazs\u00e1g\u00fcgyi Megfigyel\u0151 \u00e9s Elmegy\u00f3gy\u00edt\u00f3 Int\u00e9zettel (IMEI-vel), az egyetemek Igazs\u00e1g\u00fcgyi Orvostani Int\u00e9zeteivel, a Szak\u00e9rt\u0151i Int\u00e9zetekkel, az egyetemek Jogi Karaival \u00a0\u00e9s a B\u00edr\u00f3s\u00e1gokkal.<\/p>\n<p style=\"text-align: justify\">Javaslatainkkal seg\u00edts\u00e9get ny\u00fajtunk a pszichi\u00e1tria forenzikus vonatkoz\u00e1s\u00fa szakmai ir\u00e1nyelveinek, m\u00f3dszertani leveleinek friss\u00edt\u00e9s\u00e9hez, a pszichi\u00e1triai tev\u00e9kenys\u00e9g jogh\u00e9zagainak kik\u00fcsz\u00f6b\u00f6l\u00e9s\u00e9hez.<\/p>\n<p style=\"text-align: justify\">A b\u00edr\u00f3s\u00e1gok \u00e9s az igazs\u00e1g\u00fcgyi pszichi\u00e1ter szak\u00e9rt\u0151k ig\u00e9nyeinek megfelel\u0151 elmemegfigyel\u00e9s szakmai\/jogi szab\u00e1lyoz\u00e1si \u00e9s dokument\u00e1ci\u00f3s standardjainak kidolgoz\u00e1s\u00e1val hozz\u00e1j\u00e1rulunk a k\u00e9s\u0151bbi forenzikus pszichi\u00e1triai oszt\u00e1ly\/ok m\u0171k\u00f6d\u00e9s\u00e9hez.<\/p>\n<p style=\"text-align: justify\"><strong>A Forenzikus Pszichi\u00e1triai Munkacsoport az al\u00e1bbiak szerint v\u00e9gzi a feladatait<\/strong>:<\/p>\n<ol style=\"text-align: justify\">\n<li>A forenzikus pszichi\u00e1triai tev\u00e9kenys\u00e9get tudom\u00e1nyos szinten m\u0171velik.<\/li>\n<li>A csoport igazs\u00e1g\u00fcgyi pszichi\u00e1ter\/pszichol\u00f3gus szak\u00e9rt\u0151 tagjai b\u00edr\u00f3s\u00e1gi, hat\u00f3s\u00e1gi igazs\u00e1g\u00fcgyi szak\u00e9rt\u0151i kirendel\u00e9sekre tov\u00e1bbra is szem\u00e9lyesen j\u00e1rnak el. Ez ir\u00e1ny\u00fa tev\u00e9kenys\u00e9g\u00fckr\u0151l a vezet\u0151nek, illetve a csoportnak besz\u00e1molnak, sz\u00fcks\u00e9g eset\u00e9n a csoport seg\u00edts\u00e9g\u00e9t veszik ig\u00e9nybe.<\/li>\n<li>A Klinika igazgat\u00f3j\u00e1hoz \u00e9rkez\u0151 megkeres\u00e9sekre szakv\u00e9lem\u00e9nyt, vagy tervezetet k\u00e9sz\u00edtenek.<\/li>\n<li>A Klinika munkat\u00e1rsainak forenzikus pszichi\u00e1triai szakk\u00e9rd\u00e9sekben, valamint jogi probl\u00e9m\u00e1k eset\u00e9n tan\u00e1csot \u00e9s seg\u00edts\u00e9get adnak. A Klinika munkat\u00e1rsait a forenzikus k\u00e9rd\u00e9seket \u00e9rint\u0151 fontosabb jogszab\u00e1lyi v\u00e1ltoz\u00e1sokr\u00f3l t\u00e1j\u00e9koztatj\u00e1k.<\/li>\n<\/ol>\n<p style=\"text-align: justify\">A Semmelweis Egyetem Pszichi\u00e1triai \u00e9s Pszichoter\u00e1pi\u00e1s Klinika\u00a0<strong>Forenzikus Pszichi\u00e1triai Munkacsoport<\/strong> tagjainak r\u00e9szletes bemutat\u00e1s\u00e1t a <strong>Bemutatkoz\u00e1s\/Munkat\u00e1rsaink<\/strong> men\u00fcpontban tal\u00e1lhatja.<\/p>\n","protected":false},"excerpt":{"rendered":"<p>A Semmelweis Egyetem Pszichi\u00e1triai \u00e9s Pszichoter\u00e1pi\u00e1s Klinika Forenzikus Pszichi\u00e1triai Munkacsoportj\u00e1t 2004-ben Tringer L\u00e1szl\u00f3 professzor, a Klinika akkori igazgat\u00f3ja alap\u00edtotta. 2004-2009-ig Dr. Farkas M\u00e1rta, 2009. \u00f3ta Dr. Baran Brigitta vezet\u00e9s\u00e9vel m\u0171k\u00f6dik. A munkacsoport megalak\u00edt\u00e1s\u00e1nak c\u00e9lja: a Klinika hagyom\u00e1nyainak folytat\u00e1sa, az igazs\u00e1g\u00fcgyi pszichi\u00e1ter ut\u00e1np\u00f3tl\u00e1s nevel\u00e9se, a Klinik\u00e1val szemben t\u00e1masztott igazs\u00e1g\u00fcgyi pszichi\u00e1triai szakmai ig\u00e9nyeknek val\u00f3 \u00a0magasabb szint\u0171 megfelel\u00e9s, &hellip;<\/p>\n","protected":false},"author":57,"featured_media":0,"parent":0,"menu_order":0,"comment_status":"closed","ping_status":"closed","template":"","meta":{"_acf_changed":false,"footnotes":""},"categories":[],"tags":[],"class_list":["post-361","page","type-page","status-publish","hentry"],"acf":[],"_links":{"self":[{"href":"https:\/\/semmelweis.hu\/fpszcs\/wp-json\/wp\/v2\/pages\/361","targetHints":{"allow":["GET"]}}],"collection":[{"href":"https:\/\/semmelweis.hu\/fpszcs\/wp-json\/wp\/v2\/pages"}],"about":[{"href":"https:\/\/semmelweis.hu\/fpszcs\/wp-json\/wp\/v2\/types\/page"}],"author":[{"embeddable":true,"href":"https:\/\/semmelweis.hu\/fpszcs\/wp-json\/wp\/v2\/users\/57"}],"replies":[{"embeddable":true,"href":"https:\/\/semmelweis.hu\/fpszcs\/wp-json\/wp\/v2\/comments?post=361"}],"version-history":[{"count":3,"href":"https:\/\/semmelweis.hu\/fpszcs\/wp-json\/wp\/v2\/pages\/361\/revisions"}],"predecessor-version":[{"id":550,"href":"https:\/\/semmelweis.hu\/fpszcs\/wp-json\/wp\/v2\/pages\/361\/revisions\/550"}],"wp:attachment":[{"href":"https:\/\/semmelweis.hu\/fpszcs\/wp-json\/wp\/v2\/media?parent=361"}],"wp:term":[{"taxonomy":"category","embeddable":true,"href":"https:\/\/semmelweis.hu\/fpszcs\/wp-json\/wp\/v2\/categories?post=361"},{"taxonomy":"post_tag","embeddable":true,"href":"https:\/\/semmelweis.hu\/fpszcs\/wp-json\/wp\/v2\/tags?post=361"}],"curies":[{"name":"wp","href":"https:\/\/api.w.org\/{rel}","templated":true}]}}