{"id":5088,"date":"2024-06-19T09:14:13","date_gmt":"2024-06-19T07:14:13","guid":{"rendered":"https:\/\/semmelweis.hu\/fok-tovabbkepzes\/?page_id=5088"},"modified":"2025-03-27T10:31:43","modified_gmt":"2025-03-27T09:31:43","slug":"kirendelt","status":"publish","type":"page","link":"https:\/\/semmelweis.hu\/fok-tovabbkepzes\/szakfogorvos-kepzes\/elsokent-megszerezheto-szakkepesites\/kirendelt\/","title":{"rendered":"Kirendelt"},"content":{"rendered":"<div class=\"responsive-tabs\">\n<h2 class=\"tabtitle\">2024.01.01. ut\u00e1n<\/h2>\n<div class=\"tabcontent\">\n\n<p>Legal\u00e1bb heti 36 \u00f3r\u00e1s munkaidej\u0171 eg\u00e9szs\u00e9g\u00fcgyi tev\u00e9kenys\u00e9g v\u00e9gz\u00e9s\u00e9re munkav\u00e9gz\u00e9sre ir\u00e1nyul\u00f3 jogviszonyban legyen foglalkoztatva, egy eg\u00e9szs\u00e9g\u00fcgyi szolg\u00e1ltat\u00f3n\u00e1l (kirendel\u0151 rendel\u0151).<br \/>\nA jel\u00f6lt els\u0151dleges k\u00e9pz\u0151helye a Fogorvostudom\u00e1nyi Kar oktat\u00e1si-kutat\u00e1si szervezeti egys\u00e9ge. Az els\u0151dleges munk\u00e1ltat\u00f3i jogk\u00f6r gyakorl\u00f3ja annak a mag\u00e1nrendel\u0151nek a vezet\u0151je, amelyikb\u0151l a szakk\u00e9pes\u00edt\u00e9s megszerz\u00e9s c\u00e9lj\u00e1b\u00f3l kirendelik a Kar egyik oktat\u00e1si-kutat\u00e1si szervezeti egys\u00e9g\u00e9hez. A m\u00e1sodlagos munk\u00e1ltat\u00f3i jogk\u00f6r gyakorl\u00f3ja (k\u00f6zvetlen munkair\u00e1ny\u00edt\u00f3) az els\u0151dleges k\u00e9pz\u0151hely\u00e9nek vezet\u0151je.<br \/>\nA kirendelt k\u00e9pz\u00e9sben r\u00e9sztvev\u0151 jel\u00f6lt az els\u0151dleges k\u00e9pz\u0151hely\u00e9t\u0151l b\u00e9rez\u00e9sre nem jogosult.<\/p>\n<p>A k\u00e9pz\u00e9s d\u00edja: 220.000 Forint\/h\u00f3<\/p>\n<p>Dokumentumok:<br \/>\n<a href=\"https:\/\/semmelweis.hu\/fok-tovabbkepzes\/files\/2025\/03\/Befogado-szandeknyilatkozat.pdf\">Befogad\u00f3 sz\u00e1nd\u00e9knyilatkozat\u00a0<\/a><br \/>\n<a href=\"https:\/\/semmelweis.hu\/fok-tovabbkepzes\/files\/2025\/03\/Tutori-nyilatkozat-belsos.pdf\">Tutori nyilatkozat<\/a><br \/>\n<a href=\"https:\/\/semmelweis.hu\/fok-tovabbkepzes\/files\/2025\/03\/adatlap-szamlaigenyleshez-kirendelt.pdf\">Adatlap sz\u00e1mlaig\u00e9nyl\u00e9shez<\/a><br \/>\n<a href=\"https:\/\/semmelweis.hu\/fok-tovabbkepzes\/files\/2025\/03\/Kirendelo-nyilatkozat-.pdf\">Kirendel\u0151 nyilatkozat\u00a0<\/a><\/p>\n\n<\/div><h2 class=\"tabtitle\">2024.01.01. el\u0151tt<\/h2>\n<div class=\"tabcontent\">\n\n<p style=\"text-align: justify\">Legal\u00e1bb heti 36 \u00f3r\u00e1s munkaidej\u0171 eg\u00e9szs\u00e9g\u00fcgyi tev\u00e9kenys\u00e9g v\u00e9gz\u00e9s\u00e9re munkav\u00e9gz\u00e9sre ir\u00e1nyul\u00f3 jogviszonyban legyen foglalkoztatva, egy eg\u00e9szs\u00e9g\u00fcgyi szolg\u00e1ltat\u00f3n\u00e1l (kirendel\u0151 rendel\u0151).<br \/>\nA jel\u00f6lt els\u0151dleges k\u00e9pz\u0151helye a Fogorvostudom\u00e1nyi Kar oktat\u00e1si-kutat\u00e1si szervezeti egys\u00e9ge. Az els\u0151dleges munk\u00e1ltat\u00f3i jogk\u00f6r gyakorl\u00f3ja annak a mag\u00e1nrendel\u0151nek a vezet\u0151je, amelyikb\u0151l a szakk\u00e9pes\u00edt\u00e9s megszerz\u00e9s c\u00e9lj\u00e1b\u00f3l kirendelik a Kar egyik oktat\u00e1si-kutat\u00e1si szervezeti egys\u00e9g\u00e9hez. A m\u00e1sodlagos munk\u00e1ltat\u00f3i jogk\u00f6r gyakorl\u00f3ja (k\u00f6zvetlen munkair\u00e1ny\u00edt\u00f3) az els\u0151dleges k\u00e9pz\u0151hely\u00e9nek vezet\u0151je. <br \/>\nA kirendelt k\u00e9pz\u00e9sben r\u00e9sztvev\u0151 jel\u00f6lt az els\u0151dleges k\u00e9pz\u0151hely\u00e9t\u0151l b\u00e9rez\u00e9sre nem jogosult.<\/p>\n<p>A k\u00e9pz\u00e9s d\u00edja: 220.000 Forint\/h\u00f3<\/p>\n<p>Dokumentumok:<br \/>\n<a href=\"https:\/\/semmelweis.hu\/fok-tovabbkepzes\/files\/2025\/03\/Befogado-szandeknyilatkozat.pdf\">Befogad\u00f3 sz\u00e1nd\u00e9knyilatkozat<\/a> <br \/>\n<a href=\"https:\/\/semmelweis.hu\/fok-tovabbkepzes\/files\/2025\/03\/Tutori-nyilatkozat-belsos.pdf\">Tutori nyilatkozat<\/a><br \/>\n<a href=\"https:\/\/semmelweis.hu\/fok-tovabbkepzes\/files\/2025\/03\/adatlap-szamlaigenyleshez-kirendelt.pdf\">Adatlap sz\u00e1mlaig\u00e9nyl\u00e9shez<\/a><br \/>\n<a href=\"https:\/\/semmelweis.hu\/fok-tovabbkepzes\/files\/2025\/03\/Kirendelo-nyilatkozat-.pdf\">Kirendel\u0151 nyilatkozat<\/a><\/p>\n<\/div><\/div>\n","protected":false},"excerpt":{"rendered":"<p>Legal\u00e1bb heti 36 \u00f3r\u00e1s munkaidej\u0171 eg\u00e9szs\u00e9g\u00fcgyi tev\u00e9kenys\u00e9g v\u00e9gz\u00e9s\u00e9re munkav\u00e9gz\u00e9sre ir\u00e1nyul\u00f3 jogviszonyban legyen foglalkoztatva, egy eg\u00e9szs\u00e9g\u00fcgyi szolg\u00e1ltat\u00f3n\u00e1l (kirendel\u0151 rendel\u0151). A jel\u00f6lt els\u0151dleges k\u00e9pz\u0151helye a Fogorvostudom\u00e1nyi Kar oktat\u00e1si-kutat\u00e1si szervezeti egys\u00e9ge. Az els\u0151dleges munk\u00e1ltat\u00f3i jogk\u00f6r gyakorl\u00f3ja annak a mag\u00e1nrendel\u0151nek a vezet\u0151je, amelyikb\u0151l a szakk\u00e9pes\u00edt\u00e9s megszerz\u00e9s c\u00e9lj\u00e1b\u00f3l kirendelik a Kar egyik oktat\u00e1si-kutat\u00e1si szervezeti egys\u00e9g\u00e9hez. A m\u00e1sodlagos munk\u00e1ltat\u00f3i jogk\u00f6r gyakorl\u00f3ja &hellip;<\/p>\n","protected":false},"author":101231,"featured_media":0,"parent":2976,"menu_order":4,"comment_status":"closed","ping_status":"closed","template":"","meta":{"_acf_changed":false,"footnotes":""},"categories":[],"tags":[],"class_list":["post-5088","page","type-page","status-publish","hentry"],"acf":[],"_links":{"self":[{"href":"https:\/\/semmelweis.hu\/fok-tovabbkepzes\/wp-json\/wp\/v2\/pages\/5088","targetHints":{"allow":["GET"]}}],"collection":[{"href":"https:\/\/semmelweis.hu\/fok-tovabbkepzes\/wp-json\/wp\/v2\/pages"}],"about":[{"href":"https:\/\/semmelweis.hu\/fok-tovabbkepzes\/wp-json\/wp\/v2\/types\/page"}],"author":[{"embeddable":true,"href":"https:\/\/semmelweis.hu\/fok-tovabbkepzes\/wp-json\/wp\/v2\/users\/101231"}],"replies":[{"embeddable":true,"href":"https:\/\/semmelweis.hu\/fok-tovabbkepzes\/wp-json\/wp\/v2\/comments?post=5088"}],"version-history":[{"count":6,"href":"https:\/\/semmelweis.hu\/fok-tovabbkepzes\/wp-json\/wp\/v2\/pages\/5088\/revisions"}],"predecessor-version":[{"id":5227,"href":"https:\/\/semmelweis.hu\/fok-tovabbkepzes\/wp-json\/wp\/v2\/pages\/5088\/revisions\/5227"}],"up":[{"embeddable":true,"href":"https:\/\/semmelweis.hu\/fok-tovabbkepzes\/wp-json\/wp\/v2\/pages\/2976"}],"wp:attachment":[{"href":"https:\/\/semmelweis.hu\/fok-tovabbkepzes\/wp-json\/wp\/v2\/media?parent=5088"}],"wp:term":[{"taxonomy":"category","embeddable":true,"href":"https:\/\/semmelweis.hu\/fok-tovabbkepzes\/wp-json\/wp\/v2\/categories?post=5088"},{"taxonomy":"post_tag","embeddable":true,"href":"https:\/\/semmelweis.hu\/fok-tovabbkepzes\/wp-json\/wp\/v2\/tags?post=5088"}],"curies":[{"name":"wp","href":"https:\/\/api.w.org\/{rel}","templated":true}]}}