{"id":5051,"date":"2024-06-03T14:22:28","date_gmt":"2024-06-03T12:22:28","guid":{"rendered":"https:\/\/semmelweis.hu\/fok-tovabbkepzes\/?page_id=5051"},"modified":"2026-02-05T14:18:19","modified_gmt":"2026-02-05T13:18:19","slug":"rolunk","status":"publish","type":"page","link":"https:\/\/semmelweis.hu\/fok-tovabbkepzes\/rolunk\/","title":{"rendered":"R\u00f3lunk"},"content":{"rendered":"<div class=\"responsive-tabs\">\n<h2 class=\"tabtitle\">Fogorvostudom\u00e1nyi R\u00e9szleg<\/h2>\n<div class=\"tabcontent\">\n\n<h2>Szak-\u00e9s Tov\u00e1bbk\u00e9pz\u00e9si K\u00f6zpont &#8211; Fogorvostudom\u00e1nyi R\u00e9szleg<\/h2>\n<p>A Fogorvostudom\u00e1nyi Kar a Szak- \u00e9s Tov\u00e1bbk\u00e9pz\u00e9si Titk\u00e1rs\u00e1g\u00e1t 1999-ben hozta l\u00e9tre abb\u00f3l a c\u00e9lb\u00f3l, hogy v\u00e9grehajtsa az az \u00e9vben megjelent \u00faj t\u00edpus\u00fa szak- \u00e9s tov\u00e1bbk\u00e9pz\u00e9sr\u0151l sz\u00f3l\u00f3 rendeletekben foglaltakat. <br \/>\nA Szak-\u00e9s Tov\u00e1bbk\u00e9pz\u00e9si Titk\u00e1rs\u00e1g 2024.04.01.-t\u0151l teljesen beolvadt a Szak-\u00e9s Tov\u00e1bbk\u00e9pz\u00e9si K\u00f6zpont al\u00e1 \u00e9s Szak-\u00e9s Tov\u00e1bbk\u00e9pz\u00e9si K\u00f6zpont Fogorvostudom\u00e1nyi R\u00e9szlegk\u00e9nt m\u0171k\u00f6dik tov\u00e1bb.<\/p>\n<div>\n<div>\n<div id=\"GroupWiseSection_1640084015000_nagy-pal.orsolya@dent.semmelweis-univ.hu_18849E011B09000089BE000000000000_\" class=\"GroupWiseMessageBody active\">\n<div id=\"x_GroupWiseSection_1670843694000_farkas.izabella@dent.semmelweis-univ.hu_5312CC010CFD0000A95A000000000000_\" class=\"x_GroupWiseMessageBody\">\n<div id=\"x_GroupWiseSection_1670842541000_szabo.anett@dent.semmelweis-univ.hu_249F1D01199C0000B4706F6437386235_\" class=\"x_GroupWiseMessageBody\">\n<div><strong style=\"font-size: 1rem\">Szak- \u00e9s Tov\u00e1bbk\u00e9pz\u00e9si K\u00f6zpont Fogorvostudom\u00e1nyi R\u00e9szleg<\/strong><\/div>\n<\/div>\n<\/div>\n<\/div>\n<p>1088 Budapest, Szentkir\u00e1lyi u. 47. (VII. emelet)<br \/>\nTelefon: +36 1 266-7006<br \/>\nEmail: <a href=\"mailto:szkepz@semmelweis.hu\">szkepz@semmelweis.hu<\/a><\/p>\n<\/div>\n<p><b>F\u00e9lfogad\u00e1si id\u0151:<br \/>\n<\/b>Minden nap, el\u0151re egyeztetett id\u0151pontban\u00a0<\/p>\n<p><b>F\u00e9lfogad\u00e1si id\u0151 \u00fajabb els\u0151k\u00e9nt megszerezhet\u0151 szakvizsga, ill. angol nyelv\u0171 szakk\u00e9pz\u00e9s \u00fcgyben:<\/b><br \/>\nSzerda: 9:00 &#8211; 11:00<br \/>\n1088 Budapest, Szentkir\u00e1lyi u. 47. VI. emelet, 629-es szoba<\/p>\n<\/div>\n<h4><span style=\"font-size: 18pt\"><strong>MUNKAT\u00c1RSAK<\/strong><\/span><\/h4>\n<h6>Vezet\u0151k:<\/h6>\n<p><strong><em>Prof. Dr. Hermann P\u00e9ter<br \/>\neln\u00f6k<br \/>\nSzak- \u00e9s Tov\u00e1bbk\u00e9pz\u00e9si Operat\u00edv Bizotts\u00e1g &#8211; Fogorvosi Tagozat<br \/>\n<\/em><\/strong>f\u00e9lfogad\u00e1s<span style=\"color: #000000\">: el\u0151re egyeztetett id\u0151pontban<\/span><\/p>\n<p><strong><em>Dr. Gerle J\u00e1nos<\/em><\/strong><br \/>\nr\u00e9szlegvezet\u0151<br \/>\nf\u00e9lfogad\u00e1s: <span style=\"color: #000000\">el\u0151re egyeztetett id\u0151pontban<\/span><\/p>\n<p><strong><em>Dr. Kisp\u00e9lyi Barbara<\/em><\/strong><br \/>\negyetemi docens<br \/>\nr\u00e9szlegvezet\u0151 helyettes<br \/>\nf\u00e9lfogad\u00e1s: <span style=\"color: #000000\">el\u0151re egyeztetett id\u0151pontban<\/span><\/p>\n<h6>Munkat\u00e1rsak:<\/h6>\n<p><em><strong>Nagy-P\u00e1l Orsolya<\/strong><br \/>\n<\/em>vezet\u0151 munkat\u00e1rs, szakk\u00e9pz\u00e9si szak\u00e9rt\u0151 (szakk\u00e9pz\u00e9si \u00fcgyek, akkredit\u00e1ci\u00f3s \u00fcgyek)<br \/>\ntelefon: +36 1 459-1500\/59391<br \/>\nemail: <a href=\"mailto:nagy-pal.orsolya@semmelweis.hu\">nagy-pal.orsolya@semmelweis.hu<\/a><\/p>\n<p>Szakfogorvos k\u00e9pz\u00e9s<\/p>\n<p><em><strong>Farkas Izabella<br \/>\n<\/strong><\/em>\u00fcgyint\u00e9z\u0151 (\u00fajabb els\u0151k\u00e9nt megszerezhet\u0151, r\u00e1\u00e9p\u00edtett, valamint angol nyelv\u0171 szakk\u00e9pz\u00e9si \u00fcgyek)<br \/>\ntelefon: +36 1 317-10-94, +36 1 459-1500\/59318<br \/>\nemail: <a href=\"mailto:farkas.izabella@semmelweis.hu\">farkas.izabella@semmelweis.hu<\/a><\/p>\n<p><strong><em>Ny\u00e1rin\u00e9 Kutas Claudia<br \/>\n<\/em><\/strong>szakk\u00e9pz\u00e9si koordin\u00e1tor (szakorvosjel\u00f6ltek munkaid\u0151 nyilv\u00e1ntart\u00e1sa, 12 h\u00f3napos k\u00e9pz\u00e9s)<br \/>\ntelefon: +36 1 459-1500\/59388<br \/>\nemail: <a href=\"mailto:kutas.claudia@semmelweis.hu\">kutas.claudia@semmelweis.hu<\/a><\/p>\n<p><em><strong>Szab\u00f3 Anett<\/strong><\/em><br \/>\nszakk\u00e9pz\u00e9si \u00fcgyint\u00e9z\u0151 (szakk\u00e9pz\u00e9si \u00fcgyek, gazdas\u00e1gi \u00fcgyek)<br \/>\ntelefon: +36 1 459-1500\/59276<br \/>\nemail: <a href=\"mailto:szabo.anett@semmelweis.hu\">szabo.anett@semmelweis.hu<\/a><\/p>\n<h6>Tov\u00e1bbk\u00e9pz\u00e9s<\/h6>\n<p><strong><em>P\u00e1ncz\u00e9l Orsolya<\/em><\/strong><br \/>\ntov\u00e1bbk\u00e9pz\u00e9si \u00fcgyint\u00e9z\u0151 (tov\u00e1bbk\u00e9pz\u00e9si \u00fcgyek, tanfolyam akkredit\u00e1ci\u00f3)<br \/>\ntelefon: +36 1 459-1500\/59392<br \/>\nemail: <a href=\"mailto:panczel.orsolya@semmelweis.hu\">panczel.orsolya@semmelweis.hu<\/a><\/p>\n\n<\/div><h2 class=\"tabtitle\">Fogorvosi Tagozat<\/h2>\n<div class=\"tabcontent\">\n\n<h2>Szak-\u00e9s Tov\u00e1bbk\u00e9pz\u00e9si Operat\u00edv Bizotts\u00e1g &#8211; Fogorvosi Tagozat<\/h2>\n<p>Feladata a szakfogorvosk\u00e9pz\u00e9sek, licenc k\u00e9pz\u00e9sek \u00e9s tov\u00e1bbk\u00e9pz\u00e9s m\u0171k\u00f6d\u00e9se sor\u00e1n keletkez\u0151 b\u00e1rmely k\u00e9rd\u00e9s megt\u00e1rgyal\u00e1sa az esetlegesen felmer\u00fcl\u0151 probl\u00e9m\u00e1k megold\u00e1sa. V\u00e9lem\u00e9nynyilv\u00e1n\u00edt\u00e1s \u00e9s javaslatt\u00e9tel.<\/p>\n<h5>Szavazati joggal rendelkez\u0151 tagjai:<\/h5>\n<ul style=\"list-style-type: square\">\n<li>Prof Dr. Hermann P\u00e9ter a Tagozat eln\u00f6ke<\/li>\n<li>Prof. Dr. Masszi Tam\u00e1s a Szak-\u00e9s Tov\u00e1bbk\u00e9pz\u00e9si K\u00f6zpont igazgat\u00f3ja, t\u00e1voll\u00e9t\u00e9ben Sz\u00e1fi\u00e1n-Bella Anita igazgat\u00f3helyettes<\/li>\n<li>Prof. Dr. Jo\u00f3b-Fancsaly \u00c1rp\u00e1d \u2013 Dento-alveolaris seb\u00e9szet Gr\u00e9mium eln\u00f6k<\/li>\n<li>Prof. Dr. R\u00f3zsa No\u00e9mi Katinka \u2013 Gyermekfog\u00e1szat, Fogszab\u00e1lyoz\u00e1s Gr\u00e9mium eln\u00f6k<\/li>\n<li>Prof. Dr. V\u00e1g J\u00e1nos \u2013 Endodontia Gr\u00e9mium eln\u00f6k<\/li>\n<li>Prof. Dr. Windisch P\u00e9ter \u2013 Parodontol\u00f3gia Gr\u00e9mium eln\u00f6k<\/li>\n<li>Prof. Dr. Gerber G\u00e1bor- Fogorvostudom\u00e1nyi Kar D\u00e9k\u00e1n<\/li>\n<li>Dr. Gerle J\u00e1nos \u2013 R\u00e9szlegvezet\u0151<\/li>\n<li>Dr. Kisp\u00e9lyi Barbara \u2013 R\u00e9szlegvezet\u0151 helyettes<\/li>\n<\/ul>\n<h5>P\u00e9nz\u00fcgyi k\u00e9rd\u00e9sek eset\u00e9n:<\/h5>\n<ul style=\"list-style-type: square\">\n<li>Nagy L\u00e1szl\u00f3 az Oktat\u00e1si H\u00e1l\u00f3zat-ir\u00e1ny\u00edt\u00e1si Igazgat\u00f3s\u00e1g igazgat\u00f3ja t\u00e1voll\u00e9te eset\u00e9n Nagyn\u00e9 Fekete M\u00f3nika Gazdas\u00e1gi Hivatal hivatalvezet\u0151je<\/li>\n<\/ul>\n<h5>Tan\u00e1cskoz\u00e1si joggal rendelkez\u0151 tagok<\/h5>\n<ul style=\"list-style-type: square\">\n<li>Prof. Dr. M\u00e1rton Krisztina \u2013 igazgat\u00f3, Propedeutikai Tansz\u00e9k<\/li>\n<li>Dr. Ors\u00f3s M\u00e1ria Merc\u00e9desz \u2013 mb. igazgat\u00f3, Fog\u00e1szati \u00e9s Sz\u00e1jseb\u00e9szeti Oktat\u00f3 Int\u00e9zet<\/li>\n<li>Prof. Dr. Dob\u00f3 Nagy Csaba \u2013 igazgat\u00f3, Or\u00e1lis Diagnosztikai Tansz\u00e9k<\/li>\n<\/ul>\n<\/div><\/div>\n<p>&nbsp;<\/p>\n","protected":false},"excerpt":{"rendered":"<p>A Semmelweis Egyetem Fogorvostudom\u00e1nyi Kara 1999-ben az\u00e9rt hozta l\u00e9tre a Szak- \u00e9s Tov\u00e1bbk\u00e9pz\u00e9si Titk\u00e1rs\u00e1g\u00e1t, hogy a fogorvosok  tov\u00e1bbk\u00e9pz\u00e9si k\u00f6telezetts\u00e9g\u00e9ben seg\u00edts\u00e9get ny\u00fajtson. Jelenleg, az orsz\u00e1g ter\u00fclet\u00e9n gy\u00f3gy\u00edt\u00f3 tev\u00e9kenys\u00e9get folytat\u00f3 fogorvosok jelent\u0151s t\u00f6bbs\u00e9ge regisztr\u00e1lt titk\u00e1rs\u00e1gunkon \u00e9s r\u00e9sz\u00fckre ny\u00fajtunk teljesk\u00f6r\u0171 adminisztrat\u00edv, inform\u00e1ci\u00f3s \u00e9s \u00fcgyint\u00e9z\u0151 szolg\u00e1ltat\u00e1st tov\u00e1bbk\u00e9pz\u00e9si k\u00f6telezetts\u00e9g\u00fck teljes\u00edt\u00e9se \u00e9rdek\u00e9ben. Emellett feladatunk a szakfogorvosk\u00e9pz\u00e9sre jelentkez\u0151k felv\u00e9teli elj\u00e1r\u00e1s\u00e1nak lebonyol\u00edt\u00e1sa, illetve a jel\u00f6ltek k\u00e9pz\u00e9s\u00e9nek k\u00f6zponti szervez\u00e9se \u00e9s koordin\u00e1l\u00e1sa.<br \/>\nA Szak-\u00e9s Tov\u00e1bbk\u00e9pz\u00e9si Titk\u00e1rs\u00e1g 2024.04.01.-t\u0151l teljesen beolvadt a Szak-\u00e9s Tov\u00e1bbk\u00e9pz\u00e9si K\u00f6zpont al\u00e1 \u00e9s Szak-\u00e9s Tov\u00e1bbk\u00e9pz\u00e9si K\u00f6zpont Fogorvostudom\u00e1nyi R\u00e9szlegk\u00e9nt m\u0171k\u00f6dik tov\u00e1bb.<\/p>\n","protected":false},"author":101231,"featured_media":3473,"parent":0,"menu_order":0,"comment_status":"closed","ping_status":"closed","template":"template-fullwidth.php","meta":{"_acf_changed":false,"footnotes":""},"categories":[],"tags":[],"class_list":["post-5051","page","type-page","status-publish","has-post-thumbnail","hentry"],"acf":[],"_links":{"self":[{"href":"https:\/\/semmelweis.hu\/fok-tovabbkepzes\/wp-json\/wp\/v2\/pages\/5051","targetHints":{"allow":["GET"]}}],"collection":[{"href":"https:\/\/semmelweis.hu\/fok-tovabbkepzes\/wp-json\/wp\/v2\/pages"}],"about":[{"href":"https:\/\/semmelweis.hu\/fok-tovabbkepzes\/wp-json\/wp\/v2\/types\/page"}],"author":[{"embeddable":true,"href":"https:\/\/semmelweis.hu\/fok-tovabbkepzes\/wp-json\/wp\/v2\/users\/101231"}],"replies":[{"embeddable":true,"href":"https:\/\/semmelweis.hu\/fok-tovabbkepzes\/wp-json\/wp\/v2\/comments?post=5051"}],"version-history":[{"count":11,"href":"https:\/\/semmelweis.hu\/fok-tovabbkepzes\/wp-json\/wp\/v2\/pages\/5051\/revisions"}],"predecessor-version":[{"id":5405,"href":"https:\/\/semmelweis.hu\/fok-tovabbkepzes\/wp-json\/wp\/v2\/pages\/5051\/revisions\/5405"}],"wp:featuredmedia":[{"embeddable":true,"href":"https:\/\/semmelweis.hu\/fok-tovabbkepzes\/wp-json\/wp\/v2\/media\/3473"}],"wp:attachment":[{"href":"https:\/\/semmelweis.hu\/fok-tovabbkepzes\/wp-json\/wp\/v2\/media?parent=5051"}],"wp:term":[{"taxonomy":"category","embeddable":true,"href":"https:\/\/semmelweis.hu\/fok-tovabbkepzes\/wp-json\/wp\/v2\/categories?post=5051"},{"taxonomy":"post_tag","embeddable":true,"href":"https:\/\/semmelweis.hu\/fok-tovabbkepzes\/wp-json\/wp\/v2\/tags?post=5051"}],"curies":[{"name":"wp","href":"https:\/\/api.w.org\/{rel}","templated":true}]}}