{"id":3206,"date":"2020-04-09T09:30:50","date_gmt":"2020-04-09T07:30:50","guid":{"rendered":"http:\/\/semmelweis.hu\/fok-tovabbkepzes\/?page_id=3206"},"modified":"2025-03-27T10:20:56","modified_gmt":"2025-03-27T09:20:56","slug":"allamilag-finanszirozott","status":"publish","type":"page","link":"https:\/\/semmelweis.hu\/fok-tovabbkepzes\/szakfogorvos-kepzes\/elsokent-megszerezheto-szakkepesites\/allamilag-finanszirozott\/","title":{"rendered":"\u00c1llamilag t\u00e1mogatott k\u00e9pz\u00e9s"},"content":{"rendered":"<p><span style=\"font-size: 1rem\"><div class=\"responsive-tabs\">\n<h2 class=\"tabtitle\">2024.01.01. ut\u00e1n<\/h2>\n<div class=\"tabcontent\">\n<\/span><\/p>\n<p style=\"text-align: justify\">T\u00e1mogatott szakk\u00e9pz\u00e9sben az els\u0151 szakorvosi \u00e9s szakpszichol\u00f3gus k\u00e9pz\u00e9sben r\u00e9szt vev\u0151k a vonatkoz\u00f3 rendeletek \u00e9rtelm\u00e9ben \u00e9vente meghat\u00e1rozott keretsz\u00e1mok erej\u00e9ig vehetnek r\u00e9szt. <br \/>\nA t\u00e1mogatott szakk\u00e9pz\u00e9sben a rezidensek az egyes szakk\u00e9pes\u00edt\u00e9sek k\u00e9pz\u00e9si k\u00f6vetelm\u00e9nyeit meghat\u00e1roz\u00f3 miniszteri rendeletben el\u0151\u00edrt id\u0151tartamnak megfelel\u0151 ideig vehetnek r\u00e9szt. M\u00e9lt\u00e1nyoss\u00e1gb\u00f3l a k\u00e9pz\u00e9si id\u0151 az OKF\u0150 enged\u00e9ly\u00e9vel legfeljebb egy \u00e9vvel hosszabb\u00edthat\u00f3. <br \/>\nAz els\u0151 szakk\u00e9pz\u00e9s\u00fcket megkezdeni k\u00edv\u00e1n\u00f3 szakfogorvos-jel\u00f6ltek a diploma megszerz\u00e9s\u00e9t k\u00f6vet\u0151en a Kar oktat\u00e1si-kutat\u00e1si szervezeti egys\u00e9gei \u00e1ltal meghirdetett \u00e1ll\u00e1shelyekre p\u00e1ly\u00e1znak a RENY port\u00e1lon kereszt\u00fcl. <br \/>\nAz \u00e1ll\u00e1sp\u00e1ly\u00e1zat eredm\u00e9ny\u00e9t k\u00f6vet\u0151en az eg\u00e9szs\u00e9g\u00fcgyi szolg\u00e1ltat\u00f3 a kiv\u00e1lasztott jel\u00f6lttel egy\u00fctt sz\u00e1nd\u00e9knyilatkozatot ny\u00fajt be az Orsz\u00e1gos K\u00f3rh\u00e1zi F\u0151igazgat\u00f3s\u00e1g r\u00e9sz\u00e9re (OKF\u0150), aminek alapj\u00e1n az OKF\u0150 megvizsg\u00e1lja, hogy a jel\u00f6lt \u00e9s az eg\u00e9szs\u00e9g\u00fcgyi szolg\u00e1ltat\u00f3 megfelel-e a Korm\u00e1nyrendeletben a t\u00e1mogatott szakk\u00e9pz\u00e9s szempontj\u00e1b\u00f3l meghat\u00e1rozott felt\u00e9teleknek.<br \/>\nAz OKF\u0150 a sz\u00e1nd\u00e9knyilatkozat vizsg\u00e1lat\u00e1t k\u00f6vet\u0151en annak elfogadhat\u00f3s\u00e1g\u00e1r\u00f3l halad\u00e9ktalanul t\u00e1j\u00e9koztatja az eg\u00e9szs\u00e9g\u00fcgyi szolg\u00e1ltat\u00f3t \u00e9s a jel\u00f6ltet. Pozit\u00edv elb\u00edr\u00e1l\u00e1s eset\u00e9n az eg\u00e9szs\u00e9g\u00fcgyi szolg\u00e1ltat\u00f3 elk\u00e9sz\u00edti a jel\u00f6lt kinevez\u00e9s\u00e9t.<br \/>\nAz els\u0151dleges k\u00e9pz\u0151hely a jel\u00f6lttel a v\u00e1lasztott szakk\u00e9pz\u00e9s jogszab\u00e1lyban meghat\u00e1rozott id\u0151tartam\u00e1ra hat\u00e1rozott id\u0151re sz\u00f3l\u00f3 eg\u00e9szs\u00e9g\u00fcgyi szolg\u00e1lati jogviszonyt l\u00e9tes\u00edt, a jogszab\u00e1lyokban foglalt szempontok figyelembe v\u00e9tel\u00e9vel.<\/p>\n<h3>1. Oktat\u00f3i ut\u00e1np\u00f3tl\u00e1s:<\/h3>\n<p style=\"text-align: justify\">A jel\u00f6lt els\u0151dleges k\u00e9pz\u0151helye a Fogorvostudom\u00e1nyi Kar oktat\u00e1si-kutat\u00e1si szervezeti egys\u00e9ge, els\u0151dleges munk\u00e1ltat\u00f3i jogk\u00f6r gyakorl\u00f3ja a Szak-\u00e9s Tov\u00e1bbk\u00e9pz\u00e9si K\u00f6zpont Igazgat\u00f3ja, m\u00e1sodlagos munk\u00e1ltat\u00f3i jogk\u00f6r gyakorl\u00f3ja (k\u00f6zvetlen munkair\u00e1ny\u00edt\u00f3) az els\u0151dleges k\u00e9pz\u0151hely\u00e9nek vezet\u0151je.<\/p>\n<p style=\"text-align: justify\">A k\u00e9pz\u00e9shez kapcsol\u00f3d\u00f3 t\u00e1mogat\u00e1sok visszafizet\u00e9s\u00e9re k\u00f6teles, amennyiben:<\/p>\n<ul>\n<li>eg\u00e9szs\u00e9g\u00fcgyi szolg\u00e1lati jogviszonya b\u00e1rmely okn\u00e1l fogva megsz\u0171nik,<\/li>\n<li>az egyetemmel fenn\u00e1ll\u00f3 szakk\u00e9pz\u00e9si meg\u00e1llapod\u00e1sa megsz\u0171nik<\/li>\n<li>a szakk\u00e9pz\u00e9s teljes\u00edt\u00e9s\u00e9r\u0151l az egyetem legal\u00e1bb 6 h\u00f3nap egybef\u00fcgg\u0151 id\u0151tartamban nem nyilatkozik \u00e9s a szakk\u00e9pz\u00e9s\u00e9t nem sz\u00fcnetelteti<\/li>\n<li>k\u00fclf\u00f6ldi munkav\u00e1llal\u00e1sra tekintettel az OKF\u0150-t\u0151l hat\u00f3s\u00e1gi bizony\u00edtv\u00e1ny ki\u00e1ll\u00edt\u00e1s\u00e1t k\u00e9ri, \u00e9s a szakk\u00e9pz\u00e9s sz\u00fcnetel\u00e9s\u00e9t nem jelezte az OKF\u0150 r\u00e9sz\u00e9re<\/li>\n<li>nem v\u00e1llalja, hogy a szakk\u00e9pz\u00e9se megkezd\u00e9s\u00e9t\u0151l sz\u00e1m\u00edtva az \u00e1ltala v\u00e1lasztott szak jogszab\u00e1lyban meghat\u00e1rozott k\u00e9pz\u00e9si ideje + 3 \u00e9v id\u0151tartam alatt szakvizsg\u00e1t tesz, <strong>vagy<\/strong><\/li>\n<li>v\u00e1llalja a szakvizsga let\u00e9tel\u00e9t, de a hat\u00e1rid\u0151 lej\u00e1rt\u00e1val a v\u00e1llal\u00e1s\u00e1t nem teljes\u00edti \u00e9s a hat\u00e1rid\u0151 lej\u00e1rtakor igazoltan nem vesz r\u00e9szt szakk\u00e9pz\u00e9sben,<\/li>\n<li>a hat\u00e1rid\u0151 lej\u00e1rtakor igazoltan k\u00e9pz\u00e9sben vesz r\u00e9szt, az OKF\u0150 a visszafizet\u00e9si k\u00f6telezetts\u00e9g al\u00f3l ideiglenesen mentes\u00edti, azonban az ideiglenes mentes\u00edt\u00e9s lej\u00e1rt\u00e1ig sem szerez szakvizsg\u00e1t.<\/li>\n<\/ul>\n<p style=\"text-align: justify\">Dokumentumok: <br \/>\nMeg\u00e1llapod\u00e1s minta<br \/>\nRegisztr\u00e1ci\u00f3s adatlap<br \/>\n<a href=\"https:\/\/semmelweis.hu\/fok-tovabbkepzes\/files\/2025\/03\/Tutori-nyilatkozat-belsos.pdf\">Tutori nyilatkozat<\/a><br \/>\n<a href=\"https:\/\/semmelweis.hu\/fok-tovabbkepzes\/files\/2025\/03\/Befogado-szandeknyilatkozat.pdf\">Befogad\u00f3 sz\u00e1nd\u00e9knyilatkozat<\/a><br \/>\nNyilatkozat szem\u00e9lyes adat kezel\u00e9s\u00e9r\u0151l<\/p>\n<h3>2. Nem egyetemi ut\u00e1np\u00f3tl\u00e1s\u00a0<\/h3>\n<ul>\n<li>\n<h5>Egyetemi k\u00e9pz\u0151hely<\/h5>\n<\/li>\n<\/ul>\n<p style=\"text-align: justify\">A jel\u00f6lt els\u0151dleges k\u00e9pz\u0151helye a Fogorvostudom\u00e1nyi Kar oktat\u00e1si-kutat\u00e1si szervezeti egys\u00e9ge, els\u0151dleges munk\u00e1ltat\u00f3i jogk\u00f6r gyakorl\u00f3ja a Szak-\u00e9s Tov\u00e1bbk\u00e9pz\u00e9si K\u00f6zpont Igazgat\u00f3ja, m\u00e1sodlagos munk\u00e1ltat\u00f3i jogk\u00f6r gyakorl\u00f3ja (k\u00f6zvetlen munkair\u00e1ny\u00edt\u00f3) az els\u0151dleges k\u00e9pz\u0151hely\u00e9nek vezet\u0151je.<\/p>\n<p style=\"text-align: justify\">A k\u00e9pz\u00e9shez kapcsol\u00f3d\u00f3 t\u00e1mogat\u00e1sok visszafizet\u00e9s\u00e9re k\u00f6teles, amennyiben:<\/p>\n<ul>\n<li>eg\u00e9szs\u00e9g\u00fcgyi szolg\u00e1lati jogviszonya b\u00e1rmely okn\u00e1l fogva megsz\u0171nik,<\/li>\n<li>az egyetemmel fenn\u00e1ll\u00f3 szakk\u00e9pz\u00e9si meg\u00e1llapod\u00e1sa megsz\u0171nik,<\/li>\n<li>a szakk\u00e9pz\u00e9s teljes\u00edt\u00e9s\u00e9r\u0151l az egyetem legal\u00e1bb 6 h\u00f3nap egybef\u00fcgg\u0151 id\u0151tartamban nem nyilatkozik \u00e9s a szakk\u00e9pz\u00e9s\u00e9t nem sz\u00fcnetelteti,<\/li>\n<li>k\u00fclf\u00f6ldi munkav\u00e1llal\u00e1sra tekintettel az OKF\u0150-t\u0151l hat\u00f3s\u00e1gi bizony\u00edtv\u00e1ny ki\u00e1ll\u00edt\u00e1s\u00e1t k\u00e9ri, \u00e9s a szakk\u00e9pz\u00e9s sz\u00fcnetel\u00e9s\u00e9t nem jelezte az OKF\u0150 r\u00e9sz\u00e9re<\/li>\n<li>nem v\u00e1llalja, hogy a szakk\u00e9pz\u00e9se megkezd\u00e9s\u00e9t\u0151l sz\u00e1m\u00edtva az \u00e1ltala v\u00e1lasztott szak jogszab\u00e1lyban meghat\u00e1rozott k\u00e9pz\u00e9si ideje + 3 \u00e9v id\u0151tartam alatt szakvizsg\u00e1t tesz, <strong>vagy<\/strong><\/li>\n<li>v\u00e1llalja a szakvizsga let\u00e9tel\u00e9t, de a hat\u00e1rid\u0151 lej\u00e1rt\u00e1val a v\u00e1llal\u00e1s\u00e1t nem teljes\u00edti \u00e9s a hat\u00e1rid\u0151 lej\u00e1rtakor igazoltan nem vesz r\u00e9szt szakk\u00e9pz\u00e9sben,<\/li>\n<li>a hat\u00e1rid\u0151 lej\u00e1rtakor igazoltan k\u00e9pz\u00e9sben vesz r\u00e9szt, az OKF\u0150 a visszafizet\u00e9si k\u00f6telezetts\u00e9g al\u00f3l ideiglenesen mentes\u00edti, azonban az ideiglenes mentes\u00edt\u00e9s lej\u00e1rt\u00e1ig sem szerez szakvizsg\u00e1t,<\/li>\n<li>tov\u00e1bbfoglalkoztat\u00e1si k\u00f6telezetts\u00e9g\u00e9t k\u00f6zfinansz\u00edrozott fogorvosi alapell\u00e1t\u00e1sban nem teljes\u00edti<\/li>\n<\/ul>\n<p style=\"text-align: justify\">Dokumentumok: <br \/>\nMeg\u00e1llapod\u00e1s minta<br \/>\nRegisztr\u00e1ci\u00f3s adatlap<br \/>\n<a href=\"https:\/\/semmelweis.hu\/fok-tovabbkepzes\/files\/2025\/03\/Tutori-nyilatkozat-belsos.pdf\">Tutori nyilatkozat<\/a><br \/>\n<a href=\"https:\/\/semmelweis.hu\/fok-tovabbkepzes\/files\/2025\/03\/Befogado-szandeknyilatkozat.pdf\">Befogad\u00f3 sz\u00e1nd\u00e9knyilatkozat<\/a><br \/>\nNyilatkozat szem\u00e9lyes adat kezel\u00e9s\u00e9r\u0151l <br \/>\nNyilatkozat a szakvizsga megszerz\u00e9s\u00e9t k\u00f6vet\u0151 eg\u00e9szs\u00e9g\u00fcgyi tev\u00e9kenys\u00e9g v\u00e9gz\u00e9s\u00e9r\u0151l<\/p>\n<ul>\n<li>\n<h5>K\u00fcls\u0151 k\u00e9pz\u0151hely:<\/h5>\n<\/li>\n<\/ul>\n<p style=\"text-align: justify\">A jel\u00f6lt els\u0151dleges k\u00e9pz\u0151helye a Semmelweis Egyetem \u00e1ltal akkredit\u00e1lt valamely eg\u00e9szs\u00e9g\u00fcgyi szolg\u00e1ltat\u00f3, els\u0151dleges munk\u00e1ltat\u00f3i jogk\u00f6r gyakorl\u00f3ja a Szak-\u00e9s Tov\u00e1bbk\u00e9pz\u00e9si K\u00f6zpont Igazgat\u00f3ja, m\u00e1sodlagos munk\u00e1ltat\u00f3i jogk\u00f6r gyakorl\u00f3ja (k\u00f6zvetlen munkair\u00e1ny\u00edt\u00f3) az els\u0151dleges k\u00e9pz\u0151hely\u00e9nek vezet\u0151je. <\/p>\n<p>Dokumentumok: <br \/>\nMeg\u00e1llapod\u00e1s minta<br \/>\nRegisztr\u00e1ci\u00f3s adatlap<br \/>\n<a href=\"https:\/\/semmelweis.hu\/fok-tovabbkepzes\/files\/2025\/03\/Tutori-nyilatkozat-kulsos.pdf\">Tutori nyilatkozat<\/a><br \/>\n<a href=\"https:\/\/semmelweis.hu\/fok-tovabbkepzes\/files\/2025\/03\/Befogado-szandeknyilatkozat.pdf\">Befogad\u00f3 sz\u00e1nd\u00e9knyilatkozat<\/a><br \/>\nNyilatkozat szem\u00e9lyes adat kezel\u00e9s\u00e9r\u0151l <br \/>\nNyilatkozat a szakvizsga megszerz\u00e9s\u00e9t k\u00f6vet\u0151 eg\u00e9szs\u00e9g\u00fcgyi tev\u00e9kenys\u00e9g v\u00e9gz\u00e9s\u00e9r\u0151l<\/p>\n<p style=\"text-align: justify\">\n2023.12.29.-i hat\u00e1llyal elt\u00f6r\u00f6lt\u00e9k a tov\u00e1bbfoglalkoztat\u00e1sra vonatkoz\u00f3 rendelkez\u00e9seket.<\/p>\n<p>2024.09.01.-t\u0151l a szakfogorvos k\u00e9pz\u00e9sbe bel\u00e9p\u0151 oktat\u00f3i ut\u00e1np\u00f3tl\u00e1s, nem egyetemi ut\u00e1np\u00f3tl\u00e1s finansz\u00edroz\u00e1s\u00fa jel\u00f6lttel szemben az Egyetemnek nincs tov\u00e1bbfoglalkoztat\u00e1si k\u00f6telezetts\u00e9ge.<\/p>\n<p style=\"text-align: justify\">Fontos kiemelni, hogy a nem egyetemi ut\u00e1np\u00f3tl\u00e1s keretsz\u00e1m terh\u00e9re felvett jel\u00f6ltnek nyilatkoznia kell mind az Egyetem, mind az OKF\u0150 fel\u00e9, hogy az al\u00e1bbi jogszab\u00e1lyi k\u00f6telezetts\u00e9g\u00e9t v\u00e1llalja: <br \/>\n\u201eA szakvizsga megszerz\u00e9se ut\u00e1n legal\u00e1bb h\u00e1rom \u00e9vig teljes munkaid\u0151ben vagy legal\u00e1bb hat \u00e9vig \u2013 legal\u00e1bb heti 18 \u00f3ra id\u0151tartam\u00fa \u2013 r\u00e9szmunkaid\u0151s foglalkoztat\u00e1s keret\u00e9ben v\u00e9gez k\u00f6zfinansz\u00edrozott fogorvosi alapell\u00e1t\u00e1si vagy szakell\u00e1t\u00e1si tev\u00e9kenys\u00e9get.\u201d<br \/>\nAmennyiben a jel\u00f6ltnek nem ker\u00fcl felaj\u00e1nl\u00e1sra a tov\u00e1bbfoglalkoztat\u00e1s az Egyetem r\u00e9sz\u00e9r\u0151l, \u00fagy saj\u00e1t mag\u00e1nak kell keresnie egy k\u00f6zfinansz\u00edrozott fogorvosi alapell\u00e1t\u00e1st v\u00e9gz\u0151 rendel\u0151t, ahol a szakk\u00e9pz\u00e9sben elt\u00f6lt\u00f6tt idej\u00e9t le kell dolgoznia<\/p>\n<p style=\"text-align: justify\">\n<\/div><h2 class=\"tabtitle\">2024.01.01. el\u0151tt<\/h2>\n<div class=\"tabcontent\">\n<\/p>\n<h2 class=\"entry-title\" style=\"text-align: justify\">Egyetemi k\u00e9pz\u0151hely<\/h2>\n<p style=\"text-align: justify\">\u00c1llami finansz\u00edrozott &#8211; <strong>oktat\u00f3i ut\u00e1np\u00f3tl\u00e1st szolg\u00e1l\u00f3 szakfogorvosi szakk\u00e9pz\u00e9s<\/strong><\/p>\n<p style=\"text-align: justify\">Szakk\u00e9pz\u00e9sbe l\u00e9p\u00e9s dokumentumai<br \/>\n<a href=\"https:\/\/semmelweis.hu\/fok-tovabbkepzes\/files\/2023\/07\/Regisztracios-allami-oktatoi.pdf\">Regisztr\u00e1ci\u00f3s adatlap<\/a><br \/>\n<a href=\"https:\/\/semmelweis.hu\/fok-tovabbkepzes\/files\/2023\/07\/Tutori-nyilatkozat.pdf\">Tutori nyilatkozat<\/a><br \/>\n<strong><br \/>\n<\/strong>\u00c1llami finansz\u00edrozott &#8211; <strong>nem egyetemi ut\u00e1np\u00f3tl\u00e1st szolg\u00e1l\u00f3 szakfogorvosi szakk\u00e9pz\u00e9s<\/strong><\/p>\n<ul style=\"text-align: justify\">\n<li>Szakk\u00e9pz\u00e9sbe l\u00e9p\u00e9s dokumentumai<br \/>\n<a href=\"https:\/\/semmelweis.hu\/fok-tovabbkepzes\/files\/2020\/04\/Nyilatkozat-szakvizsga-megszerz.k\u00f6vet\u0151en.pdf\" target=\"_blank\" rel=\"noopener noreferrer\">Nyilatkozat szakvizsga megszerz\u00e9s\u00e9t k\u00f6vet\u0151 eg\u00e9szs\u00e9g\u00fcgyi tev\u00e9kenys\u00e9g v\u00e9gz\u00e9s\u00e9r\u0151l<\/a><br \/>\n<a href=\"https:\/\/semmelweis.hu\/fok-tovabbkepzes\/files\/2023\/07\/Regisztracios-allami-Nem-egyetemi-belsos.pdf\">Regisztr\u00e1ci\u00f3s adatlap<\/a><br \/>\n<a href=\"https:\/\/semmelweis.hu\/fok-tovabbkepzes\/files\/2023\/07\/Tutori-nyilatkozat.pdf\">Tutori nyilatkozat<\/a><br \/>\n<strong><br \/>\n<\/strong><\/li>\n<\/ul>\n<h2 class=\"entry-title\" style=\"text-align: justify\">K\u00fcls\u0151 k\u00e9pz\u0151hely<\/h2>\n<p style=\"text-align: justify\">\u00c1llami finansz\u00edrozott \u2013\u00a0<strong>nem egyetemi ut\u00e1np\u00f3tl\u00e1st szolg\u00e1l\u00f3 szakfogorvosi szakk\u00e9pz\u00e9s (k\u00fcls\u0151 k\u00e9pz\u0151hely)<\/strong><\/p>\n<ul style=\"text-align: justify\">\n<li>Szakk\u00e9pz\u00e9sbe l\u00e9p\u00e9s dokumentumai<br \/>\n<a href=\"https:\/\/semmelweis.hu\/fok-tovabbkepzes\/files\/2020\/04\/Nyilatkozat-szakvizsga-megszerz.k%C3%B6vet%C5%91en.pdf\" target=\"_blank\" rel=\"noopener noreferrer\">Nyilatkozat szakvizsga megszerz\u00e9s\u00e9t k\u00f6vet\u0151 eg\u00e9szs\u00e9g\u00fcgyi tev\u00e9kenys\u00e9g v\u00e9gz\u00e9s\u00e9r\u0151l<\/a><br \/>\n<a href=\"https:\/\/semmelweis.hu\/fok-tovabbkepzes\/files\/2023\/07\/Regisztracios-allami-nem-egyetemi-up-kulso.pdf\">Regisztr\u00e1ci\u00f3s adatlap<\/a><br \/>\n<a href=\"https:\/\/semmelweis.hu\/fok-tovabbkepzes\/files\/2023\/07\/Befogado-szandeknyilatkozat.pdf\">Befogad\u00f3 sz\u00e1nd\u00e9knyilatkozat<\/a><br \/>\n<a href=\"https:\/\/semmelweis.hu\/fok-tovabbkepzes\/files\/2023\/07\/Tutori-nyilatkozat.pdf\">Tutori nyilatkozat<\/a><\/p>\n<p>&nbsp;<\/p>\n<\/li>\n<\/ul>\n<p style=\"text-align: justify\"><\/div><\/div><\/p>\n","protected":false},"excerpt":{"rendered":"<p>T\u00e1mogatott szakk\u00e9pz\u00e9sben az els\u0151 szakorvosi \u00e9s szakpszichol\u00f3gus k\u00e9pz\u00e9sben r\u00e9szt vev\u0151k a vonatkoz\u00f3 rendeletek \u00e9rtelm\u00e9ben \u00e9vente meghat\u00e1rozott keretsz\u00e1mok erej\u00e9ig vehetnek r\u00e9szt. A t\u00e1mogatott szakk\u00e9pz\u00e9sben a rezidensek az egyes szakk\u00e9pes\u00edt\u00e9sek k\u00e9pz\u00e9si k\u00f6vetelm\u00e9nyeit meghat\u00e1roz\u00f3 miniszteri rendeletben el\u0151\u00edrt id\u0151tartamnak megfelel\u0151 ideig vehetnek r\u00e9szt. M\u00e9lt\u00e1nyoss\u00e1gb\u00f3l a k\u00e9pz\u00e9si id\u0151 az OKF\u0150 enged\u00e9ly\u00e9vel legfeljebb egy \u00e9vvel hosszabb\u00edthat\u00f3. Az els\u0151 szakk\u00e9pz\u00e9s\u00fcket megkezdeni k\u00edv\u00e1n\u00f3 &hellip;<\/p>\n","protected":false},"author":101109,"featured_media":0,"parent":2976,"menu_order":1,"comment_status":"closed","ping_status":"closed","template":"","meta":{"_acf_changed":false,"footnotes":""},"categories":[],"tags":[],"class_list":["post-3206","page","type-page","status-publish","hentry"],"acf":[],"_links":{"self":[{"href":"https:\/\/semmelweis.hu\/fok-tovabbkepzes\/wp-json\/wp\/v2\/pages\/3206","targetHints":{"allow":["GET"]}}],"collection":[{"href":"https:\/\/semmelweis.hu\/fok-tovabbkepzes\/wp-json\/wp\/v2\/pages"}],"about":[{"href":"https:\/\/semmelweis.hu\/fok-tovabbkepzes\/wp-json\/wp\/v2\/types\/page"}],"author":[{"embeddable":true,"href":"https:\/\/semmelweis.hu\/fok-tovabbkepzes\/wp-json\/wp\/v2\/users\/101109"}],"replies":[{"embeddable":true,"href":"https:\/\/semmelweis.hu\/fok-tovabbkepzes\/wp-json\/wp\/v2\/comments?post=3206"}],"version-history":[{"count":12,"href":"https:\/\/semmelweis.hu\/fok-tovabbkepzes\/wp-json\/wp\/v2\/pages\/3206\/revisions"}],"predecessor-version":[{"id":5224,"href":"https:\/\/semmelweis.hu\/fok-tovabbkepzes\/wp-json\/wp\/v2\/pages\/3206\/revisions\/5224"}],"up":[{"embeddable":true,"href":"https:\/\/semmelweis.hu\/fok-tovabbkepzes\/wp-json\/wp\/v2\/pages\/2976"}],"wp:attachment":[{"href":"https:\/\/semmelweis.hu\/fok-tovabbkepzes\/wp-json\/wp\/v2\/media?parent=3206"}],"wp:term":[{"taxonomy":"category","embeddable":true,"href":"https:\/\/semmelweis.hu\/fok-tovabbkepzes\/wp-json\/wp\/v2\/categories?post=3206"},{"taxonomy":"post_tag","embeddable":true,"href":"https:\/\/semmelweis.hu\/fok-tovabbkepzes\/wp-json\/wp\/v2\/tags?post=3206"}],"curies":[{"name":"wp","href":"https:\/\/api.w.org\/{rel}","templated":true}]}}