{"id":2273,"date":"2019-02-02T18:48:06","date_gmt":"2019-02-02T17:48:06","guid":{"rendered":"http:\/\/semmelweis.hu\/fok-tovabbkepzes\/?page_id=2273"},"modified":"2024-06-19T09:28:30","modified_gmt":"2024-06-19T07:28:30","slug":"dento-maxillo-facialis-radiologia-licence-vizsga","status":"publish","type":"page","link":"https:\/\/semmelweis.hu\/fok-tovabbkepzes\/szakfogorvos-kepzes\/dento-maxillo-facialis-radiologia-licence-vizsga\/","title":{"rendered":"Dento-maxillo-faci\u00e1lis radiol\u00f3gia licence k\u00e9pz\u00e9s"},"content":{"rendered":"<p style=\"text-align: center\"><strong>A Dento-maxillo-faci\u00e1lis radiol\u00f3gia specializ\u00e1ci\u00f3s licensz megszerz\u00e9s\u00e9hez sz\u00fcks\u00e9ges tev\u00e9kenys\u00e9gi \u00e9s t\u00e1rgyi felt\u00e9telek<\/strong><\/p>\n<p><strong>A k\u00e9pz\u00e9st fel\u00fcgyel\u0151 gr\u00e9mium:<\/strong><\/p>\n<p>Dento-Maxillo-Faci\u00e1lis Radiol\u00f3gia Gr\u00e9mium<\/p>\n<p>Eln\u00f6k: Prof. Dr. Dob\u00f3 Nagy Csaba<br \/>\nTagok: Dr. Dobai Adrienn \u00e9s Dr. Szab\u00f3 Bence<\/p>\n<p>\n<strong>A k\u00e9pz\u00e9s c\u00e9lja:<\/strong><\/p>\n<p style=\"text-align: justify\">A k\u00e9pz\u00e9s c\u00e9lja olyan specialist\u00e1k k\u00e9pz\u00e9se, akik a fogorvosi KKK-ban meghat\u00e1rozott alapvet\u0151 radiol\u00f3giai diagnosztikai elj\u00e1r\u00e1sok mellett k\u00e9pesek a dento-maxillo-faci\u00e1lis r\u00e9gi\u00f3ban alkalmazott megl\u00e9v\u0151 \u00e9s \u00faj modalit\u00e1sok haszn\u00e1lat\u00e1ra, \u00e9s diagnosztikai tev\u00e9kenys\u00e9g v\u00e9gz\u00e9s\u00e9re. Ezen t\u00fal a licensz megszerz\u00e9se ut\u00e1n az egy\u00e9b felt\u00e9telek teljes\u00edt\u00e9se mellett k\u00e9pesek fogorvosok \u00e9s radiol\u00f3gusok gyakorlati k\u00e9pz\u00e9s\u00e9ben r\u00e9szt venni, felk\u00e9sz\u00edtve \u0151ket a dento-maxillo-faci\u00e1lis radiol\u00f3giai licenszvizsg\u00e1ra. Ezzel a licenszvizsg\u00e1val rendelkez\u0151 specialist\u00e1k nyitottak a technol\u00f3giai fejleszt\u00e9sek gyors k\u00f6vet\u00e9s\u00e9re \u00e9s tud\u00e1sukat a dento-maxillo-faci\u00e1lis betegek magasszint\u0171 ell\u00e1t\u00e1sa \u00e9rdek\u00e9ben fejlesztik.<\/p>\n<p>&nbsp;<\/p>\n<p><strong>A k\u00e9pz\u00e9sben val\u00f3 r\u00e9szv\u00e9telhez sz\u00fcks\u00e9ges k\u00e9pes\u00edt\u00e9s \u00e9s felt\u00e9tel:<\/strong><\/p>\n<ol>\n<li>Konzerv\u00e1l\u00f3 fog\u00e1szat \u00e9s Fogp\u00f3tl\u00e1stan, a Parodontol\u00f3gia, a Gyermekfog\u00e1szat, a Fogszab\u00e1lyoz\u00e1s \u00e9s a Dento-alveol\u00e1ris seb\u00e9szet, Fogp\u00f3tl\u00e1stan \u00e9s Endodoncia szakk\u00e9pes\u00edt\u00e9s valamelyike, vagy<\/li>\n<li>Radiol\u00f3gus szakk\u00e9pes\u00edt\u00e9s<\/li>\n<\/ol>\n<p>&nbsp;<\/p>\n<p><strong>K\u00e9pz\u00e9s id\u0151tartama:<\/strong><\/p>\n<ol>\n<li>Konzerv\u00e1l\u00f3 fog\u00e1szat \u00e9s Fogp\u00f3tl\u00e1stan, a Parodontol\u00f3gia, a Gyermekfog\u00e1szat, a Fogszab\u00e1lyoz\u00e1s \u00e9s a Dento-alveol\u00e1ris seb\u00e9szet, Fogp\u00f3tl\u00e1stan \u00e9s Endodoncia szakk\u00e9pes\u00edt\u00e9s valamelyik\u00e9vel 18 h\u00f3nap.<\/li>\n<li>Radiol\u00f3gus szakk\u00e9pes\u00edt\u00e9ssel 12 h\u00f3nap<\/li>\n<\/ol>\n<p>&nbsp;<\/p>\n<p><strong>A k\u00e9pz\u00e9s szem\u00e9lyi \u00e9s t\u00e1rgyi felt\u00e9telei:<\/strong><\/p>\n<ol>\n<li>DMFR licensszel rendelkez\u0151, \u00e9s legal\u00e1bb 5 \u00e9ve az al\u00e1bbi szakvizsg\u00e1k legal\u00e1bb egyik\u00e9vel rendelkez\u0151 szakorvos: Konzerv\u00e1l\u00f3 fog\u00e1szat \u00e9s Fogp\u00f3tl\u00e1stan, Parodontol\u00f3gia, Gyermekfog\u00e1szat, Fogszab\u00e1lyoz\u00e1s, Dento-alveol\u00e1ris seb\u00e9szet, Fogp\u00f3tl\u00e1stan, Endodoncia<\/li>\n<li>Egyetemi klinik\u00e1k, illetve az MDFRT \u00e1ltal akkredit\u00e1ci\u00f3ra javasolt (\u00c1EEK \u00e1ltal akkredit\u00e1lt) k\u00e9palkot\u00f3 laborat\u00f3riumok.<\/li>\n<\/ol>\n<p><strong>\u00a0<\/strong><\/p>\n<p><strong>K\u00e9pz\u00e9si program:<\/strong><\/p>\n<ol>\n<li>Fogszakorvosok sz\u00e1m\u00e1ra:\n<ol style=\"list-style-type: lower-alpha\">\n<li>Az egyetemek, illetve az Orsz\u00e1gos Onkol\u00f3giai Int\u00e9zet R\u00f6ntgen Diagnosztikai Oszt\u00e1ly\u00e1n MR- \u00e9s CT-laborat\u00f3riumban 4 h\u00f3napos k\u00e9pz\u00e9s.<\/li>\n<li>Az egyetemek Fog\u00e1szati vagy sz\u00e1jseb\u00e9szeti k\u00e9palkot\u00f3 laborat\u00f3riumaiban 10 h\u00f3napos k\u00e9pz\u00e9s.<\/li>\n<li>Az egyetemek Orr-f\u00fcl-g\u00e9ge k\u00e9palkot\u00f3 diagnosztikai laborat\u00f3rium\u00e1ban 2 h\u00f3napos k\u00e9pz\u00e9s.<\/li>\n<li>Nukle\u00e1ris medicina k\u00f6zpontokban 2 hetes k\u00e9pz\u00e9s.<\/li>\n<li>Fej-nyaki ultrahang diagnosztika 2 hetes k\u00e9pz\u00e9s.<\/li>\n<li>Egyetemek, illetve Neuroradiol\u00f3giai T\u00e1rsas\u00e1g \u00e1ltal akkredit\u00e1lt gyakorlati neuroradiol\u00f3gia 30 \u00f3r\u00e1s k\u00e9pz\u00e9s.<\/li>\n<li>A Magyar Dento-maxillo-faci\u00e1lis Radiol\u00f3giai T\u00e1rsas\u00e1g \u00e1ltal akkredit\u00e1lt 60 \u00f3r\u00e1s k\u00e9pz\u00e9s.<\/li>\n<li>Az Orsz\u00e1gos Sug\u00e1rbiol\u00f3giai \u00e9s Sug\u00e1reg\u00e9szs\u00e9g\u00fcgyi Kutat\u00f3 Igazgat\u00f3s\u00e1g \u00e1ltal szervezett \u00e1tfog\u00f3 fokozat\u00fa sug\u00e1rv\u00e9delmi 60 \u00f3r\u00e1s k\u00e9pz\u00e9s.<\/li>\n<\/ol>\n<\/li>\n<li>Radiol\u00f3gus szakorvosok sz\u00e1m\u00e1ra:\n<ol style=\"list-style-type: lower-alpha\">\n<li>Az egyetemek Fog\u00e1szati vagy sz\u00e1jseb\u00e9szeti k\u00e9palkot\u00f3 laborat\u00f3riumaiban 10 h\u00f3napos k\u00e9pz\u00e9s.<\/li>\n<li>Az egyetemek Orr-f\u00fcl-g\u00e9ge k\u00e9palkot\u00f3 diagnosztikai laborat\u00f3rium\u00e1ban 2 h\u00f3napos k\u00e9pz\u00e9s.<\/li>\n<li>A Magyar Dento-maxillo-faci\u00e1lis Radiol\u00f3giai T\u00e1rsas\u00e1g \u00e1ltal akkredit\u00e1lt 60 \u00f3r\u00e1s k\u00e9pz\u00e9s.<\/li>\n<li>Az Orsz\u00e1gos Sug\u00e1rbiol\u00f3giai \u00e9s Sug\u00e1reg\u00e9szs\u00e9g\u00fcgyi Kutat\u00f3 Igazgat\u00f3s\u00e1g \u00e1ltal szervezett \u00e1tfog\u00f3 fokozat\u00fa sug\u00e1rv\u00e9delmi 60 \u00f3r\u00e1s k\u00e9pz\u00e9s.<\/li>\n<\/ol>\n<\/li>\n<\/ol>\n<p><strong>A k\u00e9pz\u00e9s \u00e9s a vizsga szakmai tartalma<\/strong><\/p>\n<ol>\n<li>K\u00e9palkot\u00f3 diagnosztika:\n<ol style=\"list-style-type: lower-alpha\">\n<li>Radiol\u00f3giai elj\u00e1r\u00e1sok gyakorlati ismerete \u00e9s alkalmaz\u00e1sa, amelyet a fog, az \u00e1llcsont \u00e9s arc szerkezet\u00e9nek \u00e9s a l\u00e1gy sz\u00f6veteinek a lek\u00e9pez\u00e9s\u00e9ben haszn\u00e1lnak.<\/li>\n<li>Esetv\u00e1logat\u00e1s, konzult\u00e1ci\u00f3 felt\u00e9telei.<\/li>\n<li>Min\u0151s\u00e9gbiztos\u00edt\u00e1s \u00e9s min\u0151s\u00e9g-ellen\u0151rz\u00e9s.<\/li>\n<li>Digit\u00e1lis k\u00e9palkot\u00e1s \u00e9s k\u00e9pfeldolgoz\u00e1s, PACS, DICOM \u00e9s teleradiol\u00f3gia.<\/li>\n<\/ol>\n<\/li>\n<li>Komputertomogr\u00e1fia:\n<ol style=\"list-style-type: lower-alpha\">\n<li>A CT alapelvei \u00e9s fizik\u00e1ja, bele\u00e9rtve a CBCT-t is.<\/li>\n<li>K\u00e9prekonstrukci\u00f3.<\/li>\n<li>Az effekt\u00edv d\u00f3zist befoly\u00e1sol\u00f3 t\u00e9nyez\u0151k.<\/li>\n<li>Esetv\u00e1logat\u00e1s felt\u00e9telei.<\/li>\n<li>CT-szkennel\u00e9s gyakorlati alkalmaz\u00e1sa a sz\u00e1j \u00e9s maxillo-faci\u00e1lis r\u00e9gi\u00f3ban.<\/li>\n<\/ol>\n<\/li>\n<li>M\u00e1gneses rezonancia k\u00e9palkot\u00e1s:\n<ol style=\"list-style-type: lower-alpha\">\n<li>Az MRI alapelvei \u00e9s fizik\u00e1ja.<\/li>\n<li>Esetv\u00e1logat\u00e1s felt\u00e9telei.<\/li>\n<li>Az MRI gyakorlati alkalmaz\u00e1sa a sz\u00e1j\u00fcregi \u00e9s maxillo-faci\u00e1lis r\u00e9gi\u00f3ban.<\/li>\n<li>Relev\u00e1ns k\u00e9palkot\u00f3 szekvenci\u00e1k haszn\u00e1lata.<\/li>\n<\/ol>\n<\/li>\n<li>Diagnosztikus ultrahang:\n<ol style=\"list-style-type: lower-alpha\">\n<li>Diagnosztikus ultrahang alapelvei \u00e9s fizik\u00e1ja.<\/li>\n<li>Esetv\u00e1logat\u00e1s felt\u00e9telei.<\/li>\n<li>Diagnosztikus ultrahang gyakorlati alkalmaz\u00e1sa a fej-nyak r\u00e9gi\u00f3ban.<\/li>\n<li>Az ultrahangvez\u00e9relt v\u00e9konyt\u0171 aspir\u00e1ci\u00f3s biopszia m\u00f3dszere.<\/li>\n<\/ol>\n<\/li>\n<li>Izot\u00f3pvizsg\u00e1latok, bele\u00e9rtve a SPECT \u00e9s PET m\u00f3dszereket:\n<ol style=\"list-style-type: lower-alpha\">\n<li>Az izot\u00f3pos vizsg\u00e1latok alapelvei.<\/li>\n<\/ol>\n<\/li>\n<li>Ny\u00e1lmirigyek lek\u00e9pez\u00e9se \u00e9s intervenci\u00f3s technik\u00e1k:\n<ol style=\"list-style-type: lower-alpha\">\n<li>Ultrahang<\/li>\n<li>Ny\u00e1lk\u0151-elt\u00e1vol\u00edt\u00e1s \u00e9s ductus t\u00e1g\u00edt\u00e1s m\u00f3dszerei.<\/li>\n<\/ol>\n<\/li>\n<li>K\u00e9palkot\u00e1s:\n<ol style=\"list-style-type: lower-alpha\">\n<li>Intraor\u00e1lis radiogr\u00e1fia.<\/li>\n<li>Ortopantomogr\u00e1f felv\u00e9tel.<\/li>\n<li>Teler\u00f6ntgen k\u00e9sz\u00edt\u00e9s.<\/li>\n<li>Temporo-mandibul\u00e1ris \u00edz\u00fclet lek\u00e9pez\u00e9s.<\/li>\n<li>CBCT lek\u00e9pez\u00e9s.<\/li>\n<li>Gyermekfog\u00e1szati k\u00e9pi diagnosztika.<\/li>\n<li>Id\u0151sek \u00e9s fogyat\u00e9kkal \u00e9l\u0151k lek\u00e9pez\u00e9se.<\/li>\n<\/ol>\n<\/li>\n<li>K\u00e9pelemz\u00e9s:\n<ol style=\"list-style-type: lower-alpha\">\n<li>A fej \u00e9s a nyak \u00e1ltal\u00e1nos r\u00f6ntgenanat\u00f3mi\u00e1j\u00e1nak gyakorlati alkalmaz\u00e1sa.<\/li>\n<li>Az al\u00e1bbiak gyakorlati alkalmaz\u00e1sa a radiol\u00f3giai diagn\u00f3zis sor\u00e1n:\n<ol>\n<li>A fogak, az \u00e1llkapocs \u00e9s az arc r\u00e9gi\u00f3inak fejl\u0151d\u00e9si rendelleness\u00e9gei.<\/li>\n<li>A fogak \u00e9s tart\u00f3sz\u00f6veteinek rendelleness\u00e9gei.<\/li>\n<li>Az arc \u00e9s \u00e1llcsontjait \u00e9rint\u0151 betegs\u00e9gek.<\/li>\n<li>Implant\u00e1ci\u00f3 el\u0151tti \u00e9s ut\u00e1ni ki\u00e9rt\u00e9kel\u00e9s.<\/li>\n<li>A fogak, az \u00e1llcsontok \u00e9s az arccsontok t\u00f6r\u00e9sei \u00e9s traum\u00e1ja.<\/li>\n<li>Paranaz\u00e1lis szinuszok rendelleness\u00e9gei.<\/li>\n<li>Temporomandibularis \u00edz\u00fclet rendelleness\u00e9gei.<\/li>\n<li>Ny\u00e1lmirigyek betegs\u00e9gei.<\/li>\n<li>A l\u00e1gysz\u00f6veteket \u00e9s a nyakat \u00e9rint\u0151 rendelleness\u00e9gek.<\/li>\n<li>Teler\u00f6ntgen-elemz\u00e9s.<\/li>\n<li>Csont\u00e9retts\u00e9g meghat\u00e1roz\u00e1sa.<\/li>\n<li>Az \u00e1ltal\u00e1nos eg\u00e9szs\u00e9gi \u00e1llapot v\u00e1ltoz\u00e1s\u00e1nak felismer\u00e9se.<\/li>\n<\/ol>\n<\/li>\n<\/ol>\n<\/li>\n<\/ol>\n<ol start=\"9\">\n<li>J\u00e1rtass\u00e1g:\n<ol style=\"list-style-type: lower-alpha\">\n<li>Neuroradiol\u00f3gi\u00e1ban.<\/li>\n<li>Nyel\u00e9si \u00e9s besz\u00e9dzavarok funkcion\u00e1lis k\u00e9palkot\u00e1sa.<\/li>\n<li>Kontrasztvizsg\u00e1latok, bele\u00e9rtve az angiogr\u00e1fi\u00e1t.<\/li>\n<li>Egy\u00e9b orvosi k\u00e9palkot\u00f3 technik\u00e1k a nyak \u00e9s fej r\u00e9gi\u00f3ban.<\/li>\n<\/ol>\n<\/li>\n<\/ol>\n<p>&nbsp;<\/p>\n<p><strong>A vizsg\u00e1ra bocs\u00e1t\u00e1s felt\u00e9telei:<\/strong><\/p>\n<ol>\n<li style=\"text-align: justify\">A fogszakorvosok vagy a radiol\u00f3gus szakorvosok sz\u00e1m\u00e1ra el\u0151\u00edrt tov\u00e1bbk\u00e9pz\u00e9sek teljes\u00edt\u00e9se.<\/li>\n<li style=\"text-align: justify\">Licensz vizsg\u00e1val rendelkez\u0151 tutor fel\u00fcgyelete alatt \u00f6n\u00e1ll\u00f3an v\u00e9gzett \u00e9s dokument\u00e1lt 500 intraor\u00e1lis felv\u00e9tel,100 panor\u00e1ma felv\u00e9tel ki\u00e9rt\u00e9kel\u00e9se, 50 CBCT leletez\u00e9se, 10-10 TMI, ny\u00e1lmirigy, implant\u00e1tum-tervez\u00e9s, teler\u00f6ntgen ki\u00e9rt\u00e9kel\u00e9s, fej-nyak tumor \u00e9s trauma esetbemutat\u00e1s.<\/li>\n<\/ol>\n<p>&nbsp;<\/p>\n<p><strong>A megszerezhet\u0151 k\u00e9pz\u00e9s birtok\u00e1ban v\u00e9gezhet\u0151 szakmai tev\u00e9kenys\u00e9g:<\/strong><\/p>\n<p style=\"text-align: justify\">A dento-maxillo-faci\u00e1lis r\u00e9gi\u00f3 diagnosztikus \u00e9s sz\u0171r\u0151 k\u00e9palkot\u00f3 vizsg\u00e1latainak v\u00e9gz\u00e9se, leletez\u00e9se. Az MR k\u00e9palkot\u00f3 eset\u00e9n pedig m\u00e1sodleletez\u0151k\u00e9nt a dento-maxillo-faci\u00e1lis r\u00e9gi\u00f3 k\u00e9pi diagnosztik\u00e1ban j\u00e1rtas szak\u00e9rt\u0151k\u00e9nt m\u0171k\u00f6dhet k\u00f6zre. A DMFR k\u00e9palkot\u00f3k szakmai fel\u00fcgyelete.<\/p>\n<p>&nbsp;<\/p>\n<p><strong>A dento-maxillo-faci\u00e1lis radiol\u00f3gus attit\u0171dje:<\/strong><\/p>\n<p>Folyamatosan tov\u00e1bbfejleszti gyakorlati \u00e9s elm\u00e9leti tud\u00e1s\u00e1t.<\/p>\n<p>&nbsp;<\/p>\n<p><strong>A dento-maxillo-faci\u00e1lis radiol\u00f3gus auton\u00f3mi\u00e1ja \u00e9s felel\u0151ss\u00e9ge:<\/strong><\/p>\n<p style=\"text-align: justify\">Alkalmas arra, hogy a dento-maxillo-faci\u00e1lis radiol\u00f3gia ter\u00fclet\u00e9n speci\u00e1lis k\u00e9palkot\u00f3i diagnosztikai tev\u00e9kenys\u00e9get folytasson teljes \u00f6n\u00e1ll\u00f3s\u00e1ggal, teljes kompetenci\u00e1val \u00e9s felel\u0151ss\u00e9ggel k\u00e9tdimenzi\u00f3s intra \u00e9s extraor\u00e1lis r\u00f6ntgenfelv\u00e9tel, CT, CBCT \u00e9s UH modalit\u00e1sok eset\u00e9n, tov\u00e1bb\u00e1 m\u00e1sodleletez\u0151k\u00e9nt az MR modalit\u00e1s eset\u00e9ben.<\/p>\n<p>&nbsp;<\/p>\n<p><strong>A gyakorlati k\u00e9pz\u0151helyek k\u00f6vetelm\u00e9nyeinek meghat\u00e1roz\u00e1sa:<\/strong><\/p>\n<p style=\"text-align: justify\">A szakk\u00e9pz\u00e9si blokkok akkredit\u00e1lt k\u00e9pz\u0151helyen teljes\u00edthet\u0151k, melyeknek meg kell felelni \u201eA k\u00e9pz\u00e9s szem\u00e9lyi \u00e9s t\u00e1rgyi felt\u00e9telei\u201d pontban le\u00edrt szem\u00e9lyi \u00e9s t\u00e1rgyi felt\u00e9teleknek.<\/p>\n<p>&nbsp;<\/p>\n<p><strong>A Semmelweis Egyetem Szakfogorvos Szakk\u00e9pz\u00e9si Gr\u00e9miuma \u00e1ltal akkredit\u00e1lt k\u00e9pz\u0151helyek list\u00e1ja:<\/strong><\/p>\n<p>Semmelweis Egyetem, Fogorvostudom\u00e1nyi Kar &#8211; Or\u00e1lis Diagnosztikai Tansz\u00e9k (<a href=\"https:\/\/semmelweis.hu\/fok-tovabbkepzes\/files\/2020\/10\/OD-DMFR.pdf\" target=\"_blank\" rel=\"noopener noreferrer\">pdf<\/a>)<\/p>\n<p>&nbsp;<\/p>\n<p><strong>Jelentkez\u00e9s m\u00f3dja:<\/p>\n<p><\/strong>Jelentkezni a <a href=\"mailto:nagy-pal.orsolya@semmelweis.hu\">nagy-pal.orsolya@semmelweis.hu<\/a> c\u00edmre bek\u00fcld\u00f6tt <a href=\"https:\/\/semmelweis.hu\/fok-tovabbkepzes\/files\/2019\/06\/JELENTKEZ\u00c9SI-LAP-DMFR-2019.pdf\" target=\"_blank\" rel=\"noopener noreferrer\">Jelentkez\u00e9si lap<\/a>pal lehets\u00e9ges.<\/p>\n<p><a href=\"https:\/\/semmelweis.hu\/fok-tovabbkepzes\/files\/2023\/01\/adatlap-szamlaigenyleshez-DMFR.pdf\">Adatlap sz\u00e1mlaig\u00e9nyl\u00e9shez<\/a><\/p>\n<p>Budapest, 2018. szeptember 30.<\/p>\n<p>&nbsp;<\/p>\n<p>Prof. Dr. Dob\u00f3 Nagy Csaba<\/p>\n<p>eln\u00f6k<\/p>\n<p>Magyar Dento-Maxillo-Faci\u00e1lis Radiol\u00f3giai T\u00e1rsas\u00e1g<\/p>\n","protected":false},"excerpt":{"rendered":"<p>A Dento-maxillo-faci\u00e1lis radiol\u00f3gia specializ\u00e1ci\u00f3s licensz megszerz\u00e9s\u00e9hez sz\u00fcks\u00e9ges tev\u00e9kenys\u00e9gi \u00e9s t\u00e1rgyi felt\u00e9telek A k\u00e9pz\u00e9st fel\u00fcgyel\u0151 gr\u00e9mium: Dento-Maxillo-Faci\u00e1lis Radiol\u00f3gia Gr\u00e9mium Eln\u00f6k: Prof. Dr. Dob\u00f3 Nagy Csaba Tagok: Dr. Dobai Adrienn \u00e9s Dr. Szab\u00f3 Bence A k\u00e9pz\u00e9s c\u00e9lja: A k\u00e9pz\u00e9s c\u00e9lja olyan specialist\u00e1k k\u00e9pz\u00e9se, akik a fogorvosi KKK-ban meghat\u00e1rozott alapvet\u0151 radiol\u00f3giai diagnosztikai elj\u00e1r\u00e1sok mellett k\u00e9pesek a dento-maxillo-faci\u00e1lis r\u00e9gi\u00f3ban &hellip;<\/p>\n","protected":false},"author":101109,"featured_media":0,"parent":5067,"menu_order":6,"comment_status":"closed","ping_status":"closed","template":"","meta":{"_acf_changed":false,"footnotes":""},"categories":[],"tags":[],"class_list":["post-2273","page","type-page","status-publish","hentry"],"acf":[],"_links":{"self":[{"href":"https:\/\/semmelweis.hu\/fok-tovabbkepzes\/wp-json\/wp\/v2\/pages\/2273","targetHints":{"allow":["GET"]}}],"collection":[{"href":"https:\/\/semmelweis.hu\/fok-tovabbkepzes\/wp-json\/wp\/v2\/pages"}],"about":[{"href":"https:\/\/semmelweis.hu\/fok-tovabbkepzes\/wp-json\/wp\/v2\/types\/page"}],"author":[{"embeddable":true,"href":"https:\/\/semmelweis.hu\/fok-tovabbkepzes\/wp-json\/wp\/v2\/users\/101109"}],"replies":[{"embeddable":true,"href":"https:\/\/semmelweis.hu\/fok-tovabbkepzes\/wp-json\/wp\/v2\/comments?post=2273"}],"version-history":[{"count":11,"href":"https:\/\/semmelweis.hu\/fok-tovabbkepzes\/wp-json\/wp\/v2\/pages\/2273\/revisions"}],"predecessor-version":[{"id":4879,"href":"https:\/\/semmelweis.hu\/fok-tovabbkepzes\/wp-json\/wp\/v2\/pages\/2273\/revisions\/4879"}],"up":[{"embeddable":true,"href":"https:\/\/semmelweis.hu\/fok-tovabbkepzes\/wp-json\/wp\/v2\/pages\/5067"}],"wp:attachment":[{"href":"https:\/\/semmelweis.hu\/fok-tovabbkepzes\/wp-json\/wp\/v2\/media?parent=2273"}],"wp:term":[{"taxonomy":"category","embeddable":true,"href":"https:\/\/semmelweis.hu\/fok-tovabbkepzes\/wp-json\/wp\/v2\/categories?post=2273"},{"taxonomy":"post_tag","embeddable":true,"href":"https:\/\/semmelweis.hu\/fok-tovabbkepzes\/wp-json\/wp\/v2\/tags?post=2273"}],"curies":[{"name":"wp","href":"https:\/\/api.w.org\/{rel}","templated":true}]}}