{"id":13,"date":"2012-06-20T09:17:53","date_gmt":"2012-06-20T09:17:53","guid":{"rendered":"http:\/\/semmelweis-egyetem.hu\/fok-tovabbkepzes\/?page_id=13"},"modified":"2024-06-17T10:14:25","modified_gmt":"2024-06-17T08:14:25","slug":"szakorvos-kepzohelyek","status":"publish","type":"page","link":"https:\/\/semmelweis.hu\/fok-tovabbkepzes\/szakorvos-kepzohelyek\/","title":{"rendered":"Akkredit\u00e1ci\u00f3"},"content":{"rendered":"<p style=\"text-align: justify\"><div class=\"responsive-tabs\">\n<h2 class=\"tabtitle\">Szakk\u00e9pz\u0151helyek<\/h2>\n<div class=\"tabcontent\">\n<\/p>\n<p style=\"text-align: justify\">A szakk\u00e9pz\u00e9s \u00e9s a szakir\u00e1nyok t\u00f6rv\u00e9nym\u00f3dos\u00edt\u00e1sa ok\u00e1n, a szakk\u00e9pz\u0151helyeket az \u00faj strukt\u00far\u00e1nak megfelel\u0151en is akkredit\u00e1lni sz\u00fcks\u00e9ges, amennyiben 2024.09.01.-t\u0151l szakfogorvos-jel\u00f6ltet szeretne fogadni. A k\u00fcls\u0151 k\u00f6lts\u00e9gt\u00e9r\u00edt\u00e9ses k\u00e9pz\u00e9s\u00fcnkre t\u00f6rt\u00e9n\u0151 jelentkez\u00e9s v\u00e9g\u00e9re a jel\u00f6ltnek rendelkeznie kell olyan rendel\u0151i h\u00e1tt\u00e9rrel, amely m\u00e1r beny\u00fajtotta az \u00faj akkredit\u00e1ci\u00f3s p\u00e1ly\u00e1zat\u00e1t.<\/p>\n<p>Az I. p\u00e1ly\u00e1zati id\u0151szakunk v\u00e9ge a k\u00fcls\u0151 k\u00f6lts\u00e9gt\u00e9r\u00edt\u00e9ses k\u00e9pz\u00e9s tekintet\u00e9ben: 2024.08.25. 23:59 \u00f3ra, azaz eddig az id\u0151pontig sz\u00fcks\u00e9ges \u00d6nnek is, amennyiben szakk\u00e9pz\u0151hely szeretne lenni\/maradni, az akkredit\u00e1ci\u00f3s p\u00e1ly\u00e1zat\u00e1t beny\u00fajtania a RENY port\u00e1lon.<\/p>\n<p>A p\u00e1ly\u00e1zat el\u0151k\u00e9sz\u00edt\u00e9se sor\u00e1n fontos kiemelni, hogy NE meg\u00faj\u00edt\u00f3 p\u00e1ly\u00e1zatot kezdjen el kit\u00f6lteni, mert egy informatikai hiba miatt az \u00edgy k\u00e9sz\u00fclt p\u00e1ly\u00e1zatok hib\u00e1ra futnak, minden esetben az akkredit\u00e1ci\u00f3\/akkredit\u00e1ci\u00f3s p\u00e1ly\u00e1zatok men\u00fc pont alatt kell egy \u00faj, a v\u00e1lasztott szakir\u00e1nynak megfelel\u0151 adatlapot l\u00e9trehozni.<\/p>\n<p>Az akkredit\u00e1ci\u00f3 d\u00edja v\u00e1ltozatlanul 30.000 Ft.<\/p>\n<p style=\"text-align: center\"><strong><span style=\"color: #ff0000\">Felh\u00edvjuk sz\u00edves figyelm\u00fcket, hogy a Szakfogorvos Szakk\u00e9pz\u00e9si Gr\u00e9mium \u00e1ltal az Orsz\u00e1gos K\u00f3rh\u00e1zi F\u0151igazgat\u00f3s\u00e1ghoz tov\u00e1bb\u00edtott akkredit\u00e1ci\u00f3s p\u00e1ly\u00e1zatok j\u00f3v\u00e1hagy\u00e1sa t\u00f6bb h\u00f3napig is eltarthat.<\/span><\/strong><\/p>\n<p style=\"text-align: center\"><strong>A szakk\u00e9pz\u0151 helly\u00e9 min\u0151s\u00edt\u00e9s felt\u00e9telei<\/strong><br \/>\n<strong>(16\/2010. (IV.15) E\u00fcM rendelet 3. sz\u00e1m\u00fa mell\u00e9klete)<\/strong><\/p>\n<p>A szakk\u00e9pz\u0151 helly\u00e9 min\u0151s\u00edt\u00e9s felt\u00e9telei-2024.03.01.-t\u0151l:<\/p>\n<p style=\"text-align: justify\">Az eg\u00e9szs\u00e9g\u00fcgyi szolg\u00e1ltat\u00e1st v\u00e9gz\u0151 int\u00e9zm\u00e9nyek, azok oszt\u00e1lyai vagy r\u00e9szlegei szakk\u00e9pz\u0151 helly\u00e9 min\u0151s\u00edt\u00e9se a k\u00f6vetkez\u0151 szempontok alapj\u00e1n t\u00f6rt\u00e9nik:<\/p>\n<p style=\"text-align: justify\">A szakk\u00e9pz\u0151 helly\u00e9 min\u0151s\u00edt\u00e9s felt\u00e9telei<br \/>\n1. Az akkredit\u00e1ci\u00f3s k\u00e9relmet beny\u00fajt\u00f3 int\u00e9zm\u00e9nyek, azok oszt\u00e1lyai vagy r\u00e9szlegei szakk\u00e9pz\u0151 helly\u00e9 min\u0151s\u00edt\u00e9se a k\u00f6vetkez\u0151 szempontok alapj\u00e1n t\u00f6rt\u00e9nik:<br \/>\n1.1. ahol a szakk\u00e9pz\u00e9st vezet\u0151 oktat\u00f3 az adott szakter\u00fcleten legal\u00e1bb 5 \u00e9ve megszerzett szakk\u00e9pes\u00edt\u00e9ssel rendelkezik;<br \/>\n1.2. amely a betegforgalmi \u00e9s beteg\u00f6sszet\u00e9teli adatok alapj\u00e1n alkalmas a szakk\u00e9pz\u00e9si program egyes elemeinek oktat\u00e1s\u00e1ra;<br \/>\n1.3. ahol a szakma m\u0171vel\u00e9s\u00e9hez sz\u00fcks\u00e9ges kapcsol\u00f3d\u00f3 szakter\u00fcletek \u00e9s diagnosztikai r\u00e9szlegek az oktatott ter\u00fclet k\u00edv\u00e1nalmainak megfelel\u0151en rendelkez\u00e9sre \u00e1llnak;<br \/>\n1.4. amely rendelkezik bels\u0151 min\u0151s\u00e9gbiztos\u00edt\u00e1si rendszerrel;<br \/>\n1.5. ahol az adott szakter\u00fcletre vonatkoz\u00f3 hazai \u00e9s nemzetk\u00f6zi irodalom, tov\u00e1bb\u00e1 a sz\u00fcks\u00e9ges oktat\u00e1si infrastrukt\u00fara a jel\u00f6lt sz\u00e1m\u00e1ra hozz\u00e1f\u00e9rhet\u0151 m\u00f3don rendelkez\u00e9sre \u00e1ll.<\/p>\n<p style=\"text-align: justify\">2. Egy\u00e9ni praxisban t\u00f6rt\u00e9n\u0151 r\u00e9szk\u00e9pz\u00e9s eset\u00e9n:<br \/>\n2.1. ahol a szakk\u00e9pz\u00e9st vezet\u0151 oktat\u00f3 az adott szakter\u00fcleten legal\u00e1bb 5 \u00e9ve megszerzett szakk\u00e9pes\u00edt\u00e9ssel rendelkezik;<br \/>\n2.2. amely a betegforgalmi \u00e9s beteg\u00f6sszet\u00e9teli adatok alapj\u00e1n alkalmas a szakk\u00e9pz\u00e9si program egyes elemeinek oktat\u00e1s\u00e1ra;<br \/>\n2.3. amely rendelkezik bels\u0151 min\u0151s\u00e9gbiztos\u00edt\u00e1si rendszerrel; valamint<br \/>\n2.4. ahol az oktat\u00f3 \u00e9s az egyetem k\u00f6z\u00f6tt rendszeres szakmai kapcsolat \u00e1ll fenn.<br \/>\n3. Az 1.1. \u00e9s 2.1. pontban foglalt rendelkez\u00e9seket a szakk\u00e9pz\u00e9s bevezet\u00e9s\u00e9t\u0151l sz\u00e1m\u00edtott 8. \u00e9v eltelt\u00e9t k\u00f6vet\u0151en kell alkalmazni, azzal, hogy ezen id\u0151pontig is a szakk\u00e9pz\u00e9st vezet\u0151 \u00e9s v\u00e9gz\u0151 oktat\u00f3nak megfelel\u0151 szakk\u00e9pes\u00edt\u00e9ssel rendelkeznie kell.<br \/>\n4. Az 1.1. pontban foglalt rendelkez\u00e9st\u0151l \u2013 az illet\u00e9kes gr\u00e9miumvezet\u0151 szakmai indokol\u00e1st tartalmaz\u00f3 javaslat\u00e1ra \u2013 abban az esetben lehet elt\u00e9rni, ha az adott szakk\u00e9pes\u00edt\u00e9sben val\u00f3 kiemelked\u0151 j\u00e1rtass\u00e1g\u00e1t a szakk\u00e9pz\u00e9st vezet\u0151 oktat\u00f3 igazolja, tov\u00e1bb\u00e1 olyan v\u00e9gzetts\u00e9ggel rendelkezik, amely alkalmass\u00e1 teszi az akkredit\u00e1land\u00f3 szakk\u00e9pz\u00e9s vezet\u00e9s\u00e9re, \u00e9s indokolt esetben ezt az OKF\u0150 \u00e1ltal felk\u00e9rt szak\u00e9rt\u0151 is t\u00e1mogatja.<\/p>\n<p style=\"text-align: justify\">Felh\u00edvjuk figyelm\u00fcket, hogy a k\u00e9pz\u00e9sben r\u00e9szt vev\u0151 int\u00e9zm\u00e9nyekt\u0151l elv\u00e1rhat\u00f3, hogy ismerj\u00e9k a k\u00e9pz\u00e9sre vonatkoz\u00f3 jogszab\u00e1lyokat \u00e9s nyomon k\u00f6vess\u00e9k az akkredit\u00e1ci\u00f3juk alakul\u00e1s\u00e1t, valamint csak abban az esetben fogadjanak szakfogorvos-jel\u00f6ltet, amennyiben akkredit\u00e1ci\u00f3val rendelkeznek. Ennek megfelel\u0151en, amennyiben a szakk\u00e9pz\u00e9sben r\u00e9szt k\u00edv\u00e1nnak venni, a k\u00e9pz\u0151helyi akkredit\u00e1ci\u00f3juk meg\u00faj\u00edt\u00e1s\u00e1t a lej\u00e1ratkor halad\u00e9ktalanul \u00e9s minden olyan modulra tekintettel, amelyre n\u00e9zve a szem\u00e9lyi-t\u00e1rgyi felt\u00e9telekkel rendelkeznek, kezdem\u00e9nyezz\u00e9k, valamint a szem\u00e9lyi-t\u00e1rgyi felt\u00e9telekben bek\u00f6vetkezett v\u00e1ltoz\u00e1st azt k\u00f6vet\u0151en 15 napon bel\u00fcl jelezz\u00e9k (ahogyan ez az akkredit\u00e1ci\u00f3s hat\u00e1rozatban is minden esetben szerepel).<\/p>\n<p>Akkredit\u00e1lt k\u00e9pz\u0151helyek list\u00e1ja a www.reny.hu port\u00e1lon \u00e9rhet\u0151 el<\/p>\n<p style=\"text-align: justify\"><strong>Szakir\u00e1nyonk\u00e9nti r\u00e9szletez\u00e9s:<\/strong><\/p>\n<ul style=\"text-align: justify\">\n<li><a href=\"https:\/\/semmelweis.hu\/fok-tovabbkepzes\/files\/2017\/02\/Dento-alveol\u00e1ris-seb\u00e9szet2017.pdf\">Dentoalveol\u00e1ris seb\u00e9szet (pdf)\u00a0<\/a><\/li>\n<li><a href=\"https:\/\/semmelweis.hu\/fok-tovabbkepzes\/files\/2019\/02\/Akkredit\u00e1ci\u00f3-felt\u00e9telei-Endodontia.pdf\">Endodontia (pdf)<\/a><\/li>\n<li><a href=\"https:\/\/semmelweis.hu\/fok-tovabbkepzes\/files\/2019\/02\/Akkredit\u00e1ci\u00f3-felt\u00e9telei-Fogp\u00f3tl\u00e1stan.pdf\">Fogp\u00f3tl\u00e1stan (pdf)<\/a><\/li>\n<li><a href=\"https:\/\/semmelweis.hu\/fok-tovabbkepzes\/files\/2017\/02\/Fogszab\u00e1lyoz\u00e1s2017.pdf\">Fogszab\u00e1lyoz\u00e1s (pdf)<\/a><\/li>\n<li><a href=\"https:\/\/semmelweis.hu\/fok-tovabbkepzes\/files\/2017\/02\/Gyermekfog\u00e1szat2017.pdf\">Gyermekfog\u00e1szat (pdf)<\/a><\/li>\n<li><a href=\"https:\/\/semmelweis.hu\/fok-tovabbkepzes\/files\/2017\/02\/Konzerv\u00e1l\u00f3-fog\u00e1szat-\u00e9s-fogp\u00f3tl\u00e1stan2017.pdf\">Konzerv\u00e1l\u00f3 fog\u00e1szat \u00e9s fogp\u00f3tl\u00e1stan (pdf)<\/a><\/li>\n<li><a href=\"https:\/\/semmelweis.hu\/fok-tovabbkepzes\/files\/2017\/02\/Parodontol\u00f3gia2017.pdf\">Parodontol\u00f3gia (pdf)<\/a><\/li>\n<\/ul>\n<p style=\"text-align: justify\"><strong>Tov\u00e1bbi inform\u00e1ci\u00f3k:<\/strong><\/p>\n<ul style=\"text-align: justify\">\n<li>Akkredit\u00e1lt k\u00e9pz\u0151helyek list\u00e1ja (www.reny.hu)<\/li>\n<li><a href=\"https:\/\/semmelweis.hu\/fok-tovabbkepzes\/fogpotlastan-es-endodontia\/rendelo-akkreditacio\/\">Fogp\u00f3tl\u00e1stan\/Endodontia szakir\u00e1nyra k\u00e9rt akkredit\u00e1ci\u00f3 (pdf)<\/a><\/li>\n<li><a href=\"https:\/\/semmelweis.hu\/fok-tovabbkepzes\/files\/2020\/03\/138535-Gr\u00e9miumi-HAT\u00c1ROZAT-M\u00d3DOS\u00cdT\u00c1S-Preambulum-2019-12-01-1.pdf\">Hat\u00e1rozat 250\/2017. (IX.5.) Korm. rendelet 68.\u00a7 b). pontj\u00e1nak alkalmaz\u00e1s\u00e1r\u00f3l (pdf)<\/a>\u00a0<\/li>\n<li><a href=\"https:\/\/semmelweis.hu\/fok-tovabbkepzes\/9811-fosztt-2023-szak-es-tovabbkepzesi-titkarsag-eljarasi-dijai\/\">Gr\u00e9miumi Hat\u00e1rozat elj\u00e1r\u00e1si d\u00edjakr\u00f3l (pdf)<\/a><\/li>\n<li><a href=\"https:\/\/semmelweis.hu\/fok-tovabbkepzes\/files\/2020\/04\/Tutor-feladatai.pdf\">Tutor feladatai (pdf)<\/a><\/li>\n<\/ul>\n<p style=\"text-align: justify\">\n<\/div><h2 class=\"tabtitle\">Akkredit\u00e1ci\u00f3s elj\u00e1r\u00e1s<\/h2>\n<div class=\"tabcontent\">\n<\/p>\n<h2 style=\"text-align: justify\">Akkredit\u00e1ci\u00f3s elj\u00e1r\u00e1s<\/h2>\n<p style=\"text-align: center\"><strong><span style=\"color: #ff0000\">Felh\u00edvjuk sz\u00edves figyelm\u00fcket, hogy a Szakfogorvos Szakk\u00e9pz\u00e9si Gr\u00e9mium \u00e1ltal az Orsz\u00e1gos K\u00f3rh\u00e1zi F\u0151igazgat\u00f3s\u00e1ghoz tov\u00e1bb\u00edtott akkredit\u00e1ci\u00f3s p\u00e1ly\u00e1zatok j\u00f3v\u00e1hagy\u00e1sa t\u00f6bb h\u00f3napig is eltarthat.<\/span><\/strong><\/p>\n<p style=\"text-align: justify\">A 2017. szeptember 5-\u00e9n kelt\u00a0<a href=\"https:\/\/semmelweis.hu\/fok-tovabbkepzes\/files\/2017\/09\/D%C3%A9k%C3%A1ni-utas%C3%ADt%C3%A1s-akkredit%C3%A1ci%C3%B3s-elj%C3%A1r%C3%A1s-.pdf\">D\u00e9k\u00e1ni utas\u00edt\u00e1s<\/a>\u00a0alapj\u00e1n 2017. szeptember 1-t\u0151l az akkredit\u00e1ci\u00f3s k\u00e9relmek beny\u00fajt\u00e1s\u00e1t kiz\u00e1r\u00f3lag a RENY port\u00e1lon kereszt\u00fcl tehetik meg.<\/p>\n<p style=\"text-align: justify\">A port\u00e1l el\u00e9rhet\u0151s\u00e9ge:<\/p>\n<p style=\"text-align: justify\"><a href=\"http:\/\/www.reny.hu\/\">www.reny.hu<\/a><\/p>\n<p style=\"text-align: justify\">K\u00e9rj\u00fck, hogy mint \u201eE\u00fc. szolg\u00e1ltat\u00f3\u201d regisztr\u00e1ljanak a fel\u00fcleten.<\/p>\n<p style=\"text-align: justify\">A valid\u00e1l\u00f3 egyetem men\u00fcpontban a Semmelweis Egyetem Fogorvostudom\u00e1nyi Kart kell kiv\u00e1lasztani.<\/p>\n<p style=\"text-align: justify\">A p\u00e1ly\u00e1zathoz k\u00f6telez\u0151en felt\u00f6ltend\u0151 mell\u00e9klet az int\u00e9zm\u00e9ny (rendel\u0151) aktu\u00e1lis \u00c1NTSZ m\u0171k\u00f6d\u00e9si enged\u00e9ly\u00e9nek m\u00e1solata<\/p>\n<p style=\"text-align: justify\">Az elj\u00e1r\u00e1si d\u00edj 30.000-Ft.\u00a0<\/p>\n<p>Kapcsolattart\u00f3: Nagy-P\u00e1l Orsolya (<a href=\"mailto:nagy-pal.orsolya@semmelweis.hu\">nagy-pal.orsolya@semmelweis.hu<\/a>)<\/p>\n<p style=\"text-align: justify\">\u00a0<\/p>\n<p style=\"text-align: justify\">\n<\/div><h2 class=\"tabtitle\">Endodontia\/Fogp\u00f3tl\u00e1stan<\/h2>\n<div class=\"tabcontent\">\n<\/p>\n<h2 style=\"text-align: justify\">Endodontia\/Fogp\u00f3tl\u00e1stan<\/h2>\n<p style=\"text-align: justify\"><strong><span style=\"color: #ff0000\">HAT\u00c1RID\u0150<\/span><\/strong><\/p>\n<p style=\"text-align: justify\">T\u00e1j\u00e9koztatjuk, hogy <strong>Konzerv\u00e1l\u00f3 fog\u00e1szat \u00e9s fogp\u00f3tl\u00e1stan<\/strong> szakvizsg\u00e1val <strong>tutori feladatot<\/strong> ell\u00e1tni <em>Fogp\u00f3tl\u00e1stan\/Endodontia<\/em> szakir\u00e1nyokon <strong>2022. december 31<\/strong>-ig lehet. <span style=\"color: #ff0000\"><strong>2023. janu\u00e1r 1<\/strong><\/span>-t\u0151l az \u00faj szakir\u00e1nyokon t\u00f6rt\u00e9n\u0151 tutori fel\u00fcgyelet ell\u00e1t\u00e1s\u00e1nak m\u00e1r felt\u00e9tele szakir\u00e1ny\u00fa szakvizsga megl\u00e9te.<\/p>\n<p style=\"text-align: justify\">Azok a &#8211; m\u00e1r zajl\u00f3 &#8211; Fogp\u00f3tl\u00e1stan\/Endodontia szakir\u00e1ny\u00fa rendel\u0151 akkredit\u00e1ci\u00f3k, melyek nem felelnek meg a fenti k\u00f6vetelm\u00e9nynek, <em>nem vesz\u00edtik el \u00e9rv\u00e9nyess\u00e9g\u00fcket, <\/em>\u00e1m meghosszabb\u00edt\u00e1sukra nem lesz m\u00f3d.<\/p>\n<p style=\"text-align: justify\">Amennyiben a j\u00f6v\u0151ben is tervezik az \u00faj szakir\u00e1nyokon k\u00e9pz\u00e9s fel\u00fcgyelet\u00e9t megl\u00e9v\u0151 akkredit\u00e1ci\u00f3juk megszak\u00edt\u00e1sa n\u00e9lk\u00fcl (hosszabb\u00edt\u00e1ssal), \u00fagy a szakir\u00e1nynak megfelel\u0151 szakvizsga megszerz\u00e9s\u00e9hez vezet\u0151 12 h\u00f3napos k\u00e9pz\u00e9st a tutori fel\u00fcgyeletet ell\u00e1t\u00f3 Konzerv\u00e1l\u00f3 fog\u00e1szat \u00e9s fogp\u00f3tl\u00e1stan szakvizsg\u00e1val rendelkez\u0151 koll\u00e9g\u00e1nak<strong> 2021. szeptember\u00e9ig sz\u00fcks\u00e9ges megkezdenie<\/strong>.<\/p>\n<p style=\"text-align: justify\">A k\u00e9pz\u00e9sr\u0151l b\u0151vebb inform\u00e1ci\u00f3 az al\u00e1bbi linken tal\u00e1lhat\u00f3:<\/p>\n<p style=\"text-align: justify\"><a href=\"https:\/\/semmelweis.hu\/fok-tovabbkepzes\/szakkepzes\/12-honapos-kepzes\/\">https:\/\/semmelweis.hu\/fok-tovabbkepzes\/szakkepzes\/12-honapos-kepzes\/<\/a><\/p>\n<p style=\"text-align: justify\"><strong>Fogp\u00f3tl\u00e1stan\/Endodontia szakir\u00e1nyra beny\u00fajtott rendel\u0151 akkredit\u00e1ci\u00f3s k\u00e9relem<\/strong><\/p>\n<p style=\"text-align: justify\"><strong>\u00c1ltal\u00e1nos tudnival\u00f3k<\/strong><\/p>\n<p style=\"text-align: justify\">Az \u00faj szakir\u00e1nyok valamelyik\u00e9re t\u00f6rt\u00e9n\u0151 akkredit\u00e1ci\u00f3 felt\u00e9tele, hogy a rendel\u0151 Konzerv\u00e1l\u00f3 fog\u00e1szat \u00e9s fogp\u00f3tl\u00e1stan szakir\u00e1nyra akkredit\u00e1lt, vagy akkredit\u00e1lhat\u00f3 legyen. Tov\u00e1bb\u00e1 a k\u00e9pz\u0151hely \u00fczemeltet\u0151je\/tutor\u00a0Nyilatkozatban v\u00e1llalja, hogy a Magyar Endodontiai T\u00e1rsas\u00e1g \u00e9s a Magyar Fogp\u00f3tl\u00e1stani T\u00e1rsas\u00e1g \u00e1ltal meghat\u00e1rozott \u00fagynevezett \u201ctev\u00e9kenys\u00e9gi list\u00e1ban\u201d meghat\u00e1rozott beavatkoz\u00e1sok k\u00e9pz\u00e9s\u00e9t v\u00e1llalja. Ezen tev\u00e9kenys\u00e9gekhez nem lesznek k\u00f6telez\u0151en el\u0151\u00edrt esetsz\u00e1mok, a beavatkoz\u00e1s elsaj\u00e1t\u00edt\u00e1sa a c\u00e9l. Az akkredit\u00e1ci\u00f3 t\u00e1rgyi felt\u00e9tele a \u201ctev\u00e9kenys\u00e9gi list\u00e1ban\u201d meghat\u00e1rozott beavatkoz\u00e1sokhoz sz\u00fcks\u00e9ges eszk\u00f6z\u00f6k megl\u00e9te, biztos\u00edt\u00e1sa. Amennyiben egy k\u00e9pz\u0151hely nem tudja v\u00e1llalni az \u00f6sszes felsorolt beavatkoz\u00e1s elv\u00e9gz\u00e9s\u00e9t, oktat\u00e1s\u00e1t \u00e9s k\u00e9pz\u00e9s\u00e9t, akkor a jel\u00f6lt a k\u00e9pz\u00e9s hi\u00e1nyz\u00f3 elem\u00e9t m\u00e1sik szakk\u00e9pz\u0151helyen teljes\u00edtheti.<\/p>\n<ul style=\"text-align: justify\">\n<li>Rendel\u0151 akkredit\u00e1ci\u00f3 \u2013 kezd\u0151 l\u00e9p\u00e9sek (pdf)<\/li>\n<li><a href=\"https:\/\/semmelweis.hu\/fok-tovabbkepzes\/files\/2018\/10\/Nyilatkozat-Akkredita%CC%81cio%CC%81hoz-1.pdf\">Nyilatkozat (pdf)<\/a><\/li>\n<\/ul>\n<p style=\"text-align: justify\"><\/div><\/div><\/p>\n","protected":false},"excerpt":{"rendered":"<p>A szakk\u00e9pz\u00e9s \u00e9s a szakir\u00e1nyok t\u00f6rv\u00e9nym\u00f3dos\u00edt\u00e1sa ok\u00e1n, a szakk\u00e9pz\u0151helyeket az \u00faj strukt\u00far\u00e1nak megfelel\u0151en is akkredit\u00e1lni sz\u00fcks\u00e9ges, amennyiben 2024.09.01.-t\u0151l szakfogorvos-jel\u00f6ltet szeretne fogadni. A k\u00fcls\u0151 k\u00f6lts\u00e9gt\u00e9r\u00edt\u00e9ses k\u00e9pz\u00e9s\u00fcnkre t\u00f6rt\u00e9n\u0151 jelentkez\u00e9s v\u00e9g\u00e9re a jel\u00f6ltnek rendelkeznie kell olyan rendel\u0151i h\u00e1tt\u00e9rrel, amely m\u00e1r beny\u00fajtotta az \u00faj akkredit\u00e1ci\u00f3s p\u00e1ly\u00e1zat\u00e1t. Az I. p\u00e1ly\u00e1zati id\u0151szakunk v\u00e9ge a k\u00fcls\u0151 k\u00f6lts\u00e9gt\u00e9r\u00edt\u00e9ses k\u00e9pz\u00e9s tekintet\u00e9ben: 2024.08.25. 23:59 \u00f3ra, &hellip;<\/p>\n","protected":false},"author":38,"featured_media":0,"parent":0,"menu_order":5,"comment_status":"closed","ping_status":"closed","template":"","meta":{"_acf_changed":false,"footnotes":""},"categories":[],"tags":[],"class_list":["post-13","page","type-page","status-publish","hentry"],"acf":[],"_links":{"self":[{"href":"https:\/\/semmelweis.hu\/fok-tovabbkepzes\/wp-json\/wp\/v2\/pages\/13","targetHints":{"allow":["GET"]}}],"collection":[{"href":"https:\/\/semmelweis.hu\/fok-tovabbkepzes\/wp-json\/wp\/v2\/pages"}],"about":[{"href":"https:\/\/semmelweis.hu\/fok-tovabbkepzes\/wp-json\/wp\/v2\/types\/page"}],"author":[{"embeddable":true,"href":"https:\/\/semmelweis.hu\/fok-tovabbkepzes\/wp-json\/wp\/v2\/users\/38"}],"replies":[{"embeddable":true,"href":"https:\/\/semmelweis.hu\/fok-tovabbkepzes\/wp-json\/wp\/v2\/comments?post=13"}],"version-history":[{"count":12,"href":"https:\/\/semmelweis.hu\/fok-tovabbkepzes\/wp-json\/wp\/v2\/pages\/13\/revisions"}],"predecessor-version":[{"id":5084,"href":"https:\/\/semmelweis.hu\/fok-tovabbkepzes\/wp-json\/wp\/v2\/pages\/13\/revisions\/5084"}],"wp:attachment":[{"href":"https:\/\/semmelweis.hu\/fok-tovabbkepzes\/wp-json\/wp\/v2\/media?parent=13"}],"wp:term":[{"taxonomy":"category","embeddable":true,"href":"https:\/\/semmelweis.hu\/fok-tovabbkepzes\/wp-json\/wp\/v2\/categories?post=13"},{"taxonomy":"post_tag","embeddable":true,"href":"https:\/\/semmelweis.hu\/fok-tovabbkepzes\/wp-json\/wp\/v2\/tags?post=13"}],"curies":[{"name":"wp","href":"https:\/\/api.w.org\/{rel}","templated":true}]}}