{"id":46,"date":"2016-06-28T12:21:54","date_gmt":"2016-06-28T10:21:54","guid":{"rendered":"http:\/\/semmelweis.hu\/fok-prevencio\/?page_id=46"},"modified":"2020-09-10T10:16:23","modified_gmt":"2020-09-10T08:16:23","slug":"mpft","status":"publish","type":"page","link":"https:\/\/semmelweis.hu\/fok-prevencio\/mpft\/","title":{"rendered":"Magyar Prevent\u00edv Fog\u00e1szati T\u00e1rsas\u00e1g"},"content":{"rendered":"<div class=\"responsive-tabs\">\n<h2 class=\"tabtitle\">A t\u00e1rsas\u00e1gr\u00f3l<\/h2>\n<div class=\"tabcontent\">\n\n<p>Az egyes\u00fclet tev\u00e9kenys\u00e9ge: b\u00e1rmilyen, az or\u00e1lis prevenci\u00f3 kivitelez\u00e9s\u00e9ben, el\u0151mozd\u00edt\u00e1s\u00e1ban, tov\u00e1bbfejleszt\u00e9s\u00e9ben v\u00e9gzett m\u0171k\u00f6d\u00e9s.<\/p>\n<p><strong>Az egyes\u00fclet c\u00e9lja:<\/strong><\/p>\n<p>a) Az or\u00e1lis eg\u00e9szs\u00e9g jav\u00edt\u00e1sa \u00e9rdek\u00e9ben kifejtett tev\u00e9kenys\u00e9g, mind egy\u00e9ni mind t\u00e1rsadalmi szinten. Tev\u00e9kenys\u00e9g\u00e9be bevonja az \u00e9rintett egy\u00e9neket, szervezeteket, c\u00e9geket \u00e9s \u00e1llami szervezeteket;<br \/>\nb) A hasonl\u00f3 c\u00e9lokkal rendelkez\u0151 hazai \u00e9s k\u00fclf\u00f6ldi szervezetekkel ki\u00e9p\u00edti \u00e9s \u00e1polja a kapcsolatait;<br \/>\nc) T\u00e1mogatja a fog\u00e1szati \u00e9s or\u00e1lis prevenci\u00f3 ter\u00fclet\u00e9n v\u00e9gzett tudom\u00e1nyos tev\u00e9kenys\u00e9get.<\/p>\n<p><strong>Kiemelt c\u00e9ljai:<\/strong><\/p>\n<p>a) A sz\u00e1j\u00fcreg kem\u00e9ny \u00e9s l\u00e1gysz\u00f6veteit \u00e9rint\u0151 betegs\u00e9gek, orthodontiai anom\u00e1li\u00e1k \u00e9s a sz\u00e1j\u00fcregi rosszindulat\u00fa betegs\u00e9gek megel\u0151z\u00e9s\u00e9nek el\u0151seg\u00edt\u00e9se;<br \/>\nb) Or\u00e1lis eg\u00e9szs\u00e9g el\u0151seg\u00edt\u00e9se \u00e9rdek\u00e9ben az eg\u00e9szs\u00e9g\u00fcgy m\u00e1s fontos orvosi szakter\u00fcleteivel (b\u0151rgy\u00f3gy\u00e1szat, gerontol\u00f3gia, belgy\u00f3gy\u00e1szat, kardiol\u00f3gia, onkol\u00f3gia) ki\u00e9p\u00edteni a kapcsolatot \u00e9s egy\u00fcttesen cs\u00f6kkenteni a fog\u00e1szati kock\u00e1zati t\u00e9nyez\u0151ket;<br \/>\nc) Speci\u00e1lis prevenci\u00f3s tev\u00e9kenys\u00e9g el\u0151mozd\u00edt\u00e1sa a sziszt\u00e9m\u00e1s betegs\u00e9gekkel k\u00fczd\u0151 betegek sz\u00e1m\u00e1ra.<\/p>\n<p>Az egyes\u00fclet tev\u00e9kenys\u00e9ge: b\u00e1rmilyen, az or\u00e1lis prevenci\u00f3 kivitelez\u00e9s\u00e9ben, el\u0151mozd\u00edt\u00e1s\u00e1ban, tov\u00e1bbfejleszt\u00e9s\u00e9ben v\u00e9gzett m\u0171k\u00f6d\u00e9s (p\u00e9ld\u00e1ul prevenci\u00f3s programok szervez\u00e9se, tervez\u00e9se, kivitelez\u00e9se, tudom\u00e1nyos programok, tov\u00e1bbk\u00e9pz\u00e9sek szervez\u00e9se). Prevenci\u00f3val kapcsolatos ir\u00e1nymutat\u00e1sok illetve ir\u00e1nyelvek k\u00e9sz\u00edt\u00e9s\u00e9ben val\u00f3 r\u00e9szv\u00e9tel. \u00daj elj\u00e1r\u00e1sok, anyagok v\u00e9lem\u00e9nyez\u00e9se, szakmai tan\u00e1csad\u00f3k\u00e9nt val\u00f3 m\u0171k\u00f6d\u00e9s.<\/p>\n<p><strong>Alap\u00edt\u00e1s: <\/strong>Budapest, 2016. febru\u00e1r 15.<\/p>\n<p><a href=\"https:\/\/semmelweis.hu\/fok-prevencio\/files\/2017\/10\/MPFTegyes\u00fclet_-alapszab\u00e1ly_v\u00e9gleges_11_30.pdf\">\u2192 A t\u00e1rsas\u00e1g alapszab\u00e1ly\u00e1nak let\u00f6lt\u00e9se (pdf)<\/a><\/p>\n\n<\/div><h2 class=\"tabtitle\">Jelentkez\u00e9si  lap<\/h2>\n<div class=\"tabcontent\">\n\n\n<!-- iframe plugin v.4.9 wordpress.org\/plugins\/iframe\/ -->\n<iframe loading=\"lazy\" src=\"https:\/\/docs.google.com\/forms\/d\/e\/1FAIpQLSdBioTz_baeSqoSoK_NgeZcuqiU3KrBUS23kM9fEFVX-HaKuQ\/viewform?embedded=true\" width=\"760\" height=\"900\" scrolling=\"yes\" class=\"iframe-class\" frameborder=\"0\"><\/iframe>\n\n\n<\/div><h2 class=\"tabtitle\">Tagd\u00edjak, sz\u00e1mlasz\u00e1m<\/h2>\n<div class=\"tabcontent\">\n\n<p><strong>\u00c9ves tagd\u00edjak\u00a0<\/strong><\/p>\n<p>Fizetend\u0151 \u00e1tutal\u00e1ssal a fenti sz\u00e1mlasz\u00e1mra el\u0151sz\u00f6r a bel\u00e9p\u00e9skor, a felv\u00e9telr\u0151l sz\u00f3l\u00f3 \u00e9rtes\u00edt\u00e9s k\u00e9zhezv\u00e9tele ut\u00e1n nyolc napon bel\u00fcl, majd ezt k\u00f6vet\u0151en minden \u00e9v m\u00e1rcius 31-ig.\u00a0<\/p>\n<p><strong>Rendes tagok: 5000 Ft<\/strong> (orvosok, fogorvosok akik legal\u00e1bb \u00f6t \u00e9ve szerezt\u00e9k meg diplom\u00e1jukat illetve klinkai sz\u00e1jhigi\u00e9nikusok) Nyugd\u00edjasok 50% kedvezm\u00e9nyben r\u00e9szes\u00fclnek.<\/p>\n<p><strong>Ifjus\u00e1gi tagok: 3000 Ft<\/strong>\u00a0(orvos- \u00e9s fogorvos-rezidensek a v\u00e9gz\u00e9st\u0151l sz\u00e1m\u00edtott \u00f6t \u00e9ven bel\u00fcl)<\/p>\n<p><strong>Hallgat\u00f3i tag: nem tagd\u00edjk\u00f6teles<\/strong> \u00a0(orvostan- \u00e9s fogorvostan hallgat\u00f3 a diploma megszerz\u00e9s\u00e9ig)<\/p>\n<p><strong>Sz\u00e1mlasz\u00e1m:<\/strong> 11709057-21445358<\/p>\n<\/div><\/div>\n","protected":false},"excerpt":{"rendered":"<p>Az egyes\u00fclet tev\u00e9kenys\u00e9ge: b\u00e1rmilyen, az or\u00e1lis prevenci\u00f3 kivitelez\u00e9s\u00e9ben, el\u0151mozd\u00edt\u00e1s\u00e1ban, tov\u00e1bbfejleszt\u00e9s\u00e9ben v\u00e9gzett m\u0171k\u00f6d\u00e9s. Az egyes\u00fclet c\u00e9lja: a) Az or\u00e1lis eg\u00e9szs\u00e9g jav\u00edt\u00e1sa \u00e9rdek\u00e9ben kifejtett tev\u00e9kenys\u00e9g, mind egy\u00e9ni mind t\u00e1rsadalmi szinten. Tev\u00e9kenys\u00e9g\u00e9be bevonja az \u00e9rintett egy\u00e9neket, szervezeteket, c\u00e9geket \u00e9s \u00e1llami szervezeteket; b) A hasonl\u00f3 c\u00e9lokkal rendelkez\u0151 hazai \u00e9s k\u00fclf\u00f6ldi szervezetekkel ki\u00e9p\u00edti \u00e9s \u00e1polja a kapcsolatait; c) T\u00e1mogatja a &hellip;<\/p>\n","protected":false},"author":331,"featured_media":0,"parent":0,"menu_order":0,"comment_status":"closed","ping_status":"closed","template":"","meta":{"_acf_changed":false,"footnotes":""},"categories":[],"tags":[],"class_list":["post-46","page","type-page","status-publish","hentry"],"acf":[],"_links":{"self":[{"href":"https:\/\/semmelweis.hu\/fok-prevencio\/wp-json\/wp\/v2\/pages\/46","targetHints":{"allow":["GET"]}}],"collection":[{"href":"https:\/\/semmelweis.hu\/fok-prevencio\/wp-json\/wp\/v2\/pages"}],"about":[{"href":"https:\/\/semmelweis.hu\/fok-prevencio\/wp-json\/wp\/v2\/types\/page"}],"author":[{"embeddable":true,"href":"https:\/\/semmelweis.hu\/fok-prevencio\/wp-json\/wp\/v2\/users\/331"}],"replies":[{"embeddable":true,"href":"https:\/\/semmelweis.hu\/fok-prevencio\/wp-json\/wp\/v2\/comments?post=46"}],"version-history":[{"count":11,"href":"https:\/\/semmelweis.hu\/fok-prevencio\/wp-json\/wp\/v2\/pages\/46\/revisions"}],"predecessor-version":[{"id":146,"href":"https:\/\/semmelweis.hu\/fok-prevencio\/wp-json\/wp\/v2\/pages\/46\/revisions\/146"}],"wp:attachment":[{"href":"https:\/\/semmelweis.hu\/fok-prevencio\/wp-json\/wp\/v2\/media?parent=46"}],"wp:term":[{"taxonomy":"category","embeddable":true,"href":"https:\/\/semmelweis.hu\/fok-prevencio\/wp-json\/wp\/v2\/categories?post=46"},{"taxonomy":"post_tag","embeddable":true,"href":"https:\/\/semmelweis.hu\/fok-prevencio\/wp-json\/wp\/v2\/tags?post=46"}],"curies":[{"name":"wp","href":"https:\/\/api.w.org\/{rel}","templated":true}]}}