{"id":152,"date":"2012-03-06T08:34:34","date_gmt":"2012-03-06T07:34:34","guid":{"rendered":"http:\/\/semmelweis-egyetem.hu\/fogpotlastan\/?page_id=152"},"modified":"2025-03-26T11:33:54","modified_gmt":"2025-03-26T10:33:54","slug":"vecsei-balint","status":"publish","type":"page","link":"https:\/\/semmelweis.hu\/fogpotlastan\/munkatarsak-terv\/vecsei-balint\/","title":{"rendered":"Dr. Vecsei B\u00e1lint"},"content":{"rendered":"<p><span style=\"font-size: 12pt\"><b>Tanulm\u00e1nyok, szakk\u00e9pes\u00edt\u00e9s<img loading=\"lazy\" decoding=\"async\" class=\" wp-image-6984 alignright\" src=\"https:\/\/semmelweis.hu\/fogpotlastan\/files\/2021\/03\/Dr.-Vecsei-B\u00e1lint-267x400.jpg\" alt=\"\" width=\"200\" height=\"300\" srcset=\"https:\/\/semmelweis.hu\/fogpotlastan\/files\/2021\/03\/Dr.-Vecsei-B\u00e1lint-267x400.jpg 267w, https:\/\/semmelweis.hu\/fogpotlastan\/files\/2021\/03\/Dr.-Vecsei-B\u00e1lint-683x1024.jpg 683w, https:\/\/semmelweis.hu\/fogpotlastan\/files\/2021\/03\/Dr.-Vecsei-B\u00e1lint-768x1152.jpg 768w, https:\/\/semmelweis.hu\/fogpotlastan\/files\/2021\/03\/Dr.-Vecsei-B\u00e1lint-1024x1536.jpg 1024w, https:\/\/semmelweis.hu\/fogpotlastan\/files\/2021\/03\/Dr.-Vecsei-B\u00e1lint-1365x2048.jpg 1365w, https:\/\/semmelweis.hu\/fogpotlastan\/files\/2021\/03\/Dr.-Vecsei-B\u00e1lint-753x1130.jpg 753w, https:\/\/semmelweis.hu\/fogpotlastan\/files\/2021\/03\/Dr.-Vecsei-B\u00e1lint-scaled.jpg 1707w\" sizes=\"auto, (max-width: 200px) 100vw, 200px\" \/><br \/>\n<\/b><\/span><span style=\"font-size: 12pt\"><span style=\"font-weight: 400\">2006<\/span> <span style=\"font-weight: 400\">Fogorvos diploma \u2013 Semmelweis Egyetem, Budapest<br \/>\n<\/span><\/span><span style=\"font-size: 12pt\"><span style=\"font-weight: 400\">2007<\/span> <span style=\"font-weight: 400\">\u00c1tfog\u00f3 fokozat\u00fa sug\u00e1rv\u00e9delmi ismeretek &#8211; OSSKI<br \/>\n<\/span><\/span><span style=\"font-size: 12pt\"><span style=\"font-weight: 400\">2009<\/span> <span style=\"font-weight: 400\">Konzerv\u00e1l\u00f3 fog\u00e1szat \u00e9s fogp\u00f3tl\u00e1stan szakvizsga \u2013 Nemzeti Vizsgabizotts\u00e1g<br \/>\n2019 Fogp\u00f3tl\u00e1stan szakvizsga<br \/>\n2024 Dento-maxillo-faci\u00e1lis radi\u00f3l\u00f3gia licenc vizsga<\/span><\/span><\/p>\n<p><span style=\"font-size: 12pt\"><b>Szakmai tapasztalat \/ klinikai el\u0151menetel<br \/>\n<\/b><\/span><span style=\"font-size: 12pt\"><span style=\"font-weight: 400\">2006 <\/span> <span style=\"font-weight: 400\">Semmelweis Egyetem \u00d6n\u00e1ll\u00f3 Radiol\u00f3giai R\u00e9szleg \u2013 k\u00f6zponti gyakornok<br \/>\n<\/span><\/span><span style=\"font-size: 12pt\"><span style=\"font-weight: 400\">2008<\/span> <span style=\"font-weight: 400\">Semmelweis Egyetem Fogp\u00f3tl\u00e1stan Klinika \u2013 klinikai orvos<br \/>\n<\/span><\/span><span style=\"font-size: 12pt\"><span style=\"font-weight: 400\">2009 <\/span> <span style=\"font-weight: 400\">Semmelweis Egyetem Fogp\u00f3tl\u00e1stani Klinika \u2013 klinikai szakorvos<br \/>\n2020 Semmelweis Egyetem Fogp\u00f3tl\u00e1stani Klinika &#8211; egyetemi tan\u00e1rseg\u00e9d<\/span><\/span><\/p>\n<p><span style=\"font-size: 12pt\"><b>Tudom\u00e1nyos tev\u00e9kenys\u00e9g<br \/>\n<\/b><\/span><span style=\"font-weight: 400;font-size: 12pt\">munkacsoport: Digit\u00e1lis Lenyomatv\u00e9teli Munkacsoport<\/span><\/p>\n<p><span style=\"font-size: 12pt\"><b>Nyelvismeret<br \/>\n<\/b><\/span><span style=\"font-size: 12pt\"><span style=\"font-weight: 400\">magyar<\/span> <span style=\"font-weight: 400\">anyanyelv<br \/>\n<\/span><\/span><span style=\"font-size: 12pt\"><span style=\"font-weight: 400\">angol<\/span> <span style=\"font-weight: 400\">k\u00f6z\u00e9pfok<br \/>\n<\/span><\/span><span style=\"font-size: 12pt\"><span style=\"font-weight: 400\">n\u00e9met<\/span> <span style=\"font-weight: 400\">alapfok<\/span><\/span><\/p>\n<p><span style=\"font-size: 12pt\"><a href=\"https:\/\/vm.mtmt.hu\/\/search\/slist.php?nwi=1&amp;inited=1&amp;ty_on=1&amp;url_on=1&amp;cite_type=2&amp;orderby=3D1a&amp;location=mtmt&amp;stn=1&amp;AuthorID=10020989\">tudom\u00e1nyos k\u00f6zlem\u00e9nyek<\/a><\/span><\/p>\n<p><span style=\"font-size: 10pt\"><em>Az el\u00e9rhet\u0151s\u00e9gi adatok nem haszn\u00e1lhat\u00f3k fel az 1995. \u00e9vi CXIX. t\u00f6rv\u00e9ny szerinti kutat\u00e1s \u00e9s k\u00f6zvetlen \u00fczletszerz\u00e9s c\u00e9lj\u00e1ra.<\/em><\/span><\/p>\n","protected":false},"excerpt":{"rendered":"<p>Tanulm\u00e1nyok, szakk\u00e9pes\u00edt\u00e9s 2006 Fogorvos diploma \u2013 Semmelweis Egyetem, Budapest 2007 \u00c1tfog\u00f3 fokozat\u00fa sug\u00e1rv\u00e9delmi ismeretek &#8211; OSSKI 2009 Konzerv\u00e1l\u00f3 fog\u00e1szat \u00e9s fogp\u00f3tl\u00e1stan szakvizsga \u2013 Nemzeti Vizsgabizotts\u00e1g 2019 Fogp\u00f3tl\u00e1stan szakvizsga 2024 Dento-maxillo-faci\u00e1lis radi\u00f3l\u00f3gia licenc vizsga Szakmai tapasztalat \/ klinikai el\u0151menetel 2006 Semmelweis Egyetem \u00d6n\u00e1ll\u00f3 Radiol\u00f3giai R\u00e9szleg \u2013 k\u00f6zponti gyakornok 2008 Semmelweis Egyetem Fogp\u00f3tl\u00e1stan Klinika \u2013 klinikai orvos &hellip;<\/p>\n","protected":false},"author":38,"featured_media":0,"parent":9019,"menu_order":1,"comment_status":"closed","ping_status":"closed","template":"","meta":{"_acf_changed":false,"footnotes":""},"categories":[],"tags":[],"class_list":["post-152","page","type-page","status-publish","hentry"],"acf":[],"_links":{"self":[{"href":"https:\/\/semmelweis.hu\/fogpotlastan\/wp-json\/wp\/v2\/pages\/152","targetHints":{"allow":["GET"]}}],"collection":[{"href":"https:\/\/semmelweis.hu\/fogpotlastan\/wp-json\/wp\/v2\/pages"}],"about":[{"href":"https:\/\/semmelweis.hu\/fogpotlastan\/wp-json\/wp\/v2\/types\/page"}],"author":[{"embeddable":true,"href":"https:\/\/semmelweis.hu\/fogpotlastan\/wp-json\/wp\/v2\/users\/38"}],"replies":[{"embeddable":true,"href":"https:\/\/semmelweis.hu\/fogpotlastan\/wp-json\/wp\/v2\/comments?post=152"}],"version-history":[{"count":10,"href":"https:\/\/semmelweis.hu\/fogpotlastan\/wp-json\/wp\/v2\/pages\/152\/revisions"}],"predecessor-version":[{"id":9571,"href":"https:\/\/semmelweis.hu\/fogpotlastan\/wp-json\/wp\/v2\/pages\/152\/revisions\/9571"}],"up":[{"embeddable":true,"href":"https:\/\/semmelweis.hu\/fogpotlastan\/wp-json\/wp\/v2\/pages\/9019"}],"wp:attachment":[{"href":"https:\/\/semmelweis.hu\/fogpotlastan\/wp-json\/wp\/v2\/media?parent=152"}],"wp:term":[{"taxonomy":"category","embeddable":true,"href":"https:\/\/semmelweis.hu\/fogpotlastan\/wp-json\/wp\/v2\/categories?post=152"},{"taxonomy":"post_tag","embeddable":true,"href":"https:\/\/semmelweis.hu\/fogpotlastan\/wp-json\/wp\/v2\/tags?post=152"}],"curies":[{"name":"wp","href":"https:\/\/api.w.org\/{rel}","templated":true}]}}