{"id":139,"date":"2012-03-05T13:20:18","date_gmt":"2012-03-05T12:20:18","guid":{"rendered":"http:\/\/semmelweis-egyetem.hu\/fogpotlastan\/?page_id=139"},"modified":"2025-04-02T10:33:43","modified_gmt":"2025-04-02T08:33:43","slug":"schmidt-peter","status":"publish","type":"page","link":"https:\/\/semmelweis.hu\/fogpotlastan\/munkatarsak-terv\/schmidt-peter\/","title":{"rendered":"Dr. Schmidt P\u00e9ter"},"content":{"rendered":"<p><strong><span style=\"font-size: 12pt\">Tanu<a href=\"https:\/\/semmelweis.hu\/fogpotlastan\/files\/2019\/10\/Dr.-Schmidt-P\u00e9ter.jpg\"><img loading=\"lazy\" decoding=\"async\" class=\"size-medium wp-image-5587 alignright\" src=\"https:\/\/semmelweis.hu\/fogpotlastan\/files\/2019\/10\/Dr.-Schmidt-P\u00e9ter-200x300.jpg\" alt=\"\" width=\"200\" height=\"300\" srcset=\"https:\/\/semmelweis.hu\/fogpotlastan\/files\/2019\/10\/Dr.-Schmidt-P\u00e9ter-200x300.jpg 200w, https:\/\/semmelweis.hu\/fogpotlastan\/files\/2019\/10\/Dr.-Schmidt-P\u00e9ter.jpg 500w\" sizes=\"auto, (max-width: 200px) 100vw, 200px\" \/><\/a>lm\u00e1nyok, szakk\u00e9pes\u00edt\u00e9s<\/span><\/strong><br \/>\n<span style=\"font-size: 12pt\">2025 ETT D\u00e9l-pesti Etikai Bizotts\u00e1g KEB tag<br \/>\n2019 Fogp\u00f3tl\u00e1stan szakvizsga <\/span><br \/>\n<span style=\"font-size: 12pt\">2006 Konzerv\u00e1l\u00f3 fog\u00e1szat \u00e9s fogp\u00f3tl\u00e1stan szakvizsga<\/span><br \/>\n<span style=\"font-size: 12pt\">2002 Fog-\u00e9s sz\u00e1jbetegs\u00e9gek szakvizsga<\/span><br \/>\n<span style=\"font-size: 12pt\">2000 Fogorvos diploma \u2013 Semmelweis Egyetem Fogorvostudom\u00e1nyi Kar, \u201esumma cum laude\u201d<\/span><\/p>\n<p><strong><span style=\"font-size: 12pt\">Szakmai tapasztalat \/ klinikai el\u0151menetel<\/span><\/strong><br \/>\n<span style=\"font-size: 12pt\">2020- Fogp\u00f3tl\u00e1stani Klinika Igazgat\u00f3helyettes<br \/>\n2018- Fogp\u00f3tl\u00e1stan Klinika- klinikai f\u0151orvos <\/span><br \/>\n<span style=\"font-size: 12pt\">2014-2018. Fogp\u00f3tl\u00e1stan Klinika- klinikai szakorvos<\/span><br \/>\n<span style=\"font-size: 12pt\">2007-2014. Fogp\u00f3tl\u00e1stan Klinika \u2013 egyetemi tan\u00e1rseg\u00e9d, chn.<\/span><br \/>\n<span style=\"font-size: 12pt\">2002-2007. Fogszakorvos Semmelweis Egyetem, Oktat\u00e1si R\u00e9szleg, K\u00fatv\u00f6lgyi Klinika<\/span><br \/>\n<span style=\"font-size: 12pt\">2000-2002. K\u00f6zponti gyakornok- Semmelweis Egyetem, Oktat\u00e1si R\u00e9szleg, K\u00fatv\u00f6lgyi Klinika<\/span><br \/>\n<span style=\"font-size: 12pt\"><br \/>\n<strong>Tudom\u00e1nyos tev\u00e9kenys\u00e9g<\/strong><\/span><br \/>\n<span style=\"font-size: 12pt\">Munkacsoport: \u00c1llkapocs\u00edz\u00fcleti munkacsoport<\/span><\/p>\n<p><strong><span style=\"font-size: 12pt\">El\u0151ad\u00e1sok<\/span><\/strong><br \/>\n<span style=\"font-size: 12pt\">Szakmai tov\u00e1bbk\u00e9pz\u00e9sek el\u0151ad\u00f3k\u00e9nt<\/span><br \/>\n<span style=\"font-size: 12pt\">Tudom\u00e1nyos el\u0151ad\u00e1sok:<\/span><br \/>\n<span style=\"font-size: 12pt\">Schmidt P\u00e9ter: A kinetikus prepar\u00e1l\u00f3eszk\u00f6z\u00f6k klinikai felhaszn\u00e1l\u00e1si lehet\u0151s\u00e9gei, Magyar Fogorvosok Egyes\u00fclete \u2013 \u00c1rk\u00f6vy V\u00e1ndorgy\u0171l\u00e9s Debrecenben, Konzerv\u00e1l\u00f3 fog\u00e1szati szekci\u00f3, 2006, 08. 31. Debrecen<\/span><br \/>\n<span style=\"font-size: 12pt\">Dr. Schmidt P\u00e9ter*- Dr. J\u00e1sz M\u00e1t\u00e9*- Balogh Ildik\u00f3**- Dr. Hermann P\u00e9ter*: A TMI diszfunkci\u00f3, mint mozg\u00e1sszervi megbeteged\u00e9s Magyar Gy\u00f3gytorn\u00e1szok T\u00e1rsas\u00e1ga VIII. Kongresszusa Mozg\u00e1sszervi szekci\u00f3, P\u00e9cs 2011. okt\u00f3ber 21., 09:00 &#8211; 10:30<\/span><br \/>\n<span style=\"font-size: 12pt\">Dr. Schmidt P\u00e9ter: A k\u00f6z\u00e9p\u00e9rt\u00e9keken \u00e9s az egy\u00e9ni \u00e9rt\u00e9keken k\u00e9sz\u00edtett fogp\u00f3tl\u00e1sok \u00f6sszehasonl\u00edt\u00e1sa, Fogorvostudom\u00e1nyi minikonferencia, Budapest 2013.05.25. <\/span><br \/>\n<span style=\"font-size: 12pt\">Dr. Schmidt P\u00e9ter: Craniomandibul\u00e4le Disfunktionen (CMD)Aspekte der Pr\u00e4vention bei craniomandibul\u00e4ren Erkrankungen ,el\u0151ad\u00e1s (45\u2019) az osztr\u00e1k fogorvosnapokon, n\u00e9met nyelven 2015 okt\u00f3ber 10<\/span><br \/>\n<span style=\"font-size: 12pt\">Tov\u00e1bbk\u00e9pz\u0151 el\u0151ad\u00e1sok:<\/span><br \/>\n<span style=\"font-size: 12pt\">Schmidt P: Kinetikus berendez\u00e9sek alkalmaz\u00e1si lehet\u0151s\u00e9gei, Mikroinvaz\u00edv \u00e9s noninvaz\u00edv ter\u00e1pi\u00e1s lehet\u0151s\u00e9gek a fog\u00e1szatban, Akkredit\u00e1lt tov\u00e1bbk\u00e9pz\u0151 el\u0151ad\u00e1s, Szervez\u0151: SE FOK Oktat\u00e1si Centrum, Szak- \u00e9s Tov\u00e1bbk\u00e9pz\u00e9si Titk\u00e1rs\u00e1g SE FOK Oktat\u00e1si R\u00e9szleg, 1125 Bp., K\u00fatv\u00f6lgyi \u00fat 4. 2006.04.20.<\/span><br \/>\n<span style=\"font-size: 12pt\">Schmidt P: Kinetikus berendez\u00e9sek alkalmaz\u00e1si lehet\u0151s\u00e9gei, Mikroinvaz\u00edv \u00e9s noninvaz\u00edv ter\u00e1pi\u00e1s lehet\u0151s\u00e9gek a fog\u00e1szatban, Akkredit\u00e1lt tov\u00e1bbk\u00e9pz\u0151 el\u0151ad\u00e1s, Szervez\u0151: SE FOK Oktat\u00e1si Centrum, Szak- \u00e9s Tov\u00e1bbk\u00e9pz\u00e9si Titk\u00e1rs\u00e1g SE FOK Oktat\u00e1si R\u00e9szleg, 1125 Bp., K\u00fatv\u00f6lgyi \u00fat 4. 2006.11.13.<\/span><br \/>\n<span style=\"font-size: 12pt\">Schmidt P: Kinetikus berendez\u00e9sek alkalmaz\u00e1si lehet\u0151s\u00e9gei, Mikroinvaz\u00edv \u00e9s noninvaz\u00edv ter\u00e1pi\u00e1s lehet\u0151s\u00e9gek a fog\u00e1szatban, Akkredit\u00e1lt tov\u00e1bbk\u00e9pz\u0151 el\u0151ad\u00e1s, Szervez\u0151: SE FOK Oktat\u00e1si Centrum, Szak- \u00e9s Tov\u00e1bbk\u00e9pz\u00e9si Titk\u00e1rs\u00e1g SE FOK Oktat\u00e1si R\u00e9szleg, 1125 Bp., K\u00fatv\u00f6lgyi \u00fat 4. 2007.03.05.<\/span><br \/>\n<span style=\"font-size: 12pt\">Schmidt P: Kinetikus berendez\u00e9sek alkalmaz\u00e1si lehet\u0151s\u00e9gei, B\u00e9kebeli Tal\u00e1lkoz\u00e1sok- akkredit\u00e1lt tov\u00e1bbk\u00e9pz\u0151 el\u0151ad\u00e1s, Szervez\u0151: Dental Express Hung\u00e1ria Kft., Hotel Radisson SAS B\u00e9ke, 2007.11.30.<\/span><br \/>\n<span style=\"font-size: 12pt\">Schmidt P\u00e9ter: A kinetikus prepar\u00e1l\u00f3eszk\u00f6z\u00f6k klinikai felhaszn\u00e1l\u00e1si lehet\u0151s\u00e9gei, Magyar Orvosi Kamara Fogorvosi Tagozat\u00e1nak region\u00e1lis tov\u00e1bbk\u00e9pz\u00e9se Miskolc, 2008. 11.<\/span><br \/>\n<span style=\"font-size: 12pt\">Schmidt P\u00e9ter: A kinetikus prepar\u00e1l\u00f3eszk\u00f6z\u00f6k klinikai felhaszn\u00e1l\u00e1si lehet\u0151s\u00e9gei, Magyar Orvosi Kamara Fogorvosi Tagozat\u00e1nak region\u00e1lis tov\u00e1bbk\u00e9pz\u00e9se, Gy\u0151r, 2008.05. 30.<\/span><br \/>\n<span style=\"font-size: 12pt\">Schmidt P\u00e9ter: Arc\u00edvek haszn\u00e1lata a gyakorlatban, Magyar Orvosi Kamara Fogorvosi Tagozat\u00e1nak region\u00e1lis tov\u00e1bbk\u00e9pz\u00e9se, P\u00e9cs, 2008.08.08.<\/span><br \/>\n<span style=\"font-size: 12pt\">Dr. Schmidt P\u00e9ter: A s\u00ednter\u00e1pia alapjai temporomandibul\u00e1ris diszfunkci\u00f3 eset\u00e9n, Budapest 2011. m\u00e1jus 13-14 VIII. Magyar Fogorvosnapok nemzetk\u00f6zi tov\u00e1bbk\u00e9pz\u0151 el\u0151ad\u00e1s<\/span><br \/>\n<span style=\"font-size: 12pt\">Dr. Schmidt P\u00e9ter: Gnatol\u00f3giai esetek a fog\u00e1szati rendel\u0151ben, Budapest 2011. m\u00e1jus 14-\u00e9n Dent\u00e1lhigi\u00e9nikus Szimp\u00f3zium. <\/span><br \/>\n<span style=\"font-size: 12pt\">Dr. Schmidt P\u00e9ter: Fogp\u00f3tl\u00e1sok k\u00e9sz\u00edt\u00e9se gnatol\u00f3giai szempontok betart\u00e1s\u00e1val, F\u00f6ldv\u00e1ri Imre nemzetk\u00f6zi fogtechnikus kongresszus, Balatonkenese, 2012.04.20.<\/span><br \/>\n<span style=\"font-size: 12pt\">Dr. Schmidt P\u00e9ter: Gnatol\u00f3giai szeml\u00e9let alkalmaz\u00e1sa a mindennapi fogorvosi gyakorlatban, Akkredit\u00e1lt k\u00f6telez\u0151 szintentart\u00f3 tanfolyam, Budapest 2013. 03. 02.<\/span><br \/>\n<span style=\"font-size: 12pt\">Dr. Schmidt P\u00e9ter: A s\u00ednter\u00e1pia alkalmaz\u00e1s\u00e1nak gyakorlati aspektusai, Akkredit\u00e1lt k\u00f6telez\u0151 szintentart\u00f3 tanfolyam, Budapest 2014. 01. 28.<\/span><br \/>\n<span style=\"font-size: 12pt\">Dr. Schmidt P\u00e9ter: Gnatol\u00f3giai szeml\u00e9let alkalmaz\u00e1sa a mindennapi fogorvosi gyakorlatban, Akkredit\u00e1lt k\u00f6telez\u0151 szintentart\u00f3 tanfolyam, Budapest 2014. 02. 15.<\/span><\/p>\n<p><span style=\"font-size: 12pt\"><strong>Szakmai szervezeti tags\u00e1gok<\/strong> <\/span><br \/>\n<span style=\"font-size: 12pt\">2020-\u00a0 Fogp\u00f3tl\u00e1stani T\u00e1rsas\u00e1g<br \/>\n2020- Magyar Fogorvosok Egyes\u00fclete<br \/>\n2021- Magyar Gnatol\u00f3giai T\u00e1rsas\u00e1g, Eln\u00f6k<br \/>\n2000- Magyar Orvosi Kamara\u00a0<\/span><br \/>\n<span style=\"font-size: 12pt\"><br \/>\n<strong>Nyelvismeret<\/strong><\/span><br \/>\n<span style=\"font-size: 12pt\">magyar anyanyelv<\/span><br \/>\n<span style=\"font-size: 12pt\">angol alapfok \u201eC\u201d<\/span><br \/>\n<span style=\"font-size: 12pt\">n\u00e9met fels\u0151fok \u201eC\u201d<\/span><br \/>\n<span style=\"font-size: 12pt\"><br \/>\n<strong>Egy\u00e9b<\/strong><\/span><br \/>\n<span style=\"font-size: 12pt\">A tant\u00e1rgy megalakul\u00e1sa, 2005 \u00f3ta oktatja a Gnatol\u00f3gi\u00e1t, magyar, n\u00e9met \u00e9s angol nyelven.<\/span><br \/>\n<span style=\"font-size: 12pt\">Megalakul\u00e1sa \u00f3ta tagja az \u00c1llkapocs\u00edz\u00fcleti munkacsoportnak.<\/span><\/p>\n<p><span style=\"font-size: 12pt\"><a href=\"https:\/\/vm.mtmt.hu\/\/search\/slist.php?lang=0&amp;AuthorID=10020966\">Tudom\u00e1nyos k\u00f6zlem\u00e9nyek<\/a><\/span><\/p>\n<p><span style=\"font-size: 12pt\"><em>Az el\u00e9rhet\u0151s\u00e9gi adatok nem haszn\u00e1lhat\u00f3k fel az 1995. \u00e9vi CXIX. t\u00f6rv\u00e9ny szerinti kutat\u00e1s \u00e9s k\u00f6zvetlen \u00fczletszerz\u00e9s c\u00e9lj\u00e1ra.<\/em><\/span><\/p>\n","protected":false},"excerpt":{"rendered":"<p>Tanu <a href=\"https:\/\/semmelweis.hu\/fogpotlastan\/files\/2019\/10\/Dr.-Schmidt-P\u00e9ter.jpg\"><\/a> lm\u00e1nyok, szakk\u00e9pes\u00edt\u00e9s 2025 ETT D\u00e9l-pesti Etikai Bizotts\u00e1g KEB tag 2019 Fogp\u00f3tl\u00e1stan szakvizsga 2006 Konzerv\u00e1l\u00f3 fog\u00e1szat \u00e9s fogp\u00f3tl\u00e1stan szakvizsga 2002 Fog-\u00e9s sz\u00e1jbetegs\u00e9gek szakvizsga 2000 Fogorvos diploma \u2013 Semmelweis Egyetem Fogorvostudom\u00e1nyi Kar, \u201esumma cum laude\u201d Szakmai tapasztalat \/ klinikai el\u0151menetel 2020- Fogp\u00f3tl\u00e1stani Klinika Igazgat\u00f3helyettes 2018- Fogp\u00f3tl\u00e1stan Klinika- klinikai f\u0151orvos 2014-2018. Fogp\u00f3tl\u00e1stan Klinika- klinikai szakorvos 2007-2014. Fogp\u00f3tl\u00e1stan &hellip;<\/p>\n","protected":false},"author":38,"featured_media":0,"parent":9019,"menu_order":1,"comment_status":"open","ping_status":"closed","template":"","meta":{"_acf_changed":false,"footnotes":""},"categories":[],"tags":[],"class_list":["post-139","page","type-page","status-publish","hentry"],"acf":[],"_links":{"self":[{"href":"https:\/\/semmelweis.hu\/fogpotlastan\/wp-json\/wp\/v2\/pages\/139","targetHints":{"allow":["GET"]}}],"collection":[{"href":"https:\/\/semmelweis.hu\/fogpotlastan\/wp-json\/wp\/v2\/pages"}],"about":[{"href":"https:\/\/semmelweis.hu\/fogpotlastan\/wp-json\/wp\/v2\/types\/page"}],"author":[{"embeddable":true,"href":"https:\/\/semmelweis.hu\/fogpotlastan\/wp-json\/wp\/v2\/users\/38"}],"replies":[{"embeddable":true,"href":"https:\/\/semmelweis.hu\/fogpotlastan\/wp-json\/wp\/v2\/comments?post=139"}],"version-history":[{"count":11,"href":"https:\/\/semmelweis.hu\/fogpotlastan\/wp-json\/wp\/v2\/pages\/139\/revisions"}],"predecessor-version":[{"id":9587,"href":"https:\/\/semmelweis.hu\/fogpotlastan\/wp-json\/wp\/v2\/pages\/139\/revisions\/9587"}],"up":[{"embeddable":true,"href":"https:\/\/semmelweis.hu\/fogpotlastan\/wp-json\/wp\/v2\/pages\/9019"}],"wp:attachment":[{"href":"https:\/\/semmelweis.hu\/fogpotlastan\/wp-json\/wp\/v2\/media?parent=139"}],"wp:term":[{"taxonomy":"category","embeddable":true,"href":"https:\/\/semmelweis.hu\/fogpotlastan\/wp-json\/wp\/v2\/categories?post=139"},{"taxonomy":"post_tag","embeddable":true,"href":"https:\/\/semmelweis.hu\/fogpotlastan\/wp-json\/wp\/v2\/tags?post=139"}],"curies":[{"name":"wp","href":"https:\/\/api.w.org\/{rel}","templated":true}]}}