{"id":867,"date":"2021-03-18T09:43:01","date_gmt":"2021-03-18T08:43:01","guid":{"rendered":"https:\/\/semmelweis.hu\/ersebeszet\/?page_id=867"},"modified":"2021-03-18T09:54:15","modified_gmt":"2021-03-18T08:54:15","slug":"poplitea-aneurysma-kutatocsoport","status":"publish","type":"page","link":"https:\/\/semmelweis.hu\/ersebeszet\/kutatasi-teruletek\/poplitea-aneurysma-kutatocsoport\/","title":{"rendered":"POPLITEA ANEURYSMA KUTAT\u00d3CSOPORT"},"content":{"rendered":"<p><span style=\"color: #008080\">POPLITEA ANEURYSMA KUTAT\u00d3CSOPORT<\/span><\/p>\n<p><span style=\"color: #008080\">Kutat\u00e1svezet\u0151: dr. Szab\u00f3 G\u00e1bor Viktor<\/span><\/p>\n<p style=\"text-align: justify\"><img loading=\"lazy\" decoding=\"async\" class=\"rg_i Q4LuWd alignleft\" src=\"https:\/\/encrypted-tbn0.gstatic.com\/images?q=tbn:ANd9GcTXtXD2QuNqGOt2TFJ4TNE9088FSOCwP_BLAg&amp;usqp=CAU\" alt=\"Popliteal artery aneurysm | Radiology Case | Radiopaedia.org\" width=\"194\" height=\"194\" data-src=\"https:\/\/encrypted-tbn0.gstatic.com\/images?q=tbn:ANd9GcTXtXD2QuNqGOt2TFJ4TNE9088FSOCwP_BLAg&amp;usqp=CAU\" data-lt=\"\" data-index=\"0\" \/>Napjainkban az aneurysm\u00e1kkal kapcsolatos kutat\u00e1sok a genetikai t\u00e9nyez\u0151k pontosabb megismer\u00e9se mellett azok biomechanikai tulajdons\u00e1gainak meghat\u00e1roz\u00e1s\u00e1ra tesznek k\u00eds\u00e9rletet. A mind fejlettebb k\u00e9palkot\u00f3 elj\u00e1r\u00e1sok az aneurysm\u00e1k finomabb szerkezet\u00e9nek megismer\u00e9s\u00e9t, n\u00f6veked\u00e9s\u00fck dinamik\u00e1j\u00e1nak meg\u00e9rt\u00e9s\u00e9t teszik lehet\u0151v\u00e9. Az egyre n\u00f6vekv\u0151 adatb\u00e1zis, \u00e9s a t\u00e9m\u00e1ban megjelen\u0151 \u00fajabb vizsg\u00e1lati m\u00f3dszerek sz\u00fcks\u00e9gess\u00e9 teszik a probl\u00e9ma tudom\u00e1ny\u00e1gak k\u00f6z\u00f6tti egy\u00fcttm\u0171k\u00f6d\u00e9sben t\u00f6rt\u00e9n\u0151 vizsg\u00e1lat\u00e1t.<\/p>\n<p style=\"text-align: justify\">A jelenleg elfogadott vez\u00e9rfonalak alapj\u00e1n a poplitea aneurysma 30 millim\u00e9teres har\u00e1nt\u00e1tm\u00e9r\u0151t tekintj\u00fck hat\u00e1r\u00e9rt\u00e9knek, mely f\u00f6l\u00f6tt a ruptura rizik\u00f3ja k\u00fcl\u00f6n\u00f6sen nagy, de a d\u00f6nt\u00e9st a t\u00e1gulat thromboticus volta, kiterjed\u00e9se, valamint a kor\u00e1bbi microembolisatiok is befoly\u00e1solj\u00e1k. Ez az \u00e1tm\u00e9r\u0151 egy tapasztalaton alapul\u00f3 \u00e1tlagos \u00e9rt\u00e9k, mely egy nagyobb betegpopul\u00e1ci\u00f3ra n\u00e9zve j\u00f3 ir\u00e1nyad\u00f3 lehet, azonban nem teszi lehet\u0151v\u00e9 egy\u00e9nre szabott m\u0171t\u00e9ti indik\u00e1ci\u00f3 fel\u00e1ll\u00edt\u00e1s\u00e1t. Jelenleg nem ismert olyan \u00f6n\u00e1ll\u00f3 param\u00e9ter vagy param\u00e9ter-kombin\u00e1ci\u00f3, aminek seg\u00edts\u00e9g\u00e9vel pontosan \u00e9s k\u00f6vetkezetesen megj\u00f3solhat\u00f3 lenne a v\u00e1rhat\u00f3 kimenetel.<\/p>\n<p style=\"text-align: justify\">Igazolt poplitea aneurysma ell\u00e1t\u00e1s\u00e1ra nincs egy\u00e9rtelm\u0171 irodalmi aj\u00e1nl\u00e1s. K\u00e9t lehets\u00e9ges f\u0151 elj\u00e1r\u00e1s \u00e1ll rendelkez\u00e9sre. Egyfel\u0151l nyitott \u00e9rseb\u00e9szeti m\u0171t\u00e9t, mely sor\u00e1n a t\u00e1gult szakasz kirekeszt\u00e9sre ker\u00fcl, a kialakult thrombusokat elt\u00e1vol\u00edtjuk, az \u00e9r folytonoss\u00e1g\u00e1t saj\u00e1t vagy homol\u00f3g v\u00e9n\u00e1val, ennek hi\u00e1ny\u00e1ban m\u0171\u00e9rrel \u00e1lltjuk helyre. M\u00e1sik m\u00f3dszer az endovascularis kezel\u00e9s, mely sor\u00e1n fedett stent\/stentgraft be\u00fcltet\u00e9ssel bel\u00fclr\u0151l rekesztj\u00fck ki az aneurysm\u00e1t.<\/p>\n<p style=\"text-align: justify\">A k\u00e9t elj\u00e1r\u00e1s k\u00f6zti d\u00f6nt\u00e9st a beteg \u00e1llapota, az elv\u00e1ltoz\u00e1s jellege, a rendelkez\u00e9sre \u00e1ll\u00f3 technikai lehet\u0151s\u00e9gek, a seb\u00e9sz gyakorlata egyar\u00e1nt befoly\u00e1solja.<\/p>\n<p style=\"text-align: justify\">Jelenleg egy\u00e9rtelm\u0171 aj\u00e1nl\u00e1s, protokoll a poplitea aneurysma ell\u00e1t\u00e1s\u00e1ra nincs. Az irodalmi adatok, cikkek sz\u00e1ma nem magas, \u00e1tfog\u00f3 tanulm\u00e1ny kev\u00e9s tal\u00e1lhat\u00f3.<\/p>\n<p style=\"text-align: justify\">Kutat\u00e1sunk c\u00e9lja a Klinik\u00e1n alkalmazott k\u00e9t elj\u00e1r\u00e1s eredm\u00e9nyess\u00e9g\u00e9nek \u00f6sszehasonl\u00edt\u00e1sa. Az eredm\u00e9nyess\u00e9g m\u00e9rt\u00e9ke a be\u00fcltetett \u00e1thidal\u00e1s vagy stentgraft hossz\u00fat\u00e1v\u00fa nyitvamarad\u00e1sa, a v\u00e9gtag megl\u00e9te. A nyitvamarad\u00e1st rendk\u00edv\u00fcl sok t\u00e9nyez\u0151 befoly\u00e1solja. Nyitott m\u0171t\u00e9t eset\u00e9n ilyen t\u00e9nyez\u0151k az \u00e1thidal\u00f3 graft hossza, anyaga, vezet\u00e9si m\u00f3dja, a ki\u00e1raml\u00e1si p\u00e1lya megl\u00e9te, a m\u0171t\u00e9t akut vagy tervezett id\u0151pontban t\u00f6rt\u00e9nt volta, az alkalmazott gy\u00f3gyszeres kezel\u00e9s. Endovasularis kezel\u00e9sn\u00e9l a be\u00fcltetett graft t\u00edpusa, tulajdons\u00e1gai, a ki\u00e1raml\u00e1si p\u00e1lya megl\u00e9te, a gy\u00f3gyszeres kezel\u00e9s lehet befoly\u00e1sol\u00f3 t\u00e9nyez\u0151. \u00a0A vizsg\u00e1lat retrospect\u00edv. A kezelt betegek teljes dokument\u00e1ci\u00f3ja, k\u00e9panyaga vizsg\u00e1latra ker\u00fcl. A kezelt betegek m\u0171t\u00e9t ut\u00e1ni ambul\u00e1ns megjelen\u00e9seit elemezz\u00fck. A kapott eredm\u00e9nyeket matematikai eszk\u00f6z\u00f6kkel \u00e9rt\u00e9kelj\u00fck.<\/p>\n<p style=\"text-align: justify\">A vizsg\u00e1lat eredm\u00e9nye seg\u00edt a k\u00e9s\u0151bbiekben a poplitea aneurysma egy\u00e9nre szabott ell\u00e1t\u00e1s\u00e1ban, a beteg sz\u00e1m\u00e1ra v\u00e1rhat\u00f3an legjobb elj\u00e1r\u00e1s kiv\u00e1laszt\u00e1s\u00e1ra. A nagysz\u00e1m\u00fa betegek hossz\u00fat\u00e1v\u00fa adatait elemezve aj\u00e1nl\u00e1sok adhat\u00f3k a poplitea aneurysma kezel\u00e9s\u00e9re.<\/p>\n","protected":false},"excerpt":{"rendered":"<p>POPLITEA ANEURYSMA KUTAT\u00d3CSOPORT Kutat\u00e1svezet\u0151: dr. Szab\u00f3 G\u00e1bor Viktor Napjainkban az aneurysm\u00e1kkal kapcsolatos kutat\u00e1sok a genetikai t\u00e9nyez\u0151k pontosabb megismer\u00e9se mellett azok biomechanikai tulajdons\u00e1gainak meghat\u00e1roz\u00e1s\u00e1ra tesznek k\u00eds\u00e9rletet. A mind fejlettebb k\u00e9palkot\u00f3 elj\u00e1r\u00e1sok az aneurysm\u00e1k finomabb szerkezet\u00e9nek megismer\u00e9s\u00e9t, n\u00f6veked\u00e9s\u00fck dinamik\u00e1j\u00e1nak meg\u00e9rt\u00e9s\u00e9t teszik lehet\u0151v\u00e9. Az egyre n\u00f6vekv\u0151 adatb\u00e1zis, \u00e9s a t\u00e9m\u00e1ban megjelen\u0151 \u00fajabb vizsg\u00e1lati m\u00f3dszerek sz\u00fcks\u00e9gess\u00e9 teszik a probl\u00e9ma &hellip;<\/p>\n","protected":false},"author":101838,"featured_media":0,"parent":8,"menu_order":8,"comment_status":"closed","ping_status":"closed","template":"","meta":{"_acf_changed":false,"footnotes":""},"categories":[],"tags":[],"class_list":["post-867","page","type-page","status-publish","hentry"],"acf":[],"_links":{"self":[{"href":"https:\/\/semmelweis.hu\/ersebeszet\/wp-json\/wp\/v2\/pages\/867","targetHints":{"allow":["GET"]}}],"collection":[{"href":"https:\/\/semmelweis.hu\/ersebeszet\/wp-json\/wp\/v2\/pages"}],"about":[{"href":"https:\/\/semmelweis.hu\/ersebeszet\/wp-json\/wp\/v2\/types\/page"}],"author":[{"embeddable":true,"href":"https:\/\/semmelweis.hu\/ersebeszet\/wp-json\/wp\/v2\/users\/101838"}],"replies":[{"embeddable":true,"href":"https:\/\/semmelweis.hu\/ersebeszet\/wp-json\/wp\/v2\/comments?post=867"}],"version-history":[{"count":1,"href":"https:\/\/semmelweis.hu\/ersebeszet\/wp-json\/wp\/v2\/pages\/867\/revisions"}],"predecessor-version":[{"id":868,"href":"https:\/\/semmelweis.hu\/ersebeszet\/wp-json\/wp\/v2\/pages\/867\/revisions\/868"}],"up":[{"embeddable":true,"href":"https:\/\/semmelweis.hu\/ersebeszet\/wp-json\/wp\/v2\/pages\/8"}],"wp:attachment":[{"href":"https:\/\/semmelweis.hu\/ersebeszet\/wp-json\/wp\/v2\/media?parent=867"}],"wp:term":[{"taxonomy":"category","embeddable":true,"href":"https:\/\/semmelweis.hu\/ersebeszet\/wp-json\/wp\/v2\/categories?post=867"},{"taxonomy":"post_tag","embeddable":true,"href":"https:\/\/semmelweis.hu\/ersebeszet\/wp-json\/wp\/v2\/tags?post=867"}],"curies":[{"name":"wp","href":"https:\/\/api.w.org\/{rel}","templated":true}]}}