{"id":23072,"date":"2024-10-09T12:21:53","date_gmt":"2024-10-09T10:21:53","guid":{"rendered":"https:\/\/semmelweis.hu\/emk\/?page_id=23072"},"modified":"2026-02-03T17:22:57","modified_gmt":"2026-02-03T16:22:57","slug":"alumni","status":"publish","type":"page","link":"https:\/\/semmelweis.hu\/emk\/oktatas\/alumni\/","title":{"rendered":"Alumni"},"content":{"rendered":"<p style=\"text-align: justify\"><span style=\"font-weight: 400\">A Semmelweis Egyetem Eg\u00e9szs\u00e9g\u00fcgyi K\u00f6zszolg\u00e1lati Kar Eg\u00e9szs\u00e9g\u00fcgyi Menedzserk\u00e9pz\u0151 K\u00f6zpont (EMK) Alumni szempontj\u00e1b\u00f3l \u00f6regdi\u00e1knak min\u0151s\u00fcl minden olyan kor\u00e1bbi hallgat\u00f3, aki az eg\u00e9szs\u00e9g\u00fcgyi menedzser mesterk\u00e9pz\u00e9si programban vagy oklevelet szerzett, vagy tanulm\u00e1nyait abszolut\u00f3riummal z\u00e1rta. <\/span><\/p>\n<p style=\"text-align: justify\"><span style=\"font-weight: 400\">Az EMK Alumni szervezet\u00e9nek tagjai mindazok, akik a fenti krit\u00e9riumnak megfelelnek, ezen k\u00edv\u00fcl az EMK Alumni fel\u00fclet\u00e9n regisztr\u00e1ltak, \u00e9s v\u00e1llalj\u00e1k a tags\u00e1ggal j\u00e1r\u00f3 k\u00f6telezetts\u00e9geket. <\/span><\/p>\n<p style=\"text-align: justify\"><span style=\"font-weight: 400\">Az EMK Alumni szervezet\u00e9nek tagjai a <a href=\"https:\/\/memt.hu\/\" target=\"_blank\" rel=\"noopener\">Magyar Eg\u00e9szs\u00e9g\u00fcgyi Menedzsment T\u00e1rsas\u00e1g<\/a> (MEMT) tagjai is lesznek.<\/span><\/p>\n<p style=\"text-align: justify\"><span style=\"font-weight: 400\">Az Alumni szervezet m\u0171k\u00f6d\u00e9se az EMK strat\u00e9gi\u00e1j\u00e1val \u00f6sszhangban, t\u00f6bbf\u00e9le c\u00e9lt k\u00edv\u00e1n el\u00e9rni.\u00a0<\/span><\/p>\n<figure id=\"attachment_3176\" aria-describedby=\"caption-attachment-3176\" style=\"width: 753px\" class=\"wp-caption aligncenter\"><img loading=\"lazy\" decoding=\"async\" class=\"wp-image-3176 size-large\" src=\"http:\/\/test.semmelweis.hu\/barmi\/files\/2024\/10\/GaalPeter_alumninap_2024-1024x680.jpg\" alt=\"Ga\u00e1l P\u00e9ter Alumninap\" width=\"753\" height=\"500\" srcset=\"https:\/\/semmelweis.hu\/emk\/files\/2024\/10\/GaalPeter_alumninap_2024-1024x680.jpg 1024w, https:\/\/semmelweis.hu\/emk\/files\/2024\/10\/GaalPeter_alumninap_2024-400x266.jpg 400w, https:\/\/semmelweis.hu\/emk\/files\/2024\/10\/GaalPeter_alumninap_2024-768x510.jpg 768w, https:\/\/semmelweis.hu\/emk\/files\/2024\/10\/GaalPeter_alumninap_2024-753x500.jpg 753w, https:\/\/semmelweis.hu\/emk\/files\/2024\/10\/GaalPeter_alumninap_2024-203x135.jpg 203w, https:\/\/semmelweis.hu\/emk\/files\/2024\/10\/GaalPeter_alumninap_2024.jpg 1200w\" sizes=\"auto, (max-width: 753px) 100vw, 753px\" \/><figcaption id=\"caption-attachment-3176\" class=\"wp-caption-text\">dr. Ga\u00e1l P\u00e9ter a 2024-es alumninapon<\/figcaption><\/figure>\n<h3 style=\"text-align: justify\">Kapcsolattart\u00e1s<\/h3>\n<ul style=\"text-align: justify\">\n<li style=\"font-weight: 400\"><span style=\"font-weight: 400\">A kapcsolattart\u00e1s a v\u00e9gzett hallgat\u00f3inkkal azt a c\u00e9lt szolg\u00e1lja, hogy a tanulm\u00e1nyok befejez\u00e9se ut\u00e1n se vesz\u00edts\u00fck \u0151ket szem el\u0151l.<\/span><\/li>\n<li style=\"font-weight: 400\"><span style=\"font-weight: 400\">\u00a0<\/span><span style=\"font-weight: 400\">A vezet\u00e9s, menedzsment v\u00e1ljon\/maradjon v\u00e9gzett hallgat\u00f3ink szakmai identit\u00e1s\u00e1nak a r\u00e9sze.<\/span><\/li>\n<li style=\"font-weight: 400\"><span style=\"font-weight: 400\">\u00a0<\/span><span style=\"font-weight: 400\">Az EMK lehet\u0151s\u00e9get teremtsen az \u00e9lethosszig tart\u00f3 tanul\u00e1sra.<\/span><\/li>\n<li style=\"font-weight: 400\"><span style=\"font-weight: 400\">Sz\u00fcks\u00e9g eset\u00e9n, legyen lehet\u0151s\u00e9g az instrument\u00e1lis \u00e9s inform\u00e1ci\u00f3s seg\u00edts\u00e9gk\u00e9r\u00e9sre.<\/span><\/li>\n<\/ul>\n<h3 style=\"text-align: justify\">Szak\u00e9rt\u0151i b\u00e1zis ki\u00e9p\u00edt\u00e9se<\/h3>\n<ul style=\"text-align: justify\">\n<li style=\"font-weight: 400\"><span style=\"font-weight: 400\">Az EMK-ban zajl\u00f3 projektek megval\u00f3s\u00edt\u00e1s\u00e1hoz szakemberek toborozhat\u00f3k a volt hallgat\u00f3k k\u00f6r\u00e9b\u0151l.<\/span><\/li>\n<li style=\"font-weight: 400\"><span style=\"font-weight: 400\">V\u00e9gzett hallgat\u00f3ink oktat\u00e1si, tutor\u00e1l\u00e1si, mentor\u00e1l\u00e1si feladatokba bevonhat\u00f3k.<\/span><\/li>\n<li style=\"font-weight: 400\"><span style=\"font-weight: 400\">Olyan speci\u00e1lis tud\u00e1sok lehetnek el\u00e9rhet\u0151k az Int\u00e9zet sz\u00e1m\u00e1ra, amelyek h\u00e1zon bel\u00fcl nincsenek meg.<\/span><\/li>\n<\/ul>\n<h3 style=\"text-align: justify\">Hallgat\u00f3i ut\u00e1np\u00f3tl\u00e1s megteremt\u00e9se<\/h3>\n<ul style=\"text-align: justify\">\n<li style=\"font-weight: 400\"><span style=\"font-weight: 400\">Kor\u00e1bbi hallgat\u00f3inkkal fenntartott akt\u00edv kapcsolat hozz\u00e1j\u00e1rulhat ahhoz, hogy vezet\u0151k\u00e9nt munkat\u00e1rsaikat t\u00e1mogass\u00e1k a menedzsment tud\u00e1s megszerz\u00e9s\u00e9ben.<\/span><\/li>\n<\/ul>\n<p style=\"text-align: justify\">Az Eg\u00e9szs\u00e9g\u00fcgyi Menedzserk\u00e9pz\u0151 K\u00f6zpont <a href=\"https:\/\/www.facebook.com\/hsmtc\" target=\"_blank\" rel=\"noopener\">Facebook<\/a> \u00e9s <a href=\"https:\/\/www.linkedin.com\/company\/health-services-management-training-centre\" target=\"_blank\" rel=\"noopener\">LinkedIn<\/a> oldal\u00e1t is javasolt k\u00f6vetni az aktu\u00e1lis inform\u00e1ci\u00f3k\u00e9rt.<\/p>\n","protected":false},"excerpt":{"rendered":"<p>A Semmelweis Egyetem Eg\u00e9szs\u00e9g\u00fcgyi K\u00f6zszolg\u00e1lati Kar Eg\u00e9szs\u00e9g\u00fcgyi Menedzserk\u00e9pz\u0151 K\u00f6zpont (EMK) Alumni szempontj\u00e1b\u00f3l \u00f6regdi\u00e1knak min\u0151s\u00fcl minden olyan kor\u00e1bbi hallgat\u00f3, aki az eg\u00e9szs\u00e9g\u00fcgyi menedzser mesterk\u00e9pz\u00e9si programban vagy oklevelet szerzett, vagy tanulm\u00e1nyait abszolut\u00f3riummal z\u00e1rta. Az EMK Alumni szervezet\u00e9nek tagjai mindazok, akik a fenti krit\u00e9riumnak megfelelnek, ezen k\u00edv\u00fcl az EMK Alumni fel\u00fclet\u00e9n regisztr\u00e1ltak, \u00e9s v\u00e1llalj\u00e1k a tags\u00e1ggal j\u00e1r\u00f3 k\u00f6telezetts\u00e9geket. &hellip;<\/p>\n","protected":false},"author":102350,"featured_media":0,"parent":14559,"menu_order":19,"comment_status":"closed","ping_status":"closed","template":"","meta":{"_acf_changed":false,"footnotes":""},"categories":[],"tags":[],"class_list":["post-23072","page","type-page","status-publish","hentry"],"acf":[],"_links":{"self":[{"href":"https:\/\/semmelweis.hu\/emk\/wp-json\/wp\/v2\/pages\/23072","targetHints":{"allow":["GET"]}}],"collection":[{"href":"https:\/\/semmelweis.hu\/emk\/wp-json\/wp\/v2\/pages"}],"about":[{"href":"https:\/\/semmelweis.hu\/emk\/wp-json\/wp\/v2\/types\/page"}],"author":[{"embeddable":true,"href":"https:\/\/semmelweis.hu\/emk\/wp-json\/wp\/v2\/users\/102350"}],"replies":[{"embeddable":true,"href":"https:\/\/semmelweis.hu\/emk\/wp-json\/wp\/v2\/comments?post=23072"}],"version-history":[{"count":3,"href":"https:\/\/semmelweis.hu\/emk\/wp-json\/wp\/v2\/pages\/23072\/revisions"}],"predecessor-version":[{"id":26746,"href":"https:\/\/semmelweis.hu\/emk\/wp-json\/wp\/v2\/pages\/23072\/revisions\/26746"}],"up":[{"embeddable":true,"href":"https:\/\/semmelweis.hu\/emk\/wp-json\/wp\/v2\/pages\/14559"}],"wp:attachment":[{"href":"https:\/\/semmelweis.hu\/emk\/wp-json\/wp\/v2\/media?parent=23072"}],"wp:term":[{"taxonomy":"category","embeddable":true,"href":"https:\/\/semmelweis.hu\/emk\/wp-json\/wp\/v2\/categories?post=23072"},{"taxonomy":"post_tag","embeddable":true,"href":"https:\/\/semmelweis.hu\/emk\/wp-json\/wp\/v2\/tags?post=23072"}],"curies":[{"name":"wp","href":"https:\/\/api.w.org\/{rel}","templated":true}]}}