{"id":21354,"date":"2023-11-21T12:39:27","date_gmt":"2023-11-21T11:39:27","guid":{"rendered":"https:\/\/semmelweis.hu\/emk\/?page_id=21354"},"modified":"2025-03-27T16:24:09","modified_gmt":"2025-03-27T15:24:09","slug":"hack4cure-hackathon-zsuri","status":"publish","type":"page","link":"https:\/\/semmelweis.hu\/emk\/hack4cure-hackathon-zsuri\/","title":{"rendered":"Hack4Cure hackathon zs\u0171ri &#8211; 2023"},"content":{"rendered":"<p style=\"text-align: justify\"><b><img loading=\"lazy\" decoding=\"async\" class=\"wp-image-21355 alignleft\" src=\"https:\/\/semmelweis.hu\/emk\/files\/2023\/11\/Bubori-Zsolt-400x400.jpg\" alt=\"\" width=\"300\" height=\"300\" srcset=\"https:\/\/semmelweis.hu\/emk\/files\/2023\/11\/Bubori-Zsolt-400x400.jpg 400w, https:\/\/semmelweis.hu\/emk\/files\/2023\/11\/Bubori-Zsolt-1024x1024.jpg 1024w, https:\/\/semmelweis.hu\/emk\/files\/2023\/11\/Bubori-Zsolt-150x150.jpg 150w, https:\/\/semmelweis.hu\/emk\/files\/2023\/11\/Bubori-Zsolt-768x768.jpg 768w, https:\/\/semmelweis.hu\/emk\/files\/2023\/11\/Bubori-Zsolt-1536x1536.jpg 1536w, https:\/\/semmelweis.hu\/emk\/files\/2023\/11\/Bubori-Zsolt-2048x2048.jpg 2048w, https:\/\/semmelweis.hu\/emk\/files\/2023\/11\/Bubori-Zsolt-753x753.jpg 753w\" sizes=\"auto, (max-width: 300px) 100vw, 300px\" \/>Bubori Zsolt, <\/b>EIT Health<\/p>\n<p style=\"text-align: justify\">Bubori Zsolt k\u00f6zgazd\u00e1sz, az EIT Health \u00f6kosziszt\u00e9ma vezet\u0151jek\u00e9nt a magyar szerz\u0151d\u00f6tt partnereket k\u00f6ti \u00f6ssze az eur\u00f3pai eg\u00e9szs\u00e9g\u00fcgyi innov\u00e1ci\u00f3s kezdem\u00e9nyez\u00e9sekkel. Karrierje sor\u00e1n \u00fczleti tan\u00e1csad\u00f3k\u00e9nt dolgozott multinacion\u00e1lis c\u00e9geknek, mint p\u00e9ld\u00e1ul az Accenture \u00e9s Microsoft \u00e9s megalap\u00edtotta saj\u00e1t, eg\u00e9szs\u00e9g\u00fcgyi strat\u00e9gia alkot\u00e1ssal \u00e9s vezet\u0151i tan\u00e1csad\u00e1ssal foglalkoz\u00f3 c\u00e9g\u00e9t is. Magyarorsz\u00e1gon \u00e9s k\u00fclf\u00f6ld\u00f6n, az \u00e1llami- \u00e9s mag\u00e1nszf\u00e9r\u00e1ban egyar\u00e1nt sz\u00e1mos projektet vezetett az ut\u00f3bbi 20 \u00e9vben. A Magyar K\u00f6zgazdas\u00e1gi T\u00e1rsas\u00e1g, az Amcham Eg\u00e9szs\u00e9g\u00fcgyi Munkacsoportj\u00e1nak tagja. Sz\u00e1mos mentor\/coach v\u00e1llalkoz\u00e1snak \u00e9s kezdem\u00e9nyez\u00e9snek seg\u00edt a magyar startup \u00f6kosziszt\u00e9ma fejleszt\u00e9se \u00e9rdek\u00e9ben.<\/p>\n<hr \/>\n<p style=\"text-align: justify\"><strong><img loading=\"lazy\" decoding=\"async\" class=\"wp-image-21441 alignleft\" src=\"https:\/\/semmelweis.hu\/emk\/files\/2023\/11\/csiki-gergely-8.jpg\" alt=\"\" width=\"300\" height=\"300\" srcset=\"https:\/\/semmelweis.hu\/emk\/files\/2023\/11\/csiki-gergely-8.jpg 200w, https:\/\/semmelweis.hu\/emk\/files\/2023\/11\/csiki-gergely-8-150x150.jpg 150w\" sizes=\"auto, (max-width: 300px) 100vw, 300px\" \/>Csiki Gergely,<\/strong> lapigazgat\u00f3, Portfolio.hu<\/p>\n<p style=\"text-align: justify\">A Budapesti Corvinus Egyetemen v\u00e9gzett p\u00e9nz\u00fcgy f\u0151szakir\u00e1nyon 2008-ban. Utols\u00f3 egyetemi \u00e9v\u00e9nek v\u00e9g\u00e9n csatlakozott a Portfolio.hu csapat\u00e1hoz makrogazdas\u00e1gi elemz\u0151k\u00e9nt. 2013-t\u00f3l l\u00e1tja el a c\u00e9gn\u00e9l a lapigazgat\u00f3i feladatokat. 2012-ben CEFA diplom\u00e1t szerzett a Nemzetk\u00f6zi Bank\u00e1rk\u00e9pz\u0151 K\u00f6zpont EFFAS-k\u00e9pz\u00e9s\u00e9nek sikeres elv\u00e9gz\u00e9se ut\u00e1n. \u00dajs\u00e1g\u00edr\u00f3i munk\u00e1j\u00e1t 2014-ben Junior Prima d\u00edjjal ismert\u00e9k el, Magyar Sajt\u00f3 kateg\u00f3ri\u00e1ban. Lapigazgat\u00f3i feladatai mellett a hazai k\u00f6lts\u00e9gvet\u00e9s \u00e9s magyar eg\u00e9szs\u00e9g\u00fcgyi rendszer t\u00e9m\u00e1j\u00e1ban \u00edr rendszeresen elemz\u00e9seket, k\u00e9sz\u00edt szakmai interj\u00fakat. A mag\u00e1neg\u00e9szs\u00e9g\u00fcgyi piac tal\u00e1lkoz\u00e1si pontj\u00e1v\u00e1 v\u00e1lt Private Health Forum szakmai programj\u00e1nak felel\u0151se.<\/p>\n<hr \/>\n<p style=\"text-align: justify\"><img loading=\"lazy\" decoding=\"async\" class=\"wp-image-21454 alignleft\" src=\"https:\/\/semmelweis.hu\/emk\/files\/2023\/11\/Dr.-Gaal-Peter-Andras-276_web-1-400x400.jpg\" alt=\"\" width=\"300\" height=\"300\" srcset=\"https:\/\/semmelweis.hu\/emk\/files\/2023\/11\/Dr.-Gaal-Peter-Andras-276_web-1-400x400.jpg 400w, https:\/\/semmelweis.hu\/emk\/files\/2023\/11\/Dr.-Gaal-Peter-Andras-276_web-1-1024x1024.jpg 1024w, https:\/\/semmelweis.hu\/emk\/files\/2023\/11\/Dr.-Gaal-Peter-Andras-276_web-1-150x150.jpg 150w, https:\/\/semmelweis.hu\/emk\/files\/2023\/11\/Dr.-Gaal-Peter-Andras-276_web-1-768x768.jpg 768w, https:\/\/semmelweis.hu\/emk\/files\/2023\/11\/Dr.-Gaal-Peter-Andras-276_web-1-753x753.jpg 753w, https:\/\/semmelweis.hu\/emk\/files\/2023\/11\/Dr.-Gaal-Peter-Andras-276_web-1.jpg 1500w\" sizes=\"auto, (max-width: 300px) 100vw, 300px\" \/><strong>Dr. Ga\u00e1l P\u00e9ter<\/strong>, egyetemi tan\u00e1r, Eg\u00e9szs\u00e9g\u00fcgyi K\u00f6zszolg\u00e1lati Kar<\/p>\n<p style=\"text-align: justify\">1993-ban v\u00e9gzett a Semmelweis Orvostudom\u00e1nyi Egyetem \u00c1ltal\u00e1nos Orvostudom\u00e1nyi Kar\u00e1n, 1995-ben szerzett Master of Science fokozatot eg\u00e9szs\u00e9g\u00fcgyi menedzsmentb\u0151l a Londoni Egyetemen, 2004-ben pedig ugyanott sikerrel v\u00e9dte meg PhD \u00e9rtekez\u00e9s\u00e9t a magyarorsz\u00e1gi h\u00e1lap\u00e9nz jelens\u00e9g\u00e9nek t\u00e9mak\u00f6r\u00e9ben. A paraszolvencia \u00fajszer\u0171 \u00e9rtelmez\u00e9si keret\u00e9t bemutat\u00f3 angol nyelv\u0171 cikk\u00e9vel 2005-ben elnyerte az Eur\u00f3pai Eg\u00e9szs\u00e9g\u00fcgyi Menedzsment T\u00e1rsas\u00e1g (EHMA) \u00e9s a Karolinska Egyetem k\u00f6z\u00f6s kutat\u00e1si, publik\u00e1ci\u00f3s d\u00edj\u00e1t. 2011-t\u0151l az IME Szerkeszt\u0151bizotts\u00e1g\u00e1nak tagja, 2017-t\u0151l pedig a Magyar Eg\u00e9szs\u00e9g\u00fcgyi Menedzsment T\u00e1rsas\u00e1g eln\u00f6ke, amely 2021-ben vette \u00e1t az IME tudom\u00e1nyos foly\u00f3iratot, \u00e9s a lapkiad\u00e1s mellett szervez\u0151je az IME konferenci\u00e1knak is. A\u00a0 Semmelweis\u00a0 Egyetem\u00a0 Eg\u00e9szs\u00e9g\u00fcgyi Menedzserk\u00e9pz\u0151 K\u00f6zpont vezet\u0151 oktat\u00f3ja \u00e9s kutat\u00f3ja. 2023 szeptember\u00e9ben vette \u00e1t egyetemi tan\u00e1ri kinevez\u00e9s\u00e9t. Szakter\u00fclete az eg\u00e9szs\u00e9gpolitika, az eg\u00e9szs\u00e9g\u00fcgyi finansz\u00edroz\u00e1s, az eg\u00e9szs\u00e9g\u00fcgyi rendszerek teljes\u00edtm\u00e9ny\u00e9rt\u00e9kel\u00e9se \u00e9s az ell\u00e1t\u00e1sszervez\u00e9s.\u00a0<\/p>\n<hr \/>\n<p style=\"text-align: justify\"><strong><img loading=\"lazy\" decoding=\"async\" class=\"wp-image-21463 alignleft\" src=\"https:\/\/semmelweis.hu\/emk\/files\/2023\/12\/Kadar_Magdolna-400x263.jpg\" alt=\"\" width=\"300\" height=\"197\" srcset=\"https:\/\/semmelweis.hu\/emk\/files\/2023\/12\/Kadar_Magdolna-400x263.jpg 400w, https:\/\/semmelweis.hu\/emk\/files\/2023\/12\/Kadar_Magdolna.jpg 585w\" sizes=\"auto, (max-width: 300px) 100vw, 300px\" \/>Dr. K\u00e1d\u00e1r Magdolna<\/strong>, f\u0151oszt\u00e1lyvezet\u0151, Bel\u00fcgyminiszt\u00e9rium, Eg\u00e9szs\u00e9g\u00fcgyi Fejleszt\u00e9spolitikai F\u0151oszt\u00e1ly<\/p>\n<p style=\"text-align: justify\">Okleveles n\u00e9peg\u00e9szs\u00e9g\u00fcgyi szakember, eg\u00e9szs\u00e9gtudom\u00e1ny<\/p>\n<hr \/>\n<p style=\"text-align: justify\"><strong><img loading=\"lazy\" decoding=\"async\" class=\"wp-image-21357 alignleft\" src=\"https:\/\/semmelweis.hu\/emk\/files\/2023\/11\/Mag-Zoltan-20180501-267x400.jpg\" alt=\"\" width=\"300\" height=\"449\" srcset=\"https:\/\/semmelweis.hu\/emk\/files\/2023\/11\/Mag-Zoltan-20180501-267x400.jpg 267w, https:\/\/semmelweis.hu\/emk\/files\/2023\/11\/Mag-Zoltan-20180501-684x1024.jpg 684w, https:\/\/semmelweis.hu\/emk\/files\/2023\/11\/Mag-Zoltan-20180501-768x1150.jpg 768w, https:\/\/semmelweis.hu\/emk\/files\/2023\/11\/Mag-Zoltan-20180501-1026x1536.jpg 1026w, https:\/\/semmelweis.hu\/emk\/files\/2023\/11\/Mag-Zoltan-20180501-1368x2048.jpg 1368w, https:\/\/semmelweis.hu\/emk\/files\/2023\/11\/Mag-Zoltan-20180501-753x1128.jpg 753w, https:\/\/semmelweis.hu\/emk\/files\/2023\/11\/Mag-Zoltan-20180501.jpg 1536w\" sizes=\"auto, (max-width: 300px) 100vw, 300px\" \/>Mag Zolt\u00e1n,<\/strong> Debreceni Egyetem Innov\u00e1ci\u00f3s \u00d6kosziszt\u00e9ma K\u00f6zpont<\/p>\n<p style=\"text-align: justify\">Szakmai p\u00e1lyafut\u00e1sa sor\u00e1n minden szf\u00e9r\u00e1ban (gy\u00e1rt\u00f3, szolg\u00e1ltat\u00f3, k\u00f6lts\u00e9gvet\u00e9si, \u00e1llamigazgat\u00e1si) dolgozott fels\u0151vezet\u0151k\u00e9nt. A Debreceni Egyetem v\u00e1llalkoz\u00e1si \u00e9s innov\u00e1ci\u00f3s klubj\u00e1nak mentora. Egy \u00e1ltala mentor\u00e1lt startup orsz\u00e1gos innov\u00e1ci\u00f3s p\u00e1ly\u00e1zaton els\u0151 helyez\u00e9st \u00e9rt el. A &#8222;szakter\u00fclete&#8221; az egy\u00e9ni \u00e9s k\u00f6z\u00f6ss\u00e9gi eredm\u00e9nyess\u00e9g n\u00f6vel\u00e9se az innov\u00e1ci\u00f3s attit\u0171d megismer\u00e9se \u00e9s elsaj\u00e1t\u00edt\u00e1sa r\u00e9v\u00e9n.\u00a0<\/p>\n<hr \/>\n<p style=\"font-weight: 400;text-align: justify\"><strong><img loading=\"lazy\" decoding=\"async\" class=\"wp-image-21458 alignleft\" src=\"https:\/\/semmelweis.hu\/emk\/files\/2023\/11\/Olah-Andras-kep-386x400.png\" alt=\"\" width=\"300\" height=\"311\" srcset=\"https:\/\/semmelweis.hu\/emk\/files\/2023\/11\/Olah-Andras-kep-386x400.png 386w, https:\/\/semmelweis.hu\/emk\/files\/2023\/11\/Olah-Andras-kep-989x1024.png 989w, https:\/\/semmelweis.hu\/emk\/files\/2023\/11\/Olah-Andras-kep-768x795.png 768w, https:\/\/semmelweis.hu\/emk\/files\/2023\/11\/Olah-Andras-kep-753x779.png 753w, https:\/\/semmelweis.hu\/emk\/files\/2023\/11\/Olah-Andras-kep.png 1337w\" sizes=\"auto, (max-width: 300px) 100vw, 300px\" \/>Dr. Ol\u00e1h Andr\u00e1s, <\/strong><strong>vezet\u0151 eg\u00e9szs\u00e9g\u00fcgyi szak\u00e9rt\u0151<\/strong><\/p>\n<p style=\"font-weight: 400;text-align: justify\">Az Eg\u00e9szs\u00e9ginformatikai Szolg\u00e1ltat\u00f3 \u00e9s Fejleszt\u0151 K\u00f6zpont vezet\u0151 eg\u00e9szs\u00e9g\u00fcgyi szak\u00e9rt\u0151je, \u00c1llamtitk\u00e1ri \u00c1TR \u00c1pol\u00e1sszakmai Koordin\u00e1tor. T\u00f6bb mint 20 \u00e9ve l\u00e1t el egyetemi oktat\u00f3i, vezet\u0151i, kutat\u00f3i, K+F tev\u00e9kenys\u00e9get. Innovat\u00edv fejleszt\u0151 e\/M Health ter\u00fcleten, kiemelten a protot\u00edpus smart eszk\u00f6zfejleszt\u00e9s, telemedicina, medikai rendszer szoftverfejleszt\u00e9s, robotiz\u00e1lt eg\u00e9szs\u00e9g\u00fcgyi ell\u00e1t\u00e1s ter\u00fclet\u00e9n.<\/p>\n<hr \/>\n<p style=\"text-align: justify\"><b><img loading=\"lazy\" decoding=\"async\" class=\"wp-image-21390 alignleft\" src=\"https:\/\/semmelweis.hu\/emk\/files\/2023\/11\/Szocska_Miklos.jpg\" alt=\"\" width=\"300\" height=\"322\" \/>Dr. Sz\u00f3cska Mikl\u00f3s, <\/b>egyetemi tan\u00e1r, Semmelweis Egyetem Eg\u00e9szs\u00e9g\u00fcgyi K\u00f6zszolg\u00e1lati Kar, d\u00e9k\u00e1n<\/p>\n<p style=\"text-align: justify\"><span style=\"font-weight: 400\">1989-ben szerzett orvosi diplom\u00e1t a Semmelweis Egyetemen, ahol a k\u00e9pz\u00e9s ideje alatt \u2013 ellenz\u00e9kik\u00e9nt \u2013 az \u00e9vfolyam\u00e1nak eln\u00f6k\u00e9v\u00e9 v\u00e1lasztott\u00e1k. \u00c9rdekl\u0151d\u00e9se ennek hat\u00e1s\u00e1ra az eg\u00e9szs\u00e9g\u00fcgyi menedzsment ir\u00e1ny\u00e1ba fordult, ez\u00e9rt a diplom\u00e1ja megszerz\u00e9s\u00e9t k\u00f6vet\u0151en koll\u00e9g\u00e1ival egy\u00fctt megalap\u00edtotta az az\u00f3ta m\u00e1r k\u00f6zel 30 \u00e9ves Eg\u00e9szs\u00e9g\u00fcgyi Menedzserk\u00e9pz\u0151 K\u00f6zpontot, amelynek jelenleg is vezet\u0151je. A menedzserk\u00e9pz\u0151 tan\u00e1ri kar\u00e1nak tagjak\u00e9nt a Harvard Egyetem John F. Kennedy Korm\u00e1nyzati Iskol\u00e1j\u00e1ban Master of Public Administration diplom\u00e1t szerzett, tov\u00e1bb\u00e1 a Semmelweis Egyetemen v\u00e1ltoztat\u00e1smenedzsment t\u00e9m\u00e1ban sikeresen megv\u00e9dte doktori disszert\u00e1ci\u00f3j\u00e1t. 2010 \u00e9s 2014 k\u00f6z\u00f6tt eg\u00e9szs\u00e9g\u00fcgy\u00e9rt felel\u0151s \u00e1llamtitk\u00e1ri poz\u00edci\u00f3t t\u00f6lt\u00f6tt be. \u00c1llamtitk\u00e1rk\u00e9nt k\u00fcl\u00f6n\u00f6sen nagy hangs\u00falyt fektetett a bizony\u00edt\u00e9kon alapul\u00f3 konzultat\u00edv eg\u00e9szs\u00e9gpolitika meghonos\u00edt\u00e1s\u00e1ra \u00e9s az eg\u00e9szs\u00e9g\u00fcgyi dolgoz\u00f3k b\u00e9remel\u00e9s\u00e9re, de legf\u0151bb eredm\u00e9nyeinek m\u00e9gis a n\u00e9peg\u00e9szs\u00e9g\u00fcgyi term\u00e9kad\u00f3 bevezet\u00e9se, a doh\u00e1nyz\u00e1s visszaszor\u00edt\u00e1sa, a k\u00f3rh\u00e1zi rendszerek k\u00f6zpontos\u00edt\u00e1sa \u00e9s az e-eg\u00e9szs\u00e9g\u00fcgy megalapoz\u00e1sa tekinthet\u0151. 2014-t\u0151l \u00fajra az Eg\u00e9szs\u00e9g\u00fcgyi Menedzserk\u00e9pz\u0151 K\u00f6zpont vezet\u0151je \u00e9s oktat\u00f3ja, 2016 szeptember\u00e9ben a korm\u00e1ny jel\u00f6lte a <\/span><span style=\"font-weight: 400\">WHO<\/span><span style=\"font-weight: 400\"> (World Health Organization, az ENSZ eg\u00e9szs\u00e9g\u00fcgyi szervezete) f\u0151igazgat\u00f3i posztj\u00e1ra. 2019-t\u0151l a Semmelweis Egyetem Eg\u00e9szs\u00e9g\u00fcgyi K\u00f6zszolg\u00e1lati Kar\u00e1nak d\u00e9k\u00e1nja, 2023 m\u00e1jus\u00e1t\u00f3l a Bel\u00fcgyminiszt\u00e9rium Mesters\u00e9ges Intelligencia Munkacsoportj\u00e1nak vezet\u0151je. F\u0151bb kutat\u00e1si \u00e9s oktat\u00e1si ter\u00fcletei a h\u00e1l\u00f3zatelemz\u00e9s, a vezet\u00e9sfejleszt\u00e9s \u00e9s v\u00e1ltoztat\u00e1smenedzsment, tov\u00e1bb\u00e1 a mesters\u00e9ges intelligencia \u00e9s adatvez\u00e9rtelt eg\u00e9szs\u00e9g megold\u00e1sok.<\/span><\/p>\n<hr \/>\n<p style=\"text-align: justify\"><strong><img loading=\"lazy\" decoding=\"async\" class=\"wp-image-21455 size-medium alignleft\" src=\"https:\/\/semmelweis.hu\/emk\/files\/2023\/11\/Velkey-300x400.jpg\" alt=\"\" width=\"300\" height=\"400\" srcset=\"https:\/\/semmelweis.hu\/emk\/files\/2023\/11\/Velkey-300x400.jpg 300w, https:\/\/semmelweis.hu\/emk\/files\/2023\/11\/Velkey.jpg 600w\" sizes=\"auto, (max-width: 300px) 100vw, 300px\" \/>Dr. Velkey Gy\u00f6rgy J\u00e1nos<\/strong>, f\u0151igazgat\u00f3, Bethesda Gyermekk\u00f3rh\u00e1z<\/p>\n<p style=\"text-align: justify\">Csecsem\u0151-\u00e9s gyermekgy\u00f3gy\u00e1sz, aneszteziol\u00f3gia-intenz\u00edv ter\u00e1pi\u00e1s \u00e9s gyermek intenz\u00edv ter\u00e1pi\u00e1s szakorvos, eg\u00e9szs\u00e9g\u00fcgyi szakmenedzser. Orvos- \u00e9s szakorvos k\u00e9pz\u00e9seit a Debreceni \u00e9s a Semmelweis Egyetemeken v\u00e9gezte. 20 \u00e9ve a Magyarorsz\u00e1gi Reform\u00e1tus Egyh\u00e1z Bethesda Gyermekk\u00f3rh\u00e1z\u00e1nak f\u0151igazgat\u00f3ja, k\u00f6zben \u00e1tmenetileg p\u00e1rhuzamosan a Mosd\u00f3si T\u00fcd\u0151- \u00e9s Sz\u00edvk\u00f3rh\u00e1z f\u0151igazgat\u00f3i feladatait is ell\u00e1tta. Egy-egy cikluson \u00e1t eln\u00f6ke volt a Magyar Gyermekaneszteziol\u00f3giai \u00e9s Intenz\u00edv Ter\u00e1pi\u00e1s T\u00e1rsas\u00e1gnak \u00e9s a Magyar Gyermekorvosok T\u00e1rsas\u00e1g\u00e1nak. N\u00e9gy \u00e9vig vezette a f\u0151v\u00e1ros Eg\u00e9szs\u00e9g\u00fcgyi \u00e9s Szoci\u00e1lis Bizotts\u00e1g\u00e1t, r\u00e9szese volt a Semmelweis terv kidolgoz\u00e1s\u00e1nak. 2013-2016 k\u00f6z\u00f6tt el\u0151sz\u00f6r, id\u00e9n j\u00faniust\u00f3l pedig \u00fajra h\u00e1rom \u00e9vre megv\u00e1lasztott\u00e1k a Magyar K\u00f3rh\u00e1zsz\u00f6vets\u00e9g eln\u00f6k\u00e9nek.<\/p>\n","protected":false},"excerpt":{"rendered":"<p>Bubori Zsolt, EIT Health Bubori Zsolt k\u00f6zgazd\u00e1sz, az EIT Health \u00f6kosziszt\u00e9ma vezet\u0151jek\u00e9nt a magyar szerz\u0151d\u00f6tt partnereket k\u00f6ti \u00f6ssze az eur\u00f3pai eg\u00e9szs\u00e9g\u00fcgyi innov\u00e1ci\u00f3s kezdem\u00e9nyez\u00e9sekkel. Karrierje sor\u00e1n \u00fczleti tan\u00e1csad\u00f3k\u00e9nt dolgozott multinacion\u00e1lis c\u00e9geknek, mint p\u00e9ld\u00e1ul az Accenture \u00e9s Microsoft \u00e9s megalap\u00edtotta saj\u00e1t, eg\u00e9szs\u00e9g\u00fcgyi strat\u00e9gia alkot\u00e1ssal \u00e9s vezet\u0151i tan\u00e1csad\u00e1ssal foglalkoz\u00f3 c\u00e9g\u00e9t is. Magyarorsz\u00e1gon \u00e9s k\u00fclf\u00f6ld\u00f6n, az \u00e1llami- \u00e9s mag\u00e1nszf\u00e9r\u00e1ban &hellip;<\/p>\n","protected":false},"author":101539,"featured_media":0,"parent":0,"menu_order":0,"comment_status":"closed","ping_status":"closed","template":"","meta":{"_acf_changed":false,"footnotes":""},"categories":[300],"tags":[302,304,288],"class_list":["post-21354","page","type-page","status-publish","hentry","category-hack4cure2023","tag-hack4cure","tag-hack4cure2023","tag-hackaton-hu"],"acf":[],"_links":{"self":[{"href":"https:\/\/semmelweis.hu\/emk\/wp-json\/wp\/v2\/pages\/21354","targetHints":{"allow":["GET"]}}],"collection":[{"href":"https:\/\/semmelweis.hu\/emk\/wp-json\/wp\/v2\/pages"}],"about":[{"href":"https:\/\/semmelweis.hu\/emk\/wp-json\/wp\/v2\/types\/page"}],"author":[{"embeddable":true,"href":"https:\/\/semmelweis.hu\/emk\/wp-json\/wp\/v2\/users\/101539"}],"replies":[{"embeddable":true,"href":"https:\/\/semmelweis.hu\/emk\/wp-json\/wp\/v2\/comments?post=21354"}],"version-history":[{"count":10,"href":"https:\/\/semmelweis.hu\/emk\/wp-json\/wp\/v2\/pages\/21354\/revisions"}],"predecessor-version":[{"id":24810,"href":"https:\/\/semmelweis.hu\/emk\/wp-json\/wp\/v2\/pages\/21354\/revisions\/24810"}],"wp:attachment":[{"href":"https:\/\/semmelweis.hu\/emk\/wp-json\/wp\/v2\/media?parent=21354"}],"wp:term":[{"taxonomy":"category","embeddable":true,"href":"https:\/\/semmelweis.hu\/emk\/wp-json\/wp\/v2\/categories?post=21354"},{"taxonomy":"post_tag","embeddable":true,"href":"https:\/\/semmelweis.hu\/emk\/wp-json\/wp\/v2\/tags?post=21354"}],"curies":[{"name":"wp","href":"https:\/\/api.w.org\/{rel}","templated":true}]}}