{"id":21319,"date":"2023-11-21T11:34:42","date_gmt":"2023-11-21T10:34:42","guid":{"rendered":"https:\/\/semmelweis.hu\/emk\/?page_id=21319"},"modified":"2025-03-27T16:22:15","modified_gmt":"2025-03-27T15:22:15","slug":"a-hack4cure-hackathon-mentorai","status":"publish","type":"page","link":"https:\/\/semmelweis.hu\/emk\/a-hack4cure-hackathon-mentorai\/","title":{"rendered":"A Hack4Cure hackathon mentorai &#8211; 2023"},"content":{"rendered":"<p style=\"text-align: justify\"><b><img loading=\"lazy\" decoding=\"async\" class=\"wp-image-21427 alignleft\" src=\"https:\/\/semmelweis.hu\/emk\/files\/2023\/11\/Alpern_Linda-329x400.jpg\" alt=\"\" width=\"300\" height=\"365\" srcset=\"https:\/\/semmelweis.hu\/emk\/files\/2023\/11\/Alpern_Linda-329x400.jpg 329w, https:\/\/semmelweis.hu\/emk\/files\/2023\/11\/Alpern_Linda-842x1024.jpg 842w, https:\/\/semmelweis.hu\/emk\/files\/2023\/11\/Alpern_Linda-768x934.jpg 768w, https:\/\/semmelweis.hu\/emk\/files\/2023\/11\/Alpern_Linda-1263x1536.jpg 1263w, https:\/\/semmelweis.hu\/emk\/files\/2023\/11\/Alpern_Linda-753x916.jpg 753w, https:\/\/semmelweis.hu\/emk\/files\/2023\/11\/Alpern_Linda.jpg 1536w\" sizes=\"auto, (max-width: 300px) 100vw, 300px\" \/>Alpern Linda, <\/b>eg\u00e9szs\u00e9g\u00fcgyi vizu\u00e1lis kommunik\u00e1ci\u00f3s szakember, <span style=\"font-weight: 400\">Semmelweis Egyetem <\/span>Eg\u00e9szs\u00e9g\u00fcgyi Menedzserk\u00e9pz\u0151 K\u00f6zpont<\/p>\n<p style=\"text-align: justify\"><span style=\"font-weight: 400\">8 \u00e9ve dolgozik az eg\u00e9szs\u00e9g\u00fcgy ter\u00fclet\u00e9n. A MOME-n v\u00e9gzett, ipari formatervez\u0151k\u00e9nt, majd a NEFI-ben kezdett el dolgozni n\u00e9peg\u00e9szs\u00e9g\u00fcgyi kamp\u00e1nyok kreat\u00edv csapat\u00e1ban. 2 \u00e9v ut\u00e1n \u00e9rkezett az Eg\u00e9szs\u00e9g\u00fcgyi Menedzserk\u00e9pz\u0151 K\u00f6zpontba, ahol m\u00e1r 8 \u00e9ve eg\u00e9szs\u00e9g\u00fcgyi vizu\u00e1lis kommunik\u00e1ci\u00f3s szakemberk\u00e9nt tev\u00e9kenykedik. Szakter\u00fclet\u00e9t 2 \u00e9vig tan\u00edtotta is. Mindek\u00f6zben k\u00f6zel k\u00e9t \u00e9vig a WHO munkat\u00e1rsa is volt, ahol digit\u00e1lis eg\u00e9szs\u00e9g\u00fcgyi rendezv\u00e9nyek vizu\u00e1lis kommunik\u00e1ci\u00f3s anyagain dolgozott.<\/span><\/p>\n<hr \/>\n<p style=\"text-align: justify\"><span style=\"font-weight: 400\"><strong><img loading=\"lazy\" decoding=\"async\" class=\"wp-image-21429 alignleft\" src=\"https:\/\/semmelweis.hu\/emk\/files\/2023\/11\/DavidovicsKrisztina-foto_-217x400.jpg\" alt=\"\" width=\"300\" height=\"553\" srcset=\"https:\/\/semmelweis.hu\/emk\/files\/2023\/11\/DavidovicsKrisztina-foto_-217x400.jpg 217w, https:\/\/semmelweis.hu\/emk\/files\/2023\/11\/DavidovicsKrisztina-foto_-555x1024.jpg 555w, https:\/\/semmelweis.hu\/emk\/files\/2023\/11\/DavidovicsKrisztina-foto_-768x1417.jpg 768w, https:\/\/semmelweis.hu\/emk\/files\/2023\/11\/DavidovicsKrisztina-foto_-833x1536.jpg 833w, https:\/\/semmelweis.hu\/emk\/files\/2023\/11\/DavidovicsKrisztina-foto_-1110x2048.jpg 1110w, https:\/\/semmelweis.hu\/emk\/files\/2023\/11\/DavidovicsKrisztina-foto_-753x1389.jpg 753w, https:\/\/semmelweis.hu\/emk\/files\/2023\/11\/DavidovicsKrisztina-foto_-scaled.jpg 1388w\" sizes=\"auto, (max-width: 300px) 100vw, 300px\" \/>Dr. Davidovics Krisztina<\/strong>, <\/span><span style=\"font-weight: 400\">mesteroktat\u00f3, eg\u00e9szs\u00e9g\u00fcgyi jogi \u00e9s eg\u00e9szs\u00e9gpolitikai szak\u00e9rt\u0151, <\/span><span style=\"font-weight: 400\">Semmelweis Egyetem Eg\u00e9szs\u00e9g\u00fcgyi Menedzserk\u00e9pz\u0151 K\u00f6zpont<\/span><\/p>\n<p style=\"text-align: justify\"><span style=\"font-weight: 400\">2004-ben v\u00e9gzett az E\u00f6tv\u00f6s Lor\u00e1nd Tudom\u00e1nyegyetem \u00c1llam- \u00e9s Jogtudom\u00e1nyi Kar\u00e1n jog\u00e1szk\u00e9nt, majd 2008-ban ugyanitt Szab\u00e1lyoz\u00e1si (kodifik\u00e1tor) Szakjog\u00e1sz szakon LL.M. fokozatot szerzett. Kutat\u00e1si \u00e9s oktat\u00e1si t\u00e9m\u00e1ihoz illeszked\u0151en, 2023-ban, Hollandi\u00e1ban egy tov\u00e1bbi LL.M. diplom\u00e1t szerzett \u2019Law and Technology\u2019 mesterprogramon. 2005 \u00e9s 2011 k\u00f6z\u00f6tt az Igazs\u00e1g\u00fcgyi Miniszt\u00e9rium k\u00f6zjogi kodifik\u00e1ci\u00f3s szakter\u00fclet\u00e9n a hazai szab\u00e1lyoz\u00e1si rendszer sz\u00e1mos ter\u00fclet\u00e9n szakmai \u00e9s vezet\u0151i tapasztalatokra tett szert. Ezt k\u00f6vet\u0151en 2012 \u00e9s 2019 k\u00f6z\u00f6tt a Semmelweis Egyetem Eg\u00e9szs\u00e9g\u00fcgyi K\u00f6zszolg\u00e1lati Kara D\u00e9k\u00e1ni Hivatal\u00e1nak vezet\u0151jek\u00e9nt, majd 2020 \u00f3ta ugyanitt az Eg\u00e9szs\u00e9g\u00fcgyi Menedzserk\u00e9pz\u0151 K\u00f6zpont k\u00f6tel\u00e9k\u00e9ben eg\u00e9szs\u00e9g\u00fcgyi jogi \u00e9s eg\u00e9szs\u00e9gpolitikai szak\u00e9rt\u0151k\u00e9nt, 2023 november\u00e9t\u0151l mesteroktat\u00f3k\u00e9nt dolgozik. Ennek keret\u00e9ben akt\u00edv tagja az Eg\u00e9szs\u00e9g\u00fcgyi Menedzserk\u00e9pz\u0151 K\u00f6zpont adatvez\u00e9relt eg\u00e9szs\u00e9g\u00fcgyi, eg\u00e9szs\u00e9gbiztons\u00e1gi, eg\u00e9szs\u00e9gpolitikai t\u00e1rgyk\u00f6r\u00f6kkel \u00f6sszef\u00fcgg\u0151 tud\u00e1sk\u00f6zpontjainak \u00e9s munkacsoportjainak. K\u00fcls\u0151 szak\u00e9rt\u0151je tov\u00e1bb\u00e1 a Magyar Eg\u00e9szs\u00e9g\u00fcgyi Menedzsment T\u00e1rsas\u00e1gnak. 2021 \u00f3ta szak\u00e9rt\u0151k\u00e9nt \u00e9s koordin\u00e1tork\u00e9nt k\u00f6zrem\u0171k\u00f6dik a Health Systems and Policy Monitor (HSPM Observatory) nemzetk\u00f6zi kutat\u00f3h\u00e1l\u00f3zatban a magyar kutat\u00f3csoport tagjak\u00e9nt. F\u0151bb szakter\u00fcletei: adatvez\u00e9relt eg\u00e9szs\u00e9g\u00fcgy, mesters\u00e9ges intelligencia alap\u00fa eg\u00e9szs\u00e9g\u00fcgyi megold\u00e1sok jogi \u00e9s etikai aspektusai, eg\u00e9szs\u00e9gpolitika, eg\u00e9szs\u00e9g\u00fcgyi rendszerek ir\u00e1ny\u00edt\u00e1si \u00e9s szab\u00e1lyoz\u00e1si k\u00e9rd\u00e9sei.<\/span><\/p>\n<hr \/>\n<p style=\"text-align: justify\"><b><img loading=\"lazy\" decoding=\"async\" class=\"wp-image-21323 alignleft\" src=\"https:\/\/semmelweis.hu\/emk\/files\/2023\/11\/Dr.-Deak-Mate-400x365.jpg\" alt=\"\" width=\"300\" height=\"274\" srcset=\"https:\/\/semmelweis.hu\/emk\/files\/2023\/11\/Dr.-Deak-Mate-400x365.jpg 400w, https:\/\/semmelweis.hu\/emk\/files\/2023\/11\/Dr.-Deak-Mate-768x701.jpg 768w, https:\/\/semmelweis.hu\/emk\/files\/2023\/11\/Dr.-Deak-Mate-753x688.jpg 753w, https:\/\/semmelweis.hu\/emk\/files\/2023\/11\/Dr.-Deak-Mate.jpg 853w\" sizes=\"auto, (max-width: 300px) 100vw, 300px\" \/>Dr. De\u00e1k M\u00e1t\u00e9, <\/b><span style=\"font-weight: 400\">innov\u00e1ci\u00f3s szak\u00e9rt\u0151, PTE-\u00c1OK Transzdiszciplin\u00e1ris Kutat\u00e1sok Int\u00e9zete<\/span><\/p>\n<p style=\"text-align: justify\"><span style=\"font-weight: 400\">A PTE B\u00f6lcs\u00e9szkar\u00e1nak \u00e9s Orvoskar\u00e1nak oktat\u00f3ja \u00e9s kutat\u00f3ja. Nem csak az Egyetem keretein bel\u00fcl fontos sz\u00e1m\u00e1ra a fejleszt\u00e9s, k\u00f6z\u00f6ss\u00e9gek \u00e9s kistelep\u00fcl\u00e9sek eset\u00e9ben is szervezi \u00e9s t\u00e1mogatja a helyi term\u00e9kek \u00e9s szolg\u00e1ltat\u00e1sok felt\u00e9rk\u00e9pez\u00e9s\u00e9t \u00e9s piacos\u00edt\u00e1s\u00e1t.<\/span><\/p>\n<hr \/>\n<p style=\"text-align: justify\"><b><img loading=\"lazy\" decoding=\"async\" class=\"alignleft wp-image-21331\" src=\"https:\/\/semmelweis.hu\/emk\/files\/2023\/11\/Dr.-Hargitai-Evelin-267x400.jpg\" alt=\"\" width=\"300\" height=\"450\" srcset=\"https:\/\/semmelweis.hu\/emk\/files\/2023\/11\/Dr.-Hargitai-Evelin-267x400.jpg 267w, https:\/\/semmelweis.hu\/emk\/files\/2023\/11\/Dr.-Hargitai-Evelin-683x1024.jpg 683w, https:\/\/semmelweis.hu\/emk\/files\/2023\/11\/Dr.-Hargitai-Evelin-768x1151.jpg 768w, https:\/\/semmelweis.hu\/emk\/files\/2023\/11\/Dr.-Hargitai-Evelin-1025x1536.jpg 1025w, https:\/\/semmelweis.hu\/emk\/files\/2023\/11\/Dr.-Hargitai-Evelin-1366x2048.jpg 1366w, https:\/\/semmelweis.hu\/emk\/files\/2023\/11\/Dr.-Hargitai-Evelin-753x1129.jpg 753w, https:\/\/semmelweis.hu\/emk\/files\/2023\/11\/Dr.-Hargitai-Evelin-scaled.jpg 1708w\" sizes=\"auto, (max-width: 300px) 100vw, 300px\" \/>Dr. Hargitai Evelin Gabriella, <\/b><span style=\"font-weight: 400\">kutat\u00e1s-fejleszt\u00e9si szak\u00e9rt\u0151, PTE-\u00c1OK Transzdiszciplin\u00e1ris Kutat\u00e1sok Int\u00e9zete<\/span><\/p>\n<p style=\"text-align: justify\"><span style=\"font-weight: 400\">Kommunik\u00e1ci\u00f3s szakember, tr\u00e9ner, coach. UX \u00e9s szoftvertesztel\u0151 tapasztalattal rendelkezik agilis k\u00f6rnyezetben. \u00c9rdekl\u0151d\u00e9si ter\u00fcletei az id\u0151s\u00e1pol\u00e1s \u00e9s a sport. Mentori szakter\u00fcletei a marketing, UX, kutat\u00e1sm\u00f3dszertan \u00e9s az adatvizualiz\u00e1ci\u00f3.<\/span><\/p>\n<hr \/>\n<p style=\"text-align: justify\"><b><img loading=\"lazy\" decoding=\"async\" class=\"wp-image-21402 alignleft\" src=\"https:\/\/semmelweis.hu\/emk\/files\/2023\/11\/Joo_Tomi-400x400.jpg\" alt=\"\" width=\"300\" height=\"300\" srcset=\"https:\/\/semmelweis.hu\/emk\/files\/2023\/11\/Joo_Tomi-400x400.jpg 400w, https:\/\/semmelweis.hu\/emk\/files\/2023\/11\/Joo_Tomi-1024x1024.jpg 1024w, https:\/\/semmelweis.hu\/emk\/files\/2023\/11\/Joo_Tomi-150x150.jpg 150w, https:\/\/semmelweis.hu\/emk\/files\/2023\/11\/Joo_Tomi-768x768.jpg 768w, https:\/\/semmelweis.hu\/emk\/files\/2023\/11\/Joo_Tomi-753x753.jpg 753w, https:\/\/semmelweis.hu\/emk\/files\/2023\/11\/Joo_Tomi.jpg 1500w\" sizes=\"auto, (max-width: 300px) 100vw, 300px\" \/>Dr. Jo\u00f3 Tam\u00e1s <\/b>k\u00f6zgazd\u00e1sz, eg\u00e9szs\u00e9gpolitikai szak\u00e9rt\u0151, elektronikus inform\u00e1ci\u00f3biztons\u00e1gi vezet\u0151, a Magyar Eg\u00e9szs\u00e9g\u00fcgyi Menedzsment T\u00e1rsas\u00e1g eln\u00f6khelyettese<\/p>\n<p style=\"text-align: justify\"><span style=\"font-weight: 400\">2011-2012 k\u00f6z\u00f6tt a Pfizer Gy\u00f3gyszerkereskedelmi Kft-n\u00e9l dolgozott Market Access trainee poz\u00edci\u00f3ban. 2012-t\u0151l 2014-ig az Eg\u00e9szs\u00e9g\u00fcgy\u00e9rt Felel\u0151s \u00c1llamtitk\u00e1rs\u00e1gon kezdetben gazdas\u00e1gi elemz\u0151k\u00e9nt, majd egy \u00e1gazati vezet\u0151i inform\u00e1ci\u00f3s rendszer kialak\u00edt\u00e1s\u00e1t c\u00e9lz\u00f3 uni\u00f3s projekt szakmai vezet\u0151jek\u00e9nt, v\u00e9g\u00fcl az \u00e1gazatvezet\u0151 szem\u00e9lyi titk\u00e1rak\u00e9nt tev\u00e9kenykedett. 2014-t\u0151l az EMK senior eg\u00e9szs\u00e9g\u00fcgyi k\u00f6zgazd\u00e1szak\u00e9nt, majd adjunktusak\u00e9nt hazai \u00e9s nemzetk\u00f6zi projektekben vesz r\u00e9szt, valamint digit\u00e1lis eg\u00e9szs\u00e9g\u00fcggyel, adattudom\u00e1nnyal, mesters\u00e9ges intelligenci\u00e1val, ipari befoly\u00e1sol\u00e1si technik\u00e1kkal, eg\u00e9szs\u00e9gbiztons\u00e1ggal \u00e9s kiberv\u00e9delemmel kapcsolatos ter\u00fcleteken v\u00e9gzi kutat\u00e1si \u00e9s oktat\u00e1si feladatait. PhD hallgat\u00f3k\u00e9nt a doh\u00e1nyz\u00e1s visszaszor\u00edt\u00e1s\u00e1ra ir\u00e1nyul\u00f3 int\u00e9zked\u00e9sek \u00e9rt\u00e9kel\u00e9s\u00e9t \u00e9s tov\u00e1bbi beavatkoz\u00e1si lehet\u0151s\u00e9gek kutat\u00e1s\u00e1t t\u00e1mogat\u00f3 innovat\u00edv m\u00f3dszerekkel kapcsolatban v\u00e9gezte tanulm\u00e1nyait, doktori fokozat\u00e1t 2022-ben szerezte meg.<\/span><\/p>\n<hr \/>\n<p style=\"text-align: justify\"><span style=\"font-weight: 400\"><strong><img loading=\"lazy\" decoding=\"async\" class=\"alignleft wp-image-21333\" src=\"https:\/\/semmelweis.hu\/emk\/files\/2023\/11\/Katona_Krisztia\u0301n-320x400.jpeg\" alt=\"\" width=\"300\" height=\"375\" \/>Dr. Katona Kriszti\u00e1n,<\/strong>\u00a0fogszakorvos, PTE KK Fog\u00e1szati \u00e9s Sz\u00e1jseb\u00e9szeti Klinika<\/span><\/p>\n<p style=\"text-align: justify\"><span style=\"font-weight: 400\">2015-ben szerzett fogorvosi diplom\u00e1t a P\u00e9csi Tudom\u00e1nyegyetem \u00c1ltal\u00e1nos Orvostudom\u00e1nyi Kar\u00e1n. 2016 \u00f3ta dolgozik az Egyetem Fog\u00e1szati \u00e9s Sz\u00e1jseb\u00e9szeti Klinik\u00e1j\u00e1n, 2018-ban szerzett PhD fokozatot, majd dentoalveolaris seb\u00e9szet \u00e9s gyermekfog\u00e1szat szakvizsg\u00e1kat.\u00a0<\/span><\/p>\n<hr \/>\n<p style=\"text-align: justify\"><strong><img loading=\"lazy\" decoding=\"async\" class=\"alignleft wp-image-21334\" src=\"https:\/\/semmelweis.hu\/emk\/files\/2023\/11\/FB_IMG_1700495054151-400x400.jpg\" alt=\"\" width=\"300\" height=\"300\" srcset=\"https:\/\/semmelweis.hu\/emk\/files\/2023\/11\/FB_IMG_1700495054151-400x400.jpg 400w, https:\/\/semmelweis.hu\/emk\/files\/2023\/11\/FB_IMG_1700495054151-150x150.jpg 150w, https:\/\/semmelweis.hu\/emk\/files\/2023\/11\/FB_IMG_1700495054151-768x768.jpg 768w, https:\/\/semmelweis.hu\/emk\/files\/2023\/11\/FB_IMG_1700495054151-753x753.jpg 753w, https:\/\/semmelweis.hu\/emk\/files\/2023\/11\/FB_IMG_1700495054151.jpg 960w\" sizes=\"auto, (max-width: 300px) 100vw, 300px\" \/>Kiss \u00c1kos, <\/strong>i<span style=\"font-weight: 400\">nnov\u00e1ci\u00f3s manager, <\/span><span style=\"font-weight: 400\">Debreceni Egyetem Innov\u00e1ci\u00f3s \u00d6kosziszt\u00e9ma K\u00f6zpont<\/span><\/p>\n<p style=\"text-align: justify\"><span style=\"font-weight: 400\">Korai f\u00e1zis\u00fa startupok seg\u00edt\u0151je, mentora, startup \u00f6kosziszt\u00e9ma \u00e9p\u00edt\u0151. F\u0151 ter\u00fcletek: sport- \u00e9s zeneipari innov\u00e1ci\u00f3k, \u0171ripar.<\/span><\/p>\n<hr \/>\n<p style=\"text-align: justify\"><span style=\"font-weight: 400\"><strong><img loading=\"lazy\" decoding=\"async\" class=\"wp-image-21431 alignleft\" src=\"https:\/\/semmelweis.hu\/emk\/files\/2023\/11\/Koleszar-Zoltan_ADV_Technology-Advisory-267x400.jpg\" alt=\"\" width=\"300\" height=\"450\" srcset=\"https:\/\/semmelweis.hu\/emk\/files\/2023\/11\/Koleszar-Zoltan_ADV_Technology-Advisory-267x400.jpg 267w, https:\/\/semmelweis.hu\/emk\/files\/2023\/11\/Koleszar-Zoltan_ADV_Technology-Advisory-683x1024.jpg 683w, https:\/\/semmelweis.hu\/emk\/files\/2023\/11\/Koleszar-Zoltan_ADV_Technology-Advisory-768x1151.jpg 768w, https:\/\/semmelweis.hu\/emk\/files\/2023\/11\/Koleszar-Zoltan_ADV_Technology-Advisory-1025x1536.jpg 1025w, https:\/\/semmelweis.hu\/emk\/files\/2023\/11\/Koleszar-Zoltan_ADV_Technology-Advisory-1366x2048.jpg 1366w, https:\/\/semmelweis.hu\/emk\/files\/2023\/11\/Koleszar-Zoltan_ADV_Technology-Advisory-753x1129.jpg 753w, https:\/\/semmelweis.hu\/emk\/files\/2023\/11\/Koleszar-Zoltan_ADV_Technology-Advisory-scaled.jpg 1708w\" sizes=\"auto, (max-width: 300px) 100vw, 300px\" \/>Kolesz\u00e1r Zolt\u00e1n<\/strong>,\u00a0<\/span><span style=\"font-weight: 400\">menedzser a PwC Magyarorsz\u00e1g Kft. Technol\u00f3giai Tan\u00e1csad\u00e1si csapat\u00e1ban<\/span><\/p>\n<p style=\"text-align: justify\"><span style=\"font-weight: 400\">2016 \u00f3ta foglalkozik digit\u00e1lis term\u00e9kek \u00e9s szolg\u00e1ltat\u00e1sok fejleszt\u00e9s\u00e9vel \u00e9s megval\u00f3s\u00edt\u00e1s\u00e1val, k\u00fcl\u00f6nb\u00f6z\u0151 IT rendszerek bevezet\u00e9s\u00e9vel hazai \u00e9s nemzetk\u00f6zi nagyv\u00e1llalatokn\u00e1l, valamint startupokn\u00e1l egyar\u00e1nt. Sz\u00e9lesk\u00f6r\u0171 tapasztalattal rendelkezik design thinking \u00e9s services design m\u00f3dszertanokban, agilis term\u00e9kfejleszt\u00e9sben, valamint go-to-market strat\u00e9gia kialak\u00edt\u00e1sa ter\u00e9n, emellett pedig rendszeresen mentor\u00e1l startupokat is.<\/span><\/p>\n<hr \/>\n<p style=\"text-align: justify\"><span style=\"font-weight: 400\"><img loading=\"lazy\" decoding=\"async\" class=\"wp-image-21433 alignleft\" src=\"https:\/\/semmelweis.hu\/emk\/files\/2023\/11\/Kovacs-David-266x400.jpg\" alt=\"\" width=\"300\" height=\"451\" srcset=\"https:\/\/semmelweis.hu\/emk\/files\/2023\/11\/Kovacs-David-266x400.jpg 266w, https:\/\/semmelweis.hu\/emk\/files\/2023\/11\/Kovacs-David.jpg 532w\" sizes=\"auto, (max-width: 300px) 100vw, 300px\" \/><strong>Kov\u00e1cs D\u00e1vid,<\/strong> Senior Data Scientist, PwC Magyarorsz\u00e1g Kft.\u00a0<\/span><\/p>\n<p style=\"text-align: justify\"><span style=\"font-weight: 400\">K\u00f6zel 20 \u00e9ves data science projekt tapasztalattal rendelkezik, mely \u00e9vek alatt t\u00f6bb ipar\u00e1gban dolgozott (telekommunik\u00e1ci\u00f3, bank, eg\u00e9szs\u00e9g\u00fcgy, kiskereskedelem). Kulcsfontoss\u00e1g\u00fa szaktud\u00e1ssal rendelkezik tov\u00e1bb\u00e1 a statisztika, adatt\u00e1rh\u00e1z-fejleszt\u00e9s, programoz\u00e1s, az \u00fczleti intelligencia \u00e9s tan\u00e1csad\u00e1s ter\u00fclet\u00e9n. Munk\u00e1ja sor\u00e1n data science projektek el\u0151k\u00e9sz\u00edt\u00e9s\u00e9vel, adatalap\u00fa modellez\u00e9ssel, valamint az elemz\u00e9si \u00e9s modellez\u00e9si eredm\u00e9nyek implement\u00e1l\u00e1s\u00e1nak t\u00e1mogat\u00e1s\u00e1val foglalkozik mint tan\u00e1csad\u00f3.<\/span><\/p>\n<hr \/>\n<p style=\"text-align: justify\"><strong><img loading=\"lazy\" decoding=\"async\" class=\"wp-image-21421 alignleft\" src=\"https:\/\/semmelweis.hu\/emk\/files\/2023\/11\/kovats_tamas-313x400.jpg\" alt=\"\" width=\"300\" height=\"384\" srcset=\"https:\/\/semmelweis.hu\/emk\/files\/2023\/11\/kovats_tamas-313x400.jpg 313w, https:\/\/semmelweis.hu\/emk\/files\/2023\/11\/kovats_tamas-801x1024.jpg 801w, https:\/\/semmelweis.hu\/emk\/files\/2023\/11\/kovats_tamas-768x982.jpg 768w, https:\/\/semmelweis.hu\/emk\/files\/2023\/11\/kovats_tamas-1201x1536.jpg 1201w, https:\/\/semmelweis.hu\/emk\/files\/2023\/11\/kovats_tamas-1601x2048.jpg 1601w, https:\/\/semmelweis.hu\/emk\/files\/2023\/11\/kovats_tamas-753x963.jpg 753w, https:\/\/semmelweis.hu\/emk\/files\/2023\/11\/kovats_tamas.jpg 1885w\" sizes=\"auto, (max-width: 300px) 100vw, 300px\" \/>Kov\u00e1ts Tam\u00e1s<\/strong>, Semmelweis Egyetem Eg\u00e9szs\u00e9g\u00fcgyi Menedzserk\u00e9pz\u0151 K\u00f6zpont<\/p>\n<p style=\"text-align: justify\">Az ELTE Term\u00e9szettudom\u00e1nyi Kar\u00e1n programoz\u00f3 matematikusk\u00e9nt v\u00e9gzett, t\u00f6bb mint 20 \u00e9ve eg\u00e9szs\u00e9g\u00fcgyi adatokkal foglalkozik. Dolgozott az Orsz\u00e1gos Ment\u0151szolg\u00e1latn\u00e1l \u00e9s az Orsz\u00e1gos V\u00e9rell\u00e1t\u00f3 Szolg\u00e1latn\u00e1l, majd az Eg\u00e9szs\u00e9g\u00fcgyi Strat\u00e9giai Kutat\u00f3int\u00e9zethez ker\u00fclt. Kor\u00e1bban az adatt\u00e1rh\u00e1z fel\u00e9p\u00edt\u00e9s\u00e9re, lek\u00e9rdez\u0151 fel\u00fcletek l\u00e9trehoz\u00e1s\u00e1ra koncentr\u00e1lt. Jelenleg a struktur\u00e1lt adatokb\u00f3l t\u00f6rt\u00e9n\u0151 predikci\u00f3s modellek fel\u00e9p\u00edt\u00e9s\u00e9nek lehet\u0151s\u00e9geit kutatja.<\/p>\n<hr \/>\n<p style=\"text-align: justify\"><span style=\"font-weight: 400\"><img loading=\"lazy\" decoding=\"async\" class=\"wp-image-21404 alignleft\" src=\"https:\/\/semmelweis.hu\/emk\/files\/2023\/11\/Dr.-Kulja-Andras-339x400.jpg\" alt=\"\" width=\"300\" height=\"354\" srcset=\"https:\/\/semmelweis.hu\/emk\/files\/2023\/11\/Dr.-Kulja-Andras-339x400.jpg 339w, https:\/\/semmelweis.hu\/emk\/files\/2023\/11\/Dr.-Kulja-Andras-868x1024.jpg 868w, https:\/\/semmelweis.hu\/emk\/files\/2023\/11\/Dr.-Kulja-Andras-768x906.jpg 768w, https:\/\/semmelweis.hu\/emk\/files\/2023\/11\/Dr.-Kulja-Andras-1302x1536.jpg 1302w, https:\/\/semmelweis.hu\/emk\/files\/2023\/11\/Dr.-Kulja-Andras-1736x2048.jpg 1736w, https:\/\/semmelweis.hu\/emk\/files\/2023\/11\/Dr.-Kulja-Andras-753x889.jpg 753w\" sizes=\"auto, (max-width: 300px) 100vw, 300px\" \/><strong>Dr. Kulja Andr\u00e1s<\/strong> seb\u00e9sz-szakorvosjel\u00f6lt, <\/span><span style=\"font-weight: 400\">Gottsegen Gy\u00f6rgy Orsz\u00e1gos Kardiovaszkul\u00e1ris Int\u00e9zet<\/span><\/p>\n<p style=\"text-align: justify\"><span style=\"font-weight: 400\">Eg\u00e9szs\u00e9geduk\u00e1ci\u00f3s tartalomgy\u00e1rt\u00f3. 340 000 k\u00f6vet\u0151vel \u00e9s havi 8 milli\u00f3 megtekint\u00e9ssel a k\u00f6z\u00f6ss\u00e9gi m\u00e9dia fel\u00fcleteken Magyarorsz\u00e1g legnagyobb el\u00e9r\u00e9s\u0171 orvosa. Nemzetk\u00f6zi eg\u00e9szs\u00e9g\u00fcgyi szervezetek prevenci\u00f3s kamp\u00e1nyainak hazai partnere. <\/span><span style=\"font-weight: 400\">2016-ban szerzett orvosi diplom\u00e1t a Semmelweis Egyetemen. El\u0151sz\u00f6r pszichi\u00e1ter rezidensk\u00e9nt kezdte p\u00e1ly\u00e1j\u00e1t, k\u00e9s\u0151bb seb\u00e9szeti szakir\u00e1nyra v\u00e1ltott. 2021-ben elv\u00e9gezte a Semmelweis Egyetem Eg\u00e9szs\u00e9g\u00fcgyi Menedzser MSc k\u00e9pz\u00e9s\u00e9t, ezt k\u00f6vet\u0151en kezdett el orvosi munk\u00e1ja mellett betegeduk\u00e1ci\u00f3val \u00e9s a lakoss\u00e1gi eg\u00e9szs\u00e9g\u00e9rt\u00e9ssel foglalkozni. 2021-ben ind\u00edtotta eduk\u00e1ci\u00f3s TikTok csatorn\u00e1j\u00e1t, amely mostanra haz\u00e1nk egyik legnagyobb el\u00e9r\u00e9s\u0171 eg\u00e9szs\u00e9g\u00fcgyi eduk\u00e1ci\u00f3s fel\u00fclet\u00e9v\u00e9 n\u0151tte ki mag\u00e1t. <\/span><span style=\"font-weight: 400\">Fel\u00fcletein k\u00f6z\u00e9rthet\u0151, laikusok sz\u00e1m\u00e1ra is \u00e9rthet\u0151 m\u00f3don oszt meg evidence based eg\u00e9szs\u00e9g\u00e9rt\u00e9ssel kapcsolatos tartalmakat, amelyekkel sz\u00e1mos d\u00edjat is elnyert.\u00a0<\/span><span style=\"font-weight: 400\">2022-t\u0151l a Semmelweis Egyetemen Eg\u00e9szs\u00e9g- \u00e9s tudom\u00e1nykommunik\u00e1ci\u00f3 szabadon v\u00e1laszthat\u00f3 tant\u00e1rgy alap\u00edt\u00f3 oktat\u00f3ja.<\/span><\/p>\n<hr \/>\n<p style=\"text-align: justify\"><span style=\"font-weight: 400\"><img loading=\"lazy\" decoding=\"async\" class=\"wp-image-21345 alignleft\" src=\"https:\/\/semmelweis.hu\/emk\/files\/2023\/11\/Lendvay_Marcell-267x400.jpg\" alt=\"\" width=\"300\" height=\"450\" srcset=\"https:\/\/semmelweis.hu\/emk\/files\/2023\/11\/Lendvay_Marcell-267x400.jpg 267w, https:\/\/semmelweis.hu\/emk\/files\/2023\/11\/Lendvay_Marcell-683x1024.jpg 683w, https:\/\/semmelweis.hu\/emk\/files\/2023\/11\/Lendvay_Marcell-768x1152.jpg 768w, https:\/\/semmelweis.hu\/emk\/files\/2023\/11\/Lendvay_Marcell-1024x1536.jpg 1024w, https:\/\/semmelweis.hu\/emk\/files\/2023\/11\/Lendvay_Marcell-1366x2048.jpg 1366w, https:\/\/semmelweis.hu\/emk\/files\/2023\/11\/Lendvay_Marcell-753x1129.jpg 753w, https:\/\/semmelweis.hu\/emk\/files\/2023\/11\/Lendvay_Marcell.jpg 1707w\" sizes=\"auto, (max-width: 300px) 100vw, 300px\" \/><strong>Dr. Lendvay Marcell<\/strong>, <\/span><span style=\"font-weight: 400\">rezidens orvos, PhD-hallgat\u00f3, <\/span><span style=\"font-weight: 400\">P\u00e9csi Tudom\u00e1nyegyetem Klinikai K\u00f6zpont Reumatol\u00f3giai \u00e9s Immunol\u00f3giai Klinika<\/span><\/p>\n<p style=\"text-align: justify\"><span style=\"font-weight: 400\">A p\u00e9csi Reumatol\u00f3giai \u00e9s Immunol\u00f3giai Klinik\u00e1n dolgozik rezidens orvosk\u00e9nt \u00e9s PhD-hallgat\u00f3k\u00e9nt. T\u00e9m\u00e1i a cs\u00edp\u0151-\u00e9s t\u00e9rd tot\u00e1l endoprot\u00e9zist k\u00f6vet\u0151 rehabilit\u00e1ci\u00f3t befoly\u00e1sol\u00f3 faktorok felm\u00e9r\u00e9se. Szeptember \u00f3ta er\u0151s\u00edti a PTE ITD csapat\u00e1t, \u00f6r\u00f6mmel foglalkozik azzal, hogy hogyan lehet \u00e1t\u00fcltetni innov\u00e1ci\u00f3kat az elm\u00e9leti s\u00edkb\u00f3l a mindennapi gyakorlatba.<\/span><\/p>\n<hr \/>\n<p style=\"text-align: justify\"><span style=\"font-weight: 400\"><strong><img loading=\"lazy\" decoding=\"async\" class=\"wp-image-21407 alignleft\" src=\"https:\/\/semmelweis.hu\/emk\/files\/2023\/11\/Noa-foto-267x400.jpg\" alt=\"\" width=\"300\" height=\"450\" srcset=\"https:\/\/semmelweis.hu\/emk\/files\/2023\/11\/Noa-foto-267x400.jpg 267w, https:\/\/semmelweis.hu\/emk\/files\/2023\/11\/Noa-foto-683x1024.jpg 683w, https:\/\/semmelweis.hu\/emk\/files\/2023\/11\/Noa-foto-768x1152.jpg 768w, https:\/\/semmelweis.hu\/emk\/files\/2023\/11\/Noa-foto-1024x1536.jpg 1024w, https:\/\/semmelweis.hu\/emk\/files\/2023\/11\/Noa-foto-1365x2048.jpg 1365w, https:\/\/semmelweis.hu\/emk\/files\/2023\/11\/Noa-foto-753x1130.jpg 753w, https:\/\/semmelweis.hu\/emk\/files\/2023\/11\/Noa-foto-scaled.jpg 1707w\" sizes=\"auto, (max-width: 300px) 100vw, 300px\" \/>Dr. Liber No\u00e9mi<\/strong>, int\u00e9zetvezet\u0151-helyettes, innov\u00e1ci\u00f3s szak\u00e9rt\u0151, PTE \u00c1ltal\u00e1nos Orvostudom\u00e1nyi Kar, Transzdiszciplin\u00e1ris Kutat\u00e1sok Int\u00e9zete<\/span><\/p>\n<p style=\"text-align: justify\"><span style=\"font-weight: 400\">Jog\u00e1szk\u00e9nt diplom\u00e1zott a P\u00e9csi Tudom\u00e1nyegyetem \u00c1llam \u00e9s Jogtudom\u00e1nyi Kar\u00e1n, majd a Szellemi Tulajdon Nemzeti Hivatal\u00e1n\u00e1l Fels\u0151fok\u00fa Iparjogv\u00e9delmi szakk\u00e9pes\u00edt\u00e9st szerzett. Az innov\u00e1ci\u00f3 \u00e9s a szellemi term\u00e9k menedzsment ter\u00e9n az elm\u00falt t\u00edz \u00e9v sor\u00e1n szerzett tud\u00e1s\u00e1nak \u00e9s tapasztalat\u00e1nak k\u00f6sz\u00f6nhet\u0151en t\u00e1mogatja a hozz\u00e1juk \u00e9rkez\u0151 innovat\u00edv projekteket, csapatokat \u00e9s startupokat. K\u00fcl\u00f6nb\u00f6z\u0151 projektekben \u00e9s esem\u00e9nyeken vett r\u00e9szt \u00e9s \u00e1ll\u00edtja, hogy nincs k\u00e9t egyforma csapat, projekt vagy kih\u00edv\u00e1s. Pontosan emiatt \u00e9lvezi annyira a munk\u00e1j\u00e1t \u00e9s tekint r\u00e1 \u00fagy, mint \u00e9lete \u00e9s szem\u00e9lyis\u00e9ge egyik fontos alapj\u00e1ra. Int\u00e9zet\u00fck, az EIT Health RIS Hub-k\u00e9nt v\u00e1llalt feladatainak megval\u00f3s\u00edt\u00e1s\u00e1\u00e9rt is \u0150 felel. V\u00e9g\u00fcl, de nem utols\u00f3sorban, int\u00e9zet\u00fck igazgat\u00f3helyettesek\u00e9nt az operat\u00edv feladatokat menedzseli, koordin\u00e1lja \u00e9s ellen\u0151rzi.<\/span><\/p>\n<hr \/>\n<p style=\"text-align: justify\"><strong><img loading=\"lazy\" decoding=\"async\" class=\"wp-image-21437 alignleft\" src=\"https:\/\/semmelweis.hu\/emk\/files\/2023\/11\/attila_molnar-400x400.jpg\" alt=\"\" width=\"300\" height=\"300\" srcset=\"https:\/\/semmelweis.hu\/emk\/files\/2023\/11\/attila_molnar-400x400.jpg 400w, https:\/\/semmelweis.hu\/emk\/files\/2023\/11\/attila_molnar-150x150.jpg 150w, https:\/\/semmelweis.hu\/emk\/files\/2023\/11\/attila_molnar-768x768.jpg 768w, https:\/\/semmelweis.hu\/emk\/files\/2023\/11\/attila_molnar-753x753.jpg 753w, https:\/\/semmelweis.hu\/emk\/files\/2023\/11\/attila_molnar.jpg 1024w\" sizes=\"auto, (max-width: 300px) 100vw, 300px\" \/>Moln\u00e1r Attila, <\/strong><span style=\"font-weight: 400\">Data Scientist, <\/span><span style=\"font-weight: 400\">E-Group<\/span><\/p>\n<p style=\"text-align: justify\"><span style=\"font-weight: 400\">Moln\u00e1r Attila 5 \u00e9ve dolgozik orvosbiol\u00f3giai adatokkal, kezdetben mint adatm\u00e9rn\u00f6k, majd mint adatarchitekt, most mint technikai vezet\u0151. Tapasztalt rel\u00e1ci\u00f3s \u00e9s h\u00e1l\u00f3zatos adatok kezel\u00e9s\u00e9ben \u00e9s feldolgoz\u00e1s\u00e1ban, python \u00e9s unix shell programoz\u00e1sban \u00e9s DevOps megold\u00e1sok implement\u00e1l\u00e1s\u00e1ban.\u00a0<\/span><\/p>\n<hr \/>\n<p style=\"text-align: justify\"><span style=\"font-weight: 400\"><strong><img loading=\"lazy\" decoding=\"async\" class=\"wp-image-21409 alignleft\" src=\"https:\/\/semmelweis.hu\/emk\/files\/2023\/11\/Olar_Alex-400x400.jpeg\" alt=\"\" width=\"300\" height=\"300\" srcset=\"https:\/\/semmelweis.hu\/emk\/files\/2023\/11\/Olar_Alex-400x400.jpeg 400w, https:\/\/semmelweis.hu\/emk\/files\/2023\/11\/Olar_Alex-150x150.jpeg 150w, https:\/\/semmelweis.hu\/emk\/files\/2023\/11\/Olar_Alex.jpeg 460w\" sizes=\"auto, (max-width: 300px) 100vw, 300px\" \/>Olar Alex<\/strong>, <\/span><span style=\"font-weight: 400\">E\u00f6tv\u00f6s Lor\u00e1nd Tudom\u00e1nyegyetem, Komplex Rendszerek Fizik\u00e1ja Tansz\u00e9k<\/span><\/p>\n<p style=\"text-align: justify\"><span style=\"font-weight: 400\">Az ELTE Term\u00e9szettudom\u00e1nyi Kar\u00e1n fizikusk\u00e9nt diplom\u00e1zott, jelenleg informatika tudom\u00e1nyok ter\u00fclet\u00e9n doktor\u00e1l. Kutat\u00e1sai az orvosi k\u00e9pdiagnosztik\u00e1ban \u00e9s a g\u00e9pi tanul\u00e1sban \u00f6sszpontosulnak, k\u00fcl\u00f6n\u00f6s tekintettel a digit\u00e1lis patol\u00f3gi\u00e1ra \u00e9s radiol\u00f3gi\u00e1ra. T\u00f6bbsz\u00f6r\u00f6s d\u00edjazottja nemzetk\u00f6zi computer-aided diagnostics versenyeknek, \u00e9s sz\u00e9lesk\u00f6r\u0171 tapasztalattal rendelkezik a m\u00e9lytanul\u00e1si technik\u00e1k orvosi \u00e9s egy\u00e9b ter\u00fcleteken val\u00f3 alkalmaz\u00e1s\u00e1ban.<\/span><\/p>\n<hr \/>\n<p style=\"text-align: justify\"><b><img loading=\"lazy\" decoding=\"async\" class=\"wp-image-21411 alignleft\" src=\"https:\/\/semmelweis.hu\/emk\/files\/2023\/11\/Dr.-Palicz-Tamas-Gyula-027_web2-400x400.jpg\" alt=\"\" width=\"300\" height=\"300\" srcset=\"https:\/\/semmelweis.hu\/emk\/files\/2023\/11\/Dr.-Palicz-Tamas-Gyula-027_web2-400x400.jpg 400w, https:\/\/semmelweis.hu\/emk\/files\/2023\/11\/Dr.-Palicz-Tamas-Gyula-027_web2-1024x1024.jpg 1024w, https:\/\/semmelweis.hu\/emk\/files\/2023\/11\/Dr.-Palicz-Tamas-Gyula-027_web2-150x150.jpg 150w, https:\/\/semmelweis.hu\/emk\/files\/2023\/11\/Dr.-Palicz-Tamas-Gyula-027_web2-768x768.jpg 768w, https:\/\/semmelweis.hu\/emk\/files\/2023\/11\/Dr.-Palicz-Tamas-Gyula-027_web2-753x753.jpg 753w, https:\/\/semmelweis.hu\/emk\/files\/2023\/11\/Dr.-Palicz-Tamas-Gyula-027_web2.jpg 1500w\" sizes=\"auto, (max-width: 300px) 100vw, 300px\" \/>Dr. Palicz Tam\u00e1s<\/b><span style=\"font-weight: 400\">, <\/span><span style=\"font-weight: 400\">strat\u00e9giai igazgat\u00f3helyettes, Eg\u00e9szs\u00e9g\u00fcgyi Menedzserk\u00e9pz\u0151 K\u00f6zpont<\/span><span style=\"font-weight: 400\">\u00a0<\/span><\/p>\n<p style=\"text-align: justify\"><span style=\"font-weight: 400\">Belgy\u00f3gy\u00e1sz, eg\u00e9szs\u00e9g\u00fcgyi szakmenedzser \u00e9s elektronikus inform\u00e1ci\u00f3biztons\u00e1gi vezet\u0151 k\u00e9pes\u00edt\u00e9sekkel rendelkezik. Klinikusi munk\u00e1j\u00e1t k\u00f6vet\u0151en eg\u00e9szs\u00e9g\u00fcgyi int\u00e9zm\u00e9nyek vezet\u00e9s\u00e9vel foglalkozott, majd 2010-t\u0151l \u00e1llami int\u00e9zm\u00e9ny vezet\u0151jek\u00e9nt uni\u00f3s projektek ir\u00e1ny\u00edt\u00e1s\u00e1t v\u00e9gezte. 2015 \u00f3ta az Eg\u00e9szs\u00e9g\u00fcgyi Menedzserk\u00e9pz\u0151 K\u00f6zpont strat\u00e9giai <\/span><span style=\"font-weight: 400\">igazgat\u00f3helyettese<\/span><span style=\"font-weight: 400\">. A projektmenedzsment oktat\u00e1sa mellett f\u0151 \u00e9rdekl\u0151d\u00e9si ter\u00fclete az eg\u00e9szs\u00e9g\u00fcgy digitaliz\u00e1ci\u00f3j\u00e1val j\u00e1r\u00f3 szervezeti \u00e9s rendszerszint\u0171 v\u00e1ltoztat\u00e1sok menedzsmentje, speci\u00e1lisan az eg\u00e9szs\u00e9g\u00fcgyi adat \u00e9s inform\u00e1ci\u00f3biztons\u00e1g a kibert\u00e9rben. 2022-ben elind\u00edtotta az Eg\u00e9szs\u00e9g\u00fcgyi Kiberbiztons\u00e1gi Szeml\u00e9t, aminek az\u00f3ta is szakmai vezet\u0151je.<\/span><\/p>\n<hr \/>\n<p style=\"text-align: justify\"><strong><img loading=\"lazy\" decoding=\"async\" class=\"wp-image-21393 alignleft\" src=\"https:\/\/semmelweis.hu\/emk\/files\/2023\/11\/Pesti_Adrian.jpg\" alt=\"\" width=\"300\" height=\"300\" srcset=\"https:\/\/semmelweis.hu\/emk\/files\/2023\/11\/Pesti_Adrian.jpg 360w, https:\/\/semmelweis.hu\/emk\/files\/2023\/11\/Pesti_Adrian-150x150.jpg 150w\" sizes=\"auto, (max-width: 300px) 100vw, 300px\" \/>Dr. Pesti Adri\u00e1n<\/strong>,\u00a0Semmelweis Egyetem Patol\u00f3giai, Igazs\u00e1g\u00fcgyi \u00e9s Biztos\u00edt\u00e1si Orvostani Int\u00e9zet<\/p>\n<p style=\"text-align: justify\">A Budapesti M\u0171szaki \u00e9s Gazdas\u00e1gtudom\u00e1nyi Egyetemen v\u00e9gzett biom\u00e9rn\u00f6kk\u00e9nt 2018-ban, majd a Semmelweis Egyetemen a Patol\u00f3giai Tudom\u00e1nyok Doktori Iskol\u00e1ban PhD fokozatot szerzett 2023-ban. F\u0151 kutat\u00e1si ter\u00fcletei a digit\u00e1lis patol\u00f3gia, ezen bel\u00fcl a mesters\u00e9ges intelligencia felhaszn\u00e1l\u00e1s\u00e1nak lehet\u0151s\u00e9gei, a tumorbiol\u00f3gia, valamint a SARS-CoV-2 v\u00edrus patol\u00f3gi\u00e1j\u00e1nak vizsg\u00e1lata.<\/p>\n<hr \/>\n<p style=\"text-align: justify\"><span style=\"font-weight: 400\"><strong><img loading=\"lazy\" decoding=\"async\" class=\"wp-image-21415 alignleft\" src=\"https:\/\/semmelweis.hu\/emk\/files\/2023\/11\/attila_small.jpg\" alt=\"\" width=\"300\" height=\"300\" srcset=\"https:\/\/semmelweis.hu\/emk\/files\/2023\/11\/attila_small.jpg 270w, https:\/\/semmelweis.hu\/emk\/files\/2023\/11\/attila_small-150x150.jpg 150w\" sizes=\"auto, (max-width: 300px) 100vw, 300px\" \/>Dr. S\u00edk Attila<\/strong>, int\u00e9zetvezet\u0151, PTE \u00c1ltal\u00e1nos Orvostudom\u00e1nyi Kar, Transzdiszciplin\u00e1ris Kutat\u00e1sok Int\u00e9zete<\/span><\/p>\n<p style=\"text-align: justify\"><span style=\"font-weight: 400\">Magyarorsz\u00e1gon \u00e9s az Egyes\u00fclt \u00c1llamokban szerzett idegtudom\u00e1nyi k\u00e9pes\u00edt\u00e9st, illetve Kanad\u00e1ban \u00e9s Angli\u00e1ban vezetett kutat\u00f3laborat\u00f3riumokat. A p\u00e9csi \u00c1ltal\u00e1nos Orvostudom\u00e1nyi Karon is vezet egy sejtes idegtudom\u00e1nyi laborat\u00f3riumot. Emellett MBA diplom\u00e1t szerzett a Warwick Business Schoolban (Anglia) vezet\u00e9s \u00e9s kreativit\u00e1s t\u00e9mak\u00f6rben. Hisz a folyamatos tanul\u00e1sban, amit nemcsak pr\u00e9dik\u00e1l, hanem gyakorol is: diplom\u00e1t szerzett v\u00e1llalatvezet\u00e9sb\u0151l (Institute of Directors, Anglia), illetve most fejezi be m\u00e1sodik doktori tanulm\u00e1ny\u00e1t a P\u00e9csi Tudom\u00e1nyegyetem K\u00f6zgazdas\u00e1gtudom\u00e1nyi Kar\u00e1n. Az \u00faj tudom\u00e1ny\u00e1gak megismer\u00e9se seg\u00edti abban, hogy kapcsolatokat teremtsen a k\u00fcl\u00f6nb\u00f6z\u0151 ter\u00fcletek k\u00f6z\u00f6tt, szokatlan anal\u00f3gi\u00e1kat fedezzen fel, \u00e9s szokatlan megold\u00e1sokat tal\u00e1ljon a probl\u00e9m\u00e1kra. Hiszi, hogy a multidiszciplin\u00e1ris kutat\u00e1s a k\u00f6vetkez\u0151 tudom\u00e1nyos forradalom alapja, \u00e9s az innov\u00e1ci\u00f3 k\u00f6vetkez\u0151 hull\u00e1ma a tudom\u00e1ny, a m\u0171v\u00e9szetek \u00e9s az \u00fczleti \u00e9let hat\u00e1rter\u00fclet\u00e9n fog megjelenni.<\/span><\/p>\n<hr \/>\n<p style=\"text-align: justify\"><strong><img loading=\"lazy\" decoding=\"async\" class=\"wp-image-21447 alignleft\" src=\"https:\/\/semmelweis.hu\/emk\/files\/2023\/11\/Dr.-Sinko-Eszter-144_web-400x400.jpg\" alt=\"\" width=\"300\" height=\"300\" srcset=\"https:\/\/semmelweis.hu\/emk\/files\/2023\/11\/Dr.-Sinko-Eszter-144_web-400x400.jpg 400w, https:\/\/semmelweis.hu\/emk\/files\/2023\/11\/Dr.-Sinko-Eszter-144_web-1024x1024.jpg 1024w, https:\/\/semmelweis.hu\/emk\/files\/2023\/11\/Dr.-Sinko-Eszter-144_web-150x150.jpg 150w, https:\/\/semmelweis.hu\/emk\/files\/2023\/11\/Dr.-Sinko-Eszter-144_web-768x768.jpg 768w, https:\/\/semmelweis.hu\/emk\/files\/2023\/11\/Dr.-Sinko-Eszter-144_web-753x753.jpg 753w, https:\/\/semmelweis.hu\/emk\/files\/2023\/11\/Dr.-Sinko-Eszter-144_web.jpg 1500w\" sizes=\"auto, (max-width: 300px) 100vw, 300px\" \/>Dr. Sink\u00f3 Eszter<\/strong>, eg\u00e9szs\u00e9g\u00fcgyi k\u00f6zgazd\u00e1sz, Eg\u00e9szs\u00e9g\u00fcgyi Menedzserk\u00e9pz\u0151 K\u00f6zpont<\/p>\n<p style=\"text-align: justify\">A K\u00f6zgazdas\u00e1gtudom\u00e1nyi Egyetem elm\u00e9leti gazdas\u00e1gpolitika szak\u00e1n v\u00e9gzett, ezut\u00e1n az akkori eg\u00e9szs\u00e9g\u00fcgyi t\u00e1rc\u00e1n\u00e1l dolgozott k\u00f6zgazd\u00e1sz gyakornokk\u00e9nt. 1980-t\u00f3l az Orvostov\u00e1bbk\u00e9pz\u0151 Int\u00e9zetben kutat\u00f3k\u00e9nt tev\u00e9kenykedett, majd a Szoci\u00e1lis Int\u00e9zetek K\u00f6zpontj\u00e1ban a k\u00f6zgazdas\u00e1gi oszt\u00e1lyt vezette. Az eg\u00e9szs\u00e9g\u00fcgyi reform els\u0151 hull\u00e1makor az akkori Szoci\u00e1lis \u00e9s Eg\u00e9szs\u00e9g\u00fcgyi Miniszt\u00e9rium Reformtitk\u00e1rs\u00e1g\u00e1nak munkat\u00e1rsak\u00e9nt az eg\u00e9szs\u00e9g\u00fcgyi int\u00e9zm\u00e9nyrendszer finansz\u00edroz\u00e1s\u00e1nak \u00e1talak\u00edt\u00e1s\u00e1n dolgozott 1992-ig. Igazgat\u00f3helyettes volt Sedgwick Noble Lowndesn\u00e1l, a multinacion\u00e1lis c\u00e9g Magyarorsz\u00e1gon m\u0171k\u00f6d\u0151 k\u00e9pviselet\u00e9ben az eg\u00e9szs\u00e9g\u00fcgy \u00e9s a nyugd\u00edj ter\u00fclet\u00e9n korm\u00e1nyzati tan\u00e1csad\u00e1ssal foglalkozott. Ezzel p\u00e1rhuzamosan az Eg\u00e9szs\u00e9gbiztos\u00edt\u00e1si \u00d6nkorm\u00e1nyzat v\u00e1lasztott tagja volt 1993 \u00e9s 1998 k\u00f6z\u00f6tt. Alap\u00edt\u00f3 tagja az Eg\u00e9szs\u00e9g\u00fcgyi Menedzserk\u00e9pz\u0151 K\u00f6zpontnak, kezdetben programigazgat\u00f3k\u00e9nt, majd igazgat\u00f3helyettesk\u00e9nt, jelenleg az Eg\u00e9szs\u00e9g\u00fcgyi K\u00f6zszolg\u00e1lati Kar d\u00e9k\u00e1nhelyettesek\u00e9nt v\u00e9gzi a munk\u00e1j\u00e1t. R\u00e9szt vesz az ELTE Politikatudom\u00e1nyi Int\u00e9zet\u00e9nek k\u00f6zpolitikai oktat\u00e1s\u00e1ban is. 2000-ben a London School of Economics and Science Egyetemen PhD kutat\u00e1sokat v\u00e9gzett. 2011 \u00e9s 2016 k\u00f6z\u00f6tt eln\u00f6ke volt az Eg\u00e9szs\u00e9g\u00fcgyi Szakmai Koll\u00e9gium Menedzsment \u00e9s Eg\u00e9szs\u00e9g-gazdas\u00e1gtan tagozat\u00e1nak. A Magyar Eg\u00e9szs\u00e9g\u00fcgyi Menedzsment T\u00e1rsas\u00e1g eln\u00f6khelyettese, az akad\u00e9miai \u201eEln\u00f6ki bizotts\u00e1g az eg\u00e9szs\u00e9g\u00e9rt\u201d tagja.<\/p>\n<hr \/>\n<p><span style=\"font-weight: 400\"><strong><img loading=\"lazy\" decoding=\"async\" class=\"wp-image-21347 alignleft\" src=\"https:\/\/semmelweis.hu\/emk\/files\/2023\/11\/Uzsaly_Ja\u0301nos_Ga\u0301spa\u0301r-320x400.jpeg\" alt=\"\" width=\"300\" height=\"375\" srcset=\"https:\/\/semmelweis.hu\/emk\/files\/2023\/11\/Uzsaly_Ja\u0301nos_Ga\u0301spa\u0301r-320x400.jpeg 320w, https:\/\/semmelweis.hu\/emk\/files\/2023\/11\/Uzsaly_Ja\u0301nos_Ga\u0301spa\u0301r-819x1024.jpeg 819w, https:\/\/semmelweis.hu\/emk\/files\/2023\/11\/Uzsaly_Ja\u0301nos_Ga\u0301spa\u0301r-768x960.jpeg 768w, https:\/\/semmelweis.hu\/emk\/files\/2023\/11\/Uzsaly_Ja\u0301nos_Ga\u0301spa\u0301r-1229x1536.jpeg 1229w, https:\/\/semmelweis.hu\/emk\/files\/2023\/11\/Uzsaly_Ja\u0301nos_Ga\u0301spa\u0301r-1638x2048.jpeg 1638w, https:\/\/semmelweis.hu\/emk\/files\/2023\/11\/Uzsaly_Ja\u0301nos_Ga\u0301spa\u0301r-753x941.jpeg 753w, https:\/\/semmelweis.hu\/emk\/files\/2023\/11\/Uzsaly_Ja\u0301nos_Ga\u0301spa\u0301r.jpeg 2048w\" sizes=\"auto, (max-width: 300px) 100vw, 300px\" \/><\/strong><\/span><\/p>\n<p style=\"text-align: justify\"><span style=\"font-weight: 400\"><strong>Dr. Uzsaly J\u00e1nos G\u00e1sp\u00e1r<\/strong>, f\u00fcl-orr-g\u00e9g\u00e9sz szakorvos, <\/span><span style=\"font-weight: 400\">PTE KK F\u00fcl-, Orr-, G\u00e9g\u00e9szeti \u00e9s Fej-, Nyakseb\u00e9szeti Klinika<\/span><\/p>\n<p style=\"text-align: justify\"><span style=\"font-weight: 400\">\u00c1ltal\u00e1nos orvosi diplom\u00e1j\u00e1t 2018-ban szerezte a P\u00e9csi Tudom\u00e1nyegyetemen, majd a p\u00e9csi F\u00fcl-, Orr-, G\u00e9g\u00e9szeti \u00e9s Fej-, Nyakseb\u00e9szeti Klinik\u00e1n v\u00e9gezte rezidensk\u00e9pz\u00e9s\u00e9t, 2023-ban szakvizsg\u00e1t szerzett. Egyetemista kor\u00e1ban t\u00e1rsalap\u00edt\u00f3ja volt a Hallgat\u00f3i Oktat\u00e1sfejleszt\u00e9si Csoportnak, szakorvosjel\u00f6ltk\u00e9nt a PTE Transzdiszciplin\u00e1ris Int\u00e9zettel val\u00f3 egy\u00fcttm\u0171k\u00f6d\u00e9s keret\u00e9ben akt\u00edvan r\u00e9szt vesz a szervezetfejleszt\u00e9si folyamatokban.<\/span><\/p>\n<hr \/>\n<p>&nbsp;<\/p>\n","protected":false},"excerpt":{"rendered":"<p>Alpern Linda, eg\u00e9szs\u00e9g\u00fcgyi vizu\u00e1lis kommunik\u00e1ci\u00f3s szakember, Semmelweis Egyetem Eg\u00e9szs\u00e9g\u00fcgyi Menedzserk\u00e9pz\u0151 K\u00f6zpont 8 \u00e9ve dolgozik az eg\u00e9szs\u00e9g\u00fcgy ter\u00fclet\u00e9n. A MOME-n v\u00e9gzett, ipari formatervez\u0151k\u00e9nt, majd a NEFI-ben kezdett el dolgozni n\u00e9peg\u00e9szs\u00e9g\u00fcgyi kamp\u00e1nyok kreat\u00edv csapat\u00e1ban. 2 \u00e9v ut\u00e1n \u00e9rkezett az Eg\u00e9szs\u00e9g\u00fcgyi Menedzserk\u00e9pz\u0151 K\u00f6zpontba, ahol m\u00e1r 8 \u00e9ve eg\u00e9szs\u00e9g\u00fcgyi vizu\u00e1lis kommunik\u00e1ci\u00f3s szakemberk\u00e9nt tev\u00e9kenykedik. Szakter\u00fclet\u00e9t 2 \u00e9vig tan\u00edtotta is. Mindek\u00f6zben &hellip;<\/p>\n","protected":false},"author":101539,"featured_media":0,"parent":0,"menu_order":0,"comment_status":"closed","ping_status":"closed","template":"","meta":{"_acf_changed":false,"footnotes":""},"categories":[300],"tags":[302,304,288],"class_list":["post-21319","page","type-page","status-publish","hentry","category-hack4cure2023","tag-hack4cure","tag-hack4cure2023","tag-hackaton-hu"],"acf":[],"_links":{"self":[{"href":"https:\/\/semmelweis.hu\/emk\/wp-json\/wp\/v2\/pages\/21319","targetHints":{"allow":["GET"]}}],"collection":[{"href":"https:\/\/semmelweis.hu\/emk\/wp-json\/wp\/v2\/pages"}],"about":[{"href":"https:\/\/semmelweis.hu\/emk\/wp-json\/wp\/v2\/types\/page"}],"author":[{"embeddable":true,"href":"https:\/\/semmelweis.hu\/emk\/wp-json\/wp\/v2\/users\/101539"}],"replies":[{"embeddable":true,"href":"https:\/\/semmelweis.hu\/emk\/wp-json\/wp\/v2\/comments?post=21319"}],"version-history":[{"count":10,"href":"https:\/\/semmelweis.hu\/emk\/wp-json\/wp\/v2\/pages\/21319\/revisions"}],"predecessor-version":[{"id":24808,"href":"https:\/\/semmelweis.hu\/emk\/wp-json\/wp\/v2\/pages\/21319\/revisions\/24808"}],"wp:attachment":[{"href":"https:\/\/semmelweis.hu\/emk\/wp-json\/wp\/v2\/media?parent=21319"}],"wp:term":[{"taxonomy":"category","embeddable":true,"href":"https:\/\/semmelweis.hu\/emk\/wp-json\/wp\/v2\/categories?post=21319"},{"taxonomy":"post_tag","embeddable":true,"href":"https:\/\/semmelweis.hu\/emk\/wp-json\/wp\/v2\/tags?post=21319"}],"curies":[{"name":"wp","href":"https:\/\/api.w.org\/{rel}","templated":true}]}}