{"id":21208,"date":"2023-11-03T12:44:30","date_gmt":"2023-11-03T11:44:30","guid":{"rendered":"https:\/\/semmelweis.hu\/emk\/?page_id=21208"},"modified":"2025-03-06T10:14:54","modified_gmt":"2025-03-06T09:14:54","slug":"hack4cure","status":"publish","type":"page","link":"https:\/\/semmelweis.hu\/emk\/hackathon\/hack4cure\/","title":{"rendered":"Hack4Cure 2023 t\u00e9l"},"content":{"rendered":"<div class=\"w-100\" style=\"text-align: justify\"><img loading=\"lazy\" decoding=\"async\" class=\"alignnone wp-image-21376 size-full\" src=\"https:\/\/semmelweis.hu\/emk\/files\/2023\/11\/hack4cure_nyeremeny.jpg\" alt=\"\" width=\"1200\" height=\"628\" srcset=\"https:\/\/semmelweis.hu\/emk\/files\/2023\/11\/hack4cure_nyeremeny.jpg 1200w, https:\/\/semmelweis.hu\/emk\/files\/2023\/11\/hack4cure_nyeremeny-400x209.jpg 400w, https:\/\/semmelweis.hu\/emk\/files\/2023\/11\/hack4cure_nyeremeny-1024x536.jpg 1024w, https:\/\/semmelweis.hu\/emk\/files\/2023\/11\/hack4cure_nyeremeny-768x402.jpg 768w, https:\/\/semmelweis.hu\/emk\/files\/2023\/11\/hack4cure_nyeremeny-753x394.jpg 753w\" sizes=\"auto, (max-width: 1200px) 100vw, 1200px\" \/><\/div>\n<div style=\"text-align: justify\">\n<p>&nbsp;<\/p>\n<p>A 2020-as \u00e9vekben komoly digit\u00e1lis \u00e1talakul\u00e1s kezd\u0151d\u00f6tt meg az eg\u00e9szs\u00e9g\u00fcgyben \u2013 t\u00f6bbek k\u00f6z\u00f6tt a COVID-19 vil\u00e1gj\u00e1rv\u00e1ny k\u00f6vetkezt\u00e9ben is.<\/p>\n<p>A mesters\u00e9ges intelligencia egyre ink\u00e1bb r\u00e9sz\u00e9v\u00e9 v\u00e1lik sz\u00e1mos eg\u00e9szs\u00e9g\u00fcgyi szakm\u00e1nak, \u00e9s \u00a0olyan szavak v\u00e1ltak m\u00e1ra a k\u00f6zbesz\u00e9d szerves r\u00e9sz\u00e9v\u00e9, mint az EESZT, az Eg\u00e9szs\u00e9gablak vagy, hogy \u201efenn van a recept a felh\u0151ben\u201d.<\/p>\n<p>T\u00e9nyleg egy val\u00f3s digit\u00e1lis \u00e1t\u00e1ll\u00e1snak vagyunk tan\u00fai? L\u00e9tezik-e piaci r\u00e9s, ak\u00e1r nemzetk\u00f6zi szinten is? Haz\u00e1nkban is vannak olyan digit\u00e1lis lehet\u0151s\u00e9gek, melyeket ki lehetne optim\u00e1lisabban haszn\u00e1lni?<\/p>\n<p>Szerint\u00fcnk minden k\u00e9rd\u00e9sre <strong>IGEN<\/strong> a v\u00e1lasz!!!<\/p>\n<p>A <strong>Hack4Cure \u2013 Adatb\u00f3l eg\u00e9szs\u00e9g <\/strong>elnevez\u00e9s\u0171 hackathon versenyt az\u00e9rt h\u00edvtuk \u00e9letre, hogy seg\u00edts\u00fck olyan \u00f6tletek megsz\u00fclet\u00e9ses\u00e9t, melyek az eg\u00e9szs\u00e9g\u00fcgy digit\u00e1lis \u00e1t\u00e1ll\u00e1s\u00e1ban, az adatvez\u00e9relt eg\u00e9szs\u00e9g\u00fcgy t\u00e9rnyer\u00e9s\u00e9ben, vagy a mesters\u00e9ges intelligencia felhaszn\u00e1l\u00e1s\u00e1ban lehetnek innovat\u00edv megold\u00e1sok.<\/p>\n<p>\u00c9s hogy mi a <strong>Challenge?<\/strong><\/p>\n<p>B\u00e1rmilyen digit\u00e1lis, adatvez\u00e9relt, vagy MI megold\u00e1s j\u00f6het, mely ak\u00e1r egy m\u00e1r l\u00e9tez\u0151 platformhoz vagy annak adataihoz kapcsol\u00f3d\u00f3 \u00faj\u00edt\u00e1s, vagy csak egyszer\u0171en egy olyan \u00f6tlet, mely megk\u00f6nny\u00edti az eg\u00e9szs\u00e9g\u00fcgyi szem\u00e9lyzet munk\u00e1j\u00e1t, vagy a betegek \u00e9let\u00e9t \u00e9s seg\u00edti az eg\u00e9szs\u00e9ghez vezet\u0151 \u00faton.<\/p>\n<div>\u00c9s mi a <b>nyerem\u00e9ny?<\/b><\/div>\n<div>\n<ul>\n<li>A gy\u0151ztes csapatok <b>600.000 Ft<\/b>,<\/li>\n<li>a m\u00e1sodik helyezett csapatok <b>300.000 Ft<\/b>,<\/li>\n<li>a harmadik helyezett csapatok pedig <b>100.000 Ft\u00a0<\/b>\u00e9rt\u00e9k\u0171 nyerem\u00e9nyben r\u00e9szes\u00fclnek!<\/li>\n<\/ul>\n<div>R\u00e1ad\u00e1sul a legjobban teljes\u00edt\u0151 csapatoknak az\u00a0<b>EIT Healthcare projekt\u00a0<\/b>keret\u00e9ben lehet\u0151s\u00e9ge ny\u00edlik egy preakceler\u00e1ci\u00f3s k\u00e9pz\u00e9sben val\u00f3 r\u00e9szv\u00e9telre is, mely egy ide\u00e1lis els\u0151 l\u00e9p\u00e9s lehet az\u00a0<b>eg\u00e9szs\u00e9g\u00fcgyi start-up vil\u00e1g ir\u00e1ny\u00e1ba!\u00a0\u00a0<\/b><\/div>\n<div>\u00a0<\/div>\n<\/div>\n<p><strong>JELENTKEZZ!!!<\/strong><\/p>\n<ul>\n<li>Ha van olyan tapasztalatod az eg\u00e9szs\u00e9g\u00fcgyb\u0151l mely jelenleg komoly kih\u00edv\u00e1s, \u00e9s szinte ki\u00e1lt a modern, digit\u00e1lis megk\u00f6zel\u00edt\u00e9s bevezet\u00e9s\u00e9\u00e9rt.<\/li>\n<li>Ha \u00fagy \u00e9rzed, hogy van olyan digit\u00e1lis\/adatalap\u00fa \u00f6tleted, megold\u00e1sod, mely a j\u00f6v\u0151ben (ak\u00e1r egy start-up form\u00e1j\u00e1ban) \u00e9rt\u00e9ket tud teremteni az ell\u00e1t\u00f3knak vagy a betegeknek.<\/li>\n<li>Ha szeretn\u00e9d egy p\u00f6rg\u0151s, innovat\u00edv versenyen megm\u00e9rettetni magad, ahol \u00e9rt\u00e9kes tapasztalatokkal lehetsz gazdagabb a digit\u00e1lis eg\u00e9szs\u00e9g\u00fcgy legmeghat\u00e1roz\u00f3bb hazai szerepl\u0151inek seg\u00edts\u00e9g\u00e9vel.<\/li>\n<\/ul>\n<hr \/>\n<h3>Kiket v\u00e1runk?<\/h3>\n<p><strong>Di\u00e1kok, PHD hallgat\u00f3k, fiatal kutat\u00f3k, rezidensek jelentkez\u00e9s\u00e9t v\u00e1rjuk b\u00e1rmilyen szakter\u00fcletr\u0151l.\u00a0<\/strong><\/p>\n<p><span style=\"font-weight: 400\">K\u00e9t k\u00fcl\u00f6n versenyt szervez\u00fcnk:<\/span><\/p>\n<ul style=\"list-style-type: square\">\n<li><span style=\"font-weight: 400\">El\u0151re \u00f6ssze\u00e1llt csapatok\u00a0<\/span><\/li>\n<li>Egy\u00e9ni jelentkez\u0151k k\u00f6z\u00fcl \u00f6ssze\u00e1ll\u00edtott csapatok versenye<\/li>\n<\/ul>\n<p><strong>Jelentkez\u00e9si hat\u00e1rid\u0151: 2023. november 28. 24:00 \u00f3ra<\/strong><\/p>\n<p><a class=\"btn btn-secondary\" href=\"https:\/\/forms.gle\/iTmADc3UcqCtek8W8\" target=\"_blank\" rel=\"noopener\">JELENTKEZ\u00c9S<\/a><\/p>\n<p>K\u00f6vesd a verseny <a href=\"https:\/\/www.facebook.com\/events\/863609648758815\">Facebook-esem\u00e9ny\u00e9t<\/a> a friss h\u00edrek\u00e9rt!<\/p>\n<p><a class=\"btn btn-outline-primary\" href=\"https:\/\/semmelweis.hu\/emk\/hack4cure-hackathon-zsuri\/\" target=\"_blank\" rel=\"noopener\">ZS\u0170RI<\/a>\u00a0 <a class=\"btn btn-outline-primary\" href=\"https:\/\/semmelweis.hu\/emk\/a-hack4cure-hackathon-eloadoi\/\" target=\"_blank\" rel=\"noopener\">EL\u0150AD\u00d3K<\/a> \u00a0<a class=\"btn btn-outline-primary\" href=\"https:\/\/semmelweis.hu\/emk\/a-hack4cure-hackathon-mentorai\/\" target=\"_blank\" rel=\"noopener\">MENTOROK<\/a><\/p>\n<hr \/>\n<\/div>\n<div class=\"keretes w-100\" style=\"text-align: justify\">\n<p><span style=\"font-weight: 400\">A<strong> Hack 4 Cure hackathon<\/strong> <strong>c\u00e9lja, hogy az eg\u00e9szs\u00e9g\u00fcgy kih\u00edv\u00e1saira \u00faj megold\u00e1sokat tal\u00e1ljon, legyen az adatkezel\u00e9s, diagnosztika, betegell\u00e1t\u00e1s vagy az eg\u00e9szs\u00e9g\u00fcgyi rendszerek hat\u00e9konys\u00e1g\u00e1nak n\u00f6vel\u00e9se.<\/strong> Olyan innovat\u00edv megold\u00e1sok l\u00e9trej\u00f6tt\u00e9t \u00f6szt\u00f6n\u00f6zz\u00fck, melyek seg\u00edthetik nem csak az orvosok munk\u00e1j\u00e1t, de az eg\u00e9szs\u00e9g\u00fcgyi szektor hat\u00e9konys\u00e1g\u00e1t is. Az \u00faj \u00f6tletek kataliz\u00e1tork\u00e9nt szolg\u00e1lhatnak a technol\u00f3gia \u00e9s az eg\u00e9szs\u00e9g\u00fcgy, vagy ak\u00e1r tov\u00e1bbi tudom\u00e1nyter\u00fcletek tal\u00e1lkoz\u00e1s\u00e1ban, m\u00e9ly\u00edthetik a digitaliz\u00e1ci\u00f3, az adatvez\u00e9relt megold\u00e1sok \u00e9s a mesters\u00e9ges intelligencia szerep\u00e9t az eg\u00e9szs\u00e9g\u00fcgyi innov\u00e1ci\u00f3s \u00f6kosziszt\u00e9m\u00e1ban.<\/span><\/p>\n<\/div>\n<hr \/>\n<h3 style=\"text-align: justify\">Mi a hackathon?<\/h3>\n<p style=\"text-align: justify\"><span style=\"font-weight: 400\">A hackathon egy olyan speci\u00e1lis,<strong> intenz\u00edv innov\u00e1ci\u00f3s verseny, ahol kreat\u00edv egy\u00fcttm\u0171k\u00f6d\u00e9s \u00e9s gyors probl\u00e9mamegold\u00e1s zajlik egy meghat\u00e1rozott id\u0151tartam alatt. <\/strong>A r\u00e9sztvev\u0151k 3-4 f\u0151s csapatokban dolgoznak, hogy a felvetett probl\u00e9m\u00e1kra \u00fajszer\u0171, modern megold\u00e1sokat tal\u00e1ljanak.\u00a0Az id\u0151sz\u0171ke, a nyom\u00e1s \u00e9s a korl\u00e1tozott er\u0151forr\u00e1sok miatt a r\u00e9sztvev\u0151knek gyorsan \u00e9s hat\u00e9konyan kell egy\u00fcttm\u0171k\u00f6dni\u00fck annak \u00e9rdek\u00e9ben, hogy a lehet\u0151 legjobb eredm\u00e9nyt \u00e9rj\u00e9k el.<\/span><\/p>\n<hr \/>\n<h3 style=\"text-align: justify\">Adatb\u00f3l eg\u00e9szs\u00e9g<\/h3>\n<p style=\"text-align: justify\"><span style=\"font-weight: 400\"><strong>Az adatok \u00e9s digitaliz\u00e1ci\u00f3 fontoss\u00e1ga az eg\u00e9szs\u00e9g\u00fcgyi szektorban kiemelked\u0151.<\/strong> <strong>Az adatok prec\u00edz kezel\u00e9se \u00e9s az ezekb\u0151l levont inform\u00e1ci\u00f3k min\u0151s\u00e9ge alapvet\u0151en meghat\u00e1rozza az eg\u00e9szs\u00e9g\u00fcgyi szolg\u00e1ltat\u00e1sok hat\u00e9konys\u00e1g\u00e1t. Az inform\u00e1ci\u00f3k gyors \u00e9s pontos feldolgoz\u00e1sa lehet\u0151v\u00e9 teszi a hat\u00e9konyabb ter\u00e1pi\u00e1k alkalmaz\u00e1s\u00e1t \u00e9s az eg\u00e9szs\u00e9g\u00fcgyi er\u0151forr\u00e1sok optim\u00e1lis kihaszn\u00e1l\u00e1s\u00e1t.<\/strong><\/span><\/p>\n<p style=\"text-align: justify\"><span style=\"font-weight: 400\">Az innovat\u00edv \u00e9s egyedi megold\u00e1sok elengedhetetlenek az eg\u00e9szs\u00e9g\u00fcgy \u00e1talak\u00edt\u00e1s\u00e1ban. Az eg\u00e9szs\u00e9g\u00fcgy \u00e1gazata olyan kih\u00edv\u00e1sokkal szembes\u00fcl, amelyekre a hagyom\u00e1nyos megk\u00f6zel\u00edt\u00e9sek nem mindig k\u00edn\u00e1lnak megfelel\u0151 v\u00e1laszokat. Ezen \u00fajszer\u0171 megold\u00e1sok kialak\u00edt\u00e1s\u00e1ban a k\u00fcl\u00f6nb\u00f6z\u0151 tudom\u00e1nyter\u00fcletek szinergi\u00e1ja kulcsfontoss\u00e1g\u00fa. A technikai, eg\u00e9szs\u00e9g\u00fcgyi, k\u00f6zgazdas\u00e1gi, politikai \u00e9s m\u00e1s szakter\u00fcletek egym\u00e1sra tal\u00e1l\u00e1sa olyan megold\u00e1sokhoz vezethet, amelyek ak\u00e1r a j\u00f6v\u0151 eg\u00e9szs\u00e9g\u00fcgyi rendszereit is alak\u00edthatj\u00e1k.<\/span><\/p>\n<p style=\"text-align: justify\"><span style=\"font-weight: 400\">Az innovat\u00edv \u00f6tletek felkarol\u00e1sa \u00e9s bevezet\u00e9se a gyakorlatba hatalmas el\u0151rel\u00e9p\u00e9seket hozhat az eg\u00e9szs\u00e9g\u00fcgy sz\u00e1m\u00e1ra. A tehets\u00e9ges fiatal szakemberek \u00e9s a kezd\u0151 v\u00e1llalkoz\u00e1sok felkutat\u00e1sa azonban sokszor kih\u00edv\u00e1s el\u00e9 \u00e1ll\u00edtja az eg\u00e9szs\u00e9g\u00fcgyi szektort \u00e9s a befektet\u0151ket egyar\u00e1nt. Az ilyen t\u00edpus\u00fa esem\u00e9nyek csapatai hozhatnak olyan \u00faj\u00edt\u00e1sokat, melyek a mindennapi gyakorlatba \u00fcltetve val\u00f3ban hozz\u00e1j\u00e1rulhatnak az eg\u00e9szs\u00e9g\u00fcgy \u00e1talak\u00edt\u00e1s\u00e1hoz.<\/span><\/p>\n<hr \/>\n<h3 style=\"text-align: justify\">A verseny menete<\/h3>\n<p style=\"text-align: justify\"><span style=\"font-weight: 400\"><strong>A rendezv\u00e9ny a digitaliz\u00e1ci\u00f3, az adathaszn\u00e1lat \u00e9s a mesters\u00e9ges intelligencia t\u00e9mak\u00f6r\u00f6k k\u00f6r\u00e9 csoportosul.\u00a0<\/strong><\/span><\/p>\n<p style=\"text-align: justify\"><strong>Id\u0151pont: 2023. november 30. (cs\u00fct\u00f6rt\u00f6k) \u00e9s december 1. (p\u00e9ntek)\u00a0<\/strong><\/p>\n<p style=\"text-align: justify\"><strong>Helysz\u00edn: 1125 Budapest, K\u00fatv\u00f6lgyi \u00fat 2. (SE EMK \u00e9p\u00fclete)<\/strong><\/p>\n<p style=\"text-align: justify\"><span style=\"font-weight: 400\">A r\u00e9sztvev\u0151k <strong>3-4\u00a0f\u0151s csapatokban<\/strong> fognak dolgozni. A kezdeti el\u0151ad\u00e1sokat k\u00f6vet\u0151en a csoportoknak megk\u00f6zel\u00edt\u0151leg <strong>24 \u00f3ra<\/strong> \u00e1ll rendelkez\u00e9sre, hogy k\u00f6z\u00f6sen <strong>egy innovat\u00edv \u00f6tlet<\/strong>et dolgozzanak ki a megadott szempontok szerint. Ehhez seg\u00edts\u00e9g\u00fcl h\u00edvhatj\u00e1k a <strong>mentorok<\/strong>at, akik egy el\u0151re megadott id\u0151intervallumban rendelkez\u00e9sre fognak \u00e1llni k\u00fcl\u00f6nb\u00f6z\u0151 szakmai k\u00e9rd\u00e9sekben. A p\u00e9nteki nap d\u00e9lut\u00e1nj\u00e1n minden csapatnak egy r\u00f6vid (3 perces, magyar nyelv\u0171) <strong>pitch<\/strong>-ben kell az \u00f6tlet\u00e9t prezent\u00e1lni a zs\u0171rinek. A zs\u0171ri ezut\u00e1n hozza meg d\u00f6nt\u00e9s\u00e9t, ezt k\u00f6vet\u0151en pedig eredm\u00e9nyhirdet\u00e9sre ker\u00fcl sor.<\/span><\/p>\n<p style=\"text-align: justify\">Az E-Group t\u00e1mogat\u00e1s\u00e1ban egy virtu\u00e1lis infrastrukt\u00fara \u00e9rhet\u0151 el a Hackathon versenyz\u0151i sz\u00e1m\u00e1ra, amelyen kereszt\u00fcl a csapattagok betekint\u00e9st nyerhetnek a val\u00f3s eg\u00e9szs\u00e9g\u00fcgyi adatokkal kapcsolatos kih\u00edv\u00e1sokba \u00e9s olyan \u00f6tletekkel \u00e1llhatnak el\u0151, amivel az adatok feldolgoz\u00e1sa megreform\u00e1lhatja a betegell\u00e1t\u00e1s jelenlegi folyamatait.<\/p>\n<p style=\"text-align: justify\"><strong><a href=\"https:\/\/semmelweis.hu\/emk\/hack4cure-versenyszabalyzat\/\" target=\"_blank\" rel=\"noopener\">Versenyszab\u00e1lyzat<\/a><\/strong><\/p>\n<hr \/>\n<h3 style=\"text-align: justify\">Szervez\u0151k<\/h3>\n<div style=\"text-align: justify\">Semmelweis Egyetem Eg\u00e9szs\u00e9g\u00fcgyi Menedzserk\u00e9pz\u0151 K\u00f6zpont szakmai egy\u00fcttm\u0171k\u00f6d\u00e9sben az Eg\u00e9szs\u00e9gbiztons\u00e1g Nemzeti Laborat\u00f3rium Adatvez\u00e9relt Eg\u00e9szs\u00e9g\u00fcgy Div\u00edzi\u00f3val (div\u00edzi\u00f3 tagok: Eg\u00e9szs\u00e9g\u00fcgyi Menedzserk\u00e9pz\u0151 K\u00f6zpont, R\u00e9nyi Alfr\u00e9d Matematikai Kutat\u00f3int\u00e9zet, Neumann Nonprofit Kft), Magyar Eg\u00e9szs\u00e9g\u00fcgyi Menedzsment T\u00e1rsas\u00e1g \u00e9s az EIT Healthcare projekt konzorciumi partnerei (P\u00e9csi Tudom\u00e1nyegyetem, Debreceni Egyetem, EIT Health Innostars, E-Group, GE Healthcare Hungary, Health Venture Lab).<\/div>\n<div style=\"text-align: justify\">\u00a0<\/div>\n<div style=\"text-align: justify\"><b>T\u00e1mogat\u00f3k:\u00a0<\/b>Magyar K\u00f3rh\u00e1zsz\u00f6vets\u00e9g, Richter Gedeon Nyrt., PwC Magyarorsz\u00e1g Kft.<\/div>\n","protected":false},"excerpt":{"rendered":"<p>&nbsp; A 2020-as \u00e9vekben komoly digit\u00e1lis \u00e1talakul\u00e1s kezd\u0151d\u00f6tt meg az eg\u00e9szs\u00e9g\u00fcgyben \u2013 t\u00f6bbek k\u00f6z\u00f6tt a COVID-19 vil\u00e1gj\u00e1rv\u00e1ny k\u00f6vetkezt\u00e9ben is. A mesters\u00e9ges intelligencia egyre ink\u00e1bb r\u00e9sz\u00e9v\u00e9 v\u00e1lik sz\u00e1mos eg\u00e9szs\u00e9g\u00fcgyi szakm\u00e1nak, \u00e9s \u00a0olyan szavak v\u00e1ltak m\u00e1ra a k\u00f6zbesz\u00e9d szerves r\u00e9sz\u00e9v\u00e9, mint az EESZT, az Eg\u00e9szs\u00e9gablak vagy, hogy \u201efenn van a recept a felh\u0151ben\u201d. T\u00e9nyleg egy val\u00f3s digit\u00e1lis &hellip;<\/p>\n","protected":false},"author":101539,"featured_media":21380,"parent":21923,"menu_order":2,"comment_status":"closed","ping_status":"closed","template":"","meta":{"_acf_changed":false,"footnotes":""},"categories":[300],"tags":[302,304,288],"class_list":["post-21208","page","type-page","status-publish","has-post-thumbnail","hentry","category-hack4cure2023","tag-hack4cure","tag-hack4cure2023","tag-hackaton-hu"],"acf":[],"_links":{"self":[{"href":"https:\/\/semmelweis.hu\/emk\/wp-json\/wp\/v2\/pages\/21208","targetHints":{"allow":["GET"]}}],"collection":[{"href":"https:\/\/semmelweis.hu\/emk\/wp-json\/wp\/v2\/pages"}],"about":[{"href":"https:\/\/semmelweis.hu\/emk\/wp-json\/wp\/v2\/types\/page"}],"author":[{"embeddable":true,"href":"https:\/\/semmelweis.hu\/emk\/wp-json\/wp\/v2\/users\/101539"}],"replies":[{"embeddable":true,"href":"https:\/\/semmelweis.hu\/emk\/wp-json\/wp\/v2\/comments?post=21208"}],"version-history":[{"count":10,"href":"https:\/\/semmelweis.hu\/emk\/wp-json\/wp\/v2\/pages\/21208\/revisions"}],"predecessor-version":[{"id":24682,"href":"https:\/\/semmelweis.hu\/emk\/wp-json\/wp\/v2\/pages\/21208\/revisions\/24682"}],"up":[{"embeddable":true,"href":"https:\/\/semmelweis.hu\/emk\/wp-json\/wp\/v2\/pages\/21923"}],"wp:featuredmedia":[{"embeddable":true,"href":"https:\/\/semmelweis.hu\/emk\/wp-json\/wp\/v2\/media\/21380"}],"wp:attachment":[{"href":"https:\/\/semmelweis.hu\/emk\/wp-json\/wp\/v2\/media?parent=21208"}],"wp:term":[{"taxonomy":"category","embeddable":true,"href":"https:\/\/semmelweis.hu\/emk\/wp-json\/wp\/v2\/categories?post=21208"},{"taxonomy":"post_tag","embeddable":true,"href":"https:\/\/semmelweis.hu\/emk\/wp-json\/wp\/v2\/tags?post=21208"}],"curies":[{"name":"wp","href":"https:\/\/api.w.org\/{rel}","templated":true}]}}