{"id":16123,"date":"2020-04-06T13:00:47","date_gmt":"2020-04-06T11:00:47","guid":{"rendered":"http:\/\/semmelweis.hu\/emk\/?page_id=16123"},"modified":"2020-04-09T10:35:31","modified_gmt":"2020-04-09T08:35:31","slug":"a-szakkepzett-munkatarsi-kor-bovitese","status":"publish","type":"page","link":"https:\/\/semmelweis.hu\/emk\/kutatasi-tevekenysegunk\/minosegugy-es-betegbiztonsag\/covid-19-menedzsment-ajanlasaink\/a-szakkepzett-munkatarsi-kor-bovitese\/","title":{"rendered":"A szakk\u00e9pzett munkat\u00e1rsi k\u00f6r b\u0151v\u00edt\u00e9se"},"content":{"rendered":"<p><strong>Lehet, hogy lesz el\u00e9g l\u00e9legeztet\u0151g\u00e9p\u00fcnk. De lesz-e el\u00e9g szakember\u00fcnk hozz\u00e1? Hogyan \u00e9p\u00edts\u00fcnk a sz\u00fcks\u00e9gletnek megfelel\u0151, kompetens munkat\u00e1rsi k\u00f6<\/strong><strong>rt?<a href=\"https:\/\/semmelweis.hu\/emk\/files\/2020\/04\/K\u00f3rh\u00e1zi.covid_.2.jav_.pdf\"><img loading=\"lazy\" decoding=\"async\" class=\"alignnone wp-image-16148\" src=\"https:\/\/semmelweis.hu\/emk\/files\/2020\/04\/nyomtatni-ikon-2-01-1-355x400.png\" alt=\"\" width=\"60\" height=\"68\" \/><\/a><\/strong><\/p>\n<p>A j\u00e1rv\u00e1ny el\u0151rehaladt\u00e1val a COVID-19 gyan\u00fas vagy pozit\u00edv betegek invaz\u00edv beavatkoz\u00e1sainak \u00e9s intenz\u00edv ell\u00e1t\u00e1s\u00e1nak biztos\u00edt\u00e1sa csak a megl\u00e9v\u0151, kompetens szakember-\u00e1llom\u00e1ny tervezett, id\u0151ben t\u00f6rt\u00e9n\u0151 b\u0151v\u00edt\u00e9s\u00e9vel garant\u00e1lhat\u00f3.\u00a0<\/p>\n<p>Annak ellen\u00e9re, hogy a j\u00e1rv\u00e1ny terjed\u00e9s\u00e9nek lass\u00edt\u00e1s\u00e1ra sz\u00e1mos int\u00e9zked\u00e9s ker\u00fclt bevezet\u00e9sre, az elk\u00f6vetkez\u0151 id\u0151szakban &#8211; a nemzetk\u00f6zi adatokat is l\u00e1tva &#8211; sz\u00e1molnunk kell azzal, hogy az \u00e1tlagos intenz\u00edves kapacit\u00e1sokat messze meghalad\u00f3 terhel\u00e9st kell kiszolg\u00e1lnunk. Ezt els\u0151dlegesen az aneszteziol\u00f3giai \u00e9s intenz\u00edv ter\u00e1pia szakter\u00fclet\u00e9n dolgoz\u00f3 orvosi \u00e9s szakdolgoz\u00f3i g\u00e1rda tudja ell\u00e1tni, mely alapesetben is hum\u00e1n er\u0151forr\u00e1s hi\u00e1nnyal k\u00fczd. M\u00e1rpedig a COVID-19 fert\u0151z\u00f6tt betegek ell\u00e1t\u00e1sa nemcsak a l\u00e9legeztet\u00e9si ig\u00e9ny miatt k\u00f6veteli meg a nagyobb intenz\u00edves kapacit\u00e1sokat. Az \u00e9rintett betegk\u00f6r egy\u00e9bk\u00e9nt is jelenl\u00e9v\u0151 kr\u00f3nikus betegs\u00e9geinek kezel\u00e9si aspektusai tov\u00e1bb n\u00f6velik az ell\u00e1t\u00e1s komplexit\u00e1s\u00e1t. Aneszteziol\u00f3giai vonalon pedig sz\u00e1molni kell az intenz\u00edv ter\u00e1pi\u00e1t ugyan nem ig\u00e9nyl\u0151, de akut m\u0171t\u00e9tet vagy invaz\u00edv beavatkoz\u00e1st sz\u00fcks\u00e9gess\u00e9 tev\u0151 COVID-19 pozit\u00edv betegek ell\u00e1t\u00e1s\u00e1val is. Egy-egy e ter\u00fcleten dolgoz\u00f3 munkat\u00e1rs esetleges megbeteged\u00e9se vagy karant\u00e9nba ker\u00fcl\u00e9se tov\u00e1bbi jelent\u0151s vesztes\u00e9ggel j\u00e1rhat int\u00e9zm\u00e9ny\u00fcnk j\u00e1rv\u00e1nnyal folytatott k\u00fczdelm\u00e9ben.<\/p>\n<hr \/>\n<p>A megfelel\u0151 szakemberek optim\u00e1lis rendelkez\u00e9sre \u00e1ll\u00edt\u00e1sa \u00e9rdek\u00e9ben tedd meg ezeket a l\u00e9p\u00e9seket:<\/p>\n<p><em><strong>Cs\u00f6kkentsd le az aneszt\u00e9zi\u00e1t ig\u00e9nyl\u0151, tervezett beavatkoz\u00e1sokat, figyelembe v\u00e9ve az erre vonatkoz\u00f3 rendeleteket, utas\u00edt\u00e1sokat is! <\/strong><\/em><\/p>\n<p>A j\u00e1rv\u00e1ny tet\u0151z\u00e9se el\u0151tt tedd ezt az\u00e9rt, hogy valamennyi aneszteziol\u00f3giai \u00e9s intenz\u00edv ter\u00e1pi\u00e1s orvosodnak \u00e9s szakdolgoz\u00f3dnak lehet\u0151s\u00e9ge legyen r\u00e9sztvenni \u00e9s gyakorolni azokon a k\u00e9pz\u00e9seken, ahol a COVID-19 betegek ell\u00e1t\u00e1s\u00e1val kapcsolatos specifikus ismereteket \u00e9s gyakorlatot saj\u00e1t\u00edthatj\u00e1k el. \u00cdgy szakmailag felk\u00e9sz\u00fclten \u00e1llnak majd a betegek fogad\u00e1s\u00e1ra, \u00e9s elker\u00fclheted, hogy a fizikailag, szellemileg \u00e9s lelkileg egyar\u00e1nt megterhel\u0151 id\u0151szakban kelljen mind a tan\u00edt\u00e1ssal mind a tanul\u00e1ssal pluszban megbirk\u00f3zniuk. Amikor pedig megkezd\u0151dik az intenz\u00edv ell\u00e1t\u00e1st ig\u00e9nyl\u0151 COVID-19 pozit\u00edv betegek kezel\u00e9se, a tervezett ell\u00e1t\u00e1sok cs\u00f6kkent\u00e9se teszi majd lehet\u0151v\u00e9 az onnan felszabadult aneszteziol\u00f3giai munkaer\u0151 intenz\u00edv ell\u00e1t\u00e1sba forgat\u00e1s\u00e1t.<\/p>\n<p>A tervezett ell\u00e1t\u00e1sok cs\u00f6kkent\u00e9sekor prior\u00e1lj a szakter\u00fcletek k\u00f6z\u00f6tt \u00e9s a szakter\u00fcleteken bel\u00fcl is annak \u00e9rdek\u00e9ben, hogy a halaszt\u00e1st nem t\u0171r\u0151 esetek (pl. sz\u00fcl\u00e9szeti, onkol\u00f3giai, s\u00fcrg\u0151s seb\u00e9szeti, traumatol\u00f3giai esetek, stb.) folyamatos ell\u00e1t\u00e1sa mindv\u00e9gig biztos\u00edtott lehessen.\u00a0\u00a0\u00a0\u00a0<\/p>\n<p><em><strong>List\u00e1zd azokat az aktu\u00e1lisan nem e ter\u00fcleten dolgoz\u00f3 szakembereket, akik sz\u00fcks\u00e9g eset\u00e9n bevonhat\u00f3k lehetnek a COVID-19 betegek intenz\u00edv ell\u00e1t\u00e1s\u00e1nak folyamat\u00e1ba!<\/strong><\/em><\/p>\n<p>Legegyszer\u0171bb tal\u00e1n a relev\u00e1ns v\u00e9gzetts\u00e9ggel rendelkez\u0151, de a k\u00f6zvetlen betegell\u00e1t\u00e1sban jelenleg nem, vagy csak r\u00e9szben dolgoz\u00f3 munkat\u00e1rsak \u201evissza\u00e1ll\u00edt\u00e1sa\u201d, \u00edgy p\u00e9ld\u00e1ul a m\u00e1s szakter\u00fcleten dolgoz\u00f3, de intenz\u00edv ter\u00e1pi\u00e1s szakvizsg\u00e1val b\u00edr\u00f3 orvosok\u00e9, kor\u00e1bban itt dolgoz\u00f3 (szak)\u00e1pol\u00f3k\u00e9, a megfelel\u0151 v\u00e9gzetts\u00e9g\u0171, jelenleg kutat\u00f3i vagy oktat\u00f3i munkak\u00f6r\u00f6kben dolgoz\u00f3 egyetemi vagy klinikai munkat\u00e1rsak\u00e9. Hasonl\u00f3an a csak aneszteziol\u00f3gia ter\u00fclet\u00e9n mozg\u00f3 munkat\u00e1rsak \u2013 orvosok \u00e9s aneszteziol\u00f3giai szakasszisztensek \u2013 bevon\u00e1sa is c\u00e9lravezet\u0151 lehet term\u00e9szetesen megfelel\u0151 felk\u00e9sz\u00edt\u00e9s eset\u00e9n. Ugyan\u00edgy a posztoperat\u00edv vagy szubintenz\u00edv ell\u00e1t\u00e1sban j\u00e1rtas egy\u00e9b szakorvosok (\u00e1ltal\u00e1ban kardiol\u00f3gusok, seb\u00e9szi ter\u00fcleten dolgoz\u00f3k vagy neurol\u00f3gusok) \u00e9s szak\u00e1pol\u00f3k, illetve l\u00e9g\u00fatbiztos\u00edt\u00e1sban gyakorlott eg\u00e9szs\u00e9g\u00fcgyi szakemberek k\u00e9pezhetik a b\u0151v\u00edt\u00e9s k\u00f6vetkez\u0151 k\u00f6r\u00e9t. Az el\u0151z\u0151 pontban eml\u00edtett ell\u00e1t\u00e1sbeli cs\u00f6kken\u00e9s e b\u0151v\u00edtett szakemberg\u00e1rda id\u0151ben t\u00f6rt\u00e9n\u0151 \u00e9s szakmailag megfelel\u0151 felk\u00e9sz\u00edt\u00e9s\u00e9re is lehet\u0151s\u00e9get ad.<\/p>\n<p><em><strong>K\u00e9pezd a COVID-19 betegek intenz\u00edv ell\u00e1t\u00e1s\u00e1ban \u00e9rintett munkat\u00e1rsakat!<\/strong><\/em><\/p>\n<p>Az ell\u00e1t\u00e1sban bet\u00f6lt\u00f6tt lehets\u00e9ges szerep\u00fck szerint differenci\u00e1lva a k\u00e9pz\u00e9s a COVID-19 fert\u0151z\u00e9ssel kapcsolatos \u00e1ltal\u00e1nos, mindenkit \u00e9rint\u0151 tudnival\u00f3kon k\u00edv\u00fcl \u00a0t\u00e9rjen ki az al\u00e1bbiakra:<\/p>\n<ul>\n<li>a COVID-19-hez kapcsol\u00f3d\u00f3 infekci\u00f3kontroll ismeretek, v\u00e9d\u0151felszerel\u00e9sek (PPE) \u00e9s helyes alkalmaz\u00e1suk (melyiket mikor \u00e9s hogyan alkalmazzuk)<\/li>\n<li>l\u00e9g\u00fat-biztos\u00edt\u00e1s COVID-19 beteg eset\u00e9n<\/li>\n<li>\u00fajra\u00e9leszt\u00e9s COVID-19 beteg eset\u00e9n<\/li>\n<li>alapszint\u0171 intenz\u00edv ell\u00e1t\u00e1si ismeretek (orvosi, \u00e1pol\u00f3i)<\/li>\n<li>COVID-19 betegek intenz\u00edv ell\u00e1t\u00e1s\u00e1nak orvosi szakmai protokollja<\/li>\n<li>COVID-19 betegek intenz\u00edv ell\u00e1t\u00e1s\u00e1nak \u00e1pol\u00f3i szakmai protokollja<\/li>\n<li>kieg\u00e9sz\u00edt\u0151 k\u00e9pz\u00e9sek, p\u00e9ld\u00e1ul: l\u00e9legeztetett beteg hasra ford\u00edt\u00e1sa, tracheostomia COVID-19 beteg eset\u00e9n, betegtranszport, stb.<\/li>\n<\/ul>\n<p>A k\u00e9pz\u00e9seknek az elm\u00e9leti ismeretek megoszt\u00e1s\u00e1n t\u00fal a megfelel\u0151 gyakorlat k\u00e9szs\u00e9g szint\u0171 elsaj\u00e1t\u00edt\u00e1s\u00e1t kell c\u00e9loznia, mely t\u00f6bbsz\u00f6ri gyakorl\u00e1st, esetenk\u00e9nt szimul\u00e1ci\u00f3k v\u00e9ghezvitel\u00e9t teszi sz\u00fcks\u00e9gess\u00e9. Ne feledd azonban, hogy a megfelel\u0151 felk\u00e9sz\u00edt\u00e9ssel nemcsak a szakemberek szakmai felk\u00e9sz\u00fcl\u00e9s\u00e9t \u00e9s ez\u00e1ltal a betegek szakszer\u0171 ell\u00e1t\u00e1s\u00e1t teszed lehet\u0151v\u00e9. A k\u00e9pz\u00e9sek \u00e1ltal az eg\u00e9szs\u00e9g\u00fcgyi dolgoz\u00f3k megfelel\u0151 ell\u00e1t\u00e1s ny\u00fajt\u00e1s\u00e1t\u00f3l vagy esetleges megfert\u0151z\u0151d\u00e9st\u0151l val\u00f3 kezdeti f\u00e9lelm\u00e9t is kezeled, \u00edgy cs\u00f6kken a r\u00e1juk nehezed\u0151 lelki teher \u00e9s stressz, s \u00edgy egy magabiztosabb \u00e9s hosszabban helyt\u00e1llni tud\u00f3 szakember g\u00e1rda \u00e9p\u00edthet\u0151. V\u00e9g\u00fcl, de nem utols\u00f3 sorban, a k\u00e9pz\u00e9sek a menedzsment profizmus\u00e1t \u00fczenik, \u00e9s er\u0151s\u00edtik a munkat\u00e1rsak elk\u00f6telezetts\u00e9g\u00e9t.\u00a0\u00a0<\/p>\n<p><em><strong>Hangold \u00f6ssze az ell\u00e1t\u00e1s szintj\u00e9t az ell\u00e1t\u00f3k kompetenci\u00e1j\u00e1val!<\/strong><\/em><\/p>\n<p>A b\u0151v\u00edtett munkat\u00e1rsi k\u00f6r ellen\u00e9re az intenz\u00edv ell\u00e1t\u00e1si feladatokat oly m\u00f3don sz\u00fcks\u00e9ges kialak\u00edtani, hogy a legkomplexebb esetekkel tov\u00e1bbra is a legk\u00e9pzettebb, illetve leggyakorlottabb szakemberek tudjanak foglalkozni. Ez\u00e9rt t\u00f6rekedni kell arra, hogy az intenz\u00edv r\u00e9szlegeken csak a legs\u00falyosabb, legkomplexebb betegek ell\u00e1t\u00e1sa t\u00f6rt\u00e9njen, \u00e9s a betegek \u00e1llapotukt\u00f3l f\u00fcgg\u0151en a leghamarabb tov\u00e1bbadhat\u00f3k legyenek egy szubintenz\u00edv jelleg\u0171 r\u00e9szlegre. Ez a szakemberek allok\u00e1ci\u00f3j\u00e1t is megk\u00f6nny\u00edti, hiszen \u00edgy k\u00f6nnyebben biztos\u00edthat\u00f3, hogy az \u201e\u00e1tk\u00e9pzett\u201d szakemberek biztosan a kev\u00e9sb\u00e9 s\u00falyos betegek ell\u00e1t\u00e1s\u00e1ban vehessenek r\u00e9szt. Hasonl\u00f3k\u00e9ppen koncentr\u00e1lhat\u00f3k az intenz\u00edv ter\u00e1pi\u00e1s szakemberek a s\u00falyos esetekre, ha az eddig \u00e1ltaluk v\u00e9gzett aneszteziol\u00f3giai tev\u00e9kenys\u00e9g al\u00f3l siker\u00fcl \u0151ket a b\u0151v\u00edtett vagy kev\u00e9sb\u00e9 k\u00e9pzett (p\u00e9ld\u00e1ul szakorvosjel\u00f6lt) munkat\u00e1rsakkal tehermentes\u00edteni. V\u00e9g\u00fcl t\u00f6rekedj\u00fcnk a beoszt\u00e1sok sor\u00e1n a kev\u00e9sb\u00e9 k\u00e9pzett vagy \u00a0kev\u00e9sb\u00e9 gyakorlott munkat\u00e1rsakat a k\u00e9pzettebb, gyakorlottabb koll\u00e9g\u00e1kkal p\u00e1ros\u00edtani.<\/p>\n<p><a href=\"https:\/\/semmelweis.hu\/emk\/files\/2020\/04\/K\u00f3rh\u00e1zi.covid_.2.jav_.pdf\">Teljes anyag ellen\u0151rz\u0151 list\u00e1val<\/a><\/p>\n<p><a href=\"https:\/\/semmelweis.hu\/emk\/files\/2020\/04\/covid-sablon-2.link_.pdf\">R\u00f6vid le\u00edr\u00e1s<\/a><\/p>\n<p><a href=\"https:\/\/www.youtube.com\/watch?v=cgYwzIASM44&amp;feature=youtu.be&amp;fbclid=IwAR30Uo2j1s98hzM4c7CakehP8Vj9cjR0C3iGlY3AUaIivYsC0NQu_WJBalk\">Vide\u00f3<\/a><\/p>\n<p><strong>Felhaszn\u00e1lt szakirodalom:<\/strong><\/p>\n<p>Checklist for hospitals preparing for the reception and care of coronavirus 2019 (COVID-19) patients, ECDC Technical Report<\/p>\n<p>Hospital Readiness Checklist for COVID-19, World Health Organization, Regional Office for Europe<\/p>\n<p>Information, guidance and resources supporting the understanding and management of Coronavirus (COVID-19), <a href=\"https:\/\/icmanaesthesiacovid-19.org\">https:\/\/icmanaesthesiacovid-19.org<\/a><\/p>\n<p>&nbsp;<\/p>\n","protected":false},"excerpt":{"rendered":"<p>Lehet, hogy lesz el\u00e9g l\u00e9legeztet\u0151g\u00e9p\u00fcnk. De lesz-e el\u00e9g szakember\u00fcnk hozz\u00e1? Hogyan \u00e9p\u00edts\u00fcnk a sz\u00fcks\u00e9gletnek megfelel\u0151, kompetens munkat\u00e1rsi k\u00f6rt? <a href=\"https:\/\/semmelweis.hu\/emk\/files\/2020\/04\/K\u00f3rh\u00e1zi.covid_.2.jav_.pdf\"><\/a> A j\u00e1rv\u00e1ny el\u0151rehaladt\u00e1val a COVID-19 gyan\u00fas vagy pozit\u00edv betegek invaz\u00edv beavatkoz\u00e1sainak \u00e9s intenz\u00edv ell\u00e1t\u00e1s\u00e1nak biztos\u00edt\u00e1sa csak a megl\u00e9v\u0151, kompetens szakember-\u00e1llom\u00e1ny tervezett, id\u0151ben t\u00f6rt\u00e9n\u0151 b\u0151v\u00edt\u00e9s\u00e9vel garant\u00e1lhat\u00f3.\u00a0 Annak ellen\u00e9re, hogy a j\u00e1rv\u00e1ny terjed\u00e9s\u00e9nek lass\u00edt\u00e1s\u00e1ra sz\u00e1mos int\u00e9zked\u00e9s ker\u00fclt bevezet\u00e9sre, az &hellip;<\/p>\n","protected":false},"author":101539,"featured_media":0,"parent":16078,"menu_order":1,"comment_status":"closed","ping_status":"closed","template":"","meta":{"_acf_changed":false,"footnotes":""},"categories":[],"tags":[],"class_list":["post-16123","page","type-page","status-publish","hentry"],"acf":[],"_links":{"self":[{"href":"https:\/\/semmelweis.hu\/emk\/wp-json\/wp\/v2\/pages\/16123","targetHints":{"allow":["GET"]}}],"collection":[{"href":"https:\/\/semmelweis.hu\/emk\/wp-json\/wp\/v2\/pages"}],"about":[{"href":"https:\/\/semmelweis.hu\/emk\/wp-json\/wp\/v2\/types\/page"}],"author":[{"embeddable":true,"href":"https:\/\/semmelweis.hu\/emk\/wp-json\/wp\/v2\/users\/101539"}],"replies":[{"embeddable":true,"href":"https:\/\/semmelweis.hu\/emk\/wp-json\/wp\/v2\/comments?post=16123"}],"version-history":[{"count":10,"href":"https:\/\/semmelweis.hu\/emk\/wp-json\/wp\/v2\/pages\/16123\/revisions"}],"predecessor-version":[{"id":16206,"href":"https:\/\/semmelweis.hu\/emk\/wp-json\/wp\/v2\/pages\/16123\/revisions\/16206"}],"up":[{"embeddable":true,"href":"https:\/\/semmelweis.hu\/emk\/wp-json\/wp\/v2\/pages\/16078"}],"wp:attachment":[{"href":"https:\/\/semmelweis.hu\/emk\/wp-json\/wp\/v2\/media?parent=16123"}],"wp:term":[{"taxonomy":"category","embeddable":true,"href":"https:\/\/semmelweis.hu\/emk\/wp-json\/wp\/v2\/categories?post=16123"},{"taxonomy":"post_tag","embeddable":true,"href":"https:\/\/semmelweis.hu\/emk\/wp-json\/wp\/v2\/tags?post=16123"}],"curies":[{"name":"wp","href":"https:\/\/api.w.org\/{rel}","templated":true}]}}