{"id":14105,"date":"2019-04-03T10:16:15","date_gmt":"2019-04-03T08:16:15","guid":{"rendered":"http:\/\/semmelweis.hu\/emk\/?page_id=14105"},"modified":"2026-02-11T15:35:34","modified_gmt":"2026-02-11T14:35:34","slug":"kurzusaink-mas-karok-hallgatoi-szamara-2","status":"publish","type":"page","link":"https:\/\/semmelweis.hu\/emk\/oktatas\/kurzusaink-mas-karok-hallgatoi-szamara-2\/","title":{"rendered":"Kurzusaink m\u00e1s karok hallgat\u00f3i sz\u00e1m\u00e1ra"},"content":{"rendered":"<div class=\"keretes w-100\">\n<p><strong>Tartalomjegyz\u00e9k:<\/strong><\/p>\n<ul style=\"list-style-type: square\">\n<li><a href=\"#egeszsegugyi_menedzsment\">Eg\u00e9szs\u00e9g\u00fcgyi menedzsment<\/a><\/li>\n<li><a href=\"#kozgazdasagtan\">K\u00f6zgazdas\u00e1gtani alapismeretek<\/a><\/li>\n<li><a href=\"#jelen_jovo\">A jelen \u00e9s a j\u00f6v\u0151 gy\u00f3gy\u00edt\u00e1sa: adatvez\u00e9relt eg\u00e9szs\u00e9g \u00e9s mesters\u00e9ges intelligencia<\/a><\/li>\n<\/ul>\n<\/div>\n<h2><a id=\"egeszsegugyi_menedzsment\"><\/a>Eg\u00e9szs\u00e9g\u00fcgyi menedzsment \u2013 K\u00f6telez\u0151en v\u00e1laszthat\u00f3 t\u00e1rgy\u00a0<\/h2>\n<p style=\"text-align: justify\">Az eg\u00e9szs\u00e9g\u00fcgyi szakemberek h\u00e9tk\u00f6znapjait a gy\u00f3gy\u00edt\u00e1s sor\u00e1n financi\u00e1lis, szervezetfejleszt\u00e9si, min\u0151s\u00e9gmenedzsment \u00e9s eg\u00e9szs\u00e9gpolitikai k\u00e9rd\u00e9sek is er\u0151sen meghat\u00e1rozz\u00e1k. Az <strong>eg\u00e9szs\u00e9g\u00fcgyi menedzsment<\/strong> tant\u00e1rgy c\u00e9lja \u00e9ppen ez\u00e9rt az, hogy m\u00e9lyebben megismertesse az eg\u00e9szs\u00e9g\u00fcgy menedzsmenttel kapcsolatos alapfogalmakat a Semmelweis Egyetem hallgat\u00f3ival. Emellett pedig olyan alapvet\u0151 szervez\u00e9si \u00e9s vezet\u00e9si ismeretek adjon \u00e1t, amelyek hat\u00e9konyabb\u00e1, eredm\u00e9nyesebb\u00e9, biztons\u00e1gosabb\u00e1 azaz v\u00e9gs\u0151 soron jobb\u00e1 teszik az ell\u00e1t\u00e1st.<\/p>\n<p style=\"text-align: justify\">A t\u00e1rgyat jelenleg k\u00f6telez\u0151en v\u00e1laszthat\u00f3 form\u00e1ban orvos, fogorvos \u00e9s gy\u00f3gyszer\u00e9sz hallgat\u00f3knak hirdetj\u00fck meg az \u0151szi \u00e9s a tavaszi szemeszterben is.<\/p>\n<div class=\"fontos_div\">\n<p style=\"text-align: justify\">A kurzus indul\u00e1s\u00e1r\u00f3l a hallgat\u00f3k a <a href=\"https:\/\/semmelweis.hu\/neptun\/hu\/neptun-inditasa\/\" target=\"_blank\" rel=\"noopener\">Neptunban<\/a> t\u00e1j\u00e9koz\u00f3dhatnak.<\/p>\n<\/div>\n<hr \/>\n<h2><a id=\"kozgazdasagtan\"><\/a>K\u00f6zgazdas\u00e1gtani alapismeretek &#8211; K\u00f6telez\u0151en v\u00e1laszthat\u00f3 t\u00e1rgy<\/h2>\n<p style=\"text-align: justify\">A <strong>k\u00f6zgazdas\u00e1gtan<\/strong> a k\u00f6zv\u00e9leked\u00e9ssel ellet\u00e9tben els\u0151sorban nem a p\u00e9nzr\u0151l sz\u00f3l, \u00e9s legf\u0151bb c\u00e9lkit\u0171z\u00e9se, hogy seg\u00edtse az emberek d\u00f6nt\u00e9seit a c\u00e9lkit\u0171z\u00e9seik megval\u00f3s\u00edt\u00e1sban. A kurzus sor\u00e1n szeml\u00e9ltet\u00e9sre ker\u00fcl, hogy a k\u00f6zgazdas\u00e1gi gondolkod\u00e1s egy \u00e1ltal\u00e1nos eszk\u00f6z az eredm\u00e9nyesebb munkav\u00e9gz\u00e9shez, a vezet\u00e9shez, illetve a vil\u00e1g m\u0171k\u00f6d\u00e9s\u00e9nek jobb megismer\u00e9s\u00e9ben, amire a v\u00e9gzett gy\u00f3gyszer\u00e9szeknek is nagy sz\u00fcks\u00e9g\u00fck lesz. Emellett a tant\u00e1rgy v\u00e9gigvezeti a hallgat\u00f3kat a k\u00f6zgazdas\u00e1gtan fogalmainak haszn\u00e1lat\u00e1n \u00e9s hasznos\u00edthat\u00f3s\u00e1g\u00e1n a v\u00e1lasztott szakm\u00e1juk ter\u00fclet\u00e9n, \u00e9s ezt gyakorlati p\u00e9ld\u00e1k, d\u00f6nt\u00e9si helyzetek bemutat\u00e1s\u00e1val is szeml\u00e9lteti.<\/p>\n<p style=\"text-align: justify\">A t\u00e1rgy f\u0151 c\u00e9lja az \u00e9let minden ter\u00fclet\u00e9t \u00e1tsz\u00f6v\u0151 k\u00f6zgazdas\u00e1gi t\u00f6rv\u00e9nyszer\u0171s\u00e9gek megismertet\u00e9se a hallgat\u00f3kkal, \u00e9s ennek alapj\u00e1n a j\u00f3 d\u00f6nt\u00e9sek meghozatal\u00e1nak, a feladatell\u00e1t\u00e1s hat\u00e9konys\u00e1g\u00e1nak magalapoz\u00e1sa \u00e9s el\u0151seg\u00edt\u00e9se.<\/p>\n<p style=\"text-align: justify\"><strong>A tant\u00e1rgy oktat\u00e1s\u00e1\u00e9rt felel\u0151s szervezeti egys\u00e9g:<\/strong> a GYTK Egyetemi Gy\u00f3gyszert\u00e1r Gy\u00f3gyszer\u00fcgyi Szervez\u00e9si Int\u00e9zet.<\/p>\n<div class=\"fontos_div\">\n<p style=\"text-align: justify\">A kurzus indul\u00e1s\u00e1r\u00f3l a hallgat\u00f3k a <a href=\"https:\/\/semmelweis.hu\/neptun\/hu\/neptun-inditasa\/\" target=\"_blank\" rel=\"noopener\">Neptunban<\/a> t\u00e1j\u00e9koz\u00f3dhatnak.<\/p>\n<\/div>\n<hr \/>\n<h2><a id=\"jelen_jovo\"><\/a>A jelen \u00e9s a j\u00f6v\u0151 gy\u00f3gy\u00edt\u00e1sa: adatvez\u00e9relt eg\u00e9szs\u00e9g \u00e9s mesters\u00e9ges intelligencia &#8211; szabadon v\u00e1laszthat\u00f3 t\u00e1rgy\u00a0<\/h2>\n<p style=\"text-align: justify\"><span style=\"font-weight: 400\">A <strong>kurzus c\u00e9lja<\/strong> a j\u00f6v\u0151 eg\u00e9szs\u00e9g\u00fcgyi szakembereinek felk\u00e9sz\u00edt\u00e9se a gy\u00f3gy\u00edt\u00e1sban zajl\u00f3 digit\u00e1lis forradalomra, megismertet\u00e9se az eg\u00e9szs\u00e9g\u00fcgyben zajl\u00f3 digit\u00e1lis fejleszt\u00e9si ir\u00e1nyokkal, a j\u00f6v\u0151 gy\u00f3gy\u00edt\u00e1s\u00e1ban egyre nagyobb szerepet kap\u00f3 digit\u00e1lis megold\u00e1sokkal, az adatok alkalmaz\u00e1s\u00e1nak jelent\u0151s\u00e9g\u00e9vel \u00e9s az adatokon alapul\u00f3 d\u00f6nt\u00e9shozatal fontoss\u00e1g\u00e1val. <\/span><\/p>\n<p style=\"text-align: justify\"><span style=\"font-weight: 400\">Kapcsol\u00f3d\u00f3 c\u00e9l a r\u00e9sztvev\u0151k megismertet\u00e9se:<\/span><\/p>\n<ul style=\"text-align: justify\">\n<li style=\"font-weight: 400\"><span style=\"font-weight: 400\">az eg\u00e9szs\u00e9g\u00fcgyi ell\u00e1t\u00e1s sor\u00e1n keletkezett adatok t\u00edpus\u00e1val,\u00a0<\/span><\/li>\n<li style=\"font-weight: 400\"><span style=\"font-weight: 400\">az adathasznos\u00edt\u00e1s- \u00e9s a mesters\u00e9ges intelligencia alkalmaz\u00e1s\u00e1nak lehet\u0151s\u00e9geivel,<\/span><\/li>\n<li style=\"font-weight: 400\"><span style=\"font-weight: 400\">a kapcsol\u00f3d\u00f3 jogi, adatbiztons\u00e1gi \u00e9s kiberbiztons\u00e1gi fogalmakkal \u00e9s alapokkal.<\/span><\/li>\n<\/ul>\n<p style=\"text-align: justify\"><span style=\"font-weight: 400\">A kurzus r\u00e9sztvev\u0151i betekint\u00e9st nyernek a <strong>mesters\u00e9ges intelligencia<\/strong> gyakorlati alkalmaz\u00e1s\u00e1ba n\u00e9h\u00e1ny diagnosztikus modalit\u00e1sban val\u00f3 felhaszn\u00e1l\u00e1s gyakorlati bemutat\u00e1s\u00e1val. Mindezen ismeretek birtok\u00e1ban a r\u00e9sztvev\u0151k meg\u00e9rtik a <strong>digit\u00e1lis k\u00e9szs\u00e9gek \u00e9s kompetenci\u00e1k<\/strong> sz\u00fcks\u00e9gess\u00e9g\u00e9t, folyamatos fejleszt\u00e9s\u00fck jelent\u0151s\u00e9g\u00e9t \u00e9s nyitott\u00e1 v\u00e1lnak a <strong>digit\u00e1lis megold\u00e1sok<\/strong> alkalmaz\u00e1s\u00e1ra p\u00e1ly\u00e1juk sor\u00e1n.<\/span><\/p>\n<p><strong>Kurzus indul\u00e1sa:<\/strong> 2026. febru\u00e1r 19.<\/p>\n<p><strong>Kurzus helysz\u00edne:<\/strong> <span style=\"color: #1e2326\">Elm\u00e9leti Orvostudom\u00e1nyi K\u00f6zpont (1094 Budapest, IX. T\u0171zolt\u00f3 utca 37-47.),<\/span><b><span style=\"color: #ff9900\">\u00a0<\/span>Hevesy Gy\u00f6rgy<\/b><span style=\"color: #1e2326\">\u00a0terem\u00a0<\/span><\/p>\n<p><strong>Kurzus id\u0151pontja:<\/strong> cs\u00fct\u00f6rt\u00f6k\u00f6nk\u00e9nt: 17:15-18:45<\/p>\n<p style=\"text-align: center\"><a class=\"button\" href=\"https:\/\/semmelweis.hu\/emk\/files\/2026\/02\/A-jelen-es-a-jovo-gyogyitasa-kurzus-program_2026_UJ.pdf\" target=\"_blank\" rel=\"noopener\">KURZUSTEMATIKA<\/a><\/p>\n<p style=\"text-align: center\"><a class=\"button\" href=\"https:\/\/semmelweis.hu\/emk\/files\/2026\/01\/A-jelen-es-a-jovo-gyogyitasa_vizsgainformaciok_2026.pdf\" target=\"_blank\" rel=\"noopener\">VIZSGAINFORM\u00c1CI\u00d3K<\/a><\/p>\n<div class=\"fontos_div\">\n<p style=\"text-align: justify\">A kurzussal kapcsolatos tov\u00e1bbi inform\u00e1ci\u00f3kr\u00f3l a hallgat\u00f3k, a\u00a0<b><a href=\"https:\/\/semmelweis.hu\/neptun\/hu\/neptun-inditasa\/\" target=\"_blank\" rel=\"noopener\">Neptunban<\/a><\/b>\u00a0t\u00e1j\u00e9koz\u00f3dhatnak.<\/p>\n<\/div>\n<div class=\"keretes w-100\">\n<p><strong>Besz\u00e1mol\u00f3ink az el\u0151z\u0151 \u00e9vek kurzusair\u00f3l<\/strong><\/p>\n<ul style=\"list-style-type: square\">\n<li style=\"text-align: justify\"><strong>2022 <a href=\"https:\/\/semmelweis.hu\/emk\/2023\/02\/09\/a-jelen-es-a-jovo-gyogyitasa-adatvezerelt-egeszseg-es-mesterseges-intelligencia\/\" target=\"_blank\" rel=\"noopener\">A jelen \u00e9s a j\u00f6v\u0151 gy\u00f3gy\u00edt\u00e1sa: adatvez\u00e9relt eg\u00e9szs\u00e9g \u00e9s mesters\u00e9ges intelligencia<\/a><\/strong><\/li>\n<li style=\"text-align: justify\"><strong>2023 <a href=\"https:\/\/semmelweis.hu\/emk\/2023\/05\/25\/a-jelen-es-a-jovo-gyogyitasa-adatvezerelt-egeszseg-es-mesterseges-intelligencia-kurzus\/\" target=\"_blank\" rel=\"noopener\">A jelen \u00e9s a j\u00f6v\u0151 gy\u00f3gy\u00edt\u00e1sa: adatvez\u00e9relt eg\u00e9szs\u00e9g \u00e9s mesters\u00e9ges intelligencia kurzus<\/a><\/strong><\/li>\n<li style=\"text-align: justify\"><strong>2024 <a href=\"https:\/\/semmelweis.hu\/emk\/2024\/05\/20\/a-jelen-es-a-jovo-gyogyitasa-adatvezerelt-egeszseg-es-mesterseges-intelligencia-kurzus-2024-05-16\/\" target=\"_blank\" rel=\"noopener\">A jelen \u00e9s a j\u00f6v\u0151 gy\u00f3gy\u00edt\u00e1sa: adatvez\u00e9relt eg\u00e9szs\u00e9g \u00e9s mesters\u00e9ges intelligencia kurzus \u2013 2024.05.16.<\/a><\/strong><\/li>\n<li style=\"text-align: justify\"><strong>2025 <a href=\"https:\/\/semmelweis.hu\/emk\/2025\/05\/29\/lezarult-a-2025-evi-a-jelen-es-a-jovo-gyogyitasa-adatvezerelt-egeszseg-es-mesterseges-intelligencia-kurzus\/\" target=\"_blank\" rel=\"noopener\">Lez\u00e1rult a 2025. \u00e9vi A jelen \u00e9s a j\u00f6v\u0151 gy\u00f3gy\u00edt\u00e1sa: adatvez\u00e9relt eg\u00e9szs\u00e9g \u00e9s mesters\u00e9ges intelligencia kurzus<\/a><\/strong><\/li>\n<\/ul>\n<\/div>\n\r\n        [slb_exclude]\r\n        <div class=\"row galeria-wrapper mx-0 h-auto\">\r\n            <div class=\"col-9 pl-0 pr-2\">\r\n            <span class=\"gallery-item frame\">\r\n\t\t\t\t<div class=\"galeria-left-img\"><a href=\"https:\/\/semmelweis.hu\/emk\/files\/2025\/05\/Jelen_jovo_nyertesek_2025-1.jpg\"><img src=https:\/\/semmelweis.hu\/emk\/files\/2025\/05\/Jelen_jovo_nyertesek_2025-1.jpg  \r\n                            alt=\"A jelen \u00e9s a j\u00f6v\u0151 gy\u00f3gy\u00edt\u00e1sa: adatvez\u00e9relt eg\u00e9szs\u00e9g \u00e9s mesters\u00e9ges intelligencia kurzus 2025-ben\" \r\n                            class=\"attachment-sote-gallery-big size-sote-gallery-big\" \r\n                            srcset=\"https:\/\/semmelweis.hu\/emk\/files\/2025\/05\/Jelen_jovo_nyertesek_2025-1-400x221.jpg 400w, https:\/\/semmelweis.hu\/emk\/files\/2025\/05\/Jelen_jovo_nyertesek_2025-1-1024x566.jpg 1024w, https:\/\/semmelweis.hu\/emk\/files\/2025\/05\/Jelen_jovo_nyertesek_2025-1-768x424.jpg 768w, https:\/\/semmelweis.hu\/emk\/files\/2025\/05\/Jelen_jovo_nyertesek_2025-1-753x416.jpg 753w, https:\/\/semmelweis.hu\/emk\/files\/2025\/05\/Jelen_jovo_nyertesek_2025-1.jpg 1200w\" ><\/a><\/div>\r\n            <\/span>\r\n\r\n            <\/div>\r\n\r\n\t\t\t<div class=\"col-3 pl-0 pr-0\">\r\n\t\t\t\t<div class=\"galeria-right-img d-flex justify-content-between flex-column h-100 w-100 px-0 mx-0 \">\r\n                <div class=\"galeria-box\">\r\n\t\t\t\t\t<h3 class=\"galeria-title\">Gal\u00e9ria<\/h3>\r\n\t\t\t\t\t<div class=\"galeria-subtitle\">\r\n\r\n\t\t\t\t\t\t<div class=\"galeria-page-counter\"><span>7<\/span>k\u00e9p<\/div>\r\n                    <\/div> <\/div>\r\n                    <span class=\"gallery-item frame d-none d-md-flex\">\r\n\t\t\t\t\t<div class=\"galeria-small-img mt-0\"><a href=\"https:\/\/semmelweis.hu\/emk\/files\/2025\/05\/jelen-jovo-2025.jpg\"><img src=https:\/\/semmelweis.hu\/emk\/files\/2025\/05\/jelen-jovo-2025.jpg \r\n                                alt=\"A jelen \u00e9s a j\u00f6v\u0151 gy\u00f3gy\u00edt\u00e1sa: adatvez\u00e9relt eg\u00e9szs\u00e9g \u00e9s mesters\u00e9ges intelligencia kurzus 2025-ben\"  \r\n                                class=\"attachment-sote-gallery-small size-sote-gallery-small\" \r\n                                srcset=\"https:\/\/semmelweis.hu\/emk\/files\/2025\/05\/jelen-jovo-2025-400x300.jpg 400w, https:\/\/semmelweis.hu\/emk\/files\/2025\/05\/jelen-jovo-2025-1024x768.jpg 1024w, https:\/\/semmelweis.hu\/emk\/files\/2025\/05\/jelen-jovo-2025-768x576.jpg 768w, https:\/\/semmelweis.hu\/emk\/files\/2025\/05\/jelen-jovo-2025-753x565.jpg 753w, https:\/\/semmelweis.hu\/emk\/files\/2025\/05\/jelen-jovo-2025.jpg 1200w\" ><\/a><\/div>\r\n                    <\/span>\r\n                    <span class=\"gallery-item frame d-none d-md-flex\">\r\n\t\t\t\t\t<div class=\"galeria-small-img mt-0\"><a href=\"https:\/\/semmelweis.hu\/emk\/files\/2024\/06\/JelenJovo_20240516-4-e1717404191765.jpg\"><img src=https:\/\/semmelweis.hu\/emk\/files\/2024\/06\/JelenJovo_20240516-4-e1717404191765.jpg \r\n                                alt=\"A jelen \u00e9s a j\u00f6v\u0151 gy\u00f3gy\u00edt\u00e1sa: adatvez\u00e9relt eg\u00e9szs\u00e9g \u00e9s mesters\u00e9ges intelligencia kurzus 2024-ben\" \r\n                                class=\"attachment-sote-gallery-small size-sote-gallery-small\" \r\n                                srcset=\"https:\/\/semmelweis.hu\/emk\/files\/2024\/06\/JelenJovo_20240516-4-e1717404191765-315x400.jpg 315w, https:\/\/semmelweis.hu\/emk\/files\/2024\/06\/JelenJovo_20240516-4-e1717404191765.jpg 590w\" ><\/a><\/div>\r\n                    <\/span>\r\n\r\n                <\/div>\r\n\r\n            <\/div>\r\n\r\n            <span class=\"gallery-item\"><div class=\"hidden\"><a href=\"https:\/\/semmelweis.hu\/emk\/files\/2024\/06\/JelenJovo_20240516-2.jpg\">\r\n        <img src=https:\/\/semmelweis.hu\/emk\/files\/2024\/06\/JelenJovo_20240516-2.jpg alt=\"A jelen \u00e9s a j\u00f6v\u0151 gy\u00f3gy\u00edt\u00e1sa: adatvez\u00e9relt eg\u00e9szs\u00e9g \u00e9s mesters\u00e9ges intelligencia kurzus 2024-ben\" class=\"attachment-sote-gallery-big size-sote-gallery-big\" srcset=\"https:\/\/semmelweis.hu\/emk\/files\/2024\/06\/JelenJovo_20240516-2-400x184.jpg 400w, https:\/\/semmelweis.hu\/emk\/files\/2024\/06\/JelenJovo_20240516-2-768x354.jpg 768w, https:\/\/semmelweis.hu\/emk\/files\/2024\/06\/JelenJovo_20240516-2-753x347.jpg 753w, https:\/\/semmelweis.hu\/emk\/files\/2024\/06\/JelenJovo_20240516-2.jpg 1000w\" >\r\n        <\/a><\/div><\/span><span class=\"gallery-item\"><div class=\"hidden\"><a href=\"https:\/\/semmelweis.hu\/emk\/files\/2024\/06\/JelenJovo_20240516-3.jpg\">\r\n        <img src=https:\/\/semmelweis.hu\/emk\/files\/2024\/06\/JelenJovo_20240516-3.jpg alt=\"A jelen \u00e9s a j\u00f6v\u0151 gy\u00f3gy\u00edt\u00e1sa: adatvez\u00e9relt eg\u00e9szs\u00e9g \u00e9s mesters\u00e9ges intelligencia kurzus 2024-ben\" class=\"attachment-sote-gallery-big size-sote-gallery-big\" srcset=\"https:\/\/semmelweis.hu\/emk\/files\/2024\/06\/JelenJovo_20240516-3-400x184.jpg 400w, https:\/\/semmelweis.hu\/emk\/files\/2024\/06\/JelenJovo_20240516-3-768x354.jpg 768w, https:\/\/semmelweis.hu\/emk\/files\/2024\/06\/JelenJovo_20240516-3-753x347.jpg 753w, https:\/\/semmelweis.hu\/emk\/files\/2024\/06\/JelenJovo_20240516-3.jpg 1000w\" >\r\n        <\/a><\/div><\/span><span class=\"gallery-item\"><div class=\"hidden\"><a href=\"https:\/\/semmelweis.hu\/emk\/files\/2023\/02\/jelen_es_jovo_kurzus_2022-scaled.jpg\">\r\n        <img src=https:\/\/semmelweis.hu\/emk\/files\/2023\/02\/jelen_es_jovo_kurzus_2022-scaled.jpg alt=\"A jelen \u00e9s a j\u00f6v\u0151 gy\u00f3gy\u00edt\u00e1sa: adatvez\u00e9relt eg\u00e9szs\u00e9g \u00e9s mesters\u00e9ges intelligencia kurzus 2022-ben\" class=\"attachment-sote-gallery-big size-sote-gallery-big\" srcset=\"https:\/\/semmelweis.hu\/emk\/files\/2023\/02\/jelen_es_jovo_kurzus_2022-400x300.jpg 400w, https:\/\/semmelweis.hu\/emk\/files\/2023\/02\/jelen_es_jovo_kurzus_2022-1024x768.jpg 1024w, https:\/\/semmelweis.hu\/emk\/files\/2023\/02\/jelen_es_jovo_kurzus_2022-768x576.jpg 768w, https:\/\/semmelweis.hu\/emk\/files\/2023\/02\/jelen_es_jovo_kurzus_2022-1536x1152.jpg 1536w, https:\/\/semmelweis.hu\/emk\/files\/2023\/02\/jelen_es_jovo_kurzus_2022-2048x1536.jpg 2048w, https:\/\/semmelweis.hu\/emk\/files\/2023\/02\/jelen_es_jovo_kurzus_2022-753x565.jpg 753w\" >\r\n        <\/a><\/div><\/span><span class=\"gallery-item\"><div class=\"hidden\"><a href=\"https:\/\/semmelweis.hu\/emk\/files\/2023\/02\/jelen_es_jovo_kurzus_2_2022-scaled.jpg\">\r\n        <img src=https:\/\/semmelweis.hu\/emk\/files\/2023\/02\/jelen_es_jovo_kurzus_2_2022-scaled.jpg alt=\"A jelen \u00e9s a j\u00f6v\u0151 gy\u00f3gy\u00edt\u00e1sa: adatvez\u00e9relt eg\u00e9szs\u00e9g \u00e9s mesters\u00e9ges intelligencia kurzus 2022-ben\" class=\"attachment-sote-gallery-big size-sote-gallery-big\" srcset=\"https:\/\/semmelweis.hu\/emk\/files\/2023\/02\/jelen_es_jovo_kurzus_2_2022-400x300.jpg 400w, https:\/\/semmelweis.hu\/emk\/files\/2023\/02\/jelen_es_jovo_kurzus_2_2022-1024x768.jpg 1024w, https:\/\/semmelweis.hu\/emk\/files\/2023\/02\/jelen_es_jovo_kurzus_2_2022-768x576.jpg 768w, https:\/\/semmelweis.hu\/emk\/files\/2023\/02\/jelen_es_jovo_kurzus_2_2022-1536x1152.jpg 1536w, https:\/\/semmelweis.hu\/emk\/files\/2023\/02\/jelen_es_jovo_kurzus_2_2022-2048x1536.jpg 2048w, https:\/\/semmelweis.hu\/emk\/files\/2023\/02\/jelen_es_jovo_kurzus_2_2022-753x565.jpg 753w\" >\r\n        <\/a><\/div><\/span>\r\n            <\/div>\r\n\r\n            [\/slb_exclude]\r\n\t\n","protected":false},"excerpt":{"rendered":"<p>Tartalomjegyz\u00e9k: <a href=\"#egeszsegugyi_menedzsment\">Eg\u00e9szs\u00e9g\u00fcgyi menedzsment<\/a> <a href=\"#kozgazdasagtan\">K\u00f6zgazdas\u00e1gtani alapismeretek<\/a> <a href=\"#jelen_jovo\">A jelen \u00e9s a j\u00f6v\u0151 gy\u00f3gy\u00edt\u00e1sa: adatvez\u00e9relt eg\u00e9szs\u00e9g \u00e9s mesters\u00e9ges intelligencia<\/a> <a id=\"egeszsegugyi_menedzsment\"><\/a> Eg\u00e9szs\u00e9g\u00fcgyi menedzsment \u2013 K\u00f6telez\u0151en v\u00e1laszthat\u00f3 t\u00e1rgy\u00a0 Az eg\u00e9szs\u00e9g\u00fcgyi szakemberek h\u00e9tk\u00f6znapjait a gy\u00f3gy\u00edt\u00e1s sor\u00e1n financi\u00e1lis, szervezetfejleszt\u00e9si, min\u0151s\u00e9gmenedzsment \u00e9s eg\u00e9szs\u00e9gpolitikai k\u00e9rd\u00e9sek is er\u0151sen meghat\u00e1rozz\u00e1k. Az eg\u00e9szs\u00e9g\u00fcgyi menedzsment tant\u00e1rgy c\u00e9lja \u00e9ppen ez\u00e9rt az, hogy m\u00e9lyebben megismertesse az eg\u00e9szs\u00e9g\u00fcgy menedzsmenttel kapcsolatos alapfogalmakat a Semmelweis Egyetem hallgat\u00f3ival. Emellett pedig olyan alapvet\u0151 szervez\u00e9si \u00e9s vezet\u00e9si ismeretek adjon \u00e1t, amelyek hat\u00e9konyabb\u00e1, &hellip;<\/p>\n","protected":false},"author":101539,"featured_media":0,"parent":14559,"menu_order":6,"comment_status":"closed","ping_status":"closed","template":"","meta":{"_acf_changed":false,"footnotes":""},"categories":[],"tags":[],"class_list":["post-14105","page","type-page","status-publish","hentry"],"acf":[],"_links":{"self":[{"href":"https:\/\/semmelweis.hu\/emk\/wp-json\/wp\/v2\/pages\/14105","targetHints":{"allow":["GET"]}}],"collection":[{"href":"https:\/\/semmelweis.hu\/emk\/wp-json\/wp\/v2\/pages"}],"about":[{"href":"https:\/\/semmelweis.hu\/emk\/wp-json\/wp\/v2\/types\/page"}],"author":[{"embeddable":true,"href":"https:\/\/semmelweis.hu\/emk\/wp-json\/wp\/v2\/users\/101539"}],"replies":[{"embeddable":true,"href":"https:\/\/semmelweis.hu\/emk\/wp-json\/wp\/v2\/comments?post=14105"}],"version-history":[{"count":12,"href":"https:\/\/semmelweis.hu\/emk\/wp-json\/wp\/v2\/pages\/14105\/revisions"}],"predecessor-version":[{"id":26770,"href":"https:\/\/semmelweis.hu\/emk\/wp-json\/wp\/v2\/pages\/14105\/revisions\/26770"}],"up":[{"embeddable":true,"href":"https:\/\/semmelweis.hu\/emk\/wp-json\/wp\/v2\/pages\/14559"}],"wp:attachment":[{"href":"https:\/\/semmelweis.hu\/emk\/wp-json\/wp\/v2\/media?parent=14105"}],"wp:term":[{"taxonomy":"category","embeddable":true,"href":"https:\/\/semmelweis.hu\/emk\/wp-json\/wp\/v2\/categories?post=14105"},{"taxonomy":"post_tag","embeddable":true,"href":"https:\/\/semmelweis.hu\/emk\/wp-json\/wp\/v2\/tags?post=14105"}],"curies":[{"name":"wp","href":"https:\/\/api.w.org\/{rel}","templated":true}]}}