{"id":13842,"date":"2019-04-03T10:16:19","date_gmt":"2019-04-03T08:16:19","guid":{"rendered":"http:\/\/semmelweis.hu\/emk\/?page_id=13842"},"modified":"2023-03-09T15:22:11","modified_gmt":"2023-03-09T14:22:11","slug":"molmedex-creating-the-hungarian-centre-of-excellence-for-molecular-medicine","status":"publish","type":"page","link":"https:\/\/semmelweis.hu\/emk\/szakertoi-tevekenyseg-projektek\/lezart-projektek\/molmedex-creating-the-hungarian-centre-of-excellence-for-molecular-medicine\/","title":{"rendered":"MOLMEDEX"},"content":{"rendered":"<p><strong>MOLMEDEX \u2013 Creating the Hungarian Centre of Excellence for Molecular Medicine<\/strong><\/p>\n<p>WIDESPREAD-2014-1 TEAMING<\/p>\n<p>2015.06.01. \u2013 2016.05.31.<\/p>\n<p><strong>Projekt tartalma, c\u00e9lja<\/strong><\/p>\n<p>A projekt c\u00e9lja az alapkutat\u00e1si eredm\u00e9nyek klinikai alkalmaz\u00e1s\u00e1nak el\u0151seg\u00edt\u00e9se \u00e9s egy magyar molekul\u00e1ris medicina kiv\u00e1l\u00f3s\u00e1gi k\u00f6zpont l\u00e9trehoz\u00e1sa. Emellett az esetleges piaci lehet\u0151s\u00e9gek kiakn\u00e1z\u00e1sa, intenz\u00edv technol\u00f3giatranszfer, k\u00f6z\u00f6s doktori k\u00e9pz\u00e9sek \u00e9s klinikai kutat\u00f3i tr\u00e9ningek szervez\u00e9se. A projekt eredm\u00e9nyek\u00e9nt a v\u00e9grehajt\u00f3 konzorciumnak strat\u00e9giai \u00fczleti tervet kellett bemutatnia egy fel\u00e1ll\u00edtand\u00f3 Kiv\u00e1l\u00f3s\u00e1gi K\u00f6zpont hossz\u00fa t\u00e1v\u00fa kutat\u00e1s-fejleszt\u00e9si strat\u00e9gi\u00e1j\u00e1r\u00f3l, a K\u00f6zpont menedzsel\u00e9s\u00e9r\u0151l \u00e9s kapcsol\u00f3d\u00f3 k\u00e9pz\u00e9si programokr\u00f3l.<\/p>\n<p><strong>Projekt szerepl\u0151k<\/strong><\/p>\n<p>Konzorciumvezet\u0151: Nemzeti Kutat\u00e1si, Fejleszt\u00e9si \u00e9s Innov\u00e1ci\u00f3s Hivatal<\/p>\n<p>EMK szerepv\u00e1llal\u00e1sa: Az EMK munkat\u00e1rsai a Piacelemz\u00e9s (WP2), a Kommunik\u00e1ci\u00f3s, \u00dczleti \u00e9s PR kapcsolatok (WP6) \u00e9s a Fenntarthat\u00f3s\u00e1g (WP7) munkacsomagokban vettek r\u00e9szt.<\/p>\n<p>Tov\u00e1bbi konzorciumi tagok\/partnerek:<\/p>\n<ul>\n<li>Semmelweis Egyetem<\/li>\n<li>Debreceni Egyetem<\/li>\n<li>Szegedi Biol\u00f3giai Kutat\u00f3k\u00f6zpont (MTA SZBK)<\/li>\n<li>Szegedi Tudom\u00e1nyegyetem<\/li>\n<li>Eur\u00f3pai Molekul\u00e1ris Biol\u00f3giai Laborat\u00f3rium (EMBL)<\/li>\n<\/ul>\n<p><strong>EMK kontakt<\/strong><\/p>\n<p>N\u00e9v: Kis M\u00e1rton<br \/>\nTelefon: 06\/1-488-7635<br \/>\nE-mail: kis.marton@emk.sote.hu<\/p>\n<p><strong>Eredm\u00e9nyterm\u00e9kek<\/strong><\/p>\n<p>A projekt eredm\u00e9nyterm\u00e9kei k\u00f6z\u00fcl az al\u00e1bbiak az EMK munkat\u00e1rsainak akt\u00edv k\u00f6zrem\u0171k\u00f6d\u00e9s\u00e9vel j\u00f6ttek l\u00e9tre:<\/p>\n<ul>\n<li>A projekt legfontosabb eredm\u00e9nyterm\u00e9ke a WP7-ben r\u00e9sztvev\u0151 szak\u00e9rt\u0151k \u00e1ltal kidolgozott, a molekul\u00e1ris medicina Kiv\u00e1l\u00f3s\u00e1gi K\u00f6zpont fel\u00e1ll\u00edt\u00e1s\u00e1t igazol\u00f3 \u00fczleti terv, amelyre a k\u00f6vetkez\u0151 p\u00e1ly\u00e1zati szakasz \u00e9p\u00fcl.<\/li>\n<li>A WP6 eredm\u00e9nyek\u00e9nt a Szegedi Tudom\u00e1nyegyetem vezet\u00e9s\u00e9vel az \u00fczleti terven t\u00fal l\u00e9trej\u00f6tt a molekul\u00e1ris medicina Kiv\u00e1l\u00f3s\u00e1gi K\u00f6zpont marketing terve is.<\/li>\n<li>A WP2-ben szak\u00e9rt\u0151ink h\u00e1l\u00f3zatelemz\u00e9sen alapul\u00f3 piackutat\u00e1st v\u00e9geztek a molekul\u00e1ris medicin\u00e1t \u00e9rint\u0151 kulcsszavak seg\u00edts\u00e9g\u00e9vel, behat\u00e1rolva azon kutat\u00f3kat, hazai \u00e9s nemzetk\u00f6zi kutat\u00f3helyeket \u00e9s c\u00e9geket, amelyek akt\u00edvak ezen a ter\u00fcleten. A h\u00e1l\u00f3zatanal\u00edzissel olyan trendek \u00e9s g\u00f3cpontok v\u00e1ltak beazonos\u00edthat\u00f3v\u00e1, amelyek a projekt eredm\u00e9nyek\u00e9nt el\u0151\u00e1ll\u00f3 \u00fczleti terv al\u00e1t\u00e1maszt\u00e1s\u00e1ban j\u00e1tszanak fontos szerepet.<\/li>\n<\/ul>\n<p>&nbsp;<\/p>\n","protected":false},"excerpt":{"rendered":"<p>MOLMEDEX \u2013 Creating the Hungarian Centre of Excellence for Molecular Medicine WIDESPREAD-2014-1 TEAMING 2015.06.01. \u2013 2016.05.31. Projekt tartalma, c\u00e9lja A projekt c\u00e9lja az alapkutat\u00e1si eredm\u00e9nyek klinikai alkalmaz\u00e1s\u00e1nak el\u0151seg\u00edt\u00e9se \u00e9s egy magyar molekul\u00e1ris medicina kiv\u00e1l\u00f3s\u00e1gi k\u00f6zpont l\u00e9trehoz\u00e1sa. Emellett az esetleges piaci lehet\u0151s\u00e9gek kiakn\u00e1z\u00e1sa, intenz\u00edv technol\u00f3giatranszfer, k\u00f6z\u00f6s doktori k\u00e9pz\u00e9sek \u00e9s klinikai kutat\u00f3i tr\u00e9ningek szervez\u00e9se. A projekt eredm\u00e9nyek\u00e9nt &hellip;<\/p>\n","protected":false},"author":101539,"featured_media":0,"parent":15855,"menu_order":22,"comment_status":"closed","ping_status":"closed","template":"","meta":{"_acf_changed":false,"footnotes":""},"categories":[],"tags":[],"class_list":["post-13842","page","type-page","status-publish","hentry"],"acf":[],"_links":{"self":[{"href":"https:\/\/semmelweis.hu\/emk\/wp-json\/wp\/v2\/pages\/13842","targetHints":{"allow":["GET"]}}],"collection":[{"href":"https:\/\/semmelweis.hu\/emk\/wp-json\/wp\/v2\/pages"}],"about":[{"href":"https:\/\/semmelweis.hu\/emk\/wp-json\/wp\/v2\/types\/page"}],"author":[{"embeddable":true,"href":"https:\/\/semmelweis.hu\/emk\/wp-json\/wp\/v2\/users\/101539"}],"replies":[{"embeddable":true,"href":"https:\/\/semmelweis.hu\/emk\/wp-json\/wp\/v2\/comments?post=13842"}],"version-history":[{"count":5,"href":"https:\/\/semmelweis.hu\/emk\/wp-json\/wp\/v2\/pages\/13842\/revisions"}],"predecessor-version":[{"id":25333,"href":"https:\/\/semmelweis.hu\/emk\/wp-json\/wp\/v2\/pages\/13842\/revisions\/25333"}],"up":[{"embeddable":true,"href":"https:\/\/semmelweis.hu\/emk\/wp-json\/wp\/v2\/pages\/15855"}],"wp:attachment":[{"href":"https:\/\/semmelweis.hu\/emk\/wp-json\/wp\/v2\/media?parent=13842"}],"wp:term":[{"taxonomy":"category","embeddable":true,"href":"https:\/\/semmelweis.hu\/emk\/wp-json\/wp\/v2\/categories?post=13842"},{"taxonomy":"post_tag","embeddable":true,"href":"https:\/\/semmelweis.hu\/emk\/wp-json\/wp\/v2\/tags?post=13842"}],"curies":[{"name":"wp","href":"https:\/\/api.w.org\/{rel}","templated":true}]}}