{"id":11,"date":"2012-06-26T09:43:11","date_gmt":"2012-06-26T07:43:11","guid":{"rendered":"http:\/\/semmelweis-egyetem.hu\/elettan\/?page_id=11"},"modified":"2026-09-03T23:26:43","modified_gmt":"2026-09-03T21:26:43","slug":"oszi-szemeszter","status":"publish","type":"page","link":"https:\/\/semmelweis.hu\/elettan\/oktatas\/oszi-szemeszter\/","title":{"rendered":"\u0150szi szemeszter"},"content":{"rendered":"<p><!--:hu--><\/p>\n<p>K\u00f6vetelm\u00e9nyrendszer (K\u00e9rj\u00fck a &#8222;Nem hat\u00e1lyos\u00edtott&#8221; v\u00edzjelet figyelmen k\u00edv\u00fcl hagyni!):<\/p>\n<ul>\n<li>Magyar Orvosk\u00e9pz\u00e9s: AOKELT1100_<a href=\"https:\/\/semmelweis.hu\/elettan\/files\/2026\/09\/202627-MO-1.pdf\">1M<\/a> \/ <a href=\"https:\/\/semmelweis.hu\/elettan\/files\/2026\/09\/202627-MO-2.pdf\">2M<\/a> (<span style=\"color: #ff0000\">2026\/27<\/span>)<\/li>\n<li>Magyar Fogorvosk\u00e9pz\u00e9s: FOKOELT_349_<a href=\"https:\/\/semmelweis.hu\/elettan\/files\/2026\/09\/202627-MF-1.pdf\">1M<\/a> \/<a href=\"https:\/\/semmelweis.hu\/elettan\/files\/2026\/09\/202627-MF-2.pdf\"> 2M<\/a> (<span style=\"color: #ff0000\">2026\/27<\/span>)<\/li>\n<\/ul>\n<p>El\u0151ad\u00e1stematika: <a href=\"https:\/\/semmelweis.hu\/elettan\/files\/2022\/09\/AOK_eloadas_osz.pdf\">MO<\/a> \/ <a href=\"https:\/\/semmelweis.hu\/elettan\/files\/2022\/08\/FOK_eloadas_osz.pdf\">MF<\/a> <span style=\"color: #ff0000\">(2026\/27)<\/span><\/p>\n<p>Gyakorlatok rendje \u00e9s tematik\u00e1ja\u00a0 <a href=\"https:\/\/semmelweis.hu\/elettan\/files\/2022\/09\/AOK-gyak-menet_osz.pdf\">MO<\/a>, illetve <a href=\"https:\/\/semmelweis.hu\/elettan\/files\/2022\/01\/FOK-gyak-menet_osz.pdf\">MF<\/a> <span style=\"color: #000000\">(<span style=\"color: #ff0000\">2026\/27<\/span>)<\/span><\/p>\n<p><a href=\"http:\/\/lib.semmelweis.hu\/app\/getKbFile&amp;id=5196\">\u00d6sszes\u00edt\u0151 t\u00e1bl\u00e1zat v\u00e9rnyom\u00e1sm\u00e9r\u00e9shez<\/a><\/p>\n<p>Kollokviumi <a href=\"https:\/\/semmelweis.hu\/elettan\/files\/2020\/09\/tetel-2023_24-kollok-AOK_FOK.pdf\">t\u00e9telek <\/a>\u00a0(2023\/24\/25. azonos, 2026\/27. a k\u00f6vetelm\u00e9nyrendszerben)<\/p>\n<p><del>T\u00e1j\u00e9koztat\u00f3 az <span style=\"color: #000000\">\u00e9lettan kollokviumr\u00f3l <a href=\"https:\/\/semmelweis.hu\/elettan\/files\/2019\/10\/Kolltaj2526AOK.pdf\">MO<\/a><\/span><span style=\"color: #000000\">, illetve <a href=\"https:\/\/semmelweis.hu\/elettan\/files\/2019\/10\/Kolltaj2526FOK.pdf\">MF<\/a><\/span> <span style=\"color: #000000\">hallga<\/span>t\u00f3k sz\u00e1m\u00e1ra <span style=\"color: #000000\">(<span style=\"color: #ff0000\">2025\/26<\/span>)<\/span><\/del><\/p>\n<p><del><a href=\"https:\/\/semmelweis.hu\/elettan\/files\/2025\/10\/Felhivas-versenyvizsgara-2025-1.-felev.pdf\">Felh\u00edv\u00e1s versenyvizsg\u00e1ra<\/a> (2025\/26)<\/del><\/p>\n<p><del>Vizsgaid\u0151szaki <a href=\"https:\/\/docs.google.com\/spreadsheets\/d\/1PT05T9mVAQqsTvztVk6iqQBAC44_AxqUBRn3zdTc8oI\/edit?usp=sharing\">konzult\u00e1ci\u00f3<\/a> \u00e9lettanb\u00f3l<\/del><\/p>\n<p><!--:--><\/p>\n","protected":false},"excerpt":{"rendered":"<p>K\u00f6vetelm\u00e9nyrendszer (K\u00e9rj\u00fck a &#8222;Nem hat\u00e1lyos\u00edtott&#8221; v\u00edzjelet figyelmen k\u00edv\u00fcl hagyni!): Magyar Orvosk\u00e9pz\u00e9s: AOKELT1100_ <a href=\"https:\/\/semmelweis.hu\/elettan\/files\/2026\/09\/202627-MO-1.pdf\">1M<\/a> \/ <a href=\"https:\/\/semmelweis.hu\/elettan\/files\/2026\/09\/202627-MO-2.pdf\">2M<\/a> (2026\/27) Magyar Fogorvosk\u00e9pz\u00e9s: FOKOELT_349_ <a href=\"https:\/\/semmelweis.hu\/elettan\/files\/2026\/09\/202627-MF-1.pdf\">1M<\/a> \/ <a href=\"https:\/\/semmelweis.hu\/elettan\/files\/2026\/09\/202627-MF-2.pdf\"> 2M<\/a> (2026\/27) El\u0151ad\u00e1stematika: <a href=\"https:\/\/semmelweis.hu\/elettan\/files\/2022\/09\/AOK_eloadas_osz.pdf\">MO<\/a> \/ <a href=\"https:\/\/semmelweis.hu\/elettan\/files\/2022\/08\/FOK_eloadas_osz.pdf\">MF<\/a> (2026\/27) Gyakorlatok rendje \u00e9s tematik\u00e1ja\u00a0 <a href=\"https:\/\/semmelweis.hu\/elettan\/files\/2022\/09\/AOK-gyak-menet_osz.pdf\">MO<\/a> , illetve <a href=\"https:\/\/semmelweis.hu\/elettan\/files\/2022\/01\/FOK-gyak-menet_osz.pdf\">MF<\/a> (2026\/27) <a href=\"http:\/\/lib.semmelweis.hu\/app\/getKbFile&amp;id=5196\">\u00d6sszes\u00edt\u0151 t\u00e1bl\u00e1zat v\u00e9rnyom\u00e1sm\u00e9r\u00e9shez<\/a> Kollokviumi <a href=\"https:\/\/semmelweis.hu\/elettan\/files\/2020\/09\/tetel-2023_24-kollok-AOK_FOK.pdf\">t\u00e9telek <\/a> \u00a0(2023\/24\/25. azonos, 2026\/27. a k\u00f6vetelm\u00e9nyrendszerben) T\u00e1j\u00e9koztat\u00f3 az \u00e9lettan kollokviumr\u00f3l <a href=\"https:\/\/semmelweis.hu\/elettan\/files\/2019\/10\/Kolltaj2526AOK.pdf\">MO<\/a> , illetve <a href=\"https:\/\/semmelweis.hu\/elettan\/files\/2019\/10\/Kolltaj2526FOK.pdf\">MF<\/a> hallgat\u00f3k sz\u00e1m\u00e1ra (2025\/26) <a href=\"https:\/\/semmelweis.hu\/elettan\/files\/2025\/10\/Felhivas-versenyvizsgara-2025-1.-felev.pdf\">Felh\u00edv\u00e1s versenyvizsg\u00e1ra<\/a> (2025\/26) Vizsgaid\u0151szaki <a href=\"https:\/\/docs.google.com\/spreadsheets\/d\/1PT05T9mVAQqsTvztVk6iqQBAC44_AxqUBRn3zdTc8oI\/edit?usp=sharing\">konzult\u00e1ci\u00f3<\/a> &hellip;<\/p>\n","protected":false},"author":12,"featured_media":0,"parent":10,"menu_order":3,"comment_status":"closed","ping_status":"closed","template":"","meta":{"_acf_changed":false,"footnotes":""},"categories":[],"tags":[],"class_list":["post-11","page","type-page","status-publish","hentry"],"acf":[],"_links":{"self":[{"href":"https:\/\/semmelweis.hu\/elettan\/wp-json\/wp\/v2\/pages\/11","targetHints":{"allow":["GET"]}}],"collection":[{"href":"https:\/\/semmelweis.hu\/elettan\/wp-json\/wp\/v2\/pages"}],"about":[{"href":"https:\/\/semmelweis.hu\/elettan\/wp-json\/wp\/v2\/types\/page"}],"author":[{"embeddable":true,"href":"https:\/\/semmelweis.hu\/elettan\/wp-json\/wp\/v2\/users\/12"}],"replies":[{"embeddable":true,"href":"https:\/\/semmelweis.hu\/elettan\/wp-json\/wp\/v2\/comments?post=11"}],"version-history":[{"count":12,"href":"https:\/\/semmelweis.hu\/elettan\/wp-json\/wp\/v2\/pages\/11\/revisions"}],"predecessor-version":[{"id":8040,"href":"https:\/\/semmelweis.hu\/elettan\/wp-json\/wp\/v2\/pages\/11\/revisions\/8040"}],"up":[{"embeddable":true,"href":"https:\/\/semmelweis.hu\/elettan\/wp-json\/wp\/v2\/pages\/10"}],"wp:attachment":[{"href":"https:\/\/semmelweis.hu\/elettan\/wp-json\/wp\/v2\/media?parent=11"}],"wp:term":[{"taxonomy":"category","embeddable":true,"href":"https:\/\/semmelweis.hu\/elettan\/wp-json\/wp\/v2\/categories?post=11"},{"taxonomy":"post_tag","embeddable":true,"href":"https:\/\/semmelweis.hu\/elettan\/wp-json\/wp\/v2\/tags?post=11"}],"curies":[{"name":"wp","href":"https:\/\/api.w.org\/{rel}","templated":true}]}}