{"id":3798,"date":"2021-01-29T12:09:27","date_gmt":"2021-01-29T11:09:27","guid":{"rendered":"https:\/\/semmelweis.hu\/ekk\/?page_id=3798"},"modified":"2026-01-08T14:08:44","modified_gmt":"2026-01-08T13:08:44","slug":"kari-tanacs-ulesek-2021","status":"publish","type":"page","link":"https:\/\/semmelweis.hu\/ekk\/a-karrol\/kari-tanacs\/kari-tanacs-ulesek\/kari-tanacs-ulesek-2021\/","title":{"rendered":"Kari Tan\u00e1cs \u00fcl\u00e9sek 2021."},"content":{"rendered":"<p><strong>2021. 01. 27. (elektronikus szavaz\u00e1s)<\/strong><\/p>\n<p>Napirendi pontok:<\/p>\n<p>1. A 2020\/2021. \u00e9vi tan\u00e9v II. f\u00e9l\u00e9v rendj\u00e9nek elfogad\u00e1sa<br \/>\n2. Szoci\u00e1lis szolg\u00e1ltat\u00e1smenedzsment szakir\u00e1ny\u00fa tov\u00e1bbk\u00e9pz\u00e9si szak tanterv\u00e9nek m\u00f3dos\u00edt\u00e1sa<br \/>\n3. A Kar T\u00e9r\u00edt\u00e9si \u00e9s Juttat\u00e1si Rendj\u00e9nek m\u00f3dos\u00edt\u00e1sa<br \/>\n4. Hivat\u00e1setikai alapok rendje m\u00f3dos\u00edt\u00e1sa<br \/>\n5. Szakdolgozat titkos\u00edt\u00e1s\u00e1nak elfogad\u00e1sa<br \/>\n6. EKK Kari Tan\u00e1cs v\u00e1lasztott tagok v\u00e1laszt\u00e1si rendj\u00e9nek m\u00f3dos\u00edt\u00e1sa<\/p>\n<hr \/>\n<p><strong>2021. 01. 28. (t\u00e1vmegbesz\u00e9l\u00e9s zoom-on kereszt\u00fcl, titkos elektronikus szavaz\u00e1s)<\/strong><\/p>\n<p>Napirendi pontok:<\/p>\n<p>1. A Karon m\u0171k\u00f6d\u0151, a Szen\u00e1tus \u00e1ltal l\u00e9trehozott Curriculum, Kredit\u00e1tviteli \u00e9s Oktat\u00e1si Bizotts\u00e1g, valamint az Etikai \u00e9s Fegyelmi Bizotts\u00e1g \u00a0szem\u00e9lyi \u00f6sszet\u00e9tel\u00e9nek meg\u00faj\u00edt\u00e1sa<br \/>\n2. A Karon m\u0171k\u00f6d\u0151, a Kari Tan\u00e1cs \u00e1ltal l\u00e9trehozott Min\u0151s\u00e9gbiztos\u00edt\u00e1si Bizotts\u00e1g, valamint Kutat\u00e1si Bizotts\u00e1g szem\u00e9lyi \u00f6sszet\u00e9tel\u00e9nek meg\u00faj\u00edt\u00e1sa<br \/>\n3. Kari TDK felel\u0151s\u00f6k j\u00f3v\u00e1hagy\u00e1sa<\/p>\n<hr \/>\n<p><strong>2021. 03. 05. (elektronikus szavaz\u00e1s)<\/strong><\/p>\n<p>Napirendi pontok:<\/p>\n<p>1. Eg\u00e9szs\u00e9g\u00fcgyi Menedzserk\u00e9pz\u0151 K\u00f6zpont szoci\u00e1lis szolg\u00e1ltat\u00e1smenedzsment szakir\u00e1ny\u00fa tov\u00e1bbk\u00e9pz\u00e9si szak k\u00e9pz\u00e9si \u00e9s kimeneti k\u00f6vetelm\u00e9nyeinek m\u00f3dos\u00edt\u00e1sa<br \/>\n2. A Kar T\u00e9r\u00edt\u00e9si \u00e9s Juttat\u00e1si Rendj\u00e9nek m\u00f3dos\u00edt\u00e1sa<\/p>\n<hr \/>\n<p><strong>2021. 03. 30. (t\u00e1vmegbesz\u00e9l\u00e9s zoom-on kereszt\u00fcl, titkos elektronikus szavaz\u00e1s)<\/strong><\/p>\n<p>Napirendi pont:<\/p>\n<p>1. Az Eg\u00e9szs\u00e9g\u00fcgyi K\u00f6zszolg\u00e1lati Kar Eg\u00e9szs\u00e9g\u00fcgyi Menedzserk\u00e9pz\u0151 K\u00f6zpontban meghirdetett egyetemi tan\u00e1ri munkak\u00f6rre be\u00e9rkezett p\u00e1ly\u00e1zat v\u00e9lem\u00e9nyez\u00e9se<\/p>\n<hr \/>\n<p><strong>2021. 04. 12. (elektronikus szavaz\u00e1s)<\/strong><\/p>\n<p>Napirendi pont:<\/p>\n<p>1.\u00a0A Ment\u00e1lhigi\u00e9n\u00e9 Int\u00e9zet interdiszciplin\u00e1ris csal\u00e1dtudom\u00e1nyi mesterk\u00e9pz\u00e9si szak tanterv\u00e9nek m\u00f3dos\u00edt\u00e1sa<\/p>\n<hr \/>\n<p><strong>2021. 04. 21. (elektronikus szavaz\u00e1s)<\/strong><\/p>\n<p>Napirendi pontok:<\/p>\n<p>1. Ment\u00e1lhigi\u00e9n\u00e9 Int\u00e9zet id\u0151s\u00fcgyi interakt\u00edv \u00e9let\u00fat-tan\u00e1csad\u00f3 szakir\u00e1ny\u00fa tov\u00e1bbk\u00e9pz\u00e9si szak tanulm\u00e1nyi t\u00e1j\u00e9koztat\u00f3j\u00e1nak m\u00f3dos\u00edt\u00e1sa<\/p>\n<hr \/>\n<p><strong>2021. 05. 10. (t\u00e1vmegbesz\u00e9l\u00e9s zoom-on kereszt\u00fcl, titkos elektronikus szavaz\u00e1s)<\/strong><\/p>\n<p>Napirendi pont:<\/p>\n<p>1. V\u00e9lem\u00e9nynyilv\u00e1n\u00edt\u00e1s Professor Emerita c\u00edm adom\u00e1nyoz\u00e1s\u00e1r\u00f3l<\/p>\n<hr \/>\n<p><strong>2021. 05. 19. (elektronikus szavaz\u00e1s)<\/strong><\/p>\n<p>Napirendi pont:<\/p>\n<p>1.\u00a0 A 2021\/2022. \u00e9vi tan\u00e9v rendj\u00e9nek elfogad\u00e1sa<\/p>\n<hr \/>\n<p><strong>2021. 06. 03. (elektronikus szavaz\u00e1s)<\/strong><\/p>\n<p>Napirendi pont:<\/p>\n<p>1. A 2020\/2021. \u00e9vi tan\u00e9v rendj\u00e9nek m\u00f3dos\u00edt\u00f3 elfogad\u00e1sa<\/p>\n<hr \/>\n<p><strong>2021. 06. 11. (elektronikus szavaz\u00e1s)<\/strong><\/p>\n<p>Napirendi pont:<\/p>\n<p>1. Szabadon v\u00e1laszthat\u00f3 tant\u00e1rgy bevezet\u00e9se az Eg\u00e9szs\u00e9g\u00fcgyi K\u00f6zszolg\u00e1lati Karon<\/p>\n<hr \/>\n<p><strong>2021. 06. 15. (elektronikus szavaz\u00e1s)<\/strong><\/p>\n<p>Napirendi pont:<\/p>\n<p>1. Eg\u00e9szs\u00e9g\u00fcgyi Menedzserk\u00e9pz\u0151 K\u00f6zpont eg\u00e9szs\u00e9g\u00fcgyi menedzser mesterk\u00e9pz\u00e9si szak levelez\u0151 munkarend\u0171 k\u00e9pz\u00e9se tanterv\u00e9nek m\u00f3dos\u00edt\u00e1sa<br \/>\n2. Eg\u00e9szs\u00e9g\u00fcgyi Menedzserk\u00e9pz\u0151 K\u00f6zpont eg\u00e9szs\u00e9g\u00fcgyi menedzser mesterk\u00e9pz\u00e9si szak nappali munkarend\u0171 k\u00e9pz\u00e9se tanterv\u00e9nek elfogad\u00e1sa<\/p>\n<hr \/>\n<p><strong>2021. 06. 21. (t\u00e1vmegbesz\u00e9l\u00e9s zoom-on kereszt\u00fcl, titkos elektronikus szavaz\u00e1s)<\/strong><\/p>\n<p>Napirendi pont:<\/p>\n<p>1. V\u00e9lem\u00e9nynyilv\u00e1n\u00edt\u00e1s Doctor Honoris Causa c\u00edm adom\u00e1nyoz\u00e1s\u00e1r\u00f3l<\/p>\n<hr \/>\n<p><strong>2021. 07. 03. (elektronikus szavaz\u00e1s)<\/strong><\/p>\n<p>Napirendi pont:<\/p>\n<p>1.\u00a0Eg\u00e9szs\u00e9g\u00fcgyi Menedzserk\u00e9pz\u0151 K\u00f6zpont eg\u00e9szs\u00e9g\u00fcgyi menedzser mesterk\u00e9pz\u00e9si szak nappali munkarend\u0171 k\u00e9pz\u00e9se \u00a0jav\u00edtott mintatanterv\u00e9nek \u00e9s \u00a0tant\u00e1rgyi programj\u00e1nak elfogad\u00e1sa<br \/>\n2. Eg\u00e9szs\u00e9g\u00fcgyi Menedzserk\u00e9pz\u0151 K\u00f6zpont eg\u00e9szs\u00e9g\u00fcgyi menedzser mesterk\u00e9pz\u00e9si szak levelez\u0151 munkarend\u0171 k\u00e9pz\u00e9se jav\u00edtott mintatanterv\u00e9nek \u00e9s tant\u00e1rgyi programj\u00e1nak elfogad\u00e1sa<\/p>\n<hr \/>\n<p><strong>2021. 08. 02. (elektronikus szavaz\u00e1s)<\/strong><\/p>\n<p>Napirendi pont:<\/p>\n<p>1. Digit\u00e1lis Eg\u00e9szs\u00e9gtudom\u00e1nyi Int\u00e9zet eg\u00e9szs\u00e9g\u00fcgyi szervez\u0151 alapszak eg\u00e9szs\u00e9g\u00fcgyi \u00fcgyvitelszervez\u0151 specializ\u00e1ci\u00f3 mintatanterv\u00e9nek \u00e9s tant\u00e1rgyi programj\u00e1nak m\u00f3dos\u00edt\u00e1sa<\/p>\n<hr \/>\n<p><strong>2021. 08. 09. (elektronikus szavaz\u00e1s)<\/strong><\/p>\n<p>Napirendi pont:<\/p>\n<p>1. Ment\u00e1lhigi\u00e9n\u00e9 Int\u00e9zet lakt\u00e1ci\u00f3s szaktan\u00e1csad\u00f3 szakir\u00e1ny\u00fa tov\u00e1bbk\u00e9pz\u00e9si szak tanterv\u00e9nek m\u00f3dos\u00edt\u00e1sa<\/p>\n<hr \/>\n<p><strong>2021. 08. 13. (elektronikus szavaz\u00e1s)<\/strong><\/p>\n<p>Napirendi pont:<\/p>\n<p>1. A Kar T\u00e9r\u00edt\u00e9si \u00e9s Juttat\u00e1si Rendj\u00e9nek m\u00f3dos\u00edt\u00e1sa<\/p>\n<hr \/>\n<p><strong>2021. 09. 04. (elektronikus szavaz\u00e1s)<\/strong><\/p>\n<p>Napirendi pont:<\/p>\n<p>1. Eg\u00e9szs\u00e9g\u00fcgyi Menedzserk\u00e9pz\u0151 K\u00f6zpont eg\u00e9szs\u00e9g\u00fcgyi menedzser mesterk\u00e9pz\u00e9si szak nappali munkarend\u0171 k\u00e9pz\u00e9se aktualiz\u00e1lt tant\u00e1rgyi adatlapjainak elfogad\u00e1sa<br \/>\n2. Eg\u00e9szs\u00e9g\u00fcgyi Menedzserk\u00e9pz\u0151 K\u00f6zpont eg\u00e9szs\u00e9g\u00fcgyi menedzser mesterk\u00e9pz\u00e9si szak levelez\u0151 munkarend\u0171 k\u00e9pz\u00e9se aktualiz\u00e1lt tant\u00e1rgyi adatlapjainak elfogad\u00e1sa<\/p>\n<hr \/>\n<p><strong>2021. 09. 13. (t\u00e1vmegbesz\u00e9l\u00e9s zoom-on kereszt\u00fcl, titkos elektronikus szavaz\u00e1s)<\/strong><\/p>\n<p>Napirendi pont:<\/p>\n<p>1. V\u00e9lem\u00e9nynyilv\u00e1n\u00edt\u00e1s \u00f3raad\u00f3 oktat\u00f3i c\u00edm adom\u00e1nyoz\u00e1s\u00e1r\u00f3l<\/p>\n<hr \/>\n<p><b>2021. 11. 15.<\/b><\/p>\n<p>Napirendi pontok:<\/p>\n<p>1. Eg\u00e9szs\u00e9g\u00fcgyi Menedzserk\u00e9pz\u0151 K\u00f6zpont adatvez\u00e9relt eg\u00e9szs\u00e9g\u00fcgy mesterk\u00e9pz\u00e9si szak l\u00e9tes\u00edt\u00e9s\u00e9nek valamint k\u00e9pz\u00e9si \u00e9s kimeneti k\u00f6vetelm\u00e9nyeinek elfogad\u00e1sa\u00a0<br \/>\n2. Ment\u00e1lhigi\u00e9n\u00e9 Int\u00e9zet ment\u00e1lhigi\u00e9n\u00e9s h\u00e1zass\u00e1g- \u00e9s csal\u00e1d-lelkigondoz\u00f3 szakir\u00e1ny\u00fa tov\u00e1bbk\u00e9pz\u00e9siszak tanterv\u00e9nek m\u00f3dos\u00edt\u00e1sa\u00a0<br \/>\n3. Fenntarthat\u00f3s\u00e1g az eg\u00e9szs\u00e9g\u00fcgyben(Sustainability in Healthcare) c\u00edm\u0171 szabadon v\u00e1laszthat\u00f3 tant\u00e1rgy bevezet\u00e9se\u00a0<br \/>\n4. 2021\/2022. \u00e9vi tan\u00e9v rendje \u0151szi f\u00e9l\u00e9v\u00e9nek m\u00f3dos\u00edt\u00e1sa\u00a0<br \/>\n5 &#8211; 18. Z\u00e1r\u00f3vizsga Bizotts\u00e1g eln\u00f6keinek \u00e9s tagjainak j\u00f3v\u00e1hagy\u00e1sa<\/p>\n<hr \/>\n<p><strong>2021. 12. 10.<\/strong><\/p>\n<p style=\"font-weight: 400\">Napirendi\u00a0pontok:<\/p>\n<p>1. Oktat\u00f3i munka hallgat\u00f3i v\u00e9lem\u00e9nyez\u00e9se k\u00e9rd\u00e9ssor m\u00f3dos\u00edt\u00e1sa <br \/>\n2. Hivat\u00e1setikai alapok rendje m\u00f3dos\u00edt\u00e1sa<\/p>\n","protected":false},"excerpt":{"rendered":"<p>2021. 01. 27. (elektronikus szavaz\u00e1s) Napirendi pontok: 1. A 2020\/2021. \u00e9vi tan\u00e9v II. f\u00e9l\u00e9v rendj\u00e9nek elfogad\u00e1sa 2. Szoci\u00e1lis szolg\u00e1ltat\u00e1smenedzsment szakir\u00e1ny\u00fa tov\u00e1bbk\u00e9pz\u00e9si szak tanterv\u00e9nek m\u00f3dos\u00edt\u00e1sa 3. A Kar T\u00e9r\u00edt\u00e9si \u00e9s Juttat\u00e1si Rendj\u00e9nek m\u00f3dos\u00edt\u00e1sa 4. Hivat\u00e1setikai alapok rendje m\u00f3dos\u00edt\u00e1sa 5. Szakdolgozat titkos\u00edt\u00e1s\u00e1nak elfogad\u00e1sa 6. EKK Kari Tan\u00e1cs v\u00e1lasztott tagok v\u00e1laszt\u00e1si rendj\u00e9nek m\u00f3dos\u00edt\u00e1sa 2021. 01. 28. (t\u00e1vmegbesz\u00e9l\u00e9s zoom-on &hellip;<\/p>\n","protected":false},"author":101539,"featured_media":0,"parent":1201,"menu_order":5,"comment_status":"closed","ping_status":"closed","template":"","meta":{"_acf_changed":false,"footnotes":""},"categories":[],"tags":[],"class_list":["post-3798","page","type-page","status-publish","hentry"],"acf":[],"_links":{"self":[{"href":"https:\/\/semmelweis.hu\/ekk\/wp-json\/wp\/v2\/pages\/3798","targetHints":{"allow":["GET"]}}],"collection":[{"href":"https:\/\/semmelweis.hu\/ekk\/wp-json\/wp\/v2\/pages"}],"about":[{"href":"https:\/\/semmelweis.hu\/ekk\/wp-json\/wp\/v2\/types\/page"}],"author":[{"embeddable":true,"href":"https:\/\/semmelweis.hu\/ekk\/wp-json\/wp\/v2\/users\/101539"}],"replies":[{"embeddable":true,"href":"https:\/\/semmelweis.hu\/ekk\/wp-json\/wp\/v2\/comments?post=3798"}],"version-history":[{"count":10,"href":"https:\/\/semmelweis.hu\/ekk\/wp-json\/wp\/v2\/pages\/3798\/revisions"}],"predecessor-version":[{"id":4091,"href":"https:\/\/semmelweis.hu\/ekk\/wp-json\/wp\/v2\/pages\/3798\/revisions\/4091"}],"up":[{"embeddable":true,"href":"https:\/\/semmelweis.hu\/ekk\/wp-json\/wp\/v2\/pages\/1201"}],"wp:attachment":[{"href":"https:\/\/semmelweis.hu\/ekk\/wp-json\/wp\/v2\/media?parent=3798"}],"wp:term":[{"taxonomy":"category","embeddable":true,"href":"https:\/\/semmelweis.hu\/ekk\/wp-json\/wp\/v2\/categories?post=3798"},{"taxonomy":"post_tag","embeddable":true,"href":"https:\/\/semmelweis.hu\/ekk\/wp-json\/wp\/v2\/tags?post=3798"}],"curies":[{"name":"wp","href":"https:\/\/api.w.org\/{rel}","templated":true}]}}