{"id":2236,"date":"2017-05-03T11:30:29","date_gmt":"2017-05-03T09:30:29","guid":{"rendered":"http:\/\/semmelweis.hu\/ekk\/?page_id=2236"},"modified":"2026-01-08T14:09:29","modified_gmt":"2026-01-08T13:09:29","slug":"kari-tanacs-ulesek-2016","status":"publish","type":"page","link":"https:\/\/semmelweis.hu\/ekk\/a-karrol\/kari-tanacs\/kari-tanacs-ulesek\/kari-tanacs-ulesek-2016\/","title":{"rendered":"Kari Tan\u00e1cs \u00fcl\u00e9sek 2016."},"content":{"rendered":"<p><strong>2016. janu\u00e1r 7. &#8211; N<\/strong><strong>apirendi pontok:<\/strong><\/p>\n<ol>\n<li>V\u00e9lem\u00e9nynyilv\u00e1n\u00edt\u00e1s egyetemi szint\u0171 kit\u00fcntet\u00e9sekr\u0151l (El\u0151terjeszt\u0151: Dr. Ga\u00e1l P\u00e9ter)<\/li>\n<li>A Karon m\u0171k\u00f6d\u0151, a Szen\u00e1tus \u00e9s a Kar \u00e1ltal l\u00e9trehozott bizotts\u00e1gok \u00f6sszet\u00e9tel\u00e9nek meg\u00faj\u00edt\u00e1sa (El\u0151terjeszt\u0151: Dr. Ga\u00e1l P\u00e9ter, Dr. Sipos B. Bernadett)<\/li>\n<li>Digit\u00e1lis Eg\u00e9szs\u00e9gtudom\u00e1nyi Int\u00e9zet Eg\u00e9szs\u00e9g\u00fcgyi szervez\u0151 alapk\u00e9pz\u00e9si szak szakfelel\u0151s szem\u00e9ly\u00e9nek v\u00e1ltoz\u00e1sa (El\u0151terjeszt\u0151: Dr. Sz\u00f3cska Mikl\u00f3s)<\/li>\n<li>Digit\u00e1lis Eg\u00e9szs\u00e9gtudom\u00e1nyi Int\u00e9zet Klinikai vizsg\u00e1lati koordin\u00e1tor (study nurse, study coordinator) szakir\u00e1ny\u00fa tov\u00e1bbk\u00e9pz\u00e9si szak szakfelel\u0151s szem\u00e9ly\u00e9nek v\u00e1ltoz\u00e1sa (El\u0151terjeszt\u0151: Dr. Sz\u00f3cska Mikl\u00f3s)<\/li>\n<li>Ment\u00e1lhigi\u00e9n\u00e9 Int\u00e9zet Ment\u00e1lhigi\u00e9n\u00e9s lelkigondoz\u00f3 szakir\u00e1ny\u00fa tov\u00e1bbk\u00e9pz\u00e9si szak szakfelel\u0151s szem\u00e9ly\u00e9nek v\u00e1ltoz\u00e1sa (El\u0151terjeszt\u0151: Dr. Pethesn\u00e9 D\u00e1vid Be\u00e1ta)<\/li>\n<li>Digit\u00e1lis Eg\u00e9szs\u00e9gtudom\u00e1nyi Int\u00e9zet Eg\u00e9szs\u00e9g\u00fcgyi szervez\u0151 alapk\u00e9pz\u00e9si szak Klinikai Informatika (2): Az alapell\u00e1t\u00e1s informatik\u00e1ja tant\u00e1rgyfelel\u0151s szem\u00e9ly\u00e9nek v\u00e1ltoz\u00e1sa, El\u0151terjeszt\u0151: Dr. Sz\u00f3cska Mikl\u00f3s<\/li>\n<li>Ment\u00e1lhigi\u00e9n\u00e9 Int\u00e9zet Ment\u00e1lhigi\u00e9n\u00e9s lelkigondoz\u00f3 szakir\u00e1ny\u00fa tov\u00e1bbk\u00e9pz\u00e9si szak Z\u00e1r\u00f3vizsga Bizotts\u00e1g eln\u00f6keinek j\u00f3v\u00e1hagy\u00e1sa (El\u0151terjeszt\u0151: Dr. Pethesn\u00e9 D\u00e1vid Be\u00e1ta)<\/li>\n<li>Ment\u00e1lhigi\u00e9n\u00e9 Int\u00e9zet Ment\u00e1lhigi\u00e9n\u00e9s \u00e9s szervezetfejleszt\u0151 szakir\u00e1ny\u00fa tov\u00e1bbk\u00e9pz\u00e9si szak Z\u00e1r\u00f3vizsga Bizotts\u00e1g eln\u00f6keinek j\u00f3v\u00e1hagy\u00e1sa (El\u0151terjeszt\u0151: Dr. Pethesn\u00e9 D\u00e1vid Be\u00e1ta)<\/li>\n<li>Eg\u00e9szs\u00e9g\u00fcgyi Menedzserk\u00e9pz\u0151 K\u00f6zpont Eg\u00e9szs\u00e9g\u00fcgyi menedzser mesterk\u00e9pz\u00e9si szak Z\u00e1r\u00f3vizsga Bizotts\u00e1g eln\u00f6keinek j\u00f3v\u00e1hagy\u00e1sa (El\u0151terjeszt\u0151: Dr. Sz\u00f3cska Mikl\u00f3s)<\/li>\n<li>Ment\u00e1lhigi\u00e9n\u00e9 szakir\u00e1ny\u00fa tov\u00e1bbk\u00e9pz\u00e9si szak ind\u00edt\u00e1sa a Ment\u00e1lhigi\u00e9n\u00e9 Int\u00e9zetben (El\u0151terjeszt\u0151: Dr. Pethesn\u00e9 D\u00e1vid Be\u00e1ta)<\/li>\n<\/ol>\n<hr \/>\n<p><strong>2016. janu\u00e1r 21. (elektronikus szavaz\u00e1s) &#8211; Napirendi pontok:<\/strong><\/p>\n<ol>\n<li>Digit\u00e1lis Eg\u00e9szs\u00e9gtudom\u00e1nyi Int\u00e9zet Eg\u00e9szs\u00e9g\u00fcgyi szervez\u0151 alapk\u00e9pz\u00e9si szak tanterv\u00e9nek \u00e9s tant\u00e1rgyi programj\u00e1nak m\u00f3dos\u00edt\u00e1sa<\/li>\n<li>Digit\u00e1lis Eg\u00e9szs\u00e9gtudom\u00e1nyi Int\u00e9zet Klinikai vizsg\u00e1lati koordin\u00e1tor (study nurse, study coordinator) szakir\u00e1ny\u00fa tov\u00e1bbk\u00e9pz\u00e9si szak tanterv\u00e9nek \u00e9s tant\u00e1rgyi programj\u00e1nak m\u00f3dos\u00edt\u00e1sa<\/li>\n<\/ol>\n<hr \/>\n<p><strong>2016. m\u00e1rcius 24. &#8211; Napirendi pontok:<\/strong><\/p>\n<ol>\n<li>D\u00f6nt\u00e9s az Eg\u00e9szs\u00e9g\u00fcgyi K\u00f6zszolg\u00e1lati Kar \u00e1ltal a Szen\u00e1tusba deleg\u00e1lt szem\u00e9lyr\u0151l (El\u0151terjeszt\u0151: Dr. Ga\u00e1l P\u00e9ter)<\/li>\n<li>Ga\u00e1l P\u00e9ter az Eg\u00e9szs\u00e9g\u00fcgyi K\u00f6zszolg\u00e1lati Kar d\u00e9k\u00e1ni megb\u00edz\u00e1s\u00e1ra beny\u00fajtott p\u00e1ly\u00e1zat\u00e1nak v\u00e9lem\u00e9nyez\u00e9se (El\u0151terjeszt\u0151: Dr. Ga\u00e1l P\u00e9ter)<\/li>\n<li>Kari k\u00e9pvisel\u0151 deleg\u00e1l\u00e1sa a Szen\u00e1tus \u00e1ltal l\u00e9trehozott Regon\u00e1lis,\u00a0Int\u00e9zm\u00e9nyi Tudom\u00e1nyos \u00e9s Kutat\u00e1setikai Bizotts\u00e1gba (El\u0151terjeszt\u0151: Dr. Ga\u00e1l P\u00e9ter)<\/li>\n<li>Eg\u00e9szs\u00e9g\u00fcgyi Menedzserk\u00e9pz\u0151 K\u00f6zpont Eg\u00e9szs\u00e9g\u00fcgyi menedzser mesterk\u00e9pz\u00e9si szak Z\u00e1r\u00f3vizsga Bizotts\u00e1g eln\u00f6keinek j\u00f3v\u00e1hagy\u00e1sa (El\u0151terjeszt\u0151: Dr. Sz\u00f3cska Mikl\u00f3s)<\/li>\n<li>Digit\u00e1lis Eg\u00e9szs\u00e9gtudom\u00e1nyi Int\u00e9zet Eg\u00e9szs\u00e9g\u00fcgyi szervez\u0151 alapk\u00e9pz\u00e9si szak p\u00f3t Z\u00e1r\u00f3vizsga Bizotts\u00e1g eln\u00f6keinek j\u00f3v\u00e1hagy\u00e1sa (El\u0151terjeszt\u0151: Dr. Sz\u00f3cska Mikl\u00f3s)<\/li>\n<li>Ment\u00e1lhigi\u00e9n\u00e9 Int\u00e9zet Szoci\u00e1lis munka mesterk\u00e9pz\u00e9si szak Z\u00e1r\u00f3vizsga Bizotts\u00e1g eln\u00f6keinek j\u00f3v\u00e1hagy\u00e1sa (Dr. Pethesn\u00e9 D\u00e1vid Be\u00e1ta)<\/li>\n<li>Ment\u00e1lhigi\u00e9n\u00e9 Int\u00e9zet Integr\u00e1lt sz\u00fcl\u0151-csecsem\u0151 konzult\u00e1ci\u00f3 szakir\u00e1ny\u00fa tov\u00e1bbk\u00e9pz\u00e9si szak Z\u00e1r\u00f3vizsga Bizotts\u00e1g eln\u00f6keinek j\u00f3v\u00e1hagy\u00e1sa (Dr. Pethesn\u00e9 D\u00e1vid Be\u00e1ta)<\/li>\n<li>A Kar T\u00e9r\u00edt\u00e9si \u00e9s Juttat\u00e1si Rendj\u00e9nek m\u00f3dos\u00edt\u00e1sa (Dr. Pethesn\u00e9 D\u00e1vid Be\u00e1ta)<\/li>\n<li>Doctor Honoris Causa \u2013 Kari javaslatt\u00e9tel (El\u0151terjeszt\u0151: Dr. Ga\u00e1l P\u00e9ter)<\/li>\n<\/ol>\n<p>Egyebek:<\/p>\n<ol start=\"10\">\n<li>Eg\u00e9szs\u00e9g\u00fcgyi szervez\u0151 alapk\u00e9pz\u00e9si szak Eg\u00e9szs\u00e9gturizmus-szervez\u0151 specializ\u00e1ci\u00f3 (El\u0151terjeszt\u0151: Dr. Sz\u00f3cska Mikl\u00f3s)<\/li>\n<li>\u00e9vi vezet\u0151i k\u00f6lts\u00e9gvet\u00e9s (El\u0151terjeszt\u0151: Dr. Sink\u00f3 Eszter)<\/li>\n<\/ol>\n<hr \/>\n<p><strong>2016. \u00e1prilis 15. (elektronikus szavaz\u00e1s) &#8211; Napirendi pontok:<\/strong><\/p>\n<ol>\n<li>Min\u0151s\u00e9g\u00fcgyi \u00e9s betegbiztons\u00e1gi menedzser (quality and patient safety manager) szakir\u00e1ny\u00fa tov\u00e1bbk\u00e9pz\u00e9si szak l\u00e9tes\u00edt\u00e9se \u00e9s ind\u00edt\u00e1sa az Eg\u00e9szs\u00e9g\u00fcgyi Menedzserk\u00e9pz\u0151 K\u00f6zpontban<\/li>\n<li>Lakt\u00e1ci\u00f3s szaktan\u00e1csad\u00f3 szakir\u00e1ny\u00fa tov\u00e1bbk\u00e9pz\u00e9si szak l\u00e9tes\u00edt\u00e9se \u00e9s ind\u00edt\u00e1sa, valamint a Lakt\u00e1ci\u00f3s szaktan\u00e1csad\u00f3 vizsg\u00e1ra felk\u00e9sz\u00edt\u0151 szakir\u00e1ny\u00fa tov\u00e1bbk\u00e9pz\u00e9si szak megsz\u00fcntet\u00e9se a Ment\u00e1lhigi\u00e9n\u00e9 Int\u00e9zetben<\/li>\n<\/ol>\n<hr \/>\n<p><strong>2016. m\u00e1jus 31. (elektronikus szavaz\u00e1s) &#8211; Napirendi pontok:<\/strong><\/p>\n<ol>\n<li>Ment\u00e1lhigi\u00e9n\u00e9 Int\u00e9zet Integr\u00e1lt sz\u00fcl\u0151-csecsem\u0151 konzult\u00e1ci\u00f3 szakir\u00e1ny\u00fa tov\u00e1bbk\u00e9pz\u00e9si szak tanterv\u00e9nek m\u00f3dos\u00edt\u00e1sa<\/li>\n<li>Ment\u00e1lhigi\u00e9n\u00e9 Int\u00e9zet Integr\u00e1lt sz\u00fcl\u0151-csecsem\u0151 konzult\u00e1ci\u00f3 szakir\u00e1ny\u00fa tov\u00e1bbk\u00e9pz\u00e9si szak szakfelel\u0151s szem\u00e9ly\u00e9nek v\u00e1ltoz\u00e1sa<\/li>\n<li>A T\u00e9r\u00edt\u00e9si \u00e9s Juttat\u00e1si Rend m\u00f3dos\u00edt\u00e1sa<\/li>\n<li>2016\/2017. tan\u00e9v rendje<\/li>\n<\/ol>\n<hr \/>\n<p><strong>2016. j\u00fanius 6. &#8211; Napirendi pontok:<\/strong><\/p>\n<ol>\n<li>Egyetemi \u00e1lland\u00f3 bizotts\u00e1gokba deleg\u00e1lt kari k\u00e9pvisel\u0151k megv\u00e1laszt\u00e1sa (El\u0151terjeszt\u0151: Dr. Ga\u00e1l P\u00e9ter)<\/li>\n<li>Ment\u00e1lhigi\u00e9n\u00e9 Int\u00e9zet Ment\u00e1lhigi\u00e9n\u00e9s lelkigondoz\u00f3 szakir\u00e1ny\u00fa tov\u00e1bbk\u00e9pz\u00e9si szak Z\u00e1r\u00f3vizsga Bizotts\u00e1g eln\u00f6k\u00e9nek j\u00f3v\u00e1hagy\u00e1sa (Dr. Pethesn\u00e9 D\u00e1vid Be\u00e1ta)<\/li>\n<li>Ment\u00e1lhigi\u00e9n\u00e9 Int\u00e9zet K\u00f6z\u00f6ss\u00e9gi \u00e9s csal\u00e1di medi\u00e1ci\u00f3 szakir\u00e1ny\u00fa tov\u00e1bbk\u00e9pz\u00e9si szak l\u00e9tes\u00edt\u00e9se \u00e9s ind\u00edt\u00e1sa (El\u0151terjeszt\u0151: Dr. Pethesn\u00e9 D\u00e1vid Be\u00e1ta)<\/li>\n<li>Eg\u00e9szs\u00e9g\u00fcgyi Menedzserk\u00e9pz\u0151 K\u00f6zpont Eg\u00e9szs\u00e9g\u00fcgyi menedzser mesterk\u00e9pz\u00e9si szak Z\u00e1r\u00f3vizsga Bizotts\u00e1g eln\u00f6keinek j\u00f3v\u00e1hagy\u00e1sa (El\u0151terjeszt\u0151: Dr. Sz\u00f3cska Mikl\u00f3s)<\/li>\n<li>Egyetemi Doktori Tan\u00e1cs tags\u00e1gra \u00faj kari k\u00e9pvisel\u0151 kijel\u00f6l\u00e9se (El\u0151terjeszt\u0151: Dr. Ga\u00e1l P\u00e9ter)<\/li>\n<li>A karon m\u0171k\u00f6d\u0151 Min\u0151s\u00e9gbiztos\u00edt\u00e1si Bizotts\u00e1g \u00f6sszet\u00e9tel\u00e9nek meg\u00faj\u00edt\u00e1sa (El\u0151terjeszt\u0151: Dr. Ga\u00e1l P\u00e9ter)<\/li>\n<li>Ment\u00e1lhigi\u00e9n\u00e9 Int\u00e9zet Lakt\u00e1ci\u00f3s szaktan\u00e1csad\u00f3 vizsg\u00e1ra felk\u00e9sz\u00edt\u0151 tov\u00e1bbk\u00e9pz\u00e9si szak Z\u00e1r\u00f3vizsga Bizotts\u00e1g eln\u00f6k\u00e9nek j\u00f3v\u00e1hagy\u00e1sa (Dr. Pethesn\u00e9 D\u00e1vid Be\u00e1ta)<\/li>\n<\/ol>\n<p>Egyebek:<\/p>\n<ol start=\"8\">\n<li>H\u00d6K v\u00e1laszt\u00e1sok \u00e1ll\u00e1sa (Dr. Sz\u00e9cs\u00e9nyi-Nagy Bal\u00e1zs)<\/li>\n<\/ol>\n<hr \/>\n<p><strong>2016. augusztus 15. (elektronikus szavaz\u00e1s) &#8211; Napirendi pontok:<\/strong><\/p>\n<ol>\n<li>Ment\u00e1lhigi\u00e9n\u00e9 Int\u00e9zet Integr\u00e1lt sz\u00fcl\u0151-csecsem\u0151 konzult\u00e1ci\u00f3 szakir\u00e1ny\u00fa tov\u00e1bbk\u00e9pz\u00e9si szak mintatanterv\u00e9nek m\u00f3dos\u00edt\u00e1sa<\/li>\n<li>Ment\u00e1lhigi\u00e9n\u00e9 Int\u00e9zet Ment\u00e1lhigi\u00e9n\u00e9 szakir\u00e1ny\u00fa tov\u00e1bbk\u00e9pz\u00e9si szak mintatanterv\u00e9nek m\u00f3dos\u00edt\u00e1sa<\/li>\n<li>Ment\u00e1lhigi\u00e9n\u00e9 Int\u00e9zet Szoci\u00e1lis munka mesterk\u00e9pz\u00e9si szak mintatanterv\u00e9nek m\u00f3dos\u00edt\u00e1sa<\/li>\n<li>Eg\u00e9szs\u00e9g\u00fcgyi Menedzserk\u00e9pz\u0151 K\u00f6zpont Eg\u00e9szs\u00e9g\u00fcgyi menedzser mesterk\u00e9pz\u00e9si szak mintatanterv\u00e9nek m\u00f3dos\u00edt\u00e1sa<\/li>\n<li>A Kari T\u00e9r\u00edt\u00e9si \u00e9s Juttat\u00e1si Rendj\u00e9nek m\u00f3dos\u00edt\u00e1sa<\/li>\n<\/ol>\n<hr \/>\n<p><strong>2016. okt\u00f3ber 10. &#8211; Napirendi pontok:<\/strong><\/p>\n<ol>\n<li>Ment\u00e1lhigi\u00e9n\u00e9 Int\u00e9zet Lakt\u00e1ci\u00f3s szaktan\u00e1csad\u00f3 vizsg\u00e1ra felk\u00e9sz\u00edt\u0151 szakir\u00e1ny\u00fa tov\u00e1bbk\u00e9pz\u00e9si szak Z\u00e1r\u00f3vizsga Bizotts\u00e1g eln\u00f6keinek j\u00f3v\u00e1hagy\u00e1sa (El\u0151terjeszt\u0151: Dr. Pethesn\u00e9 D\u00e1vid Be\u00e1ta)<\/li>\n<li>Ment\u00e1lhigi\u00e9n\u00e9 Int\u00e9zet Ment\u00e1lhigi\u00e9n\u00e9s \u00e9s szervezetfejleszt\u0151 szakir\u00e1ny\u00fa tov\u00e1bbk\u00e9pz\u00e9si szak Z\u00e1r\u00f3vizsga Bizotts\u00e1g eln\u00f6keinek j\u00f3v\u00e1hagy\u00e1sa (El\u0151terjeszt\u0151: Dr. Pethesn\u00e9 D\u00e1vid Be\u00e1ta)<\/li>\n<li>Ment\u00e1lhigi\u00e9n\u00e9 Int\u00e9zet Szoci\u00e1lis munka mesterk\u00e9pz\u00e9si szak Z\u00e1r\u00f3vizsga Bizotts\u00e1g eln\u00f6keinek j\u00f3v\u00e1hagy\u00e1sa (El\u0151terjeszt\u0151: Dr. Pethesn\u00e9 D\u00e1vid Be\u00e1ta)<\/li>\n<li>Eg\u00e9szs\u00e9g\u00fcgyi Menedzserk\u00e9pz\u0151 K\u00f6zpont Eg\u00e9szs\u00e9g\u00fcgyi menedzser mesterk\u00e9pz\u00e9si szak Z\u00e1r\u00f3vizsga Bizotts\u00e1g eln\u00f6keinek j\u00f3v\u00e1hagy\u00e1sa (El\u0151terjeszt\u0151: Dr. Sz\u00f3cska Mikl\u00f3s)<\/li>\n<li>A Karon m\u0171k\u00f6d\u0151, a Szen\u00e1tus \u00e9s a Kar \u00e1ltal l\u00e9trehozott bizotts\u00e1gok \u00f6sszet\u00e9tel\u00e9nek meg\u00faj\u00edt\u00e1sa (El\u0151terjeszt\u0151: Dr. Ga\u00e1l P\u00e9ter)<\/li>\n<\/ol>\n<hr \/>\n<p><strong>2016. november 17. &#8211; Napirendi pontok:<\/strong><\/p>\n<ol>\n<li>V\u00e9lem\u00e9nynyilv\u00e1n\u00edt\u00e1s egyetemi szint\u0171 kit\u00fcntet\u00e9sekr\u0151l (El\u0151terjeszt\u0151: Dr. Ga\u00e1l P\u00e9ter)<\/li>\n<li>A Karon m\u0171k\u00f6d\u0151, a Szen\u00e1tus \u00e9s a Kar \u00e1ltal l\u00e9trehozott bizotts\u00e1gok \u00f6sszet\u00e9tel\u00e9nek meg\u00faj\u00edt\u00e1sa (El\u0151terjeszt\u0151: Dr. Ga\u00e1l P\u00e9ter)<\/li>\n<li>Digit\u00e1lis Eg\u00e9szs\u00e9gtudom\u00e1nyi Int\u00e9zet Eg\u00e9szs\u00e9g\u00fcgyi szervez\u0151 alapk\u00e9pz\u00e9s \u00fcgyvitelszervez\u0151 specializ\u00e1ci\u00f3 z\u00e1r\u00f3vizsga bizotts\u00e1g eln\u00f6k\u00e9nek megszavaz\u00e1sa (El\u0151terjeszt\u0151: Dr. Sz\u00f3cska Mikl\u00f3s)<\/li>\n<\/ol>\n<hr \/>\n<p><strong>2016. december 1. (elektronikus szavaz\u00e1s) &#8211; Napirendi pontok:<\/strong><\/p>\n<ol>\n<li>A Szen\u00e1tus \u00e1ltal l\u00e9trehozott, az Eg\u00e9szs\u00e9g\u00fcgyi K\u00f6zszolg\u00e1lati Karon m\u0171k\u00f6d\u0151 \u00e1lland\u00f3 bizotts\u00e1gok \u00fcgyrendje (El\u0151terjeszt\u0151: Dr. Ga\u00e1l P\u00e9ter)<\/li>\n<\/ol>\n","protected":false},"excerpt":{"rendered":"<p>2016. janu\u00e1r 7. &#8211; Napirendi pontok: V\u00e9lem\u00e9nynyilv\u00e1n\u00edt\u00e1s egyetemi szint\u0171 kit\u00fcntet\u00e9sekr\u0151l (El\u0151terjeszt\u0151: Dr. Ga\u00e1l P\u00e9ter) A Karon m\u0171k\u00f6d\u0151, a Szen\u00e1tus \u00e9s a Kar \u00e1ltal l\u00e9trehozott bizotts\u00e1gok \u00f6sszet\u00e9tel\u00e9nek meg\u00faj\u00edt\u00e1sa (El\u0151terjeszt\u0151: Dr. Ga\u00e1l P\u00e9ter, Dr. Sipos B. Bernadett) Digit\u00e1lis Eg\u00e9szs\u00e9gtudom\u00e1nyi Int\u00e9zet Eg\u00e9szs\u00e9g\u00fcgyi szervez\u0151 alapk\u00e9pz\u00e9si szak szakfelel\u0151s szem\u00e9ly\u00e9nek v\u00e1ltoz\u00e1sa (El\u0151terjeszt\u0151: Dr. Sz\u00f3cska Mikl\u00f3s) Digit\u00e1lis Eg\u00e9szs\u00e9gtudom\u00e1nyi Int\u00e9zet Klinikai vizsg\u00e1lati koordin\u00e1tor &hellip;<\/p>\n","protected":false},"author":101020,"featured_media":0,"parent":1201,"menu_order":10,"comment_status":"closed","ping_status":"closed","template":"","meta":{"_acf_changed":false,"footnotes":""},"categories":[],"tags":[],"class_list":["post-2236","page","type-page","status-publish","hentry"],"acf":[],"_links":{"self":[{"href":"https:\/\/semmelweis.hu\/ekk\/wp-json\/wp\/v2\/pages\/2236","targetHints":{"allow":["GET"]}}],"collection":[{"href":"https:\/\/semmelweis.hu\/ekk\/wp-json\/wp\/v2\/pages"}],"about":[{"href":"https:\/\/semmelweis.hu\/ekk\/wp-json\/wp\/v2\/types\/page"}],"author":[{"embeddable":true,"href":"https:\/\/semmelweis.hu\/ekk\/wp-json\/wp\/v2\/users\/101020"}],"replies":[{"embeddable":true,"href":"https:\/\/semmelweis.hu\/ekk\/wp-json\/wp\/v2\/comments?post=2236"}],"version-history":[{"count":1,"href":"https:\/\/semmelweis.hu\/ekk\/wp-json\/wp\/v2\/pages\/2236\/revisions"}],"predecessor-version":[{"id":2237,"href":"https:\/\/semmelweis.hu\/ekk\/wp-json\/wp\/v2\/pages\/2236\/revisions\/2237"}],"up":[{"embeddable":true,"href":"https:\/\/semmelweis.hu\/ekk\/wp-json\/wp\/v2\/pages\/1201"}],"wp:attachment":[{"href":"https:\/\/semmelweis.hu\/ekk\/wp-json\/wp\/v2\/media?parent=2236"}],"wp:term":[{"taxonomy":"category","embeddable":true,"href":"https:\/\/semmelweis.hu\/ekk\/wp-json\/wp\/v2\/categories?post=2236"},{"taxonomy":"post_tag","embeddable":true,"href":"https:\/\/semmelweis.hu\/ekk\/wp-json\/wp\/v2\/tags?post=2236"}],"curies":[{"name":"wp","href":"https:\/\/api.w.org\/{rel}","templated":true}]}}