{"id":31,"date":"2021-01-13T18:24:41","date_gmt":"2021-01-13T17:24:41","guid":{"rendered":"https:\/\/semmelweis.hu\/digitalhealth\/?page_id=31"},"modified":"2025-02-07T10:42:10","modified_gmt":"2025-02-07T09:42:10","slug":"publikacioink","status":"publish","type":"page","link":"https:\/\/semmelweis.hu\/digitalhealth\/publikacioink\/","title":{"rendered":"Publik\u00e1ci\u00f3ink"},"content":{"rendered":"<div class=\"exp-col-content-holder\"><a class=\"expand-cnt-link\" href=\"#\">Lakoss\u00e1gi, p\u00e1ciens kutat\u00e1sok<\/a><\/p>\n<div class=\"hidden-content\">\n<p><span style=\"font-size: 1rem\">Gy\u0151rffy, Zsuzsa; D\u00f6br\u00f6ssy, Bence; Wernigg, Andr\u00e1s; Girasek, Edmond<br \/><\/span><span style=\"font-size: 1rem\">N\u0151k \u00e9s f\u00e9rfiak eg\u00e9szs\u00e9gmagatart\u00e1sa a digit\u00e1lis t\u00e9rben: t\u00e9nyek, trendek 2021-ben \u00e9s 2024-ben &#8211; reprezentat\u00edv, lakoss\u00e1gi minta eredm\u00e9nyei alapj\u00e1n<br \/><\/span><span style=\"font-size: 1rem\">ACTA MEDICINAE ET SOCIOLOGICA 15 : 39 pp. 48-68. , 21 p. (2024)<br \/><\/span><a href=\"https:\/\/ojs.lib.unideb.hu\/ams\/article\/view\/15210\">https:\/\/ojs.lib.unideb.hu\/ams\/article\/view\/15210<\/a><\/p>\n<p><span style=\"font-size: 1rem\">Boros J, Girasek E, D\u00f6br\u00f6ssy B, Gy\u0151rffy Zs. (2023) Digitaliz\u00e1ci\u00f3 az eg\u00e9szs\u00e9g\u00fcgyben: a 65 \u00e9ven fel\u00fcli p\u00e1ciensek \u00e9s orvosok digit\u00e1lis eg\u00e9szs\u00e9ggel kapcsolatos haszn\u00e1lati szok\u00e1sai, attit\u0171djei \u00e9s ig\u00e9nyei Magyarorsz\u00e1gon. Lege Artis Medicinae 2023;33(12):000\u2013000.<br \/><a href=\"https:\/\/real.mtak.hu\/186890\/\">https:\/\/real.mtak.hu\/186890\/<\/a><\/span><\/p>\n<p><span style=\"font-weight: 400\">G<\/span><span style=\"font-size: 1rem\">y\u0151rffy Z, Boros J, D\u00f6br\u00f6ssy B, Girasek E. (2023) <br \/><\/span><span style=\"font-size: 1rem\">Older adults in the digital health era: insights on the digital health related knowledge, habits and attitudes of the 65 year and older population. BMC Geriatr 23, 779.<br \/><\/span><a href=\"https:\/\/doi.org\/10.1186\/s12877-023-04437-5\">https:\/\/doi.org\/10.1186\/s12877-023-04437-5<\/a><\/p>\n<p><span style=\"font-size: 1rem\">Girasek, Edmond; Boros, Julianna; D\u00f6br\u00f6ssy, Bence; Sus\u00e1nszky, Anna; Gy\u0151rffy, Zsuzsa<br \/><\/span><span style=\"font-size: 1rem\">E-p\u00e1ciensek Magyarorsz\u00e1gon: Digit\u00e1lis eg\u00e9szs\u00e9ggel kapcsolatos ismeretek, szok\u00e1sok egy orsz\u00e1gos reprezentat\u00edv felm\u00e9r\u00e9s t\u00fckr\u00e9ben<br \/><\/span><span style=\"font-size: 1rem\">ORVOSI HETILAP 163 : 29 pp. 1159-1165. , 7 p. (2022)<br \/><\/span><a href=\"https:\/\/akjournals.com\/view\/journals\/650\/163\/29\/article-p1159.xml\">https:\/\/akjournals.com\/view\/journals\/650\/163\/29\/article-p1159.xml <\/a><\/p>\n<p><span style=\"font-size: 1rem\">Gy\u0151rffy, Zsuzsa; Boros, Julianna; D\u00f6br\u00f6ssy, Bence; Sus\u00e1nszky, Anna; Girasek, Edmond<br \/><\/span><span style=\"font-size: 1rem\">A digit\u00e1lis eg\u00e9szs\u00e9ggel kapcsolatos k\u00e9rd\u00e9sek \u00e9s a Covid\u201319 hat\u00e1sa: \u00faj t\u00edpus\u00fa betegs\u00e9g, \u00faj t\u00edpus\u00fa megold\u00e1sokkal<br \/><\/span><span style=\"font-size: 1rem\">In: Engler, \u00c1; Purebl, Gy.; Sus\u00e1nszky, \u00c9.; Sz\u00e9kely, A. (szerk.) Magyar Lelki\u00e1llapot 2021. Csal\u00e1d- eg\u00e9szs\u00e9g &#8211; k\u00f6z\u00f6ss\u00e9g : Hungarostudy 2021 tanulm\u00e1nyok, <\/span><span style=\"font-size: 1rem\">Budapest, Magyarorsz\u00e1g : Kopp M\u00e1ria Int\u00e9zet a N\u00e9pesed\u00e9s\u00e9rt \u00e9s a Csal\u00e1dok\u00e9rt (2022) pp. 521-542. , 22 p.<\/span><\/p>\n<p><span style=\"font-weight: 400\">D\u00f6br\u00f6ssy, Bence; Girasek, Edmond; Sus\u00e1nszky, Anna; Koncz, Zsuzsa; Gy\u0151rffy, Zsuzsa; Bogn\u00e1r, Vir\u00e1g Katalin<br \/><\/span><span style=\"font-weight: 400\">&#8222;Clicks, likes, shares and comments&#8221; a systematic review of breast cancer screening discourse in social media<br \/><\/span><span style=\"font-weight: 400\">PLOS ONE 15 : 4 Paper: e0231422 , 15 p. (2020)<br \/><\/span><a href=\"https:\/\/journals.plos.org\/plosone\/article?id=10.1371\/journal.pone.0231422\"><span style=\"font-weight: 400\">https:\/\/journals.plos.org\/plosone\/article?id=10.1371\/journal.pone.0231422<\/span><\/a><\/p>\n<p><span style=\"font-weight: 400\">Mesk\u00f3, B., Rad\u00f3, N., &amp; Gy\u0151rffy, Z. (2019). <br \/>Opinion leader empowered patients about the era of digital health: a qualitative study. <br \/><\/span><i><span style=\"font-weight: 400\">BMJ OPEN<\/span><\/i><span style=\"font-weight: 400\">, <\/span><i><span style=\"font-weight: 400\">9<\/span><\/i><span style=\"font-weight: 400\">(3). <br \/><a href=\"http:\/\/doi.org\/10.1136\/bmjopen-2018-025267\">http:\/\/doi.org\/10.1136\/bmjopen-2018-025267<\/a><\/span><\/p>\n<\/div>\n<\/div>\n<div class=\"exp-col-content-holder\"><a class=\"expand-cnt-link\" href=\"#\">Orvosokkal, orvostanhallgat\u00f3kkal kapcsolatos kutat\u00e1sok<\/a><\/p>\n<div class=\"hidden-content\">Girasek, Edmond; D\u00f6br\u00f6ssy, Bence; Boros, Julianna; Gy\u0151rffy, Zsuzsa\u00a0<br \/>Exploring the attitudes and experiences of Hungarian primary care physicians on the utilisation of digital health solutions BMC PRIMARY CARE 25 : 1 Paper: 396 , 19 p. (2024)<\/p>\n<p class=\"hiddenContentp\"><a href=\"https:\/\/bmcprimcare.biomedcentral.com\/articles\/10.1186\/s12875-024-02642-8\">https:\/\/bmcprimcare.biomedcentral.com\/articles\/10.1186\/s12875-024-02642-8<\/a><\/p>\n<p>Gy\u0151rffy, Zsuzsa ; D\u00f6br\u00f6ssy, Bence ; Boros, Julianna ; Girasek, Edmond<br \/>Unveiling the digital future: perspectives of Hungarian physicians under 35 years old on eHealth solutions<br \/>FRONTIERS IN DIGITAL HEALTH 6 p. doi (2025)<br \/><a href=\"https:\/\/www.frontiersin.org\/journals\/digital-health\/articles\/10.3389\/fdgth.2024.1464642\/full\">https:\/\/www.frontiersin.org\/journals\/digital-health\/articles\/10.3389\/fdgth.2024.1464642\/full<\/a><\/p>\n<p class=\"hiddenContentp\">N\u00e9meth O, Uhrin E, Girasek E, Boros J, Gy\u0151rffy Z. <br \/>The impact of digital healthcare and teledentistry on dentistry in the 21st Century: a survey of Hungarian dentists. BMC Oral Health. 2023 Dec 19;23(1):1025. doi: 10.1186\/s12903-023-03770-w. PMID: 38115014; PMCID: PMC10731718. <a href=\"https:\/\/bmcoralhealth.biomedcentral.com\/articles\/10.1186\/s12903-023-03770-w\">https:\/\/bmcoralhealth.biomedcentral.com\/articles\/10.1186\/s12903-023-03770-w<\/a><\/p>\n<p><span style=\"font-weight: 400\">Girasek, Edmond; Boros, Julianna; D\u00f6br\u00f6ssy, Bence; Gy\u0151rffy, Zsuzsa<br \/><\/span><span style=\"font-weight: 400\">E-orvosok Magyarorsz\u00e1gon: Digit\u00e1lis eg\u00e9szs\u00e9ggel kapcsolatos tapasztalatok \u00e9s v\u00e9lem\u00e9nyek a hazai orvosok k\u00f6r\u00e9ben<br \/><\/span><span style=\"font-weight: 400\">ORVOSI HETILAP 164 : 4 pp. 132-139. , 8 p. (2023)<br \/><a href=\"https:\/\/akjournals.com\/view\/journals\/650\/164\/4\/article-p132.xml\">https:\/\/akjournals.com\/view\/journals\/650\/164\/4\/article-p132.xml<\/a><br \/><\/span><\/p>\n<p><span style=\"font-weight: 400\">Gy\u0151rffy, Zsuzsa; Rad\u00f3, N\u00f3ra; P\u00f6lczman, Lea; S\u00fck\u00f6sd, Anik\u00f3; Boros, Julianna<br \/><\/span><span style=\"font-weight: 400\">Creating work-life balance among physicians in the age of digitalization: the role of self-consciousness and communication \u2013 a qualitative study<br \/><\/span><span style=\"font-weight: 400\">BMC HEALTH SERVICES RESEARCH 23 : 1 Paper: 1141 , 12 p. (2023)<br \/><\/span><a href=\"https:\/\/bmchealthservres.biomedcentral.com\/articles\/10.1186\/s12913-023-10101-w\"><span style=\"font-weight: 400\">https:\/\/bmchealthservres.biomedcentral.com\/articles\/10.1186\/s12913-023-10101-w<\/span><\/a><\/p>\n<p><span style=\"font-weight: 400\">Gy\u0151rffy, Z., Rad\u00f3, N., &amp; Mesko, B. (2020). <br \/>Digitally engaged physicians about the digital health transition. <br \/><\/span><i><span style=\"font-weight: 400\">PLOS ONE<\/span><\/i><span style=\"font-weight: 400\">, <\/span><i><span style=\"font-weight: 400\">15<\/span><\/i><span style=\"font-weight: 400\">(9). <br \/><\/span><a href=\"http:\/\/doi.org\/10.1371\/journal.pone.0238658\"><span style=\"font-weight: 400\">http:\/\/doi.org\/10.1371\/journal.pone.0238658<\/span><\/a><\/p>\n<p><span style=\"font-weight: 400\">Gy\u0151rffy, Z. (2019).<br \/>E-P\u00c1CIENSEK \u00c9S DIGIT\u00c1LIS GY\u00d3GY\u00cdT\u00d3IK. <\/span><i><span style=\"font-weight: 400\">MAGYAR TUDOM\u00c1NY<\/span><\/i><span style=\"font-weight: 400\">, <\/span><i><span style=\"font-weight: 400\">180<\/span><\/i><span style=\"font-weight: 400\">(10), 1471\u20131485<br \/><\/span><a href=\"https:\/\/mersz.hu\/hivatkozas\/matud_f30146\"><span style=\"font-weight: 400\">https:\/\/mersz.hu\/hivatkozas\/matud_f30146<\/span><\/a><\/p>\n<p><span style=\"font-weight: 400\">Mesko, B., &amp; Gy\u0151rffy, Z. (2019). <br \/><\/span><span style=\"font-weight: 400\">The Rise of the Empowered Physician in the Digital Health Era: Viewpoint. <br \/><\/span><i><span style=\"font-weight: 400\">JOURNAL OF MEDICAL INTERNET RESEARCH<\/span><\/i><span style=\"font-weight: 400\">, <\/span><i><span style=\"font-weight: 400\">21<\/span><\/i><span style=\"font-weight: 400\">(3). <br \/><a href=\"http:\/\/doi.org\/10.2196\/12490\">http:\/\/doi.org\/10.2196\/12490<\/a><\/span><\/p>\n<p><span style=\"font-weight: 400\">Mesk\u00f3, B., Het\u00e9nyi, G., &amp; Gy\u0151rffy, Z. (2018). <br \/><\/span><span style=\"font-weight: 400\">Will artificial intelligence solve the human resource crisis in healthcare? <br \/><\/span><i><span style=\"font-weight: 400\">BMC HEALTH SERVICES RESEARCH<\/span><\/i><span style=\"font-weight: 400\">, <\/span><i><span style=\"font-weight: 400\">18<\/span><\/i><span style=\"font-weight: 400\">. <br \/><a href=\"http:\/\/doi.org\/10.1186\/s12913-018-3359-4\">http:\/\/doi.org\/10.1186\/s12913-018-3359-4<\/a><\/span><\/p>\n<\/div>\n<\/div>\n<div class=\"exp-col-content-holder\"><a class=\"expand-cnt-link\" href=\"#\">S\u00e9r\u00fcl\u00e9keny csoportokkal kapcsolatos kutat\u00e1sok<\/a><\/p>\n<div class=\"hidden-content\">\n<p class=\"hiddenContentp\">Rad\u00f3, N\u00f3ra; B\u00e9k\u00e1si, S\u00e1ndor; Gy\u0151rffy, Zsuzsa <br \/>Health Technology Access and Peer Support Among Digitally Engaged People Experiencing Homelessness: Qualitative Study,<br \/>JMIR HUMAN FACTORS 11 Paper: e55415 , 15 p. (2024) <br \/><a href=\"https:\/\/humanfactors.jmir.org\/2024\/\/e55415\/\">https:\/\/humanfactors.jmir.org\/2024\/\/e55415\/ <\/a><\/p>\n<p><span style=\"font-weight: 400\">Gy\u0151rffy, Zsuzsa; D\u00f6br\u00f6ssy, Bence; Rad\u00f3, N\u00f3ra; Boros, Julianna; B\u00e9k\u00e1si, S\u00e1ndor<br \/><\/span><span style=\"font-weight: 400\">State of vulnerable populations in the techquity framework in Hungary<br \/><\/span><span style=\"font-weight: 400\">FRONTIERS IN PUBLIC HEALTH 11 Paper: 1215325 , 6 p. (2023)<br \/><\/span><a href=\"https:\/\/www.frontiersin.org\/journals\/public-health\/articles\/10.3389\/fpubh.2023.1215325\/full\"><span style=\"font-weight: 400\">https:\/\/www.frontiersin.org\/journals\/public-health\/articles\/10.3389\/fpubh.2023.1215325\/full<\/span><\/a><\/p>\n<p><span style=\"font-weight: 400\">B\u00e9k\u00e1si, S\u00e1ndor; Girasek, Edmond; Gy\u0151rffy, Zsuzsa<br \/><\/span><span style=\"font-weight: 400\">Telemedicine in community shelters: possibilities to improve chronic care among people experiencing homelessness in Hungary<br \/><\/span><span style=\"font-weight: 400\">INTERNATIONAL JOURNAL FOR EQUITY IN HEALTH 21 Paper: 181 , 17 p. (2022)<br \/><\/span><a href=\"https:\/\/equityhealthj.biomedcentral.com\/articles\/10.1186\/s12939-022-01803-4\"><span style=\"font-weight: 400\">https:\/\/equityhealthj.biomedcentral.com\/articles\/10.1186\/s12939-022-01803-4<\/span><\/a><\/p>\n<p><span style=\"font-weight: 400\">Boros, Julianna; Girasek, Edmond; D\u00f6br\u00f6ssy, Bence; Gy\u0151rffy, Zsuzsa<br \/><\/span><span style=\"font-weight: 400\">Use of digital healthcare among people living with disabilities<br \/><\/span><span style=\"font-weight: 400\">Hungarian Journal of Disability Studies &amp; Special Education 2022\/2: 69-79. DOI: 10.31287\/FT.en.2022.2.8\u00a0<br \/><\/span><a href=\"https:\/\/fogyatekossagtudomany.elte.hu\/wp-content\/uploads\/2023\/01\/FT_2022_2_Boros_ea_08.pdf\"><span style=\"font-weight: 400\">https:\/\/fogyatekossagtudomany.elte.hu\/wp-content\/uploads\/2023\/01\/FT_2022_2_Boros_ea_08.pdf<\/span><\/a><\/p>\n<p><span style=\"font-weight: 400\">Gy\u0151rffy, Zsuzsa; B\u00e9k\u00e1si, S\u00e1ndor; D\u00f6br\u00f6ssy, Bence; Bogn\u00e1r, Vir\u00e1g Katalin; Rad\u00f3, N\u00f3ra; Morva, Em\u00edlia; Zsigri, Szabolcs; Tari, P\u00e9ter; Girasek, Edmond<br \/><\/span><span style=\"font-weight: 400\">Exploratory attitude survey of homeless persons regarding telecare services in shelters providing mid- and long-term accommodation: The importance of trust<br \/><\/span><span style=\"font-weight: 400\">PLOS ONE 17 : 1 Paper: e0261145 , 15 p. (2022)<br \/><\/span><a href=\"https:\/\/journals.plos.org\/plosone\/article?id=10.1371\/journal.pone.0261145\"><span style=\"font-weight: 400\">https:\/\/journals.plos.org\/plosone\/article?id=10.1371\/journal.pone.0261145<\/span><\/a><\/p>\n<p><span style=\"font-weight: 400\">Rad\u00f3, N\u00f3ra; Girasek, Edmond; B\u00e9k\u00e1si, S\u00e1ndor; Gy\u0151rffy, Zsuzsa<br \/><\/span><span style=\"font-weight: 400\">Digital Technology Access and Health-Related Internet Use Among People Experiencing Homelessness in Hungary: Quantitative Survey<br \/><\/span><span style=\"font-weight: 400\">JOURNAL OF MEDICAL INTERNET RESEARCH 24 : 10 p. e38729 , 14 p. (2022)<br \/><\/span><a href=\"https:\/\/www.jmir.org\/2022\/10\/e38729\"><span style=\"font-weight: 400\">https:\/\/www.jmir.org\/2022\/10\/e38729<\/span><\/a><\/p>\n<\/div>\n<\/div>\n<div class=\"exp-col-content-holder\"><a class=\"expand-cnt-link\" href=\"#\">Policy<\/a><\/p>\n<div class=\"hidden-content\">\n<p class=\"hiddenContentp\">D\u00f6br\u00f6ssy, Bence ; Girasek, Edmond ; Gy\u0151rffy, Zsuzsa <br \/>The Adaptation of Digital Health Solutions During the COVID-19 Pandemic in Hungary: A Scoping Review;<br \/>INTERNATIONAL JOURNAL OF HEALTH POLICY AND MANAGEMENT 13 Paper: 7940 , 9 p. (2024)<br \/><a href=\"https:\/\/www.ijhpm.com\/article_4609.html\">https:\/\/www.ijhpm.com\/article_4609.html<\/a><\/p>\n<p><span style=\"font-weight: 400\">Gy\u0151rffy, Zsuzsa ; D\u00f6br\u00f6ssy, Bence<br \/><\/span><span style=\"font-weight: 400\">Digit\u00e1lis \u00e1talakul\u00e1s a hazai eg\u00e9szs\u00e9g\u00fcgyben: t\u00e9nyek, trendek, lehet\u0151s\u00e9gek <br \/>In: Kov\u00e1cs, R\u00f3bert; Bedekovics, P\u00e9ter; S\u00fck\u00f6sd, Anik\u00f3 (szerk.) Ipar 4.0 &#8211; Fenntarthat\u00f3s\u00e1g \u00e9s energia Budapest, Magyarorsz\u00e1g : K\u00e1roli G\u00e1sp\u00e1r Reform\u00e1tus Egyetem, Gazdas\u00e1gtudom\u00e1nyi, Eg\u00e9szs\u00e9gtudom\u00e1nyi \u00e9s Szoci\u00e1lis Kar, Patrocinium Kiad\u00f3 (2024) 351 p. pp. 159-173. , 15 p.<br \/><\/span><a href=\"https:\/\/geszk.kre.hu\/images\/kiadvanyok\/Ipar_4_0_tordelt.pdf\">https:\/\/geszk.kre.hu\/images\/kiadvanyok\/Ipar_4_0_tordelt.pdf<\/a><span style=\"font-weight: 400\"> (159. oldal)<\/span><\/p>\n<p><span style=\"font-weight: 400\">Gy\u0151rffy, Z., B\u00e9k\u00e1si, S., Szathm\u00e1ri-M\u00e9sz\u00e1ros, N., &amp; N\u00e9meth, O. (2020). <br \/>A telemedicina lehet\u0151s\u00e9gei a COVID\u201319-pand\u00e9mia kapcs\u00e1n a nemzetk\u00f6zi \u00e9s a magyarorsz\u00e1gi tapasztalatok \u00e9s aj\u00e1nl\u00e1sok t\u00fckr\u00e9ben. <br \/><\/span><i><span style=\"font-weight: 400\">ORVOSI HETILAP<\/span><\/i><span style=\"font-weight: 400\">, <\/span><i><span style=\"font-weight: 400\">161<\/span><\/i><span style=\"font-weight: 400\">(24), 983\u2013992. <br \/><a href=\"http:\/\/doi.org\/10.1556\/650.2020.31873\">http:\/\/doi.org\/10.1556\/650.2020.31873<\/a><\/span><\/p>\n<p><span style=\"font-weight: 400\">Mesk\u00f3, B., Drobni, Z., B\u00e9nyei, \u00c9., Gergely, B., &amp; Gy\u0151rffy, Z. (2017). <br \/>Digital health is a cultural transformation of traditional healthcare. <br \/><\/span><i><span style=\"font-weight: 400\">MOBILE HEALTH<\/span><\/i><span style=\"font-weight: 400\">, <\/span><i><span style=\"font-weight: 400\">3<\/span><\/i><span style=\"font-weight: 400\">(9). <br \/><a href=\"http:\/\/doi.org\/10.21037\/mhealth.2017.08.07\">http:\/\/doi.org\/10.21037\/mhealth.2017.08.07<\/a><\/span><\/p>\n<\/div>\n<\/div>\n<div class=\"exp-col-content-holder\">\n<div class=\"exp-col-content-holder\"><a class=\"expand-cnt-link\" href=\"#\">Podcastok<\/a><\/p>\n<div class=\"hidden-content\">\n<p class=\"hiddenContentp\">Podcast besz\u00e9lget\u00e9seink el\u00e9rhet\u0151ek ezen a c\u00edmen: <a href=\"https:\/\/semmelweis.hu\/magtud\/media-podcast\/\">https:\/\/semmelweis.hu\/magtud\/media-podcast\/<\/a><\/p>\n<\/div>\n<\/div>\n<div class=\"exp-col-content-holder\">\n<div class=\"exp-col-content-holder\"><a class=\"expand-cnt-link\" href=\"#\">Sajt\u00f3megjelen\u00e9sek<\/a><\/p>\n<div class=\"hidden-content\">\n<p class=\"hiddenContentp\">Egyre nyitottabbak vagyunk a digit\u00e1lis eg\u00e9szs\u00e9g\u00fcgyi megold\u00e1sokra &#8211; medicalonline.hu <br \/><a href=\"https:\/\/medicalonline.hu\/tudomany\/cikk\/egyre_nyitottabbak_vagyunk_a_digitalis_egeszsegugyi_megoldasokra\">https:\/\/medicalonline.hu\/tudomany\/cikk\/egyre_nyitottabbak_vagyunk_a_digitalis_egeszsegugyi_megoldasokra<\/a><\/p>\n<p>Orvos ut\u00e1n is keress\u00fck dr. Google-t &#8211; medicalonline.hu<br \/><a href=\"https:\/\/medicalonline.hu\/informatika\/cikk\/orvos_utan_is_keressuk_dr__google_t\">https:\/\/medicalonline.hu\/informatika\/cikk\/orvos_utan_is_keressuk_dr__google_t<\/a><\/p>\n<p>Egyre nyitottabbak vagyunk a digit\u00e1lis eg\u00e9szs\u00e9g\u00fcgyi megold\u00e1sokra &#8211; szimpatika.hu <br \/><a href=\"https:\/\/szimpatika.hu\/egyre-nyitottabbak-vagyunk-a-digitalis-egeszsegugyi-megoldasokra\">https:\/\/szimpatika.hu\/egyre-nyitottabbak-vagyunk-a-digitalis-egeszsegugyi-megoldasokra<\/a><\/p>\n<p>E-orvosok \u00e9s e-p\u00e1ciensek &#8211; digitaliz\u00e1ci\u00f3 az eg\u00e9szs\u00e9g\u00fcgyben &#8211; pharmindex-online.hu<br \/><a href=\"https:\/\/www.pharmindex-online.hu\/egeszsegugyi-digitalizacio\/digitalizacio\/e-orvosok-es-e-paciensek---digitalizacio-az-egeszsegugyben\">https:\/\/www.pharmindex-online.hu\/egeszsegugyi-digitalizacio\/digitalizacio\/e-orvosok-es-e-paciensek&#8212;digitalizacio-az-egeszsegugyben<\/a><\/p>\n<p>Kider\u00fclt, h\u00e1nyan haszn\u00e1lj\u00e1k az e-receptet Magyarorsz\u00e1gon &#8211; magyarnemzet.hu<br \/><a href=\"https:\/\/magyarnemzet.hu\/belfold\/2024\/05\/kiderult-hanyan-hasznaljak-az-e-receptet-magyarorszagon\">https:\/\/magyarnemzet.hu\/belfold\/2024\/05\/kiderult-hanyan-hasznaljak-az-e-receptet-magyarorszagon<\/a><\/p>\n<p>Meg\u00e9rkezett az eg\u00e9szs\u00e9g\u00fcgybe, amire mindenki nagyon v\u00e1rt &#8211; economnx.hu<br \/><a href=\"https:\/\/www.economx.hu\/belfold\/digitalis-egeszsegugy-semmelweis-kutatas-orvos-beteg-mesterseges-intelligencia-ai-okoseszkoz.790115.html\">https:\/\/www.economx.hu\/belfold\/digitalis-egeszsegugy-semmelweis-kutatas-orvos-beteg-mesterseges-intelligencia-ai-okoseszkoz.790115.html<\/a><\/p>\n<p>Magyarorsz\u00e1gon \u00f6t emberb\u0151l n\u00e9gy haszn\u00e1lja az e-receptet &#8211; hirklikk.hu<br \/><a href=\"https:\/\/hirklikk.hu\/kozelet\/magyarorszagon-ot-emberbol-negy-hasznalja-az-e-receptet\/432424\">https:\/\/hirklikk.hu\/kozelet\/magyarorszagon-ot-emberbol-negy-hasznalja-az-e-receptet\/432424<\/a><\/p>\n<p>Dr. Google egyre t\u00f6bb magyar beteget fogad &#8211; index.hu<br \/><a href=\"https:\/\/index.hu\/belfold\/2024\/11\/22\/egeszsegugy-digtitalizacio-betegek-tunetellenorzo-telemedicina\/\">https:\/\/index.hu\/belfold\/2024\/11\/22\/egeszsegugy-digtitalizacio-betegek-tunetellenorzo-telemedicina\/<\/a><\/p>\n<p>Eg\u00e9szs\u00e9g\u00fcgy: a koronav\u00edrus \u00f3ta a legt\u00f6bb magyar interneten t\u00e1j\u00e9koz\u00f3dik &#8211; webradio.hu<br \/><a href=\"https:\/\/webradio.hu\/hirek\/koronavirus\/koronavirus-se-digitalis-fellendulest-hozott-a-jarvany-az-egeszsegugyben-magyarorszagon\">https:\/\/webradio.hu\/hirek\/koronavirus\/koronavirus-se-digitalis-fellendulest-hozott-a-jarvany-az-egeszsegugyben-magyarorszagon<\/a><\/p>\n<p>A digit\u00e1lis eg\u00e9szs\u00e9g\u00fcgy m\u00e1r nem a j\u00f6v\u0151, hanem a jelen &#8211; weborvos.hu<br \/><a href=\"https:\/\/weborvos.hu\/hirek\/a-digitalis-egeszsegugy-mar-nem-a-jovo-hanem-a-jelen-276268\">https:\/\/weborvos.hu\/hirek\/a-digitalis-egeszsegugy-mar-nem-a-jovo-hanem-a-jelen-276268<\/a><\/p>\n<p>Digit\u00e1lis fellend\u00fcl\u00e9st hozott az eg\u00e9szs\u00e9g\u00fcgyben a koronav\u00edrus &#8211; civishir.hu<br \/><a href=\"https:\/\/civishir.hu\/hir\/digitalis-fellendulest-hozott-az-egeszsegugyben-a-koronavirus\">https:\/\/civishir.hu\/hir\/digitalis-fellendulest-hozott-az-egeszsegugyben-a-koronavirus<\/a><\/p>\n<p>Digit\u00e1lis fellend\u00fcl\u00e9st hozott a j\u00e1rv\u00e1ny az eg\u00e9szs\u00e9g\u00fcgyben &#8211; magyarhirlap.hu<br \/><a href=\"https:\/\/www.magyarhirlap.hu\/gazdasag\/20221020-koronavirus-se-digitalis-fellendulest-hozott-a-jarvany-az-egeszsegugyben-magyarorszagon\">https:\/\/www.magyarhirlap.hu\/gazdasag\/20221020-koronavirus-se-digitalis-fellendulest-hozott-a-jarvany-az-egeszsegugyben-magyarorszagon<\/a><\/p>\n<p>Digit\u00e1lis fellend\u00fcl\u00e9st hozott a j\u00e1rv\u00e1ny az eg\u00e9szs\u00e9g\u00fcgyben &#8211; hirado.hu<br \/><a href=\"https:\/\/hirado.hu\/extra\/tudomany-high-tech\/cikk\/2022\/10\/20\/digitalis-fellendulest-hozott-a-jarvany-az-egeszsegugyben-magyarorszagon\">https:\/\/hirado.hu\/extra\/tudomany-high-tech\/cikk\/2022\/10\/20\/digitalis-fellendulest-hozott-a-jarvany-az-egeszsegugyben-magyarorszagon<\/a><\/p>\n<p>Sok orvos szerint j\u00f3, hogy a betegek digit\u00e1lis eszk\u00f6z\u00f6ket haszn\u00e1lnak betegs\u00e9gmonitoroz\u00e1sra &#8211; egeszsegkalauz.hu<br \/><a href=\"https:\/\/www.egeszsegkalauz.hu\/orvosnal\/diagnosztika\/sok-orvos-szerint-jo-hogy-a-betegek-digitalis-eszkozoket-hasznalnak\/\">https:\/\/www.egeszsegkalauz.hu\/orvosnal\/diagnosztika\/sok-orvos-szerint-jo-hogy-a-betegek-digitalis-eszkozoket-hasznalnak\/<\/a><\/p>\n<p>Olyan v\u00e1ltoz\u00e1s t\u00f6rt\u00e9nt az eg\u00e9szs\u00e9g\u00fcgyben, amire senki nem sz\u00e1m\u00edtott &#8211; economx.hu<br \/><a href=\"https:\/\/www.economx.hu\/magyar-gazdasag\/fellendulest-hozott-a-jarvany-a-telemedicinaban-kutatas-semmelweis-egyetem.761904.html\">https:\/\/www.economx.hu\/magyar-gazdasag\/fellendulest-hozott-a-jarvany-a-telemedicinaban-kutatas-semmelweis-egyetem.761904.html<\/a><\/p>\n<p>Digit\u00e1lis fellend\u00fcl\u00e9st hozott a j\u00e1rv\u00e1ny az eg\u00e9szs\u00e9g\u00fcgyben Magyarorsz\u00e1gon &#8211; demokrata.hu<br \/><a href=\"https:\/\/demokrata.hu\/magyarorszag\/digitalis-fellendulest-hozott-a-jarvany-az-egeszsegugyben-magyarorszagon-595627\/\">https:\/\/demokrata.hu\/magyarorszag\/digitalis-fellendulest-hozott-a-jarvany-az-egeszsegugyben-magyarorszagon-595627\/<\/a><\/p>\n<p>Digit\u00e1lis fellend\u00fcl\u00e9st hozott az eg\u00e9szs\u00e9g\u00fcgyben a koronav\u00edrus &#8211; szabolcsihir.hu<br \/><a href=\"https:\/\/szabolcsihir.hu\/hir\/a-koronavirus-digitalis-fellendulest-hozott-az-egeszsegugyben\">https:\/\/szabolcsihir.hu\/hir\/a-koronavirus-digitalis-fellendulest-hozott-az-egeszsegugyben<\/a><\/p>\n<p>&nbsp;<\/p>\n<\/div>\n<\/div>\n<\/div>\n<\/div>\n","protected":false},"excerpt":{"rendered":"<p><a class=\"expand-cnt-link\" href=\"#\">Lakoss\u00e1gi, p\u00e1ciens kutat\u00e1sok<\/a> Gy\u0151rffy, Zsuzsa; D\u00f6br\u00f6ssy, Bence; Wernigg, Andr\u00e1s; Girasek, EdmondN\u0151k \u00e9s f\u00e9rfiak eg\u00e9szs\u00e9gmagatart\u00e1sa a digit\u00e1lis t\u00e9rben: t\u00e9nyek, trendek 2021-ben \u00e9s 2024-ben &#8211; reprezentat\u00edv, lakoss\u00e1gi minta eredm\u00e9nyei alapj\u00e1nACTA MEDICINAE ET SOCIOLOGICA 15 : 39 pp. 48-68. , 21 p. (2024) <a href=\"https:\/\/ojs.lib.unideb.hu\/ams\/article\/view\/15210\">https:\/\/ojs.lib.unideb.hu\/ams\/article\/view\/15210<\/a> Boros J, Girasek E, D\u00f6br\u00f6ssy B, Gy\u0151rffy Zs. (2023) Digitaliz\u00e1ci\u00f3 az eg\u00e9szs\u00e9g\u00fcgyben: a 65 \u00e9ven fel\u00fcli p\u00e1ciensek \u00e9s &hellip;<\/p>\n","protected":false},"author":101861,"featured_media":0,"parent":0,"menu_order":0,"comment_status":"closed","ping_status":"closed","template":"","meta":{"_acf_changed":false,"footnotes":""},"categories":[],"tags":[],"class_list":["post-31","page","type-page","status-publish","hentry"],"acf":[],"_links":{"self":[{"href":"https:\/\/semmelweis.hu\/digitalhealth\/wp-json\/wp\/v2\/pages\/31","targetHints":{"allow":["GET"]}}],"collection":[{"href":"https:\/\/semmelweis.hu\/digitalhealth\/wp-json\/wp\/v2\/pages"}],"about":[{"href":"https:\/\/semmelweis.hu\/digitalhealth\/wp-json\/wp\/v2\/types\/page"}],"author":[{"embeddable":true,"href":"https:\/\/semmelweis.hu\/digitalhealth\/wp-json\/wp\/v2\/users\/101861"}],"replies":[{"embeddable":true,"href":"https:\/\/semmelweis.hu\/digitalhealth\/wp-json\/wp\/v2\/comments?post=31"}],"version-history":[{"count":10,"href":"https:\/\/semmelweis.hu\/digitalhealth\/wp-json\/wp\/v2\/pages\/31\/revisions"}],"predecessor-version":[{"id":323,"href":"https:\/\/semmelweis.hu\/digitalhealth\/wp-json\/wp\/v2\/pages\/31\/revisions\/323"}],"wp:attachment":[{"href":"https:\/\/semmelweis.hu\/digitalhealth\/wp-json\/wp\/v2\/media?parent=31"}],"wp:term":[{"taxonomy":"category","embeddable":true,"href":"https:\/\/semmelweis.hu\/digitalhealth\/wp-json\/wp\/v2\/categories?post=31"},{"taxonomy":"post_tag","embeddable":true,"href":"https:\/\/semmelweis.hu\/digitalhealth\/wp-json\/wp\/v2\/tags?post=31"}],"curies":[{"name":"wp","href":"https:\/\/api.w.org\/{rel}","templated":true}]}}