{"id":9130,"date":"2024-02-28T15:39:41","date_gmt":"2024-02-28T14:39:41","guid":{"rendered":"https:\/\/semmelweis.hu\/dft\/?page_id=9130"},"modified":"2026-03-17T14:18:25","modified_gmt":"2026-03-17T13:18:25","slug":"infekciokontroll","status":"publish","type":"page","link":"https:\/\/semmelweis.hu\/dft\/2-evfolyam\/iv-felev\/infekciokontroll\/","title":{"rendered":"Infekci\u00f3kontroll"},"content":{"rendered":"<div class=\"keretes w-100\">\n<p><strong>Szemin\u00e1riumok helye:<\/strong> Semmelweis Egyetem Fogorvostudom\u00e1nyi Kar Oktat\u00e1si Centrum V. emelet nagy digit\u00e1lis labor<br \/>\n(1088 Budapest, Szentkir\u00e1lyi u. 47. V. emelet)<\/p>\n<p><strong>Szemin\u00e1riumok ideje:<\/strong> 2026.03.16., 2026.04.13.<\/p>\n<\/div>\n<h3>Dokumentumok:<\/h3>\n<ul style=\"list-style-type: square\">\n<li><a href=\"https:\/\/semmelweis.hu\/dft\/files\/2026\/01\/Tantargyi-program-Infekciokontroll-2026-tavasz.pdf\">Tant\u00e1rgyi program<\/a><\/li>\n<li><a href=\"https:\/\/semmelweis.hu\/dft\/files\/2026\/01\/Infekciokontroll-kidolgozando-temak.pdf\">Beadand\u00f3 t\u00e9m\u00e1k<\/a><\/li>\n<li><a href=\"https:\/\/semmelweis.hu\/dft\/files\/2026\/01\/Infekciokontroll-tetelek-2026-tavasz.pdf\">T\u00e9telsor<\/a><\/li>\n<li><a href=\"https:\/\/semmelweis.hu\/dft\/files\/2026\/03\/Infekciokontroll-javitott-tematika-2026-tavasz2.pdf\">Tematika<\/a><\/li>\n<\/ul>\n<h5><span style=\"color: #ff0000\">M\u00e1rcius<\/span><\/h5>\n<table style=\"border-collapse: collapse;width: 100%;height: 198px\">\n<thead>\n<tr style=\"height: 33px\">\n<td style=\"width: 8.50909%;text-align: center;height: 33px\"><strong>D\u00e1tum<\/strong><\/td>\n<td style=\"width: 9.52726%;text-align: center;height: 33px\"><strong>Id\u0151pont<\/strong><\/td>\n<td style=\"width: 15.0545%;text-align: center;height: 33px\"><strong>El\u0151ad\u00f3<\/strong><\/td>\n<td style=\"width: 52%;text-align: center;height: 33px\"><strong>El\u0151ad\u00e1s\u00a0<\/strong><\/td>\n<\/tr>\n<\/thead>\n<tbody>\n<tr style=\"height: 33px\">\n<td style=\"width: 8.50909%;height: 33px\">2026.03.16.<\/td>\n<td style=\"width: 9.52726%;height: 33px\">8:00-8:45<\/td>\n<td style=\"width: 15.0545%;height: 33px\">Dr. Erdei Csilla<\/td>\n<td style=\"width: 52%;height: 33px\" width=\"167\">Mikroorganizmusok fogalma, k\u00f3rokoz\u00f3k \u00e9s a norm\u00e1l mikrofl\u00f3ra<\/td>\n<\/tr>\n<tr style=\"height: 33px\">\n<td style=\"width: 8.50909%;height: 33px\">2026.03.16.<\/td>\n<td style=\"width: 9.52726%;height: 33px\">9:00-9:45<\/td>\n<td style=\"width: 15.0545%;height: 33px\">Dr. Erdei Csilla<\/td>\n<td style=\"width: 52%;height: 33px\" width=\"167\">Infektol\u00f3giai \u00e9s epidemiol\u00f3giai alapfogalmak. Fert\u0151z\u00e9sek form\u00e1i, a fert\u0151z\u00e9sek terjed\u00e9s\u00e9nek lehet\u0151s\u00e9gei<\/td>\n<\/tr>\n<tr style=\"height: 33px\">\n<td style=\"width: 8.50909%;height: 33px\">2026.03.16.<\/td>\n<td style=\"width: 9.52726%;height: 33px\">10:00-10:45<\/td>\n<td style=\"width: 15.0545%;height: 33px\">Dr. Vincze Zs\u00f3fia<\/td>\n<td style=\"width: 52%;height: 33px\" width=\"167\">Fontosabb fert\u0151z\u0151 betegs\u00e9gek ismertet\u00e9se \u00e9s epidemiol\u00f3gi\u00e1juk vil\u00e1gviszonylatban.<\/td>\n<\/tr>\n<tr style=\"height: 33px\">\n<td style=\"width: 8.50909%;height: 33px\">2026.03.16.<\/td>\n<td style=\"width: 9.52726%;height: 33px\">11:00-11:45<\/td>\n<td style=\"width: 15.0545%;height: 33px\">Dr. Vincze Zs\u00f3fia<\/td>\n<td style=\"width: 52%;height: 33px\" width=\"167\">Kontamin\u00e1ci\u00f3, keresztfert\u0151z\u00e9s, iatrog\u00e9n fert\u0151z\u00e9sek fogalma. Az eg\u00e9szs\u00e9g\u00fcgyi k\u00f6rnyezetben el\u0151fordul\u00f3 k\u00f3rokoz\u00f3k. A fog\u00e1szatban el\u0151fordul\u00f3 fert\u0151z\u00e9sek.<\/td>\n<\/tr>\n<tr style=\"height: 33px\">\n<td style=\"width: 8.50909%;height: 33px\">2026.03.16.<\/td>\n<td style=\"width: 9.52726%;height: 33px\">12:00-12:45<\/td>\n<td style=\"width: 15.0545%;height: 33px\">Dr. Vass A. Fanni<\/td>\n<td style=\"width: 52%;height: 33px\" width=\"167\">Infekci\u00f3kontroll fogalma. Infekci\u00f3kontroll l\u00e9nyege \u00e9s m\u00f3dszerei az eg\u00e9szs\u00e9g\u00fcgyben. Fert\u0151tlen\u00edt\u00e9s \u00e9s steriliz\u00e1l\u00e1s.<\/td>\n<\/tr>\n<tr>\n<td style=\"width: 8.50909%\">2026.03.16.<\/td>\n<td style=\"width: 9.52726%\">13:00-13:45<\/td>\n<td style=\"width: 15.0545%\">Dr. Jelencsics D\u00e1vid<\/td>\n<td style=\"width: 52%\">A fog\u00e1szati rendel\u0151 berendez\u00e9se. A fogtechnikai \u00e9s a digit\u00e1lis laborat\u00f3rium berendez\u00e9se.<\/td>\n<\/tr>\n<tr>\n<td style=\"width: 8.50909%\">2026.03.16.<\/td>\n<td style=\"width: 9.52726%\">14:00-14:45<\/td>\n<td style=\"width: 15.0545%\">Dr. D\u00e9zsi Anna<br \/>\nDr. Jelencsics D\u00e1vid<\/td>\n<td style=\"width: 52%\">SE FOK Fogp\u00f3tl\u00e1stani Klinika Oktat\u00f3kezel\u0151 \u2013 Rendel\u0151l\u00e1togat\u00e1s<\/td>\n<\/tr>\n<\/tbody>\n<\/table>\n<h5>\u00a0<\/h5>\n<table style=\"border-collapse: collapse;width: 100%;height: 231px\">\n<thead>\n<tr style=\"height: 33px\">\n<td style=\"width: 8.50909%;text-align: center;height: 33px\"><strong>D\u00e1tum<\/strong><\/td>\n<td style=\"width: 9.52726%;text-align: center;height: 33px\"><strong>Id\u0151pont<\/strong><\/td>\n<td style=\"width: 15.0545%;text-align: center;height: 33px\"><strong>El\u0151ad\u00f3<\/strong><\/td>\n<td style=\"width: 52%;text-align: center;height: 33px\"><strong>El\u0151ad\u00e1s\u00a0<\/strong><\/td>\n<\/tr>\n<\/thead>\n<tbody>\n<tr style=\"height: 33px\">\n<td style=\"width: 8.50909%;height: 33px\">2026.04.13.<\/td>\n<td style=\"width: 9.52726%;height: 33px\">8:00-8:45<\/td>\n<td style=\"width: 15.0545%;height: 33px\">Dr. M\u00e1rton Krisztina<\/td>\n<td style=\"width: 52%;height: 33px\" width=\"167\">Infekci\u00f3kontroll c\u00e9lja, m\u00f3dszerei \u00e9s eszk\u00f6zei a fog\u00e1szatban.<\/td>\n<\/tr>\n<tr style=\"height: 33px\">\n<td style=\"width: 8.50909%;height: 33px\">2026.04.13.<\/td>\n<td style=\"width: 9.52726%;height: 33px\">9:00-9:45<\/td>\n<td style=\"width: 15.0545%;height: 33px\">Dr. D\u00e9zsi Anna<\/td>\n<td style=\"width: 52%;height: 33px\" width=\"167\">K\u00e9zhigi\u00e9ne. T\u0171sz\u00far\u00e1sos \u00e9s \u00e9les eszk\u00f6z\u00f6kkel okozott balesetek \u00e9s azok megel\u0151z\u00e9se.<\/td>\n<\/tr>\n<tr style=\"height: 33px\">\n<td style=\"width: 8.50909%;height: 33px\">2026.04.13.<\/td>\n<td style=\"width: 9.52726%;height: 33px\">10:00-10:45<\/td>\n<td style=\"width: 15.0545%;height: 33px\">Dr. Demeter Tam\u00e1s<\/td>\n<td style=\"width: 52%;height: 33px\" width=\"167\">Hullad\u00e9kkezel\u00e9s. K\u00f6rnyezetv\u00e9delmi szempontok a fog\u00e1szati kezel\u00e9s sor\u00e1n, \u00e9s a digit\u00e1lis fog\u00e1szati laborat\u00f3riumban<\/td>\n<\/tr>\n<tr style=\"height: 33px\">\n<td style=\"width: 8.50909%;height: 33px\">2026.04.13.<\/td>\n<td style=\"width: 9.52726%;height: 33px\">11:00-11:45<\/td>\n<td style=\"width: 15.0545%;height: 33px\">Dr. Demeter Tam\u00e1s<\/td>\n<td style=\"width: 52%;height: 33px\" width=\"167\">K\u00f6rnyezetv\u00e9delmi szempontok a digit\u00e1lis fog\u00e1szatban<\/td>\n<\/tr>\n<tr style=\"height: 33px\">\n<td style=\"width: 8.50909%;height: 33px\">2026.04.13.<\/td>\n<td style=\"width: 9.52726%;height: 33px\">12:00-12:45<\/td>\n<td style=\"width: 15.0545%;height: 33px\">Dr. M\u00e1rton Krisztina<\/td>\n<td style=\"width: 52%;height: 33px\" width=\"167\">SE FOK OC K\u00f6zponti Steriliz\u00e1ci\u00f3s egys\u00e9g\u00e9nek a megl\u00e1togat\u00e1sa<\/td>\n<\/tr>\n<tr style=\"height: 33px\">\n<td style=\"width: 8.50909%;height: 33px\">2026.04.13.<\/td>\n<td style=\"width: 9.52726%;height: 33px\">13:00-13:45<\/td>\n<td style=\"width: 15.0545%;height: 33px\">Dr. M\u00e1rton Krisztina<\/td>\n<td style=\"width: 52%;height: 33px\">Konzult\u00e1ci\u00f3<\/td>\n<\/tr>\n<\/tbody>\n<\/table>\n","protected":false},"excerpt":{"rendered":"<p>Szemin\u00e1riumok helye: Semmelweis Egyetem Fogorvostudom\u00e1nyi Kar Oktat\u00e1si Centrum V. emelet nagy digit\u00e1lis labor (1088 Budapest, Szentkir\u00e1lyi u. 47. V. emelet) Szemin\u00e1riumok ideje: 2026.03.16., 2026.04.13. Dokumentumok: <a href=\"https:\/\/semmelweis.hu\/dft\/files\/2026\/01\/Tantargyi-program-Infekciokontroll-2026-tavasz.pdf\">Tant\u00e1rgyi program<\/a> <a href=\"https:\/\/semmelweis.hu\/dft\/files\/2026\/01\/Infekciokontroll-kidolgozando-temak.pdf\">Beadand\u00f3 t\u00e9m\u00e1k<\/a> <a href=\"https:\/\/semmelweis.hu\/dft\/files\/2026\/01\/Infekciokontroll-tetelek-2026-tavasz.pdf\">T\u00e9telsor<\/a> <a href=\"https:\/\/semmelweis.hu\/dft\/files\/2026\/03\/Infekciokontroll-javitott-tematika-2026-tavasz2.pdf\">Tematika<\/a> M\u00e1rcius D\u00e1tum Id\u0151pont El\u0151ad\u00f3 El\u0151ad\u00e1s\u00a0 2026.03.16. 8:00-8:45 Dr. Erdei Csilla Mikroorganizmusok fogalma, k\u00f3rokoz\u00f3k \u00e9s a norm\u00e1l mikrofl\u00f3ra 2026.03.16. 9:00-9:45 Dr. Erdei Csilla Infektol\u00f3giai \u00e9s epidemiol\u00f3giai alapfogalmak. Fert\u0151z\u00e9sek form\u00e1i, a fert\u0151z\u00e9sek &hellip;<\/p>\n","protected":false},"author":101231,"featured_media":0,"parent":9059,"menu_order":5,"comment_status":"closed","ping_status":"closed","template":"","meta":{"_acf_changed":false,"footnotes":""},"categories":[],"tags":[],"class_list":["post-9130","page","type-page","status-publish","hentry"],"acf":[],"_links":{"self":[{"href":"https:\/\/semmelweis.hu\/dft\/wp-json\/wp\/v2\/pages\/9130","targetHints":{"allow":["GET"]}}],"collection":[{"href":"https:\/\/semmelweis.hu\/dft\/wp-json\/wp\/v2\/pages"}],"about":[{"href":"https:\/\/semmelweis.hu\/dft\/wp-json\/wp\/v2\/types\/page"}],"author":[{"embeddable":true,"href":"https:\/\/semmelweis.hu\/dft\/wp-json\/wp\/v2\/users\/101231"}],"replies":[{"embeddable":true,"href":"https:\/\/semmelweis.hu\/dft\/wp-json\/wp\/v2\/comments?post=9130"}],"version-history":[{"count":10,"href":"https:\/\/semmelweis.hu\/dft\/wp-json\/wp\/v2\/pages\/9130\/revisions"}],"predecessor-version":[{"id":9737,"href":"https:\/\/semmelweis.hu\/dft\/wp-json\/wp\/v2\/pages\/9130\/revisions\/9737"}],"up":[{"embeddable":true,"href":"https:\/\/semmelweis.hu\/dft\/wp-json\/wp\/v2\/pages\/9059"}],"wp:attachment":[{"href":"https:\/\/semmelweis.hu\/dft\/wp-json\/wp\/v2\/media?parent=9130"}],"wp:term":[{"taxonomy":"category","embeddable":true,"href":"https:\/\/semmelweis.hu\/dft\/wp-json\/wp\/v2\/categories?post=9130"},{"taxonomy":"post_tag","embeddable":true,"href":"https:\/\/semmelweis.hu\/dft\/wp-json\/wp\/v2\/tags?post=9130"}],"curies":[{"name":"wp","href":"https:\/\/api.w.org\/{rel}","templated":true}]}}