{"id":40055,"date":"2026-03-20T16:10:02","date_gmt":"2026-03-20T15:10:02","guid":{"rendered":"https:\/\/semmelweis.hu\/deutsch\/?page_id=40055"},"modified":"2026-03-24T15:05:30","modified_gmt":"2026-03-24T14:05:30","slug":"partnerprogramm-fuer-gymnasien","status":"publish","type":"page","link":"https:\/\/semmelweis.hu\/deutsch\/semmelweis-universitaet\/partnerprogramm-fuer-gymnasien\/","title":{"rendered":"Partnerprogramm f\u00fcr Gymnasien"},"content":{"rendered":"<p><img loading=\"lazy\" decoding=\"async\" class=\"aligncenter size-full wp-image-34885\" src=\"https:\/\/semmelweis.hu\/admission\/files\/2026\/02\/SE-partner-program-img.jpg\" alt=\"\" width=\"1280\" height=\"420\" \/><\/p>\n<div class=\"keretes w-100\" style=\"float: left !important; border: none !important; background-color: #4d9de0 !important; margin-left: 0% !important; font-family: Montserrat; color: #ffffff;\">\n<h2><span style=\"color: #ffffff;\">\u00dcber das Semmelweis-Partnerprogramm f\u00fcr Gymnasien<\/span><\/h2>\n<p>Das Semmelweis-Partnerprogramm f\u00fcr Gymnasien zielt darauf ab, starke, langfristige Partnerschaften mit herausragenden weiterf\u00fchrenden Schulen aufzubauen. Im Rahmen dieser Initiative stellen wir Bildungsmaterialien zur Verf\u00fcgung, organisieren Veranstaltungen sowohl vor Ort als auch online und binden Absolventen der Semmelweis Universit\u00e4t ein, die durch den Austausch ihrer Studienerfahrungen als zuverl\u00e4ssige Ansprechpartner fungieren. Es ist uns eine Ehre, mit Schulen zusammenzuarbeiten, die bereit sind, diese M\u00f6glichkeiten mit ihren Sch\u00fclerinnen und Sch\u00fclern zu teilen und Vertreter der Semmelweis Universit\u00e4t bei Veranstaltungen wie Schulmessen und Tagen der offenen T\u00fcr willkommen zu hei\u00dfen.<\/p>\n<p><a class=\"btn btn-primary btn-lg\" href=\"https:\/\/wgpro.semmelweis.hu\/form.php?f=411b12aaf7\" target=\"_blank\" rel=\"noopener\">Partnerschule werden<\/a><\/p>\n<\/div>\n<div class=\"keretes w-100\" style=\"border: none !important; background-color: #e3d496 !important;\">\n<h2>Warum Sie Partner werden sollten<\/h2>\n<ul style=\"list-style-type: square;\">\n<li>Aufbau einer starken Verbindung zu einer f\u00fchrenden europ\u00e4ischen Universit\u00e4t, die f\u00fcr Ihre Sch\u00fcler eine hervorragende Wahl sein kann.<\/li>\n<li>Regelm\u00e4\u00dfige Bereitstellung von Werbe- und Informationsmaterialien, die Ihnen helfen, die passenden Bildungsprogramme f\u00fcr das Profil und die Ziele der Sch\u00fcler zu finden.<\/li>\n<li>Informationen zu Bewerbungsfristen sowie die Verf\u00fcgbarkeit von Probepr\u00fcfungen, damit sich Ihre Sch\u00fcler optimal vorbereiten k\u00f6nnen.<\/li>\n<li>Ihre Schulabsolventen erhalten einen Wettbewerbsvorteil, der es ihnen erm\u00f6glicht, ihr Studium in Europa fortzusetzen und \u00fcberall auf der Welt arbeiten zu k\u00f6nnen.<\/li>\n<li>Zus\u00e4tzliche Unterst\u00fctzung, um Ihre Sch\u00fcler optimal auf die Aufnahmepr\u00fcfung der Semmelweis-Universit\u00e4t vorzubereiten.<\/li>\n<li>Steigerung der Anzahl der Hochschulzug\u00e4nge Ihrer Einrichtung.<\/li>\n<li>Partnerschulen d\u00fcrfen das Semmelweis-Partnerlogo in Druckerzeugnissen und auf ihrer Website verwenden, um die Partnerschaft sichtbar zu machen.<\/li>\n<li>Partnerschulen werden in der Kommunikation der Semmelweis Universit\u00e4t ins Rampenlicht ger\u00fcckt.<\/li>\n<li>Ma\u00dfgeschneiderte Campus-Tour: Sch\u00fcler von Partnerinstitutionen haben Zugang zu speziellen Gruppenf\u00fchrungen an der Semmelweis Universit\u00e4t. Diese F\u00fchrungen bieten ein ma\u00dfgeschneidertes Erlebnis mit Schwerpunkt auf dem Campus und seinen Einrichtungen.<\/li>\n<\/ul>\n<\/div>\n<div class=\"fontos_div\">\n<p>Es ist wichtig zu beachten, dass das Semmelweis-Partnerprogramm f\u00fcr Gymnasien zwar umfassende Unterst\u00fctzung bietet, jedoch <strong>keine Zulassung zur Semmelweis Universit\u00e4t garantiert<\/strong>. Es zielt jedoch darauf ab, die Erfolgschancen der Sch\u00fcler zu erh\u00f6hen, indem es ihnen w\u00e4hrend des Bewerbungsprozesses wertvolle Ressourcen und M\u00f6glichkeiten zur Verf\u00fcgung stellt.<\/p>\n<\/div>\n<div><span style=\"font-size: 1rem;\"><style>\n           #page-grid .card-body > .line-clamp-box.excerpt{\n        width: inherit;\n        max-width: inherit;\n        display:flex;\n        min-height: 2.4em;\n        flex-direction: column;\n        justify-content: space-around;\n        background-color: #D6E4EA;\n        min-height: 3.4rem;\n        font-family: \"Montserrat\", sans-serif;\n    }\n\n    #page-grid a:hover .card-body > .line-clamp-box.excerpt {\n        background-color: #fff;\n        color: #313B40;\n    }\n\n    #page-grid .card-body .line-clamp-box.excerpt section{\n        max-width: inherit;\n        display: -webkit-box;\n        -webkit-line-clamp: 2;\n        -webkit-box-orient: vertical;\n        overflow: hidden;\n        text-overflow: ellipsis;\n        hyphens: auto;\n        margin: auto;\n        \n    }\n    .line-clamp-box.excerpt section, .line-clamp-box.excerpt section p{\n        font-size:0.8em;\n    }\n    \n<\/style>\n    <section id=\"page-grid\">\n        <section class=\"d-block d-md-flex title-row my-3 ml-0 ml-md-1\">\n<div class=\"section-title  mb-1 \">\n<h2>\n    Deutschsprachige Studieng\u00e4nge\n<\/h2>\n<\/div>\n<\/section>\n        <div class=\"row row-cols-1 row-cols-md-2 row-cols-lg-3 no-gutters mx-0 \">    <div class =\"col  mb-2 card-wrapper\">\n        <a class=\"d-flex flex-fill card-link-warapper m-md-1\" href=\"https:\/\/semmelweis.hu\/deutsch\/studiengange\/humanmedizin\/\">\n            <div class=\"card border border-secondary se-border flex-fill\">\n                <div class=\"row no-gutters mx-0 d-flex flex-nowrap flex-md-wrap align-items-center\">\n                    <div class =\"  col-5 col-md-12   card-image justify-content-center\">\n                        <img loading=\"lazy\" decoding=\"async\" width=\"753\" height=\"502\" src=\"https:\/\/semmelweis.hu\/deutsch\/files\/2023\/01\/RS41942_11-scr.jpg\" class=\"landscape wp-post-image\" alt=\"\" srcset=\"https:\/\/semmelweis.hu\/deutsch\/files\/2023\/01\/RS41942_11-scr.jpg 950w, https:\/\/semmelweis.hu\/deutsch\/files\/2023\/01\/RS41942_11-scr-400x267.jpg 400w, https:\/\/semmelweis.hu\/deutsch\/files\/2023\/01\/RS41942_11-scr-768x512.jpg 768w, https:\/\/semmelweis.hu\/deutsch\/files\/2023\/01\/RS41942_11-scr-753x502.jpg 753w, https:\/\/semmelweis.hu\/deutsch\/files\/2023\/01\/RS41942_11-scr-203x135.jpg 203w\" sizes=\"auto, (max-width: 753px) 100vw, 753px\" \/>\n                    <\/div>\n                    <div class=\"card-body  col flex-column  col-md-12 p-0\">\n                        <div class=\"line-clamp-box p-3\">\n                            <h5 class=\"ml-0 ml-sm-1 mt-2 align-items-center\"  >Humanmedizin<\/h5>\n                        <\/div>\n                            <div class= \"line-clamp-box excerpt m-0 p-2 pl-3\">\n        <section>\n            Solides theoretisches Wissen, praxisorientierte Bildung. Studiendauer: 6 Jahre \/ Titel: \u201edr. med.\u201c\n        <\/section>\n    <\/div>\n                    <\/div>\n                <\/div>\n\n            <\/div>\n        <\/a>\n    <\/div>    <div class =\"col  mb-2 card-wrapper\">\n        <a class=\"d-flex flex-fill card-link-warapper m-md-1\" href=\"https:\/\/semmelweis.hu\/deutsch\/studiengange\/zahnmedizin\/\">\n            <div class=\"card border border-secondary se-border flex-fill\">\n                <div class=\"row no-gutters mx-0 d-flex flex-nowrap flex-md-wrap align-items-center\">\n                    <div class =\"  col-5 col-md-12   card-image justify-content-center\">\n                        <img loading=\"lazy\" decoding=\"async\" width=\"753\" height=\"502\" src=\"https:\/\/semmelweis.hu\/deutsch\/files\/2023\/01\/RS13426_KA-20120917-IMG_5123-scr.jpg\" class=\"landscape wp-post-image\" alt=\"\" srcset=\"https:\/\/semmelweis.hu\/deutsch\/files\/2023\/01\/RS13426_KA-20120917-IMG_5123-scr.jpg 950w, https:\/\/semmelweis.hu\/deutsch\/files\/2023\/01\/RS13426_KA-20120917-IMG_5123-scr-400x267.jpg 400w, https:\/\/semmelweis.hu\/deutsch\/files\/2023\/01\/RS13426_KA-20120917-IMG_5123-scr-768x512.jpg 768w, https:\/\/semmelweis.hu\/deutsch\/files\/2023\/01\/RS13426_KA-20120917-IMG_5123-scr-753x502.jpg 753w, https:\/\/semmelweis.hu\/deutsch\/files\/2023\/01\/RS13426_KA-20120917-IMG_5123-scr-203x135.jpg 203w\" sizes=\"auto, (max-width: 753px) 100vw, 753px\" \/>\n                    <\/div>\n                    <div class=\"card-body  col flex-column  col-md-12 p-0\">\n                        <div class=\"line-clamp-box p-3\">\n                            <h5 class=\"ml-0 ml-sm-1 mt-2 align-items-center\"  >Zahnmedizin<\/h5>\n                        <\/div>\n                            <div class= \"line-clamp-box excerpt m-0 p-2 pl-3\">\n        <section>\n            Diplom mit hohem Marktwert. Studiendauer: 5 Jahre,  Titel: \u201edr. med. dent.\u201c\n        <\/section>\n    <\/div>\n                    <\/div>\n                <\/div>\n\n            <\/div>\n        <\/a>\n    <\/div>    <div class =\"col  mb-2 card-wrapper\">\n        <a class=\"d-flex flex-fill card-link-warapper m-md-1\" href=\"https:\/\/semmelweis.hu\/deutsch\/studiengange\/pharmazie\/\">\n            <div class=\"card border border-secondary se-border flex-fill\">\n                <div class=\"row no-gutters mx-0 d-flex flex-nowrap flex-md-wrap align-items-center\">\n                    <div class =\"  col-5 col-md-12   card-image justify-content-center\">\n                        <img loading=\"lazy\" decoding=\"async\" width=\"753\" height=\"502\" src=\"https:\/\/semmelweis.hu\/deutsch\/files\/2023\/01\/RS58922_AG_20170228_1090-scr.jpg\" class=\"landscape wp-post-image\" alt=\"\" srcset=\"https:\/\/semmelweis.hu\/deutsch\/files\/2023\/01\/RS58922_AG_20170228_1090-scr.jpg 950w, https:\/\/semmelweis.hu\/deutsch\/files\/2023\/01\/RS58922_AG_20170228_1090-scr-400x267.jpg 400w, https:\/\/semmelweis.hu\/deutsch\/files\/2023\/01\/RS58922_AG_20170228_1090-scr-768x512.jpg 768w, https:\/\/semmelweis.hu\/deutsch\/files\/2023\/01\/RS58922_AG_20170228_1090-scr-753x502.jpg 753w, https:\/\/semmelweis.hu\/deutsch\/files\/2023\/01\/RS58922_AG_20170228_1090-scr-203x135.jpg 203w\" sizes=\"auto, (max-width: 753px) 100vw, 753px\" \/>\n                    <\/div>\n                    <div class=\"card-body  col flex-column  col-md-12 p-0\">\n                        <div class=\"line-clamp-box p-3\">\n                            <h5 class=\"ml-0 ml-sm-1 mt-2 align-items-center\"  >Pharmazie<\/h5>\n                        <\/div>\n                            <div class= \"line-clamp-box excerpt m-0 p-2 pl-3\">\n        <section>\n            Unterricht in kleinen Gruppen. Studiendauer: 5 Jahre, Titel: \u201edr. pharm.\u201c\n        <\/section>\n    <\/div>\n                    <\/div>\n                <\/div>\n\n            <\/div>\n        <\/a>\n    <\/div>        <\/div>\n    <\/section><\/span><\/div>\n<div class=\"container\">\u00a0<\/div>\n<div>\n<div id=\"infolinks-container\" class=\"container pt-2 mt-1 mb-0\">\n<div class=\"section-row row mt-2 mb-4 mr-0\">\n<div class=\"col-md-auto section-title\">\n<h2>Lerne die Semmelweis-Universit\u00e4t kennen<\/h2>\n<\/div>\n<\/div>\n<div class=\"row card mt-2 mb-2 flex-row\">\n<div class=\"col-md-6 col-12 px-normal pr-md-0 mb-3\">\n<div class=\"row mr-1\">\n<div class=\"col-lg-11 col-10 card-body col-header-pale px-1 pt-3\">\n<h5 style=\"padding-left: 20px;\"><a href=\"https:\/\/semmelweis.hu\/deutsch\/semmelweis-universitaet\/\" target=\"_blank\" rel=\"noopener\">\u00dcber die Semmelweis Universit\u00e4t\u00a0<i class=\"fa fa-long-arrow-right\" aria-hidden=\"true\"><\/i><\/a><\/h5>\n<div class=\"card-text\" style=\"padding-left: 20px;\">Aufbauend auf ihrer mehr als 250-j\u00e4hrigen Tradition bietet die Semmelweis-Universit\u00e4t eine innovative und anspruchsvolle Ausbildung.<\/div>\n<\/div>\n<\/div>\n<\/div>\n<div class=\"col-md-6 col-12 px-normal pr-md-0 mb-3\">\n<div class=\"row mr-1\">\n<div class=\"col-lg-11 col-10 card-body col-header-pale px-1 pt-3\">\n<h5 style=\"padding-left: 20px;\"><a href=\"https:\/\/semmelweis.hu\/deutsch\/semmelweis-universitaet\/zahlen-und-fakten\/\" target=\"_blank\" rel=\"noopener\">Semmelweis in den Rankings\u00a0<i class=\"fa fa-long-arrow-right\" aria-hidden=\"true\"><\/i><\/a><\/h5>\n<div class=\"card-text\" style=\"padding-left: 20px;\">Die Semmelweis-Universit\u00e4t ist eine der bedeutendsten englisch- und deutschsprachigen medizinischen Hochschulen Europas.<\/div>\n<\/div>\n<\/div>\n<\/div>\n<div class=\"col-md-6 col-12 px-normal pr-md-0 mb-3\">\n<div class=\"row mr-1\">\n<div class=\"col-lg-11 col-10 card-body col-header-pale px-1 pt-3\">\n<h5 style=\"padding-left: 20px;\"><a href=\"https:\/\/semmelweis.hu\/deutsch\/semmelweis-universitaet\/zahlen-und-fakten\/\" target=\"_blank\" rel=\"noopener\">Zahlen &amp; Fakten\u00a0<i class=\"fa fa-long-arrow-right\" aria-hidden=\"true\"><\/i><\/a><\/h5>\n<div class=\"card-text\" style=\"padding-left: 20px;\">Die Semmelweis-Universit\u00e4t in Zahlen.<\/div>\n<\/div>\n<\/div>\n<\/div>\n<div class=\"col-md-6 col-12 px-normal pr-md-0 mb-3\">\n<div class=\"row mr-1\">\n<div class=\"col-lg-11 col-10 card-body col-header-pale px-1 pt-3\">\n<h5 style=\"padding-left: 20px;\"><a href=\"https:\/\/semmelweis.hu\/deutsch\/studium\/stipendien\/\" target=\"_blank\" rel=\"noopener\">Stipendien\u00a0<i class=\"fa fa-long-arrow-right\" aria-hidden=\"true\"><\/i><\/a><\/h5>\n<div class=\"card-text\" style=\"padding-left: 20px;\">Stipendien und F\u00f6rderm\u00f6glichkeiten.<\/div>\n<\/div>\n<\/div>\n<\/div>\n<\/div>\n<\/div>\n<script type=\"text\/javascript\" src=\"https:\/\/semmelweis.hu\/deutsch\/wp-content\/themes\/se18\/dist\/scripts\/carousel.js\"><\/script>    <section class=\"post-cards shortcode-wrapper\">\r\n        <div id=\"news-container\" class=\" d-none d-sm-flex flex-column  full-width-post-cards-shortcode-card news-container-for-card-code\" style=\"\">\r\n            \r\n            <div class=\"row card-row my-2 pt-3 pb-0 mx-0 w-100 \">\r\n               \r\n                \ufeff\r\n    <div class=\"card-format col col-12 col-md-4 col-lg-4 pl-1 pl-md-0 pr-1 pr-md-2 mb-2\">\r\n        <a class=\"d-block w-100\"  href=\"https:\/\/semmelweis.hu\/deutsch\/studentenleben\/unterkunft\/\">\r\n      <!--  <a class=\"d-block w-100\" target=\"_blank\" href=\" \"> -->\r\n            <div class=\"card\">\r\n                                    <div class=\"card-image img-fluid \">\r\n                         \r\n                        <img loading=\"lazy\" decoding=\"async\" width=\"753\" height=\"502\" src=\"https:\/\/semmelweis.hu\/deutsch\/files\/2023\/01\/106020_transform-768x512.jpg\" class=\"landscape wp-post-image\" alt=\"\" srcset=\"https:\/\/semmelweis.hu\/deutsch\/files\/2023\/01\/106020_transform-768x512.jpg 768w, https:\/\/semmelweis.hu\/deutsch\/files\/2023\/01\/106020_transform-400x267.jpg 400w, https:\/\/semmelweis.hu\/deutsch\/files\/2023\/01\/106020_transform-753x502.jpg 753w, https:\/\/semmelweis.hu\/deutsch\/files\/2023\/01\/106020_transform-203x135.jpg 203w, https:\/\/semmelweis.hu\/deutsch\/files\/2023\/01\/106020_transform.jpg 950w\" sizes=\"auto, (max-width: 753px) 100vw, 753px\" \/>                    <\/div>\r\n                \r\n                <div class=\"card-body\">\r\n                    <div class=\"card-date text-uppercase  d-none  \">\r\n                                                    <h5><span class=\"font-weight-normal\">2023. <\/span>Februar 12.<\/h5>\r\n                                            <\/div>\r\n                    <div class=\"card-title\">\r\n                        <h3 class=\"mt-2 entry-title\">Wohnen w\u00e4hrend des Studiums<\/h3>\r\n                    <\/div>\r\n                    <style>\r\n                        .card-text-inside{\r\n                                                 display: -webkit-box;\r\n                    -webkit-line-clamp: 4;\r\n                    -webkit-box-orient: vertical;\r\n                     overflow:hidden;\r\n                     text-overflow: ellipsis;\r\n                        }\r\n                        <\/style>\r\n                                    <\/div>\r\n            <\/div>\r\n        <\/a>\r\n    <\/div>\r\n\r\n\r\n\ufeff\r\n    <div class=\"card-format col col-12 col-md-4 col-lg-4 pl-1 pl-md-0 pr-1 pr-md-2 mb-2\">\r\n        <a class=\"d-block w-100\"  href=\"https:\/\/semmelweis.hu\/deutsch\/studentenleben\/budapest-entdecken\/\">\r\n      <!--  <a class=\"d-block w-100\" target=\"_blank\" href=\" \"> -->\r\n            <div class=\"card\">\r\n                                    <div class=\"card-image img-fluid \">\r\n                         \r\n                        <img loading=\"lazy\" decoding=\"async\" width=\"753\" height=\"502\" src=\"https:\/\/semmelweis.hu\/deutsch\/files\/2023\/01\/RS158574_3P1A1199-Edit-scr-768x512.jpg\" class=\"landscape wp-post-image\" alt=\"\" srcset=\"https:\/\/semmelweis.hu\/deutsch\/files\/2023\/01\/RS158574_3P1A1199-Edit-scr-768x512.jpg 768w, https:\/\/semmelweis.hu\/deutsch\/files\/2023\/01\/RS158574_3P1A1199-Edit-scr-400x267.jpg 400w, https:\/\/semmelweis.hu\/deutsch\/files\/2023\/01\/RS158574_3P1A1199-Edit-scr-1024x683.jpg 1024w, https:\/\/semmelweis.hu\/deutsch\/files\/2023\/01\/RS158574_3P1A1199-Edit-scr-753x502.jpg 753w, https:\/\/semmelweis.hu\/deutsch\/files\/2023\/01\/RS158574_3P1A1199-Edit-scr-203x135.jpg 203w, https:\/\/semmelweis.hu\/deutsch\/files\/2023\/01\/RS158574_3P1A1199-Edit-scr.jpg 1200w\" sizes=\"auto, (max-width: 753px) 100vw, 753px\" \/>                    <\/div>\r\n                \r\n                <div class=\"card-body\">\r\n                    <div class=\"card-date text-uppercase  d-none  \">\r\n                                                    <h5><span class=\"font-weight-normal\">2023. <\/span>Februar 11.<\/h5>\r\n                                            <\/div>\r\n                    <div class=\"card-title\">\r\n                        <h3 class=\"mt-2 entry-title\">Budapest entdecken<\/h3>\r\n                    <\/div>\r\n                    <style>\r\n                        .card-text-inside{\r\n                                                 display: -webkit-box;\r\n                    -webkit-line-clamp: 4;\r\n                    -webkit-box-orient: vertical;\r\n                     overflow:hidden;\r\n                     text-overflow: ellipsis;\r\n                        }\r\n                        <\/style>\r\n                                    <\/div>\r\n            <\/div>\r\n        <\/a>\r\n    <\/div>\r\n\r\n\r\n\ufeff\r\n    <div class=\"card-format col col-12 col-md-4 col-lg-4 pl-1 pl-md-0 pr-1 pr-md-2 mb-2\">\r\n        <a class=\"d-block w-100\"  href=\"https:\/\/semmelweis.hu\/deutsch\/bewerbung\/6-grunde-warum-semmelweis-universitat\/\">\r\n      <!--  <a class=\"d-block w-100\" target=\"_blank\" href=\" \"> -->\r\n            <div class=\"card\">\r\n                                    <div class=\"card-image img-fluid \">\r\n                         \r\n                        <img loading=\"lazy\" decoding=\"async\" width=\"753\" height=\"502\" src=\"https:\/\/semmelweis.hu\/deutsch\/files\/2019\/09\/RS100142_ADZ_20190906_0402-scr-768x512.jpg\" class=\"landscape wp-post-image\" alt=\"\" srcset=\"https:\/\/semmelweis.hu\/deutsch\/files\/2019\/09\/RS100142_ADZ_20190906_0402-scr-768x512.jpg 768w, https:\/\/semmelweis.hu\/deutsch\/files\/2019\/09\/RS100142_ADZ_20190906_0402-scr-300x200.jpg 300w, https:\/\/semmelweis.hu\/deutsch\/files\/2019\/09\/RS100142_ADZ_20190906_0402-scr-753x502.jpg 753w, https:\/\/semmelweis.hu\/deutsch\/files\/2019\/09\/RS100142_ADZ_20190906_0402-scr-203x135.jpg 203w, https:\/\/semmelweis.hu\/deutsch\/files\/2019\/09\/RS100142_ADZ_20190906_0402-scr.jpg 950w\" sizes=\"auto, (max-width: 753px) 100vw, 753px\" \/>                    <\/div>\r\n                \r\n                <div class=\"card-body\">\r\n                    <div class=\"card-date text-uppercase  d-none  \">\r\n                                                    <h5><span class=\"font-weight-normal\">2021. <\/span>Juni 1.<\/h5>\r\n                                            <\/div>\r\n                    <div class=\"card-title\">\r\n                        <h3 class=\"mt-2 entry-title\">6 Gr\u00fcnde, warum die Semmelweis Universit\u00e4t die richtige Wahl sein kann<\/h3>\r\n                    <\/div>\r\n                    <style>\r\n                        .card-text-inside{\r\n                                                 display: -webkit-box;\r\n                    -webkit-line-clamp: 4;\r\n                    -webkit-box-orient: vertical;\r\n                     overflow:hidden;\r\n                     text-overflow: ellipsis;\r\n                        }\r\n                        <\/style>\r\n                                    <\/div>\r\n            <\/div>\r\n        <\/a>\r\n    <\/div>\r\n\r\n\r\n                \r\n            <\/div>\r\n        <\/div>\r\n\r\n                        <div class=\"post-slide-hirek row px-0\">\r\n            <style>\r\n                .post-slide-hirek .owl-nav button {\r\n                    margin: 0px !important;\r\n                    height: 100% !important;\r\n                }\r\n\r\n                .card-custom-title {\r\n                    font-size: 17px;\r\n                    line-height: 23px;\r\n                    overflow: hidden;\r\n                    text-overflow: ellipsis;\r\n                    display: -webkit-box;\r\n                    -webkit-line-clamp: 3;\r\n                    -webkit-box-orient: vertical;\r\n                    min-height: 72px;\r\n                }\r\n\r\n                .card-custom-max-h {\r\n                    max-height: 235px !important;\r\n                    object-fit: cover;\r\n                }\r\n\r\n                .post-slide-hirek .owl-item .card-img img {\r\n                    opacity: 1 !important;\r\n                    aspect-ratio: 3\/ 2;\r\n\r\n                }\r\n                .card:has(.card-date:not(.d-none)):not(:has(img)) {\r\n                    margin-top: 20px;\r\n                }\r\n            <\/style>\r\n                            <div class=\"owl-carousel col-12 px-0 mt-2 mb-4 md-md-0 d-sm-none\">\r\n                                            <a class=\"item-1\" href=\"https:\/\/semmelweis.hu\/deutsch\/studentenleben\/unterkunft\/\">\r\n\r\n                            <div class=\"card-img \">\r\n                                <img loading=\"lazy\" decoding=\"async\" width=\"560\" height=\"373\" src=\"https:\/\/semmelweis.hu\/deutsch\/files\/2023\/01\/106020_transform.jpg\" class=\"d-block card-custom-max-h  img-fluid n-1 wp-post-image\" alt=\"\" srcset=\"https:\/\/semmelweis.hu\/deutsch\/files\/2023\/01\/106020_transform.jpg 950w, https:\/\/semmelweis.hu\/deutsch\/files\/2023\/01\/106020_transform-400x267.jpg 400w, https:\/\/semmelweis.hu\/deutsch\/files\/2023\/01\/106020_transform-768x512.jpg 768w, https:\/\/semmelweis.hu\/deutsch\/files\/2023\/01\/106020_transform-753x502.jpg 753w, https:\/\/semmelweis.hu\/deutsch\/files\/2023\/01\/106020_transform-203x135.jpg 203w\" sizes=\"auto, (max-width: 560px) 100vw, 560px\" \/>                            <\/div>\r\n                            <div class=\"card-title mb-1\">\r\n                                <h3 class=\"mt-0 pt-1 mb-0 px-2 card-custom-title d-flex align-items-center d-md-block\">\r\n                                    <span class=\"entry-title pt-0 pt-md-1\">Wohnen w\u00e4hrend des Studiums                                <\/h3>\r\n                            <\/div>\r\n                            \r\n\r\n                        <\/a>\r\n                                            <a class=\"item-2\" href=\"https:\/\/semmelweis.hu\/deutsch\/studentenleben\/budapest-entdecken\/\">\r\n\r\n                            <div class=\"card-img \">\r\n                                <img loading=\"lazy\" decoding=\"async\" width=\"560\" height=\"373\" src=\"https:\/\/semmelweis.hu\/deutsch\/files\/2023\/01\/RS158574_3P1A1199-Edit-scr.jpg\" class=\"d-block card-custom-max-h  img-fluid n-2 wp-post-image\" alt=\"\" srcset=\"https:\/\/semmelweis.hu\/deutsch\/files\/2023\/01\/RS158574_3P1A1199-Edit-scr.jpg 1200w, https:\/\/semmelweis.hu\/deutsch\/files\/2023\/01\/RS158574_3P1A1199-Edit-scr-400x267.jpg 400w, https:\/\/semmelweis.hu\/deutsch\/files\/2023\/01\/RS158574_3P1A1199-Edit-scr-1024x683.jpg 1024w, https:\/\/semmelweis.hu\/deutsch\/files\/2023\/01\/RS158574_3P1A1199-Edit-scr-768x512.jpg 768w, https:\/\/semmelweis.hu\/deutsch\/files\/2023\/01\/RS158574_3P1A1199-Edit-scr-753x502.jpg 753w, https:\/\/semmelweis.hu\/deutsch\/files\/2023\/01\/RS158574_3P1A1199-Edit-scr-203x135.jpg 203w\" sizes=\"auto, (max-width: 560px) 100vw, 560px\" \/>                            <\/div>\r\n                            <div class=\"card-title mb-1\">\r\n                                <h3 class=\"mt-0 pt-1 mb-0 px-2 card-custom-title d-flex align-items-center d-md-block\">\r\n                                    <span class=\"entry-title pt-0 pt-md-1\">Budapest entdecken                                <\/h3>\r\n                            <\/div>\r\n                            \r\n\r\n                        <\/a>\r\n                                            <a class=\"item-3\" href=\"https:\/\/semmelweis.hu\/deutsch\/bewerbung\/6-grunde-warum-semmelweis-universitat\/\">\r\n\r\n                            <div class=\"card-img \">\r\n                                <img loading=\"lazy\" decoding=\"async\" width=\"560\" height=\"373\" src=\"https:\/\/semmelweis.hu\/deutsch\/files\/2019\/09\/RS100142_ADZ_20190906_0402-scr.jpg\" class=\"d-block card-custom-max-h  img-fluid n-3 wp-post-image\" alt=\"\" srcset=\"https:\/\/semmelweis.hu\/deutsch\/files\/2019\/09\/RS100142_ADZ_20190906_0402-scr.jpg 950w, https:\/\/semmelweis.hu\/deutsch\/files\/2019\/09\/RS100142_ADZ_20190906_0402-scr-300x200.jpg 300w, https:\/\/semmelweis.hu\/deutsch\/files\/2019\/09\/RS100142_ADZ_20190906_0402-scr-768x512.jpg 768w, https:\/\/semmelweis.hu\/deutsch\/files\/2019\/09\/RS100142_ADZ_20190906_0402-scr-753x502.jpg 753w, https:\/\/semmelweis.hu\/deutsch\/files\/2019\/09\/RS100142_ADZ_20190906_0402-scr-203x135.jpg 203w\" sizes=\"auto, (max-width: 560px) 100vw, 560px\" \/>                            <\/div>\r\n                            <div class=\"card-title mb-1\">\r\n                                <h3 class=\"mt-0 pt-1 mb-0 px-2 card-custom-title d-flex align-items-center d-md-block\">\r\n                                    <span class=\"entry-title pt-0 pt-md-1\">6 Gr\u00fcnde, warum die Semmelweis Universit\u00e4t die richtige Wahl sein kann                                <\/h3>\r\n                            <\/div>\r\n                            \r\n\r\n                        <\/a>\r\n                                    <\/div>\r\n\r\n                    \r\n        <\/div><!-- owl-carousel -->\r\n    <\/section>\r\n\r\n\n<div id=\"myModal\" class=\"modal fade single-modal-csekk\" tabindex=\"-1\" role=\"dialog\" \r\n     aria-labelledby=\"myModalLabel\" aria-hidden=\"true\">\r\n    <div class=\"modal-dialog\">\r\n        <div class=\"modal-content\">\r\n            <div class=\"modal-body\">\r\n                <button type=\"button\" class=\"close\" data-dismiss=\"modal\" aria-label=\"Close\" aria-hidden=\"true\">&times;<\/button>\r\n                <div class=\"modal-video\">\r\n                    <div class=\"embed-responsive embed-responsive-16by9\">\r\n                        <iframe sandbox=\"allow-scripts allow-same-origin allow-presentation\" id=\"ytplayer\" class=\"embed-responsive-item\" frameborder=\"0\" allow=\"encrypted-media;autoplay\" allowfullscreen><\/iframe>\r\n                    <\/div>\r\n                <\/div>\r\n            <\/div>\r\n        <\/div>\r\n    <\/div>\r\n<\/div>\r\n\r\n<script>\r\n    jQuery(document).ready(function(){\r\n        jQuery('.modal-backdrop').click(function () {\r\n            jQuery('#myModal').modal('hide');\r\n        });\r\n        \/\/ONLY ALLOW ONE MODAL WITH THIS ID!\r\n        $('#myModal').each(function (i) {\r\n                $('[id=\"' + this.id + '\"]').slice(1).remove();\r\n        });\r\n    });\r\n    jQuery('#myModal').on('hidden.bs.modal', function (e) {\r\n        jQuery('#myModal iframe').removeAttr('src');            \r\n    });\r\n\r\n<\/script>\r\n\r\n<style>\n        #yt-gallery-adm .side img {\n        aspect-ratio: 16 \/9;\n    }\n    \n    <\/style>\n    <div class=\"container fac fac-yt mb-em1   px-0 \">\n    <div class=\"yt-gallery  section  px-normal mt-2  \" id=\"yt-gallery-adm\" style=\"background-color: #1C315A \">\n        <div class=\"section-row row my-2 pr-normal\">\n            <div class=\"col-8 col-md-auto section-title\" style=\"background-color: #ffffff; color: #1C315A\">\n                <h2>\u00dcber uns<\/h2>\n            <\/div>\n            <div class=\"col section-divider px-0 mx-2\" style=\"border-bottom-color: #ffffff\"><\/div>\n\n            <div class=\"col col-md-auto d-none d-md-flex section-link text-uppercase pl-0 pr-0 mr-0\">\n                <h5 class=\"m-0  d-none  \" style=\"color: #ffffff;position: relative;right: -1.5vw;   \">\n                    <a href=\"\">Mehr Videos<\/a>\n                <\/h5>\n            <\/div>\n        <\/div>\n\n        <div class=\"row mx-0 mt-2 \">\n            <div class=\"card col-12 col-lg-8 pl-0 pr-0 pr-md-3 mb-2 mb-md-0\">\n                <div class=\"card-img\">\n                    <a class=\"videolink\" href=\"https:\/\/www.youtube.com\/watch?v=-AjGuVc5_F8\" data-src=\"https:\/\/www.youtube.com\/embed\/-AjGuVc5_F8?modestbranding=1&rel=0&controls=1&showinfo=0&html5=1&autoplay=1\">\n                        <img decoding=\"async\" class=\"img-fluid skip-lazy\" src=\"https:\/\/i.ytimg.com\/vi\/-AjGuVc5_F8\/maxresdefault.jpg\" \/>\n                    <\/a>\n                    <div class=\"card-body\">\n                        <h3 class=\"card-title\">Semmelweis Universit\u00e4t \u2013 Mehr als 250 Jahre im Dienst der Gesundheit<\/h3>\n                    <\/div>\n                <\/div>\n            <\/div>\n            <div class=\"col-12 col-lg-4 pl-0 pr-0 pr-md-3\">\n                <div class=\"row mx-0\">\n                                            <div class=\"card col-12 pb-2 pl-0 pr-0 side\">\n                            <div class=\"card-img\">\n                                <a class=\"videolink small-size\" href=\"https:\/\/www.youtube.com\/watch?v=akw4dj4W8Mc\" data-src=\"https:\/\/www.youtube.com\/embed\/akw4dj4W8Mc?modestbranding=1&rel=0&controls=1&showinfo=0&html5=1&autoplay=1\">\n                                    <img decoding=\"async\" class=\"img-fluid\" src=\"https:\/\/i.ytimg.com\/vi\/akw4dj4W8Mc\/hqdefault.jpg\" \/>\n                                <\/a>\n                                <div class=\"card-body\">\n                                    <h5 class=\"card-title\">MEDIZINISCHE FAKULT\u00c4T | Semmelweis Universit\u00e4t<\/h5>\n                                <\/div>\n                            <\/div>\n                        <\/div>\n                                            <div class=\"card col-12 pb-2 pl-0 pr-0 side\">\n                            <div class=\"card-img\">\n                                <a class=\"videolink small-size\" href=\"https:\/\/www.youtube.com\/watch?v=HF00umFIwXQ\" data-src=\"https:\/\/www.youtube.com\/embed\/HF00umFIwXQ?modestbranding=1&rel=0&controls=1&showinfo=0&html5=1&autoplay=1\">\n                                    <img decoding=\"async\" class=\"img-fluid\" src=\"https:\/\/i.ytimg.com\/vi\/HF00umFIwXQ\/hqdefault.jpg\" \/>\n                                <\/a>\n                                <div class=\"card-body\">\n                                    <h5 class=\"card-title\">250 Jahre EXZELLENZ in medizinischer Lehre, Forschung & Innovation und Krankenversorgung<\/h5>\n                                <\/div>\n                            <\/div>\n                        <\/div>\n                                    <\/div>\n            <\/div>\n        <\/div>\n        <div class=\"row mx-0 mt-2 mb-4 d-none \">\n                    <\/div>\n        <div class=\"row section-row mx-0 mt-2 mb-4\">\n            <div class=\"col col-md-auto d-md-none float-left section-link text-uppercase pl-0 pr-0\">\n                <h5 class=\"m-0  d-none  \" style=\"color: #ffffff;position: relative;right: -1.5vw;   \">\n                    <a href=\"\">Mehr Videos<\/a>\n                <\/h5>\n            <\/div>\n        <\/div>\n\n    <\/div>\n\n    <script type=\"text\/javascript\">\n        \/\/Set image sizes\n        jQuery(function($) {\n            \/\/setImageHeightAdm();\n        });\n\n        function setImageHeightAdm() {\n            jQuery(\"#yt-gallery-adm img\").each(function() {\n                var w = parseInt(jQuery(this).css(\"width\"));\n                jQuery(this).css(\"height\", w \/ 16 * 9);\n            });\n        }\n        jQuery(window).resize(function() {\n            \/\/setImageHeightAdm();\n        });\n    <\/script>\n\n<\/div>\n<p>&nbsp;<\/p>\n<\/div>\n<div class=\"container\">\u00a0<\/div>\n","protected":false},"excerpt":{"rendered":"<p><a href=\"https:\/\/semmelweis.hu\/deutsch\/files\/2023\/01\/RS44268_KA-20160202-IMG_3877-scr.jpg\"><\/a> Erstklassige ausbildung mit 250-j\u00e4hriger tradition Die Semmelweis Universit\u00e4t ist die \u00e4lteste medizinische Universit\u00e4t Ungarns mit 250 Jahren Erfahrung im Bereich der biomedizinischen Wissenschaften und in der Ausbildung von \u00c4rzten, Zahn\u00e4rzten und Pharmazeuten. Heutzutage haben die Studierenden dieser traditionsreichen Universit\u00e4t die M\u00f6glichkeit, in einem inspirierenden, mit modernsten technischen Ger\u00e4ten ausgestatteten Umfeld von den renommiertesten Professorinnen und &hellip;<\/p>\n","protected":false},"author":12,"featured_media":0,"parent":1941,"menu_order":99,"comment_status":"closed","ping_status":"closed","template":"template-fullwidth.php","meta":{"_acf_changed":false,"footnotes":""},"categories":[],"tags":[],"class_list":["post-40055","page","type-page","status-publish","hentry"],"acf":[],"_links":{"self":[{"href":"https:\/\/semmelweis.hu\/deutsch\/wp-json\/wp\/v2\/pages\/40055","targetHints":{"allow":["GET"]}}],"collection":[{"href":"https:\/\/semmelweis.hu\/deutsch\/wp-json\/wp\/v2\/pages"}],"about":[{"href":"https:\/\/semmelweis.hu\/deutsch\/wp-json\/wp\/v2\/types\/page"}],"author":[{"embeddable":true,"href":"https:\/\/semmelweis.hu\/deutsch\/wp-json\/wp\/v2\/users\/12"}],"replies":[{"embeddable":true,"href":"https:\/\/semmelweis.hu\/deutsch\/wp-json\/wp\/v2\/comments?post=40055"}],"version-history":[{"count":10,"href":"https:\/\/semmelweis.hu\/deutsch\/wp-json\/wp\/v2\/pages\/40055\/revisions"}],"predecessor-version":[{"id":40096,"href":"https:\/\/semmelweis.hu\/deutsch\/wp-json\/wp\/v2\/pages\/40055\/revisions\/40096"}],"up":[{"embeddable":true,"href":"https:\/\/semmelweis.hu\/deutsch\/wp-json\/wp\/v2\/pages\/1941"}],"wp:attachment":[{"href":"https:\/\/semmelweis.hu\/deutsch\/wp-json\/wp\/v2\/media?parent=40055"}],"wp:term":[{"taxonomy":"category","embeddable":true,"href":"https:\/\/semmelweis.hu\/deutsch\/wp-json\/wp\/v2\/categories?post=40055"},{"taxonomy":"post_tag","embeddable":true,"href":"https:\/\/semmelweis.hu\/deutsch\/wp-json\/wp\/v2\/tags?post=40055"}],"curies":[{"name":"wp","href":"https:\/\/api.w.org\/{rel}","templated":true}]}}