{"id":1709,"date":"2025-11-27T11:00:10","date_gmt":"2025-11-27T10:00:10","guid":{"rendered":"https:\/\/semmelweis.hu\/cadavercourse\/?page_id=1709"},"modified":"2025-11-30T11:20:01","modified_gmt":"2025-11-30T10:20:01","slug":"dr-pech-klaudia","status":"publish","type":"page","link":"https:\/\/semmelweis.hu\/cadavercourse\/oktatok\/dr-pech-klaudia\/","title":{"rendered":"Dr. P\u00e9ch Klaudia"},"content":{"rendered":"<p class=\"p1\"><span style=\"font-family: Montserrat\"><img loading=\"lazy\" decoding=\"async\" class=\"size-medium wp-image-1219 alignright\" src=\"https:\/\/semmelweis.hu\/cadavercourse\/files\/2025\/10\/476957412_941473811427080_733004134687681438_n-1-322x400.jpg\" alt=\"\" width=\"322\" height=\"400\" srcset=\"https:\/\/semmelweis.hu\/cadavercourse\/files\/2025\/10\/476957412_941473811427080_733004134687681438_n-1-322x400.jpg 322w, https:\/\/semmelweis.hu\/cadavercourse\/files\/2025\/10\/476957412_941473811427080_733004134687681438_n-1.jpg 480w\" sizes=\"auto, (max-width: 322px) 100vw, 322px\" \/>P\u00e9ch Klaudia 1999-ben sz\u00fcletett Gy\u0151rben, \u00e1ltal\u00e1nos orvosi diplom\u00e1j\u00e1t 2024-ben szerezte meg.<\/span><\/p>\n<p class=\"p1\"><span style=\"font-family: Montserrat\">M\u00e1r hallgat\u00f3k\u00e9nt is \u00e9l\u00e9nk \u00e9rdekl\u0151d\u00e9ssel vett r\u00e9szt az Anat\u00f3miai, Sz\u00f6vet- \u00e9s Fejl\u0151d\u00e9stani Int\u00e9zetben prepar\u00e1l\u00e1si TDK-munk\u00e1ban Dr. Ruttkay Tam\u00e1s adjunktus mentor\u00e1l\u00e1sa alatt.<\/span><\/p>\n<p class=\"p1\"><span style=\"font-family: Montserrat\">2024 szeptember\u00e9t\u0151l az Int\u00e9zet PhD-hallgat\u00f3ja \u00e9s tan\u00e1rseg\u00e9dje lett, kutat\u00e1si f\u00f3kusza a mellkasseb\u00e9szeti m\u0171t\u00e9ttechnika. Saj\u00e1t prepar\u00e1tumai seg\u00edts\u00e9g\u00e9vel ezen, \u00e9s m\u00e1s szakter\u00fcletek posztgradu\u00e1lis cadaveres kurzusain bekapcsol\u00f3dik a klinikai anat\u00f3mia oktat\u00e1s\u00e1ba. Gradu\u00e1lis szinten makroszk\u00f3pos \u00e9s mikroszk\u00f3pos anat\u00f3mi\u00e1t oktat magyar \u00e9s n\u00e9met nyelven, valamint prepar\u00e1l\u00e1si munk\u00e1t v\u00e1llal\u00f3 TDK hallgat\u00f3kat mentor\u00e1l.\u00a0<\/span><\/p>\n","protected":false},"excerpt":{"rendered":"<p>P\u00e9ch Klaudia 1999-ben sz\u00fcletett Gy\u0151rben, \u00e1ltal\u00e1nos orvosi diplom\u00e1j\u00e1t 2024-ben szerezte meg. M\u00e1r hallgat\u00f3k\u00e9nt is \u00e9l\u00e9nk \u00e9rdekl\u0151d\u00e9ssel vett r\u00e9szt az Anat\u00f3miai, Sz\u00f6vet- \u00e9s Fejl\u0151d\u00e9stani Int\u00e9zetben prepar\u00e1l\u00e1si TDK-munk\u00e1ban Dr. Ruttkay Tam\u00e1s adjunktus mentor\u00e1l\u00e1sa alatt. 2024 szeptember\u00e9t\u0151l az Int\u00e9zet PhD-hallgat\u00f3ja \u00e9s tan\u00e1rseg\u00e9dje lett, kutat\u00e1si f\u00f3kusza a mellkasseb\u00e9szeti m\u0171t\u00e9ttechnika. Saj\u00e1t prepar\u00e1tumai seg\u00edts\u00e9g\u00e9vel ezen, \u00e9s m\u00e1s szakter\u00fcletek posztgradu\u00e1lis cadaveres kurzusain &hellip;<\/p>\n","protected":false},"author":102572,"featured_media":1532,"parent":1747,"menu_order":0,"comment_status":"closed","ping_status":"closed","template":"template-fullwidth.php","meta":{"_acf_changed":false,"footnotes":""},"categories":[66,58],"tags":[],"class_list":["post-1709","page","type-page","status-publish","has-post-thumbnail","hentry","category-klinikai-anatomia-munkacsoport","category-mellkassebeszet"],"acf":[],"_links":{"self":[{"href":"https:\/\/semmelweis.hu\/cadavercourse\/wp-json\/wp\/v2\/pages\/1709","targetHints":{"allow":["GET"]}}],"collection":[{"href":"https:\/\/semmelweis.hu\/cadavercourse\/wp-json\/wp\/v2\/pages"}],"about":[{"href":"https:\/\/semmelweis.hu\/cadavercourse\/wp-json\/wp\/v2\/types\/page"}],"author":[{"embeddable":true,"href":"https:\/\/semmelweis.hu\/cadavercourse\/wp-json\/wp\/v2\/users\/102572"}],"replies":[{"embeddable":true,"href":"https:\/\/semmelweis.hu\/cadavercourse\/wp-json\/wp\/v2\/comments?post=1709"}],"version-history":[{"count":1,"href":"https:\/\/semmelweis.hu\/cadavercourse\/wp-json\/wp\/v2\/pages\/1709\/revisions"}],"predecessor-version":[{"id":1710,"href":"https:\/\/semmelweis.hu\/cadavercourse\/wp-json\/wp\/v2\/pages\/1709\/revisions\/1710"}],"up":[{"embeddable":true,"href":"https:\/\/semmelweis.hu\/cadavercourse\/wp-json\/wp\/v2\/pages\/1747"}],"wp:featuredmedia":[{"embeddable":true,"href":"https:\/\/semmelweis.hu\/cadavercourse\/wp-json\/wp\/v2\/media\/1532"}],"wp:attachment":[{"href":"https:\/\/semmelweis.hu\/cadavercourse\/wp-json\/wp\/v2\/media?parent=1709"}],"wp:term":[{"taxonomy":"category","embeddable":true,"href":"https:\/\/semmelweis.hu\/cadavercourse\/wp-json\/wp\/v2\/categories?post=1709"},{"taxonomy":"post_tag","embeddable":true,"href":"https:\/\/semmelweis.hu\/cadavercourse\/wp-json\/wp\/v2\/tags?post=1709"}],"curies":[{"name":"wp","href":"https:\/\/api.w.org\/{rel}","templated":true}]}}