{"id":11,"date":"2019-02-26T09:54:29","date_gmt":"2019-02-26T08:54:29","guid":{"rendered":"http:\/\/semmelweis.hu\/cadavercourse\/?page_id=11"},"modified":"2025-11-30T11:17:38","modified_gmt":"2025-11-30T10:17:38","slug":"magunkrol","status":"publish","type":"page","link":"https:\/\/semmelweis.hu\/cadavercourse\/magunkrol\/","title":{"rendered":"Magunkr\u00f3l"},"content":{"rendered":"<h2><span style=\"font-family: Montserrat\"><img loading=\"lazy\" decoding=\"async\" class=\"wp-image-875 alignright\" src=\"https:\/\/semmelweis.hu\/cadavercourse\/files\/2024\/01\/176112scr_wm_3680367cc35350c-400x267.jpg\" alt=\"\" width=\"500\" height=\"334\" srcset=\"https:\/\/semmelweis.hu\/cadavercourse\/files\/2024\/01\/176112scr_wm_3680367cc35350c-400x267.jpg 400w, https:\/\/semmelweis.hu\/cadavercourse\/files\/2024\/01\/176112scr_wm_3680367cc35350c-1024x683.jpg 1024w, https:\/\/semmelweis.hu\/cadavercourse\/files\/2024\/01\/176112scr_wm_3680367cc35350c-768x512.jpg 768w, https:\/\/semmelweis.hu\/cadavercourse\/files\/2024\/01\/176112scr_wm_3680367cc35350c-753x502.jpg 753w, https:\/\/semmelweis.hu\/cadavercourse\/files\/2024\/01\/176112scr_wm_3680367cc35350c-203x135.jpg 203w, https:\/\/semmelweis.hu\/cadavercourse\/files\/2024\/01\/176112scr_wm_3680367cc35350c.jpg 1200w\" sizes=\"auto, (max-width: 500px) 100vw, 500px\" \/>A Klinikai Anat\u00f3miai Munkacsoportr\u00f3l<\/span><\/h2>\n<p><span style=\"font-family: Montserrat\">Az <strong>Interdiszciplin\u00e1ris Kad\u00e1ver M\u0171t\u0151<\/strong> az Anat\u00f3miai, Sz\u00f6vet- \u00e9s Fejl\u0151d\u00e9stani Int\u00e9zet patin\u00e1s 125 \u00e9ves \u00e9p\u00fclet\u00e9ben m\u0171k\u00f6dik. Korszer\u0171, klinikai k\u00f6rnyezetet biztos\u00edt egyr\u00e9szt <strong>kad\u00e1veres orvosi szak- \u00e9s tov\u00e1bbk\u00e9pz\u00e9sekhez<\/strong>, m\u00e1sr\u00e9szt <strong>orvosi m\u0171szerfejleszt\u00e9si projektek<\/strong> tesztel\u00e9s\u00e9hez.<\/span><\/p>\n<p style=\"text-align: justify\"><span style=\"font-family: Montserrat\">Ez a kiv\u00e1l\u00f3an felszerelt munkater\u00fclet lehet\u0151v\u00e9 teszi orvosok, m\u0171t\u0151s csapatok \u00e9s fejleszt\u0151 m\u00e9rn\u00f6k\u00f6k sz\u00e1m\u00e1ra a beavatkoz\u00e1sok val\u00f3s emberi anat\u00f3miai viszonyok k\u00f6z\u00f6tt t\u00f6rt\u00e9n\u0151 hat\u00e9kony elv\u00e9gz\u00e9s\u00e9t.<\/span><\/p>\n<p style=\"text-align: justify\"><span style=\"font-family: Montserrat\">A Kad\u00e1ver M\u0171t\u0151ben \u00f6sszesen<strong> 10 kisebb vagy 5 nagy, m\u0171t\u0151asztal m\u00e9ret\u0171 munka\u00e1llom\u00e1s<\/strong> \u00e1ll rendelkez\u00e9sre, melyek modern \u00e9s k\u00e9nyelmes k\u00f6r\u00fclm\u00e9nyeket biztos\u00edtanak a seb\u00e9szeti beavatkoz\u00e1sok elv\u00e9gz\u00e9s\u00e9hez.<\/span><\/p>\n<p><span style=\"font-family: Montserrat\">Minden munka\u00e1llom\u00e1sunk m\u0171t\u0151l\u00e1mp\u00e1val van felszerelve, emellett az egyik \u00e1llom\u00e1sunk rendelkezik <strong>4K videokamera<\/strong> <strong>rendszer<\/strong>rel is. Ez a rendszer lehet\u0151v\u00e9 teszi a munkafolyamatok kivet\u00edt\u00e9s\u00e9t k\u00e9t nagym\u00e9ret\u0171 k\u00e9perny\u0151re. A <strong>felv\u00e9telek r\u00f6gz\u00edt\u00e9se<\/strong> is lehets\u00e9ges, tov\u00e1bb\u00e1 l<\/span><span style=\"font-family: Montserrat\">ehet\u0151s\u00e9g van prezent\u00e1ci\u00f3k, oktat\u00f3vide\u00f3k, endoszk\u00f3pos eszk\u00f6z\u00f6k \u00e9s ultrahangos berendez\u00e9sek k\u00e9peinek megjelen\u00edt\u00e9s\u00e9re is.<\/span><\/p>\n<blockquote>\n<p><span style=\"font-family: Montserrat\">Ez a rendk\u00edv\u00fcli sokoldal\u00fas\u00e1g lehet\u0151v\u00e9 teszi a r\u00e9sztvev\u0151k sz\u00e1m\u00e1ra, hogy r\u00e9szletesen megismerj\u00e9k \u00e9s meg\u00e9rts\u00e9k a k\u00fcl\u00f6nb\u00f6z\u0151 seb\u00e9szeti technik\u00e1kat \u00e9s vizsg\u00e1lati m\u00f3dszereket.<\/span><\/p>\n<\/blockquote>\n<p><span style=\"font-family: Montserrat\">Minden munka\u00e1llom\u00e1sn\u00e1l rendelkez\u00e9sre \u00e1ll egy <strong>k\u00f6zponti sz\u00edv\u00f3 rendszer<\/strong>, amely biztos\u00edt s\u0171r\u00edtett leveg\u0151t \u00e9s v\u00e1kuumot a m\u0171t\u00e9ti eszk\u00f6z\u00f6kh\u00f6z. A Kad\u00e1ver M\u0171t\u0151 tov\u00e1bbi fontos jellemz\u0151je az 1 mm vastag \u00f3lom egyen\u00e9rt\u00e9k\u0171 <strong>sug\u00e1rv\u00e9delem.<\/strong> A szem\u00e9lyi sug\u00e1rv\u00e9delmi eszk\u00f6z\u00f6kkel a r\u00e9sztvev\u0151k biztons\u00e1ga biztos\u00edtott a <strong>r\u00f6ntgen \u00e1tvil\u00e1g\u00edt\u00e1s<\/strong>t alkalmaz\u00f3 diagnosztikai \u00e9s ter\u00e1pi\u00e1s elj\u00e1r\u00e1sok alkalmaz\u00e1sakor.<\/span><\/p>\n<h2><span style=\"font-family: Montserrat\">Kad\u00e1ver kurzusok szervez\u00e9se<\/span><\/h2>\n<p><span style=\"font-family: Montserrat\"><img loading=\"lazy\" decoding=\"async\" class=\"wp-image-876 alignleft\" style=\"text-align: justify\" src=\"https:\/\/semmelweis.hu\/cadavercourse\/files\/2024\/01\/176122scr_wm_b2b4da9a334fb22-400x267.jpg\" alt=\"\" width=\"500\" height=\"333\" srcset=\"https:\/\/semmelweis.hu\/cadavercourse\/files\/2024\/01\/176122scr_wm_b2b4da9a334fb22-400x267.jpg 400w, https:\/\/semmelweis.hu\/cadavercourse\/files\/2024\/01\/176122scr_wm_b2b4da9a334fb22-1024x683.jpg 1024w, https:\/\/semmelweis.hu\/cadavercourse\/files\/2024\/01\/176122scr_wm_b2b4da9a334fb22-768x512.jpg 768w, https:\/\/semmelweis.hu\/cadavercourse\/files\/2024\/01\/176122scr_wm_b2b4da9a334fb22-753x502.jpg 753w, https:\/\/semmelweis.hu\/cadavercourse\/files\/2024\/01\/176122scr_wm_b2b4da9a334fb22-203x135.jpg 203w, https:\/\/semmelweis.hu\/cadavercourse\/files\/2024\/01\/176122scr_wm_b2b4da9a334fb22.jpg 1200w\" sizes=\"auto, (max-width: 500px) 100vw, 500px\" \/><\/span><\/p>\n<p><span style=\"font-family: Montserrat\">Fontosnak tartjuk, hogy minden manu\u00e1lis szakter\u00fcleten dolgoz\u00f3 orvoskoll\u00e9g\u00e1nak lehet\u0151s\u00e9ge legyen saj\u00e1t betegeinek kezel\u00e9s\u00e9t megel\u0151z\u0151en hum\u00e1n kad\u00e1veren, val\u00f3s anat\u00f3miai viszonyok melletti gyakorlati tapasztalatot szerezni. Mindehhez biztos\u00edtjuk az infrastruktur\u00e1lis \u00e9s <strong>klinikai anat\u00f3musi h\u00e1tteret<\/strong>, <strong>kurzusvezet\u0151ink<\/strong> pedig az <strong>adott klinikai szakter\u00fclet neves k\u00e9pvisel\u0151i<\/strong> k\u00f6z\u00fcl ker\u00fclnek ki.<\/span><\/p>\n<p><span style=\"font-family: Montserrat\">Az \u00e9l\u0151 sz\u00f6vetekhez hasonl\u00f3 sz\u00ednt \u00e9s konzisztenci\u00e1t biztos\u00edt\u00f3 <strong>speci\u00e1lis tart\u00f3s\u00edt\u00e1si elj\u00e1r\u00e1sok<\/strong> seg\u00edts\u00e9g\u00e9vel kurzusaink r\u00e9sztvev\u0151i re\u00e1lis seb\u00e9szi anat\u00f3miai viszonyok k\u00f6z\u00f6tt dolgozhatnak. A<strong> l\u00e1gy fix\u00e1l\u00e1si elj\u00e1r\u00e1sok<\/strong> k\u00f6z\u00fcl mindig igyeksz\u00fcnk az adott szakter\u00fclet ig\u00e9nyeihez legjobban megfelel\u0151t kiv\u00e1lasztani. <\/span><span style=\"font-family: Montserrat\">Sz\u00e1mos modellt dolgoztunk ki val\u00f3s \u00e1llapotok (pl. <strong>dobog\u00f3 sz\u00edv<\/strong>), illetve betegs\u00e9gek (pl. <strong>tumorok<\/strong>) <strong>szimul\u00e1l\u00e1s\u00e1ra<\/strong>, melyek az egyre b\u0151v\u00fcl\u0151 k\u00edn\u00e1latunk r\u00e9sz\u00e9t k\u00e9pezik. A vegyszeres tart\u00f3s\u00edt\u00e1sb\u00f3l kifoly\u00f3lag a fert\u0151z\u00e9svesz\u00e9ly minim\u00e1lis.<\/span><\/p>\n<h2><span style=\"font-family: Montserrat\">K\u00eds\u00e9rletes seb\u00e9szeti fejleszt\u00e9sek<\/span><\/h2>\n<p><span style=\"font-family: Montserrat\"><img loading=\"lazy\" decoding=\"async\" class=\"wp-image-874 alignright\" src=\"https:\/\/semmelweis.hu\/cadavercourse\/files\/2024\/01\/176133scr_wm_54a8481309a928e-400x267.jpg\" alt=\"\" width=\"500\" height=\"334\" srcset=\"https:\/\/semmelweis.hu\/cadavercourse\/files\/2024\/01\/176133scr_wm_54a8481309a928e-400x267.jpg 400w, https:\/\/semmelweis.hu\/cadavercourse\/files\/2024\/01\/176133scr_wm_54a8481309a928e-1024x683.jpg 1024w, https:\/\/semmelweis.hu\/cadavercourse\/files\/2024\/01\/176133scr_wm_54a8481309a928e-768x512.jpg 768w, https:\/\/semmelweis.hu\/cadavercourse\/files\/2024\/01\/176133scr_wm_54a8481309a928e-753x502.jpg 753w, https:\/\/semmelweis.hu\/cadavercourse\/files\/2024\/01\/176133scr_wm_54a8481309a928e-203x135.jpg 203w, https:\/\/semmelweis.hu\/cadavercourse\/files\/2024\/01\/176133scr_wm_54a8481309a928e.jpg 1200w\" sizes=\"auto, (max-width: 500px) 100vw, 500px\" \/><\/span><\/p>\n<p><span style=\"font-family: Montserrat\">Munkacsoportunk a legk\u00fcl\u00f6nb\u00f6z\u0151bb m\u0171t\u00e9tes szakm\u00e1k <strong>seb\u00e9szeti anat\u00f3miai<\/strong> \u00e9s <strong>k\u00eds\u00e9rletes seb\u00e9szeti<\/strong> k\u00e9rd\u00e9seivel foglalkozik, k\u00fcl\u00f6n\u00f6s tekintettel a <strong>minim\u00e1lisan invaz\u00edv<\/strong> szeml\u00e9letre \u00e9s az <strong>endoszk\u00f3pos<\/strong> m\u0171t\u00e9ti megold\u00e1sokra.<br \/>\n<\/span><\/p>\n<p><span style=\"font-family: Montserrat\">K\u00fcldet\u00e9s\u00fcnknek \u00e9rezz\u00fck a leg\u00fajabb orvostechnol\u00f3giai fejleszt\u00e9sek preklinikai kipr\u00f3b\u00e1l\u00e1s\u00e1nak el\u0151seg\u00edt\u00e9s\u00e9t is. A Tudom\u00e1nyos \u00e9s Kutat\u00e1setikai Bizotts\u00e1g (<strong>TUKEB<\/strong>) enged\u00e9ly\u00e9vel, elismert szakorvosok, valamint hazai \u00e9s eur\u00f3pai<strong> m\u0171szergy\u00e1rt\u00f3 c\u00e9gek<\/strong> vezet\u00e9s\u00e9vel vesz\u00fcnk r\u00e9szt <strong>\u00faj seb\u00e9szi elj\u00e1r\u00e1sok, eszk\u00f6z\u00f6k<\/strong> val\u00f3s hum\u00e1n anat\u00f3miai viszonyok melletti <strong>kipr\u00f3b\u00e1l\u00e1s\u00e1ban.<\/strong> Ezzel szeretn\u00e9nk el\u0151remozd\u00edtani az arra \u00e9rdemes megold\u00e1sok klinikai gyakorlatba val\u00f3 bevon\u00e1s\u00e1t, ez\u00e1ltal seg\u00edtve sz\u00e1mos beteg miel\u0151bbi gy\u00f3gyul\u00e1s\u00e1t.<\/span><\/p>\n<p>&nbsp;<\/p>\n<p><span style=\"font-family: Montserrat\"><style>\n           #page-grid .card-body > .line-clamp-box.excerpt{\n        width: inherit;\n        max-width: inherit;\n        display:flex;\n        min-height: 2.4em;\n        flex-direction: column;\n        justify-content: space-around;\n        background-color: #D6E4EA;\n        min-height: 3.4rem;\n        font-family: \"Montserrat\", sans-serif;\n    }\n\n    #page-grid a:hover .card-body > .line-clamp-box.excerpt {\n        background-color: #fff;\n        color: #313B40;\n    }\n\n    #page-grid .card-body .line-clamp-box.excerpt section{\n        max-width: inherit;\n        display: -webkit-box;\n        -webkit-line-clamp: 2;\n        -webkit-box-orient: vertical;\n        overflow: hidden;\n        text-overflow: ellipsis;\n        hyphens: auto;\n        margin: auto;\n        \n    }\n    .line-clamp-box.excerpt section, .line-clamp-box.excerpt section p{\n        font-size:0.8em;\n    }\n    \n<\/style>\n    <section id=\"page-grid\">\n        <section class=\"d-block d-md-flex title-row my-3 ml-0 ml-md-1\">\n<div class=\"section-title  mb-1 \">\n<h2>\n    Aktu\u00e1lis kurzusaink\n<\/h2>\n<\/div>\n<\/section>\n        <div class=\"row row-cols-1 row-cols-md-2 row-cols-lg-3 no-gutters mx-0 \">    <div class =\"col  mb-2 card-wrapper\">\n        <a class=\"d-flex flex-fill card-link-warapper m-md-1\" href=\"https:\/\/semmelweis.hu\/cadavercourse\/kurzusok\/halado-legutbiztositasi-cadaveres-tanfolyam\/\">\n            <div class=\"card border border-secondary se-border flex-fill\">\n                <div class=\"row no-gutters mx-0 d-flex flex-nowrap flex-md-wrap align-items-center\">\n                    <div class =\"  col-5 col-md-12   card-image justify-content-center\">\n                        <img loading=\"lazy\" decoding=\"async\" width=\"753\" height=\"547\" src=\"https:\/\/semmelweis.hu\/cadavercourse\/files\/2021\/06\/KURZUS_06_18_SZD_010-1024x744.jpg\" class=\"landscape wp-post-image\" alt=\"\" srcset=\"https:\/\/semmelweis.hu\/cadavercourse\/files\/2021\/06\/KURZUS_06_18_SZD_010-1024x744.jpg 1024w, https:\/\/semmelweis.hu\/cadavercourse\/files\/2021\/06\/KURZUS_06_18_SZD_010-400x291.jpg 400w, https:\/\/semmelweis.hu\/cadavercourse\/files\/2021\/06\/KURZUS_06_18_SZD_010-768x558.jpg 768w, https:\/\/semmelweis.hu\/cadavercourse\/files\/2021\/06\/KURZUS_06_18_SZD_010-1536x1117.jpg 1536w, https:\/\/semmelweis.hu\/cadavercourse\/files\/2021\/06\/KURZUS_06_18_SZD_010-2048x1489.jpg 2048w, https:\/\/semmelweis.hu\/cadavercourse\/files\/2021\/06\/KURZUS_06_18_SZD_010-753x547.jpg 753w\" sizes=\"auto, (max-width: 753px) 100vw, 753px\" \/>\n                    <\/div>\n                    <div class=\"card-body  col flex-column  col-md-12 p-0\">\n                        <div class=\"line-clamp-box p-3\">\n                            <h5 class=\"ml-0 ml-sm-1 mt-2 align-items-center\"  >Halad\u00f3 l\u00e9g\u00fatbiztos\u00edt\u00e1si cadaveres tanfolyam<\/h5>\n                        <\/div>\n                        \n                    <\/div>\n                <\/div>\n\n            <\/div>\n        <\/a>\n    <\/div>    <div class =\"col  mb-2 card-wrapper\">\n        <a class=\"d-flex flex-fill card-link-warapper m-md-1\" href=\"https:\/\/semmelweis.hu\/cadavercourse\/kurzusok\/ersebeszeti_tanfolyam\/\">\n            <div class=\"card border border-secondary se-border flex-fill\">\n                <div class=\"row no-gutters mx-0 d-flex flex-nowrap flex-md-wrap align-items-center\">\n                    <div class =\"  col-5 col-md-12   card-image justify-content-center\">\n                        <img loading=\"lazy\" decoding=\"async\" width=\"753\" height=\"502\" src=\"https:\/\/semmelweis.hu\/cadavercourse\/files\/2025\/11\/RS208810__19A2043_scr-1024x683.jpg\" class=\"landscape wp-post-image\" alt=\"\" srcset=\"https:\/\/semmelweis.hu\/cadavercourse\/files\/2025\/11\/RS208810__19A2043_scr-1024x683.jpg 1024w, https:\/\/semmelweis.hu\/cadavercourse\/files\/2025\/11\/RS208810__19A2043_scr-400x267.jpg 400w, https:\/\/semmelweis.hu\/cadavercourse\/files\/2025\/11\/RS208810__19A2043_scr-768x512.jpg 768w, https:\/\/semmelweis.hu\/cadavercourse\/files\/2025\/11\/RS208810__19A2043_scr-753x502.jpg 753w, https:\/\/semmelweis.hu\/cadavercourse\/files\/2025\/11\/RS208810__19A2043_scr-203x135.jpg 203w, https:\/\/semmelweis.hu\/cadavercourse\/files\/2025\/11\/RS208810__19A2043_scr.jpg 1200w\" sizes=\"auto, (max-width: 753px) 100vw, 753px\" \/>\n                    <\/div>\n                    <div class=\"card-body  col flex-column  col-md-12 p-0\">\n                        <div class=\"line-clamp-box p-3\">\n                            <h5 class=\"ml-0 ml-sm-1 mt-2 align-items-center\"  >Nyitott \u00e9rseb\u00e9szeti felt\u00e1r\u00e1sok cadaverkurzus<\/h5>\n                        <\/div>\n                        \n                    <\/div>\n                <\/div>\n\n            <\/div>\n        <\/a>\n    <\/div>    <div class =\"col  mb-2 card-wrapper\">\n        <a class=\"d-flex flex-fill card-link-warapper m-md-1\" href=\"https:\/\/semmelweis.hu\/cadavercourse\/kurzusok\/vats-es-nyitott-mellkassebeszeti-cadaver-kurzus\/\">\n            <div class=\"card border border-secondary se-border flex-fill\">\n                <div class=\"row no-gutters mx-0 d-flex flex-nowrap flex-md-wrap align-items-center\">\n                    <div class =\"  col-5 col-md-12   card-image justify-content-center\">\n                        <img loading=\"lazy\" decoding=\"async\" width=\"753\" height=\"502\" src=\"https:\/\/semmelweis.hu\/cadavercourse\/files\/2025\/11\/RS208647_GV5A9251_scr-1024x683.jpg\" class=\"landscape wp-post-image\" alt=\"\" srcset=\"https:\/\/semmelweis.hu\/cadavercourse\/files\/2025\/11\/RS208647_GV5A9251_scr-1024x683.jpg 1024w, https:\/\/semmelweis.hu\/cadavercourse\/files\/2025\/11\/RS208647_GV5A9251_scr-400x267.jpg 400w, https:\/\/semmelweis.hu\/cadavercourse\/files\/2025\/11\/RS208647_GV5A9251_scr-768x512.jpg 768w, https:\/\/semmelweis.hu\/cadavercourse\/files\/2025\/11\/RS208647_GV5A9251_scr-753x502.jpg 753w, https:\/\/semmelweis.hu\/cadavercourse\/files\/2025\/11\/RS208647_GV5A9251_scr-203x135.jpg 203w, https:\/\/semmelweis.hu\/cadavercourse\/files\/2025\/11\/RS208647_GV5A9251_scr.jpg 1200w\" sizes=\"auto, (max-width: 753px) 100vw, 753px\" \/>\n                    <\/div>\n                    <div class=\"card-body  col flex-column  col-md-12 p-0\">\n                        <div class=\"line-clamp-box p-3\">\n                            <h5 class=\"ml-0 ml-sm-1 mt-2 align-items-center\"  >VATS \u00e9s nyitott mellkasseb\u00e9szeti cadaver kurzus<\/h5>\n                        <\/div>\n                        \n                    <\/div>\n                <\/div>\n\n            <\/div>\n        <\/a>\n    <\/div>        <\/div>\n    <\/section><\/span><\/p>\n","protected":false},"excerpt":{"rendered":"<p>Orsz\u00e1gosan egyed\u00fcl\u00e1ll\u00f3an t\u00f6bb, mint egy \u00e9vtizede f\u0151 profilunk\u00a0 posztgradu\u00e1lis gyakorlati tov\u00e1bbk\u00e9pz\u00e9sek szervez\u00e9se \u00e9s orvosi m\u0171szerfejleszt\u00e9si tesztel\u00e9sek lebonyol\u00edt\u00e1sa. K\u00fcldet\u00e9s\u00fcnk a leg\u00fajabb orvostechnol\u00f3giai fejleszt\u00e9sek preklinikai kipr\u00f3b\u00e1l\u00e1s\u00e1nak el\u0151seg\u00edt\u00e9se is.<\/p>\n<p>Munkacsoportunk a legk\u00fcl\u00f6nb\u00f6z\u0151bb m\u0171t\u00e9tes szakm\u00e1k seb\u00e9szeti anat\u00f3miai \u00e9s k\u00eds\u00e9rletes seb\u00e9szeti k\u00e9rd\u00e9seivel foglalkozik, k\u00fcl\u00f6n\u00f6s tekintettel a minim\u00e1lisan invaz\u00edv felt\u00e1r\u00e1si szeml\u00e9letre \u00e9s az endoszk\u00f3ppal v\u00e9gzett, illetve endoszk\u00f3ppal assziszt\u00e1lt m\u0171t\u00e9ti megold\u00e1sokra. Igyeksz\u00fcnk folyamatosan l\u00e9p\u00e9st tartani a klinikum \u00fajdons\u00e1gaival.<\/p>\n","protected":false},"author":12,"featured_media":360,"parent":0,"menu_order":0,"comment_status":"closed","ping_status":"closed","template":"","meta":{"_acf_changed":false,"footnotes":""},"categories":[],"tags":[],"class_list":["post-11","page","type-page","status-publish","has-post-thumbnail","hentry"],"acf":[],"_links":{"self":[{"href":"https:\/\/semmelweis.hu\/cadavercourse\/wp-json\/wp\/v2\/pages\/11","targetHints":{"allow":["GET"]}}],"collection":[{"href":"https:\/\/semmelweis.hu\/cadavercourse\/wp-json\/wp\/v2\/pages"}],"about":[{"href":"https:\/\/semmelweis.hu\/cadavercourse\/wp-json\/wp\/v2\/types\/page"}],"author":[{"embeddable":true,"href":"https:\/\/semmelweis.hu\/cadavercourse\/wp-json\/wp\/v2\/users\/12"}],"replies":[{"embeddable":true,"href":"https:\/\/semmelweis.hu\/cadavercourse\/wp-json\/wp\/v2\/comments?post=11"}],"version-history":[{"count":12,"href":"https:\/\/semmelweis.hu\/cadavercourse\/wp-json\/wp\/v2\/pages\/11\/revisions"}],"predecessor-version":[{"id":1781,"href":"https:\/\/semmelweis.hu\/cadavercourse\/wp-json\/wp\/v2\/pages\/11\/revisions\/1781"}],"wp:featuredmedia":[{"embeddable":true,"href":"https:\/\/semmelweis.hu\/cadavercourse\/wp-json\/wp\/v2\/media\/360"}],"wp:attachment":[{"href":"https:\/\/semmelweis.hu\/cadavercourse\/wp-json\/wp\/v2\/media?parent=11"}],"wp:term":[{"taxonomy":"category","embeddable":true,"href":"https:\/\/semmelweis.hu\/cadavercourse\/wp-json\/wp\/v2\/categories?post=11"},{"taxonomy":"post_tag","embeddable":true,"href":"https:\/\/semmelweis.hu\/cadavercourse\/wp-json\/wp\/v2\/tags?post=11"}],"curies":[{"name":"wp","href":"https:\/\/api.w.org\/{rel}","templated":true}]}}