{"id":7956,"date":"2020-11-11T10:33:07","date_gmt":"2020-11-11T09:33:07","guid":{"rendered":"https:\/\/semmelweis.hu\/borklinika\/?page_id=7956"},"modified":"2025-09-29T13:32:25","modified_gmt":"2025-09-29T11:32:25","slug":"szakdolgozat-2","status":"publish","type":"page","link":"https:\/\/semmelweis.hu\/borklinika\/informaci-hallgatoknak\/szakdolgozat-2\/","title":{"rendered":"Szakdolgozat"},"content":{"rendered":"<p>A szakdolgozatot kiz\u00e1r\u00f3lag <strong>elektronikus<\/strong> \u00faton kell beny\u00fajtani.\u00a0<\/p>\n<p>Az \u00c1ltal\u00e1nos Orvostudom\u00e1nyi Karon a szakdolgozatok <strong>lead\u00e1si hat\u00e1rideje 2026. janu\u00e1r 15.<\/strong><\/p>\n<p><strong>A szakdolgozat t\u00e9m\u00e1i Klinik\u00e1nkon:\u00a0<\/strong><\/p>\n<table style=\"width: 103.172%;height: 962px\" width=\"1178\">\n<tbody>\n<tr style=\"height: 33px\">\n<td style=\"width: 52.2852%;height: 33px\" width=\"963\">Neurofibromat\u00f3zis multimod\u00e1lis elemz\u00e9se<\/td>\n<td style=\"width: 20.0228%;height: 33px\" width=\"215\">Dr. Medvecz M\u00e1rta PhD<\/td>\n<\/tr>\n<tr style=\"height: 33px\">\n<td style=\"width: 52.2852%;height: 33px\">Genodermat\u00f3zisok multimod\u00e1lis elemz\u00e9se<\/td>\n<td style=\"width: 20.0228%;height: 33px\">Dr. Medvecz M\u00e1rta PhD<\/td>\n<\/tr>\n<tr style=\"height: 33px\">\n<td style=\"width: 52.2852%;height: 33px\">\u00d6r\u00f6kletes tumorszindr\u00f3m\u00e1k b\u0151rgy\u00f3gy\u00e1szati vonatkoz\u00e1sai<\/td>\n<td style=\"width: 20.0228%;height: 33px\">Dr. Medvecz M\u00e1rta PhD<\/td>\n<\/tr>\n<tr style=\"height: 33px\">\n<td style=\"width: 52.2852%;height: 33px\">Genodermat\u00f3zisok \u00faj ter\u00e1pi\u00e1s megk\u00f6zel\u00edt\u00e9sei<\/td>\n<td style=\"width: 20.0228%;height: 33px\">Dr. Medvecz M\u00e1rta PhD<\/td>\n<\/tr>\n<tr style=\"height: 33px\">\n<td style=\"width: 52.2852%;height: 33px\">Arci regio dermetitisei \u00e9s kontakt szenzibiliz\u00e1ci\u00f3<\/td>\n<td style=\"width: 20.0228%;height: 33px\">Dr. P\u00f3nyai Gy\u00f6rgyi PhD<\/td>\n<\/tr>\n<tr style=\"height: 33px\">\n<td style=\"width: 52.2852%;height: 33px\">F\u00e9m szenzibil\u00e1ci\u00f3 aktualit\u00e1sai<\/td>\n<td style=\"width: 20.0228%;height: 33px\">Dr. P\u00f3nyai Gy\u00f6rgyi PhD<\/td>\n<\/tr>\n<tr style=\"height: 33px\">\n<td style=\"width: 52.2852%;height: 33px\">Gyermek-adoleszcenskor\u00faak kontakt szenzibiliz\u00e1ci\u00f3ja<\/td>\n<td style=\"width: 20.0228%;height: 33px\">Dr. P\u00f3nyai Gy\u00f6rgyi PhD<\/td>\n<\/tr>\n<tr style=\"height: 33px\">\n<td style=\"width: 52.2852%;height: 33px\">Rosacea \u00e9s kontakt szenzibiliz\u00e1ci\u00f3<\/td>\n<td style=\"width: 20.0228%;height: 33px\">Dr. P\u00f3nyai Gy\u00f6rgyi PhD<\/td>\n<\/tr>\n<tr style=\"height: 33px\">\n<td style=\"width: 52.2852%;height: 33px\">At\u00f3pi\u00e1s dermatitisz \u00e9s kontakt szenzibiliz\u00e1ci\u00f3<\/td>\n<td style=\"width: 20.0228%;height: 33px\">Dr. P\u00f3nyai Gy\u00f6rgyi PhD<\/td>\n<\/tr>\n<tr style=\"height: 33px\">\n<td style=\"width: 52.2852%;height: 33px\">Ill\u00f3olaj kontakt szenzibiliz\u00e1ci\u00f3<\/td>\n<td style=\"width: 20.0228%;height: 33px\">Dr. P\u00f3nyai Gy\u00f6rgyi PhD<\/td>\n<\/tr>\n<tr style=\"height: 33px\">\n<td style=\"width: 52.2852%;height: 33px\">Illatanyag szenzibiliz\u00e1ci\u00f3 aktualit\u00e1sai<\/td>\n<td style=\"width: 20.0228%;height: 33px\">Dr. P\u00f3nyai Gy\u00f6rgyi PhD<\/td>\n<\/tr>\n<tr style=\"height: 33px\">\n<td style=\"width: 52.2852%;height: 33px\">Lok\u00e1lis szteroid szenzibiliz\u00e1ci\u00f3<\/td>\n<td style=\"width: 20.0228%;height: 33px\">Dr. P\u00f3nyai Gy\u00f6rgyi PhD<\/td>\n<\/tr>\n<tr style=\"height: 33px\">\n<td style=\"width: 52.2852%;height: 33px\">Biol\u00f3giai ter\u00e1pi\u00e1k at\u00f3pi\u00e1s dermatitisben<\/td>\n<td style=\"width: 20.0228%;height: 33px\">Dr. P\u00f3nyai Gy\u00f6rgyi PhD<\/td>\n<\/tr>\n<tr style=\"height: 33px\">\n<td style=\"width: 52.2852%;height: 33px\">Eszt\u00e9tikai beavatkoz\u00e1son \u00e1tes\u0151 p\u00e1ciensek \u00e9letmin\u0151s\u00e9g\u00e9nek vizsg\u00e1lata<\/td>\n<td style=\"width: 20.0228%;height: 33px\">Dr. Kem\u00e9ny Lajos PhD<\/td>\n<\/tr>\n<tr style=\"height: 33px\">\n<td style=\"width: 52.2852%;height: 33px\">Patogenetikai komponensek g\u00e1tl\u00e1s\u00e1nak hat\u00e1sa dermatitis herpetiformisban<\/td>\n<td style=\"width: 20.0228%;height: 33px\">Prof. Dr. S\u00e1rdy Mikl\u00f3s<\/td>\n<\/tr>\n<tr style=\"height: 33px\">\n<td style=\"width: 52.2852%;height: 33px\" width=\"963\">A Syk g\u00e1tl\u00f3k hat\u00e1sa bullosus pemphigoidban<\/td>\n<td style=\"width: 20.0228%;height: 33px\">Prof. Dr. S\u00e1rdy Mikl\u00f3s<\/td>\n<\/tr>\n<tr style=\"height: 33px\">\n<td style=\"width: 52.2852%;height: 33px\">Patogenetikai komponensek g\u00e1tl\u00e1s\u00e1nak hat\u00e1sa bullosus pemphigoidban<\/td>\n<td style=\"width: 20.0228%;height: 33px\">Prof. Dr. S\u00e1rdy Mikl\u00f3s<\/td>\n<\/tr>\n<tr style=\"height: 33px\">\n<td style=\"width: 52.2852%;height: 33px\">Az alopecia areata klinikuma \u00e9s kezel\u00e9se<\/td>\n<td style=\"width: 20.0228%;height: 33px\">Prof. Dr. S\u00e1rdy Mikl\u00f3s<\/td>\n<\/tr>\n<tr style=\"height: 33px\">\n<td style=\"width: 52.2852%;height: 33px\">A JAK-g\u00e1tl\u00f3k haszn\u00e1lata a b\u0151rgy\u00f3gy\u00e1szatban<\/td>\n<td style=\"width: 20.0228%;height: 33px\">Prof. Dr. S\u00e1rdy Mikl\u00f3s<\/td>\n<\/tr>\n<tr style=\"height: 33px\">\n<td style=\"width: 52.2852%;height: 33px\">Cutan lymphom\u00e1k<\/td>\n<td style=\"width: 20.0228%;height: 33px\">Dr. Szakonyi J\u00f3zsef<\/td>\n<\/tr>\n<tr style=\"height: 63px\">\n<td style=\"width: 52.2852%;height: 44px\">A j\u00f3 \u00e9s a rossz hat\u00e1r\u00e1n: alacsony malignit\u00e1s\u00fa cutan lymphom\u00e1k<\/td>\n<td style=\"width: 20.0228%;height: 44px\">Dr. Szakonyi J\u00f3zsef<\/td>\n<\/tr>\n<tr>\n<td style=\"width: 52.2852%\">A folliculotrop mycosis fungoides<\/td>\n<td style=\"width: 20.0228%\">Dr. Szakonyi J\u00f3zsef<\/td>\n<\/tr>\n<tr>\n<td style=\"width: 52.2852%\">CD30 poz. lymphoproliferat\u00edv k\u00f3rk\u00e9pek \u00e9s kezel\u00e9s\u00fck<\/td>\n<td style=\"width: 20.0228%\">Dr. Szakonyi J\u00f3zsef<\/td>\n<\/tr>\n<tr>\n<td style=\"width: 52.2852%\">Fel\u00fcleti radioter\u00e1pia szerepe cutan lymphom\u00e1k kezel\u00e9s\u00e9ben<\/td>\n<td style=\"width: 20.0228%\">Dr. Szakonyi J\u00f3zsef<\/td>\n<\/tr>\n<tr>\n<td style=\"width: 52.2852%\">Erythroderm\u00e1val j\u00e1r\u00f3 lymphoproliferat\u00edv megbeteged\u00e9sek<\/td>\n<td style=\"width: 20.0228%\">Dr. Szakonyi J\u00f3zsef<\/td>\n<\/tr>\n<tr>\n<td style=\"width: 52.2852%\">Basaliom\u00e1k nem seb\u00e9szi kezel\u00e9se<\/td>\n<td style=\"width: 20.0228%\">Dr. Szakonyi J\u00f3zsef<\/td>\n<\/tr>\n<tr>\n<td style=\"width: 52.2852%\">Laph\u00e1mr\u00e1k \u00e9s el\u0151\u00e1llapotainak nem seb\u00e9szi kezel\u00e9se<\/td>\n<td style=\"width: 20.0228%\">Dr. Szakonyi J\u00f3zsef<\/td>\n<\/tr>\n<tr>\n<td style=\"width: 52.2852%\">Lentigo maligna nem seb\u00e9szi kezel\u00e9se<\/td>\n<td style=\"width: 20.0228%\">Dr. Szakonyi J\u00f3zsef<\/td>\n<\/tr>\n<tr style=\"height: 33px\">\n<td style=\"width: 52.2852%;height: 33px\">\u00a0<\/td>\n<td style=\"width: 20.0228%;height: 33px\">\u00a0<\/td>\n<\/tr>\n<\/tbody>\n<\/table>\n<p style=\"padding-left: 40px\">\u00a0<\/p>\n<p>&nbsp;<\/p>\n<p>M\u00f3dos\u00edtva: 2024. j\u00falius\u00a0<\/p>\n","protected":false},"excerpt":{"rendered":"<p>A szakdolgozatot kiz\u00e1r\u00f3lag elektronikus \u00faton kell beny\u00fajtani.\u00a0 Az \u00c1ltal\u00e1nos Orvostudom\u00e1nyi Karon a szakdolgozatok lead\u00e1si hat\u00e1rideje 2026. janu\u00e1r 15. A szakdolgozat t\u00e9m\u00e1i Klinik\u00e1nkon:\u00a0 Neurofibromat\u00f3zis multimod\u00e1lis elemz\u00e9se Dr. Medvecz M\u00e1rta PhD Genodermat\u00f3zisok multimod\u00e1lis elemz\u00e9se Dr. Medvecz M\u00e1rta PhD \u00d6r\u00f6kletes tumorszindr\u00f3m\u00e1k b\u0151rgy\u00f3gy\u00e1szati vonatkoz\u00e1sai Dr. Medvecz M\u00e1rta PhD Genodermat\u00f3zisok \u00faj ter\u00e1pi\u00e1s megk\u00f6zel\u00edt\u00e9sei Dr. Medvecz M\u00e1rta PhD Arci regio dermetitisei &hellip;<\/p>\n","protected":false},"author":101274,"featured_media":0,"parent":15,"menu_order":8,"comment_status":"closed","ping_status":"closed","template":"","meta":{"_acf_changed":false,"footnotes":""},"categories":[],"tags":[],"class_list":["post-7956","page","type-page","status-publish","hentry"],"acf":[],"_links":{"self":[{"href":"https:\/\/semmelweis.hu\/borklinika\/wp-json\/wp\/v2\/pages\/7956","targetHints":{"allow":["GET"]}}],"collection":[{"href":"https:\/\/semmelweis.hu\/borklinika\/wp-json\/wp\/v2\/pages"}],"about":[{"href":"https:\/\/semmelweis.hu\/borklinika\/wp-json\/wp\/v2\/types\/page"}],"author":[{"embeddable":true,"href":"https:\/\/semmelweis.hu\/borklinika\/wp-json\/wp\/v2\/users\/101274"}],"replies":[{"embeddable":true,"href":"https:\/\/semmelweis.hu\/borklinika\/wp-json\/wp\/v2\/comments?post=7956"}],"version-history":[{"count":10,"href":"https:\/\/semmelweis.hu\/borklinika\/wp-json\/wp\/v2\/pages\/7956\/revisions"}],"predecessor-version":[{"id":13223,"href":"https:\/\/semmelweis.hu\/borklinika\/wp-json\/wp\/v2\/pages\/7956\/revisions\/13223"}],"up":[{"embeddable":true,"href":"https:\/\/semmelweis.hu\/borklinika\/wp-json\/wp\/v2\/pages\/15"}],"wp:attachment":[{"href":"https:\/\/semmelweis.hu\/borklinika\/wp-json\/wp\/v2\/media?parent=7956"}],"wp:term":[{"taxonomy":"category","embeddable":true,"href":"https:\/\/semmelweis.hu\/borklinika\/wp-json\/wp\/v2\/categories?post=7956"},{"taxonomy":"post_tag","embeddable":true,"href":"https:\/\/semmelweis.hu\/borklinika\/wp-json\/wp\/v2\/tags?post=7956"}],"curies":[{"name":"wp","href":"https:\/\/api.w.org\/{rel}","templated":true}]}}