{"id":4283,"date":"2023-03-08T11:35:28","date_gmt":"2023-03-08T10:35:28","guid":{"rendered":"https:\/\/semmelweis.hu\/bokayklinika\/?page_id=4283"},"modified":"2026-04-16T16:15:25","modified_gmt":"2026-04-16T14:15:25","slug":"simon-otto-kutatasi-osztondij","status":"publish","type":"page","link":"https:\/\/semmelweis.hu\/bokayklinika\/kutatas\/simon-otto-kutatasi-osztondij\/","title":{"rendered":"Simon Ott\u00f3 Kutat\u00e1si \u00d6szt\u00f6nd\u00edj"},"content":{"rendered":"<div class=\"responsive-tabs\">\n<h2 class=\"tabtitle\"><strong>A d\u00edjr\u00f3l<\/strong><\/h2>\n<div class=\"tabcontent\">\n\n<p><strong>2023-ban a B\u00f3kay Gyermekklinik\u00e1\u00e9rt K\u00f6zhaszn\u00fa Alap\u00edtv\u00e1ny Simon Ott\u00f3 eml\u00e9k\u00e9t meg\u0151rizve, kutat\u00e1si \u00f6szt\u00f6nd\u00edjat alap\u00edtott.<\/strong><\/p>\n<p>A kutat\u00e1si \u00f6szt\u00f6nd\u00edjat minden \u00e9vben <strong>1 f\u0151, a Semmelweis Egyetem B\u00f3kay Gyermekklinik\u00e1j\u00e1n dolgoz\u00f3 fiatal, 40 \u00e9v alatti szakorvos, szakorvosjel\u00f6lt vagy a szakter\u00fcleten kutat\u00f3 posztdoktor vagy PhD hallgat\u00f3 (bele\u00e9rtve minden eg\u00e9szs\u00e9g\u00fcgyi fels\u0151fok\u00fa v\u00e9gzetts\u00e9ggel rendelkez\u0151t) nyerheti el <\/strong>p\u00e1ly\u00e1zat \u00fatj\u00e1n.<\/p>\n<p><u>Az \u00f6szt\u00f6nd\u00edj k\u00e9t f\u0151 c\u00e9lja:<\/u><\/p>\n<ol style=\"text-align: justify\">\n<li>A fiatal gyermekgy\u00f3gy\u00e1sz szakorvos, szakorvosjel\u00f6lt, posztdoktor vagy PhD hallgat\u00f3 eddigi munk\u00e1j\u00e1nak elismer\u00e9se.<\/li>\n<li>Az \u00f6szt\u00f6nd\u00edjat elnyer\u0151 tudom\u00e1nyos munk\u00e1j\u00e1nak t\u00e1mogat\u00e1sa.<\/li>\n<\/ol>\n\n<\/div><h2 class=\"tabtitle\"><strong>2026. \u00e9vi p\u00e1ly\u00e1zati ki\u00edr\u00e1s, adatlap<\/strong><\/h2>\n<div class=\"tabcontent\">\n\n<p>A 2026. \u00e9vi Simon Ott\u00f3 Kutat\u00e1si \u00d6szt\u00f6nd\u00edj p\u00e1ly\u00e1zati hat\u00e1rideje 2026. \u00e1prilis 13. 14:00 \u00f3rakor lez\u00e1rult.<\/p>\n<p>A d\u00edjazottr\u00f3l hamarosan besz\u00e1molunk.<\/p>\n\n<\/div><h2 class=\"tabtitle\"><strong>2023. \u00e9v d\u00edjazottja<\/strong><\/h2>\n<div class=\"tabcontent\">\n\n<p>A 2023. \u00e9vben el\u0151sz\u00f6r meghirdetett Simon Ott\u00f3 Kutat\u00e1si \u00d6szt\u00f6nd\u00edjra \u00f6sszesen 11 p\u00e1lyamunka \u00e9rkezett. A B\u00f3kay Gyermekklinik\u00e1\u00e9rt K\u00f6zhaszn\u00fa Alap\u00edtv\u00e1ny kurat\u00f3riuma <strong>dr. Kov\u00e1cs Kata<\/strong> p\u00e1ly\u00e1zat\u00e1t d\u00edjazta. Az elismer\u0151 oklevelet 2023. j\u00fanius 20-\u00e1n az alap\u00edtv\u00e1ny kurat\u00f3riumi eln\u00f6ke, prof. dr. Szab\u00f3 Attila adta \u00e1t.<\/p>\n<p><strong>A kutat\u00e1s t\u00e9m\u00e1ja:<\/strong> A korai laborat\u00f3riumi vizsg\u00e1latok jelent\u0151s\u00e9ge oxig\u00e9nhi\u00e1nyos k\u00e1rosod\u00e1st \u00e1t\u00e9lt h\u0171t\u00f6tt \u00fajsz\u00fcl\u00f6ttekn\u00e9l<\/p>\n<p>A sz\u00fclet\u00e9s k\u00f6r\u00fcli oxig\u00e9nhi\u00e1nyos k\u00e1rosod\u00e1s \u00e9s a k\u00f6vetkezm\u00e9nyesen kialakul\u00f3 hypoxi\u00e1s-ischaemi\u00e1s encephalopathia a gazdas\u00e1gilag fejlett orsz\u00e1gokban az \u00fajsz\u00fcl\u00f6ttek 1-2 ezrel\u00e9k\u00e9t \u00e9rinti, de vil\u00e1gszerte k\u00f6zel 1 milli\u00f3 \u00fajsz\u00fcl\u00f6tt hal\u00e1l\u00e1t vagy maradand\u00f3 idegrendszeri k\u00e1rosod\u00e1s\u00e1t okozza \u00e9vente. Az elm\u00falt m\u00e1sf\u00e9l \u00e9vtizedben jelent\u0151s el\u0151rel\u00e9p\u00e9st jelentett a neuroprotekt\u00edv hat\u00e1s\u00fa hypothermi\u00e1s kezel\u00e9s felfedez\u00e9se \u00e9s klinikai gyakorlatba t\u00f6rt\u00e9n\u0151 bevezet\u00e9se, azonban a hal\u00e1loz\u00e1s \u00e9s a maradand\u00f3 neurol\u00f3giai k\u00e1rosod\u00e1s sz\u00e1ma napjainkban is magas. Mik\u00f6zben tov\u00e1bbi akt\u00edv kutat\u00e1sok zajlanak \u00fajabb neuroprotekt\u00edv elj\u00e1r\u00e1sok felfedez\u00e9s\u00e9re, a Semmelweis Egyetem Gyermekklinik\u00e1j\u00e1nak B\u00f3kay utcai r\u00e9szleg\u00e9n els\u0151sorban a jelenleg is alkalmazott diagnosztikus elj\u00e1r\u00e1sok \u00e9s szupport\u00edv ter\u00e1pi\u00e1k optimaliz\u00e1l\u00e1s\u00e1ban rejl\u0151 lehet\u0151s\u00e9geket vizsg\u00e1ljuk. A kutat\u00e1sokhoz elengedhetetlen a prec\u00edz klinikai diagn\u00f3zis, az \u00fajsz\u00fcl\u00f6ttek klinikai \u00e1llapot\u00e1nak, a betegs\u00e9g s\u00falyoss\u00e1g\u00e1nak, az idegrendszer \u00e9s az egyes szervek \u00e9rintetts\u00e9g\u00e9nek sz\u00e1mszer\u0171s\u00edt\u00e9s\u00e9re alkalmas biomarkerek haszn\u00e1lata.<\/p>\n<p>Kutat\u00e1sunk c\u00e9lja a kezdeti klinikai jellemz\u0151k \u00e9s az els\u0151 6 \u00e9let\u00f3r\u00e1ban m\u00e9rt szervi k\u00e1rosod\u00e1sra utal\u00f3 laborat\u00f3riumi param\u00e9terek elemz\u00e9se a korai hal\u00e1loz\u00e1s f\u00fcggv\u00e9ny\u00e9ben oxig\u00e9nhi\u00e1nyos k\u00e1rosod\u00e1st \u00e1t\u00e9lt, h\u0171t\u00f6tt \u00fajsz\u00fcl\u00f6ttekben.<\/p>\n<p>Dr. Kov\u00e1cs Kata k\u00f6zlem\u00e9nyei \u00e9s tudom\u00e1nymetriai mutat\u00f3i <a href=\"https:\/\/m2.mtmt.hu\/gui2\/?type=authors&amp;mode=browse&amp;sel=10051539&amp;view=dataSheet\"><strong><em>itt<\/em><\/strong><\/a> tekinthet\u0151k meg.<\/p>\n\n<\/div><h2 class=\"tabtitle\"><strong>2024. \u00e9v d\u00edjazottja<\/strong><\/h2>\n<div class=\"tabcontent\">\n\n<p>2024-ben a m\u00e1sodszorra meghirdetett Simon Ott\u00f3 Kutat\u00e1si \u00d6szt\u00f6nd\u00edjra \u00f6sszesen 7 p\u00e1lyamunka \u00e9rkezett. A B\u00f3kay Gyermekklinik\u00e1\u00e9rt K\u00f6zhaszn\u00fa Alap\u00edtv\u00e1ny kurat\u00f3riuma <strong>dr. Dobi Marianna<\/strong> neonatol\u00f3gus szakorvos p\u00e1ly\u00e1zat\u00e1t d\u00edjazta. Az elismer\u0151 oklevelet 2024. j\u00falius 2-\u00e1n az alap\u00edtv\u00e1ny kurat\u00f3riumi eln\u00f6ke, prof. dr. Szab\u00f3 Attila adta \u00e1t.<\/p>\n<p><strong>A kutat\u00e1s t\u00e9m\u00e1ja:<\/strong> A kortizol szintek vizsg\u00e1lat\u00e1nak optimaliz\u00e1l\u00e1sa \u00fajsz\u00fcl\u00f6tt intenz\u00edv oszt\u00e1lyon kezelt betegekben<\/p>\n<p>A kritikus \u00e1llapot\u00fa \u00fajsz\u00fcl\u00f6ttek ell\u00e1t\u00e1s\u00e1nak optimaliz\u00e1l\u00e1sa kiemelt jelent\u0151s\u00e9ggel b\u00edr, hiszen a korai ell\u00e1t\u00e1s fejleszt\u00e9se kedvez\u0151 hossz\u00fat\u00e1v\u00fa hat\u00e1sokkal j\u00e1r. Az intenz\u00edv ter\u00e1pi\u00e1ban egyre gyakrabban sikerrel alkalmazott szteroid kezel\u00e9sre vonatkoz\u00f3an ellentmond\u00e1sos irodalmi adatokat tal\u00e1lunk \u00fajsz\u00fcl\u00f6ttkorban a hossz\u00fat\u00e1v\u00fa fejl\u0151d\u00e9sneurol\u00f3giai kimenetellel kapcsolatban, \u00edgy tov\u00e1bbi kutat\u00e1sok sz\u00fcks\u00e9gesek a ter\u00e1pia biztons\u00e1goss\u00e1g\u00e1nak \u00e9s megfelel\u0151 alkalmaz\u00e1s\u00e1nak meg\u00edt\u00e9l\u00e9s\u00e9hez.<\/p>\n<p>A klinikai kutat\u00e1s c\u00e9lja oxig\u00e9nhi\u00e1nyt \u00e1t\u00e9lt \u00fajsz\u00fcl\u00f6tteket vizsg\u00e1lata az al\u00e1bbi param\u00e9terek ment\u00e9m:<\/p>\n<ul>\n<li>\u00daj m\u00e9r\u00e9si m\u00f3dszer valid\u00e1l\u00e1sa \u00fajsz\u00fcl\u00f6tt \u00e9s korasz\u00fcl\u00f6tt popul\u00e1ci\u00f3ban (ultranagy-hat\u00e9konys\u00e1g\u00fa folyad\u00e9kkromatogr\u00e1fi\u00e1s rendszer\u0171 tandem t\u00f6megspektrometri\u00e1s m\u00e9r\u00e9si m\u00f3dszer), amivel a sz\u00e9rum kortizolszinteket \u00e9s azok metaboltjait vizsg\u00e1lhatjuk.<\/li>\n<li>\u00daj kisvolmen\u0171 mikromintavev\u0151 (MITRA) valid\u00e1l\u00e1sa az \u00fajsz\u00fcl\u00f6tt \u00e9s korasz\u00fcl\u00f6tt popul\u00e1ci\u00f3ban, amit vil\u00e1gszinten els\u0151k\u00e9nt val\u00f3s\u00edthatunk meg.<\/li>\n<li>Hydrocortison kezel\u00e9s optimaliz\u00e1l\u00e1sa \u00fajsz\u00fcl\u00f6ttekben \u00e9s korasz\u00fcl\u00f6ttekben, ezzel jav\u00edtva a hossz\u00fat\u00e1v\u00fa fejl\u0151d\u00e9snuerol\u00f3giai kimenetelt, valamint az eg\u00e9szs\u00e9ges t\u00fal\u00e9l\u0151k ar\u00e1ny\u00e1t egy prosepkt\u00edv klinikai kutat\u00e1s keret\u00e9ben.<\/li>\n<\/ul>\n<p>Dr. Dobi Marianna k\u00f6zlem\u00e9nyei \u00e9s tudom\u00e1nymetriai mutat\u00f3i <em><strong><a href=\"https:\/\/m2.mtmt.hu\/gui2\/?type=authors&amp;mode=browse&amp;sel=10076530&amp;view=dataSheet\">itt<\/a> <\/strong><\/em>tekinthet\u0151k meg.<\/p>\n\n<\/div><h2 class=\"tabtitle\"><strong>2025. \u00e9v d\u00edjazottja<\/strong><\/h2>\n<div class=\"tabcontent\">\n\n<p>2025-ben a harmadszorra meghirdetett Simon Ott\u00f3 Kutat\u00e1si \u00d6szt\u00f6nd\u00edjra \u00f6sszesen 4 p\u00e1lyamunka \u00e9rkezett. A B\u00f3kay Gyermekklinik\u00e1\u00e9rt K\u00f6zhaszn\u00fa Alap\u00edtv\u00e1ny kurat\u00f3riuma <strong>dr. Muzslay Eszter<\/strong> p\u00e1ly\u00e1zat\u00e1t d\u00edjazta. Az elismer\u0151 oklevelet j\u00fanius 18-\u00e1n az alap\u00edtv\u00e1ny kurat\u00f3riumi eln\u00f6ke, prof. dr. Szab\u00f3 Attila <a href=\"https:\/\/semmelweis.hu\/bokayklinika\/2025\/06\/23\/dr-muzslay-eszter-nyerte-el-a-2025-evi-simon-otto-kutatasi-osztondijat\/\" target=\"_blank\" rel=\"noopener\">adta \u00e1t<\/a>.<\/p>\n<p><strong>A kutat\u00e1s t\u00e9m\u00e1ja:<\/strong> Folyamatos gl\u00fck\u00f3zmonitor alkalmaz\u00e1sa a klinikai gyakorlatban az 1-es t\u00edpus\u00fa diab\u00e9teszes gyermekek gondoz\u00e1s\u00e1ban \u00e9s azon t\u00fal<\/p>\n<p>A folyamatos gl\u00fck\u00f3zmonitor az 1-es t\u00edpus\u00fa cukorbetegs\u00e9ggel \u00e9l\u0151 gyermekek kezel\u00e9s\u00e9ben m\u00e1r bev\u00e1lt \u00e9s gyakran haszn\u00e1lt eszk\u00f6z. B\u0151r al\u00e1 helyezhet\u0151 r\u00e9sze a szenzor, ami \u00f6tpercenk\u00e9nt r\u00f6gz\u00edti a sz\u00f6vetk\u00f6zti cukorszintet, \u00e9s egy hozz\u00e1 kapcsol\u00f3d\u00f3 t\u00e1vad\u00f3 seg\u00edts\u00e9g\u00e9vel egy applik\u00e1ci\u00f3ban l\u00e1tjuk a gyermek gl\u00fck\u00f3zszintj\u00e9t. Mivel az eszk\u00f6z egyszer\u0171en kezelhet\u0151, visel\u00e9se nem okoz kellemetlens\u00e9get, a gyermekek j\u00f3l toler\u00e1lj\u00e1k, ez\u00e9rt gondoltunk kutat\u00e1si c\u00e9lb\u00f3l t\u00f6rt\u00e9n\u0151 haszn\u00e1lat\u00e1ra m\u00e1s betegcsoportokban is.<\/p>\n<p>Napjainkban egyre nagyobb figyelmet kap az 1-es t\u00edpus\u00fa cukorbetegs\u00e9g antitest alap\u00fa sz\u0171r\u00e9se, \u00e9s a kisz\u0171rt gyermekek gondoz\u00e1sa. A kisz\u0171rt gyermekekn\u00e9l igazolhat\u00f3 az 1-es t\u00edpus\u00fa cukorbetegs\u00e9g h\u00e1tter\u00e9ben \u00e1ll\u00f3 autoimmun eredet, azonban t\u00fcneteik m\u00e9g nincsenek. Az \u0151 eset\u00fckben kiemelt jelent\u0151s\u00e9g\u0171 a sz\u00e9nhidr\u00e1th\u00e1ztart\u00e1s folyamatos k\u00f6vet\u00e9se, amire alkalmazhat\u00f3 a folyamatos gl\u00fck\u00f3zmonitor. Az irodalomban egyre t\u00f6bb forr\u00e1s jelenik meg a folyamatos gl\u00fck\u00f3zmonitorok a gyermekgy\u00f3gy\u00e1szat k\u00fcl\u00f6nb\u00f6z\u0151 ter\u00fcletein t\u00f6rt\u00e9n\u0151 felhaszn\u00e1l\u00e1s\u00e1r\u00f3l. T\u00f6bb tanulm\u00e1ny foglalkozik elh\u00edz\u00e1ssal \u00e9l\u0151 gyermekek folyamatos gl\u00fck\u00f3zmonitoriz\u00e1l\u00e1s\u00e1val, arr\u00f3l is besz\u00e1moltak, hogy eset\u00fckben is \u00e9szre lehet venni a korai sz\u00e9nhidr\u00e1tanyagcserezavart a folyamatos gl\u00fck\u00f3zmonitor seg\u00edts\u00e9g\u00e9vel.<\/p>\n<p>A vizsg\u00e1lat kiterjed az elh\u00edz\u00e1ssal \u00e9l\u0151 gyermekekre is, akikn\u00e9l a szakirodalmi adatok alapj\u00e1n szint\u00e9n megfigyelhet\u0151k korai sz\u00e9nhidr\u00e1tanyagcsere-zavarok. Dr. Muzslay Eszter klinikai k\u00f6rnyezetben tervezi az eszk\u00f6z alkalmaz\u00e1s\u00e1t ebben a betegcsoportban, a k\u00e9s\u0151bbiekben pedig \u2013 a nemzetk\u00f6zi szakirodalom \u00e9s aktu\u00e1lis tudom\u00e1nyos eredm\u00e9nyek t\u00fckr\u00e9ben \u2013 a vizsg\u00e1lati popul\u00e1ci\u00f3 b\u0151v\u00edt\u00e9s\u00e9t, \u00fajabb indik\u00e1ci\u00f3s ter\u00fcletek felt\u00e9rk\u00e9pez\u00e9s\u00e9t is c\u00e9lul t\u0171zi ki.<\/p>\n<p>Dr. Muzslay Eszter k\u00f6zlem\u00e9nyei \u00e9s tudom\u00e1nymetriai mutat\u00f3i <em><strong><a href=\"https:\/\/m2.mtmt.hu\/api\/publication?cond=authors;in;10080326&amp;cond=category.mtid;eq;1&amp;labelLang=hun\" target=\"_blank\" rel=\"noopener\">itt<\/a> <\/strong><\/em>tekinthet\u0151k meg.<\/p>\n<\/div><\/div>\n","protected":false},"excerpt":{"rendered":"<p>2023-ban a B\u00f3kay Gyermekklinik\u00e1\u00e9rt K\u00f6zhaszn\u00fa Alap\u00edtv\u00e1ny Simon Ott\u00f3 eml\u00e9k\u00e9t meg\u0151rizve, kutat\u00e1si \u00f6szt\u00f6nd\u00edjat alap\u00edtott. A kutat\u00e1si \u00f6szt\u00f6nd\u00edjat minden \u00e9vben 1 f\u0151, a Semmelweis Egyetem B\u00f3kay Gyermekklinik\u00e1j\u00e1n dolgoz\u00f3 fiatal, 40 \u00e9v alatti szakorvos, szakorvosjel\u00f6lt vagy a szakter\u00fcleten kutat\u00f3 posztdoktor vagy PhD hallgat\u00f3 (bele\u00e9rtve minden eg\u00e9szs\u00e9g\u00fcgyi fels\u0151fok\u00fa v\u00e9gzetts\u00e9ggel rendelkez\u0151t) nyerheti el p\u00e1ly\u00e1zat \u00fatj\u00e1n. Az \u00f6szt\u00f6nd\u00edj k\u00e9t f\u0151 c\u00e9lja: &hellip;<\/p>\n","protected":false},"author":101853,"featured_media":0,"parent":15,"menu_order":0,"comment_status":"closed","ping_status":"closed","template":"","meta":{"_acf_changed":false,"footnotes":""},"categories":[],"tags":[],"class_list":["post-4283","page","type-page","status-publish","hentry"],"acf":[],"_links":{"self":[{"href":"https:\/\/semmelweis.hu\/bokayklinika\/wp-json\/wp\/v2\/pages\/4283","targetHints":{"allow":["GET"]}}],"collection":[{"href":"https:\/\/semmelweis.hu\/bokayklinika\/wp-json\/wp\/v2\/pages"}],"about":[{"href":"https:\/\/semmelweis.hu\/bokayklinika\/wp-json\/wp\/v2\/types\/page"}],"author":[{"embeddable":true,"href":"https:\/\/semmelweis.hu\/bokayklinika\/wp-json\/wp\/v2\/users\/101853"}],"replies":[{"embeddable":true,"href":"https:\/\/semmelweis.hu\/bokayklinika\/wp-json\/wp\/v2\/comments?post=4283"}],"version-history":[{"count":11,"href":"https:\/\/semmelweis.hu\/bokayklinika\/wp-json\/wp\/v2\/pages\/4283\/revisions"}],"predecessor-version":[{"id":8226,"href":"https:\/\/semmelweis.hu\/bokayklinika\/wp-json\/wp\/v2\/pages\/4283\/revisions\/8226"}],"up":[{"embeddable":true,"href":"https:\/\/semmelweis.hu\/bokayklinika\/wp-json\/wp\/v2\/pages\/15"}],"wp:attachment":[{"href":"https:\/\/semmelweis.hu\/bokayklinika\/wp-json\/wp\/v2\/media?parent=4283"}],"wp:term":[{"taxonomy":"category","embeddable":true,"href":"https:\/\/semmelweis.hu\/bokayklinika\/wp-json\/wp\/v2\/categories?post=4283"},{"taxonomy":"post_tag","embeddable":true,"href":"https:\/\/semmelweis.hu\/bokayklinika\/wp-json\/wp\/v2\/tags?post=4283"}],"curies":[{"name":"wp","href":"https:\/\/api.w.org\/{rel}","templated":true}]}}