{"id":1087,"date":"2020-06-30T14:04:12","date_gmt":"2020-06-30T12:04:12","guid":{"rendered":"https:\/\/semmelweis.hu\/gyermekklinika1\/?page_id=1087"},"modified":"2025-03-17T09:05:31","modified_gmt":"2025-03-17T08:05:31","slug":"arcrekonstrukcios-centrum","status":"publish","type":"page","link":"https:\/\/semmelweis.hu\/bokayklinika\/betegellatas\/fekvobeteg-ellatas\/arcrekonstrukcios-centrum\/","title":{"rendered":"Arcrekonstrukci\u00f3s Centrum"},"content":{"rendered":"<div style=\"text-align: justify\">\n<div class=\"keretes\">\n<p><strong>Oszt\u00e1lyvezet\u0151: <\/strong>Dr. Nagy Kriszti\u00e1n PhD.<strong><br \/>\nOszt\u00e1lyvezet\u0151 f\u0151n\u0151v\u00e9r:<\/strong>\u00a0Bartha Vikt\u00f3ria<br \/>\n<strong>Telefon:<\/strong>\u00a0+36-1-334-3186 \/52642<\/p>\n<p><strong>Betegjogi k\u00e9pvisel\u0151:<\/strong>\u00a0 \u00a0 \u00a0 \u00a0 \u00a0 \u00a0 \u00a0 \u00a0 \u00a0 \u00a0 Erhardtn\u00e9 Dr. Gach\u00e1lyi Anik\u00f3 \u00a0 <a href=\"https:\/\/semmelweis.hu\/bokayklinika\/betegellatas\/betegjogi-kepviselo\/\">el\u00e9rhet\u0151s\u00e9g \u00e9s fogad\u00f3 \u00f3ra<\/a><\/p>\n<\/div>\n<\/div>\n<p style=\"text-align: justify\">Kedves Sz\u00fcl\u0151k!<\/p>\n<p style=\"text-align: justify\">K\u00f6sz\u00f6ntj\u00fck \u00d6n\u00f6ket a Gyermekklinika (B\u00f3kay utcai r\u00e9szleg) Arcrekonstrukci\u00f3s Centrum\u00e1ban!<\/p>\n<p style=\"text-align: justify\"><strong>K\u00fcldet\u00e9s\u00fcnk<\/strong><\/p>\n<p style=\"text-align: justify\">Az A.R.C. (Arcrekonstrukci\u00f3s Centrum) c\u00e9lja, hogy az arcfejl\u0151d\u00e9si rendelleness\u00e9gekkel sz\u00fcletett gyerekek sz\u00fclei egy helyen, egy team-ben megtal\u00e1lj\u00e1k mindazokat az orvosokat \u00e9s szakembereket, akiknek tan\u00e1cs\u00e1ra \u00e9s szak\u00e9rtelm\u00e9re nagy sz\u00fcks\u00e9g\u00fck van.<\/p>\n<p style=\"text-align: justify\">Koll\u00e9g\u00e1ink \u2014 a gyermek sz\u00fclet\u00e9s\u00e9t\u0151l (de ak\u00e1r magzati kor\u00e1t\u00f3l) eg\u00e9szen a gy\u00f3gyul\u00e1sig\u2014 v\u00e9gigk\u00eds\u00e9rik \u00e9s seg\u00edtik a csal\u00e1dot, legyen sz\u00f3 seb\u00e9szi beavatkoz\u00e1sr\u00f3l, fogszab\u00e1lyoz\u00e1sr\u00f3l, logop\u00e9diai kezel\u00e9sr\u0151l \u00e9s genetikai, pszichol\u00f3giai vagy \u00e9ppen t\u00e1pl\u00e1l\u00e1si tan\u00e1csad\u00e1sr\u00f3l.<\/p>\n<p style=\"margin-top: 0cm\"><b><span style=\"font-size: 15.0pt;font-family: 'PT Serif',serif;color: #1e2326\">Az oszt\u00e1ly telefonsz\u00e1ma:<\/span><\/b><\/p>\n<p>+36-1-334-3186\/52642-es mell\u00e9k (ARC oszt\u00e1ly)<\/p>\n<p><strong>Tov\u00e1bbi orvosaink: \u00a0<\/strong><\/p>\n<table style=\"border-collapse: collapse;width: 100%\">\n<tbody>\n<tr>\n<td style=\"width: 50%\">Dr. Farkas Zs\u00f3fia<\/td>\n<td style=\"width: 50%\">arc-, \u00e1llcsont- \u00e9s sz\u00e1jseb\u00e9sz<\/td>\n<\/tr>\n<tr>\n<td style=\"width: 50%\">Dr. Ilonczai Larisza<\/td>\n<td style=\"width: 50%\">f\u00fcl-orr-g\u00e9ge szakorvos<\/td>\n<\/tr>\n<tr>\n<td style=\"width: 50%\">Dr. M\u00e9sz\u00e1ros Bence<\/td>\n<td style=\"width: 50%\">arc-, \u00e1llcsont- \u00e9s sz\u00e1jseb\u00e9sz<\/td>\n<\/tr>\n<tr>\n<td style=\"width: 50%\">Dr. W\u00fcrsching Tam\u00e1s<\/td>\n<td style=\"width: 50%\">arc-, \u00e1llcsont- \u00e9s sz\u00e1jseb\u00e9sz<\/td>\n<\/tr>\n<\/tbody>\n<\/table>\n<p>&nbsp;<\/p>\n<table style=\"border-collapse: collapse;width: 100%\">\n<tbody>\n<tr>\n<td style=\"width: 50%\"><strong>F\u0151n\u0151v\u00e9r: <\/strong><\/td>\n<td style=\"width: 50%\">Bartha Vikt\u00f3ria<\/td>\n<\/tr>\n<tr>\n<td style=\"width: 50%\"><strong>Szakasszisztensek\/Szak\u00e1pol\u00f3k:<\/strong><\/td>\n<td style=\"width: 50%\">Kassai Andrea, Krizs\u00e1n Kevin, Bern\u00e1tn\u00e9 Torma Fanni<\/td>\n<\/tr>\n<tr>\n<td style=\"width: 50%\"><strong>Logop\u00e9dusok:<\/strong><\/td>\n<td style=\"width: 50%\"><span style=\"font-size: 15.0pt;font-family: 'PT Serif',serif;color: #1e2326\">Dvor\u00e1k Ildik\u00f3, Estef\u00e1n Lea, Fin\u00e1czy Bernadett, Simonn\u00e9 Nagy Erzs\u00e9bet<\/span><\/td>\n<\/tr>\n<tr>\n<td style=\"width: 50%\"><strong>Szoptat\u00e1si \u00e9s t\u00e1pl\u00e1l\u00e1si tan\u00e1csad\u00f3:<\/strong><\/td>\n<td style=\"width: 50%\">Bodroghelyi M\u00f3nika<\/td>\n<\/tr>\n<\/tbody>\n<\/table>\n<p>&nbsp;<\/p>\n<p style=\"text-align: justify\"><strong>Ell\u00e1t\u00e1si ter\u00fcletek<\/strong><\/p>\n<div class=\"exp-col-content-holder\"><a class=\"expand-cnt-link\" href=\"#\">Ajak- \u00e9s sz\u00e1jpadhasad\u00e9kok seb\u00e9szete<\/a><\/p>\n<div class=\"hidden-content\">\n<p class=\"hiddenContentp\">Az ajak-, a\u0301llcsont e\u0301s\/vagy sza\u0301jpadhasade\u0301k olyan veleszu\u0308letett rendellenesse\u0301g, amit a magzat abnorma\u0301lis arcfejlo\u030bde\u0301se okoz. Az ajakhasade\u0301k e\u0301s a sza\u0301jpadhasade\u0301k elo\u030bfordulhat ku\u0308lo\u0308n-ku\u0308lo\u0308n e\u0301s egyu\u0308ttesen is. Ezek a rendellenesse\u0301gek a leggyakoribb varia\u0301cio\u0301i az u\u0301gynevezett \u201earchasade\u0301koknak\u201d. Az ajak- e\u0301s sza\u0301jpadhasade\u0301k a leggyakoribb arcot e\u0301rinto\u030b veleszu\u0308letett rendellenesse\u0301g, elo\u030bfordula\u0301si gyakorisa\u0301ga az euro\u0301pai orsza\u0301gokban 1\/700 az e\u0301lve szu\u0308letett u\u0301jszu\u0308lo\u0308ttek ko\u0308zo\u0308tt.<\/p>\n<p style=\"text-align: justify\">Az ajak-, a\u0301llcsont e\u0301s sza\u0301jpadhasade\u0301kok igen va\u0301ltozatos forma\u0301kban e\u0301s kombina\u0301cio\u0301kban jelentkezhetnek. Az alig e\u0301szreveheto\u030b, nya\u0301lkaha\u0301rtya vagy bo\u030br alatti izomhia\u0301nyossa\u0301gokto\u0301l, az ege\u0301sz arc harmo\u0301nia\u0301ja\u0301t megbonto\u0301, sze\u0301les ajak- e\u0301s sza\u0301jpadhasade\u0301kokig rengeteg varia\u0301cio\u0301 fordul elo\u030b (pl. Tessier- fe\u0301le archasade\u0301kok).<\/p>\n<p style=\"text-align: justify\">Minden gyermek e\u0301s felno\u030btt esete\u0301ben, akinek valamilyen archasade\u0301ka van, egye\u0301nre szabott kezele\u0301si tervre van szu\u0308kse\u0301g, hogy a leheto\u030b legkedvezo\u030bbb legyen az eredme\u0301ny.<\/p>\n<p style=\"text-align: justify\"><strong>\u00a0<\/strong><\/p>\n<p style=\"text-align: justify\"><strong>Kezele\u0301si ira\u0301nyelvek <\/strong><\/p>\n<p style=\"text-align: justify\">Az ajak-, a\u0301llcsont e\u0301s sza\u0301jpadhasade\u0301k jo\u0301l kezelheto\u030b elva\u0301ltoza\u0301s. A kezele\u0301s menete alapveto\u030ben a hasade\u0301k ti\u0301pusa\u0301to\u0301l e\u0301s az elva\u0301ltoza\u0301s su\u0301lyossa\u0301ga\u0301to\u0301l fu\u0308gg. A pa\u0301ciensek kezele\u0301se o\u0308sszetett, multidiszciplina\u0301ris, sok szakember egyu\u0308ttmu\u030bko\u0308de\u0301se\u0301t ige\u0301nylo\u030b, e\u0301veken a\u0301t tarto\u0301 folyamat.<\/p>\n<p style=\"text-align: justify\">Emiatt, a magas szi\u0301nvonalu\u0301 ella\u0301ta\u0301s csak ko\u0308zpontokban, craniofacialis e\u0301s hasade\u0301ksebe\u0301szeti csoportok ira\u0301nyi\u0301ta\u0301sa alatt valo\u0301si\u0301thato\u0301 meg. To\u0308bb ku\u0308lo\u0308nbo\u0308zo\u030b sebe\u0301szi kezele\u0301si terv e\u0301s megko\u0308zeli\u0301te\u0301si strate\u0301gia le\u0301tezik. Ezek valamennyien megfelelnek a szakmai szaba\u0301lyoknak, ha az archasade\u0301kos gyermeket szu\u0308lete\u0301se\u0301to\u030bl &#8211; vagy aka\u0301r ma\u0301r a szu\u0308lete\u0301se elo\u030btti ido\u030bkto\u030bl \u2013 az arc fejlo\u030bde\u0301se\u0301nek befejezte\u0301ig, de legala\u0301bb 16 e\u0301ves korig ve\u0301gigki\u0301se\u0301rik, e\u0301s a sebe\u0301szi kezele\u0301sen ki\u0301vu\u030bl gondoskodnak rendszeres fu\u0308l-orr-ge\u0301ge\u0301szeti, logope\u0301diai e\u0301s fogszaba\u0301lyoza\u0301si elleno\u030brze\u0301sro\u030bl is, amik ne\u0301lku\u0308l nem e\u0301rheto\u030b el a ki\u0301va\u0301nt eredme\u0301ny.<\/p>\n<p style=\"text-align: justify\">Az alapveto\u030ben elfogadott kezele\u0301si ira\u0301nyelveket e\u0301s a kezele\u0301s sora\u0301n az egyes mu\u030bte\u0301tek ido\u030bzi\u0301te\u0301se\u0301t a postnatalis arcfejlo\u030bde\u0301s e\u0301rdeke\u0301ben tartani kell, de egyes ku\u0308lo\u0308nleges, ritka, vagy a klasszikus kezele\u0301si ira\u0301nyelvekkel nem kezelheto\u030b esetekben az individua\u0301lis, sikeres kezele\u0301s e\u0301rdeke\u0301ben el leheet te\u0301rni a protokollto\u0301l (Tessier hasade\u0301kok, hypoplasticus esetek, egye\u0301b genetikai malforma\u0301cio\u0301khoz ta\u0301rsulo\u0301 archasade\u0301kok esete\u0301ben).<\/p>\n<p style=\"text-align: justify\">A szu\u0308lete\u0301s uta\u0301n pa\u0301r ho\u0301napon, de maximum fe\u0301l e\u0301ven belu\u0308l za\u0301rni kell az ajakhasade\u0301kot.<\/p>\n<p style=\"text-align: justify\">Azuta\u0301n a gyermek besze\u0301dfejlo\u030bde\u0301se\u0301nek biztosi\u0301ta\u0301sa miatt 9-12 ho\u0301napos kor ko\u0308zo\u0308tt, de legke\u0301so\u030bbb 18 ho\u0301napos korig za\u0301rni kell a la\u0301gysza\u0301jpadot, ku\u0308lo\u0308n, vagy a keme\u0301nysza\u0301jpaddal egyu\u0308tt. Ha ku\u0308lo\u0308n to\u0308rte\u0301nt a la\u0301gysza\u0301jpad za\u0301ra\u0301sa, akkor a gyermek e\u0301s a maxilla fejlo\u030bde\u0301se\u0301to\u030bl fu\u0308ggo\u030ben (keresztharapa\u0301s, premaxilla helyzete) 3-5 e\u0301ves kor ko\u0308ru\u0308l za\u0301rni kell a keme\u0301nysza\u0301jpadot is.<\/p>\n<p style=\"text-align: justify\">Ezuta\u0301n a fogmedernyu\u0301lva\u0301ny za\u0301ra\u0301sa ko\u0308vetkezik, a\u0301ltala\u0301ban 8-10 e\u0301ves kor ko\u0308ru\u0308l, ba\u0301r ez nagy varia\u0301cio\u0301t mutat, e\u0301s alapveto\u030ben a fogszaba\u0301lyozo\u0301 elo\u030bke\u0301szi\u0301te\u0301s hata\u0301rozza meg.<\/p>\n<p style=\"text-align: justify\">A sza\u0301jpadhasade\u0301k nagy vesze\u0301lye, hogy a ko\u0308ze\u0301pfu\u0308let a garattal o\u0308sszeko\u0308to\u030b fu\u0308lku\u0308rt nem mu\u030bko\u0308dik megfelelo\u030ben, e\u0301s ez va\u0301lade\u0301kpanga\u0301shoz, ko\u0308ze\u0301p-fu\u0308lgyullada\u0301shoz vezethet. Eze\u0301rt a mu\u030bte\u0301tek sora\u0301n a ko\u0308ze\u0301pfu\u0308l a\u0301llapota\u0301t is elleno\u030brzni kell rutinszeru\u030ben, e\u0301s a mu\u030bte\u0301tek ko\u0308zo\u0308tti ido\u030bben is rendszeres fu\u0308l-orr- ge\u0301ge\u0301szeti gondoza\u0301s to\u0308rte\u0301nik.<\/p>\n<p style=\"text-align: justify\"><strong>\u00a0<\/strong><\/p>\n<p style=\"text-align: justify\"><strong>Sebe\u0301szi kezele\u0301s <\/strong><\/p>\n<p style=\"text-align: justify\">A sebe\u0301szi kezele\u0301s tala\u0301n legfontosabb szempontja, hogy az elso\u030b beavatkoza\u0301s olyan sebe\u0301sz a\u0301ltal to\u0308rte\u0301njen, aki a\u0301tla\u0301tja e\u0301s ke\u0301pes ve\u0301ghezvinni a teljes kezele\u0301si tervet, e\u0301s ve\u0301gigko\u0308veti a gyermeket a teljes rehabilita\u0301cio\u0301 sora\u0301n. Csak akkor va\u0301rhato\u0301 el optima\u0301lis eredme\u0301ny, ha az elso\u030b mu\u030bte\u0301t ma\u0301r u\u0301gy to\u0308rte\u0301nik, hogy a sebe\u0301sz gondol a legutolso\u0301 bevatkoza\u0301sra is.<\/p>\n<p style=\"text-align: justify\"><strong>\u00a0<\/strong><\/p>\n<p style=\"text-align: justify\"><strong>ELS\u0150DLEGES M\u0170T\u00c9TEK<\/strong><\/p>\n<p style=\"text-align: justify\">Ba\u0301r a protokoll az elva\u0301ltoza\u0301s ti\u0301pusa\u0301to\u0301l is fu\u0308gg, alapveto\u030ben a ko\u0308vetkezo\u030b mu\u030bte\u0301tekre lehet szu\u0308kse\u0301g a teljes rehabilita\u0301cio\u0301ig:<\/p>\n<ol style=\"text-align: justify\">\n<li><strong>Ajak\/orr adhe\u0301zio\u0301 (ritk\u00e1n van sz\u00fcks\u00e9g erre)<\/strong><\/li>\n<\/ol>\n<p style=\"text-align: justify\">A deforma\u0301lt a\u0301llcsontok e\u0301s az orr helyzete\u0301nek megfelelo\u030b pozi\u0301cio\u0301ba vezete\u0301se, ami a ve\u0301gleges mu\u030bte\u0301t eredme\u0301nyesse\u0301ge\u0301t nagyme\u0301rte\u0301kben befolya\u0301solja \u2013 erre a beavatkoza\u0301sra nem mindig van szu\u0308kse\u0301g, el\/kihagyhato\u0301 e\u0301s kiva\u0301lthato\u0301 nem sebe\u0301szi ella\u0301ta\u0301ssal is (PNAM, ira\u0301nyi\u0301tott orr- e\u0301s a\u0301llcsontfejlo\u030bde\u0301s)<\/p>\n<p style=\"text-align: justify\">Ideje: 6-8 hetes kor, ha nincs egye\u0301b priorita\u0301s<\/p>\n<ol style=\"text-align: justify\" start=\"2\">\n<li><strong>Ve\u0301gleges ajakza\u0301ra\u0301s<\/strong><\/li>\n<\/ol>\n<p style=\"text-align: justify\">Uni- vagy bilateralis ajakhasade\u0301k esete\u0301n ma\u0301s mu\u030bte\u0301ti technika, mindig az individua\u0301lis esetnek megfelelo\u030ben adapta\u0301lt technika, az ismert e\u0301s elfogadott mu\u030bte\u0301ti elja\u0301ra\u0301sok ko\u0308zu\u0308l va\u0301lasztva (Millard, Tennison-Randall, Fisher, Pfeiffer, Delaire fe\u0301le klasszikus vagy mo\u0301dosi\u0301tott elja\u0301ra\u0301sok). A mu\u030bte\u0301t sora\u0301n az orrdeformita\u0301s kezele\u0301se\u0301t minima\u0301lisan invazi\u0301v mo\u0301don kell ve\u0301gezni, nem sebe\u0301szi eszko\u0308zo\u0308k (nostril retainer) haszna\u0301lata is ige\u0301nybe veheto\u030b, e\u0301s javasolt az orrdeformita\u0301s korrekcio\u0301ja\u0301ra.<\/p>\n<p style=\"text-align: justify\">Ideje: 3-5 ho\u0301napos kor, ha nincs egye\u0301b priorita\u0301s<\/p>\n<ol style=\"text-align: justify\" start=\"3\">\n<li><strong>La\u0301gysza\u0301jpad-hasade\u0301k za\u0301ra\u0301sa:<\/strong><\/li>\n<\/ol>\n<p style=\"text-align: justify\">A teljes sza\u0301jpadhasade\u0301k za\u0301ra\u0301sa\u0301ra to\u0308rekszu\u0308nk egy le\u0301pe\u0301sben. A rugae palatinae teru\u0308lete\u0301ig terjedo\u030b sza\u0301jpadhasade\u0301k esete\u0301ben a maxilla transversalis no\u0308vekede\u0301se\u0301nek elmarada\u0301sa rea\u0301lis vesze\u0301ly, eze\u0301rt 1 e\u0301ves kor ko\u0308ru\u0308l ez a teru\u0308let elkeru\u0308lendo\u030b. A la\u0301gysza\u0301jpad za\u0301ra\u0301sakor alapveto\u030ben fontos az oro-nasalis fistual za\u0301ra\u0301sa, a la\u0301gysza\u0301jpad-izomzat rekonstrukcio\u0301ja e\u0301s amegfelelo\u030b sza\u0301jpad-hossz biztosi\u0301ta\u0301sa. Minden olyan mu\u030bte\u0301ttechnika, ami ezt a ha\u0301rom aspektust biztosi\u0301tja, alkalmazhato\u0301 \u2013 a Furlow-fe\u0301le e\u0301s a Sommerlad-fe\u0301le technika\u0301k e\u0301s azok kombina\u0301cio\u0301ja, vagy ku\u0308lo\u0308nbo\u0308zo\u030b push-back technika\u0301k<\/p>\n<p style=\"text-align: justify\">Ideje: 9-12 ho\u0301napos kor, ha nincs egye\u0301b priorita\u0301s<\/p>\n<ol style=\"text-align: justify\" start=\"4\">\n<li><strong>Keme\u0301nysza\u0301jpad za\u0301ra\u0301sa:<\/strong><\/li>\n<\/ol>\n<p style=\"text-align: justify\">Amennyiben a sza\u0301jpad za\u0301ra\u0301sa ke\u0301t le\u0301pe\u0301sben to\u0308rte\u0301nik, a maxilla e\u0301s a fogak fejlo\u030bde\u0301se\u0301nek, illetve a besze\u0301dfejleszte\u0301snek megfelelo\u030ben kell a maxilla elu\u0308lso\u030b re\u0301sze\u0301t za\u0301rni. Erre ba\u0301rmilyen, a ke\u0301tre\u0301tegu\u030b (nasalis e\u0301s oralis) nya\u0301lkaha\u0301rtya- za\u0301ra\u0301st biztosi\u0301to\u0301 mu\u030bte\u0301ttechnika elkalmazhato\u0301<\/p>\n<p style=\"text-align: justify\">Ideje: 3-5 e\u0301ves kor, ha nincs egye\u0301b priorita\u0301s<\/p>\n<ol style=\"text-align: justify\" start=\"5\">\n<li><strong>A fogmedernyu\u0301lva\u0301ny hasade\u0301ka\u0301nak za\u0301ra\u0301sa (nasoalveolaris graft)<\/strong><\/li>\n<\/ol>\n<p style=\"text-align: justify\">A primer mu\u030bte\u0301ti sorozat a\u0301ltala\u0301ban utolso\u0301 le\u0301pe\u0301se, amikor a maxilla csontos defektusa\u0301nak rekonstrukcio\u0301ja to\u0308rte\u0301nik. Ideje elso\u030bsorban a fogak fejlo\u030bde\u0301se e\u0301s a\u0301tto\u0308re\u0301se hata\u0301rozza meg, teha\u0301t minden esetben fogszaba\u0301lyozo\u0301 kezele\u0301s e\u0301s konzi\u0301lium kell, hogy megelo\u030bzze a sebe\u0301szi beavatkoza\u0301st. A korrekt mu\u030bte\u0301tterveze\u0301shez a mai szakmai ira\u0301nyelvek alapja\u0301n a CBCT\/DVT ke\u0301palkoto\u0301 vizsga\u0301lat egye\u0301rtelmu\u030ben javasolt. A mu\u030bte\u0301ti beavatkoza\u0301s sora\u0301n a nasoalveolaris defekus po\u0301tla\u0301sa\u0301ra leginka\u0301bb autolo\u0301g csipo\u030bcsont (corticalis\/spongiosus graft) transzpalnta\u0301cio\u0301ja aja\u0301nlott, de alkalmazhato\u0301 autolo\u0301g csontgraft a mandibula\u0301bo\u0301l is. A nem autolo\u0301g graftok alkalmaza\u0301sa ke\u0301tse\u0301ges hosszu\u0301ta\u0301vu\u0301 sikeresse\u0301ggel alkalmazhato\u0301, eze\u0301rt o\u0308na\u0301llo\u0301an nem javasolt. A csontgraft bee\u0301pu\u0308le\u0301se\u0301hez egy, a nasalis, palatinalis e\u0301s vestibularis oldalon is za\u0301rt nya\u0301lkaha\u0301rtya u\u0308reg ke\u0301pzendo\u030b, ami a megfelelo\u030b nya\u0301lkaha\u0301rtya-lebenyek prepara\u0301la\u0301sa\u0301t felte\u0301telezi. Erre is to\u0308bb klasszikus mu\u030bte\u0301ttechnika le\u0301tezik, ezek ko\u0308zu\u0308l az individua\u0301lis esetnek megfelelo\u030bt kell va\u0301lasztani.<\/p>\n<p style=\"text-align: justify\">Ideje: 8-10 e\u0301ves kor, ha nincs egye\u0301b priorita\u0301s<\/p>\n<p style=\"text-align: justify\">\u00a0<\/p>\n<p style=\"text-align: justify\"><strong>M\u00c1SODLAGOS M\u0170T\u00c9TEK<\/strong><\/p>\n<p style=\"text-align: justify\">U\u0301jabb, ma\u0301sodlagos mu\u030bte\u0301tekre lehet szu\u0308kse\u0301g a kezele\u0301s sora\u0301n, ha a primer eredme\u0301ny eszte\u0301tikailag e\u0301s funkciona\u0301lisan nem megfelelo\u030b. Ezek a korrekcio\u0301k e\u0301rinthetik az ajkat, vagy az orrot, a sza\u0301jpadla\u0301st vagy a garatot. Ne\u0301ha az ege\u0301sz mu\u030bte\u0301ti szekvencia megisme\u0301tle\u0301se\u0301re is sor keru\u0308lhet, aka\u0301r felno\u030btt korban is, ha valmilyen okbo\u0301l kora\u0301bban elmaradtak a szu\u0308kse\u0301ges beavatkoza\u0301sok.<\/p>\n<p style=\"text-align: justify\">Ezek a ma\u0301sodlagos mu\u030bte\u0301tek jo\u0301val megterhelo\u030bbbek a gyermekkorban ve\u0301gzettekne\u0301l, e\u0301s gyakran csak javi\u0301tanak az a\u0301llapoton, de nem hoznak to\u0308ke\u0301letes eredme\u0301nyt. Emiatt jo\u0301l meg kell gondolni e\u0301s elo\u030bre meg kell tervezni ezeket a beavatkoza\u0301sokat, mert csak akkor van e\u0301rtelmu\u0308k, ha valo\u0301ban segi\u0301tenek, e\u0301s nem rontanak a helyzeten<\/p>\n<p style=\"text-align: justify\">\u00a0<\/p>\n<ol style=\"text-align: justify\">\n<li><strong>Garatplasztika\/besze\u0301djavi\u0301to\u0301 mu\u030bte\u0301tek<\/strong><\/li>\n<\/ol>\n<p style=\"text-align: justify\">Amennyiben a megfelelo\u030b logope\u0301diai gondoza\u0301s mellett a pa\u0301ciens besze\u0301de nem kiele\u0301gi\u0301to\u030b, nyi\u0301lt orrhangzo\u0301s besze\u0301d, vagy egye\u0301b besze\u0301dhiba van jelen, E\u0301S a klinikai, esetleges fiberoendoszko\u0301pos vagy egye\u0301b radiolo\u0301giai vizsga\u0301latok anato\u0301miai proble\u0301ma\u0301t (ro\u0308vid, heges, nem mozgo\u0301 sza\u0301jpad) mutatnak, leheto\u030bse\u0301g van ma\u0301sodlagos besze\u0301djavi\u0301to\u0301 mu\u030bte\u0301t elve\u0301gze\u0301se\u0301re. Erre to\u0308bb elja\u0301ra\u0301s le\u0301tezik (Hynes-, Sanvenero-Roselli-, Orticochea-fe\u0301le garatlebenyek, reopera\u0301cio\u0301k Furlow- vagy Sommerlad szerint). A mu\u030bte\u0301t sora\u0301n nem anato\u0301mikus helyzetet teremthetu\u0308nk, teha\u0301t az indika\u0301cio\u0301 fela\u0301lli\u0301ta\u0301sa minden esetben logope\u0301dus szakember bevona\u0301sa\u0301val to\u0308rte\u0301nik.<\/p>\n<ol style=\"text-align: justify\" start=\"2\">\n<li><strong>Orrplasztika<\/strong><\/li>\n<\/ol>\n<p style=\"text-align: justify\">Az ajakhasade\u0301khoz gyakorlatilag minden esetben ta\u0301rsul az orr valamilyen defektusa. Amennyiben ez a primer mu\u030bte\u0301tekkel e\u0301s nem sebe\u0301szi beavatkoza\u0301sokkal nem javul, a pa\u0301ciens sza\u0301ma\u0301ra eszte\u0301tikailag zavaro\u0301, e\u0301s objekti\u0301van azonosi\u0301thato\u0301 deformita\u0301s, leheto\u030bse\u0301g van ma\u0301sodlagosan orrplasztika ve\u0301gze\u0301se\u0301re. Javasolt a nasoalveolaris graft behelyeze\u0301se uta\u0301n (amennyiben erre szu\u0308kse\u0301g volt) ve\u0301gezni, a puberta\u0301skorban (14 e\u0301ves kor uta\u0301n). Az orrplasztikai technika\u0301k sokre\u0301tu\u030bse\u0301ge e\u0301s a jelento\u030bs pszicholo\u0301giai terhele\u0301s miatt javasolt orrplasztika\u0301ban ja\u0301ratos sebe\u0301sznek ve\u0301gezni ezeket a mu\u030bte\u0301teket.<\/p>\n<p style=\"text-align: justify\">\u00a0<\/p>\n<\/div>\n<\/div>\n<div class=\"exp-col-content-holder\"><a class=\"expand-cnt-link\" href=\"#\">Arc- \u00e9s \u00e1llcsontdeformit\u00e1sok seb\u00e9szete<\/a><\/p>\n<div class=\"hidden-content\">\n<p style=\"text-align: justify\">Az arc- \u00e9s \u00e1llcsontdeformit\u00e1sok (dysgnathi\u00e1k) igen sokf\u00e9l\u00e9k, \u00e9s ennek megfelel\u0151en az arc- \u00e9s \u00e1llcsontseb\u00e9szeti szakirodalomban t\u00f6bbf\u00e9le csoportos\u00edt\u00e1suk, oszt\u00e1lyoz\u00e1suk tal\u00e1lhat\u00f3 meg. Ezek a deformit\u00e1sokat a fogazati anom\u00e1li\u00e1k (Angle I-III oszt\u00e1ly, keresztharap\u00e1s, nyitott harap\u00e1s, laterognathia), az \u00e1llcsontok egym\u00e1shoz val\u00f3 viszonya (mandibularis prognathia vagy retrognathia, maxillaris protrusio vagy retrusio), illetve az eg\u00e9sz arc k\u00fcls\u0151, fizikai megjelen\u00e9se (long-face, short-face, bird-face deformity) alapj\u00e1n \u00edrj\u00e1k le.<\/p>\n<p style=\"text-align: justify\">A modern arcseb\u00e9szet c\u00e9lja nem csak a fogazati anom\u00e1lia helyre\u00e1ll\u00edt\u00e1sa, hanem harmonikus, a kornak megfelel\u0151 ide\u00e1lis arcforma vissza\u00e1ll\u00edt\u00e1sa is. \u00a0A kezel\u00e9si terv kialak\u00edt\u00e1s\u00e1n\u00e1l, a beteg arc\u00e1nak megtervez\u00e9s\u00e9n\u00e9l els\u0151sorban arra t\u00f6reksz\u00fcnk, hogy a beteggel k\u00f6z\u00f6sen kiv\u00e1lasztott norm\u00e1knak megfelel\u0151, harmonikus arcot alkossunk.\u00a0 Ehhez a mai ir\u00e1nyelveknek megfelel\u0151 3D CT anal\u00edzist alkalmazunk. A kezel\u00e9s itt is \u00f6sszetett, t\u00f6bbl\u00e9pcs\u0151s folyamat, melyhez a legt\u00f6bb esetben fogszab\u00e1lyoz\u00f3 szakorvos \u00e9s idegseb\u00e9sz szakmai v\u00e9lem\u00e9ny\u00e9nek, munk\u00e1j\u00e1nak ig\u00e9nybe v\u00e9tel\u00e9re is sz\u00fcks\u00e9g van.<\/p>\n<\/div>\n<\/div>\n<div class=\"exp-col-content-holder\"><a class=\"expand-cnt-link\" href=\"#\">F\u00fcl-orr-g\u00e9g\u00e9szeti probl\u00e9m\u00e1k<\/a><\/p>\n<div class=\"hidden-content\">\n<p class=\"hiddenContentp\" style=\"text-align: justify\">A sz\u00e1jpadhasad\u00e9k nagy vesz\u00e9lye, hogy a k\u00f6z\u00e9pf\u00fclet a garattal \u00f6sszek\u00f6t\u0151 f\u00fclk\u00fcrt nem m\u0171k\u00f6dik megfelel\u0151en, \u00e9s ez v\u00e1lad\u00e9k-pang\u00e1shoz, k\u00f6z\u00e9pf\u00fclgyullad\u00e1shoz vezethet. Ez\u00e9rt a m\u0171t\u00e9tekhez kapcsol\u00f3d\u00f3an a k\u00f6z\u00e9pf\u00fcl \u00e1llapot\u00e1t is ellen\u0151rzik rutinszer\u0171en, \u00e9s a m\u0171t\u00e9tek k\u00f6z\u00f6tti id\u0151ben is rendszeres f\u00fcl-orr-g\u00e9g\u00e9szeti gondoz\u00e1s t\u00f6rt\u00e9nik.<\/p>\n<p style=\"text-align: justify\">\u00a0<\/p>\n<p style=\"text-align: justify\"><strong>Hogyan k\u00e9sz\u00fclj\u00fcnk fel otthon a k\u00f3rh\u00e1zi tart\u00f3zkod\u00e1sra \u00e9s a m\u0171t\u00e9tre?<\/strong><\/p>\n<p style=\"text-align: justify\">A m\u0171t\u00e9t el\u0151tti id\u0151szakban gyerek\u00fcnkkel meg kell besz\u00e9lni, hogy mi fog vele t\u00f6rt\u00e9nni a k\u00f3rh\u00e1zi tart\u00f3zkod\u00e1s alatt. \u0150szint\u00e9n v\u00e1laszolni kell minden k\u00e9rd\u00e9s\u00fckre \u00e9s el\u0151re jelezni kell, hogy bizonyos dolgok f\u00e1jdalommal j\u00e1rnak. Mindenki tudja \u2013 k\u00fcl\u00f6n\u00f6sen a gyerekek, hogy a v\u00e9rv\u00e9tel nem kellemes dolog. Fontos biztos\u00edtania a gyermeket arr\u00f3l, hogy az orvosok \u00e9s a n\u0151v\u00e9rek mind az\u00e9rt dolgoznak, mert szeretik \u0151ket, \u00e9s azt szeretn\u00e9k, hogy min\u00e9l hamarabb meggy\u00f3gyuljanak. A m\u0171t\u00e9tet altat\u00e1sban v\u00e9gezz\u00fck, \u00edgy maga a m\u0171t\u00e9t nem okoz f\u00e1jdalmat.<br \/>\nHa gyermek\u00fck ak\u00e1r f\u00fclgyullad\u00e1s vagy egy\u00e9b betegs\u00e9g miatt gy\u00f3gyszert szed, annak szed\u00e9s\u00e9t a m\u0171t\u00e9t idej\u00e9n is folytatni kell. M\u00e9g a m\u0171t\u00e9t reggel\u00e9n is, a megadott id\u0151pontig, kev\u00e9s v\u00edzzel be kell venni a gy\u00f3gyszert.<\/p>\n<p style=\"text-align: justify\">\u00a0<\/p>\n<p style=\"text-align: justify\"><strong>Mit kell hozni a m\u0171t\u00e9tre?<\/strong><\/p>\n<ul style=\"text-align: justify\">\n<li>Pizsam\u00e1t<\/li>\n<li>Papucsot<\/li>\n<li>B\u00f6gr\u00e9t<\/li>\n<li>Ev\u0151eszk\u00f6zt<\/li>\n<li>J\u00e1t\u00e9kokat (alv\u00f3s j\u00e1t\u00e9kot a m\u0171t\u0151be is behozhatj\u00e1k)<\/li>\n<li>Innival\u00f3t: sz\u00e9nsavmentes \u00e1sv\u00e1nyvizet, te\u00e1t, sz\u0171rt almalevet<\/li>\n<li>Ennival\u00f3t:<\/li>\n<li>P\u00e9pes \u00e9telek: puding, joghurt, t\u00far\u00f3rudi, ban\u00e1n<\/li>\n<li>Puha s\u00f3s \u00e9telek: sajtos pog\u00e1csa, k\u00f6lesgoly\u00f3, esetleg ropi<\/li>\n<li>Kisl\u00e1nyokn\u00e1l a m\u0171t\u00e9tre val\u00f3 felk\u00e9sz\u00fcl\u00e9s r\u00e9szek\u00e9nt ki kell venni a f\u00fclbeval\u00f3t \u00e9s hossz\u00fa haj eset\u00e9n <em style=\"font-size: 1rem\">k\u00e9toldali copfot<\/em><span style=\"font-size: 1rem\"> kell k\u00e9sz\u00edteni!<\/span><\/li>\n<\/ul>\n<p style=\"text-align: justify\">\u00a0<\/p>\n<p style=\"text-align: justify\"><strong>Mi t\u00f6rt\u00e9nik a k\u00f3rh\u00e1zi felv\u00e9tel napj\u00e1n?<\/strong><\/p>\n<p style=\"text-align: justify\">A k\u00f3rh\u00e1zi felv\u00e9telre a m\u0171t\u00e9t el\u0151tti munkanapon ker\u00fcl sor. K\u00e9rj\u00fck, hogy<em> gyermek\u00fck kor\u00e1bbi k\u00f3rh\u00e1zi z\u00e1r\u00f3jelent\u00e9seit hozz\u00e1k magukkal<\/em>! A k\u00f3rh\u00e1zi felv\u00e9tel napj\u00e1n (a m\u0171t\u00e9t el\u0151tti napon!) nem kell \u00e9hgyomorra \u00e9rkezni. S\u0151t, az\u00e9rt, hogy a v\u00e9rv\u00e9tel z\u00f6kken\u0151mentes legyen, fontos, hogy a gyermek\u00fck igyon \u00e9s \u00edgy a teltebb v\u00e9n\u00e1kkal egyszer\u0171s\u00edts\u00fck a v\u00e9rv\u00e9telt.<br \/>\nA Felv\u00e9teli irod\u00e1ba val\u00f3 bejelentkez\u00e9st k\u00f6vet\u0151en az 1. emeleten tal\u00e1lhat\u00f3 F\u00fcl-orr-g\u00e9g\u00e9szeti oszt\u00e1lyon kell jelentkezni. Itt t\u00f6rt\u00e9nik a gyermek\u00fck m\u0171t\u00e9t el\u0151tti f\u00fcl-orr-g\u00e9g\u00e9szeti vizsg\u00e1lata, az adminisztrat\u00edv feladatok (orvosi \u00e9s n\u0151v\u00e9ri kik\u00e9rdez\u00e9s, m\u0171t\u00e9ti \u00e9s altat\u00e1si beleegyez\u0151 nyilatkozatok kit\u00f6lt\u00e9se \u00e9s al\u00e1\u00edr\u00e1sa) elv\u00e9gz\u00e9se, a gyermekgy\u00f3gy\u00e1szati \u00e1ltal\u00e1nos vizsg\u00e1lat \u00e9s a v\u00e9rv\u00e9tel.<br \/>\nA v\u00e9rv\u00e9tel sor\u00e1n rutinszer\u0171en a v\u00e9rk\u00e9pet \u00e9s a v\u00e9ralvad\u00e1si param\u00e9tereket vizsg\u00e1ljuk.<\/p>\n<p style=\"text-align: justify\">\u00a0<\/p>\n<p style=\"text-align: justify\"><strong>Mi t\u00f6rt\u00e9nik a m\u0171t\u00e9t napj\u00e1n?<\/strong><\/p>\n<p style=\"text-align: justify\"><strong>Altat\u00e1s el\u0151tti \u00e9hgyomri szab\u00e1lyok:<\/strong><\/p>\n<ul style=\"text-align: justify\">\n<li><strong>Altat\u00e1s el\u0151tt 6 \u00f3r\u00e1val lehet utolj\u00e1ra enni \u00e9s tejet, gy\u00fcm\u00f6lcsl\u00e9t, t\u00e1pszert, sz\u00e9nsavas italt fogyasztani. <\/strong><\/li>\n<li><strong>Altat\u00e1s el\u0151tt 4 \u00f3r\u00e1val lehet utolj\u00e1ra gyermek\u00fcknek anyatejet adni. <\/strong><\/li>\n<li><strong>Altat\u00e1s el\u0151tt 1 \u00f3r\u00e1val lehet utolj\u00e1ra vizet \u00e9s te\u00e1t inni!<\/strong><\/li>\n<\/ul>\n<p style=\"text-align: justify\">Ezen szab\u00e1lyok figyelembe v\u00e9tel\u00e9vel k\u00e9rj\u00fck, hogy gyermek\u00fck a m\u0171t\u00e9t napj\u00e1n \u00e9hgyomorra legyen \u00e9s legk\u00e9s\u0151bb reggel 8 \u00f3r\u00e1ig igyon vizet vagy te\u00e1t!<\/p>\n<p style=\"text-align: justify\">A m\u0171t\u00e9t napj\u00e1nak reggel\u00e9n az altat\u00f3orvos megvizsg\u00e1lja gyermek\u00fcket \u00e9s kik\u00e9rdezi a sz\u00fcl\u0151ket a kor\u00e1bbi \u00e9s tart\u00f3san fenn\u00e1ll\u00f3 betegs\u00e9gekkel, gy\u00f3gyszer\u00e9rz\u00e9kenys\u00e9ggel kapcsolatban.<br \/>\nA k\u00f6zvetlen\u00fcl a m\u0171t\u00e9t el\u0151tti id\u0151szakban a v\u00e1rakoz\u00e1s j\u00e1t\u00e9kkal telik.<br \/>\n<em>Nagyon fontos \u00e9s sz\u00fcks\u00e9ges, hogy valamelyik sz\u00fcl\u0151 az eg\u00e9sz k\u00f3rh\u00e1zi tart\u00f3zkod\u00e1s alatt a gyermekkel legyen! <\/em>Sajnos a t\u00f6bb \u00e1gyas k\u00f3rtermek nem teszik lehet\u0151v\u00e9, hogy egyszerre mindk\u00e9t sz\u00fcl\u0151 az \u00e1gy mellett tart\u00f3zkodjon, de tetsz\u00e9s szerint v\u00e1lthatj\u00e1k egym\u00e1st az \u00e1gyn\u00e1l.<\/p>\n<p style=\"text-align: justify\">A m\u0171t\u00e9ti beavatkoz\u00e1s el\u0151tt a n\u0151v\u00e9r jelzi, hogy mikor kell elvinni a gyermeket pisilni. Ezut\u00e1n gyermek\u00fck gy\u00f3gyszeres el\u0151kezel\u00e9st kap. Ennek hat\u00e1s\u00e1ra a fesz\u00fclts\u00e9g old\u00f3dik, legt\u00f6bbsz\u00f6r nyugodt, sokszor m\u00e1r alv\u00f3 \u00e1llapotban ker\u00fclnek a gyerekek a m\u0171t\u0151be. Ezt az el\u0151k\u00e9sz\u00edt\u00e9st a f\u00e1jdalom elker\u00fcl\u00e9se \u00e9rdek\u00e9ben k\u00fap, tabletta vagy kis folyad\u00e9k (\u00e9s nem injekci\u00f3) form\u00e1j\u00e1ban kapj\u00e1k meg.<br \/>\nAmikor a m\u0171t\u0151sfi\u00fak a m\u0171t\u0151be viszik a gyerekeket, a sz\u00fcl\u0151k a m\u0171t\u0151ajtaj\u00e1ig k\u00eds\u00e9rhetik el \u0151ket.<br \/>\nA m\u0171t\u00e9tet k\u00f6vet\u0151en, a m\u0171t\u0151b\u0151l \u00e9bredez\u0151 \u00e1llapotban \u00e9rkezik vissza a gyermek a k\u00f3rterembe. Ilyenkor m\u00e9g nincs teljesen tudat\u00e1n\u00e1l, mozg\u00e1sa bizonytalan, nyugtalan lehet, s\u00edrhat, hosszabb-r\u00f6videbb id\u0151re visszaaludhat. Ez a jelens\u00e9g azzal magyar\u00e1zhat\u00f3, hogy k\u00fcl\u00f6nb\u00f6z\u0151 gyermekek elt\u00e9r\u0151 m\u00f3don reag\u00e1lnak az altat\u00e1sra, illetve az altat\u00f3szerekre.<\/p>\n<p style=\"text-align: justify\"><em>A m\u0171t\u00e9tet k\u00f6vet\u0151en inni csak akkor kaphat a gyermek, amikor m\u00e1r teljesen mag\u00e1hoz t\u00e9rt (ez kb. 1 \u00f3r\u00e1t vehet ig\u00e9nybe). Ennek meg\u00edt\u00e9l\u00e9s\u00e9ben a n\u0151v\u00e9r ny\u00fajt seg\u00edts\u00e9get! <\/em>El\u0151sz\u00f6r, am\u00edg az ut\u00f3v\u00e9rz\u00e9s vesz\u00e9lye fenn\u00e1ll, csak vizet vagy te\u00e1t fogyaszthat. Amennyiben v\u00e9rz\u00e9s nincsen, a n\u0151v\u00e9r vagy orvos utas\u00edt\u00e1s\u00e1nak megfelel\u0151en, kb. 2 \u00f3ra eltelt\u00e9vel ehet el\u0151sz\u00f6r, vagy ihat gy\u00fcm\u00f6lcslevet.<br \/>\nA hazamenetel id\u0151pontj\u00e1t a kezel\u0151orvos \u00e9s az altat\u00f3orvos hat\u00e1rozza meg. Orrmandula m\u0171t\u00e9tes gyermekek az esetek nagyobb r\u00e9sz\u00e9ben, a m\u0171t\u00e9tet k\u00f6vet\u0151en 4-6 \u00f3r\u00e1val m\u00e1r hazamehetnek. A torokmandula m\u0171t\u00e9t ut\u00e1n leghamarabb m\u00e1snap mehetnek haza a gyermekek.<\/p>\n<p style=\"text-align: justify\">Hazamenetel el\u0151tt gyermek\u00fcket a kezel\u0151orvos megvizsg\u00e1lja, megkapj\u00e1k a z\u00e1r\u00f3jelent\u00e9st \u00e9s az utas\u00edt\u00e1sokat az otthoni teend\u0151kkel kapcsolatban. Ekkor besz\u00e9lik meg a kontrollvizsg\u00e1lat id\u0151pontj\u00e1t is! Amennyiben gyermek\u00fcket valamilyen okb\u00f3l nem lehet hazaengedni a m\u0171t\u00e9t napj\u00e1n, akkor az \u00e9jszak\u00e1t a Klinik\u00e1nkon kell elt\u00f6lteni.<\/p>\n<p style=\"text-align: justify\"><em>Mik a teend\u0151k a m\u0171t\u00e9t ut\u00e1ni id\u0151szakban (orrmandula m\u0171t\u00e9t ut\u00e1n kb. 10 nap, torokmandula m\u0171t\u00e9t ut\u00e1n 20-22 nap)?<\/em><\/p>\n<ul style=\"text-align: justify\">\n<li><strong>A frissen oper\u00e1lt gyermekek 2-3 h\u00e9tig nem mehetnek k\u00f6z\u00f6ss\u00e9gbe!<\/strong><\/li>\n<li>A m\u0171t\u00e9t napj\u00e1n szigor\u00fa \u00e1gynyugalom, f\u00e1jdalomcsillap\u00edt\u00e1s \u00e9s csak folyad\u00e9kbevitel javasolt. A k\u00f6vetkez\u0151 napokban di\u00e9ta, p\u00e9pes \u00e9trend, f\u00e1jdalomcsillap\u00edt\u00e1s, k\u00edm\u00e9l\u0151 \u00e9letm\u00f3d javasolt 10 napig. Gyenges\u00e9g, f\u00e1rad\u00e9konys\u00e1g, enyhe sz\u00e9d\u00fcl\u00e9s el\u0151fordulhat, ez\u00e9rt \u00f3vatos vagy k\u00eds\u00e9r\u0151vel val\u00f3 mozg\u00e1s javasolt. Jelent\u0151sebb fizikai aktivit\u00e1s csak 2 (torokmandula m\u0171t\u00e9t eset\u00e9n 3-4) h\u00e9t ut\u00e1n j\u00f6het sz\u00f3ba, orvosi ellen\u0151rz\u00e9s ut\u00e1n.<\/li>\n<li>A sz\u00e1jban lev\u0151 sebre \u00fcgyelni kell, azt fogkef\u00e9t\u0151l, durva \u00e9telt\u0151l, mar\u00f3-cs\u00edp\u0151 italokt\u00f3l \u00f3vni kell. Orrgaratmandula-m\u0171t\u00e9t eset\u00e9ben a kezel\u0151orvos illetve a n\u0151v\u00e9r \u00e1ltal javasolt \u00e9telek m\u00e1r a m\u0171t\u00e9t est\u00e9j\u00e9n fogyaszthat\u00f3k.<\/li>\n<li>H\u0151emelked\u00e9s \u00e9s f\u00fclbe kisug\u00e1rz\u00f3 f\u00e1jdalom gyakori \u00e9s jellemz\u0151. Magasabb l\u00e1z, arc-, \u00e9s fejt\u00e1ji duzzanat, nagyfok\u00fa elesetts\u00e9g eset\u00e9n azonnali orvosi vizsg\u00e1lat sz\u00fcks\u00e9ges! A m\u0171t\u00e9ti ter\u00fcleten kialakul\u00f3 v\u00e9ralvad\u00e9k, sebleped\u00e9k, illetve a m\u0171t\u00e9ti vizeny\u0151 miatt az orrhangz\u00f3ss\u00e1g \u00e9s a horkol\u00e1s nem mindig sz\u0171nik meg azonnal.<\/li>\n<li>Az orrb\u00f3l vagy sz\u00e1jb\u00f3l indul\u00f3 ut\u00f3v\u00e9rz\u00e9s eset\u00e9n, halad\u00e9ktalanul orvosi seg\u00edts\u00e9gre van sz\u00fcks\u00e9g! Kisgyermekekn\u00e9l el\u0151fordulhat, hogy a v\u00e9rt lenyelik, ez\u00e9rt gyakori nyel\u00e9s vagy \u00f6klendez\u00e9s eset\u00e9n aj\u00e1nlatos a sz\u00e1j\u00fcreg megtekint\u00e9se, de ezek hi\u00e1ny\u00e1ban is aj\u00e1nlhat\u00f3 a gyermek tork\u00e1nak t\u00f6bbsz\u00f6ri ellen\u0151rz\u00e9se.<\/li>\n<li><em>Ha a v\u00e9rz\u00e9s nem jelent\u0151s, akkor a nap b\u00e1rmely szak\u00e1ban jelentkezzen Klinik\u00e1nkon, ha azt egy \u00f3r\u00e1n bel\u00fcl el\u00e9ri!<\/em><\/li>\n<li><em>Ha a Klinik\u00e1nkt\u00f3l messzebb tart\u00f3zkodik, akkor a legk\u00f6zelebbi k\u00f3rh\u00e1zat keresse fel!<\/em><\/li>\n<li><em>Er\u0151sebb v\u00e9rz\u00e9s eset\u00e9n azonnal h\u00edvjon ment\u0151t vagy \u00fcgyeletes orvost, illetve jelentkezzen a legk\u00f6zelebbi k\u00f3rh\u00e1zban!<\/em><\/li>\n<\/ul>\n<p style=\"text-align: justify\">K\u00e9rj\u00fck, hogy marad\u00e9ktalanul tartsa be otthon\u00e1ban a kezel\u0151orvost\u00f3l kapott \u00e9letm\u00f3dbeli utas\u00edt\u00e1sokat!<\/p>\n<p style=\"text-align: justify\">\u00a0<\/p>\n<p style=\"text-align: justify\"><strong>Sz\u00fcl\u0151k tart\u00f3zkod\u00e1sa a klinik\u00e1n<\/strong><\/p>\n<p style=\"text-align: justify\">Fontosnak tartjuk, hogy \u00d6n a gyermeke k\u00f6zel\u00e9ben lehessen a gyermek ell\u00e1t\u00e1sa sor\u00e1n. Ennek \u00e9rdek\u00e9ben els\u0151sorban szoptat\u00f3s \u00e9desany\u00e1k, s\u00falyos \u00e1llapotban l\u00e9v\u0151 gyermekek sz\u00fclei vagy m\u00e9g haza nem adhat\u00f3, de az oszt\u00e1lyon m\u00e1r 24 \u00f3r\u00e1ban nem sz\u00fcks\u00e9gszer\u0171en tart\u00f3zkod\u00f3, els\u0151sorban kr\u00f3nikus betegek \u00e9s sz\u00fcleik sz\u00e1m\u00e1ra korl\u00e1tozott sz\u00e1mban rendelkez\u00e9sre \u00e1llnak a klinika 2. emelet\u00e9n tal\u00e1lhat\u00f3 \u201ebaba-mama szob\u00e1k\u201d. \u00a0Ezek ig\u00e9nybe v\u00e9tel\u00e9re a fentieket figyelembe v\u00e9ve \u00e9s a szob\u00e1k foglalts\u00e1g\u00e1t\u00f3l f\u00fcgg\u0151en ker\u00fclhet sor. A nem budapesti \u00e9s v\u00e1rhat\u00f3an a klinik\u00e1n hosszabb ideig tart\u00f3zkod\u00f3 csal\u00e1dok\/sz\u00fcl\u0151k sz\u00e1m\u00e1ra a klinik\u00e1val szomsz\u00e9dos utc\u00e1ban tal\u00e1lhat\u00f3, a Ronald McDonald\u2019s Alap\u00edtv\u00e1ny \u00e1ltal m\u0171k\u00f6dtetett h\u00e1zban ingyenes sz\u00e1ll\u00e1sra van lehet\u0151s\u00e9g. Mindk\u00e9t sz\u00e1ll\u00e1slehet\u0151s\u00e9g ig\u00e9nybev\u00e9tele el\u0151zetes egyeztet\u00e9st k\u00edv\u00e1n az adott oszt\u00e1ly f\u0151n\u0151v\u00e9r\u00e9vel illetve a kezel\u0151orvossal.<\/p>\n<p style=\"text-align: justify\">Klinik\u00e1nk oszt\u00e1lyainak t\u00f6bbs\u00e9g\u00e9n a fentiek mellett kinyithat\u00f3 \u00e1gyakon, fotel\u00e1gyakon tudunk \u00e9jszak\u00e1ra pihen\u00e9si lehet\u0151s\u00e9get biztos\u00edtani az egyik sz\u00fcl\u0151 sz\u00e1m\u00e1ra. A kisebb betegszob\u00e1kn\u00e1l, ahol a beteg\u00e1gyak mellett tov\u00e1bbi fekv\u0151hely elhelyez\u00e9s\u00e9re nincs lehet\u0151s\u00e9g, a klinika ter\u00fclet\u00e9n igyeksz\u00fcnk megoldani ig\u00e9ny eset\u00e9n az egyik sz\u00fcl\u0151 elhelyez\u00e9s\u00e9t.<br \/>\nTisztelettel k\u00e9rj\u00fck \u00e9s felh\u00edvjuk figyelm\u00fcket, hogy klinik\u00e1nkon kezelt egyik gyermek sem szenvedhet h\u00e1tr\u00e1nyt, \u00edgy els\u0151dleges a gyermekek biztons\u00e1gos ell\u00e1t\u00e1sa. Ennek \u00e9rdek\u00e9ben \u00e9s ennek seg\u00edt\u00e9s\u00e9re k\u00e9rj\u00fck a \u201eSz\u00fcl\u0151i t\u00e1j\u00e9koztat\u00f3ban\u201d le\u00edrtak \u00e9s a klinika h\u00e1zirendj\u00e9nek, id\u0151beoszt\u00e1s\u00e1nak betart\u00e1s\u00e1t!<\/p>\n<p style=\"text-align: justify\">K\u00f6sz\u00f6nj\u00fck egy\u00fcttm\u0171k\u00f6d\u00e9s\u00fcket, amelynek c\u00e9lja gyermek\u00fck min\u00e9l biztons\u00e1gosabb \u00e9s gyorsabb ell\u00e1t\u00e1sa \u00e9s otthon\u00e1ba bocs\u00e1t\u00e1sa.<\/p>\n<\/div>\n<\/div>\n<div class=\"exp-col-content-holder\"><a class=\"expand-cnt-link\" href=\"#\">Logop\u00e9dia<\/a><\/p>\n<div class=\"hidden-content\">\n<p class=\"hiddenContentp\" style=\"text-align: justify\">A m\u0171t\u00e9ti kezel\u00e9sek ut\u00e1n nagyon fontos a logop\u00e9diai gondoz\u00e1s, ami a tudatos izomm\u0171k\u00f6d\u00e9st \u00e9s besz\u00e9dk\u00e9pz\u00e9st seg\u00edti. A szakmailag megfelel\u0151 logop\u00e9diai ell\u00e1t\u00e1s nagyban hozz\u00e1j\u00e1rul a m\u0171t\u00e9ti kezel\u00e9sek eredm\u00e9nyess\u00e9g\u00e9hez.<\/p>\n<\/div>\n<\/div>\n<div class=\"exp-col-content-holder\"><a class=\"expand-cnt-link\" href=\"#\">Fogszab\u00e1lyoz\u00e1s<\/a><\/p>\n<div class=\"hidden-content\">\n<p class=\"hiddenContentp\" style=\"text-align: justify\">A Semmelweis Egyetem archasad\u00e9k-seb\u00e9szeti protokollj\u00e1nak egyik legfontosabb eleme a csecsem\u0151kori \u00e1llcsont-ortop\u00e9dia, pontosabban az ir\u00e1ny\u00edtott orr- \u00e9s \u00e1llcsontfejl\u0151d\u00e9s (nasoalveolar molding).<\/p>\n<p class=\"hiddenContentp\" style=\"text-align: justify\">Ezt a fogszab\u00e1lyz\u00f3 el\u0151k\u00e9sz\u00edt\u00e9st a SE Gyermekfog\u00e1szati \u00e9s Fogszab\u00e1lyoz\u00e1si Klinika ambulanci\u00e1j\u00e1n v\u00e9gezz\u00fck. A sz\u00fclet\u00e9s ut\u00e1n n\u00e9h\u00e1ny nappal lenyomatot vesz\u00fcnk a fels\u0151 \u00e1llcsontr\u00f3l, \u00e9s egy sz\u00e1jpadlemezt k\u00e9sz\u00edt\u00fcnk. Ez a sz\u00e1jpadlemez a gyermek sz\u00e1j\u00e1ba pontosan illeszkedik, \u00e9s t\u00f6bb c\u00e9lt szolg\u00e1l. Lez\u00e1rja az orr\u00fcreget, el\u0151seg\u00edti az etet\u00e9st, megakad\u00e1lyozza, hogy a nyelv \u00e1lland\u00f3an a sz\u00e1jpadhasad\u00e9kba illeszkedjen, \u00e9s el\u0151seg\u00edti a sz\u00e1jpadi ny\u00falv\u00e1nyok norm\u00e1lis n\u00f6veked\u00e9s\u00e9t. A lemez prot\u00e9zis-ragaszt\u00f3val r\u00f6gz\u00edthet\u0151, naponta egy-k\u00e9tszer a sz\u00fcl\u0151 tiszt\u00edtja.<\/p>\n<p class=\"hiddenContentp\" style=\"text-align: justify\">1-2 hetente ellen\u0151rizni kell a lemez illeszked\u00e9s\u00e9t, \u00e9s alak\u00edtani kell rajta, hogy a beesett sz\u00e1jpadi ny\u00falv\u00e1nyok el\u0151refel\u00e9 \u00e9s kifel\u00e9 tudjanak n\u00f6vekedni. A sz\u00e1jpadlemez seg\u00edts\u00e9g\u00e9vel a fels\u0151 \u00e1llcsont k\u00fcl\u00f6n\u00e1ll\u00f3 ny\u00falv\u00e1nyai anat\u00f3miailag helyes poz\u00edci\u00f3ba hozhat\u00f3k, amit az als\u00f3 \u00e1llcsonthoz val\u00f3 viszony hat\u00e1roz meg.<\/p>\n<p class=\"hiddenContentp\" style=\"text-align: justify\">A sz\u00e1jpadlemezzel egyid\u0151ben ker\u00fcl sor az ajakszegmensek k\u00f6zel\u00edt\u00e9s\u00e9re, ami egy speci\u00e1lis rugalmas \u00e9s hypoallerg\u00e9n ragaszt\u00f3szalaggal t\u00f6rt\u00e9nik (KINEZIOTAPE). Ritka esetben az ajakszegmensek k\u00f6zel\u00edt\u00e9s\u00e9t m\u0171t\u00e9ti \u00faton oldjuk meg.<\/p>\n<p class=\"hiddenContentp\" style=\"text-align: justify\">A sz\u00e1jpadlemezhez kapcsol\u00f3dik m\u00e9g egy orrt\u00e1maszt\u00e9k is, ami az orr alak\u00edt\u00e1s\u00e1ban vesz r\u00e9szt \u00e9s egy kedvez\u0151bb orr form\u00e1t biztos\u00edt.<\/p>\n<p class=\"hiddenContentp\" style=\"text-align: justify\">Az \u00e1llcsontok \u00e9s a fogazat fejl\u0151d\u00e9s\u00e9t \u2013mind a tejfogak, mind a marad\u00f3 fogak eset\u00e9ben\u2013 rendszeresen ellen\u0151rizni kell, \u00e9s szinte minden esetben sz\u00fcks\u00e9g van k\u00e9s\u0151bbi fogszab\u00e1lyoz\u00e1sra. Ennek pontos menete szint\u00e9n egy\u00e9ni elb\u00edr\u00e1l\u00e1st ig\u00e9nyel, \u00e9s sokszor m\u00e1r az els\u0151 fogak megjelen\u00e9se el\u0151tt elkezd\u0151dik. A fels\u0151 \u00e1llcsontban szab\u00e1lyos fog\u00edvet kell kialak\u00edtani, mert ez az alapja a harmonikus arcfejl\u0151d\u00e9snek.<\/p>\n<\/div>\n<\/div>\n<div class=\"exp-col-content-holder\"><a class=\"expand-cnt-link\" href=\"#\">Szoptat\u00e1si \u00e9s t\u00e1pl\u00e1l\u00e1si tan\u00e1csad\u00e1s<\/a><\/p>\n<div class=\"hidden-content\">\n<p class=\"hiddenContentp\" style=\"text-align: justify\">Mivel az ajak- \u00e9s a sz\u00e1jpadhasad\u00e9kos gyermekek nem tudnak kell\u0151 er\u0151ss\u00e9g\u0171 v\u00e1kuumot k\u00e9pezni, gyakran probl\u00e9m\u00e1t jelent n\u00e1luk a szoptat\u00e1s (sokat buknak, a hasad\u00e9k miatt sok leveg\u0151 jut a gyomrukba, hasf\u00e1j\u00f3sak). Ebben az esetben lehet\u0151s\u00e9g van etet\u0151 seg\u00edts\u00e9g\u00e9vel lefejt anyatejet vagy t\u00e1pszert hozz\u00e1adni. A csak ajakhasad\u00e9kkal k\u00fczd\u0151 gyerekek eset\u00e9ben kevesebb probl\u00e9ma jelentkezik. Ugyanakkor a rendelleness\u00e9g ellen\u00e9re sem sz\u00fcks\u00e9ges, hogy hasad\u00e9kos gyerekekn\u00e9l k\u00e9s\u0151bbi id\u0151pontban kezdj\u00e9k meg a hozz\u00e1t\u00e1pl\u00e1l\u00e1st, mint eg\u00e9szs\u00e9ges t\u00e1rsaikn\u00e1l. A sz\u00e1jpadhasad\u00e9kos gyermekeknek, mivel az orr- \u00e9s a sz\u00e1j\u00fcreg\u00fck egybeny\u00edlik, probl\u00e9m\u00e1t jelenthet a p\u00e9pes \u00e9tel fogyaszt\u00e1sa: az orr\u00fcregbe jutott \u00e9tel t\u00fcssz\u00f6g\u00e9st, k\u00f6h\u00f6g\u00e9st okozhat. Emiatt a hozz\u00e1t\u00e1pl\u00e1l\u00e1s ideje 1 \u00e9ves korukn\u00e1l tov\u00e1bb tarthat. A kutat\u00e1si eredm\u00e9nyek viszont azt mutatj\u00e1k, hogy a m\u0171t\u00e9ti beavatkoz\u00e1s sokat seg\u00edt az etet\u00e9si probl\u00e9m\u00e1k lek\u00fczd\u00e9s\u00e9ben. Az ajakhasad\u00e9kos gyermekeknek nincs probl\u00e9m\u00e1ja a hozz\u00e1t\u00e1pl\u00e1l\u00e1skor, hiszen ekkor m\u00e1r nem kell a sz\u00edv\u00f3hat\u00e1s.<\/p>\n<p class=\"hiddenContentp\" style=\"text-align: justify\"><strong>Etet\u0151k (a szoptat\u00e1s kieg\u00e9sz\u00edt\u00e9s\u00e9re vagy helyettes\u00edt\u00e9s\u00e9re) <\/strong><\/p>\n<p class=\"hiddenContentp\" style=\"text-align: justify\"><em>Ujjetet\u0151<br \/>\n<\/em><span style=\"font-size: 1rem\">Az ujjetet\u0151 az egyik megold\u00e1s a szoptat\u00e1s p\u00f3tl\u00e1s\u00e1ra. Ez az eszk\u00f6z egy fecskend\u0151, amely seg\u00edts\u00e9g\u00e9vel az el\u0151re lefejt anyatejet a mellen, k\u00f6zvetlen\u00fcl a csecsem\u0151 sz\u00e1j\u00e1ba lehet csurgatni. Ez megk\u00f6nny\u00edti az \u00fajsz\u00fcl\u00f6ttnek, hogy kiv\u00e1rja az id\u0151t a tejad\u00f3 reflex beindul\u00e1s\u00e1ig.<\/span><\/p>\n<p class=\"hiddenContentp\" style=\"text-align: justify\"><em>SNS<\/em> <br \/>\nAz SNS k\u00e9sz\u00fcl\u00e9k szint\u00e9n seg\u00edt felk\u00e9sz\u00fclni a szoptat\u00e1sra, azt az \u00e9rzetet keltve a bab\u00e1ban, mintha anyamellb\u0151l t\u00e1pl\u00e1ln\u00e1k. A m\u0171k\u00f6d\u00e9s l\u00e9nyege, hogy a lefejt tejet egy, a mellre helyezett cs\u00f6v\u00f6n kereszt\u00fcl a gyermek k\u00f6nnyen kisz\u00edvhatja, ezzel seg\u00edtve a szop\u00e1s tanul\u00e1s\u00e1t. Ezut\u00e1n a mellre helyez\u00e9s sokkal k\u00f6nnyebb lesz.<\/p>\n<p class=\"hiddenContentp\" style=\"text-align: justify\"><em>Habermann-etet\u0151<\/em> <br \/>\nHa a kisded nem hajland\u00f3 szopni, akkor javasolj\u00e1k a hasad\u00e9kos gyermekeknek kialak\u00edtott Habermann-etet\u0151 haszn\u00e1lat\u00e1t. Ezt az etet\u0151t egy hasad\u00e9kos gyermek \u00e9desanyja alkotta. Egy szelep seg\u00edts\u00e9g\u00e9vel m\u0171k\u00f6dik. A tej sz\u00e9p lassan \u00e9s egyenletesen folyik. \u00cdgy nem ker\u00fcl be leveg\u0151, valamint \u00e1ll\u00edthat\u00f3 a tej sebess\u00e9ge \u00e9s mennyis\u00e9ge. L\u00e9nyeges m\u00e9g, hogy a speci\u00e1lisan kifejlesztett cumi el\u0151seg\u00edti a hasad\u00e9k lez\u00e1r\u00e1s\u00e1t a t\u00e1pl\u00e1lkoz\u00e1s alatt. Az etet\u0151 seg\u00edti a csecsem\u0151 sz\u00e1jizomzat\u00e1nak fejl\u0151d\u00e9s\u00e9t. Csak azokn\u00e1l a bab\u00e1kn\u00e1l haszn\u00e1lhat\u00f3, akiknek j\u00f3 a szop\u00f3reflex\u00fck.<\/p>\n<p class=\"hiddenContentp\" style=\"text-align: justify\"><em>SoftCup<\/em> <br \/>\nA SoftCup speci\u00e1lis kan\u00e1l, amely szint\u00e9n seg\u00edts\u00e9g\u00e9re lehet az anyuk\u00e1nak. Ez a puha, kan\u00e1l alak\u00fa etet\u0151fej megel\u0151zi a tej ki\u00f6ml\u00e9s\u00e9t \u00e9s automatikusan \u00fajra tel\u00edt\u0151dik. El\u0151seg\u00edti a poh\u00e1rb\u00f3l val\u00f3 iv\u00e1s tanul\u00e1s\u00e1t.<\/p>\n<p class=\"hiddenContentp\" style=\"text-align: justify\"><em>Poh\u00e1rb\u00f3l val\u00f3 etet\u00e9s<\/em> <br \/>\nLehet a gyermeket poh\u00e1rb\u00f3l is etetni, ha a gyermek a nyelv\u00e9t j\u00f3l kidugja. Ennek a m\u00f3dszernek h\u00e1tr\u00e1nya, ha sok\u00e1ig \u00edgy eteti gyermek\u00e9t az \u00e9desanya, akkor a kisded arcizomzata nem tud kifejl\u0151dni.<\/p>\n<p class=\"hiddenContentp\" style=\"text-align: justify\"><em>Szondat\u00e1pl\u00e1l\u00e1s<\/em> <br \/>\nEz a hasad\u00e9kos bab\u00e1kn\u00e1l nagyon ritk\u00e1n alkalmazott m\u00f3dszer. Ink\u00e1bb akkor haszn\u00e1lj\u00e1k, ha a hasad\u00e9kos bab\u00e1nak m\u00e1s betegs\u00e9ge is van (pl.: a k\u00f6zponti idegrendszer k\u00e1rosod\u00e1sa miatt). Ennek oka, hogy ilyenkor a csecsem\u0151 a szop\u00e1skor \u00e1ltal\u00e1ban haszn\u00e1lt izmokat nem er\u0151s\u00edti.<\/p>\n<\/div>\n<\/div>\n<p><strong>Fontos tudnival\u00f3k a k\u00f3rh\u00e1zi tart\u00f3zkod\u00e1ssal kapcsolatban<\/strong><\/p>\n<div class=\"exp-col-content-holder\"><a class=\"expand-cnt-link\" href=\"#\">Hogyan k\u00e9sz\u00fclj\u00fcnk fel otthon a k\u00f3rh\u00e1zi tart\u00f3zkod\u00e1sra \u00e9s a m\u0171t\u00e9tre?<\/a><\/p>\n<div class=\"hidden-content\">\n<p class=\"hiddenContentp\" style=\"text-align: justify\">A m\u0171t\u00e9t el\u0151tti id\u0151szakban gyerek\u00fcnkkel meg kell besz\u00e9lni, hogy mi fog vele t\u00f6rt\u00e9nni a k\u00f3rh\u00e1zi tart\u00f3zkod\u00e1s alatt. \u0150szint\u00e9n v\u00e1laszolni kell a gyermek minden k\u00e9rd\u00e9s\u00e9re \u00e9s el\u0151re jelezni kell, hogy bizonyos dolgok f\u00e1jdalommal j\u00e1rnak. Mindenki tudja \u2013 k\u00fcl\u00f6n\u00f6sen a gyerekek, hogy a v\u00e9rv\u00e9tel nem kellemes dolog. Fontos biztos\u00edtania a gyermeket arr\u00f3l, hogy az orvosok \u00e9s a n\u0151v\u00e9rek mind az\u00e9rt dolgoznak, mert szeretik \u0151ket, \u00e9s azt szeretn\u00e9k, hogy min\u00e9l hamarabb meggy\u00f3gyuljanak. A m\u0171t\u00e9tet altat\u00e1sban v\u00e9gezz\u00fck, \u00edgy maga a m\u0171t\u00e9t nem okoz f\u00e1jdalmat. Ha gyermek\u00fck egy\u00e9b betegs\u00e9g miatt gy\u00f3gyszert szed, annak szed\u00e9s\u00e9t a m\u0171t\u00e9t idej\u00e9n is folytatni kell. M\u00e9g a m\u0171t\u00e9t reggel\u00e9n is, a megadott id\u0151pontig, kev\u00e9s v\u00edzzel be kell venni a gy\u00f3gyszert.<\/p>\n<\/div>\n<\/div>\n<div class=\"exp-col-content-holder\"><a class=\"expand-cnt-link\" href=\"#\">Mit kell hozni a m\u0171t\u00e9tre?<\/a><\/p>\n<div class=\"hidden-content\">\n<p class=\"hiddenContentp\">Pizsam\u00e1t <br \/>\nPapucsot <br \/>\nB\u00f6gr\u00e9t <br \/>\nEv\u0151eszk\u00f6zt <br \/>\nJ\u00e1t\u00e9kokat (alv\u00f3s j\u00e1t\u00e9kot a m\u0171t\u0151be is behozhatj\u00e1k) <br \/>\nInnival\u00f3t: sz\u00e9nsavmentes \u00e1sv\u00e1nyvizet, te\u00e1t, sz\u0171rt almalevet <br \/>\nEnnival\u00f3t: P\u00e9pes \u00e9telek: anyatej, t\u00e1pszer, b\u00e9bi\u00e9tel (ne darabos), puding, joghurt, T\u00far\u00f3 Rudi, ban\u00e1n <\/p>\n<p>A m\u0171t\u00e9tre val\u00f3 felk\u00e9sz\u00fcl\u00e9s r\u00e9szek\u00e9nt ki kell venni a f\u00fclbeval\u00f3t, piercinget, ha van, a k\u00f6r\u00f6mlakkot \u00e9s a sminket le kell mosni. Hossz\u00fa haj eset\u00e9n k\u00e9toldali copfot kell k\u00e9sz\u00edteni!<\/p>\n<\/div>\n<\/div>\n<div class=\"exp-col-content-holder\"><a class=\"expand-cnt-link\" href=\"#\">Hogyan jelentkezzen oszt\u00e1lyos felv\u00e9telre (a m\u0171t\u00e9t napj\u00e1n)?<\/a><\/p>\n<div class=\"hidden-content\">\n<p class=\"hiddenContentp\" style=\"text-align: justify\">A k\u00f3rh\u00e1zi felv\u00e9telre az el\u0151re egyeztetett napon ker\u00fcl sor. K\u00e9rj\u00fck, hogy gyermek\u00fck kor\u00e1bbi leleteiket \u00e9s k\u00f3rh\u00e1zi z\u00e1r\u00f3jelent\u00e9seit hozz\u00e1k magukkal! Amennyiben a k\u00f3rh\u00e1zi felv\u00e9tel a m\u0171t\u00e9t el\u0151tti napon t\u00f6rt\u00e9nik, nem kell \u00e9hgyomorra \u00e9rkezni. S\u0151t, az\u00e9rt, hogy a v\u00e9rv\u00e9tel z\u00f6kken\u0151mentes legyen, fontos, hogy a gyermek\u00fck igyon \u00e9s \u00edgy a teltebb v\u00e9n\u00e1kkal egyszer\u0171s\u00edts\u00fck a v\u00e9rv\u00e9telt.<\/p>\n<p class=\"hiddenContentp\" style=\"text-align: justify\">Ha a m\u0171t\u00e9t napj\u00e1n \u00e9rkeznek, akkor az el\u0151zetes t\u00e1j\u00e9koztat\u00e1s alapj\u00e1n, \u00e9hgyomorra \u00e9rkezzenek. Erre az\u00e9rt van felt\u00e9tlen\u00fcl sz\u00fcks\u00e9g, mert amennyiben az altat\u00e1s idej\u00e9n a gyomor nem \u00fcres, akkor nagyobb az es\u00e9lye annak, hogy altat\u00e1s sor\u00e1n a gyomortartalom a l\u00e9gcs\u0151be vagy a t\u00fcd\u0151be ker\u00fcl, evvel s\u00falyos, ak\u00e1r \u00e9letvesz\u00e9lyes \u00e1llapotot okozva.<\/p>\n<p class=\"hiddenContentp\" style=\"text-align: justify\">A Felv\u00e9teli irod\u00e1ba val\u00f3 bejelentkez\u00e9st k\u00f6vet\u0151en, az 1. emeleten tal\u00e1lhat\u00f3 Arc Rekonstrukci\u00f3s Centrumban kell jelentkezni. Itt t\u00f6rt\u00e9nik a gyermek\u00fck m\u0171t\u00e9t el\u0151tti vizsg\u00e1lata, az adminisztrat\u00edv feladatok (orvosi \u00e9s n\u0151v\u00e9ri kik\u00e9rdez\u00e9s, m\u0171t\u00e9ti \u00e9s altat\u00e1si beleegyez\u0151 nyilatkozatok kit\u00f6lt\u00e9se \u00e9s al\u00e1\u00edr\u00e1sa) elv\u00e9gz\u00e9se, a gyermekgy\u00f3gy\u00e1szati \u00e1ltal\u00e1nos vizsg\u00e1lat \u00e9s amennyiben sz\u00fcks\u00e9ges, a v\u00e9rv\u00e9tel.<\/p>\n<p class=\"hiddenContentp\" style=\"text-align: justify\">A v\u00e9rv\u00e9tel sor\u00e1n rutinszer\u0171en a v\u00e9rk\u00e9pet \u00e9s a v\u00e9ralvad\u00e1si param\u00e9tereket vizsg\u00e1ljuk.<\/p>\n<\/div>\n<\/div>\n<div class=\"exp-col-content-holder\"><a class=\"expand-cnt-link\" href=\"#\">Mi t\u00f6rt\u00e9nik a m\u0171t\u00e9t napj\u00e1n?<\/a><\/p>\n<div class=\"hidden-content\">\n<p class=\"hiddenContentp\" style=\"text-align: justify\">A m\u0171t\u00e9t napj\u00e1nak reggel\u00e9n az altat\u00f3orvos megvizsg\u00e1lja gyermek\u00fcket \u00e9s kik\u00e9rdezi a sz\u00fcl\u0151ket a kor\u00e1bbi \u00e9s tart\u00f3san fenn\u00e1ll\u00f3 betegs\u00e9gekkel, gy\u00f3gyszer\u00e9rz\u00e9kenys\u00e9ggel kapcsolatban. Nagyon fontos \u00e9s sz\u00fcks\u00e9ges, hogy valamelyik sz\u00fcl\u0151 az eg\u00e9sz k\u00f3rh\u00e1zi tart\u00f3zkod\u00e1s alatt a gyermekkel legyen! Sajnos a t\u00f6bb \u00e1gyas k\u00f3rtermek nem teszik lehet\u0151v\u00e9, hogy egyszerre mindk\u00e9t sz\u00fcl\u0151 az \u00e1gy mellett tart\u00f3zkodjon, de tetsz\u00e9s szerint v\u00e1lthatj\u00e1k egym\u00e1st az \u00e1gyn\u00e1l.<\/p>\n<p class=\"hiddenContentp\" style=\"text-align: justify\">A m\u0171t\u00e9ti beavatkoz\u00e1s el\u0151tt a n\u0151v\u00e9r jelzi, hogy mikor kell elvinni a gyermeket pisilni. Ezut\u00e1n gyermek\u00fck gy\u00f3gyszeres el\u0151kezel\u00e9st kap. Ennek hat\u00e1s\u00e1ra a fesz\u00fclts\u00e9g old\u00f3dik, legt\u00f6bbsz\u00f6r nyugodt, sokszor m\u00e1r alv\u00f3 \u00e1llapotban ker\u00fclnek a gyerekek a m\u0171t\u0151be. Ezt az el\u0151k\u00e9sz\u00edt\u00e9st a f\u00e1jdalom elker\u00fcl\u00e9se \u00e9rdek\u00e9ben k\u00fap, tabletta vagy kis folyad\u00e9k (\u00e9s nem injekci\u00f3) form\u00e1j\u00e1ban kapj\u00e1k meg. <br \/>\nA sz\u00fcl\u0151k a m\u0171t\u0151 ajtaj\u00e1ig k\u00eds\u00e9rhetik el \u0151ket. <br \/>\nA m\u0171t\u00e9tet k\u00f6vet\u0151en, a m\u0171t\u0151b\u0151l \u00e9bredez\u0151 \u00e1llapotban \u00e9rkezik vissza a gyermek a k\u00f3rterembe. Ilyenkor m\u00e9g nincs teljesen tudat\u00e1n\u00e1l, mozg\u00e1sa bizonytalan, nyugtalan lehet, s\u00edrhat, hosszabb-r\u00f6videbb id\u0151re visszaaludhat. Ez a jelens\u00e9g azzal magyar\u00e1zhat\u00f3, hogy k\u00fcl\u00f6nb\u00f6z\u0151 gyermekek elt\u00e9r\u0151 m\u00f3don reag\u00e1lnak az altat\u00e1sra, illetve az altat\u00f3szerekre.<\/p>\n<p class=\"hiddenContentp\" style=\"text-align: justify\">A m\u0171t\u00e9tet k\u00f6vet\u0151en inni csak akkor kaphat, amikor m\u00e1r teljesen mag\u00e1hoz t\u00e9rt (ez kb. 1 \u00f3r\u00e1t vesz ig\u00e9nybe). Ennek meg\u00edt\u00e9l\u00e9s\u00e9ben a n\u0151v\u00e9r ny\u00fajt seg\u00edts\u00e9get! Amennyiben v\u00e9rz\u00e9s nincsen, a n\u0151v\u00e9r vagy orvos utas\u00edt\u00e1s\u00e1nak megfelel\u0151en kb. 2 \u00f3ra m\u00falva ehet el\u0151sz\u00f6r vagy ihat gy\u00fcm\u00f6lcslevet. <br \/>\nA hazamenetel id\u0151pontj\u00e1t a kezel\u0151orvos \u00e9s az altat\u00f3orvos hat\u00e1rozza meg.<\/p>\n<p class=\"hiddenContentp\" style=\"text-align: justify\">Hazamenetel el\u0151tt gyermek\u00fcket a kezel\u0151orvos megvizsg\u00e1lja, megkapj\u00e1k a z\u00e1r\u00f3jelent\u00e9st \u00e9s az utas\u00edt\u00e1sokat az otthoni teend\u0151kkel kapcsolatban. Ekkor besz\u00e9lik meg a kontrollvizsg\u00e1lat id\u0151pontj\u00e1t is! Amennyiben gyermek\u00fcket valamilyen okb\u00f3l nem lehet hazaengedni a m\u0171t\u00e9t napj\u00e1n, akkor az \u00e9jszak\u00e1t a Klinik\u00e1nkon kell elt\u00f6lteni.<\/p>\n<p><strong>L\u00e1togat\u00e1si id\u0151<\/strong><\/p>\n<table style=\"border-collapse: collapse;width: 75.0903%\">\n<tbody>\n<tr>\n<td style=\"width: 50%;text-align: center\"><strong>MINDEN NAP<\/strong><\/td>\n<td style=\"width: 24.3839%\"><strong>15:00-19:00<\/strong><\/td>\n<\/tr>\n<\/tbody>\n<\/table>\n<\/div>\n<\/div>\n<div class=\"exp-col-content-holder\"><a class=\"expand-cnt-link\" href=\"#\">Mik a teend\u0151k a m\u0171t\u00e9t ut\u00e1ni id\u0151szakban?<\/a><\/p>\n<div class=\"hidden-content\">\n<p class=\"hiddenContentp\" style=\"text-align: justify\">A m\u0171t\u00e9ti ut\u00e1ni sebkezel\u00e9sr\u0151l, gy\u00f3gyszerel\u00e9sr\u0151l, ev\u00e9si \u00e9s iv\u00e1si szab\u00e1lyokr\u00f3l, sz\u00e1jhigi\u00e9n\u00e9s teend\u0151kr\u0151l minden esetben t\u00e1voz\u00e1skor a kezel\u0151orvosa ad felvil\u00e1gos\u00edt\u00e1st.<\/p>\n<p class=\"hiddenContentp\" style=\"text-align: justify\">A k\u00f6vetkez\u0151 napokban di\u00e9ta, p\u00e9pes \u00e9trend, f\u00e1jdalomcsillap\u00edt\u00e1s, k\u00edm\u00e9l\u0151 \u00e9letm\u00f3d javasolt. Gyenges\u00e9g, f\u00e1rad\u00e9konys\u00e1g, enyhe sz\u00e9d\u00fcl\u00e9s el\u0151fordulhat, ez\u00e9rt \u00f3vatos vagy k\u00eds\u00e9r\u0151vel val\u00f3 mozg\u00e1s javasolt. Jelent\u0151sebb fizikai aktivit\u00e1s csak 2 h\u00e9t ut\u00e1n j\u00f6het sz\u00f3ba, orvosi ellen\u0151rz\u00e9s ut\u00e1n. H\u0151emelked\u00e9s \u00e9s f\u00e1jdalom gyakori \u00e9s jellemz\u0151. Magasabb l\u00e1z (38,5 Celsius fok felett), arc-, \u00e9s fejt\u00e1ji duzzanat, nagyfok\u00fa elesetts\u00e9g eset\u00e9n azonnali orvosi vizsg\u00e1lat sz\u00fcks\u00e9ges! Az orrb\u00f3l vagy sz\u00e1jb\u00f3l indul\u00f3 ut\u00f3v\u00e9rz\u00e9s eset\u00e9n halad\u00e9ktalanul orvosi seg\u00edts\u00e9gre van sz\u00fcks\u00e9g! Ezekben az esetekben jelentkezzen Klinik\u00e1nkon, ha azt egy \u00f3r\u00e1n bel\u00fcl el\u00e9ri! Ha a Klinik\u00e1nkt\u00f3l messzebb tart\u00f3zkodik, akkor a legk\u00f6zelebbi k\u00f3rh\u00e1zat keresse fel! Er\u0151sebb v\u00e9rz\u00e9s eset\u00e9n azonnal h\u00edvjon ment\u0151t vagy \u00fcgyeletes orvost, illetve jelentkezzen a legk\u00f6zelebbi k\u00f3rh\u00e1zban!<\/p>\n<p class=\"hiddenContentp\" style=\"text-align: justify\">K\u00e9rj\u00fck, hogy marad\u00e9ktalanul tartsa be otthon\u00e1ban a kezel\u0151orvost\u00f3l kapott \u00e9letm\u00f3dbeli utas\u00edt\u00e1sokat.<\/p>\n<\/div>\n<\/div>\n<div class=\"exp-col-content-holder\"><a class=\"expand-cnt-link\" href=\"#\">Sz\u00fcl\u0151k tart\u00f3zkod\u00e1sa a Klinik\u00e1n<\/a><\/p>\n<div class=\"hidden-content\">\n<p class=\"hiddenContentp\" style=\"text-align: justify\">Klinik\u00e1nk oszt\u00e1lyainak t\u00f6bbs\u00e9g\u00e9n kinyithat\u00f3 \u00e1gyakon, fotel\u00e1gyakon tudunk \u00e9jszak\u00e1ra pihen\u00e9si lehet\u0151s\u00e9get biztos\u00edtani az egyik sz\u00fcl\u0151 sz\u00e1m\u00e1ra. A kisebb betegszob\u00e1kn\u00e1l, ahol a beteg\u00e1gyak mellett tov\u00e1bbi fekv\u0151hely elhelyez\u00e9s\u00e9re nincs lehet\u0151s\u00e9g, a Klinika ter\u00fclet\u00e9n igyeksz\u00fcnk megoldani ig\u00e9ny eset\u00e9n az egyik sz\u00fcl\u0151 elhelyez\u00e9s\u00e9t<\/p>\n<p class=\"hiddenContentp\" style=\"text-align: justify\">Fontosnak tartjuk, hogy \u00d6n a gyermeke k\u00f6zel\u00e9ben lehessen a gyermek ell\u00e1t\u00e1sa sor\u00e1n. A nem budapesti \u00e9s v\u00e1rhat\u00f3an a Klinik\u00e1n hosszabb ideig tart\u00f3zkod\u00f3 csal\u00e1dok\/sz\u00fcl\u0151k sz\u00e1m\u00e1ra a Klinik\u00e1val szomsz\u00e9dos utc\u00e1ban tal\u00e1lhat\u00f3, az Ap\u00e1thy utc\u00e1ban l\u00e9v\u0151 Ronald McDonald\u2019s Alap\u00edtv\u00e1ny \u00e1ltal m\u0171k\u00f6dtetett h\u00e1zban ingyenes sz\u00e1ll\u00e1sra van lehet\u0151s\u00e9g. Ezen sz\u00e1ll\u00e1slehet\u0151s\u00e9g ig\u00e9nybev\u00e9tele el\u0151zetes egyeztet\u00e9st k\u00edv\u00e1n az adott oszt\u00e1ly f\u0151n\u0151v\u00e9r\u00e9vel.<\/p>\n<p class=\"hiddenContentp\" style=\"text-align: justify\">Tisztelettel k\u00e9rj\u00fck \u00e9s felh\u00edvjuk figyelm\u00fcket, hogy Klinik\u00e1nkon kezelt egyik gyermek sem szenvedhet h\u00e1tr\u00e1nyt, \u00edgy els\u0151dleges a gyermekek biztons\u00e1gos ell\u00e1t\u00e1sa. Ennek \u00e9rdek\u00e9ben \u00e9s ennek seg\u00edt\u00e9s\u00e9re k\u00e9rj\u00fck a \u201eSz\u00fcl\u0151i t\u00e1j\u00e9koztat\u00f3ban\u201d le\u00edrtak \u00e9s a klinika h\u00e1zirendj\u00e9nek, id\u0151beoszt\u00e1s\u00e1nak betart\u00e1s\u00e1t!<\/p>\n<p class=\"hiddenContentp\" style=\"text-align: justify\">K\u00f6sz\u00f6nj\u00fck egy\u00fcttm\u0171k\u00f6d\u00e9s\u00fcket, amelynek c\u00e9lja gyermek\u00fck min\u00e9l biztons\u00e1gosabb \u00e9s gyorsabb ell\u00e1t\u00e1sa \u00e9s otthon\u00e1ba bocs\u00e1t\u00e1sa.<\/p>\n<\/div>\n<\/div>\n<p>&nbsp;<\/p>\n","protected":false},"excerpt":{"rendered":"<p>Oszt\u00e1lyvezet\u0151: Dr. Nagy Kriszti\u00e1n PhD. Oszt\u00e1lyvezet\u0151 f\u0151n\u0151v\u00e9r:\u00a0Bartha Vikt\u00f3ria Telefon:\u00a0+36-1-334-3186 \/52642 Betegjogi k\u00e9pvisel\u0151:\u00a0 \u00a0 \u00a0 \u00a0 \u00a0 \u00a0 \u00a0 \u00a0 \u00a0 \u00a0 Erhardtn\u00e9 Dr. Gach\u00e1lyi Anik\u00f3 \u00a0 <a href=\"https:\/\/semmelweis.hu\/bokayklinika\/betegellatas\/betegjogi-kepviselo\/\">el\u00e9rhet\u0151s\u00e9g \u00e9s fogad\u00f3 \u00f3ra<\/a> Kedves Sz\u00fcl\u0151k! K\u00f6sz\u00f6ntj\u00fck \u00d6n\u00f6ket a Gyermekklinika (B\u00f3kay utcai r\u00e9szleg) Arcrekonstrukci\u00f3s Centrum\u00e1ban! K\u00fcldet\u00e9s\u00fcnk Az A.R.C. (Arcrekonstrukci\u00f3s Centrum) c\u00e9lja, hogy az arcfejl\u0151d\u00e9si rendelleness\u00e9gekkel sz\u00fcletett gyerekek sz\u00fclei egy helyen, egy team-ben megtal\u00e1lj\u00e1k &hellip;<\/p>\n","protected":false},"author":101739,"featured_media":0,"parent":95,"menu_order":0,"comment_status":"closed","ping_status":"closed","template":"","meta":{"_acf_changed":false,"footnotes":""},"categories":[],"tags":[],"class_list":["post-1087","page","type-page","status-publish","hentry"],"acf":[],"_links":{"self":[{"href":"https:\/\/semmelweis.hu\/bokayklinika\/wp-json\/wp\/v2\/pages\/1087","targetHints":{"allow":["GET"]}}],"collection":[{"href":"https:\/\/semmelweis.hu\/bokayklinika\/wp-json\/wp\/v2\/pages"}],"about":[{"href":"https:\/\/semmelweis.hu\/bokayklinika\/wp-json\/wp\/v2\/types\/page"}],"author":[{"embeddable":true,"href":"https:\/\/semmelweis.hu\/bokayklinika\/wp-json\/wp\/v2\/users\/101739"}],"replies":[{"embeddable":true,"href":"https:\/\/semmelweis.hu\/bokayklinika\/wp-json\/wp\/v2\/comments?post=1087"}],"version-history":[{"count":12,"href":"https:\/\/semmelweis.hu\/bokayklinika\/wp-json\/wp\/v2\/pages\/1087\/revisions"}],"predecessor-version":[{"id":6972,"href":"https:\/\/semmelweis.hu\/bokayklinika\/wp-json\/wp\/v2\/pages\/1087\/revisions\/6972"}],"up":[{"embeddable":true,"href":"https:\/\/semmelweis.hu\/bokayklinika\/wp-json\/wp\/v2\/pages\/95"}],"wp:attachment":[{"href":"https:\/\/semmelweis.hu\/bokayklinika\/wp-json\/wp\/v2\/media?parent=1087"}],"wp:term":[{"taxonomy":"category","embeddable":true,"href":"https:\/\/semmelweis.hu\/bokayklinika\/wp-json\/wp\/v2\/categories?post=1087"},{"taxonomy":"post_tag","embeddable":true,"href":"https:\/\/semmelweis.hu\/bokayklinika\/wp-json\/wp\/v2\/tags?post=1087"}],"curies":[{"name":"wp","href":"https:\/\/api.w.org\/{rel}","templated":true}]}}