{"id":141,"date":"2019-07-04T20:09:17","date_gmt":"2019-07-04T20:09:17","guid":{"rendered":"http:\/\/www.bokaysuli.hu\/?page_id=141"},"modified":"2026-03-22T21:13:57","modified_gmt":"2026-03-22T20:13:57","slug":"versenyeredmenyek","status":"publish","type":"page","link":"https:\/\/semmelweis.hu\/bokay\/iskolank\/versenyeredmenyek\/","title":{"rendered":"Versenyeredm\u00e9nyek"},"content":{"rendered":"<table style=\"width: 100%;height: 916px\" border=\"0\" cellspacing=\"0\">\n<colgroup width=\"253\"><\/colgroup>\n<colgroup width=\"228\"><\/colgroup>\n<colgroup span=\"2\" width=\"128\"><\/colgroup>\n<tbody>\n<tr style=\"height: 29px\">\n<td style=\"height: 29px;width: 16.6214%\" align=\"center\" height=\"26\" data-sheets-value=\"{ &quot;1&quot;: 2, &quot;2&quot;: &quot;Tan\u00e9v&quot;}\"><b><span style=\"color: #158466;font-family: Arial\">Tan\u00e9v<\/span><\/b><\/td>\n<td style=\"width: 16.6214%;height: 29px\"><b><span style=\"color: #158466;font-family: Arial\">\u00a0<\/span><\/b><\/td>\n<td style=\"height: 29px;width: 30.5292%\" align=\"center\" data-sheets-value=\"{ &quot;1&quot;: 2, &quot;2&quot;: &quot;2025\/2026&quot;}\"><b><span style=\"color: #158466;font-family: Arial\">2025\/2026<\/span><\/b><\/td>\n<td style=\"height: 29px;width: 16.6893%\" align=\"left\" data-sheets-value=\"{ &quot;1&quot;: 2, &quot;2&quot;: &quot;&quot;}\"><span style=\"font-family: Arial\">\u00a0<\/span><\/td>\n<td style=\"height: 29px;width: 16.9607%\" align=\"left\" data-sheets-value=\"{ &quot;1&quot;: 2, &quot;2&quot;: &quot;&quot;}\"><span style=\"font-family: Arial\">\u00a0<\/span><\/td>\n<td style=\"width: 0.407056%;height: 29px\"><span style=\"font-family: Arial\">\u00a0<\/span><\/td>\n<\/tr>\n<tr style=\"height: 29px\">\n<td style=\"text-align: center;height: 29px;width: 16.6214%\" align=\"center\" height=\"26\" data-sheets-value=\"{ &quot;1&quot;: 2, &quot;2&quot;: &quot;R\u00e9sztvev\u0151 tanul\u00f3k&quot;}\"><strong><span style=\"font-family: Arial;color: #800000\">R\u00e9sztvev\u0151 tanul\u00f3k<\/span><\/strong><\/td>\n<td style=\"text-align: center;width: 16.6214%;height: 29px\"><strong><span style=\"font-family: Arial;color: #800000\">\u00a0<\/span><\/strong><\/td>\n<td style=\"text-align: center;height: 29px;width: 30.5292%\" align=\"center\" data-sheets-value=\"{ &quot;1&quot;: 2, &quot;2&quot;: &quot;Verseny megnevez\u00e9se&quot;}\"><strong><span style=\"font-family: Arial;color: #800000\">Verseny megnevez\u00e9se<\/span><\/strong><\/td>\n<td style=\"text-align: center;height: 29px;width: 16.6893%\" align=\"left\" data-sheets-value=\"{ &quot;1&quot;: 2, &quot;2&quot;: &quot;oszt\u00e1ly&quot;}\"><strong><span style=\"font-family: Arial;color: #800000\">oszt\u00e1ly<\/span><\/strong><\/td>\n<td style=\"text-align: center;height: 29px;width: 16.9607%\" align=\"left\" data-sheets-value=\"{ &quot;1&quot;: 2, &quot;2&quot;: &quot;eredm\u00e9ny&quot;}\"><strong><span style=\"font-family: Arial;color: #800000\">eredm\u00e9ny<\/span><\/strong><\/td>\n<td style=\"text-align: center;width: 0.407056%;height: 29px\"><strong><span style=\"font-family: Arial;color: #800000\">\u00a0<\/span><\/strong><\/td>\n<\/tr>\n<tr style=\"height: 110px\">\n<td style=\"width: 16.6214%;text-align: center;height: 110px\">Basch Regina, <br \/>\nMadura Anaszt\u00e1zia, <br \/>\nR\u00e9dlinger Anna, <br \/>\nVeres \u00c9va J\u00falia<span style=\"font-family: Arial\"><br \/>\n<\/span><\/td>\n<td style=\"width: 16.6214%;height: 110px\"><span style=\"font-family: Arial\">\u00a0<\/span><\/td>\n<td style=\"width: 30.5292%;text-align: center;height: 110px\"><span style=\"font-family: Arial\">Krimit? tud<\/span><\/td>\n<td style=\"width: 16.6893%;text-align: center;height: 110px\"><span style=\"font-family: Arial\">12.C<\/span><\/td>\n<td style=\"width: 16.9607%;height: 110px\"><span style=\"font-family: Arial\">2. hely<\/span><\/td>\n<td style=\"width: 0.407056%;height: 110px\"><span style=\"font-family: Arial\"><a href=\"https:\/\/semmelweis.hu\/bokay\/2025\/10\/03\/krimit-tud-2-helyezes\/\">Krimit tud? 2. helyez\u00e9s \u2013 B\u00f3kay J\u00e1nos T\u00f6bbc\u00e9l\u00fa Szakk\u00e9pz\u0151 Int\u00e9zm\u00e9ny<\/a><\/span><\/td>\n<\/tr>\n<tr>\n<td style=\"width: 16.6214%;text-align: center\">Bene R\u00e9ka Vikt\u00f3ria<\/td>\n<td style=\"width: 16.6214%\"><span style=\"font-family: Arial\">\u00a0<\/span><\/td>\n<td style=\"width: 30.5292%;text-align: center\"><span style=\"font-family: Arial\">III. Budapest L\u00e9gtorna Fesztiv\u00e1l<\/span><\/td>\n<td style=\"width: 16.6893%;text-align: center\"><span style=\"font-family: Arial\">11.A<\/span><\/td>\n<td style=\"width: 16.9607%\"><span style=\"font-family: Arial\">2. hely<\/span><\/td>\n<td style=\"width: 0.407056%\"><span style=\"font-family: Arial\"><a href=\"https:\/\/semmelweis.hu\/bokay\/2026\/03\/22\/ii-helyezes-a-budapest-legtorna-fesztivalon\/\">II. helyez\u00e9s a Budapest L\u00e9gtorna Fesztiv\u00e1lon \u2013 B\u00f3kay J\u00e1nos T\u00f6bbc\u00e9l\u00fa Szakk\u00e9pz\u0151 Int\u00e9zm\u00e9ny<\/a><\/span><\/td>\n<\/tr>\n<tr>\n<td style=\"width: 16.6214%;text-align: center\">B\u00e9res Zs\u00f3fia<\/td>\n<td style=\"width: 16.6214%\"><span style=\"font-family: Arial\">\u00a0<\/span><\/td>\n<td style=\"width: 30.5292%;text-align: center\"><span style=\"font-family: Arial\">U20 Atl\u00e9tikai Magyar Bajnoks\u00e1g<\/span><\/td>\n<td style=\"width: 16.6893%;text-align: center\"><span style=\"font-family: Arial\">12.B\u00a0<\/span><\/td>\n<td style=\"width: 16.9607%\"><span style=\"font-family: Arial\">3. hely<br \/>\nBronz\u00e9rem<\/span><\/td>\n<td style=\"width: 0.407056%\"><a href=\"https:\/\/semmelweis.hu\/bokay\/2026\/02\/23\/elkepeszto-btonzerem-az-u20-as-noi-rudugrasban\/\">Leny\u0171g\u00f6z\u0151 bronz\u00e9rem az U20-as n\u0151i r\u00fadugr\u00e1sban \u2013 B\u00f3kay J\u00e1nos T\u00f6bbc\u00e9l\u00fa Szakk\u00e9pz\u0151 Int\u00e9zm\u00e9ny<\/a><\/td>\n<\/tr>\n<tr>\n<td style=\"width: 16.6214%;text-align: center\">Buglavecz J\u00e1zmin<br \/>\nForg\u00f3 Vanda<br \/>\nRom\u00e1n Mil\u00e9na<\/td>\n<td style=\"width: 16.6214%\"><span style=\"font-family: Arial\">\u00a0<\/span><\/td>\n<td style=\"width: 30.5292%;text-align: center\"><span style=\"font-family: Arial\">Budapesti K\u00e9ttannyelv\u0171 Technikumok Versenye<\/span><\/td>\n<td style=\"width: 16.6893%;text-align: center\"><span style=\"font-family: Arial\">11.C<\/span><\/td>\n<td style=\"width: 16.9607%\"><span style=\"font-family: Arial\">3. hely<\/span><\/td>\n<td style=\"width: 0.407056%\"><a href=\"https:\/\/semmelweis.hu\/bokay\/2026\/03\/11\/3-helyezest-ertunk-el-a-budapesti-kettannyelvu-technikumok-versenyen\/\">3. helyez\u00e9st \u00e9rt\u00fcnk el a budapesti k\u00e9ttannyelv\u0171 technikumok verseny\u00e9n \u2013 B\u00f3kay J\u00e1nos T\u00f6bbc\u00e9l\u00fa Szakk\u00e9pz\u0151 Int\u00e9zm\u00e9ny<\/a><\/td>\n<\/tr>\n<tr style=\"height: 83px\">\n<td style=\"width: 16.6214%;text-align: center;height: 83px\">Hall\u00f3sy Dominik<\/td>\n<td style=\"width: 16.6214%;height: 83px\"><span style=\"font-family: Arial\">\u00a0<\/span><\/td>\n<td style=\"width: 30.5292%;text-align: center;height: 83px\"><span style=\"font-family: Arial\">ISU Junior World Cup Speed Skating Series<br \/>\nR\u00f6vidp\u00e1ly\u00e1s gyorskorcsolya Vil\u00e1gkupa sorozat I.<br \/>\nKazakhstan \/Astana<\/span><\/td>\n<td style=\"width: 16.6893%;text-align: center;height: 83px\"><span style=\"font-family: Arial\">12.B<\/span><\/td>\n<td style=\"width: 16.9607%;height: 83px\"><span style=\"font-family: Arial\">&#8222;B&#8221;\u00a0 d\u00f6nt\u0151\u00a0<br \/>\n1. helyez\u00e9s<br \/>\nF\u00e9rdi v\u00e1lt\u00f3 3000m\u00a0<\/span><\/td>\n<td style=\"width: 0.407056%;height: 83px\"><span style=\"font-family: Arial\"><a href=\"https:\/\/semmelweis.hu\/bokay\/2025\/11\/16\/elkepeszto-siker-a-rovidpalyas-gyorskorcsolya-vilagkupan\/\">Elk\u00e9peszt\u0151 siker a r\u00f6vidp\u00e1ly\u00e1s gyorskorcsolya vil\u00e1gkup\u00e1n \u2013 B\u00f3kay J\u00e1nos T\u00f6bbc\u00e9l\u00fa Szakk\u00e9pz\u0151 Int\u00e9zm\u00e9ny<\/a><\/span><\/td>\n<\/tr>\n<tr style=\"height: 83px\">\n<td style=\"width: 16.6214%;text-align: center;height: 83px\">Hall\u00f3sy Dominik<\/td>\n<td style=\"width: 16.6214%;height: 83px\"><span style=\"font-family: Arial\">\u00a0<\/span><\/td>\n<td style=\"width: 30.5292%;text-align: center;height: 83px\"><span style=\"font-family: Arial\">ISU Junior World Cup Speed Skating Series<br \/>\nR\u00f6vidp\u00e1ly\u00e1s gyorskorcsolya Vil\u00e1gkupa sorozat II.<br \/>\nKazakhstan \/Astana<br \/>\n<\/span><\/td>\n<td style=\"width: 16.6893%;text-align: center;height: 83px\"><span style=\"font-family: Arial\">12.B<\/span><\/td>\n<td style=\"width: 16.9607%;height: 83px\"><span style=\"font-family: Arial\">&#8222;A&#8221; d\u00f6nt\u0151<br \/>\n4. hely<br \/>\nF\u00e9rfi 500m<\/span><\/td>\n<td style=\"width: 0.407056%;height: 83px\"><span style=\"font-family: Arial\"><a href=\"https:\/\/semmelweis.hu\/bokay\/2025\/11\/16\/elkepeszto-siker-a-rovidpalyas-gyorskorcsolya-vilagkupan\/\">Elk\u00e9peszt\u0151 siker a r\u00f6vidp\u00e1ly\u00e1s gyorskorcsolya vil\u00e1gkup\u00e1n \u2013 B\u00f3kay J\u00e1nos T\u00f6bbc\u00e9l\u00fa Szakk\u00e9pz\u0151 Int\u00e9zm\u00e9ny<\/a><\/span><\/td>\n<\/tr>\n<tr>\n<td style=\"width: 16.6214%;text-align: center\">Hall\u00f3sy Dominik<\/td>\n<td style=\"width: 16.6214%\"><span style=\"font-family: Arial\">\u00a0<\/span><\/td>\n<td style=\"width: 30.5292%;text-align: center\"><span style=\"font-family: Arial\">R\u00f6vidp\u00e1ly\u00e1s gyorskorcsolya Orsz\u00e1gos Bajnoks\u00e1g<\/span><\/td>\n<td style=\"width: 16.6893%;text-align: center\"><span style=\"font-family: Arial\">12.B<\/span><\/td>\n<td style=\"width: 16.9607%\">\n<p><span style=\"color: #000000\"><span style=\"font-family: Segoe UI Historic, Segoe UI, Helvetica, Arial, sans-serif\"><span style=\"font-size: medium\"><br \/>\n1<\/span><\/span><span style=\"font-family: Segoe UI Historic, Segoe UI, Helvetica, Arial, sans-serif\"><span style=\"font-size: medium\">500m II. hely <\/span><\/span><\/span><\/p>\n<p><span style=\"color: #000000\"><span style=\"font-family: Segoe UI Historic, Segoe UI, Helvetica, Arial, sans-serif\"><span style=\"font-size: medium\">500m II. hely<\/span><\/span><\/span><\/p>\n<p><span style=\"color: #000000\"><span style=\"font-family: Segoe UI Historic, Segoe UI, Helvetica, Arial, sans-serif\"><span style=\"font-size: medium\">1<\/span><\/span><span style=\"font-family: Segoe UI Historic, Segoe UI, Helvetica, Arial, sans-serif\"><span style=\"font-size: medium\">000m II.hely <\/span><\/span><\/span><\/p>\n<p><span style=\"color: #000000\"><span style=\"font-family: Segoe UI Historic, Segoe UI, Helvetica, Arial, sans-serif\"><span style=\"font-size: medium\">SUPER FINAL 1500m I.hely<\/span><\/span><\/span><\/p>\n<p><span style=\"color: #000000\"><span style=\"font-family: Segoe UI Historic, Segoe UI, Helvetica, Arial, sans-serif\"><span style=\"font-size: medium\"> \u00f6sszetett II.helyen\u00a0<\/span><\/span><\/span><\/p>\n<p><span style=\"color: #000000\"><span style=\"font-family: Segoe UI Historic, Segoe UI, Helvetica, Arial, sans-serif\"><span style=\"font-size: medium\">F<\/span><\/span><span style=\"font-family: Segoe UI Historic, Segoe UI, Helvetica, Arial, sans-serif\"><span style=\"font-size: medium\">\u00e9rfi v\u00e1lt\u00f3 3000 m II.hely <\/span><\/span><\/span><\/p>\n<p><span style=\"color: #000000\"><span style=\"font-family: Segoe UI Historic, Segoe UI, Helvetica, Arial, sans-serif\"><span style=\"font-size: medium\">MIXED v\u00e1lt\u00f3 III.hely<\/span><\/span><\/span><\/p>\n<\/td>\n<td style=\"width: 0.407056%\"><span style=\"font-family: Arial\"><a href=\"https:\/\/semmelweis.hu\/bokay\/2026\/03\/22\/eremeso-a-rovidpalyas-gyorskorcsolya-orszagos-bajnoksagon\/\">\u00c9remes\u0151 a r\u00f6vidp\u00e1ly\u00e1s gyorskorcsolya Orsz\u00e1gos Bajnoks\u00e1gon \u2013 B\u00f3kay J\u00e1nos T\u00f6bbc\u00e9l\u00fa Szakk\u00e9pz\u0151 Int\u00e9zm\u00e9ny<\/a><\/span><\/td>\n<\/tr>\n<tr style=\"height: 56px\">\n<td style=\"width: 16.6214%;height: 56px\"><span style=\"font-family: Arial\">Moga Henrietta<\/span><\/td>\n<td style=\"width: 16.6214%;height: 56px\"><span style=\"font-family: Arial\">\u00a0<\/span><\/td>\n<td style=\"width: 30.5292%;height: 56px\"><span style=\"font-family: Arial\">Orsz\u00e1gos Fedeles\u00a0<em>Verseny<\/em>&#8211;<em>Nemzeti Lovarda<\/em><\/span><\/td>\n<td style=\"width: 16.6893%;height: 56px\"><span style=\"font-family: Arial\">10.B<\/span><\/td>\n<td style=\"width: 16.9607%;height: 56px\"><span style=\"font-family: Arial\">5. hely<br \/>\n8. hely<\/span><\/td>\n<td style=\"width: 0.407056%;height: 56px\"><span style=\"font-family: Arial\"><a href=\"https:\/\/semmelweis.hu\/bokay\/2026\/02\/14\/megkezdodott-a-a-dijugrato-versenyszezon\/\">Megkezd\u0151d\u00f6tt a a d\u00edjugrat\u00f3 versenyszezon \u2013 B\u00f3kay J\u00e1nos T\u00f6bbc\u00e9l\u00fa Szakk\u00e9pz\u0151 Int\u00e9zm\u00e9ny<\/a><\/span><\/td>\n<\/tr>\n<tr style=\"height: 29px\">\n<td style=\"height: 29px;width: 16.6214%\" align=\"center\" height=\"26\" data-sheets-value=\"{ &quot;1&quot;: 2, &quot;2&quot;: &quot;Moga Henrietta&quot;}\"><span style=\"font-family: Arial\">Moga Henrietta<\/span><\/td>\n<td style=\"width: 16.6214%;height: 29px\"><span style=\"font-family: Arial\">\u00a0<\/span><\/td>\n<td style=\"height: 29px;width: 30.5292%\" align=\"center\" data-sheets-value=\"{ &quot;1&quot;: 2, &quot;2&quot;: &quot;Di\u00e1kolimpia&quot;}\"><span style=\"font-family: Arial\">Di\u00e1kolimpia<\/span><\/td>\n<td style=\"height: 29px;width: 16.6893%\" align=\"left\" data-sheets-value=\"{ &quot;1&quot;: 2, &quot;2&quot;: &quot;10.B&quot;}\"><span style=\"font-family: Arial\">10.B<\/span><\/td>\n<td style=\"height: 29px;width: 16.9607%\" align=\"left\" data-sheets-value=\"{ &quot;1&quot;: 2, &quot;2&quot;: &quot;6. hely&quot;}\"><span style=\"font-family: Arial\">6. hely<\/span><\/td>\n<td style=\"width: 0.407056%;height: 29px\"><span style=\"font-family: Arial\"><a href=\"https:\/\/semmelweis.hu\/bokay\/2025\/10\/15\/moga-henrietta-a-hatodik-helyen-vegzett-a-diakolimpian-torpiri-lovaval\/\">Moga Henrietta a hatodik helyen v\u00e9gzett a di\u00e1kolimpi\u00e1n T\u00f6rpiri lov\u00e1val \u2013 B\u00f3kay J\u00e1nos T\u00f6bbc\u00e9l\u00fa Szakk\u00e9pz\u0151 Int\u00e9zm\u00e9ny<\/a><\/span><\/td>\n<\/tr>\n<tr style=\"height: 85px\">\n<td style=\"width: 16.6214%;text-align: center;height: 85px\"><span style=\"font-family: Arial\">Moga Henrietta<\/span><\/td>\n<td style=\"width: 16.6214%;height: 85px\"><span style=\"font-family: Arial\">\u00a0<\/span><\/td>\n<td style=\"width: 30.5292%;height: 85px\">\n<h1 class=\"entry-title text-uppercase\"><span style=\"font-size: 10pt\">Nemzeti + Felk\u00e9sz\u00edt\u0151 verseny \u2013 Pataki M\u00e9nes, november 7\u20139.<\/span><\/h1>\n<\/td>\n<td style=\"width: 16.6893%;height: 85px\"><span style=\"font-family: Arial\">10.B<\/span><\/td>\n<td style=\"width: 16.9607%;height: 85px\"><span style=\"font-family: Arial\">1. hely<\/span><\/td>\n<td style=\"width: 0.407056%;height: 85px\"><span style=\"font-family: Arial\"><a href=\"https:\/\/semmelweis.hu\/bokay\/2025\/11\/14\/nemzeti-felkeszito-verseny-pataki-menes-november-7-9\/\">Nemzeti + Felk\u00e9sz\u00edt\u0151 verseny \u2013 Pataki M\u00e9nes, november 7\u20139. \u2013 B\u00f3kay J\u00e1nos T\u00f6bbc\u00e9l\u00fa Szakk\u00e9pz\u0151 Int\u00e9zm\u00e9ny<\/a><\/span><\/td>\n<\/tr>\n<tr>\n<td style=\"width: 16.6214%;text-align: center\"><span style=\"font-family: Arial\">\u00d3nodi Tam\u00e1s<\/span><\/td>\n<td style=\"width: 16.6214%\"><span style=\"font-family: Arial\">\u00a0<\/span><\/td>\n<td style=\"width: 30.5292%\"><span style=\"font-family: Arial\">\u00c9nekes Istv\u00e1n Kupa<\/span><\/td>\n<td style=\"width: 16.6893%\"><span style=\"font-family: Arial\">10.B<\/span><\/td>\n<td style=\"width: 16.9607%\"><span style=\"font-family: Arial\">1. hely<br \/>\nArany\u00e9rem<\/span><\/td>\n<td style=\"width: 0.407056%\"><span style=\"font-family: Arial\"><a href=\"https:\/\/semmelweis.hu\/bokay\/category\/hirek\/\">H\u00edrek \u2013 B\u00f3kay J\u00e1nos T\u00f6bbc\u00e9l\u00fa Szakk\u00e9pz\u0151 Int\u00e9zm\u00e9ny<\/a><\/span><\/td>\n<\/tr>\n<tr style=\"height: 29px\">\n<td style=\"height: 29px;width: 16.6214%;text-align: center\"><span style=\"font-family: Arial\">\u00d3nodi Tam\u00e1s<\/span><\/td>\n<td style=\"width: 16.6214%;height: 29px\"><span style=\"font-family: Arial\">\u00a0<\/span><\/td>\n<td style=\"height: 29px;width: 30.5292%\"><span style=\"font-family: Arial\">U13-as \u00e9s U17-es Magyar Bajnoks\u00e1g<\/span><\/td>\n<td style=\"height: 29px;width: 16.6893%\"><span style=\"font-family: Arial\">10.B<\/span><\/td>\n<td style=\"height: 29px;width: 16.9607%\"><span style=\"font-family: Arial\">1. hely\u00a0<br \/>\nArany\u00e9rem<\/span><\/td>\n<td style=\"width: 0.407056%;height: 29px\"><span style=\"font-family: Arial\"><a href=\"https:\/\/semmelweis.hu\/bokay\/2025\/10\/07\/onodi-tamas-magyar-bajnok-okolvivasban\/\">\u00d3nodi Tam\u00e1s magyar bajnok \u00f6k\u00f6lv\u00edv\u00e1sban \u2013 B\u00f3kay J\u00e1nos T\u00f6bbc\u00e9l\u00fa Szakk\u00e9pz\u0151 Int\u00e9zm\u00e9ny<\/a><\/span><\/td>\n<\/tr>\n<tr style=\"height: 56px\">\n<td style=\"width: 16.6214%;text-align: center;height: 56px\"><span style=\"font-family: Arial\">\u00d3nodi Tam\u00e1s<\/span><\/td>\n<td style=\"width: 16.6214%;height: 56px\"><span style=\"font-family: Arial\">\u00a0<\/span><\/td>\n<td style=\"width: 30.5292%;height: 56px\"><span style=\"font-family: Arial\">Alexander The Great tournament &#8211; G\u00f6r\u00f6gorsz\u00e1g<\/span><\/td>\n<td style=\"width: 16.6893%;height: 56px\"><span style=\"font-family: Arial\">10.B<\/span><\/td>\n<td style=\"width: 16.9607%;height: 56px\"><span style=\"font-family: Arial\">2. hely <br \/>\nEz\u00fcst\u00e9rem<\/span><\/td>\n<td style=\"width: 0.407056%;height: 56px\"><span style=\"font-family: Arial\"><a href=\"https:\/\/semmelweis.hu\/bokay\/2025\/11\/18\/ezusterem-az-alexander-the-great-nemzetkozi-merkozesen-gorogorszagban\/\">Ez\u00fcst\u00e9rem az Alexander the Great nemzetk\u00f6zi m\u00e9rk\u0151z\u00e9sen G\u00f6r\u00f6gorsz\u00e1gban \u2013 B\u00f3kay J\u00e1nos T\u00f6bbc\u00e9l\u00fa Szakk\u00e9pz\u0151 Int\u00e9zm\u00e9ny<\/a><\/span><\/td>\n<\/tr>\n<tr style=\"height: 29px\">\n<td style=\"width: 16.6214%;text-align: center;height: 29px\"><span style=\"font-family: Arial\">\u00d3nodi Tam\u00e1s<\/span><\/td>\n<td style=\"width: 16.6214%;height: 29px\"><span style=\"font-family: Arial\">\u00a0<\/span><\/td>\n<td style=\"width: 30.5292%;height: 29px\"><span style=\"font-family: Arial\">\u00a0U17-es \u00f6k\u00f6lv\u00edv\u00f3 Eur\u00f3pa-bajnoks\u00e1g<\/span><\/td>\n<td style=\"width: 16.6893%;height: 29px\"><span style=\"font-family: Arial\">10.B<\/span><\/td>\n<td style=\"width: 16.9607%;height: 29px\"><span style=\"font-family: Arial\">5. hely<\/span><\/td>\n<td style=\"width: 0.407056%;height: 29px\"><span style=\"font-family: Arial\"><a href=\"https:\/\/semmelweis.hu\/bokay\/2025\/12\/16\/okolvivo-europa-bajnoksagon-kepveltettuk-iskolankat-vasarnap\/\">\u00d6k\u00f6lv\u00edv\u00f3 Eur\u00f3pa-bajnoks\u00e1gon k\u00e9pviseltett\u00fck iskol\u00e1nkat vas\u00e1rnap \u2013 B\u00f3kay J\u00e1nos T\u00f6bbc\u00e9l\u00fa Szakk\u00e9pz\u0151 Int\u00e9zm\u00e9ny<\/a><\/span><\/td>\n<\/tr>\n<tr>\n<td style=\"width: 16.6214%;text-align: center\"><span style=\"font-family: Arial\">S\u00e1rossy Melani<\/span><\/td>\n<td style=\"width: 16.6214%\"><span style=\"font-family: Arial\">\u00a0<\/span><\/td>\n<td style=\"width: 30.5292%\"><span style=\"font-family: Arial\">Magyar Fitness \u00e9s\u00a0Test\u00e9p\u00edt\u0151\u00a0Szaksz\u00f6vets\u00e9g\u00a0Fitness \u00e9s\u00a0Challenge Di\u00e1kolimpi\u00e1ja<\/span><\/td>\n<td style=\"width: 16.6893%\"><span style=\"font-family: Arial\">10.B<\/span><\/td>\n<td style=\"width: 16.9607%\"><span style=\"font-family: Arial\">3. hely<\/span><\/td>\n<td style=\"width: 0.407056%\"><span style=\"font-family: Arial\"><a href=\"https:\/\/semmelweis.hu\/bokay\/2026\/03\/08\/3-helyezes-a-fitness-es-challenge-diakolimpian\/\">3. helyez\u00e9s a Fitness \u00e9s Challenge Di\u00e1kolimpi\u00e1n \u2013 B\u00f3kay J\u00e1nos T\u00f6bbc\u00e9l\u00fa Szakk\u00e9pz\u0151 Int\u00e9zm\u00e9ny<\/a><\/span><\/td>\n<\/tr>\n<tr style=\"height: 269px\">\n<td style=\"width: 16.6214%;text-align: center;height: 269px\"><span style=\"font-family: Arial\"><span style=\"font-family: Arial\">Szenny\u0171z\u0151k csapata<br \/>\n<\/span><\/span><\/p>\n<p><span style=\"color: #bf0041\"><span style=\"font-family: Segoe UI Historic, Segoe UI, Helvetica, Arial, sans-serif\"><span style=\"font-size: medium\"><span style=\"color: #000000\"><span style=\"font-family: Arial, sans-serif\"><span style=\"font-size: small\">\u00c1d\u00e1m Al\u00edz11.C <\/span><\/span><\/span><\/span><\/span><\/span><\/p>\n<p><span style=\"color: #bf0041\"><span style=\"font-family: Segoe UI Historic, Segoe UI, Helvetica, Arial, sans-serif\"><span style=\"font-size: medium\"><span style=\"color: #000000\"><span style=\"font-family: Arial, sans-serif\"><span style=\"font-size: small\">Hamp\u00f3 Gr\u00e9ta 11.C<\/span><\/span><\/span><\/span><\/span><\/span><\/p>\n<p><span style=\"color: #bf0041\"><span style=\"font-family: Segoe UI Historic, Segoe UI, Helvetica, Arial, sans-serif\"><span style=\"font-size: medium\"><span style=\"color: #000000\"><span style=\"font-family: Arial, sans-serif\"><span style=\"font-size: small\">Bene R\u00e9ka 11.A<\/span><\/span><\/span><\/span><\/span><\/span><\/p>\n<p><span style=\"color: #bf0041\"><span style=\"font-family: Segoe UI Historic, Segoe UI, Helvetica, Arial, sans-serif\"><span style=\"font-size: medium\"><span style=\"color: #000000\"><span style=\"font-family: Arial, sans-serif\"><span style=\"font-size: small\">Ol\u00e1h Bogl\u00e1rka 11.A<\/span><\/span><\/span><\/span><\/span><\/span><\/p>\n<p><span style=\"font-family: Arial\"><\/p>\n<p><\/span><\/td>\n<td style=\"width: 16.6214%;height: 269px\"><span style=\"font-family: Arial\">\u00a0<\/span><\/td>\n<td style=\"width: 30.5292%;height: 269px\">\n<p><span style=\"color: #bf0041\"><span style=\"font-family: Segoe UI Historic, Segoe UI, Helvetica, Arial, sans-serif\"><span style=\"font-size: medium\"><span style=\"color: #000000\"><span style=\"font-family: Arial, sans-serif\"><span style=\"font-size: small\">2025. \u00e9vi Sereg\u00e9lyes\u00d3nodi Tibor Eml\u00e9kverseny<\/span><\/span><\/span><\/span><\/span><\/span><\/p>\n<\/td>\n<td style=\"width: 16.6893%;height: 269px\"><span style=\"font-family: Arial\">11.A<\/p>\n<p>11.C<\/span><\/td>\n<td style=\"width: 16.9607%;height: 269px\"><span style=\"font-family: Arial\">13. hely<\/span><\/td>\n<td style=\"width: 0.407056%;height: 269px\"><span style=\"font-family: Arial\"><a href=\"https:\/\/semmelweis.hu\/bokay\/2025\/11\/19\/tanuloink-sikerei-a-seregelyes-tibor-emlekversenyen\/\">Tanul\u00f3ink sikerei a Sereg\u00e9lyes Tibor Eml\u00e9kversenyen \u2013 B\u00f3kay J\u00e1nos T\u00f6bbc\u00e9l\u00fa Szakk\u00e9pz\u0151 Int\u00e9zm\u00e9ny<\/a><\/span><\/td>\n<\/tr>\n<tr style=\"height: 29px\">\n<td style=\"width: 16.6214%;height: 29px\"><span style=\"font-family: Arial\">\u00a0Sz\u0171cs M\u00e1t\u00e9 Ferenc<\/span><\/td>\n<td style=\"width: 16.6214%;height: 29px\"><span style=\"font-family: Arial\">\u00a0<\/span><\/td>\n<td style=\"width: 30.5292%;height: 29px\"><span style=\"font-family: Arial\">\u00a0\u00dasz\u00e1s Di\u00e1kolimpia Budapest<\/span><\/td>\n<td style=\"width: 16.6893%;height: 29px\"><span style=\"font-family: Arial\">9.A\u00a0<\/span><\/td>\n<td style=\"width: 16.9607%;height: 29px\"><span style=\"font-family: Arial\">8. hely<br \/>\nB d\u00f6nt\u0151\u00a0<\/span><\/td>\n<td style=\"width: 0.407056%;height: 29px\"><span style=\"font-family: Arial\"> <a href=\"https:\/\/semmelweis.hu\/bokay\/2026\/02\/16\/uszas-diakolimpia-budapesti-donto\/\">\u00dasz\u00e1s Di\u00e1kolimpia budapesti d\u00f6nt\u0151 \u2013 B\u00f3kay J\u00e1nos T\u00f6bbc\u00e9l\u00fa Szakk\u00e9pz\u0151 Int\u00e9zm\u00e9ny<\/a><\/span><\/td>\n<\/tr>\n<\/tbody>\n<\/table>\n<table style=\"border-collapse: collapse;width: 100%;height: 4289px\">\n<tbody>\n<tr style=\"height: 32px\">\n<td style=\"width: 20%;height: 32px\">\n<h5><span style=\"font-size: 12pt\"><strong><span style=\"color: #800000\">Tan\u00e9v:<\/span><\/strong><\/span><\/h5>\n<\/td>\n<td style=\"width: 20%;height: 32px\">\n<h5><span style=\"font-size: 12pt\"><strong><span style=\"color: #800000\">2024\/2025<\/span><\/strong><\/span><\/h5>\n<\/td>\n<td style=\"width: 12.9436%;height: 32px\">\u00a0<\/td>\n<td style=\"width: 27.0564%;height: 32px\">\u00a0<\/td>\n<td style=\"width: 20%;height: 32px\">\u00a0<\/td>\n<\/tr>\n<tr style=\"height: 32px\">\n<td style=\"width: 20%;height: 32px;text-align: center\">\n<h5><span style=\"color: #0000ff;font-size: 12pt\">R\u00e9sztvev\u0151 tanul\u00f3k<\/span><\/h5>\n<\/td>\n<td style=\"width: 20%;height: 32px;text-align: center\">\n<h5><span style=\"color: #0000ff;font-size: 12pt\">Verseny megnevez\u00e9se<\/span><\/h5>\n<\/td>\n<td style=\"width: 12.9436%;text-align: center;height: 32px\">\n<h5><span style=\"color: #0000ff;font-size: 12pt\">oszt\u00e1ly<\/span><\/h5>\n<\/td>\n<td style=\"width: 27.0564%;text-align: center;height: 32px\">\n<h5><span style=\"color: #0000ff;font-size: 12pt\">eredm\u00e9ny<\/span><\/h5>\n<\/td>\n<td style=\"width: 20%;height: 32px;text-align: center\">\n<h5><span style=\"color: #0000ff;font-size: 12pt\">link<\/span><\/h5>\n<\/td>\n<\/tr>\n<tr>\n<td style=\"width: 20%;text-align: center\">\n<h5><span style=\"font-size: 12pt\"><strong>Antal Patrik<br \/>\n<\/strong><\/span><\/h5>\n<\/td>\n<td style=\"width: 20%;text-align: center\">\n<h5><span style=\"font-size: 12pt\">Orsz\u00e1gos Szakmai Tanulm\u00e1nyi Verseny<br \/>\n<\/span><\/h5>\n<h5><span style=\"font-size: 12pt\">radiol\u00f3giai asszisztens szakma<\/span><\/h5>\n<\/td>\n<td style=\"width: 12.9436%;text-align: center\">\n<h5><span style=\"font-size: 12pt\">13.CSFR<\/span><\/h5>\n<\/td>\n<td style=\"width: 27.0564%;text-align: center\">\n<h5><span style=\"font-size: 12pt\">1. hely<\/span><\/h5>\n<\/td>\n<td style=\"width: 20%;text-align: center\">\n<h5><span style=\"font-size: 12pt\"><a href=\"https:\/\/semmelweis.hu\/bokay\/2025\/06\/26\/a-13-csfr-osztaly-tanuloi-kivaloan-teljesitettek-a-radiografiai-asszisztens-szakma-orszagos-szakmai-tanulmanyi-verseny-dontojen\/\">Kiv\u00e1l\u00f3an teljes\u00edtettek a 13.CsFR oszt\u00e1ly tanul\u00f3i a radiogr\u00e1fiai asszisztens szakma Orsz\u00e1gos Szakmai Tanulm\u00e1nyi Verseny d\u00f6nt\u0151j\u00e9n \u2013 B\u00f3kay J\u00e1nos T\u00f6bbc\u00e9l\u00fa Szakk\u00e9pz\u0151 Int\u00e9zm\u00e9ny<\/a><\/span><\/h5>\n<\/td>\n<\/tr>\n<tr>\n<td style=\"width: 20%;text-align: center\">\n<h5><span style=\"font-size: 12pt\"><strong>B\u00e1der R\u00f3me\u00f3<br \/>\n<span style=\"color: #ff6600\">\u00d6k\u00f6lv\u00edv\u00e1s<\/span><\/strong><\/span><\/h5>\n<\/td>\n<td style=\"width: 20%;text-align: center\">\n<h5><span style=\"font-size: 12pt\">\u00c9nekes Istv\u00e1n Eml\u00e9kverseny<\/span><\/h5>\n<\/td>\n<td style=\"width: 12.9436%;text-align: center\">\n<h5><span style=\"font-size: 12pt\">10.B<\/span><\/h5>\n<\/td>\n<td style=\"width: 27.0564%;text-align: center\">\n<h5><span style=\"font-size: 12pt\">1. hely\u00a0<\/span><\/h5>\n<\/td>\n<td style=\"width: 20%;text-align: center\">\n<h5><span style=\"font-size: 12pt\"><a href=\"https:\/\/semmelweis.hu\/bokay\/2025\/04\/01\/bader-romeo-sikerei-az-enekes-istvan-okolvivo-emlekversenyen\/\">B\u00e1der R\u00f3me\u00f3 sikerei az \u00c9nekes Istv\u00e1n \u00d6k\u00f6lv\u00edv\u00f3 Eml\u00e9kversenyen \u2013 B\u00f3kay J\u00e1nos T\u00f6bbc\u00e9l\u00fa Szakk\u00e9pz\u0151 Int\u00e9zm\u00e9ny<\/a><\/span><\/h5>\n<\/td>\n<\/tr>\n<tr>\n<td style=\"width: 20%;text-align: center\">\n<h5><span style=\"font-size: 12pt\"><strong>B\u00e1der R\u00f3me\u00f3<br \/>\n<span style=\"color: #ff6600\">\u00d6k\u00f6lv\u00edv\u00e1s<\/span><\/strong><\/span><\/h5>\n<\/td>\n<td style=\"width: 20%;text-align: center\">\n<h5><span style=\"font-size: 12pt\">\u00d6k\u00f6lv\u00edv\u00f3 Orsz\u00e1gos Bajnoks\u00e1g<\/span><\/h5>\n<\/td>\n<td style=\"width: 12.9436%;text-align: center\">\n<h5><span style=\"font-size: 12pt\">10.B<\/span><\/h5>\n<\/td>\n<td style=\"width: 27.0564%;text-align: center\">\n<h5><span style=\"font-size: 12pt\">3. hely &#8211; bronz\u00e9rem<\/span><\/h5>\n<\/td>\n<td style=\"width: 20%;text-align: center\">\n<h5><span style=\"font-size: 12pt\"><a href=\"https:\/\/semmelweis.hu\/bokay\/2025\/07\/25\/bronzerem-a-kisvardai-okolvivo-orszagos-bajnoksagon\/\">Bronz\u00e9rem a kisv\u00e1rdai \u00d6k\u00f6lv\u00edv\u00f3 Orsz\u00e1gos Bajnoks\u00e1gon \u2013 B\u00f3kay J\u00e1nos T\u00f6bbc\u00e9l\u00fa Szakk\u00e9pz\u0151 Int\u00e9zm\u00e9ny<\/a><\/span><\/h5>\n<\/td>\n<\/tr>\n<tr>\n<td style=\"width: 20%;text-align: center\">\n<h5><span style=\"font-size: 12pt\"><strong>Balla Ferenc<br \/>\n<span style=\"color: #993366\">v\u00edzilabda<\/span><\/strong><\/span><\/h5>\n<\/td>\n<td style=\"width: 20%;text-align: center\">\n<h5><span style=\"font-size: 12pt\">V. Benedek Tibor Eml\u00e9ktorna<\/span><\/h5>\n<\/td>\n<td style=\"width: 12.9436%;text-align: center\">\n<h5><span style=\"font-size: 12pt\">13.B<\/span><\/h5>\n<\/td>\n<td style=\"width: 27.0564%;text-align: center\">\n<h5><span style=\"font-size: 12pt\">3. hely &#8211; Bronz\u00e9rem<\/span><\/h5>\n<\/td>\n<td style=\"width: 20%;text-align: center\">\n<h5><span style=\"font-size: 12pt\"><a href=\"https:\/\/semmelweis.hu\/bokay\/2025\/01\/27\/bronzermes-az-ftc-ifjusagi-vizilabda-csapata\/\">Bronz\u00e9rmes az FTC ifj\u00fas\u00e1gi v\u00edzilabda csapata \u2013 B\u00f3kay J\u00e1nos T\u00f6bbc\u00e9l\u00fa Szakk\u00e9pz\u0151 Int\u00e9zm\u00e9ny<\/a><\/span><\/h5>\n<\/td>\n<\/tr>\n<tr>\n<td style=\"width: 20%;text-align: center\">\n<h5><span style=\"font-size: 12pt\"><strong>Balla Ferenc\u00a0<br \/>\n<span style=\"color: #993366\">v\u00edzilabda<\/span><\/strong><\/span><\/h5>\n<\/td>\n<td style=\"width: 20%;text-align: center\">\n<h5><span style=\"font-size: 12pt\">Orsz\u00e1gos Fi\u00fa Ifj\u00fas\u00e1gi Bajnoks\u00e1g<\/span><\/h5>\n<\/td>\n<td style=\"width: 12.9436%;text-align: center\">\n<h5><span style=\"font-size: 12pt\">13.B<\/span><\/h5>\n<\/td>\n<td style=\"width: 27.0564%;text-align: center\">\n<h5><span style=\"font-size: 12pt\">&#8216;. hely<\/span><\/h5>\n<h5><span style=\"font-size: 12pt\">Magyar bajnok<\/span><\/h5>\n<\/td>\n<td style=\"width: 20%;text-align: center\">\n<h5><span style=\"font-size: 12pt\"><a href=\"https:\/\/semmelweis.hu\/bokay\/2025\/05\/26\/ifjusagi-bajnok-vizilabdaban-az-ftc-telekom-csapataval-balla-ferenc\/\">Ifj\u00fas\u00e1gi Bajnok v\u00edzilabd\u00e1ban az FTC-Telekom csapat\u00e1val Balla Ferenc \u2013 B\u00f3kay J\u00e1nos T\u00f6bbc\u00e9l\u00fa Szakk\u00e9pz\u0151 Int\u00e9zm\u00e9ny<\/a><\/span><\/h5>\n<\/td>\n<\/tr>\n<tr>\n<td style=\"width: 20%;text-align: center\">\n<h5><span style=\"font-size: 12pt\"><strong>Balla Ferenc<br \/>\n<span style=\"color: #993366\">v\u00edzilabda<\/span><\/strong><\/span><\/h5>\n<\/td>\n<td style=\"width: 20%;text-align: center\">\n<h5><span style=\"font-size: 12pt\">Magyar Bajnoks\u00e1g<\/span><\/h5>\n<\/td>\n<td style=\"width: 12.9436%;text-align: center\">\n<h5><span style=\"font-size: 12pt\">13.B<\/span><\/h5>\n<\/td>\n<td style=\"width: 27.0564%;text-align: center\">\n<h5><span style=\"font-size: 12pt\">1. hely\u00a0<\/span><\/h5>\n<h5><span style=\"font-size: 12pt\">Magyar Bajnok<\/span><\/h5>\n<\/td>\n<td style=\"width: 20%;text-align: center\">\n<h5><span style=\"font-size: 12pt\"><a href=\"https:\/\/semmelweis.hu\/bokay\/2025\/05\/18\/gratulalunk-balla-ferencnek-es-az-ftc-ferfi-vizilabda-csapatanak-a-fantasztikus-bajnoki-cimhez\/\">Gratul\u00e1lunk Balla Ferencnek \u00e9s az FTC f\u00e9rfi v\u00edzilabda csapat\u00e1nak a fantasztikus bajnoki c\u00edmhez! \u2013 B\u00f3kay J\u00e1nos T\u00f6bbc\u00e9l\u00fa Szakk\u00e9pz\u0151 Int\u00e9zm\u00e9ny<\/a><\/span><\/h5>\n<\/td>\n<\/tr>\n<tr>\n<td style=\"width: 20%;text-align: center\">\n<h5><span style=\"font-size: 12pt\"><strong>Bene R\u00e9ka<br \/>\n<span style=\"color: #0000ff\">l\u00e9gtorna<\/span><\/strong><\/span><\/h5>\n<\/td>\n<td style=\"width: 20%;text-align: center\">\n<h5><span style=\"font-size: 12pt\">MAN\u00c9ZS &#8211; II. Hungarian Circus Talent Festival<\/span><\/h5>\n<\/td>\n<td style=\"width: 12.9436%;text-align: center\">\n<h5><span style=\"font-size: 12pt\">10.A<\/span><\/h5>\n<\/td>\n<td style=\"width: 27.0564%;text-align: center\">\n<h5><span style=\"font-size: 12pt\">1. hely &#8211; Arany\u00e9rem<\/span><\/h5>\n<\/td>\n<td style=\"width: 20%;text-align: center\">\n<h5><span style=\"font-size: 12pt\"><a href=\"https:\/\/semmelweis.hu\/bokay\/2025\/03\/09\/i-helyezes-a-manezs-ii-hungarian-circus-talent-festivalon\/\">I. helyez\u00e9s a MAN\u00c9ZS \u2013 II. Hungarian Circus Talent Festivalon \u2013 B\u00f3kay J\u00e1nos T\u00f6bbc\u00e9l\u00fa Szakk\u00e9pz\u0151 Int\u00e9zm\u00e9ny<\/a><\/span><\/h5>\n<\/td>\n<\/tr>\n<tr>\n<td style=\"width: 20%;text-align: center\">\n<h5><span style=\"font-size: 12pt\"><strong>B\u00e9res Zs\u00f3fia<br \/>\n<span style=\"color: #ff9900\">R\u00fadugr\u00e1s<\/span><br \/>\n<\/strong><\/span><\/h5>\n<\/td>\n<td style=\"width: 20%;text-align: center\">\n<p><strong>U18 Atl\u00e9tikai Magyar Bajnoks\u00e1g<\/strong><br \/>\n<strong>Budapest<\/strong><\/p>\n<h5><span style=\"font-size: 12pt\">\u00a0<\/span><\/h5>\n<\/td>\n<td style=\"width: 12.9436%;text-align: center\">\n<h5><span style=\"font-size: 12pt\">11.B<\/span><\/h5>\n<\/td>\n<td style=\"width: 27.0564%;text-align: center\">\n<h5><span style=\"font-size: 12pt\">3. hely<\/span><\/h5>\n<\/td>\n<td style=\"width: 20%;text-align: center\">\n<h5><span style=\"font-size: 12pt\"><a href=\"https:\/\/semmelweis.hu\/bokay\/2025\/06\/23\/nagyszeru-teljesitmeny-noi-rudugrasban-budapesten\/\">Nagyszer\u0171 teljes\u00edtm\u00e9ny n\u0151i r\u00fadugr\u00e1sban Budapesten \u2013 B\u00f3kay J\u00e1nos T\u00f6bbc\u00e9l\u00fa Szakk\u00e9pz\u0151 Int\u00e9zm\u00e9ny<\/a><\/span><\/h5>\n<\/td>\n<\/tr>\n<tr style=\"height: 212px\">\n<td style=\"width: 20%;height: 212px;text-align: center\">\n<h5><span style=\"font-size: 12pt\"><strong>Czink\u00f3 Ilona<br \/>\n<span style=\"color: #ff00ff\"><em>er\u0151emel\u00e9s<\/em><\/span><\/strong><\/span><\/h5>\n<\/td>\n<td style=\"width: 20%;height: 212px;text-align: center\">\n<h5><span style=\"font-size: 12pt\">GPC World Championship<\/span><\/h5>\n<\/td>\n<td style=\"width: 12.9436%;text-align: center;height: 212px\">\n<h5><span style=\"font-size: 12pt\">13. CsFR<\/span><\/h5>\n<\/td>\n<td style=\"width: 27.0564%;text-align: center;height: 212px\">\n<h5><span style=\"font-size: 12pt\">1. hely -Arany\u00e9rem<\/span><\/h5>\n<\/td>\n<td style=\"width: 20%;height: 212px;text-align: center\">\n<h5><span style=\"font-size: 12pt\"><a href=\"https:\/\/semmelweis.hu\/bokay\/2024\/10\/19\/czinko-ilona-aranyermet-szerzett-a-gpc-world-championship-bajnoksagon\/\">Czink\u00f3 Ilona arany\u00e9rmet szerzett a GPC World Championship Bajnoks\u00e1gon \u2013 B\u00f3kay J\u00e1nos T\u00f6bbc\u00e9l\u00fa Szakk\u00e9pz\u0151 Int\u00e9zm\u00e9ny<\/a><\/span><\/h5>\n<\/td>\n<\/tr>\n<tr>\n<td style=\"width: 20%;text-align: center\">\n<h5><span style=\"font-size: 12pt\"><strong>Czink\u00f3 Ilona<br \/>\n<\/strong><\/span><\/h5>\n<h5 class=\"western\" align=\"left\"><span style=\"font-size: 12pt\"><em><span style=\"color: #4d5156\"> <span style=\"font-family: Arial, sans-serif\">j<span style=\"color: #ff00ff\">unior komplett kateg\u00f3ria<\/span><\/span><\/span><\/em><\/span><\/h5>\n<h5><span style=\"font-size: 12pt\"><strong>\u00a0<\/strong><\/span><\/h5>\n<\/td>\n<td style=\"width: 20%;text-align: center\">\n<h5 class=\"western\" align=\"left\"><span style=\"font-size: 12pt\"><strong><span style=\"color: #212529\"><span style=\"font-family: Arial, sans-serif\">Scitec Power Challenge<\/span><\/span><\/strong><\/span><\/h5>\n<\/td>\n<td style=\"width: 12.9436%;text-align: center\">\n<h5><span style=\"font-size: 12pt\">13. CsFR<\/span><\/h5>\n<\/td>\n<td style=\"width: 27.0564%;text-align: center\">\n<h5><span style=\"font-size: 12pt\">Abszol\u00fat 1. hely &#8211; Arany\u00e9rem<\/span><\/h5>\n<\/td>\n<td style=\"width: 20%;text-align: center\">\n<h5><span style=\"font-size: 12pt\"><a href=\"https:\/\/semmelweis.hu\/bokay\/2024\/11\/11\/oriasi-diadal-8-8-arany-minosites-a-scitec-power-challenge-megmerettetesen\/\">\u00d3ri\u00e1si diadal \u2013 8\/8 arany min\u0151s\u00edt\u00e9s a Scitec Power Challenge megm\u00e9rettet\u00e9sen \u2013 B\u00f3kay J\u00e1nos T\u00f6bbc\u00e9l\u00fa Szakk\u00e9pz\u0151 Int\u00e9zm\u00e9ny<\/a><\/span><\/h5>\n<\/td>\n<\/tr>\n<tr>\n<td style=\"width: 20%;text-align: center\">\n<h5 align=\"justify\"><span style=\"font-family: 'Times New Roman', serif;color: #993366;font-size: 12pt\"><b>Csete Annabella<\/b><\/span><\/h5>\n<h5><span style=\"font-size: 12pt\"><strong>\u00a0<\/strong><\/span><\/h5>\n<\/td>\n<td style=\"width: 20%;text-align: center\">\n<h5 align=\"center\"><span style=\"font-family: 'Times New Roman', serif;font-size: 12pt\">Tanulva tan\u00edtani \u2013 tan\u00edtva tanulni\u201d pedag\u00f3giai projektverseny<\/span><\/h5>\n<h5 align=\"center\"><span style=\"font-family: 'Times New Roman', serif;font-size: 12pt\">orsz\u00e1gos d\u00f6nt\u0151<\/span><\/h5>\n<h5 class=\"western\" align=\"left\"><span style=\"font-size: 12pt\"><strong><span style=\"color: #212529\"><span style=\"font-family: Arial, sans-serif\">\u00a0<\/span><\/span><\/strong><\/span><\/h5>\n<\/td>\n<td style=\"width: 12.9436%;text-align: center\">\n<h5><span style=\"font-size: 12pt\">12.D<\/span><\/h5>\n<\/td>\n<td style=\"width: 27.0564%;text-align: center\">\n<h5><span style=\"font-size: 12pt\">6. hely<\/span><\/h5>\n<\/td>\n<td style=\"width: 20%;text-align: center\">\n<h5><span style=\"font-size: 12pt\"><a href=\"https:\/\/semmelweis.hu\/bokay\/2025\/03\/10\/tanulva-tanitani-tanitva-tanulni-pedagogiai-projektversenyen-bokay-s-sikerek\/\">\u201eTanulva tan\u00edtani \u2013 tan\u00edtva tanulni\u201d pedag\u00f3giai projektversenyen B\u00f3kay-s sikerek! \u2013 B\u00f3kay J\u00e1nos T\u00f6bbc\u00e9l\u00fa Szakk\u00e9pz\u0151 Int\u00e9zm\u00e9ny<\/a><\/span><\/h5>\n<\/td>\n<\/tr>\n<tr>\n<td style=\"width: 20%;text-align: center\">\n<h5><span style=\"font-size: 12pt\"><strong>Csutor\u00e1s Kolos<br \/>\n<\/strong><\/span><\/h5>\n<h5 class=\"western\" align=\"left\"><span style=\"font-size: 12pt;color: #008000\"><em><span style=\"font-family: Arial, sans-serif\">70 ism\u00e9tl\u00e9s<\/span><\/em><\/span><\/h5>\n<\/td>\n<td style=\"width: 20%;text-align: center\">\n<h5 class=\"western\" align=\"left\"><span style=\"font-size: 12pt\"><strong><span style=\"color: #212529\"><span style=\"font-family: Arial, sans-serif\">Scitec Power Challenge<\/span><\/span><\/strong><\/span><\/h5>\n<\/td>\n<td style=\"width: 12.9436%;text-align: center\">\n<h5><span style=\"font-size: 12pt\">9.B\u00a0<\/span><\/h5>\n<\/td>\n<td style=\"width: 27.0564%;text-align: center\">\n<h5><span style=\"font-size: 12pt\">1. hely &#8211; Arany\u00e9rem<\/span><\/h5>\n<\/td>\n<td style=\"width: 20%;text-align: center\">\n<h5><span style=\"font-size: 12pt\"><a href=\"https:\/\/semmelweis.hu\/bokay\/2024\/11\/11\/oriasi-diadal-8-8-arany-minosites-a-scitec-power-challenge-megmerettetesen\/\">\u00d3ri\u00e1si diadal \u2013 8\/8 arany min\u0151s\u00edt\u00e9s a Scitec Power Challenge megm\u00e9rettet\u00e9sen \u2013 B\u00f3kay J\u00e1nos T\u00f6bbc\u00e9l\u00fa Szakk\u00e9pz\u0151 Int\u00e9zm\u00e9ny<\/a><\/span><\/h5>\n<\/td>\n<\/tr>\n<tr>\n<td style=\"width: 20%;text-align: center\">\n<h5><span style=\"font-size: 12pt\"><strong>\u00a0Csutor\u00e1s Kolos<br \/>\n<span style=\"color: #008000\">Evez\u00e9s<\/span><\/strong><\/span><\/h5>\n<\/td>\n<td style=\"width: 20%;text-align: center\">\n<h5 class=\"western\" align=\"left\"><span style=\"font-size: 12pt\"><strong><span style=\"color: #212529\"><span style=\"font-family: Arial, sans-serif\">Evez\u0151s Di\u00e1kolimpia\u00a0<\/span><\/span><\/strong><\/span><\/h5>\n<\/td>\n<td style=\"width: 12.9436%;text-align: center\">\n<h5><span style=\"font-size: 12pt\">9.B<\/span><\/h5>\n<\/td>\n<td style=\"width: 27.0564%;text-align: center\">\n<h5><span style=\"font-size: 12pt\">1. hely. Arany\u00e9rem<\/span><\/h5>\n<h5><span style=\"font-size: 12pt\">1000m-en mix kateg\u00f3ria<\/span><\/h5>\n<\/td>\n<td style=\"width: 20%;text-align: center\">\n<h5><span style=\"font-size: 12pt\"><a href=\"https:\/\/semmelweis.hu\/bokay\/2025\/05\/11\/elkepeszto-siker-az-evezos-diakolimpian\/\">Elk\u00e9peszt\u0151 siker az Evez\u0151s Di\u00e1kolimpi\u00e1n \u2013 B\u00f3kay J\u00e1nos T\u00f6bbc\u00e9l\u00fa Szakk\u00e9pz\u0151 Int\u00e9zm\u00e9ny<\/a><\/span><\/h5>\n<\/td>\n<\/tr>\n<tr>\n<td style=\"width: 20%;text-align: center\">\n<h5><span style=\"font-size: 12pt\"><strong>Csutor\u00e1s Kolos<br \/>\n<span style=\"color: #008000\">Evez\u00e9s<\/span><\/strong><\/span><\/h5>\n<h5><span style=\"font-size: 12pt\"><strong>\u00a0<\/strong><\/span><\/h5>\n<\/td>\n<td style=\"width: 20%;text-align: center\">\n<h5 class=\"western\" align=\"left\"><span style=\"font-size: 12pt\"><strong><span style=\"color: #212529\"><span style=\"font-family: Arial, sans-serif\">Evez\u0151s Orsz\u00e1gos Bajnoks\u00e1g<br \/>\nSzeged<\/span><\/span><\/strong><\/span><\/h5>\n<\/td>\n<td style=\"width: 12.9436%;text-align: center\">\n<h5><span style=\"font-size: 12pt\">9.B<\/span><\/h5>\n<\/td>\n<td style=\"width: 27.0564%;text-align: center\">\n<h5><span style=\"font-size: 12pt\">2. hely &#8211; ez\u00fcst\u00e9rem<br \/>\nFS8+<\/p>\n<p>3. hely &#8211; bronz\u00e9rem<br \/>\nFS4-<\/span><\/h5>\n<\/td>\n<td style=\"width: 20%;text-align: center\">\n<h5><span style=\"font-size: 12pt\"><a href=\"https:\/\/semmelweis.hu\/bokay\/2025\/07\/23\/bravur-az-evezos-orszagos-bajnoksagon\/\">Brav\u00far az Evez\u0151s Orsz\u00e1gos Bajnoks\u00e1gon \u2013 B\u00f3kay J\u00e1nos T\u00f6bbc\u00e9l\u00fa Szakk\u00e9pz\u0151 Int\u00e9zm\u00e9ny<\/a>\u00a0<\/span><\/h5>\n<\/td>\n<\/tr>\n<tr>\n<td style=\"width: 20%;text-align: center\">\n<h5><span style=\"font-size: 12pt\"><strong>Fodor Krist\u00f3f Bal\u00e1zs<br \/>\n<\/strong><\/span><\/h5>\n<h5 class=\"western\" align=\"left\"><span style=\"font-size: 12pt;color: #ff9900\"><em><span style=\"font-family: Arial, sans-serif\">100 ism\u00e9tl\u00e9s<\/span><\/em><\/span><\/h5>\n<\/td>\n<td style=\"width: 20%;text-align: center\">\n<h5 class=\"western\" align=\"left\"><span style=\"font-size: 12pt\"><strong><span style=\"color: #212529\"><span style=\"font-family: Arial, sans-serif\">Scitec Power Challenge<\/span><\/span><\/strong><\/span><\/h5>\n<\/td>\n<td style=\"width: 12.9436%;text-align: center\">\n<h5><span style=\"font-size: 12pt\">9.B\u00a0<\/span><\/h5>\n<\/td>\n<td style=\"width: 27.0564%;text-align: center\">\n<h5><span style=\"font-size: 12pt\">1. hely &#8211; Arany\u00e9rem<\/span><\/h5>\n<\/td>\n<td style=\"width: 20%;text-align: center\">\n<h5><span style=\"font-size: 12pt\"><a href=\"https:\/\/semmelweis.hu\/bokay\/2024\/11\/11\/oriasi-diadal-8-8-arany-minosites-a-scitec-power-challenge-megmerettetesen\/\">\u00d3ri\u00e1si diadal \u2013 8\/8 arany min\u0151s\u00edt\u00e9s a Scitec Power Challenge megm\u00e9rettet\u00e9sen \u2013 B\u00f3kay J\u00e1nos T\u00f6bbc\u00e9l\u00fa Szakk\u00e9pz\u0151 Int\u00e9zm\u00e9ny<\/a><\/span><\/h5>\n<\/td>\n<\/tr>\n<tr>\n<td style=\"width: 20%;text-align: center\">\n<h5><span style=\"font-size: 12pt\"><strong>Hall\u00f3sy Dominik<br \/>\n<\/strong><span style=\"color: #0000ff\">short track<\/span><\/span><br \/>\n<span style=\"font-size: 12pt\"><span style=\"color: #0000ff\">r\u00f6vidp\u00e1ly\u00e1s gyorskorcsolya<\/span><strong><br \/>\n<\/strong><\/span><\/h5>\n<\/td>\n<td style=\"width: 20%;text-align: center\">\n<h5 class=\"western\" align=\"left\"><span style=\"color: #800000;font-size: 12pt\"><strong><span style=\"font-family: Arial, sans-serif\">Alta Valtellina Trophy<br \/>\nBormio, Olaszorsz\u00e1g<\/p>\n<p><\/span><\/strong><\/span><\/h5>\n<\/td>\n<td style=\"width: 12.9436%;text-align: center\">\n<h5><span style=\"font-size: 12pt\">11.B<\/span><\/h5>\n<\/td>\n<td style=\"width: 27.0564%;text-align: center\">\n<h5><span style=\"color: #800000;font-size: 12pt\"><strong><span style=\"font-family: Arial, sans-serif\"><span style=\"color: #000000\">Junior A\/B Men kateg\u00f3ria <br \/>\n3000m v\u00e1lt\u00f3<\/span><\/span><\/strong><\/span><\/h5>\n<h5><span style=\"font-size: 12pt\">1. hely &#8211; Arany\u00e9rem<\/span><\/h5>\n<\/td>\n<td style=\"width: 20%;text-align: center\">\n<h5><span style=\"font-size: 12pt\"><a href=\"https:\/\/semmelweis.hu\/bokay\/2024\/11\/27\/aranyermes-a-juniora-b-men-valto-olaszorszagban\/\">Arany\u00e9rmes a Junior A\/B MEN v\u00e1lt\u00f3 Olaszorsz\u00e1gban \u2013 B\u00f3kay J\u00e1nos T\u00f6bbc\u00e9l\u00fa Szakk\u00e9pz\u0151 Int\u00e9zm\u00e9ny<\/a><\/span><\/h5>\n<\/td>\n<\/tr>\n<tr>\n<td style=\"width: 20%;text-align: center\">\n<h5><span style=\"font-size: 12pt\"><strong>Hall\u00f3sy Dominik<br \/>\n<span style=\"color: #0000ff\">short track<\/span><br \/>\n<span style=\"color: #0000ff\">r\u00f6vidp\u00e1ly\u00e1s gyorskorcsolya<\/span><\/strong><\/span><\/h5>\n<\/td>\n<td style=\"width: 20%;text-align: center\">\n<h5 class=\"western\" align=\"left\"><span style=\"color: #800000;font-size: 12pt\"><strong><span style=\"font-family: Arial, sans-serif\">Mikul\u00e1s Kupa<br \/>\nSanta Claus Short Track Cup<\/span><\/strong><\/span><\/h5>\n<\/td>\n<td style=\"width: 12.9436%;text-align: center\">\n<h5><span style=\"font-size: 12pt\">11.B<\/span><\/h5>\n<\/td>\n<td style=\"width: 27.0564%;text-align: center\">\n<h5><span style=\"color: #800000;font-size: 12pt\"><strong><span style=\"font-family: Arial, sans-serif\"><span style=\"color: #000000\">1. hely &#8211; Arany\u00e9rem\u00a0<br \/>\n500m<br \/>\n\u00d6sszetett 3. hely<\/span><\/span><\/strong><\/span><\/h5>\n<\/td>\n<td style=\"width: 20%;text-align: center\">\n<h5><span style=\"font-size: 12pt\"><a href=\"https:\/\/semmelweis.hu\/bokay\/2024\/12\/11\/hallosy-dominik-a-short-track-mikulas-kupan-is-bizonyitott\/\">Hall\u00f3sy Dominik a Short Track Mikul\u00e1s kup\u00e1n is bizony\u00edtott \u2013 B\u00f3kay J\u00e1nos T\u00f6bbc\u00e9l\u00fa Szakk\u00e9pz\u0151 Int\u00e9zm\u00e9ny<\/a><\/span><\/h5>\n<\/td>\n<\/tr>\n<tr>\n<td style=\"width: 20%;text-align: center\">\n<h5><span style=\"font-size: 12pt\"><strong>Hall\u00f3sy Dominik<br \/>\n<span style=\"color: #0000ff\">short track<\/span><br \/>\n<span style=\"color: #0000ff\">r\u00f6vidp\u00e1ly\u00e1s gyorskorcsolya<\/span><br \/>\n<\/strong><\/span><\/h5>\n<\/td>\n<td style=\"width: 20%;text-align: center\">\n<h5 class=\"western\" align=\"left\"><span style=\"color: #800000;font-size: 12pt\"><strong><span style=\"font-family: Arial, sans-serif\">Junior Orsz\u00e1gos Bajnoks\u00e1g 2024\/2025<\/span><\/strong><\/span><\/h5>\n<\/td>\n<td style=\"width: 12.9436%;text-align: center\">\n<h5><span style=\"font-size: 12pt\">11.B<\/span><\/h5>\n<\/td>\n<td style=\"width: 27.0564%;text-align: center\">\n<h5><span style=\"color: #993366;font-size: 12pt\"><strong>1500 m 2 hely<\/strong><\/span><\/h5>\n<h5><span style=\"color: #ff6600;font-size: 12pt\"><strong>1000 m 3. hely<\/strong><\/span><\/h5>\n<h5><span style=\"font-size: 12pt\">500 m 5. hely<\/span><\/h5>\n<h5><span style=\"color: #ff0000;font-size: 12pt\"><strong>Super Final 1500 m\u00a0 \u00a0 \u00a0 \u00a0 2. hely<\/strong><\/span><\/h5>\n<h5><span style=\"color: #008000;font-size: 12pt\"><strong>\u00d6sszetett: a 3. helyez\u00e9s<\/strong><\/span><\/h5>\n<h5><span style=\"color: #000000;font-size: 12pt\"><strong>F\u00e9rfi v\u00e1lt\u00f3 3000 m <\/strong>3. hely<\/span><\/h5>\n<h5><span style=\"color: #3366ff;font-size: 12pt\"><strong>Mix v\u00e1lt\u00f3 2000 m <\/strong>\u00a0<em><strong>3. hely\u00a0<\/strong><\/em><\/span><\/h5>\n<h5><span style=\"color: #800000;font-size: 12pt\"><strong><span style=\"font-family: Arial, sans-serif\"><span style=\"color: #000000\">\u00a0<\/span><\/span><\/strong><\/span><\/h5>\n<\/td>\n<td style=\"width: 20%;text-align: center\">\n<h5><span style=\"font-size: 12pt\"><a href=\"https:\/\/semmelweis.hu\/bokay\/2025\/03\/16\/rovidpalyas-gyorskorcsolya-utanpotlas-bajnoksag-a-2024-25-os-szezon-vegen-hallosy-dominik-sikerei\/\">R\u00f6vidp\u00e1ly\u00e1s gyorskorcsolya ut\u00e1np\u00f3tl\u00e1s bajnoks\u00e1g a 2024\/25-\u00f6s szezon v\u00e9g\u00e9n \u2013 Hall\u00f3sy Dominik sikerei \u2013 B\u00f3kay J\u00e1nos T\u00f6bbc\u00e9l\u00fa Szakk\u00e9pz\u0151 Int\u00e9zm\u00e9ny<\/a><\/span><\/h5>\n<\/td>\n<\/tr>\n<tr>\n<td style=\"width: 20%;text-align: center\">\n<h5><span style=\"font-size: 12pt\"><strong>K\u00e1das Tekla<\/p>\n<p><\/strong><\/span><\/h5>\n<h5 class=\"western\" align=\"left\"><span style=\"color: #4d5156;font-size: 12pt\"><span style=\"font-family: Arial, sans-serif\"><span style=\"color: #ffcc00\"><em>Amat\u0151r ifj\u00fas\u00e1gi komplett kateg\u00f3ria, valamint 140 ism\u00e9tl\u00e9s<\/em><\/span><br \/>\n<\/span><\/span><\/h5>\n<h5><span style=\"font-size: 12pt\"><strong>\u00a0<\/strong><\/span><\/h5>\n<\/td>\n<td style=\"width: 20%;text-align: center\">\n<h5 class=\"western\" align=\"left\"><span style=\"font-size: 12pt\"><strong><span style=\"color: #212529\"><span style=\"font-family: Arial, sans-serif\">Scitec Power Challenge<\/span><\/span><\/strong><\/span><\/h5>\n<\/td>\n<td style=\"width: 12.9436%;text-align: center\">\n<h5><span style=\"font-size: 12pt\">13.B<\/span><\/h5>\n<\/td>\n<td style=\"width: 27.0564%;text-align: center\">\n<h5><span style=\"font-size: 12pt\">Abszol\u00fat 3. hely &#8211; Bronz\u00e9rem<\/span><\/h5>\n<h5><span style=\"font-size: 12pt\">Arany\u00e9rem<\/span><\/h5>\n<\/td>\n<td style=\"width: 20%;text-align: center\">\n<h5><span style=\"font-size: 12pt\"><a href=\"https:\/\/semmelweis.hu\/bokay\/2024\/11\/11\/oriasi-diadal-8-8-arany-minosites-a-scitec-power-challenge-megmerettetesen\/\">\u00d3ri\u00e1si diadal \u2013 8\/8 arany min\u0151s\u00edt\u00e9s a Scitec Power Challenge megm\u00e9rettet\u00e9sen \u2013 B\u00f3kay J\u00e1nos T\u00f6bbc\u00e9l\u00fa Szakk\u00e9pz\u0151 Int\u00e9zm\u00e9ny<\/a><\/span><\/h5>\n<\/td>\n<\/tr>\n<tr>\n<td style=\"width: 20%;text-align: center\">\n<h5><span style=\"font-size: 12pt\"><strong>K\u00e1ntor Tam\u00e1s<\/strong><\/span><\/h5>\n<h5><span style=\"font-size: 12pt;color: #0000ff\">mezei fut\u00e1s<\/span><\/h5>\n<\/td>\n<td style=\"width: 20%;text-align: center\">\n<h5 class=\"western\" align=\"left\"><span style=\"font-size: 12pt\"><strong><span style=\"color: #212529\"><span style=\"font-family: Arial, sans-serif\">Budapesti Mezei Fut\u00f3 Di\u00e1kolimpia d\u00f6nt\u0151<br \/>\n4 km-es t\u00e1v<\/span><\/span><\/strong><\/span><\/h5>\n<\/td>\n<td style=\"width: 12.9436%;text-align: center\">\n<h5><span style=\"font-size: 12pt\">10.B<\/span><\/h5>\n<\/td>\n<td style=\"width: 27.0564%;text-align: center\">\n<h5><span style=\"font-size: 12pt\">5. hely<\/span><\/h5>\n<\/td>\n<td style=\"width: 20%;text-align: center\">\n<h5><span style=\"font-size: 12pt\"><a href=\"https:\/\/semmelweis.hu\/bokay\/2025\/03\/27\/budapesti-mezei-futo-diakolimpia-donto\/\">Budapesti Mezei Fut\u00f3 Di\u00e1kolimpia d\u00f6nt\u0151 \u2013 B\u00f3kay J\u00e1nos T\u00f6bbc\u00e9l\u00fa Szakk\u00e9pz\u0151 Int\u00e9zm\u00e9ny<\/a><\/span><\/h5>\n<\/td>\n<\/tr>\n<tr>\n<td style=\"width: 20%;text-align: center\">\n<h5><span style=\"font-size: 12pt\"><strong>K\u00e1ntor Tam\u00e1s<br \/>\n<span style=\"color: #993366\">Egy\u00e9ni \u00e9s V\u00e1lt\u00f3fut\u00f3 P\u00e1lyabajnoks\u00e1g\u00a0<br \/>\n<\/span><span style=\"color: #000080\">Atl\u00e9tika &#8211; Fut\u00e1s<\/span><\/strong><\/span><\/h5>\n<\/td>\n<td style=\"width: 20%;text-align: center\">\n<h5 class=\"entry-title text-uppercase\"><span style=\"font-size: 12pt\">Orsz\u00e1gos Di\u00e1kolimpia Atl\u00e9tika Egy\u00e9ni \u00e9s V\u00e1lt\u00f3fut\u00f3 P\u00e1lyabajnoks\u00e1g<\/span><\/h5>\n<h5 class=\"western\" align=\"left\"><span style=\"font-size: 12pt\"><strong><span style=\"color: #212529\"><span style=\"font-family: Arial, sans-serif\">\u00a0<\/span><\/span><\/strong><\/span><\/h5>\n<\/td>\n<td style=\"width: 12.9436%;text-align: center\">\n<h5><span style=\"font-size: 12pt\">10.B<\/span><\/h5>\n<\/td>\n<td style=\"width: 27.0564%;text-align: center\">\n<h5><span style=\"font-size: 12pt\">12. hely<\/span><\/h5>\n<\/td>\n<td style=\"width: 20%;text-align: center\">\n<h5><span style=\"font-size: 12pt\"><a href=\"https:\/\/semmelweis.hu\/bokay\/2025\/06\/12\/orszagos-diakolimpia-atletika-egyeni-es-valtofuto-palyabajnoksag-gyor-olimpiai-sportpark\/\">Orsz\u00e1gos Di\u00e1kolimpia Atl\u00e9tika Egy\u00e9ni \u00e9s V\u00e1lt\u00f3fut\u00f3 P\u00e1lyabajnoks\u00e1g \u2013 Gy\u0151r, Olimpiai Sportpark \u2013 B\u00f3kay J\u00e1nos T\u00f6bbc\u00e9l\u00fa Szakk\u00e9pz\u0151 Int\u00e9zm\u00e9ny<\/a><\/span><\/h5>\n<\/td>\n<\/tr>\n<tr>\n<td style=\"width: 20%;text-align: center\">\n<h5><span style=\"font-size: 12pt\"><strong>Kapeller N\u00f3ra<br \/>\n<span style=\"color: #ffcc99\">evez\u00e9s<\/span><\/strong><\/span><\/h5>\n<\/td>\n<td style=\"width: 20%;text-align: center\">\n<h5 class=\"western\" align=\"left\"><span style=\"font-size: 12pt\"><strong><span style=\"color: #212529\"><span style=\"font-family: Arial, sans-serif\">Evez\u0151s Di\u00e1kolimpia<\/span><\/span><\/strong><\/span><\/h5>\n<\/td>\n<td style=\"width: 12.9436%;text-align: center\">\n<h5><span style=\"font-size: 12pt\">9.B<\/span><\/h5>\n<\/td>\n<td style=\"width: 27.0564%;text-align: center\">\n<h5><span style=\"font-size: 12pt\">1. hely &#8211; Arany\u00e9rem<\/span><\/h5>\n<h5><span style=\"font-size: 12pt\">1000m-en mix kateg\u00f3ria<\/span><\/h5>\n<\/td>\n<td style=\"width: 20%;text-align: center\">\n<h5><span style=\"font-size: 12pt\"><a href=\"https:\/\/semmelweis.hu\/bokay\/2025\/05\/11\/elkepeszto-siker-az-evezos-diakolimpian\/\">Elk\u00e9peszt\u0151 siker az Evez\u0151s Di\u00e1kolimpi\u00e1n \u2013 B\u00f3kay J\u00e1nos T\u00f6bbc\u00e9l\u00fa Szakk\u00e9pz\u0151 Int\u00e9zm\u00e9ny<\/a><\/span><\/h5>\n<\/td>\n<\/tr>\n<tr>\n<td style=\"width: 20%;text-align: center\">\n<h5><span style=\"font-size: 12pt\"><strong>Kapeller N\u00f3ra<br \/>\n<span style=\"color: #ffcc99\">evez\u00e9s<\/span><\/strong><\/span><\/h5>\n<\/td>\n<td style=\"width: 20%;text-align: center\">\n<h5 class=\"western\" align=\"left\"><span style=\"font-size: 12pt\"><strong><span style=\"color: #212529\"><span style=\"font-family: Arial, sans-serif\">Bled International Regatta<\/span><\/span><\/strong><\/span><\/h5>\n<\/td>\n<td style=\"width: 12.9436%;text-align: center\">\n<h5><span style=\"font-size: 12pt\">9.B<\/span><\/h5>\n<\/td>\n<td style=\"width: 27.0564%;text-align: center\">\n<h5><span style=\"font-size: 12pt\">1. hely<\/span><\/h5>\n<h5><span style=\"font-size: 12pt\">2. hely<\/span><\/h5>\n<\/td>\n<td style=\"width: 20%;text-align: center\">\n<h5><span style=\"font-size: 12pt\"><a href=\"https:\/\/semmelweis.hu\/bokay\/2025\/06\/17\/1-helyezes-az-bled-international-regatta-nemzetkozi-versenyen\/\">1. helyez\u00e9s az Bled International Regatta nemzetk\u00f6zi versenyen \u2013 B\u00f3kay J\u00e1nos T\u00f6bbc\u00e9l\u00fa Szakk\u00e9pz\u0151 Int\u00e9zm\u00e9ny<\/a><\/span><\/h5>\n<\/td>\n<\/tr>\n<tr>\n<td style=\"width: 20%;text-align: center\">\n<h5><span style=\"font-size: 12pt\"><strong>Kapeller N\u00f3ra<br \/>\n<span style=\"color: #ffcc99\">evez\u00e9s<\/span><\/strong><\/span><\/h5>\n<h5><span style=\"font-size: 12pt\"><strong>\u00a0<\/strong><\/span><\/h5>\n<\/td>\n<td style=\"width: 20%;text-align: center\">\n<h5 class=\"western\" align=\"left\"><span style=\"font-size: 12pt\"><strong><span style=\"color: #212529\"><span style=\"font-family: Arial, sans-serif\">Evez\u0151s Orsz\u00e1gos Bajnoks\u00e1g<br \/>\nSzeged<\/span><\/span><\/strong><\/span><\/h5>\n<\/td>\n<td style=\"width: 12.9436%;text-align: center\">\n<h5><span style=\"font-size: 12pt\">9.B<\/span><\/h5>\n<\/td>\n<td style=\"width: 27.0564%;text-align: center\">\n<h5><span style=\"font-size: 12pt\">1. hely &#8211; arany\u00e9rem<br \/>\nNS8+<br \/>\nNS4x<\/p>\n<p>2. hely- ez\u00fcst\u00e9rem<br \/>\nNI8+<br \/>\nNI4x<br \/>\nNS2x<\/span><\/h5>\n<\/td>\n<td style=\"width: 20%;text-align: center\">\n<h5><span style=\"font-size: 12pt\"><a href=\"https:\/\/semmelweis.hu\/bokay\/2025\/07\/23\/kapeller-nora-elkepeszto-sikerei-az-evezos-orszagos-bajnoksagon\/\">Kapeller N\u00f3ra elk\u00e9peszt\u0151 sikerei az Evez\u0151s Orsz\u00e1gos Bajnoks\u00e1gon \u2013 B\u00f3kay J\u00e1nos T\u00f6bbc\u00e9l\u00fa Szakk\u00e9pz\u0151 Int\u00e9zm\u00e9ny<\/a><\/span><\/h5>\n<\/td>\n<\/tr>\n<tr>\n<td style=\"width: 20%;text-align: center\">\n<h5><span style=\"color: #000000;font-size: 12pt\"><span style=\"font-family: Segoe UI Historic, Segoe UI, Helvetica, Arial, sans-serif\"><strong>Kis ciszt\u00e1k<\/strong><br \/>\n<\/span><\/span><\/h5>\n<h5><span style=\"color: #000000;font-size: 12pt\"><span style=\"font-family: Segoe UI Historic, Segoe UI, Helvetica, Arial, sans-serif\">Cserven\u00e1k Zs\u00f3fia Szonja <br \/>\nKrist\u00f3f Panna <br \/>\nR\u00e9dlinger Anna <\/span><\/span><\/h5>\n<h5>\u00a0<\/h5>\n<h5><span style=\"font-size: 12pt\"><strong>\u00a0<\/strong><\/span><\/h5>\n<\/td>\n<td style=\"width: 20%;text-align: center\">\n<h5 class=\"entry-title text-uppercase\"><span style=\"font-size: 12pt\">Orsz\u00e1gos Csecsem\u0151- \u00e9s Kisdedgondoz\u00f3 Verseny Pest V\u00e1rmegyei Fordul\u00f3<\/span><\/h5>\n<h5 class=\"western\" align=\"left\"><span style=\"font-size: 12pt\"><strong><span style=\"color: #212529\"><span style=\"font-family: Arial, sans-serif\">\u00a0<\/span><\/span><\/strong><\/span><\/h5>\n<\/td>\n<td style=\"width: 12.9436%;text-align: center\">\n<h5><span style=\"font-size: 12pt\">11.C<\/span><\/h5>\n<\/td>\n<td style=\"width: 27.0564%;text-align: center\">\n<h5><span style=\"font-size: 12pt\">Arany min\u0151s\u00edt\u00e9s<\/span><\/h5>\n<h5><span style=\"font-size: 12pt\">1. hely<\/span><\/h5>\n<\/td>\n<td style=\"width: 20%;text-align: center\">\n<h5><span style=\"font-size: 12pt\"><a href=\"https:\/\/semmelweis.hu\/bokay\/2025\/05\/15\/orszagos-csecsemo-es-kisdedgondozo-verseny-pest-varmegyei-fordulo\/\">Orsz\u00e1gos Csecsem\u0151- \u00e9s Kisdedgondoz\u00f3 Verseny Pest V\u00e1rmegyei Fordul\u00f3 \u2013 B\u00f3kay J\u00e1nos T\u00f6bbc\u00e9l\u00fa Szakk\u00e9pz\u0151 Int\u00e9zm\u00e9ny<\/a><\/span><\/h5>\n<\/td>\n<\/tr>\n<tr>\n<td style=\"width: 20%;text-align: center\">\n<h5><span style=\"color: #000000;font-size: 12pt\"><span style=\"font-family: Segoe UI Historic, Segoe UI, Helvetica, Arial, sans-serif\"><strong>Kiss \u00c1gnes<br \/>\nT\u00e1nc<\/strong><\/span><\/span><\/h5>\n<\/td>\n<td style=\"width: 20%;text-align: center\">\n<h5 class=\"entry-title text-uppercase\"><span style=\"font-size: 12pt\">World Dance Star Vil\u00e1gbajnoks\u00e1g<\/span><\/h5>\n<\/td>\n<td style=\"width: 12.9436%;text-align: center\">\n<h5><span style=\"font-size: 12pt\">12.B<\/span><\/h5>\n<\/td>\n<td style=\"width: 27.0564%;text-align: center\">\n<h5><span style=\"font-size: 12pt\">1. hely &#8211; vil\u00e1gbajnoki arany\u00e9rem<\/span><\/h5>\n<\/td>\n<td style=\"width: 20%;text-align: center\">\n<h5><span style=\"font-size: 12pt\"><a href=\"https:\/\/semmelweis.hu\/bokay\/2025\/07\/24\/nagyszabasu-siker-a-world-dance-star-vilagbajnoksagon\/\">Nagyszab\u00e1s\u00fa siker a World Dance Star Vil\u00e1gbajnoks\u00e1gon \u2013 B\u00f3kay J\u00e1nos T\u00f6bbc\u00e9l\u00fa Szakk\u00e9pz\u0151 Int\u00e9zm\u00e9ny<\/a><\/span><\/h5>\n<\/td>\n<\/tr>\n<tr>\n<td style=\"width: 20%;text-align: center\">\n<h5><span style=\"color: #000000;font-size: 12pt\"><span style=\"font-family: Segoe UI Historic, Segoe UI, Helvetica, Arial, sans-serif\">Kiss P\u00e9ter<br \/>\n<span style=\"color: #ffcc99\">P\u00e1rbajt\u0151r<\/span><\/span><\/span><\/h5>\n<\/td>\n<td style=\"width: 20%;text-align: center\">\n<h5 class=\"entry-title text-uppercase\"><span style=\"font-size: 12pt\">2024\/2025. TAN\u00c9VI SULIV\u00cdV\u00d3 DI\u00c1KOLIMPIA\u00ae ORSZ\u00c1GOS D\u00d6NT\u0150<\/span><\/h5>\n<\/td>\n<td style=\"width: 12.9436%;text-align: center\">\n<h5><span style=\"font-size: 12pt\">9.B<\/span><\/h5>\n<\/td>\n<td style=\"width: 27.0564%;text-align: center\">\n<h5><span style=\"font-size: 12pt\">28. hely<\/span><\/h5>\n<\/td>\n<td style=\"width: 20%;text-align: center\">\n<h5><span style=\"font-size: 12pt\"><a href=\"https:\/\/semmelweis.hu\/bokay\/2025\/06\/01\/2024-2025-tanevi-sulivivo-diakolimpia-orszagos-donto\/\">2024\/2025. TAN\u00c9VI SULIV\u00cdV\u00d3 DI\u00c1KOLIMPIA\u00ae ORSZ\u00c1GOS D\u00d6NT\u0150 \u2013 B\u00f3kay J\u00e1nos T\u00f6bbc\u00e9l\u00fa Szakk\u00e9pz\u0151 Int\u00e9zm\u00e9ny<\/a><\/span><\/h5>\n<\/td>\n<\/tr>\n<tr>\n<td style=\"width: 20%;text-align: center\">\n<h5 align=\"justify\"><span style=\"font-family: 'Times New Roman', serif;color: #993366;font-size: 12pt\"><b>Komj\u00e1thy Luca<\/b><\/span><\/h5>\n<h5><span style=\"font-size: 12pt\"><strong>\u00a0<\/strong><\/span><\/h5>\n<\/td>\n<td style=\"width: 20%;text-align: center\">\n<h5 align=\"center\"><span style=\"font-family: 'Times New Roman', serif;font-size: 12pt\">Tanulva tan\u00edtani \u2013 tan\u00edtva tanulni\u201d pedag\u00f3giai projektverseny<\/span><\/h5>\n<h5 align=\"center\"><span style=\"font-family: 'Times New Roman', serif;font-size: 12pt\">orsz\u00e1gos d\u00f6nt\u0151<\/span><\/h5>\n<h5 class=\"western\" align=\"left\"><span style=\"font-size: 12pt\"><strong><span style=\"color: #212529\"><span style=\"font-family: Arial, sans-serif\">\u00a0<\/span><\/span><\/strong><\/span><\/h5>\n<\/td>\n<td style=\"width: 12.9436%;text-align: center\">\n<h5><span style=\"font-size: 12pt\">12.D<\/span><\/h5>\n<\/td>\n<td style=\"width: 27.0564%;text-align: center\">\n<h5><span style=\"font-size: 12pt\">4. hely<\/span><\/h5>\n<\/td>\n<td style=\"width: 20%;text-align: center\">\n<h5><span style=\"font-size: 12pt\"><a href=\"https:\/\/semmelweis.hu\/bokay\/2025\/03\/10\/tanulva-tanitani-tanitva-tanulni-pedagogiai-projektversenyen-bokay-s-sikerek\/\">\u201eTanulva tan\u00edtani \u2013 tan\u00edtva tanulni\u201d pedag\u00f3giai projektversenyen B\u00f3kay-s sikerek! \u2013 B\u00f3kay J\u00e1nos T\u00f6bbc\u00e9l\u00fa Szakk\u00e9pz\u0151 Int\u00e9zm\u00e9ny<\/a><\/span><\/h5>\n<\/td>\n<\/tr>\n<tr>\n<td style=\"width: 20%;text-align: center\">\n<h5 class=\"western\" align=\"left\"><span style=\"font-size: 12pt\"><span style=\"color: #000000\"><span style=\"font-family: Arial, sans-serif\"><b>K\u00f3nya Petra\u00a0<\/b><\/span><\/span><span style=\"color: #4d5156\"><span style=\"font-family: Arial, sans-serif\"><br \/>\n<span style=\"color: #993366\"><em>Amat\u0151r ifj\u00fas\u00e1gi komplett kateg\u00f3ria<\/em><\/span><br \/>\n<\/span><\/span><\/span><\/h5>\n<h5><span style=\"font-size: 12pt\"><strong>\u00a0<\/strong><\/span><\/h5>\n<\/td>\n<td style=\"width: 20%;text-align: center\">\n<h5 class=\"western\" align=\"left\"><span style=\"font-size: 12pt\"><strong><span style=\"color: #212529\"><span style=\"font-family: Arial, sans-serif\">Scitec Power Challenge<\/span><\/span><\/strong><\/span><\/h5>\n<\/td>\n<td style=\"width: 12.9436%;text-align: center\">\n<h5><span style=\"font-size: 12pt\">10.B<\/span><\/h5>\n<\/td>\n<td style=\"width: 27.0564%;text-align: center\">\n<h5><span style=\"font-size: 12pt\">Abszol\u00fat 1. hely &#8211; Arany\u00e9rem<\/span><\/h5>\n<\/td>\n<td style=\"width: 20%;text-align: center\">\n<h5><span style=\"font-size: 12pt\"><a href=\"https:\/\/semmelweis.hu\/bokay\/2024\/11\/11\/oriasi-diadal-8-8-arany-minosites-a-scitec-power-challenge-megmerettetesen\/\">\u00d3ri\u00e1si diadal \u2013 8\/8 arany min\u0151s\u00edt\u00e9s a Scitec Power Challenge megm\u00e9rettet\u00e9sen \u2013 B\u00f3kay J\u00e1nos T\u00f6bbc\u00e9l\u00fa Szakk\u00e9pz\u0151 Int\u00e9zm\u00e9ny<\/a><\/span><\/h5>\n<\/td>\n<\/tr>\n<tr style=\"height: 122px\">\n<td style=\"width: 20%;height: 122px;text-align: center\">\n<h5><span style=\"font-size: 12pt\"><strong>Marik Franciska<br \/>\n<span style=\"color: #993366\">lovagl\u00e1s<\/span><\/p>\n<p><\/strong><\/span><\/h5>\n<\/td>\n<td style=\"width: 20%;height: 122px;text-align: center\">\n<h5><span style=\"font-size: 12pt\">17. Nemzeti V\u00e1gta Kishusz\u00e1r V\u00e1gta D\u00f6nt\u0151<\/span><\/h5>\n<\/td>\n<td style=\"width: 12.9436%;text-align: center;height: 122px\">\n<h5><span style=\"font-size: 12pt\">10.B<\/span><\/h5>\n<\/td>\n<td style=\"width: 27.0564%;text-align: center;height: 122px\">\n<h5><span style=\"font-size: 12pt\">2. hely &#8211; Ez\u00fcst\u00e9rem<\/span><\/h5>\n<\/td>\n<td style=\"width: 20%;height: 122px;text-align: center\">\n<h5><span style=\"font-size: 12pt\"><a href=\"https:\/\/semmelweis.hu\/bokay\/2024\/10\/08\/ujabb-sportolonk-nyert-dijat\/\">\u00dajabb sportol\u00f3nk nyert d\u00edjat \u2013 B\u00f3kay J\u00e1nos T\u00f6bbc\u00e9l\u00fa Szakk\u00e9pz\u0151 Int\u00e9zm\u00e9ny<\/a><\/span><\/h5>\n<\/td>\n<\/tr>\n<tr>\n<td style=\"width: 20%;text-align: center\">\n<h5><span style=\"font-size: 12pt\"><strong>Maurer N\u00e1ndor S\u00e1ndor<br \/>\n<\/strong><\/span><\/h5>\n<h5 class=\"western\" align=\"left\"><span style=\"font-size: 12pt;color: #000080\"><em><span style=\"font-family: Arial, sans-serif\">105 ism\u00e9tl\u00e9s<\/span><\/em><\/span><\/h5>\n<h5><span style=\"font-size: 12pt\"><strong>\u00a0<\/strong><\/span><\/h5>\n<\/td>\n<td style=\"width: 20%;text-align: center\">\n<h5 class=\"western\" align=\"left\"><span style=\"font-size: 12pt\"><strong><span style=\"color: #212529\"><span style=\"font-family: Arial, sans-serif\">Scitec Power Challenge<\/span><\/span><\/strong><\/span><\/h5>\n<\/td>\n<td style=\"width: 12.9436%;text-align: center\">\n<h5><span style=\"font-size: 12pt\">10.B\u00a0<\/span><\/h5>\n<\/td>\n<td style=\"width: 27.0564%;text-align: center\">\n<h5><span style=\"font-size: 12pt\">1. hely &#8211; Arany\u00e9rem<\/span><\/h5>\n<\/td>\n<td style=\"width: 20%;text-align: center\">\n<h5><span style=\"font-size: 12pt\"><a href=\"https:\/\/semmelweis.hu\/bokay\/2024\/11\/11\/oriasi-diadal-8-8-arany-minosites-a-scitec-power-challenge-megmerettetesen\/\">\u00d3ri\u00e1si diadal \u2013 8\/8 arany min\u0151s\u00edt\u00e9s a Scitec Power Challenge megm\u00e9rettet\u00e9sen \u2013 B\u00f3kay J\u00e1nos T\u00f6bbc\u00e9l\u00fa Szakk\u00e9pz\u0151 Int\u00e9zm\u00e9ny<\/a><\/span><\/h5>\n<\/td>\n<\/tr>\n<tr>\n<td style=\"width: 20%;text-align: center\">\n<h5><span style=\"font-size: 12pt\"><strong>Moga Henrietta<\/strong><\/span><\/h5>\n<h5><span style=\"font-size: 12pt;color: #000080\">D\u00edjugrat\u00e1s<\/span><\/h5>\n<\/td>\n<td style=\"width: 20%;text-align: center\">\n<h5><span style=\"font-size: 12pt\">IV. SZLSZ Orsz\u00e1gos Bajnoks\u00e1g D\u00f6nt\u0151<\/span><\/h5>\n<\/td>\n<td style=\"width: 12.9436%;text-align: center\">\n<h5><span style=\"font-size: 12pt\">9.B<\/span><\/h5>\n<\/td>\n<td style=\"width: 27.0564%;text-align: center\">\n<h5><span style=\"font-size: 12pt\">5. \u00e9s 6. hely<\/span><\/h5>\n<\/td>\n<td style=\"width: 20%;text-align: center\">\u00a0<\/td>\n<\/tr>\n<tr>\n<td style=\"width: 20%;text-align: center\">\n<h5><span style=\"font-size: 12pt\"><strong>Moga Henrietta<br \/>\n<span style=\"color: #000080\">D\u00edjugrat\u00e1s<\/span><\/strong><\/span><\/h5>\n<\/td>\n<td style=\"width: 20%;text-align: center\">\n<h5><span style=\"font-size: 12pt\">Balatonvil\u00e1gos<\/span><\/h5>\n<h5><span style=\"font-size: 12pt\">Xmas challenge<\/span><\/h5>\n<\/td>\n<td style=\"width: 12.9436%;text-align: center\">\n<h5><span style=\"font-size: 12pt\">9.B<\/span><\/h5>\n<\/td>\n<td style=\"width: 27.0564%;text-align: center\">\n<h5><span style=\"font-size: 12pt\">3. hely\u00a0 &#8211; Bronz\u00e9rem<\/span><\/h5>\n<\/td>\n<td style=\"width: 20%;text-align: center\">\n<h5><span style=\"font-size: 12pt\"><a href=\"https:\/\/semmelweis.hu\/bokay\/2024\/12\/15\/balatonvilagos-xmas-challenge\/?fbclid=IwY2xjawHOO7lleHRuA2FlbQIxMAABHXJpEZCq86Yur1sFkNkoEdrBfoVTBNBe6LIKIkJaXDUUkZI3LA0VTid3ug_aem_2EsTeH7CY7l4nFdJp2XaOw\">Balatonvil\u00e1gos \u2013 XMAS CHALLENGE \u2013 B\u00f3kay J\u00e1nos T\u00f6bbc\u00e9l\u00fa Szakk\u00e9pz\u0151 Int\u00e9zm\u00e9ny<\/a><\/span><\/h5>\n<\/td>\n<\/tr>\n<tr>\n<td style=\"width: 20%;text-align: center\">\n<h5><span style=\"font-size: 12pt\"><strong>Moga Henrietta<br \/>\n<span style=\"color: #000080\">D\u00edjugrat\u00e1s<\/span><\/strong><\/span><\/h5>\n<\/td>\n<td style=\"width: 20%;text-align: center\">\n<h5><span style=\"font-size: 12pt\">Nemzeti + Felk\u00e9sz\u00edt\u0151 Verseny<\/span><\/h5>\n<h5><span style=\"font-size: 12pt\">Kecskem\u00e9t<\/span><\/h5>\n<\/td>\n<td style=\"width: 12.9436%;text-align: center\">\n<h5><span style=\"font-size: 12pt\">9.B<\/span><\/h5>\n<\/td>\n<td style=\"width: 27.0564%;text-align: center\">\n<h5><span style=\"font-size: 12pt\">4. hely &#8211; 110 cm \/ 5 \u00e9ves versenylovak<\/span><\/h5>\n<h5><span style=\"font-size: 12pt\">Legjobb id\u0151 &#8211; 105 cm-es show kateg\u00f3ria<\/span><\/h5>\n<\/td>\n<td style=\"width: 20%;text-align: center\">\n<h5><span style=\"font-size: 12pt\"><a href=\"https:\/\/semmelweis.hu\/bokay\/2025\/04\/28\/nemzeti-felkeszito-verseny-a-pataki-menesnel-kecskemeten\/\">Nemzeti + Felk\u00e9sz\u00edt\u0151 Verseny a Pataki M\u00e9nesn\u00e9l Kecskem\u00e9ten \u2013 B\u00f3kay J\u00e1nos T\u00f6bbc\u00e9l\u00fa Szakk\u00e9pz\u0151 Int\u00e9zm\u00e9ny<\/a><\/span><\/h5>\n<\/td>\n<\/tr>\n<tr>\n<td style=\"width: 20%;text-align: center\">\n<h5><span style=\"font-size: 12pt\"><strong>Nagy L\u00edvia Ninetta<br \/>\n<span style=\"color: #ff0000\">Futsal<\/span><\/strong><\/span><\/h5>\n<\/td>\n<td style=\"width: 20%;text-align: center\">\n<h5><span style=\"font-size: 12pt\">Astra HFC-Gy\u00f6mr\u0151 Labdar\u00fag\u00e1s U16 Le\u00e1ny D\u00e9l-Keleti csoport Bajnoks\u00e1g<\/span><\/h5>\n<\/td>\n<td style=\"width: 12.9436%;text-align: center\">\n<h5><span style=\"font-size: 12pt\">9.F<\/span><\/h5>\n<\/td>\n<td style=\"width: 27.0564%;text-align: center\">\n<h5><span style=\"font-size: 12pt\">2. hely<\/span><\/h5>\n<h5><span style=\"font-size: 12pt\">ez\u00fcs\u00e9rem<\/span><\/h5>\n<\/td>\n<td style=\"width: 20%;text-align: center\">\n<h5><span style=\"font-size: 12pt\"><a href=\"https:\/\/semmelweis.hu\/bokay\/2025\/06\/04\/noi-labdarugas-es-futsal-eredmenyek\/\">N\u0151i labdar\u00fag\u00e1s \u00e9s futsal eredm\u00e9nyek \u2013 B\u00f3kay J\u00e1nos T\u00f6bbc\u00e9l\u00fa Szakk\u00e9pz\u0151 Int\u00e9zm\u00e9ny<\/a><\/span><\/h5>\n<\/td>\n<\/tr>\n<tr>\n<td style=\"width: 20%;text-align: center\">\n<h5><span style=\"font-size: 12pt\"><strong>Nagy L\u00edvia Ninetta<br \/>\n<span style=\"color: #ff0000\">Futsal<\/span><\/strong><\/span><\/h5>\n<\/td>\n<td style=\"width: 20%;text-align: center\">\n<h5><span style=\"font-size: 12pt\">\u00a08. L\u00e1ny serd\u00fcl\u0151 U16 PVMF fels\u0151h\u00e1z Bajnok csapata arany\u00e9rem \u00e9s kupa<\/span><\/h5>\n<\/td>\n<td style=\"width: 12.9436%;text-align: center\">\n<h5><span style=\"font-size: 12pt\">9.F<\/span><\/h5>\n<\/td>\n<td style=\"width: 27.0564%;text-align: center\">\n<h5><span style=\"font-size: 12pt\">1. hely<\/span><\/h5>\n<h5><span style=\"font-size: 12pt\">Arany\u00e9rem<\/span><\/h5>\n<\/td>\n<td style=\"width: 20%;text-align: center\">\n<h5><span style=\"font-size: 12pt\"><a href=\"https:\/\/semmelweis.hu\/bokay\/2025\/06\/04\/noi-labdarugas-es-futsal-eredmenyek\/\">N\u0151i labdar\u00fag\u00e1s \u00e9s futsal eredm\u00e9nyek \u2013 B\u00f3kay J\u00e1nos T\u00f6bbc\u00e9l\u00fa Szakk\u00e9pz\u0151 Int\u00e9zm\u00e9ny<\/a><\/span><\/h5>\n<\/td>\n<\/tr>\n<tr>\n<td style=\"width: 20%;text-align: center\">\n<h5><span style=\"font-size: 12pt\"><strong>Nemes No\u00e9mi<br \/>\n<\/strong><span style=\"color: #99cc00\"><em>szinkron\u00fasz\u00e1s<\/em><\/span><\/span><\/h5>\n<\/td>\n<td style=\"width: 20%;text-align: center\">\n<h5><span style=\"font-size: 12pt\">Magyar Kupa<\/span><\/h5>\n<\/td>\n<td style=\"width: 12.9436%;text-align: center\">\n<h5><span style=\"font-size: 12pt\">9.KNY<\/span><\/h5>\n<\/td>\n<td style=\"width: 27.0564%;text-align: center\">\n<h5 align=\"justify\"><span style=\"font-size: 12pt\"><span style=\"color: #bf0041\"><span style=\"font-family: Times New Roman, serif\"><b>K\u00f6telez\u0151:<\/b><\/span><\/span><span style=\"color: #bf0041\"><span style=\"font-family: Times New Roman, serif\">\u00a0<\/span><\/span><span style=\"color: #bf0041\"><span style=\"font-family: Times New Roman, serif\"><b>els\u0151 <\/b><\/span><\/span><span style=\"color: #bf0041\"><span style=\"font-family: Times New Roman, serif\"><b>(1) &#8211; Arany\u00e9rem<\/b><\/span><\/span><span style=\"color: #bf0041\"><span style=\"font-family: Times New Roman, serif\">,<\/span><\/span><\/span><\/h5>\n<h5 align=\"justify\"><span style=\"font-size: 12pt\"><span style=\"color: #55308d\"><span style=\"font-family: Times New Roman, serif\"><b>csapat: <\/b><\/span><\/span><span style=\"color: #55308d\"><span style=\"font-family: Times New Roman, serif\">\u00a0<\/span><\/span><span style=\"color: #55308d\"><span style=\"font-family: Times New Roman, serif\"><b>negyedik hely <\/b><\/span><\/span><span style=\"color: #55308d\"><span style=\"font-family: Times New Roman, serif\"><b>(4)<\/b><\/span><\/span><span style=\"color: #55308d\"><span style=\"font-family: Times New Roman, serif\">,<\/span><\/span><\/span><\/h5>\n<h5 align=\"justify\"><span style=\"font-size: 12pt\"><span style=\"color: #00a933\"><span style=\"font-family: Times New Roman, serif\"><b>kombin\u00e1ci\u00f3s k\u0171r:<\/b><\/span><\/span><span style=\"color: #00a933\"><span style=\"font-family: Times New Roman, serif\">\u00a0<\/span><\/span><span style=\"color: #00a933\"><span style=\"font-family: Times New Roman, serif\"><b>harmadik<\/b><\/span><\/span> <span style=\"color: #00a933\"><span style=\"font-family: Times New Roman, serif\"><b>(3) &#8211; Bronz\u00e9rem<\/b><\/span><\/span><\/span><\/h5>\n<\/td>\n<td style=\"width: 20%;text-align: center\">\n<h5><span style=\"font-size: 12pt\"><a href=\"https:\/\/semmelweis.hu\/bokay\/2024\/11\/13\/ujabb-sportolonk-kepviseli-hazankat-nemzeti-szinekben\/\">\u00dajabb sportol\u00f3nk k\u00e9pviseli haz\u00e1nkat nemzeti sz\u00ednekben \u2013 B\u00f3kay J\u00e1nos T\u00f6bbc\u00e9l\u00fa Szakk\u00e9pz\u0151 Int\u00e9zm\u00e9ny<\/a><\/span><\/h5>\n<\/td>\n<\/tr>\n<tr>\n<td style=\"width: 20%;text-align: center\">\n<h5><span style=\"font-size: 12pt\"><strong>\u00d3nodi Tam\u00e1s<br \/>\n<\/strong><span style=\"color: #993366\">\u00f6k\u00f6lv\u00edv\u00e1s<\/span><\/span><\/h5>\n<\/td>\n<td style=\"width: 20%;text-align: center\">\n<h5><span style=\"font-size: 12pt\">Budapest Bajnoks\u00e1g<\/span><\/h5>\n<\/td>\n<td style=\"width: 12.9436%;text-align: center\">\n<h5><span style=\"font-size: 12pt\">9.B<\/span><\/h5>\n<\/td>\n<td style=\"width: 27.0564%;text-align: center\">\n<h5><span style=\"font-size: 12pt\">1. hely, arany\u00e9rem<\/span><\/h5>\n<\/td>\n<td style=\"width: 20%;text-align: center\">\n<h5><span style=\"font-size: 12pt\"><a href=\"https:\/\/semmelweis.hu\/bokay\/2024\/11\/09\/ujabb-budapest-bajnokot-avattunk-okolvivasban\/\">\u00dajabb Budapest Bajnokot avattunk \u00f6k\u00f6lv\u00edv\u00e1sban \u2013 B\u00f3kay J\u00e1nos T\u00f6bbc\u00e9l\u00fa Szakk\u00e9pz\u0151 Int\u00e9zm\u00e9ny<\/a><\/span><\/h5>\n<\/td>\n<\/tr>\n<tr>\n<td style=\"width: 20%;text-align: center\">\n<h5><span style=\"font-size: 12pt\"><strong>\u00d3nodi Tam\u00e1s<br \/>\n<span style=\"color: #993366\">\u00f6k\u00f6lv\u00edv\u00e1s<\/span><\/strong><\/span><\/h5>\n<\/td>\n<td style=\"width: 20%;text-align: center\">\n<h5><span style=\"font-size: 12pt\">2024. \u00e9vi Iunior \u00e9s Ifj\u00fas\u00e1gi \u00d6k\u00f6lv\u00edv\u00f3 Magyar Bajnoks\u00e1g<\/span><\/h5>\n<\/td>\n<td style=\"width: 12.9436%;text-align: center\">\n<h5><span style=\"font-size: 12pt\">9.B<\/span><\/h5>\n<\/td>\n<td style=\"width: 27.0564%;text-align: center\">\n<h5><span style=\"font-size: 12pt\">1. hely, arany\u00e9rem<\/span><\/h5>\n<\/td>\n<td style=\"width: 20%;text-align: center\">\n<h5><span style=\"font-size: 12pt\"><a href=\"https:\/\/semmelweis.hu\/bokay\/2024\/11\/25\/ismet-szepen-csillog-onodi-tamas-aranyerme\/\">Ism\u00e9t sz\u00e9pen csillog \u00d3nodi Tam\u00e1s arany\u00e9rme \u2013 B\u00f3kay J\u00e1nos T\u00f6bbc\u00e9l\u00fa Szakk\u00e9pz\u0151 Int\u00e9zm\u00e9ny<\/a><\/span><\/h5>\n<\/td>\n<\/tr>\n<tr>\n<td style=\"width: 20%;text-align: center\">\n<h5><span style=\"font-size: 12pt\"><strong>Pajor S\u00e1ra Regina<br \/>\n<span style=\"color: #ff00ff\">Silkdance \/ l\u00e9gt\u00e1nc<\/span><\/strong><\/span><\/h5>\n<\/td>\n<td style=\"width: 20%;text-align: center\">\n<h5><span style=\"font-size: 12pt\">V. Silkdance Nemzetk\u00f6zi L\u00e9gt\u00e1nc Verseny<\/span><\/h5>\n<\/td>\n<td style=\"width: 12.9436%;text-align: center\">\n<h5><span style=\"font-size: 12pt\">9.C<\/span><\/h5>\n<\/td>\n<td style=\"width: 27.0564%;text-align: center\">\n<h5><span style=\"font-size: 12pt\">Arany min\u0151s\u00edt\u00e9s<\/span><\/h5>\n<\/td>\n<td style=\"width: 20%;text-align: center\">\n<h5><span style=\"font-size: 12pt\"><a href=\"https:\/\/semmelweis.hu\/bokay\/2025\/04\/07\/arany-minosites-a-nemzetkozi-legtanc-versenyen\/\">Arany min\u0151s\u00edt\u00e9s a Nemzetk\u00f6zi L\u00e9gt\u00e1nc Versenyen \u2013 B\u00f3kay J\u00e1nos T\u00f6bbc\u00e9l\u00fa Szakk\u00e9pz\u0151 Int\u00e9zm\u00e9ny<\/a><\/span><\/h5>\n<\/td>\n<\/tr>\n<tr style=\"height: 202px\">\n<td style=\"width: 20%;height: 202px;text-align: center\">\n<h5><span style=\"font-size: 12pt\"><em><span style=\"color: #0000ff\"><strong>Queen Bees<\/strong><\/span><\/em><\/span><br \/>\n<span style=\"font-size: 12pt\">De\u00e1k Krisztina Vikt\u00f3ria, <\/span><br \/>\n<span style=\"font-size: 12pt\">Salg\u00f3 Fanni, <\/span><br \/>\n<span style=\"font-size: 12pt\">Sz\u00f6lgy\u00e9n N\u00f3ra, <\/span><br \/>\n<span style=\"font-size: 12pt\">Mis\u00e1k J\u00e1zmin\u00a0<\/span><\/h5>\n<\/td>\n<td style=\"width: 20%;height: 202px;text-align: center\">\n<h5><span style=\"font-size: 12pt\">Sereg\u00e9lyes Tibor Eml\u00e9kverseny<\/span><\/h5>\n<\/td>\n<td style=\"width: 12.9436%;text-align: center;height: 202px\">\n<h5><span style=\"font-size: 12pt\">11.A<\/span><\/h5>\n<\/td>\n<td style=\"width: 27.0564%;text-align: center;height: 202px\">\n<h5><span style=\"font-size: 12pt\">26. hely<\/span><\/h5>\n<\/td>\n<td style=\"width: 20%;height: 202px;text-align: center\">\n<h5><span style=\"font-size: 12pt\"><a href=\"https:\/\/semmelweis.hu\/bokay\/2024\/10\/31\/seregelyes-tibor-emlekverseny\/\">Sereg\u00e9lyes Tibor eml\u00e9kverseny \u2013 B\u00f3kay J\u00e1nos T\u00f6bbc\u00e9l\u00fa Szakk\u00e9pz\u0151 Int\u00e9zm\u00e9ny<\/a><\/span><\/h5>\n<\/td>\n<\/tr>\n<tr>\n<td style=\"width: 20%;text-align: center\">\n<h5 style=\"text-align: right\" align=\"justify\"><span style=\"font-family: 'Times New Roman', serif;color: #993366;font-size: 12pt\"><b>Tisza Hajnalka\u00a0<\/b><\/span><\/h5>\n<\/td>\n<td style=\"width: 20%;text-align: center\">\n<h5 align=\"center\"><span style=\"font-family: 'Times New Roman', serif;font-size: 12pt\">Tanulva tan\u00edtani \u2013 tan\u00edtva tanulni\u201d pedag\u00f3giai projektverseny<\/span><\/h5>\n<h5 align=\"center\"><span style=\"font-family: 'Times New Roman', serif;font-size: 12pt\">orsz\u00e1gos d\u00f6nt\u0151<\/span><\/h5>\n<\/td>\n<td style=\"width: 12.9436%;text-align: center\">\n<h5><span style=\"font-size: 12pt\">12.D<\/span><\/h5>\n<\/td>\n<td style=\"width: 27.0564%;text-align: center\">\n<h5><span style=\"font-family: 'Times New Roman', serif;font-size: 12pt\"><b>3. hely<\/b><\/span><\/h5>\n<\/td>\n<td style=\"width: 20%;text-align: center\">\n<h5><span style=\"font-size: 12pt\"><a href=\"https:\/\/semmelweis.hu\/bokay\/2025\/03\/10\/tanulva-tanitani-tanitva-tanulni-pedagogiai-projektversenyen-bokay-s-sikerek\/\">\u201eTanulva tan\u00edtani \u2013 tan\u00edtva tanulni\u201d pedag\u00f3giai projektversenyen B\u00f3kay-s sikerek! \u2013 B\u00f3kay J\u00e1nos T\u00f6bbc\u00e9l\u00fa Szakk\u00e9pz\u0151 Int\u00e9zm\u00e9ny<\/a><\/span><\/h5>\n<\/td>\n<\/tr>\n<tr>\n<td style=\"width: 20%;text-align: center\">\n<h5 style=\"text-align: right\" align=\"justify\"><span style=\"font-family: 'Times New Roman', serif;color: #993366;font-size: 12pt\"><b>Teletabik<br \/>\n<\/b><\/span><\/h5>\n<h5><span style=\"color: #000000;font-size: 12pt\"><span style=\"font-family: Segoe UI Historic, Segoe UI, Helvetica, Arial, sans-serif\">Baranyi Bogl\u00e1rka<\/span><\/span><\/h5>\n<h5><span style=\"color: #000000;font-size: 12pt\"><span style=\"font-family: Segoe UI Historic, Segoe UI, Helvetica, Arial, sans-serif\">Ol\u00e1h Lili<\/span><\/span><\/h5>\n<h5><span style=\"color: #000000;font-size: 12pt\"><span style=\"font-family: Segoe UI Historic, Segoe UI, Helvetica, Arial, sans-serif\">Tomusz Rebeka<\/span><\/span><\/h5>\n<h5 style=\"text-align: right\" align=\"justify\"><span style=\"font-family: 'Times New Roman', serif;color: #993366;font-size: 12pt\"><b>\u00a0<\/b><\/span><\/h5>\n<\/td>\n<td style=\"width: 20%;text-align: center\">\n<h5 class=\"entry-title text-uppercase\"><span style=\"font-size: 12pt\">Orsz\u00e1gos Csecsem\u0151- \u00e9s Kisdedgondoz\u00f3 Verseny Pest V\u00e1rmegyei Fordul\u00f3<\/span><\/h5>\n<h5 align=\"center\"><span style=\"font-family: 'Times New Roman', serif;font-size: 12pt\">\u00a0<\/span><\/h5>\n<\/td>\n<td style=\"width: 12.9436%;text-align: center\">\n<h5><span style=\"font-size: 12pt\">9.A<\/span><\/h5>\n<\/td>\n<td style=\"width: 27.0564%;text-align: center\">\n<h5><span style=\"font-family: 'Times New Roman', serif;font-size: 12pt\"><b>Arany min\u0151s\u00edt\u00e9s<br \/>\n1. hely<\/b><\/span><\/h5>\n<\/td>\n<td style=\"width: 20%;text-align: center\">\n<h5><span style=\"font-size: 12pt\"><a href=\"https:\/\/semmelweis.hu\/bokay\/2025\/05\/15\/orszagos-csecsemo-es-kisdedgondozo-verseny-pest-varmegyei-fordulo\/\">Orsz\u00e1gos Csecsem\u0151- \u00e9s Kisdedgondoz\u00f3 Verseny Pest V\u00e1rmegyei Fordul\u00f3 \u2013 B\u00f3kay J\u00e1nos T\u00f6bbc\u00e9l\u00fa Szakk\u00e9pz\u0151 Int\u00e9zm\u00e9ny<\/a><\/span><\/h5>\n<\/td>\n<\/tr>\n<tr style=\"height: 152px\">\n<td style=\"width: 20%;height: 152px;text-align: center\">\n<h5><span style=\"font-size: 12pt\"><strong>T\u00f3th Tam\u00e1s Oliv\u00e9r<\/strong><\/span><\/h5>\n<h5><span style=\"font-size: 12pt;color: #000080\">short track<\/span><\/h5>\n<h5><span style=\"font-size: 12pt;color: #000080\">r\u00f6visp\u00e1ly\u00e1s gyorskorcsolya<\/span><\/h5>\n<\/td>\n<td style=\"width: 20%;height: 152px;text-align: center\">\n<h5><span style=\"font-size: 12pt\">Olimpiai Rem\u00e9nys\u00e9gek versenye<\/span><\/h5>\n<\/td>\n<td style=\"width: 12.9436%;text-align: center;height: 152px\">\n<h5><span style=\"font-size: 12pt\">9.B<\/span><\/h5>\n<\/td>\n<td style=\"width: 27.0564%;height: 152px;text-align: center\">\n<h5><span style=\"font-size: 12pt\"><strong>500m<\/strong> 3. hely &#8211; bronz\u00e9rem \ud83e\udd49<\/span><\/h5>\n<h5><span style=\"font-size: 12pt\"><strong>1000m<\/strong> 2. hely &#8211; ez\u00fcst\u00e9rem \ud83e\udd48<\/span><\/h5>\n<\/td>\n<td style=\"width: 20%;height: 152px;text-align: center\">\n<h5><span style=\"font-size: 12pt\"><a href=\"https:\/\/semmelweis.hu\/bokay\/2024\/10\/20\/ujabb-rovidpalyas-gyorskorcsolya-short-track-siker\/\">\u00dajabb r\u00f6vidp\u00e1ly\u00e1s gyorskorcsolya (short track) siker \u2013 B\u00f3kay J\u00e1nos T\u00f6bbc\u00e9l\u00fa Szakk\u00e9pz\u0151 Int\u00e9zm\u00e9ny<\/a><\/span><\/h5>\n<\/td>\n<\/tr>\n<tr>\n<td style=\"width: 20%;text-align: center\">\n<h5><span style=\"font-size: 12pt\"><strong>T\u00f3th Tam\u00e1s Oliv\u00e9r<br \/>\n<span style=\"color: #000080\">short track<\/span><br \/>\n<span style=\"color: #000080\">r\u00f6visp\u00e1ly\u00e1s gyorskorcsolya<\/span><\/strong><\/span><\/h5>\n<\/td>\n<td style=\"width: 20%;text-align: center\">\n<h5><span style=\"color: #800000;font-size: 12pt\"><strong><span style=\"font-family: Arial, sans-serif\">Mikul\u00e1s Kupa<br \/>\nSanta Claus Short Track Cup<\/span><\/strong><\/span><\/h5>\n<\/td>\n<td style=\"width: 12.9436%;text-align: center\">\n<h5><span style=\"font-size: 12pt\">9.B<\/span><\/h5>\n<\/td>\n<td style=\"width: 27.0564%;text-align: center\">\n<h5><span style=\"font-size: 12pt\"><strong>Ferencv\u00e1ros &#8211; v\u00e1lt\u00f3<br \/>\n3. hely &#8211; bronz\u00e9rem<\/p>\n<p>\u00d6sszetett: 9. hely<\/strong><\/span><\/h5>\n<\/td>\n<td style=\"width: 20%;text-align: center\">\n<h5><span style=\"font-size: 12pt\"><a href=\"https:\/\/semmelweis.hu\/bokay\/2024\/12\/11\/short-track-ermet-hozott-a-mikulas-toth-tamas-olivernek\/\">Short track \u00e9rmet hozott a Mikul\u00e1s T\u00f3th Tam\u00e1s Oliv\u00e9rnek \u2013 B\u00f3kay J\u00e1nos T\u00f6bbc\u00e9l\u00fa Szakk\u00e9pz\u0151 Int\u00e9zm\u00e9ny<\/a><\/span><\/h5>\n<\/td>\n<\/tr>\n<tr>\n<td style=\"width: 20%;text-align: center\">\n<h5><span style=\"font-size: 12pt\"><strong>T\u00f3th Tam\u00e1s Oliv\u00e9r<br \/>\n<span style=\"color: #000080\">short track<\/span><br \/>\n<span style=\"color: #000080\">r\u00f6visp\u00e1ly\u00e1s gyorskorcsolya<\/span><\/strong><\/span><\/h5>\n<\/td>\n<td style=\"width: 20%;text-align: center\">\n<h5><span style=\"color: #800000;font-size: 12pt\"><strong><span style=\"font-family: Arial, sans-serif\">Csizmadia Kupa<\/span><\/strong><\/span><\/h5>\n<\/td>\n<td style=\"width: 12.9436%;text-align: center\">\n<h5><span style=\"font-size: 12pt\">9.B<\/span><\/h5>\n<\/td>\n<td style=\"width: 27.0564%;text-align: center\">\n<h5><span style=\"font-size: 12pt\"><strong>Ferencv\u00e1ros II. Junior C boys v\u00e1lt\u00f3 <br \/>\nII. hely &#8211; Ez\u00fcst\u00e9rem<\/p>\n<p>Egy\u00e9ni \u00f6sszetett: 7. hely<\/strong><\/span><\/h5>\n<\/td>\n<td style=\"width: 20%;text-align: center\">\n<h5><span style=\"font-size: 12pt\"><a href=\"https:\/\/semmelweis.hu\/bokay\/2025\/02\/04\/ezustermes-a-ferencvaros-ii-csapata\/\">Ez\u00fcst\u00e9rmes a Ferencv\u00e1ros II. short track csapata \u2013 B\u00f3kay J\u00e1nos T\u00f6bbc\u00e9l\u00fa Szakk\u00e9pz\u0151 Int\u00e9zm\u00e9ny<\/a><\/span><\/h5>\n<\/td>\n<\/tr>\n<tr>\n<td style=\"width: 20%;text-align: center\">\n<h5><span style=\"font-size: 12pt\"><strong>Varga D\u00e1vid Bence<\/strong><\/span><\/h5>\n<\/td>\n<td style=\"width: 20%;text-align: center\">\n<h5><span style=\"color: #800000;font-size: 12pt\"><strong><span style=\"font-family: Arial, sans-serif\">III. Lupus Farkas Kupa<\/span><\/strong><\/span><\/h5>\n<\/td>\n<td style=\"width: 12.9436%;text-align: center\">\n<h5><span style=\"font-size: 12pt\">11.B<\/span><\/h5>\n<\/td>\n<td style=\"width: 27.0564%;text-align: center\">\n<h5><span style=\"font-size: 12pt\"><strong>1. hely &#8211; Arany\u00e9rem<\/strong><\/span><\/h5>\n<\/td>\n<td style=\"width: 20%;text-align: center\">\n<h5><span style=\"font-size: 12pt\"><a href=\"https:\/\/semmelweis.hu\/bokay\/2025\/08\/25\/gyozelem-a-iii-lupus-farkas-tornan\/\">Gy\u0151zelem a III. Lupus Farkas torn\u00e1n \u2013 B\u00f3kay J\u00e1nos T\u00f6bbc\u00e9l\u00fa Szakk\u00e9pz\u0151 Int\u00e9zm\u00e9ny<\/a><\/span><\/h5>\n<\/td>\n<\/tr>\n<tr>\n<td style=\"width: 20%;text-align: center\">\n<h5 class=\"western\" align=\"left\"><span style=\"font-size: 12pt\"><span style=\"color: #000000\"><span style=\"font-family: Arial, sans-serif\"><b>Varga Zo\u00e9 Vanda\u00a0<\/b><\/span><\/span><span style=\"color: #4d5156\"><span style=\"font-family: Arial, sans-serif\"><br \/>\n<span style=\"color: #008000\"><em>Amat\u0151r ifj\u00fas\u00e1gi mellr\u0151l nyom\u00e1s kateg\u00f3ria<\/em><\/span><\/span><\/span><\/span><\/h5>\n<\/td>\n<td style=\"width: 20%;text-align: center\">\n<h5 class=\"western\" style=\"text-align: left\" align=\"left\"><span style=\"font-size: 12pt\"><strong><span style=\"color: #212529\"><span style=\"font-family: Arial, sans-serif\">Scitec Power Challenge<\/span><\/span><\/strong><\/span><\/h5>\n<\/td>\n<td style=\"width: 12.9436%;text-align: center\">\n<h5><span style=\"font-size: 12pt\">10.B\u00a0<\/span><\/h5>\n<\/td>\n<td style=\"width: 27.0564%;text-align: center\">\n<h5><span style=\"font-size: 12pt\">1. hely &#8211; Arany\u00e9rem<\/span><\/h5>\n<\/td>\n<td style=\"width: 20%;text-align: center\">\n<h5><span style=\"font-size: 12pt\"><a href=\"https:\/\/semmelweis.hu\/bokay\/2024\/11\/11\/oriasi-diadal-8-8-arany-minosites-a-scitec-power-challenge-megmerettetesen\/\">\u00d3ri\u00e1si diadal \u2013 8\/8 arany min\u0151s\u00edt\u00e9s a Scitec Power Challenge megm\u00e9rettet\u00e9sen \u2013 B\u00f3kay J\u00e1nos T\u00f6bbc\u00e9l\u00fa Szakk\u00e9pz\u0151 Int\u00e9zm\u00e9ny<\/a><\/span><\/h5>\n<\/td>\n<\/tr>\n<tr style=\"height: 32px\">\n<td style=\"width: 20%;height: 32px;text-align: center\">\u00a0<\/td>\n<td style=\"width: 20%;height: 32px;text-align: center\">\u00a0<\/td>\n<td style=\"width: 12.9436%;text-align: center;height: 32px\">\u00a0<\/td>\n<td style=\"width: 27.0564%;height: 32px;text-align: center\">\u00a0<\/td>\n<td style=\"width: 20%;height: 32px;text-align: center\">\u00a0<\/td>\n<\/tr>\n<tr style=\"height: 32px\">\n<td style=\"width: 20%;height: 32px;text-align: center\">\n<h5><span style=\"font-size: 12pt\"><strong><span style=\"color: #800000\">Tan\u00e9v:<\/span><\/strong><\/span><\/h5>\n<\/td>\n<td style=\"width: 20%;height: 32px;text-align: center\">\n<h5><span style=\"font-size: 12pt\"><strong><span style=\"color: #800000\">2024\/2025<\/span><\/strong><\/span><\/h5>\n<\/td>\n<td style=\"width: 12.9436%;height: 32px;text-align: center\">\u00a0<\/td>\n<td style=\"width: 27.0564%;height: 32px;text-align: center\">\u00a0<\/td>\n<td style=\"width: 20%;height: 32px;text-align: center\">\u00a0<\/td>\n<\/tr>\n<tr style=\"height: 32px\">\n<td style=\"width: 20%;height: 32px;text-align: center\">\n<h5><span style=\"color: #0000ff;font-size: 12pt\">R\u00e9sztvev\u0151 tanul\u00f3k<\/span><\/h5>\n<\/td>\n<td style=\"width: 20%;height: 32px;text-align: center\">\n<h5><span style=\"color: #0000ff;font-size: 12pt\">Verseny megnevez\u00e9se<\/span><\/h5>\n<\/td>\n<td style=\"width: 12.9436%;text-align: center;height: 32px\">\n<h5><span style=\"color: #0000ff;font-size: 12pt\">oszt\u00e1ly<\/span><\/h5>\n<\/td>\n<td style=\"width: 27.0564%;text-align: center;height: 32px\">\n<h5><span style=\"color: #0000ff;font-size: 12pt\">eredm\u00e9ny<\/span><\/h5>\n<\/td>\n<td style=\"width: 20%;height: 32px;text-align: center\">\n<h5><span style=\"color: #0000ff;font-size: 12pt\">link<\/span><\/h5>\n<\/td>\n<\/tr>\n<tr>\n<td style=\"width: 20%;text-align: center\">\n<h5><span style=\"color: #0000ff;font-size: 12pt\"><em><strong>Antal Patrik<\/strong><\/em><\/span><\/h5>\n<\/td>\n<td style=\"width: 20%;text-align: center\">\n<h5><span style=\"font-size: 12pt\">Euroskills\u00a0<\/span><\/h5>\n<\/td>\n<td style=\"width: 12.9436%;text-align: center\">\n<h5><span style=\"font-size: 12pt\">12.C<\/span><\/h5>\n<\/td>\n<td style=\"width: 27.0564%;text-align: center\">\n<h5><span style=\"font-size: 12pt\">Orsz\u00e1gos d\u00f6nt\u0151<\/span><\/h5>\n<\/td>\n<td style=\"width: 20%;text-align: center\">\u00a0<\/td>\n<\/tr>\n<tr style=\"height: 152px\">\n<td style=\"width: 20%;height: 152px;text-align: center\">\n<h5><span style=\"color: #0000ff;font-size: 12pt\"><em><strong>Baba tri\u00f3:<\/strong><\/em> <\/span><\/h5>\n<h5><span style=\"font-size: 12pt\">Bart\u00f3k Regina, <\/span><\/h5>\n<h5><span style=\"font-size: 12pt\">Szab\u00f3 Orsolya, <\/span><\/h5>\n<h5><span style=\"font-size: 12pt\">Szal\u00f3ki R\u00e9zi<\/span><\/h5>\n<\/td>\n<td style=\"width: 20%;height: 152px;text-align: center\">\n<h5><span style=\"font-size: 12pt\">Orsz\u00e1gos Csecsem\u0151-\u00e9s Kisdedgondoz\u00f3 Verseny F\u0151v\u00e1rosi Fordul\u00f3<\/span><\/h5>\n<\/td>\n<td style=\"width: 12.9436%;text-align: center;height: 152px\">\n<h5><span style=\"font-size: 12pt\">11.C<\/span><\/h5>\n<\/td>\n<td style=\"width: 27.0564%;height: 152px;text-align: center\">\n<h5><span style=\"font-size: 12pt\">Arany fokozat<\/span><\/h5>\n<\/td>\n<td style=\"width: 20%;height: 152px;text-align: center\">\n<h5><span style=\"font-size: 12pt\"><a href=\"https:\/\/semmelweis.hu\/bokay\/2024\/04\/28\/orszagos-csecsemo-es-kisdedgondozo-verseny-fovarosi-fordulo\/\">Orsz\u00e1gos Csecsem\u0151- \u00e9s Kisdedgondoz\u00f3 Verseny F\u0151v\u00e1rosi Fordul\u00f3 \u2013 B\u00f3kay J\u00e1nos T\u00f6bbc\u00e9l\u00fa Szakk\u00e9pz\u0151 Int\u00e9zm\u00e9ny<\/a><\/span><\/h5>\n<\/td>\n<\/tr>\n<tr style=\"height: 122px\">\n<td style=\"width: 20%;height: 312px;text-align: center\" rowspan=\"6\">\n<h5><span style=\"font-size: 12pt\">B\u00e1der R\u00f3me\u00f3\u00a0<\/span><\/h5>\n<h5><span style=\"font-size: 12pt\">(\u00f6k\u00f6lv\u00edv\u00e1s)<\/span><\/h5>\n<\/td>\n<td style=\"width: 20%;height: 122px;text-align: center\">\n<h5><span style=\"font-size: 12pt\">Bornemissza Kupa<\/span><\/h5>\n<\/td>\n<td style=\"width: 12.9436%;text-align: center;height: 312px\" rowspan=\"6\">\n<h5><span style=\"font-size: 12pt\">10.B<\/span><\/h5>\n<\/td>\n<td style=\"width: 27.0564%;height: 122px;text-align: center\">\n<h5><span style=\"font-size: 12pt\">3. hely &#8211; Bronz\u00e9rem<\/span><\/h5>\n<\/td>\n<td style=\"width: 20%;height: 122px;text-align: center\">\n<h5><span style=\"font-size: 12pt\"><a href=\"https:\/\/semmelweis.hu\/bokay\/2024\/04\/29\/okolvivas-utanpotlas-magyar-kupa-2024\/\">\u00d6k\u00f6lv\u00edv\u00e1s Ut\u00e1np\u00f3tl\u00e1s Magyar Kupa 2024 \u2013 B\u00f3kay J\u00e1nos T\u00f6bbc\u00e9l\u00fa Szakk\u00e9pz\u0151 Int\u00e9zm\u00e9ny<\/a><\/span><\/h5>\n<\/td>\n<\/tr>\n<tr style=\"height: 62px\">\n<td style=\"width: 20%;height: 62px;text-align: center\">\n<h5><span style=\"font-size: 12pt\">Ut\u00e1np\u00f3tl\u00e9s Magyar Bajnoks\u00e1g<\/span><\/h5>\n<\/td>\n<td style=\"width: 27.0564%;height: 62px;text-align: center\">\n<h5><span style=\"font-size: 12pt\">2. hely &#8211; Ez\u00fcst\u00e9rem<\/span><\/h5>\n<\/td>\n<td style=\"width: 20%;height: 62px;text-align: center\">\u00a0<\/td>\n<\/tr>\n<tr style=\"height: 32px\">\n<td style=\"width: 20%;height: 32px;text-align: center\">\n<h5><span style=\"font-size: 12pt\">Budapest Bajnoks\u00e1g<\/span><\/h5>\n<\/td>\n<td style=\"width: 27.0564%;height: 32px;text-align: center\">\n<h5><span style=\"font-size: 12pt\">1. hely &#8211; Arany\u00e9rem<\/span><\/h5>\n<\/td>\n<td style=\"width: 20%;height: 32px;text-align: center\">\u00a0<\/td>\n<\/tr>\n<tr style=\"height: 32px\">\n<td style=\"width: 20%;height: 32px;text-align: center\">\n<h5><span style=\"font-size: 12pt\">Magyar Bajnoks\u00e1g<\/span><\/h5>\n<\/td>\n<td style=\"width: 27.0564%;height: 32px;text-align: center\">\n<h5><span style=\"font-size: 12pt\">2.hely &#8211; Ez\u00fcst\u00e9rem<\/span><\/h5>\n<\/td>\n<td style=\"width: 20%;height: 32px;text-align: center\">\u00a0<\/td>\n<\/tr>\n<tr style=\"height: 32px\">\n<td style=\"width: 20%;height: 32px;text-align: center\">\n<h5><span style=\"font-size: 12pt\">Eger Kupa<\/span><\/h5>\n<\/td>\n<td style=\"width: 27.0564%;height: 32px;text-align: center\">\n<h5><span style=\"font-size: 12pt\">2.hely &#8211; Ez\u00fcst\u00e9rem<\/span><\/h5>\n<\/td>\n<td style=\"width: 20%;height: 32px;text-align: center\">\u00a0<\/td>\n<\/tr>\n<tr style=\"height: 32px\">\n<td style=\"width: 20%;height: 32px;text-align: center\">\n<h5><span style=\"font-size: 12pt\">Testv\u00e9rv\u00e1rosok kup\u00e1ja<\/span><\/h5>\n<\/td>\n<td style=\"width: 27.0564%;height: 32px;text-align: center\">\n<h5><span style=\"font-size: 12pt\">1. hely &#8211; Arany\u00e9rem<\/span><\/h5>\n<\/td>\n<td style=\"width: 20%;height: 32px;text-align: center\">\u00a0<\/td>\n<\/tr>\n<tr style=\"height: 122px\">\n<td style=\"width: 20%;height: 122px;text-align: center\">\n<h5><span style=\"font-size: 12pt\">Bene R\u00e9ka Vikt\u00f3ria\u00a0 &#8211; l\u00e9gtorna<\/span><\/h5>\n<\/td>\n<td style=\"width: 20%;height: 122px;text-align: center\">\n<h5><span style=\"font-size: 12pt\">II. Budapest L\u00e9gtorn\u00e1sz Fesztiv\u00e1l<\/span><\/h5>\n<\/td>\n<td style=\"width: 12.9436%;text-align: center;height: 122px\">\n<h5><span style=\"font-size: 12pt\">9.A<\/span><\/h5>\n<\/td>\n<td style=\"width: 27.0564%;height: 122px;text-align: center\">\n<h5><span style=\"font-size: 12pt\">1. hely &#8211; Arany\u00e9rem<\/span><\/h5>\n<\/td>\n<td style=\"width: 20%;height: 122px;text-align: center\">\n<h5><span style=\"font-size: 12pt\"><a href=\"https:\/\/semmelweis.hu\/bokay\/2024\/03\/25\/ii-budapest-legtornasz-fesztival\/\">II. Budapest L\u00e9gtorn\u00e1sz Fesztiv\u00e1l \u2013 B\u00f3kay J\u00e1nos T\u00f6bbc\u00e9l\u00fa Szakk\u00e9pz\u0151 Int\u00e9zm\u00e9ny<\/a><\/span><\/h5>\n<\/td>\n<\/tr>\n<tr style=\"height: 32px\">\n<td style=\"width: 20%;height: 32px;text-align: center\">\n<h5><span style=\"font-size: 12pt\">\u00a0Bene R\u00e9ka<\/span><\/h5>\n<h5><span style=\"font-size: 12pt\">Ol\u00e1h Bogl\u00e1rka<\/span><\/h5>\n<h5><span style=\"font-size: 12pt\">De\u00e1k Krisztina Vikt\u00f3ria<\/span><\/h5>\n<\/td>\n<td style=\"width: 20%;height: 32px;text-align: center\">\n<h5><span style=\"font-size: 12pt\">Z\u00f6ld F\u00f6ld Kupa<\/span><\/h5>\n<\/td>\n<td style=\"width: 12.9436%;height: 32px;text-align: center\">\n<h5><span style=\"font-size: 12pt\">9.A<\/span><\/h5>\n<\/td>\n<td style=\"width: 27.0564%;height: 32px;text-align: center\">\n<h5><span style=\"font-size: 12pt\">4. hely<\/span><\/h5>\n<\/td>\n<td style=\"width: 20%;text-align: center\">\u00a0<\/td>\n<\/tr>\n<tr style=\"height: 122px\">\n<td style=\"width: 20%;height: 186px;text-align: center\" rowspan=\"3\">\n<h5><span style=\"font-size: 12pt\">B\u00e9res Zs\u00f3fia &#8211; <\/span><\/h5>\n<h5><span style=\"font-size: 12pt\">N\u0151i r\u00fadugr\u00e1s<\/span><\/h5>\n<\/td>\n<td style=\"width: 20%;height: 122px;text-align: center\">\n<h5><span style=\"font-size: 12pt\">U18 Atl\u00e9tikai Magyar Bajnoks\u00e1g<\/span><\/h5>\n<\/td>\n<td style=\"width: 12.9436%;text-align: center;height: 186px\" rowspan=\"3\">\n<h5><span style=\"font-size: 12pt\">10.B\u00a0<\/span><\/h5>\n<\/td>\n<td style=\"width: 27.0564%;height: 122px;text-align: center\">\n<h5><span style=\"font-size: 12pt\">340 PB (personal best)\u00a0<\/span><\/h5>\n<\/td>\n<td style=\"width: 20%;height: 122px;text-align: center\">\n<h5><span style=\"font-size: 12pt\"><a href=\"https:\/\/semmelweis.hu\/bokay\/2024\/06\/17\/u18-atletikai-magyar-bajnoksag-2024\/\">U18 Atl\u00e9tikai Magyar Bajnoks\u00e1g 2024 \u2013 B\u00f3kay J\u00e1nos T\u00f6bbc\u00e9l\u00fa Szakk\u00e9pz\u0151 Int\u00e9zm\u00e9ny<\/a><\/span><\/h5>\n<\/td>\n<\/tr>\n<tr style=\"height: 32px\">\n<td style=\"width: 20%;height: 32px;text-align: center\">\n<h5><span style=\"font-size: 12pt\">U18 Atl\u00e9tikai Bajnoks\u00e1g, Sz\u00e9kesfeh\u00e9rv\u00e1r<\/span><\/h5>\n<\/td>\n<td style=\"width: 27.0564%;height: 32px;text-align: center\">\n<h5><span style=\"font-size: 12pt\">3. hely &#8211; Bronz\u00e9rem<\/span><\/h5>\n<\/td>\n<td style=\"width: 20%;height: 32px;text-align: center\">\u00a0<\/td>\n<\/tr>\n<tr style=\"height: 32px\">\n<td style=\"width: 20%;height: 32px;text-align: center\">\n<h5><span style=\"font-size: 12pt\">Fedettp\u00e1ly\u00e1s U20 \u00e9s U18 Atl\u00e9tikai Magyar Bajnoks\u00e1g<\/span><\/h5>\n<\/td>\n<td style=\"width: 27.0564%;height: 32px;text-align: center\">\n<h5><span style=\"font-size: 12pt\">4. hely<\/span><\/h5>\n<\/td>\n<td style=\"width: 20%;height: 32px;text-align: center\">\n<h5><span style=\"font-size: 12pt\"><a href=\"https:\/\/semmelweis.hu\/bokay\/2024\/03\/18\/fedettpalyas-ob-4-helyezes\/\">Fedettp\u00e1ly\u00e1s OB 4. helyez\u00e9s \u2013 B\u00f3kay J\u00e1nos T\u00f6bbc\u00e9l\u00fa Szakk\u00e9pz\u0151 Int\u00e9zm\u00e9ny<\/a><\/span><\/h5>\n<\/td>\n<\/tr>\n<tr style=\"height: 122px\">\n<td style=\"width: 20%;text-align: center;height: 122px\">\n<h5><span style=\"font-size: 12pt\">Czink\u00f3 Ilona<\/span><\/h5>\n<\/td>\n<td style=\"width: 20%;text-align: center;height: 122px\">\n<h5><span style=\"font-size: 12pt\">GPC Er\u0151emel\u0151 Vil\u00e1gbajnoks\u00e1g<\/span><\/h5>\n<\/td>\n<td style=\"width: 12.9436%;text-align: center;height: 122px\">\n<h5><span style=\"font-size: 12pt\">12.C<\/span><\/h5>\n<\/td>\n<td style=\"width: 27.0564%;text-align: center;height: 122px\">\n<h5><span style=\"font-size: 12pt\">1.hely &#8211; Arany\u00e9rem<\/span><\/h5>\n<\/td>\n<td style=\"width: 20%;text-align: center;height: 122px\">\n<h5><span style=\"font-size: 12pt\"><a href=\"https:\/\/semmelweis.hu\/bokay\/2023\/10\/16\/gpc-eroemelo-vilagbajnoksag\/\">GPC Er\u0151emel\u0151 Vil\u00e1gbajnoks\u00e1g \u2013 B\u00f3kay J\u00e1nos T\u00f6bbc\u00e9l\u00fa Szakk\u00e9pz\u0151 Int\u00e9zm\u00e9ny<\/a><\/span><\/h5>\n<\/td>\n<\/tr>\n<tr style=\"height: 92px\">\n<td style=\"width: 20%;text-align: center;height: 184px\" rowspan=\"2\">\n<h5><span style=\"font-size: 12pt\">Dank\u00f3 Dorina<\/span><\/h5>\n<h5><span style=\"font-size: 12pt\">akrobatikus talajtorna<\/span><\/h5>\n<\/td>\n<td style=\"width: 20%;text-align: center;height: 92px\">\n<h5><span style=\"font-size: 12pt\">Klauz\u00e1r kupa (Szigetszentmikl\u00f3s) akrobatikus talajtorna<\/span><\/h5>\n<\/td>\n<td style=\"width: 12.9436%;text-align: center;height: 184px\" rowspan=\"2\">\n<h5><span style=\"font-size: 12pt\">9.B<\/span><\/h5>\n<\/td>\n<td style=\"width: 27.0564%;text-align: center;height: 92px\">\n<h5><span style=\"font-size: 12pt\">4. hely<\/span><\/h5>\n<\/td>\n<td style=\"width: 20%;text-align: center;height: 92px\">\u00a0<\/td>\n<\/tr>\n<tr style=\"height: 92px\">\n<td style=\"width: 20%;text-align: center;height: 92px\">\n<h5><span style=\"font-size: 12pt\">Tiszavir\u00e1g T\u00e1nckupa (Szolnok) akrobatikus talajtorna<\/span><\/h5>\n<\/td>\n<td style=\"width: 27.0564%;text-align: center;height: 92px\">\n<h5><span style=\"font-size: 12pt\">1. hely &#8211; Arany\u00e9rem<\/span><\/h5>\n<\/td>\n<td style=\"width: 20%;text-align: center;height: 92px\">\u00a0<\/td>\n<\/tr>\n<tr style=\"height: 92px\">\n<td style=\"width: 20%;text-align: center;height: 184px\" rowspan=\"2\">\n<h5><span style=\"font-size: 12pt\">Debreczeni \u00c1d\u00e1m<\/span><\/h5>\n<h5><span style=\"font-size: 12pt\">kajak<\/span><\/h5>\n<\/td>\n<td style=\"width: 20%;height: 92px;text-align: center\">\n<h5><span style=\"font-size: 12pt\">Kajak-kenu v\u00e1logat\u00f3 (Szolnok) K1 f\u00e9rfi 1000m<\/span><\/h5>\n<\/td>\n<td style=\"width: 12.9436%;text-align: center;height: 184px\" rowspan=\"2\">\n<h5><span style=\"font-size: 12pt\">9.B<\/span><\/h5>\n<\/td>\n<td style=\"width: 27.0564%;text-align: center;height: 92px\">\n<h5><span style=\"font-size: 12pt\">7. hely<\/span><\/h5>\n<\/td>\n<td style=\"width: 20%;text-align: center;height: 92px\">\u00a0<\/td>\n<\/tr>\n<tr style=\"height: 92px\">\n<td style=\"width: 20%;height: 92px;text-align: center\">\n<h5><span style=\"font-size: 12pt\">Region\u00e1lis Akad\u00e9miai Kupa (Sukor\u00f3) K1 f\u00e9rfi serd\u00fcl\u0151 U16 1000m<\/span><\/h5>\n<\/td>\n<td style=\"width: 27.0564%;text-align: center;height: 92px\">\n<h5><span style=\"font-size: 12pt\">4. hely<\/span><\/h5>\n<\/td>\n<td style=\"width: 20%;text-align: center;height: 92px\">\u00a0<\/td>\n<\/tr>\n<tr style=\"height: 152px\">\n<td style=\"width: 20%;text-align: center;height: 152px\">\n<h5><span style=\"font-size: 12pt\">Forg\u00f3 Vanda Veronika<\/span><\/h5>\n<\/td>\n<td style=\"width: 20%;text-align: center;height: 152px\">\n<h5><span style=\"font-size: 12pt\">U18 Sum\u00f3 Eur\u00f3pa Bajnoks\u00e1g<\/span><\/h5>\n<\/td>\n<td style=\"width: 12.9436%;text-align: center;height: 152px\">\n<h5><span style=\"font-size: 12pt\">9.C<\/span><\/h5>\n<\/td>\n<td style=\"width: 27.0564%;text-align: center;height: 152px\">\n<h5><span style=\"font-size: 12pt\">2. hely &#8211; Ez\u00fcst\u00e9rem<\/span><\/h5>\n<\/td>\n<td style=\"width: 20%;text-align: center;height: 152px\">\n<h5><span style=\"font-size: 12pt\"><a href=\"https:\/\/semmelweis.hu\/bokay\/2023\/11\/20\/kimagaslo-sporteredmenyek-a-9-c-ben\/\">Kimagasl\u00f3 sporteredm\u00e9nyek a 9.C-ben \u2013 B\u00f3kay J\u00e1nos T\u00f6bbc\u00e9l\u00fa Szakk\u00e9pz\u0151 Int\u00e9zm\u00e9ny<\/a><\/span><\/h5>\n<\/td>\n<\/tr>\n<tr style=\"height: 152px\">\n<td style=\"width: 20%;height: 152px;text-align: center\">\n<h5><span style=\"font-size: 12pt\">Gergely M\u00e1t\u00e9 <\/span><\/h5>\n<h5><span style=\"font-size: 12pt\">(Spartan Race)<\/span><\/h5>\n<\/td>\n<td style=\"width: 20%;height: 152px;text-align: center\">\n<h5><span style=\"font-size: 12pt\">Spartan Race Super<\/span><\/h5>\n<\/td>\n<td style=\"width: 12.9436%;text-align: center;height: 152px\">\n<h5><span style=\"font-size: 12pt\">10.B<\/span><\/h5>\n<\/td>\n<td style=\"width: 27.0564%;height: 152px;text-align: center\">\n<h5><span style=\"font-size: 12pt\">1. hely &#8211; Arany\u00e9rem<\/span><\/h5>\n<\/td>\n<td style=\"width: 20%;height: 152px;text-align: center\">\n<h5><span style=\"font-size: 12pt\"><a href=\"https:\/\/semmelweis.hu\/bokay\/2024\/06\/20\/ero-allokepesseg-es-gyorsasag-spartan-race-1-helyezes\/\">Er\u0151, \u00e1ll\u00f3k\u00e9pess\u00e9g \u00e9s gyorsas\u00e1g. Spartan Race 1. helyez\u00e9s \u2013 B\u00f3kay J\u00e1nos T\u00f6bbc\u00e9l\u00fa Szakk\u00e9pz\u0151 Int\u00e9zm\u00e9ny<\/a><\/span><\/h5>\n<\/td>\n<\/tr>\n<tr style=\"height: 92px\">\n<td style=\"width: 20%;text-align: center;height: 704px\" rowspan=\"7\">\n<h5><span style=\"font-size: 12pt\">Hall\u00f3sy Dominik<\/span><\/h5>\n<h5><span style=\"font-size: 12pt\"><em>short track<\/em><\/span><\/h5>\n<h5><span style=\"font-size: 12pt\"><em>r\u00f6vidp\u00e1ly\u00e1s gyorskorcsolya<\/em><\/span><\/h5>\n<\/td>\n<td style=\"width: 20%;height: 92px;text-align: center\">\n<h5><span style=\"font-size: 12pt\">Magyar Bajnoks\u00e1g<\/span><\/h5>\n<\/td>\n<td style=\"width: 12.9436%;text-align: center;height: 704px\" rowspan=\"7\">\n<h5><span style=\"font-size: 12pt\">10.B<\/span><\/h5>\n<\/td>\n<td style=\"width: 27.0564%;height: 92px;text-align: center\">\n<h5><span style=\"font-size: 12pt\">1000 \u00e9s 1500m B d\u00f6nt\u0151 &#8211; 3. hely, <\/span><\/h5>\n<h5><span style=\"font-size: 12pt\">500 m \u00f6sszetett: 2. hely<\/span><\/h5>\n<\/td>\n<td style=\"width: 20%;height: 92px;text-align: center\">\u00a0<\/td>\n<\/tr>\n<tr style=\"height: 62px\">\n<td style=\"width: 20%;height: 62px;text-align: center\">\n<h5><span style=\"font-size: 12pt\">Hanse Kupa N\u00e9metorsz\u00e1g<\/span><\/h5>\n<\/td>\n<td style=\"width: 27.0564%;height: 62px;text-align: center\">\n<h5><span style=\"font-size: 12pt\">500m &#8211; 3. hely &#8211; Bronz\u00e9rem<\/span><\/h5>\n<\/td>\n<td style=\"width: 20%;height: 62px;text-align: center\">\u00a0<\/td>\n<\/tr>\n<tr style=\"height: 92px\">\n<td style=\"width: 20%;height: 92px;text-align: center\">\n<h5><span style=\"font-size: 12pt\">Mikul\u00e1s Kupa<\/span><\/h5>\n<\/td>\n<td style=\"width: 27.0564%;height: 92px;text-align: center\">\n<h5><span style=\"font-size: 12pt\">1500m &#8211; 2. hely &#8211; Ez\u00fcst\u00e9rem, <\/span><\/h5>\n<h5><span style=\"font-size: 12pt\">1000m &#8211; 3. hely &#8211; Bronz\u00e9rem, <\/span><\/h5>\n<h5><span style=\"font-size: 12pt\">\u00f6sszetett: 4. hely<\/span><\/h5>\n<\/td>\n<td style=\"width: 20%;height: 92px;text-align: center\">\u00a0<\/td>\n<\/tr>\n<tr style=\"height: 212px\">\n<td style=\"width: 20%;height: 212px;text-align: center\">\n<h5><span style=\"font-size: 12pt\">Ut\u00e1np\u00f3tl\u00e1s Orsz\u00e1gos bajnoks\u00e1g<\/span><\/h5>\n<\/td>\n<td style=\"width: 27.0564%;height: 212px;text-align: center\">\n<h5><span style=\"font-size: 12pt\">1500m &#8211; 1. hely 1000m &#8211; 1. hely &#8211; Arany\u00e9rem<\/span><\/h5>\n<h5><span style=\"font-size: 12pt\">500 m &#8211; 1. hely\u00a0 &#8211; Arany\u00e9rem<\/span><\/h5>\n<h5><span style=\"font-size: 12pt\">\u00f6sszetett: 1. hely, <\/span><\/h5>\n<h5><span style=\"font-size: 12pt\"><strong><span style=\"color: #993366\">Magyar Bajnok Junior B men<\/span><\/strong><\/span><\/h5>\n<\/td>\n<td style=\"width: 20%;height: 212px;text-align: center\">\n<h5><span style=\"font-size: 12pt\"><a href=\"https:\/\/semmelweis.hu\/bokay\/2024\/03\/11\/harom-a-magyar-igazsag-bravuros-gyozelem-a-short-track-utanpotlas-orszagos-bajnoksagon\/\">H\u00e1rom a magyar igazs\u00e1g! Brav\u00faros gy\u0151zelem a Short Track Ut\u00e1np\u00f3tl\u00e1s Orsz\u00e1gos Bajnoks\u00e1gon \u2013 B\u00f3kay J\u00e1nos T\u00f6bbc\u00e9l\u00fa Szakk\u00e9pz\u0151 Int\u00e9zm\u00e9ny<\/a><\/span><\/h5>\n<\/td>\n<\/tr>\n<tr style=\"height: 92px\">\n<td style=\"width: 20%;height: 92px;text-align: center\">\n<h5><span style=\"font-size: 12pt\">Pann\u00f3nia kupa<\/span><\/h5>\n<\/td>\n<td style=\"width: 27.0564%;height: 92px;text-align: center\">\n<h5><span style=\"font-size: 12pt\">500 \u00e9s 1500 m B d\u00f6nt\u0151 &#8211; 2. hely, &#8211; Ez\u00fcst\u00e9rem<\/span><\/h5>\n<h5><span style=\"font-size: 12pt\">\u00f6sszetett:5. hely<\/span><\/h5>\n<\/td>\n<td style=\"width: 20%;height: 92px\">\u00a0<\/td>\n<\/tr>\n<tr style=\"height: 32px\">\n<td style=\"width: 20%;height: 32px\">\u00a0<\/td>\n<td style=\"width: 27.0564%;height: 32px\">\u00a0<\/td>\n<td style=\"width: 20%;height: 32px\">\u00a0<\/td>\n<\/tr>\n<tr style=\"height: 122px\">\n<td style=\"width: 20%;height: 122px;text-align: center\">\n<h5><span style=\"font-size: 12pt\">19. Tisza Kupa<\/span><\/h5>\n<\/td>\n<td style=\"width: 27.0564%;height: 122px;text-align: center\">\n<h5><span style=\"font-size: 12pt\">500 m &#8211; 1. hely &#8211; Arany\u00e9rem<\/span><\/h5>\n<h5><span style=\"font-size: 12pt\">1000m &#8211; 1. hely\u00a0 &#8211; Arany\u00e9rem<\/span><\/h5>\n<h5><span style=\"font-size: 12pt\">1500m &#8211; 1. hely &#8211; Arany\u00e9rem \u00f6sszetett: 1. hely (Men)<\/span><\/h5>\n<\/td>\n<td style=\"width: 20%;height: 122px\">\u00a0<\/td>\n<\/tr>\n<tr style=\"height: 29px\">\n<td style=\"width: 20%;height: 29px;text-align: center\">\n<h5><span style=\"font-size: 12pt\">Hustyava Panna, <\/span><\/h5>\n<h5><span style=\"font-size: 12pt\">Kov\u00e1cs Zita \u00e9s <\/span><\/h5>\n<h5><span style=\"font-size: 12pt\">Szentimrey Katica\u00a0<\/span><\/h5>\n<\/td>\n<td style=\"width: 20%;height: 29px;text-align: center\">\n<h5><span style=\"font-size: 12pt\">Evlija Cselebi kultur\u00e1lis \u00e9s t\u00f6rt\u00e9nelemverseny<\/span><\/h5>\n<\/td>\n<td style=\"width: 12.9436%;text-align: center;height: 29px\">\n<h5><span style=\"font-size: 12pt\">11.C<\/span><\/h5>\n<\/td>\n<td style=\"width: 27.0564%;height: 29px;text-align: center\">\n<h5><span style=\"font-size: 12pt\">7. hely<\/span><\/h5>\n<\/td>\n<td style=\"width: 20%;height: 29px;text-align: center\">\n<h5><span style=\"font-size: 12pt\"><a href=\"https:\/\/semmelweis.hu\/bokay\/2024\/05\/14\/evlija-cselebi-verseny-masodik-fordulo\/\">Evlija Cselebi verseny \u2013 m\u00e1sodik fordul\u00f3 \u2013 B\u00f3kay J\u00e1nos T\u00f6bbc\u00e9l\u00fa Szakk\u00e9pz\u0151 Int\u00e9zm\u00e9ny<\/a><\/span><\/h5>\n<\/td>\n<\/tr>\n<tr style=\"height: 29px\">\n<td style=\"width: 20%;height: 119px;text-align: center\" rowspan=\"4\">\n<h5><span style=\"font-size: 12pt\">J\u00f3n\u00e1s B\u00e1lint\u00a0<\/span><\/h5>\n<h5><span style=\"font-size: 12pt\"><em>Shinkyokushinkai Karate<\/em><\/span><\/h5>\n<\/td>\n<td style=\"width: 20%;height: 29px;text-align: center\">\n<h5><span style=\"font-size: 12pt\">IV. Eisberg Kiskun Kupa &#8211; IFJ\u00daS\u00c1GI F\u00c9RFI KUMITE<\/span><\/h5>\n<\/td>\n<td style=\"width: 12.9436%;text-align: center;height: 119px\" rowspan=\"4\">\n<h5><span style=\"font-size: 12pt\">9.C<\/span><\/h5>\n<\/td>\n<td style=\"width: 27.0564%;height: 29px;text-align: center\">\n<h5><span style=\"font-size: 12pt\">2. hely &#8211; Ez\u00fcst\u00e9rem<\/span><\/h5>\n<\/td>\n<td style=\"width: 20%;height: 29px;text-align: center\">\n<h5><span style=\"font-size: 12pt\"><a href=\"https:\/\/semmelweis.hu\/bokay\/2024\/05\/22\/iv-eisberg-kiskun-kupa\/\">IV. Eisberg Kiskun Kupa \u2013 B\u00f3kay J\u00e1nos T\u00f6bbc\u00e9l\u00fa Szakk\u00e9pz\u0151 Int\u00e9zm\u00e9ny<\/a><\/span><\/h5>\n<\/td>\n<\/tr>\n<tr style=\"height: 32px\">\n<td style=\"width: 20%;height: 32px;text-align: center\">\n<h5><span style=\"font-size: 12pt\">Di\u00e1kolimpia<\/span><\/h5>\n<\/td>\n<td style=\"width: 27.0564%;height: 32px;text-align: center\">\n<h5><span style=\"font-size: 12pt\">3. hely &#8211; Bronz\u00e9rem<\/span><\/h5>\n<\/td>\n<td style=\"width: 20%;height: 32px;text-align: center\">\u00a0<\/td>\n<\/tr>\n<tr style=\"height: 29px\">\n<td style=\"width: 20%;height: 29px;text-align: center\">\n<h5><span style=\"font-size: 12pt\">R\u00e9pcelak Karate Kupa<\/span><\/h5>\n<\/td>\n<td style=\"width: 27.0564%;height: 29px;text-align: center\">\n<h5><span style=\"font-size: 12pt\">2. hely &#8211; Ez\u00fcst\u00e9rem<\/span><\/h5>\n<\/td>\n<td style=\"width: 20%;height: 29px;text-align: center\">\n<h5><span style=\"font-size: 12pt\"><a href=\"https:\/\/semmelweis.hu\/bokay\/2023\/11\/20\/kimagaslo-sporteredmenyek-a-9-c-ben\/\">Kimagasl\u00f3 sporteredm\u00e9nyek a 9.C-ben \u2013 B\u00f3kay J\u00e1nos T\u00f6bbc\u00e9l\u00fa Szakk\u00e9pz\u0151 Int\u00e9zm\u00e9ny<\/a><\/span><\/h5>\n<\/td>\n<\/tr>\n<tr style=\"height: 29px\">\n<td style=\"width: 20%;height: 29px;text-align: center\">\n<h5><span style=\"font-size: 12pt\">Damashi Osz\u00e1gos Karate Kupa<\/span><\/h5>\n<\/td>\n<td style=\"width: 27.0564%;height: 29px;text-align: center\">\n<h5><span style=\"font-size: 12pt\">3. hely &#8211; Bronz\u00e9rem<\/span><\/h5>\n<\/td>\n<td style=\"width: 20%;height: 29px;text-align: center\">\u00a0<\/td>\n<\/tr>\n<tr style=\"height: 29px\">\n<td style=\"width: 20%;height: 125px;text-align: center\" rowspan=\"4\">\n<h5><span style=\"font-size: 12pt\">J\u00f3n\u00e1s Bence<\/span><\/h5>\n<h5><span style=\"font-size: 12pt\"><em>Shinkyokushinkai Karate<\/em><\/span><\/h5>\n<\/td>\n<td style=\"width: 20%;height: 29px;text-align: center\">\n<h5><span style=\"font-size: 12pt\">Di\u00e1kolimpia<\/span><\/h5>\n<\/td>\n<td style=\"width: 12.9436%;text-align: center;height: 125px\" rowspan=\"4\">\n<h5><span style=\"font-size: 12pt\">10.B<\/span><\/h5>\n<\/td>\n<td style=\"width: 27.0564%;height: 29px;text-align: center\">\n<h5><span style=\"font-size: 12pt\">1. hely &#8211; Arany\u00e9rem<\/span><\/h5>\n<\/td>\n<td style=\"width: 20%;height: 29px;text-align: center\">\n<h5><span style=\"font-size: 12pt\"><a href=\"https:\/\/semmelweis.hu\/bokay\/2024\/05\/07\/diakolimpia-sikerek\/\">Di\u00e1kolimpia sikerek \u2013 B\u00f3kay J\u00e1nos T\u00f6bbc\u00e9l\u00fa Szakk\u00e9pz\u0151 Int\u00e9zm\u00e9ny<\/a><\/span><\/h5>\n<\/td>\n<\/tr>\n<tr style=\"height: 32px\">\n<td style=\"width: 20%;height: 32px;text-align: center\">\n<h5><span style=\"font-size: 12pt\">Magyar bajnoks\u00e1g<\/span><\/h5>\n<\/td>\n<td style=\"width: 27.0564%;height: 32px;text-align: center\">\n<h5><span style=\"font-size: 12pt\">3. hely &#8211; Bronz\u00e9rem<\/span><\/h5>\n<\/td>\n<td style=\"width: 20%;height: 32px;text-align: center\">\u00a0<\/td>\n<\/tr>\n<tr style=\"height: 29px\">\n<td style=\"width: 20%;height: 32px;text-align: center\">\n<h5><span style=\"font-size: 12pt\">Rakurai kupa<\/span><\/h5>\n<\/td>\n<td style=\"width: 27.0564%;height: 32px;text-align: center\">\n<h5><span style=\"font-size: 12pt\">2. hely &#8211; Ez\u00fcst\u00e9rem<\/span><\/h5>\n<\/td>\n<td style=\"width: 20%;height: 32px;text-align: center\">\u00a0<\/td>\n<\/tr>\n<tr style=\"height: 29px\">\n<td style=\"width: 20%;height: 32px;text-align: center\">\n<h5><span style=\"font-size: 12pt\">Di\u00e1kolimpia<\/span><\/h5>\n<\/td>\n<td style=\"width: 27.0564%;height: 32px;text-align: center\">\n<h5><span style=\"font-size: 12pt\">2. hely &#8211; Ez\u00fcst\u00e9rem<\/span><\/h5>\n<\/td>\n<td style=\"width: 20%;height: 32px;text-align: center\">\u00a0<\/td>\n<\/tr>\n<tr style=\"height: 62px\">\n<td style=\"width: 20%;text-align: center;height: 618px\" rowspan=\"9\">\n<h5><span style=\"font-size: 12pt\">K\u00e1ntor Tam\u00e1s<\/span><\/h5>\n<\/td>\n<td style=\"width: 20%;text-align: center;height: 62px\">\n<h5><span style=\"font-size: 12pt\">UF\u00d3 \u00d3csa Fut\u00f3verseny 10,5 km<\/span><\/h5>\n<\/td>\n<td style=\"width: 12.9436%;text-align: center;height: 618px\" rowspan=\"9\">\n<h5><span style=\"font-size: 12pt\">9.B<\/span><\/h5>\n<\/td>\n<td style=\"width: 27.0564%;text-align: center;height: 62px\">\n<h5><span style=\"font-size: 12pt\">1. hely &#8211; Arany\u00e9rem<\/span><\/h5>\n<\/td>\n<td style=\"width: 20%;text-align: center;height: 62px\">\u00a0<\/td>\n<\/tr>\n<tr style=\"height: 62px\">\n<td style=\"width: 20%;text-align: center;height: 62px\">\n<h5><span style=\"font-size: 12pt\">WIZZ AIR Budapest F\u00e9lmaraton 10 km<\/span><\/h5>\n<\/td>\n<td style=\"width: 27.0564%;text-align: center;height: 62px\">\n<h5><span style=\"font-size: 12pt\">1. hely &#8211; Arany\u00e9rem<\/span><\/h5>\n<\/td>\n<td style=\"width: 20%;text-align: center;height: 62px\">\u00a0<\/td>\n<\/tr>\n<tr style=\"height: 92px\">\n<td style=\"width: 20%;text-align: center;height: 92px\">\n<h5><span style=\"font-size: 12pt\">Spar Maraton Fut\u00f3fesztiv\u00e1l Budapest 10+5 km<\/span><\/h5>\n<\/td>\n<td style=\"width: 27.0564%;text-align: center;height: 92px\">\n<h5><span style=\"font-size: 12pt\">2. hely &#8211; Ez\u00fcst\u00e9rem<\/span><\/h5>\n<\/td>\n<td style=\"width: 20%;text-align: center;height: 92px\">\u00a0<\/td>\n<\/tr>\n<tr style=\"height: 62px\">\n<td style=\"width: 20%;text-align: center;height: 62px\">\n<h5><span style=\"font-size: 12pt\">KEK-RUN Budapest 5,5 km<\/span><\/h5>\n<\/td>\n<td style=\"width: 27.0564%;text-align: center;height: 62px\">\n<h5><span style=\"font-size: 12pt\">3. hely &#8211; Bronz\u00e9rem<\/span><\/h5>\n<\/td>\n<td style=\"width: 20%;text-align: center;height: 62px\">\u00a0<\/td>\n<\/tr>\n<tr style=\"height: 62px\">\n<td style=\"width: 20%;text-align: center;height: 62px\">\n<h5><span style=\"font-size: 12pt\">Fuss Neki Fut\u00f3fesztiv\u00e1l Balatonlelle 10,5 km<\/span><\/h5>\n<\/td>\n<td style=\"width: 27.0564%;text-align: center;height: 62px\">\n<h5><span style=\"font-size: 12pt\">3. hely &#8211; Bronz\u00e9rem<\/span><\/h5>\n<\/td>\n<td style=\"width: 20%;text-align: center;height: 62px\">\u00a0<\/td>\n<\/tr>\n<tr style=\"height: 62px\">\n<td style=\"width: 20%;text-align: center;height: 62px\">\n<h5><span style=\"font-size: 12pt\">Telekom Vivicitta fut\u00f3verseny 10 km<\/span><\/h5>\n<\/td>\n<td style=\"width: 27.0564%;text-align: center;height: 62px\">\n<h5><span style=\"font-size: 12pt\">1. (absz.19.)<\/span><\/h5>\n<\/td>\n<td style=\"width: 20%;text-align: center;height: 62px\">\u00a0<\/td>\n<\/tr>\n<tr style=\"height: 92px\">\n<td style=\"width: 20%;text-align: center;height: 92px\">\n<h5><span style=\"font-size: 12pt\">\u201e20 \u00e9v-20km EU Fut\u00f3verseny Budapest 20 km 3 f\u0151s v\u00e1lt<\/span><\/h5>\n<\/td>\n<td style=\"width: 27.0564%;text-align: center;height: 92px\">\n<h5><span style=\"font-size: 12pt\">3.hely &#8211; Bronz\u00e9rem<\/span><\/h5>\n<\/td>\n<td style=\"width: 20%;text-align: center;height: 92px\">\u00a0<\/td>\n<\/tr>\n<tr style=\"height: 62px\">\n<td style=\"width: 20%;text-align: center;height: 62px\">\n<h5><span style=\"font-size: 12pt\">Gy\u00e1li Fut\u00f3verseny 6 \u00e9s 3 km<\/span><\/h5>\n<\/td>\n<td style=\"width: 27.0564%;text-align: center;height: 62px\">\n<h5><span style=\"font-size: 12pt\">1. hely\u00a0 &#8211; Arany\u00e9rem<\/span><\/h5>\n<\/td>\n<td style=\"width: 20%;text-align: center;height: 62px\">\u00a0<\/td>\n<\/tr>\n<tr style=\"height: 62px\">\n<td style=\"width: 20%;text-align: center;height: 62px\">\n<h5><span style=\"font-size: 12pt\">8km a 8. ker\u00fcletben 8 km<\/span><\/h5>\n<\/td>\n<td style=\"width: 27.0564%;text-align: center;height: 62px\">\n<h5><span style=\"font-size: 12pt\">2.hely &#8211; Ez\u00fcst\u00e9rem<\/span><\/h5>\n<\/td>\n<td style=\"width: 20%;text-align: center;height: 62px\">\u00a0<\/td>\n<\/tr>\n<tr style=\"height: 32px\">\n<td style=\"width: 20%;text-align: center;height: 32px\">\u00a0<\/td>\n<td style=\"width: 20%;text-align: center;height: 32px\">\u00a0<\/td>\n<td style=\"width: 12.9436%;text-align: center;height: 32px\">\u00a0<\/td>\n<td style=\"width: 27.0564%;text-align: center;height: 32px\">\u00a0<\/td>\n<td style=\"width: 20%;text-align: center;height: 32px\">\u00a0<\/td>\n<\/tr>\n<tr style=\"height: 152px\">\n<td style=\"width: 20%;height: 152px;text-align: center\">\n<h5><span style=\"font-size: 12pt\"><strong><em><span style=\"color: #0000ff\">Ligandum<\/span><\/em><\/strong>: <\/span><\/h5>\n<h5><span style=\"font-size: 12pt\">Balogh Anik\u00f3 Izabella, <\/span><\/h5>\n<h5><span style=\"font-size: 12pt\">Kocz\u00f3 Vivien, <\/span><\/h5>\n<h5><span style=\"font-size: 12pt\">N\u00e9d\u00f3 Melani<\/span><\/h5>\n<\/td>\n<td style=\"width: 20%;height: 152px;text-align: center\">\n<h5><span style=\"font-size: 12pt\">Orsz\u00e1gos Csecsem\u0151-\u00e9s Kisdedgondoz\u00f3 Verseny F\u0151v\u00e1rosi Fordul\u00f3<\/span><\/h5>\n<\/td>\n<td style=\"width: 12.9436%;text-align: center;height: 152px\">\n<h5><span style=\"font-size: 12pt\">11.F<\/span><\/h5>\n<\/td>\n<td style=\"width: 27.0564%;height: 152px;text-align: center\">\n<h5><span style=\"font-size: 12pt\">Ez\u00fcst fokozat<\/span><\/h5>\n<\/td>\n<td style=\"width: 20%;height: 152px;text-align: center\">\n<h5><span style=\"font-size: 12pt\"><a href=\"https:\/\/semmelweis.hu\/bokay\/2024\/04\/28\/orszagos-csecsemo-es-kisdedgondozo-verseny-fovarosi-fordulo\/\">Orsz\u00e1gos Csecsem\u0151- \u00e9s Kisdedgondoz\u00f3 Verseny F\u0151v\u00e1rosi Fordul\u00f3 \u2013 B\u00f3kay J\u00e1nos T\u00f6bbc\u00e9l\u00fa Szakk\u00e9pz\u0151 Int\u00e9zm\u00e9ny<\/a><\/span><\/h5>\n<\/td>\n<\/tr>\n<tr>\n<td style=\"width: 20%;text-align: center\">\n<h5><span style=\"font-size: 12pt\">Ol\u00e1h Bogl\u00e1rka<strong><em><span style=\"color: #0000ff\"><br \/>\n<\/span><\/em><\/strong><\/span><\/h5>\n<\/td>\n<td style=\"width: 20%;text-align: center\">\n<h5><span style=\"font-size: 12pt\">Fenntrathat\u00f3s\u00e1gi T\u00e9mah\u00e1z &#8211; Ne d\u00f6lj be!<\/span><\/h5>\n<\/td>\n<td style=\"width: 12.9436%;text-align: center\">\n<h5><span style=\"font-size: 12pt\">9.A<\/span><\/h5>\n<\/td>\n<td style=\"width: 27.0564%;text-align: center\">\n<h5><span style=\"font-size: 12pt\">2. hely<\/span><\/h5>\n<\/td>\n<td style=\"width: 20%;text-align: center\">\u00a0<\/td>\n<\/tr>\n<tr style=\"height: 32px\">\n<td style=\"width: 20%;height: 32px;text-align: center\">\n<h5><span style=\"font-size: 12pt\">Rendes Zs\u00f3fia<\/span><\/h5>\n<h5><span style=\"font-size: 12pt\"><em>D\u00edjugart\u00e1s<\/em><\/span><\/h5>\n<\/td>\n<td style=\"width: 20%;height: 32px;text-align: center\">\n<h5><span style=\"font-size: 12pt\">D\u00edjugrat\u00f3 verseny &#8211; Magl\u00f3d<\/span><\/h5>\n<\/td>\n<td style=\"width: 12.9436%;height: 32px;text-align: center\">\n<h5><span style=\"font-size: 12pt\">10.B\u00a0<\/span><\/h5>\n<\/td>\n<td style=\"width: 27.0564%;height: 32px;text-align: center\">\n<h5><span style=\"font-size: 12pt\">IV. hely<\/span><\/h5>\n<\/td>\n<td style=\"width: 20%;height: 32px;text-align: center\">\n<h5><span style=\"font-size: 12pt\"><a href=\"https:\/\/semmelweis.hu\/bokay\/2024\/06\/03\/dijugrato-sikerek\/\">D\u00edjugrat\u00f3 sikerek \u2013 B\u00f3kay J\u00e1nos T\u00f6bbc\u00e9l\u00fa Szakk\u00e9pz\u0151 Int\u00e9zm\u00e9ny<\/a><\/span><\/h5>\n<\/td>\n<\/tr>\n<tr style=\"height: 32px\">\n<td style=\"width: 20%;height: 32px;text-align: center\">\u00a0<\/td>\n<td style=\"width: 20%;height: 32px;text-align: center\">\u00a0<\/td>\n<td style=\"width: 12.9436%;height: 32px;text-align: center\">\u00a0<\/td>\n<td style=\"width: 27.0564%;height: 32px;text-align: center\">\u00a0<\/td>\n<td style=\"width: 20%;height: 32px;text-align: center\">\u00a0<\/td>\n<\/tr>\n<tr style=\"height: 32px\">\n<td style=\"width: 20%;height: 32px;text-align: center\">\u00a0<\/td>\n<td style=\"width: 20%;height: 32px;text-align: center\">\u00a0<\/td>\n<td style=\"width: 12.9436%;height: 32px;text-align: center\">\u00a0<\/td>\n<td style=\"width: 27.0564%;height: 32px;text-align: center\">\u00a0<\/td>\n<td style=\"width: 20%;height: 32px;text-align: center\">\u00a0<\/td>\n<\/tr>\n<\/tbody>\n<\/table>\n<h5>\u00a0<\/h5>\n<h5><span style=\"font-size: 12pt\">Balla Ferenc 11.B oszt\u00e1lyos tanul\u00f3nk csapatt\u00e1rsaival 7 \u00e9v ut\u00e1n megnyert\u00e9k a Komj\u00e1di kup\u00e1t, amely az egyik legrangosabb kupa.<\/span><\/h5>\n<h5><span style=\"font-size: 12pt\">Gratul\u00e1lunk!<\/span><\/h5>\n<h5><span style=\"font-size: 12pt\"><img loading=\"lazy\" decoding=\"async\" class=\"size-medium wp-image-5086 aligncenter\" src=\"https:\/\/semmelweis.hu\/bokay\/files\/2023\/04\/328339239_4853946402-400x266.jpg\" alt=\"\" width=\"400\" height=\"266\" srcset=\"https:\/\/semmelweis.hu\/bokay\/files\/2023\/04\/328339239_4853946402-400x266.jpg 400w, https:\/\/semmelweis.hu\/bokay\/files\/2023\/04\/328339239_4853946402-1024x682.jpg 1024w, https:\/\/semmelweis.hu\/bokay\/files\/2023\/04\/328339239_4853946402-768x512.jpg 768w, https:\/\/semmelweis.hu\/bokay\/files\/2023\/04\/328339239_4853946402-753x502.jpg 753w, https:\/\/semmelweis.hu\/bokay\/files\/2023\/04\/328339239_4853946402-203x135.jpg 203w, https:\/\/semmelweis.hu\/bokay\/files\/2023\/04\/328339239_4853946402.jpg 1198w\" sizes=\"auto, (max-width: 400px) 100vw, 400px\" \/><\/span><\/h5>\n<h5>\u00a0<\/h5>\n<h5>\u00a0<\/h5>\n<p><figure id=\"attachment_466\" aria-describedby=\"caption-attachment-466\" style=\"width: 801px\" class=\"wp-caption alignnone\"><a href=\"https:\/\/semmelweis.hu\/bokay\/files\/2019\/07\/image-8.png\"><img loading=\"lazy\" decoding=\"async\" class=\"wp-image-466\" src=\"\/bokay\/files\/2019\/07\/image-8.png\" alt=\"\" width=\"801\" height=\"534\" srcset=\"https:\/\/semmelweis.hu\/bokay\/files\/2019\/07\/image-8.png 801w, https:\/\/semmelweis.hu\/bokay\/files\/2019\/07\/image-8-400x267.png 400w, https:\/\/semmelweis.hu\/bokay\/files\/2019\/07\/image-8-768x512.png 768w, https:\/\/semmelweis.hu\/bokay\/files\/2019\/07\/image-8-753x502.png 753w, https:\/\/semmelweis.hu\/bokay\/files\/2019\/07\/image-8-203x135.png 203w\" sizes=\"auto, (max-width: 801px) 100vw, 801px\" \/><\/a><figcaption id=\"caption-attachment-466\" class=\"wp-caption-text\"><span style=\"font-size: 12pt\">OTDK, Ny\u00edregyh\u00e1za<\/span><\/figcaption><\/figure> <figure id=\"attachment_465\" aria-describedby=\"caption-attachment-465\" style=\"width: 899px\" class=\"wp-caption alignnone\"><a href=\"https:\/\/semmelweis.hu\/bokay\/files\/2019\/07\/image-7.png\"><img loading=\"lazy\" decoding=\"async\" class=\"wp-image-465\" src=\"\/bokay\/files\/2019\/07\/image-7.png\" alt=\"\" width=\"899\" height=\"506\" srcset=\"https:\/\/semmelweis.hu\/bokay\/files\/2019\/07\/image-7.png 899w, https:\/\/semmelweis.hu\/bokay\/files\/2019\/07\/image-7-400x225.png 400w, https:\/\/semmelweis.hu\/bokay\/files\/2019\/07\/image-7-768x432.png 768w, https:\/\/semmelweis.hu\/bokay\/files\/2019\/07\/image-7-753x424.png 753w\" sizes=\"auto, (max-width: 899px) 100vw, 899px\" \/><\/a><figcaption id=\"caption-attachment-465\" class=\"wp-caption-text\"><span style=\"font-size: 12pt\">Read, write and performe: 3. helyez\u00e9s<\/span><\/figcaption><\/figure><\/p>\n<h5>\u00a0<\/h5>\n<h5><span style=\"font-size: 12pt\"><strong>T\u00f3th Eszter 11 C<\/strong>\u00a0oszt\u00e1lyos tanul\u00f3nk p\u00e1lyamunk\u00e1j\u00e1val beker\u00fclt a <\/span><br \/>\n<span style=\"font-size: 12pt\"><em> <strong>XXXIV. Egyetemi Tudom\u00e1nyos Di\u00e1kk\u00f6ri Konferenci\u00e1ra<\/strong> <\/em>\u00a0el\u0151ad\u00f3k\u00e9nt.<\/span><\/h5>\n<h5><span style=\"font-size: 12pt\"><strong>Ter\u00fcleti katasztr\u00f3fav\u00e9delmi verseny: 1. helyez\u00e9s <\/p>\n<p>Megyei katasztr\u00f3fav\u00e9delmi verseny: 4. helyez\u00e9s <\/strong><\/span><\/h5>\n<h5><span style=\"font-size: 12pt\">Felk\u00e9sz\u00edt\u0151 tan\u00e1r:\u00a0 <strong>Szekercz\u00e9s Norbert<\/strong><\/span><\/h5>\n<h5><span style=\"font-size: 12pt\"><strong>Szab\u00f3 B\u00e1lint<\/strong>\u00a012.a oszt\u00e1lyos tanul\u00f3 az Erzs\u00e9bet kir\u00e1lyn\u00e9 k\u00f6z\u00e9piskolai szaval\u00f3versenyen m\u00e1sodik helyez\u00e9st \u00e9rt el. Felk\u00e9sz\u00edt\u0151 tan\u00e1r:\u00a0Kir\u00e1lyn\u00e9 Moln\u00e1r Emese<\/span><\/h5>\n<p><span style=\"font-size: 12pt\">Az orsz\u00e1gos Kossuth Zsuzsanna Eml\u00e9kverseny d\u00f6nt\u0151j\u00e9n, 2017. december 1-j\u00e9n a BVHSZC B\u00f3kay J\u00e1nos Szakgimn\u00e1ziuma csapata v\u00e9gzett az \u00e9len. <\/span><br \/>\n<span style=\"font-size: 12pt\">A h\u00e1romfordul\u00f3s versenyen 17 szakk\u00e9pz\u00e9si centrum tanul\u00f3i vettek r\u00e9szt, kieg\u00e9sz\u00fclve nyolcadik oszt\u00e1lyos csapattagokkal.\u00a0 <\/span><br \/>\n<span style=\"font-size: 12pt\">A csapat tagjai:\u00a0 <strong>Andr\u00e1si Edina, Orb\u00e1n P\u00e9ter, Prib\u00e9k Istv\u00e1n, Toront\u00e1li Emese, Wootsch Bence, Szentj\u00e1nosi Anna.<\/strong> <\/span><br \/>\n<span style=\"font-size: 12pt\">felk\u00e9sz\u00edt\u0151 tan\u00e1r:\u00a0Rad\u00e1csi Zsuzsanna. <\/span><br \/>\n<span style=\"font-size: 12pt\">Gratul\u00e1lunk!<\/span><\/p>\n<h5><span style=\"font-size: 12pt\">2018. m\u00e1rcius 26-27-\u00e9n ker\u00fclt sor a XXI. Orsz\u00e1gos Eg\u00e9szs\u00e9g\u00fcgyi \u00e9s Szoci\u00e1lis Tudom\u00e1nyos Di\u00e1kkonferenci\u00e1ra a V\u00e1ci Szakk\u00e9pz\u00e9si Centrum Selye J\u00e1nos Eg\u00e9szs\u00e9g\u00fcgyi \u00e9s Szoci\u00e1lis Szakk\u00e9pz\u0151 Iskol\u00e1ja rendez\u00e9s\u00e9ben. A konferenci\u00e1ra val\u00f3 bejut\u00e1s felt\u00e9tele egy ki\u00edr\u00e1snak megfelel\u0151 szempont alapj\u00e1n k\u00e9sz\u00fclt p\u00e1lyam\u0171 elk\u00e9sz\u00edt\u00e9se volt. A f\u00fcggetlen szak\u00e9rt\u0151kb\u0151l \u00e1ll\u00f3 bizotts\u00e1g tagjai 22 eg\u00e9szs\u00e9g\u00fcgyi, 7 szoci\u00e1lis t\u00e9m\u00e1j\u00fa p\u00e1lyamunk\u00e1t v\u00e1lasztottak be az el\u0151ad\u00e1sra \u00e9rdemesek k\u00f6z\u00e9.\u00a0<\/span><\/h5>\n<h5><span style=\"font-size: 12pt\">Iskol\u00e1nk n\u00e9gy p\u00e1ly\u00e1z\u00f3ja k\u00f6z\u00fcl kett\u0151 anyag ker\u00fclt elfogad\u00e1sra:<\/span><\/h5>\n<h5><span style=\"font-size: 12pt\"><strong>T\u00f3th Eszter<\/strong>\u00a0(10. C.) \u201eM\u00e1sodik es\u00e9ly\u201d \u2013 \u00e9let a transzplant\u00e1ci\u00f3 ut\u00e1n, avagy\u00a0 <strong>\u201eEgy l\u00e9lekben k\u00e9t test\u2026\u201d<\/strong>(Felk\u00e9sz\u00edt\u0151: Bajzi Roz\u00e1lia), \u00e9s\u00a0 <strong>Andr\u00e1si Edina<\/strong>\u00a0(12.C.) Harc a f\u00fcsttel, avagy\u00a0 <strong>\u201eSaj\u00e1t kutat\u00e1s a doh\u00e1nyz\u00e1si szok\u00e1sokr\u00f3l egy f\u0151v\u00e1rosi szakgimn\u00e1ziumban\u201d<\/strong>\u00a0c\u00edmmel (Felk\u00e9sz\u00edt\u0151: Rad\u00e1csi Zsuzsanna).<\/span><\/h5>\n<h5><span style=\"font-size: 12pt\"><strong>T\u00d3TH ESZTER EL\u0150AD\u00c1S\u00c1VAL A II. HELYEZ\u00c9ST \u00c9RTE EL. GRATUL\u00c1LUNK A VERSENYZ\u0150KNEK \u00c9S FELK\u00c9SZ\u00cdT\u0150 TAN\u00c1RAIKNAK!<\/strong><\/span><\/h5>\n<p><span style=\"font-size: 12pt\">A V\u00d6R\u00d6SKERESZT K\u00d6Z\u00c9P-BUDAPESTI ELS\u0150SEG\u00c9LYNY\u00daJT\u00d3 VERSENY ter\u00fcleti fordul\u00f3j\u00e1n iskol\u00e1nk, a BVHSZC B\u00f3kay J\u00e1nos Szakgimn\u00e1ziuma els\u0151seg\u00e9lyny\u00fajt\u00f3 szakk\u00f6r\u00e9nek tanul\u00f3i \u00e9s tan\u00e1rai 80% f\u00f6l\u00f6tti teljes\u00edtm\u00e9nyt \u00e9rtek el, \u00edgy aranyfokozat\u00fa elismer\u00e9st kaptak.\u00a0 <\/span><br \/>\n<span style=\"font-size: 12pt\">Felk\u00e9sz\u00edt\u0151 tan\u00e1r: Hegyin\u00e9 Laczk\u00f3 Judit.\u00a0<\/span><\/p>\n<h5><span style=\"font-size: 12pt\"><strong>Di\u00e1k olimpia: N\u0151i r\u00f6plabda VI. korcsoport<\/strong><\/span><\/h5>\n<h5><span style=\"font-size: 12pt\"><strong>Helysz\u00edn:<\/strong>\u00a0Szent L\u00e1szl\u00f3 Gimn\u00e1zium <\/span><br \/>\n<span style=\"font-size: 12pt\"><strong>Id\u0151pont:<\/strong>\u00a02018. 02.27 , 2018. 03.03<\/span><\/h5>\n<h5><span style=\"font-size: 12pt\"><strong>A csapat tagjai:<\/strong> <\/span><br \/>\n<span style=\"font-size: 12pt\">Odor Fanni 13. E <\/span><br \/>\n<span style=\"font-size: 12pt\">Cseh \u00c9va13. E <\/span><br \/>\n<span style=\"font-size: 12pt\">Ger\u00f6ly S\u00e1ra 14. E <\/span><br \/>\n<span style=\"font-size: 12pt\">Szarka Alexandra 11A <\/span><br \/>\n<span style=\"font-size: 12pt\">De\u00e1k J\u00falianna 11A <\/span><br \/>\n<span style=\"font-size: 12pt\">Heged\u0171s Nikoletta 11B <\/span><br \/>\n<span style=\"font-size: 12pt\">Horv\u00e1th Orsolya 11.B <\/span><br \/>\n<span style=\"font-size: 12pt\">Eredm\u00e9ny: 13. helyez\u00e9s <\/span><br \/>\n<span style=\"font-size: 12pt\"><strong>K\u00eds\u00e9r\u0151 Tan\u00e1r: Rozsnyay Katalin<\/strong><\/span><\/h5>\n<h5><span style=\"font-size: 12pt\"><strong>D\u00e9l-Pesti Region\u00e1lis Megh\u00edv\u00e1sos R\u00f6plabda torna<\/strong><\/span><\/h5>\n<h5><span style=\"font-size: 12pt\"><strong>D\u00e1tum:<\/strong>\u00a02018.03.21.14h-18h-ig <\/span><br \/>\n<span style=\"font-size: 12pt\"><strong>Helysz\u00edn:<\/strong>\u00a0K\u00e1rolyi Mih\u00e1ly Gimn\u00e1zium<\/span><\/h5>\n<h5><span style=\"font-size: 12pt\"><strong>Le\u00e1ny r\u00f6plabda csapat tagjai:<\/strong> <\/span><br \/>\n<span style=\"font-size: 12pt\">Odor Fanni 13.E <\/span><br \/>\n<span style=\"font-size: 12pt\">Cseh \u00c9va13.E <\/span><br \/>\n<span style=\"font-size: 12pt\">Ger\u00f6ly S\u00e1ra 14.E <\/span><br \/>\n<span style=\"font-size: 12pt\">Szarka a Alexandra 11.A <\/span><br \/>\n<span style=\"font-size: 12pt\">De\u00e1k J\u00falianna 11.A <\/span><br \/>\n<span style=\"font-size: 12pt\">Heged\u0171s Nikoletta 11.B <\/span><br \/>\n<span style=\"font-size: 12pt\">Horv\u00e1th Orsolya 11.B <\/span><br \/>\n<span style=\"font-size: 12pt\">Eredm\u00e9ny: 6. helyez\u00e9s <\/span><br \/>\n<span style=\"font-size: 12pt\"><strong>K\u00eds\u00e9r\u0151 Tan\u00e1r: Rozsnyay Katalin<\/strong><\/span><\/h5>\n<h5><span style=\"font-size: 12pt\">&#8212;&#8212;&#8212;&#8212;&#8212;&#8212;&#8212;&#8212;&#8212;&#8212;&#8212;&#8212;&#8212;&#8212;&#8212;&#8212;&#8212;&#8212;&#8212;&#8212;&#8212;&#8211;<\/span><\/h5>\n<h5><span style=\"font-size: 12pt\"><strong>D\u00e9l-Pesti K\u00f6z\u00e9piskol\u00e1s Megh\u00edv\u00e1sos R\u00f6plabda Torna<\/strong><\/span><\/h5>\n<h5><span style=\"font-size: 12pt\"><strong>Id\u0151pont:<\/strong>\u00a02017.November13. (13-19h-ig)<\/span><\/h5>\n<h5><span style=\"font-size: 12pt\"><strong>Helysz\u00edn:<\/strong>\u00a0Ganz \u00c1brah\u00e1m SZKI. (XIX. ker. \u00dcll\u0151i \u00fat 270.)<\/span><\/h5>\n<h5><span style=\"font-size: 12pt\"><strong>Fi\u00fa r\u00f6plabda csapat tagjai:<\/strong> <\/span><br \/>\n<span style=\"font-size: 12pt\">Kov\u00e1cs Keve 13. E <\/span><br \/>\n<span style=\"font-size: 12pt\">Blaknik Oliv\u00e9r13. E <\/span><br \/>\n<span style=\"font-size: 12pt\">T\u00f3th \u00c1d\u00e1m 13. E <\/span><br \/>\n<span style=\"font-size: 12pt\">Lakits M\u00e1rton 13.E\u00a0 <\/span><br \/>\n<span style=\"font-size: 12pt\">Kov\u00e1cs Keve 13. E <\/span><br \/>\n<span style=\"font-size: 12pt\">Nagy Dominik 13. E <\/span><br \/>\n<span style=\"font-size: 12pt\">Majercsik J\u00e1nos 12. A\u00a0 <\/span><br \/>\n<span style=\"font-size: 12pt\">Pint\u00e9r\u00a0 Tam\u00e1s 12. B <\/span><br \/>\n<span style=\"font-size: 12pt\">Wittman \u00c1d\u00e1m 11.A <\/span><br \/>\n<span style=\"font-size: 12pt\">Eredm\u00e9ny:7. hely<\/span><\/h5>\n<h5><span style=\"font-size: 12pt\">K\u00eds\u00e9r\u0151 tan\u00e1r: Rozsnyay Katalin<\/span><\/h5>\n<h5><span style=\"font-size: 12pt\">&#8212;&#8212;&#8212;&#8212;&#8212;&#8212;&#8212;&#8212;&#8212;&#8212;&#8212;&#8212;&#8212;&#8212;&#8212;&#8212;&#8212;&#8212;&#8212;&#8212;&#8212;&#8211;<\/span><\/h5>\n<h5><span style=\"font-size: 12pt\"><strong>D\u00e9l-Pesti K\u00f6z\u00e9piskol\u00e1s Megh\u00edv\u00e1sos R\u00f6plabda Torna<\/strong><\/span><\/h5>\n<h5><span style=\"font-size: 12pt\"><strong>Id\u0151pont:<\/strong>\u00a02017.November15. (16-20h-ig) <\/span><br \/>\n<span style=\"font-size: 12pt\"><strong>Helysz\u00edn:<\/strong>\u00a0K\u00e1rolyi Mih\u00e1ly gimn\u00e1zium (XIX. ker. Simonyi Zsigmond. u. 33.)<\/span><\/h5>\n<h5><span style=\"font-size: 12pt\"><strong>Vegyes r\u00f6plabda csapat tagjai:<\/strong> <\/span><br \/>\n<span style=\"font-size: 12pt\">Cseh \u00c9va 13. E <\/span><br \/>\n<span style=\"font-size: 12pt\">Odor Fanni 13. E <\/span><br \/>\n<span style=\"font-size: 12pt\">Horv\u00e1h Orsolya 11. B <\/span><br \/>\n<span style=\"font-size: 12pt\">Heged\u0171s Nikolett 11. B <\/span><br \/>\n<span style=\"font-size: 12pt\">Lakits M\u00e1rton 13. E <\/span><br \/>\n<span style=\"font-size: 12pt\">Nagy Dominik 13. E <\/span><br \/>\n<span style=\"font-size: 12pt\">Majercsik J\u00e1nos 12. A <\/span><br \/>\n<span style=\"font-size: 12pt\">Witmann \u00c1d\u00e1m 11. A) <\/span><br \/>\n<span style=\"font-size: 12pt\">Kov\u00e1cs Keve13. E\u00a0<\/span><\/h5>\n<h5><span style=\"font-size: 12pt\"><strong>Helysz\u00edn:<\/strong>\u00a0Szent L\u00e1szl\u00f3 Gimn\u00e1zium<\/span><\/h5>\n<h5><span style=\"font-size: 12pt\"><strong>Le\u00e1ny r\u00f6plabda VI. korcsoport<\/strong>\u00a0(Z\u00e1rt csoport)<\/span><\/h5>\n<h5><span style=\"font-size: 12pt\"><strong>Le\u00e1ny r\u00f6plabda csapat tagjai:<\/strong> <\/span><br \/>\n<span style=\"font-size: 12pt\">Ger\u00f6ly S\u00e1ra 14. E <\/span><br \/>\n<span style=\"font-size: 12pt\">Cseh \u00c9va 13. E <\/span><br \/>\n<span style=\"font-size: 12pt\">Odor Fanni 13. E <\/span><br \/>\n<span style=\"font-size: 12pt\">Ulrich R\u00e9ka 12. C <\/span><br \/>\n<span style=\"font-size: 12pt\">De\u00e1k Julianna 11. A <\/span><br \/>\n<span style=\"font-size: 12pt\">Szarka\u00a0 Alexandra 11. A <\/span><br \/>\n<span style=\"font-size: 12pt\">Horv\u00e1th Orsolya 11. B <\/span><br \/>\n<span style=\"font-size: 12pt\">Heged\u0171s Nikoletta 11. B<\/span><\/h5>\n<h5><span style=\"font-size: 12pt\">K\u00eds\u00e9r\u0151 tan\u00e1r: Rozsnyay Katalin<\/span><\/h5>\n<h5><span style=\"font-size: 12pt\">&#8212;&#8212;&#8212;&#8212;&#8212;&#8212;&#8212;&#8212;&#8212;&#8212;&#8212;&#8212;&#8212;&#8212;&#8212;&#8212;&#8212;&#8212;&#8212;&#8212;&#8212;&#8211;<\/span><\/h5>\n<h5><span style=\"font-size: 12pt\"><strong>Centrum Futsal<\/strong><\/span><\/h5>\n<h5><span style=\"font-size: 12pt\">Pest megyei d\u00f6nt\u0151:<\/span><\/h5>\n<h5><span style=\"font-size: 12pt\"><strong>K\u00f6rzeti Tagint\u00e9zm\u00e9nyi torn\u00e1k d\u00f6nt\u0151je (Egy Centrum tagint\u00e9zm\u00e9nyei k\u00f6z\u00f6tti fordul\u00f3k 2016.november 20- 2017. febru\u00e1r 20.)<\/strong> <\/span><br \/>\n<span style=\"font-size: 12pt\">Fi\u00fa: V \u2013 VI. korcsoport\u00a0<\/span><\/h5>\n<h5><span style=\"font-size: 12pt\"><strong>Id\u0151pont:<\/strong>\u00a02018.janu\u00e1r 6-\u00e1n (szombat) 8.00- \u00e9s kb. 16.00<\/span><\/h5>\n<h5><span style=\"font-size: 12pt\"><strong>Helysz\u00edn:<\/strong>\u00a0BVHSZC Dobos C. J\u00f3zsef Szakk\u00e9pz\u0151 Iskol\u00e1ja\u00a0<\/span><\/h5>\n<h5><span style=\"font-size: 12pt\"><strong>Csapat tagjai:<\/strong> <\/span><br \/>\n<span style=\"font-size: 12pt\">Margitfalvi Oliv\u00e9r 10.C <\/span><br \/>\n<span style=\"font-size: 12pt\">M\u00f3cz\u00e1rB\u00e1lint 10.A <\/span><br \/>\n<span style=\"font-size: 12pt\">Benedek D\u00e1vid 10.B <\/span><br \/>\n<span style=\"font-size: 12pt\">Matmound Zidane Khaleel 9.Kny <\/span><br \/>\n<span style=\"font-size: 12pt\">Ghazi Feisal Rabye 9.Kny<\/span><\/h5>\n<h5><span style=\"font-size: 12pt\"><strong>Eredm\u00e9ny:5. hely\u00a0<\/strong><\/span><\/h5>\n<h5><span style=\"font-size: 12pt\">K\u00eds\u00e9r\u0151 tan\u00e1r: Gy\u00fcrky G\u00e1bor, Rozsnyay Katalin<\/span><\/h5>\n","protected":false},"excerpt":{"rendered":"<p>Tan\u00e9v \u00a0 2025\/2026 \u00a0 \u00a0 \u00a0 R\u00e9sztvev\u0151 tanul\u00f3k \u00a0 Verseny megnevez\u00e9se oszt\u00e1ly eredm\u00e9ny \u00a0 Basch Regina, Madura Anaszt\u00e1zia, R\u00e9dlinger Anna, Veres \u00c9va J\u00falia \u00a0 Krimit? tud 12.C 2. hely <a href=\"https:\/\/semmelweis.hu\/bokay\/2025\/10\/03\/krimit-tud-2-helyezes\/\">Krimit tud? 2. helyez\u00e9s \u2013 B\u00f3kay J\u00e1nos T\u00f6bbc\u00e9l\u00fa Szakk\u00e9pz\u0151 Int\u00e9zm\u00e9ny<\/a> Bene R\u00e9ka Vikt\u00f3ria \u00a0 III. Budapest L\u00e9gtorna Fesztiv\u00e1l 11.A 2. hely <a href=\"https:\/\/semmelweis.hu\/bokay\/2026\/03\/22\/ii-helyezes-a-budapest-legtorna-fesztivalon\/\">II. helyez\u00e9s a Budapest L\u00e9gtorna Fesztiv\u00e1lon \u2013 B\u00f3kay J\u00e1nos T\u00f6bbc\u00e9l\u00fa Szakk\u00e9pz\u0151 Int\u00e9zm\u00e9ny<\/a> B\u00e9res Zs\u00f3fia \u00a0 U20 Atl\u00e9tikai Magyar Bajnoks\u00e1g 12.B\u00a0 3. hely Bronz\u00e9rem <a href=\"https:\/\/semmelweis.hu\/bokay\/2026\/02\/23\/elkepeszto-btonzerem-az-u20-as-noi-rudugrasban\/\">Leny\u0171g\u00f6z\u0151 bronz\u00e9rem az U20-as n\u0151i r\u00fadugr\u00e1sban \u2013 B\u00f3kay J\u00e1nos T\u00f6bbc\u00e9l\u00fa Szakk\u00e9pz\u0151 Int\u00e9zm\u00e9ny<\/a> Buglavecz J\u00e1zmin Forg\u00f3 Vanda &hellip;<\/p>\n","protected":false},"author":101845,"featured_media":0,"parent":31,"menu_order":4,"comment_status":"closed","ping_status":"closed","template":"","meta":{"_acf_changed":false,"footnotes":""},"categories":[],"tags":[],"class_list":["post-141","page","type-page","status-publish","hentry"],"acf":[],"_links":{"self":[{"href":"https:\/\/semmelweis.hu\/bokay\/wp-json\/wp\/v2\/pages\/141","targetHints":{"allow":["GET"]}}],"collection":[{"href":"https:\/\/semmelweis.hu\/bokay\/wp-json\/wp\/v2\/pages"}],"about":[{"href":"https:\/\/semmelweis.hu\/bokay\/wp-json\/wp\/v2\/types\/page"}],"author":[{"embeddable":true,"href":"https:\/\/semmelweis.hu\/bokay\/wp-json\/wp\/v2\/users\/101845"}],"replies":[{"embeddable":true,"href":"https:\/\/semmelweis.hu\/bokay\/wp-json\/wp\/v2\/comments?post=141"}],"version-history":[{"count":12,"href":"https:\/\/semmelweis.hu\/bokay\/wp-json\/wp\/v2\/pages\/141\/revisions"}],"predecessor-version":[{"id":7879,"href":"https:\/\/semmelweis.hu\/bokay\/wp-json\/wp\/v2\/pages\/141\/revisions\/7879"}],"up":[{"embeddable":true,"href":"https:\/\/semmelweis.hu\/bokay\/wp-json\/wp\/v2\/pages\/31"}],"wp:attachment":[{"href":"https:\/\/semmelweis.hu\/bokay\/wp-json\/wp\/v2\/media?parent=141"}],"wp:term":[{"taxonomy":"category","embeddable":true,"href":"https:\/\/semmelweis.hu\/bokay\/wp-json\/wp\/v2\/categories?post=141"},{"taxonomy":"post_tag","embeddable":true,"href":"https:\/\/semmelweis.hu\/bokay\/wp-json\/wp\/v2\/tags?post=141"}],"curies":[{"name":"wp","href":"https:\/\/api.w.org\/{rel}","templated":true}]}}