{"id":1694,"date":"2021-01-13T19:39:49","date_gmt":"2021-01-13T18:39:49","guid":{"rendered":"https:\/\/semmelweis.hu\/biztonsag\/?page_id=1694"},"modified":"2021-01-13T19:45:57","modified_gmt":"2021-01-13T18:45:57","slug":"tajekoztato-tuzvedelmi-birsagrol","status":"publish","type":"page","link":"https:\/\/semmelweis.hu\/biztonsag\/tajekoztato-tuzvedelmi-birsagrol\/","title":{"rendered":"T\u00e1j\u00e9koztat\u00f3 t\u0171zv\u00e9delmi b\u00edrs\u00e1gr\u00f3l"},"content":{"rendered":"<p style=\"text-align: center\"><strong>T\u00c1J\u00c9KOZTAT\u00d3<\/strong><\/p>\n<p><strong>Tisztelt Szervezeti egys\u00e9g vezet\u0151 Asszony\/\u00dar!<\/strong><\/p>\n<p>A t\u0171z elleni v\u00e9dekez\u00e9sr\u0151l, a m\u0171szaki ment\u00e9sr\u0151l \u00e9s a t\u0171zolt\u00f3s\u00e1gr\u00f3l sz\u00f3l\u00f3 <strong>1996. \u00e9vi XXXI. t\u00f6rv\u00e9ny<\/strong> janu\u00e1r 1-j\u00e9n hat\u00e1lyba l\u00e9pett v\u00e1ltoz\u00e1sa alapj\u00e1n t\u00e1j\u00e9koztatom, hogy k\u00f6zigazgat\u00e1si szab\u00e1lyszeg\u00e9sek miatt indult k\u00f6zigazgat\u00e1si hat\u00f3s\u00e1gi elj\u00e1r\u00e1sokban, a m\u00f3dosul\u00e1soknak megfelel\u0151en t\u00f6bb esetben k\u00f6zigazgat\u00e1si szankci\u00f3k\u00e9nt figyelmeztet\u00e9s nem alkalmazhat\u00f3 a tov\u00e1bbiakban.<\/p>\n<p>A v\u00e1ltoz\u00e1sokkal t\u00f6rv\u00e9nyi szintre emelt\u00e9k azt, amit a t\u0171zv\u00e9delmi hat\u00f3s\u00e1gi feladatokat ell\u00e1t\u00f3 szervezetekr\u0151l, a t\u0171zv\u00e9delmi b\u00edrs\u00e1gr\u00f3l \u00e9s a t\u0171zv\u00e9delemmel foglalkoz\u00f3k k\u00f6telez\u0151 \u00e9let- \u00e9s balesetbiztos\u00edt\u00e1s\u00e1r\u00f3l sz\u00f3l\u00f3 <strong>259\/2011. (XII. 7.) Korm. rendelet<\/strong> is meghat\u00e1roz, miszerint mely szab\u00e1lytalans\u00e1gokn\u00e1l k\u00f6telez\u0151 a t\u0171zv\u00e9delmi b\u00edrs\u00e1g kiszab\u00e1sa. A <strong>259\/2011. (XII. 7.) Korm. rendelet<\/strong> 1. mell\u00e9klete is m\u00f3dosult janu\u00e1r 1-j\u00e9n. Ebben neves\u00edtenek t\u0171zv\u00e9delmi szab\u00e1lytalans\u00e1gokat, \u00e9s hozz\u00e1 tartoz\u00f3an a t\u0171zv\u00e9delmi b\u00edrs\u00e1g legkisebb \u00e9s legnagyobb m\u00e9rt\u00e9k\u00e9t, melyeket az al\u00e1bbi t\u00e1bl\u00e1zat tartalmaz:<\/p>\n<table>\n<tbody>\n<tr>\n<td width=\"548\">\n<p><strong>T\u0171zv\u00e9delmi szab\u00e1lytalans\u00e1g<\/strong><\/p>\n<\/td>\n<td width=\"138\">\n<p><strong>T\u0171zv\u00e9delmi b\u00edrs\u00e1g \u00f6sszege (Ft)<\/strong><\/p>\n<\/td>\n<\/tr>\n<tr>\n<td width=\"548\">\n<p><u>Ki\u00fcr\u00edt\u00e9sre szolg\u00e1l\u00f3 ny\u00edl\u00e1sz\u00e1r\u00f3 lez\u00e1r\u00e1sa<\/u>, \u00fczemszer\u0171 z\u00e1rva tart\u00e1sa a ny\u00edl\u00e1sz\u00e1r\u00f3 v\u00e9szeseti nyithat\u00f3s\u00e1g\u00e1nak biztos\u00edt\u00e1sa n\u00e9lk\u00fcl, ha a ny\u00edl\u00e1sz\u00e1r\u00f3 t\u00f6megtart\u00f3zkod\u00e1sra szolg\u00e1l\u00f3 helyis\u00e9gben tart\u00f3zkod\u00f3k ki\u00fcr\u00edt\u00e9s\u00e9re szolg\u00e1l<\/p>\n<\/td>\n<td width=\"138\">\n<p>40.000 \u2013 1,5 milli\u00f3<\/p>\n<\/td>\n<\/tr>\n<tr>\n<td width=\"548\">\n<p><u>Ki\u00fcr\u00edt\u00e9sre szolg\u00e1l\u00f3 ny\u00edl\u00e1sz\u00e1r\u00f3 lez\u00e1r\u00e1sa<\/u>, \u00fczemszer\u0171 z\u00e1rva tart\u00e1sa a ny\u00edl\u00e1sz\u00e1r\u00f3 v\u00e9szeseti nyithat\u00f3s\u00e1g\u00e1nak biztos\u00edt\u00e1sa n\u00e9lk\u00fcl, az el\u0151z\u0151 pontt\u00f3l elt\u00e9r\u0151 esetben<\/p>\n<\/td>\n<td width=\"138\">\n<p>30.000 \u2013 1,2 milli\u00f3<\/p>\n<\/td>\n<\/tr>\n<tr>\n<td width=\"548\">\n<p>\u00c9p\u00fcletek <u>menek\u00fcl\u00e9si \u00fatvonalain<\/u> \u00e9s azokkal egy l\u00e9gteret alkot\u00f3 helyis\u00e9gr\u00e9szben <u>szab\u00e1lytalan t\u00e1rol\u00e1s<\/u>, a rendeltet\u00e9ssel nem \u00f6sszef\u00fcgg\u0151 elektromos berendez\u00e9s fel\u00fcgyelet n\u00e9lk\u00fcli \u00fczemeltet\u00e9se, tov\u00e1bb\u00e1 a menek\u00fcl\u00e9si \u00fatvonalnak, ki\u00fcr\u00edt\u00e9sre szolg\u00e1l\u00f3 <u>ny\u00edl\u00e1sz\u00e1r\u00f3<\/u> ny\u00edl\u00e1s\u00e1nak a ki\u00fcr\u00edt\u00e9shez sz\u00fcks\u00e9ges \u00e1tbocs\u00e1t\u00f3k\u00e9pess\u00e9g m\u00e9rt\u00e9k\u00e9n t\u00fali <u>lesz\u0171k\u00edt\u00e9se<\/u>, ha a menek\u00fcl\u00e9si \u00fatvonal, a ny\u00edl\u00e1sz\u00e1r\u00f3 t\u00f6megtart\u00f3zkod\u00e1sra szolg\u00e1l\u00f3 helyis\u00e9gben tart\u00f3zkod\u00f3k ki\u00fcr\u00edt\u00e9s\u00e9re szolg\u00e1l<\/p>\n<\/td>\n<td width=\"138\">\n<p>30.000 \u2013 1 milli\u00f3<\/p>\n<\/td>\n<\/tr>\n<tr>\n<td width=\"548\">\n<p>\u00c9p\u00fcletek <u>menek\u00fcl\u00e9si \u00fatvonalain<\/u> \u00e9s azokkal egy l\u00e9gteret alkot\u00f3 helyis\u00e9gr\u00e9szben <u>szab\u00e1lytalan t\u00e1rol\u00e1s<\/u>, a rendeltet\u00e9ssel nem \u00f6sszef\u00fcgg\u0151 elektromos berendez\u00e9s fel\u00fcgyelet n\u00e9lk\u00fcli \u00fczemeltet\u00e9se, tov\u00e1bb\u00e1 a menek\u00fcl\u00e9si \u00fatvonalnak, ki\u00fcr\u00edt\u00e9sre szolg\u00e1l\u00f3 <u>ny\u00edl\u00e1sz\u00e1r\u00f3<\/u> ny\u00edl\u00e1s\u00e1nak a ki\u00fcr\u00edt\u00e9shez sz\u00fcks\u00e9ges \u00e1tbocs\u00e1t\u00f3k\u00e9pess\u00e9g m\u00e9rt\u00e9k\u00e9n t\u00fali <u>lesz\u0171k\u00edt\u00e9se<\/u> az el\u0151z\u0151 pontt\u00f3l elt\u00e9r\u0151 egy\u00e9b esetben<\/p>\n<\/td>\n<td width=\"138\">\n<p>20.000 \u2013 800.000<\/p>\n<\/td>\n<\/tr>\n<tr>\n<td width=\"548\">\n<p>\u00a0<u>T\u0171zolt\u00f3k\u00e9sz\u00fcl\u00e9k karbantart\u00e1s\u00e1nak hi\u00e1nya<\/u> (a vesz\u00e9lyes \u00e1rut sz\u00e1ll\u00edt\u00f3 j\u00e1rm\u0171vek kiv\u00e9tel\u00e9vel) alapkarbantart\u00e1s elmulaszt\u00e1sa eset\u00e9n<\/p>\n<\/td>\n<td width=\"138\">\n<p>10.000 \u2013 30.000<\/p>\n<\/td>\n<\/tr>\n<tr>\n<td width=\"548\">\n<p><u>T\u0171zolt\u00f3k\u00e9sz\u00fcl\u00e9k karbantart\u00e1s\u00e1nak hi\u00e1nya<\/u> (a vesz\u00e9lyes \u00e1rut sz\u00e1ll\u00edt\u00f3 j\u00e1rm\u0171vek kiv\u00e9tel\u00e9vel) k\u00f6z\u00e9p- vagy teljes k\u00f6r\u0171 karbantart\u00e1s elmulaszt\u00e1sa eset\u00e9n<\/p>\n<\/td>\n<td width=\"138\">\n<p>20.000 \u2013 30.000<\/p>\n<\/td>\n<\/tr>\n<\/tbody>\n<\/table>\n<p>A jogszab\u00e1lyi m\u00f3dos\u00edt\u00e1s k\u00f6vetkezt\u00e9ben felh\u00edvom a figyelm\u00e9t, hogy fenti pontok betart\u00e1s\u00e1nak elmulaszt\u00e1sa k\u00f6telez\u0151 t\u0171zv\u00e9delmi b\u00edrs\u00e1got von maga ut\u00e1n, amit a munk\u00e1ltat\u00f3i jogk\u00f6rrel felruh\u00e1zott vezet\u0151 k\u00f6teles megt\u00e9r\u00edteni.<\/p>\n<p>Ennek elker\u00fcl\u00e9se \u00e9rdek\u00e9ben k\u00e9rem, hogy a vezet\u00e9se alatt \u00e1ll\u00f3 Egys\u00e9gben sz\u00edveskedjen int\u00e9zkedni a t\u0171zv\u00e9delmi szab\u00e1lyok folyamatos betart\u00e1s\u00e1r\u00f3l, illetve betartat\u00e1s\u00e1r\u00f3l \u2013 k\u00fcl\u00f6n\u00f6s tekintettel a fenti pontokra, ezzel elker\u00fclve az esetleges hat\u00f3s\u00e1gi ellen\u0151rz\u00e9s sor\u00e1n k\u00f6telez\u0151en kiszaband\u00f3 p\u00e9nzb\u00edrs\u00e1got.<\/p>\n<p>Budapest, 2021. janu\u00e1r 13.<\/p>\n<p><strong>Tisztelettel:<\/strong><strong>\u00a0 \u00a0 \u00a0 \u00a0 \u00a0 \u00a0 \u00a0 \u00a0 \u00a0 \u00a0 \u00a0 \u00a0<\/strong><\/p>\n<p style=\"text-align: center\"><strong>Simon M\u00e1ty\u00e1s<br \/>\n<\/strong>igazgat\u00f3<\/p>\n<p>&nbsp;<\/p>\n<p><a href=\"https:\/\/semmelweis.hu\/biztonsag\/files\/2021\/01\/5173_tajekozattao-tuzvedelmi-birsagrol.pdf\">Eredeti dokumentum let\u00f6lt\u00e9se.<\/a><\/p>\n","protected":false},"excerpt":{"rendered":"<p>T\u00c1J\u00c9KOZTAT\u00d3 Tisztelt Szervezeti egys\u00e9g vezet\u0151 Asszony\/\u00dar! A t\u0171z elleni v\u00e9dekez\u00e9sr\u0151l, a m\u0171szaki ment\u00e9sr\u0151l \u00e9s a t\u0171zolt\u00f3s\u00e1gr\u00f3l sz\u00f3l\u00f3 1996. \u00e9vi XXXI. t\u00f6rv\u00e9ny janu\u00e1r 1-j\u00e9n hat\u00e1lyba l\u00e9pett v\u00e1ltoz\u00e1sa alapj\u00e1n t\u00e1j\u00e9koztatom, hogy k\u00f6zigazgat\u00e1si szab\u00e1lyszeg\u00e9sek miatt indult k\u00f6zigazgat\u00e1si hat\u00f3s\u00e1gi elj\u00e1r\u00e1sokban, a m\u00f3dosul\u00e1soknak megfelel\u0151en t\u00f6bb esetben k\u00f6zigazgat\u00e1si szankci\u00f3k\u00e9nt figyelmeztet\u00e9s nem alkalmazhat\u00f3 a tov\u00e1bbiakban. A v\u00e1ltoz\u00e1sokkal t\u00f6rv\u00e9nyi szintre emelt\u00e9k azt, amit &hellip;<\/p>\n","protected":false},"author":288,"featured_media":0,"parent":0,"menu_order":0,"comment_status":"closed","ping_status":"closed","template":"","meta":{"_acf_changed":false,"footnotes":""},"categories":[],"tags":[],"class_list":["post-1694","page","type-page","status-publish","hentry"],"acf":[],"_links":{"self":[{"href":"https:\/\/semmelweis.hu\/biztonsag\/wp-json\/wp\/v2\/pages\/1694","targetHints":{"allow":["GET"]}}],"collection":[{"href":"https:\/\/semmelweis.hu\/biztonsag\/wp-json\/wp\/v2\/pages"}],"about":[{"href":"https:\/\/semmelweis.hu\/biztonsag\/wp-json\/wp\/v2\/types\/page"}],"author":[{"embeddable":true,"href":"https:\/\/semmelweis.hu\/biztonsag\/wp-json\/wp\/v2\/users\/288"}],"replies":[{"embeddable":true,"href":"https:\/\/semmelweis.hu\/biztonsag\/wp-json\/wp\/v2\/comments?post=1694"}],"version-history":[{"count":4,"href":"https:\/\/semmelweis.hu\/biztonsag\/wp-json\/wp\/v2\/pages\/1694\/revisions"}],"predecessor-version":[{"id":1701,"href":"https:\/\/semmelweis.hu\/biztonsag\/wp-json\/wp\/v2\/pages\/1694\/revisions\/1701"}],"wp:attachment":[{"href":"https:\/\/semmelweis.hu\/biztonsag\/wp-json\/wp\/v2\/media?parent=1694"}],"wp:term":[{"taxonomy":"category","embeddable":true,"href":"https:\/\/semmelweis.hu\/biztonsag\/wp-json\/wp\/v2\/categories?post=1694"},{"taxonomy":"post_tag","embeddable":true,"href":"https:\/\/semmelweis.hu\/biztonsag\/wp-json\/wp\/v2\/tags?post=1694"}],"curies":[{"name":"wp","href":"https:\/\/api.w.org\/{rel}","templated":true}]}}