{"id":1627,"date":"2020-12-02T15:41:51","date_gmt":"2020-12-02T14:41:51","guid":{"rendered":"https:\/\/semmelweis.hu\/biztonsag\/?page_id=1627"},"modified":"2020-12-02T16:11:35","modified_gmt":"2020-12-02T15:11:35","slug":"fertozseveszelyes-covid-19-hulladekok-gyujtese","status":"publish","type":"page","link":"https:\/\/semmelweis.hu\/biztonsag\/fertozseveszelyes-covid-19-hulladekok-gyujtese\/","title":{"rendered":"Fert\u0151zs\u00e9vesz\u00e9lyes (COVID-19) hullad\u00e9kok gy\u0171jt\u00e9se"},"content":{"rendered":"<p style=\"text-align: center\"><strong>T\u00c1J\u00c9KOZTAT\u00d3<br \/>\n<\/strong><strong>Valamennyi szervezeti egys\u00e9g vezet\u0151je r\u00e9sz\u00e9re<\/strong><\/p>\n<p>&nbsp;<\/p>\n<p><strong>Tisztelt Szervezeti Egys\u00e9g Vezet\u0151 Asszony\/\u00dar!<\/strong><\/p>\n<p style=\"text-align: justify\">Ez\u00faton t\u00e1j\u00e9koztatom, hogy a koronav\u00edrussal (COVID-19) potenci\u00e1lisan fert\u0151z\u00f6ttnek tekintend\u0151, pozit\u00edv teszt eredm\u00e9nyt felmutat\u00f3 vagy megfigyel\u00e9s alatt \u00e1ll\u00f3 betegek ell\u00e1t\u00e1sa sor\u00e1n keletkez\u0151 hullad\u00e9kok <strong>kiz\u00e1r\u00f3lag <\/strong>hermetikus (l\u00e9gmentes, folyad\u00e9kz\u00e1r\u00f3, nem nyithat\u00f3) csomagol\u00e1sban, azaz<strong> m\u0171anyag badell\u00e1ban gy\u0171jthet\u0151k<\/strong> \u00e9s adhat\u00f3k \u00e1t sz\u00e1ll\u00edt\u00e1sra. A badell\u00e1kat el kell l\u00e1tni a s\u00e1rga sz\u00edn\u0171 biol\u00f3giai nemzetk\u00f6zi jellel, \u00e9s a megfelel\u0151 feliratoz\u00e1ssal. A badell\u00e1kat a Biolab Diagnosztikai Laborat\u00f3rium Zrt.-vel k\u00f6t\u00f6tt 12011-14\/GFIBSZI\/2019 sz\u00e1m\u00fa szerz\u0151d\u00e9s alapj\u00e1n a <strong>4619002341 SAP sz\u00e1mon lehet megrendelni.<\/strong> A badell\u00e1k (20, 30, 60 literes) min\u0151s\u00e9gben azonosak, \u00edgy egym\u00e1ssal helyettes\u00edthet\u0151ek. A szerz\u0151d\u00e9s alapj\u00e1n az al\u00e1bbi term\u00e9keket javasoljuk haszn\u00e1lni:<\/p>\n<table>\n<tbody>\n<tr>\n<td width=\"264\">\n<p>20 l-es badella (m\u0171t\u0151b\u0151l kiker\u00fcl\u0151 hullad\u00e9kok r\u00e9sz\u00e9re)<\/p>\n<\/td>\n<td width=\"95\">\n<p>BAD90020<\/p>\n<\/td>\n<td width=\"76\">\n<p>900 Ft<\/p>\n<\/td>\n<td width=\"76\">\n<p>1.143 Ft<\/p>\n<\/td>\n<td width=\"173\"><img decoding=\"async\" class=\"aligncenter\" src=\"https:\/\/semmelweis.hu\/biztonsag\/files\/2020\/12\/20lbadella.png\" alt=\"\" \/><\/td>\n<\/tr>\n<tr>\n<td width=\"264\">\n<p>30 l-es badella (m\u0171t\u0151b\u0151l kiker\u00fcl\u0151 hullad\u00e9kok r\u00e9sz\u00e9re) bedob\u00f3 ny\u00edl\u00e1s n\u00e9lk\u00fcli fed\u00e9llel<\/p>\n<\/td>\n<td width=\"95\">\n<p>SC 30<\/p>\n<\/td>\n<td width=\"76\">\n<p>1.900 Ft<\/p>\n<\/td>\n<td width=\"76\">\n<p>2.413 Ft<\/p>\n<\/td>\n<td width=\"173\"><img decoding=\"async\" src=\"https:\/\/semmelweis.hu\/biztonsag\/files\/2020\/12\/30lbadella1.png\" alt=\"\" \/><img decoding=\"async\" src=\"https:\/\/semmelweis.hu\/biztonsag\/files\/2020\/12\/30lbadella2.png\" alt=\"\" \/><\/td>\n<\/tr>\n<tr>\n<td width=\"264\">\n<p>30 l-es badella (m\u0171t\u0151b\u0151l kiker\u00fcl\u0151 hullad\u00e9kok r\u00e9sz\u00e9re) bedob\u00f3 ny\u00edl\u00e1ssal ell\u00e1tott fed\u00e9llel<\/p>\n<\/td>\n<td width=\"95\">\n<p>SC 30 DUO<\/p>\n<\/td>\n<td width=\"76\">\n<p>1.950 Ft<\/p>\n<\/td>\n<td width=\"76\">\n<p>2.477 Ft<\/p>\n<\/td>\n<td width=\"173\"><img decoding=\"async\" src=\"https:\/\/semmelweis.hu\/biztonsag\/files\/2020\/12\/30lbadella3.png\" alt=\"\" \/><img decoding=\"async\" src=\"https:\/\/semmelweis.hu\/biztonsag\/files\/2020\/12\/30lbadella4.png\" alt=\"\" \/><\/td>\n<\/tr>\n<tr>\n<td width=\"264\">\n<p>60 l-es badella (m\u0171t\u0151b\u0151l kiker\u00fcl\u0151 hullad\u00e9kok r\u00e9sz\u00e9re) bedob\u00f3 ny\u00edl\u00e1s n\u00e9lk\u00fcli fed\u00e9llel<\/p>\n<\/td>\n<td width=\"95\">\n<p>SC 60<\/p>\n<\/td>\n<td width=\"76\">\n<p>2.200 Ft<\/p>\n<\/td>\n<td width=\"76\">\n<p>2.794 Ft<\/p>\n<\/td>\n<td width=\"173\"><img decoding=\"async\" src=\"https:\/\/semmelweis.hu\/biztonsag\/files\/2020\/12\/60lbadella1.png\" alt=\"\" \/><img decoding=\"async\" src=\"https:\/\/semmelweis.hu\/biztonsag\/files\/2020\/12\/60lbadella2.png\" alt=\"\" \/><\/td>\n<\/tr>\n<tr>\n<td width=\"264\">\n<p>60 l-es badella (m\u0171t\u0151b\u0151l kiker\u00fcl\u0151 hullad\u00e9kok r\u00e9sz\u00e9re) bedob\u00f3 ny\u00edl\u00e1ssal ell\u00e1tott fed\u00e9llel<\/p>\n<\/td>\n<td width=\"95\">\n<p>SC 60 DUO<\/p>\n<\/td>\n<td width=\"76\">\n<p>2.250 Ft<\/p>\n<\/td>\n<td width=\"76\">\n<p>2.858 Ft<\/p>\n<\/td>\n<td width=\"173\"><img decoding=\"async\" src=\"https:\/\/semmelweis.hu\/biztonsag\/files\/2020\/12\/60lbadella3.png\" alt=\"\" \/><img decoding=\"async\" src=\"https:\/\/semmelweis.hu\/biztonsag\/files\/2020\/12\/30lbadella4.png\" alt=\"\" \/><\/td>\n<\/tr>\n<\/tbody>\n<\/table>\n<p style=\"text-align: justify\">Kiv\u00e9telt k\u00e9pezhetnek a sz\u0171r\u0151\u00e1llom\u00e1sokon haszn\u00e1lt v\u00e9d\u0151felszerel\u00e9sek (k\u00f6peny, k\u00f6t\u00e9ny, maszk, sapka, keszty\u0171) amelyek gy\u0171jt\u00e9se megengedett az el\u0151\u00edr\u00e1soknak megfelel\u0151 felirattal ell\u00e1tott <strong>dupla zs\u00e1kban<\/strong>. Ezek a v\u00e9d\u0151eszk\u00f6z\u00f6k gy\u0171jthet\u0151k teh\u00e1t, k\u00e9t db fert\u0151z\u0151 jel\u00f6l\u00e9ssel ell\u00e1tott s\u00e1rga m\u0171anyag zs\u00e1kban, amelynek <strong>feliratoz\u00e1sa<\/strong> azt az inform\u00e1ci\u00f3t is tartalmazza, hogy <strong>koronav\u00edrussal \u00e9rintkezett <\/strong>hullad\u00e9kot tartalmaz a gy\u0171jt\u0151eszk\u00f6z.<\/p>\n<p>&nbsp;<\/p>\n<p style=\"text-align: justify\">Tisztelettel k\u00e9rem, hogy a Klinika \u00e9rintett munkav\u00e1llal\u00f3inak figyelm\u00e9t erre felh\u00edvni sz\u00edveskedjen.<\/p>\n<p>&nbsp;<\/p>\n<p>Budapest, 2020. december 01.<\/p>\n<p>&nbsp;<\/p>\n<p style=\"text-align: center\"><strong>Simon M\u00e1ty\u00e1s<br \/>\n<\/strong>igazgat\u00f3<\/p>\n<p>&nbsp;<\/p>\n<p><a href=\"https:\/\/semmelweis.hu\/biztonsag\/files\/2020\/12\/Fertozesveszelyes-covid_19-hulladekok-gyujtese.pdf\">Eredeti dokumentum let\u00f6lt\u00e9se<\/a><\/p>\n","protected":false},"excerpt":{"rendered":"<p>T\u00c1J\u00c9KOZTAT\u00d3 Valamennyi szervezeti egys\u00e9g vezet\u0151je r\u00e9sz\u00e9re &nbsp; Tisztelt Szervezeti Egys\u00e9g Vezet\u0151 Asszony\/\u00dar! Ez\u00faton t\u00e1j\u00e9koztatom, hogy a koronav\u00edrussal (COVID-19) potenci\u00e1lisan fert\u0151z\u00f6ttnek tekintend\u0151, pozit\u00edv teszt eredm\u00e9nyt felmutat\u00f3 vagy megfigyel\u00e9s alatt \u00e1ll\u00f3 betegek ell\u00e1t\u00e1sa sor\u00e1n keletkez\u0151 hullad\u00e9kok kiz\u00e1r\u00f3lag hermetikus (l\u00e9gmentes, folyad\u00e9kz\u00e1r\u00f3, nem nyithat\u00f3) csomagol\u00e1sban, azaz m\u0171anyag badell\u00e1ban gy\u0171jthet\u0151k \u00e9s adhat\u00f3k \u00e1t sz\u00e1ll\u00edt\u00e1sra. A badell\u00e1kat el kell l\u00e1tni a &hellip;<\/p>\n","protected":false},"author":288,"featured_media":0,"parent":0,"menu_order":0,"comment_status":"closed","ping_status":"closed","template":"","meta":{"_acf_changed":false,"footnotes":""},"categories":[],"tags":[],"class_list":["post-1627","page","type-page","status-publish","hentry"],"acf":[],"_links":{"self":[{"href":"https:\/\/semmelweis.hu\/biztonsag\/wp-json\/wp\/v2\/pages\/1627","targetHints":{"allow":["GET"]}}],"collection":[{"href":"https:\/\/semmelweis.hu\/biztonsag\/wp-json\/wp\/v2\/pages"}],"about":[{"href":"https:\/\/semmelweis.hu\/biztonsag\/wp-json\/wp\/v2\/types\/page"}],"author":[{"embeddable":true,"href":"https:\/\/semmelweis.hu\/biztonsag\/wp-json\/wp\/v2\/users\/288"}],"replies":[{"embeddable":true,"href":"https:\/\/semmelweis.hu\/biztonsag\/wp-json\/wp\/v2\/comments?post=1627"}],"version-history":[{"count":9,"href":"https:\/\/semmelweis.hu\/biztonsag\/wp-json\/wp\/v2\/pages\/1627\/revisions"}],"predecessor-version":[{"id":1649,"href":"https:\/\/semmelweis.hu\/biztonsag\/wp-json\/wp\/v2\/pages\/1627\/revisions\/1649"}],"wp:attachment":[{"href":"https:\/\/semmelweis.hu\/biztonsag\/wp-json\/wp\/v2\/media?parent=1627"}],"wp:term":[{"taxonomy":"category","embeddable":true,"href":"https:\/\/semmelweis.hu\/biztonsag\/wp-json\/wp\/v2\/categories?post=1627"},{"taxonomy":"post_tag","embeddable":true,"href":"https:\/\/semmelweis.hu\/biztonsag\/wp-json\/wp\/v2\/tags?post=1627"}],"curies":[{"name":"wp","href":"https:\/\/api.w.org\/{rel}","templated":true}]}}