{"id":984,"date":"2021-01-04T13:09:30","date_gmt":"2021-01-04T12:09:30","guid":{"rendered":"https:\/\/semmelweis.hu\/bizottsagok\/?page_id=984"},"modified":"2023-03-16T12:53:54","modified_gmt":"2023-03-16T11:53:54","slug":"gleichstellungskommission-der-universitaet","status":"publish","type":"page","link":"https:\/\/semmelweis.hu\/bizottsagok\/de\/feste-kimissionen\/komissionen-mit-universitaetskompetenz\/gleichstellungskommission-der-universitaet\/","title":{"rendered":"GLEICHSTELLUNGSKOMMISSION DER UNIVERSIT\u00c4T"},"content":{"rendered":"<div class=\"responsive-tabs\">\n<h2 class=\"tabtitle\">Aufgaben und Zust\u00e4ndigkeit<\/h2>\n<div class=\"tabcontent\">\n\n<p>&nbsp;<\/p>\n<p>Die Gleichstellungskommission der Universit\u00e4t hat gem\u00e4\u00df dem Gleichstellungsplan der Universit\u00e4t folgende Aufgaben:<\/p>\n<p>Die Kommission<\/p>\n<ul>\n<li>begutachtet den Gleichstellungsplan und legt dem Rektor und dem Kanzler einen Vorschlag zu dessen Annahme oder \u00c4nderung vor;<\/li>\n<li>verfolgt die proportionale Vertretung von M\u00e4nnern und Frauen in den Gremien der Universit\u00e4t und legt dem Rektor und dem Kanzler gegebenenfalls am Ende eines jeden Studienjahres \u2013 als Bestandteil der Begutachtung des Gleichstellungsplans \u2013 Vorschl\u00e4ge zur Gew\u00e4hrleistung einer ausgewogeneren Vertretung vor;<\/li>\n<li>kann Empfehlungen zur F\u00f6rderung der Gleichstellung unterbreiten;<\/li>\n<li>begutachtet die die Gleichstellung betreffenden Teile der Hinweise zum Aufnahmeverfahren;<\/li>\n<li>legt dem Kanzler und dem Rektor am Ende eines jeden Studienjahres \u2013 als Bestandteil der Begutachtung des Gleichstellungsplans \u2013 Vorschl\u00e4ge zur Verwendung des normativen Zuschusses zur Unterst\u00fctzung des Studiums f\u00fcr Studierende mit Behinderung, sowie zur Beschaffung der f\u00fcr die Unterst\u00fctzung notwendigen Sachanlagen und zur Verbesserung der personellen Situation vor;<\/li>\n<li>legt dem Rektor und dem Kanzler als Bestandteil der Begutachtung des Gleichstellungsplans Vorschl\u00e4ge zur Schaffung der notwendigen Voraussetzungen f\u00fcr die Durchf\u00fchrung des Aufnahmeverfahrens f\u00fcr Menschen mit Behinderungen vor, die mit der Universit\u00e4t ein Studierendenrechtsverh\u00e4ltnis begr\u00fcnden wollen;<\/li>\n<li>legt dem Rektor und dem Kanzler unter Ber\u00fccksichtigung der im Gleichstellungsplan des betreffenden Jahres vorgesehenen Mittel Vorschl\u00e4ge dar\u00fcber vor, wie die Studierenden mit Behinderungen die zur Verf\u00fcgung stehenden personellen und technischen Hilfen und Dienstleistungen in Anspruch nehmen k\u00f6nnen; koordiniert die Schaffung der notwendigen Voraussetzungen; unterbreitet der Universit\u00e4ts- und Fakult\u00e4tsleitung Empfehlungen zur Verbesserung der Studienbedingungen behinderter Studierender;<\/li>\n<li>sieht die Vermittlung von Informationen an die Studierenden mit Behinderung \u00fcber die mit der Gleichstellung verbundenen M\u00f6glichkeiten als vorrangige Aufgabe an,<\/li>\n<li>beurteilt die Antr\u00e4ge von Studierenden mit Behinderung auf Nachteilsausgleich im Studium und in Pr\u00fcfungen oder eine anderen Nachteilsausgleich;<\/li>\n<li>legt dem Rektor und dem Kanzler auf der Grundlage von Empfehlungen des institutionellen Koordinators und hinzugezogener Sachverst\u00e4ndiger Vorschl\u00e4ge im Zusammenhang mit eingegangenen Mitteilungen zur Behebung von bei der Anwendung der Gleichstellungsvorgaben der Universit\u00e4t festgestellten Unregelm\u00e4\u00dfigkeiten vor;<\/li>\n<li>unterbreitet Empfehlungen f\u00fcr sch\u00e4digungsspezifische Anforderungen an die Gesundheits-, Tauglichkeits- und Berufseignungsuntersuchungen;<\/li>\n<li>verfolgt die Durchsetzung der Gleichstellung und die Einhaltung des Diskriminierungsverbots im Hinblick auf alle Organisationseinheiten und Besch\u00e4ftigten der Universit\u00e4t;<\/li>\n<li>unterbreitet Empfehlungen betreffend die Arbeitsbedingungen von Frauen, jugendlichen Besch\u00e4ftigten, Besch\u00e4ftigten \u00fcber 40 Jahren, behinderten bzw. benachteiligten Besch\u00e4ftigten, und die Besch\u00e4ftigungsbedingungen von Arbeitnehmern, die ein oder mehrere Kinder unter 10 Jahren bzw. ihr Kind allein erziehen;<\/li>\n<li>kontrolliert den Erfolg der Durchf\u00fchrung der angeordneten Ma\u00dfnahmen zur Verbesserung der Gleichstellung;<\/li>\n<li>ist f\u00fcr Gleichstellungsangelegenheiten zust\u00e4ndig.<\/li>\n<\/ul>\n\n<\/div><h2 class=\"tabtitle\">Mitglieder<\/h2>\n<div class=\"tabcontent\">\n\n<p><strong><em>Ansprechpartner: <\/em><\/strong>Bal\u00e1zs Horv\u00e1th<br \/>\n<strong><em>E-Mail: <\/em><\/strong><u><a href=\"mailto:horvath.balazs@semmelweis-univ.hu\">horvath.balazs@semmelweis-univ.hu<\/a><\/u><\/p>\n    \r\n    <div id=\"peopleContainer\" style=\"text-align:center;\">\r\n    <input type=\"hidden\" name=\"cimkek\" id=\"cimkek\" value=\"Nachname,Vorname,Grundlage des Mandats,Unterkomission f\u00fcr studentische Angelegenheiten,Unterkomission f\u00fcr Arbeitnehmerangelegenheiten,Art des Mandats,Beginn des <br \/>\nMandats,Ende des Mandats,Mandatsdokument,Grund f\u00fcr das Erl\u00f6schen,Datum des <br \/>\nErl\u00f6schens\">\r\n    <input type=\"hidden\" name=\"kihagy_aktiv\" id=\"kihagy_aktiv\" value=\"Grund f\u00fcr das Erl\u00f6schen||megszunes_oka,Datum des <br \/>\nErl\u00f6schens||megszunes_datuma\">\r\n    <input type=\"hidden\" name=\"kihagy_archiv\" id=\"kihagy_archiv\" value=\"\">\r\n    <div id=\"aktivTagokContainer\" style=\"overflow:auto;\">\r\n        <table>\r\n        <thead style=\"text-align:center;\">\r\n            <th>Nachname<\/th><th>Vorname<\/th><th>Grundlage des Mandats<\/th><th>Unterkomission f\u00fcr studentische Angelegenheiten<\/th><th>Unterkomission f\u00fcr Arbeitnehmerangelegenheiten<\/th><th>Art des Mandats<\/th><th>Beginn des <br \/>\nMandats<\/th><th>Ende des Mandats<\/th><th>Mandatsdokument<\/th>        <\/thead>\r\n        <tbody>\r\n        <tr><td>Dr. Hermann<\/td><td>P\u00e9ter<\/td><td>Foglalkoztatott \/ Employee \/ Besch\u00e4ftige(r)<\/td><td>Eln\u00f6k \/ Chairperson \/ Vorsitzender<\/td><td>Eln\u00f6k \/ Chairperson \/ Vorsitzender<\/td><td>Eln\u00f6k \/ Chairperson \/ Vorsitzender<\/td><td>2023-09-01<\/td><td>2026-08-31<\/td><td><a href=\"https:\/\/semmelweis.hu\/jogigfoig\/files\/2023\/07\/61_2023_EEB-szemelyi-osszetetelenek-modositasa.pdf\">Megb\u00edzat\u00e1si dokumentum \/ Mandate document \/ Mandatsdokument<\/a><\/td><\/tr><tr><td>Dr. D\u00f3sa <\/td><td>\u00c1gnes<\/td><td>Foglalkoztatott \/ Employee \/ Besch\u00e4ftige(r)<\/td><td>Tag \/ Member \/ Mitglied<\/td><td>Tag \/ Member \/ Mitglied<\/td><td> <\/td><td>2023-09-01<\/td><td>2026-08-31<\/td><td><a href=\"https:\/\/semmelweis.hu\/jogigfoig\/files\/2023\/07\/61_2023_EEB-szemelyi-osszetetelenek-modositasa.pdf\">Megbizat\u00e1si dokumentum \/ Mandate document \/ Mandatsdokument<\/a><\/td><\/tr><tr><td>Dr. Semsey<\/td><td>G\u00e1bor<\/td><td>Foglalkoztatott \/ Employee \/ Besch\u00e4ftige(r)<\/td><td>Tag \/ Member \/ Mitglied<\/td><td>Tag \/ Member \/ Mitglied<\/td><td> <\/td><td>2023-09-01<\/td><td>2026-08-31<\/td><td><a href=\"https:\/\/semmelweis.hu\/jogigfoig\/files\/2023\/07\/61_2023_EEB-szemelyi-osszetetelenek-modositasa.pdf\">Megbizat\u00e1si dokumentum \/ Mandate document \/ Mandatsdokument<\/a><\/td><\/tr><tr><td>Dr. Deme<\/td><td>Ruth<\/td><td>Foglalkoztatott \/ Employee \/ Besch\u00e4ftige(r)<\/td><td>Tag \/ Member \/ Mitglied<\/td><td>Tag \/ Member \/ Mitglied<\/td><td> <\/td><td>2023-09-01<\/td><td>2026-08-31<\/td><td><a href=\"https:\/\/semmelweis.hu\/jogigfoig\/files\/2023\/07\/61_2023_EEB-szemelyi-osszetetelenek-modositasa.pdf\">Megbizat\u00e1si dokumentum \/ Mandate document \/ Mandatsdokument<\/a><\/td><\/tr><tr><td>Dr. Kapit\u00e1ny-F\u00f6v\u00e9ny<\/td><td>M\u00e1t\u00e9<\/td><td>Foglalkoztatott \/ Employee \/ Besch\u00e4ftige(r)<\/td><td>Tag \/ Member \/ Mitglied<\/td><td>Tag \/ Member \/ Mitglied<\/td><td> <\/td><td>2023-09-01<\/td><td>2026-08-31<\/td><td><a href=\"https:\/\/semmelweis.hu\/jogigfoig\/files\/2023\/07\/61_2023_EEB-szemelyi-osszetetelenek-modositasa.pdf\">Megbizat\u00e1si dokumentum \/ Mandate document \/ Mandatsdokument<\/a><\/td><\/tr><tr><td>Dr. Balogh<\/td><td>Emese Celeszta<\/td><td>Foglalkoztatott \/ Employee \/ Besch\u00e4ftige(r)<\/td><td>Tag \/ Member \/ Mitglied<\/td><td>Tag \/ Member \/ Mitglied<\/td><td> <\/td><td>2023-09-01<\/td><td>2026-08-31<\/td><td><a href=\"https:\/\/semmelweis.hu\/jogigfoig\/files\/2023\/07\/61_2023_EEB-szemelyi-osszetetelenek-modositasa.pdf\">Megbizat\u00e1si dokumentum \/ Mandate document \/ Mandatsdokument<\/a><\/td><\/tr><tr><td>Dr. R\u00f3zsa<\/td><td>No\u00e9mi<\/td><td>Foglalkoztatott \/ Employee \/ Besch\u00e4ftige(r)<\/td><td>Tag \/ Member \/ Mitglied<\/td><td>Tag \/ Member \/ Mitglied<\/td><td> <\/td><td>2023-09-01<\/td><td>2026-08-31<\/td><td><a href=\"https:\/\/semmelweis.hu\/jogigfoig\/files\/2023\/07\/61_2023_EEB-szemelyi-osszetetelenek-modositasa.pdf\">Megbizat\u00e1si dokumentum \/ Mandate document \/ Mandatsdokument<\/a><\/td><\/tr><tr><td>Dr. R\u00e9thelyi<\/td><td>J\u00e1nos<\/td><td>Foglalkoztatott \/ Employee \/ Besch\u00e4ftige(r)<\/td><td>Tag \/ Member \/ Mitglied<\/td><td> <\/td><td>Tag \/ Member \/ Mitglied<\/td><td>2023-09-01<\/td><td>2026-08-31<\/td><td><a href=\"https:\/\/semmelweis.hu\/jogigfoig\/files\/2023\/07\/61_2023_EEB-szemelyi-osszetetelenek-modositasa.pdf\">Megbizat\u00e1si dokumentum \/ Mandate document \/ Mandatsdokument<\/a><\/td><\/tr><tr><td>Dr. Weltner<\/td><td>J\u00e1nos<\/td><td>Foglalkoztatott \/ Employee \/ Besch\u00e4ftige(r)<\/td><td>Tag \/ Member \/ Mitglied<\/td><td> <\/td><td>Tag \/ Member \/ Mitglied<\/td><td>2023-09-01<\/td><td>2026-08-31<\/td><td><a href=\"https:\/\/semmelweis.hu\/jogigfoig\/files\/2023\/07\/61_2023_EEB-szemelyi-osszetetelenek-modositasa.pdf\">Megbizat\u00e1si dokumentum \/ Mandate document \/ Mandatsdokument<\/a><\/td><\/tr><tr><td>Adonicsn\u00e9 P\u00fcski<\/td><td>Kata<\/td><td>Foglalkoztatott \/ Employee \/ Besch\u00e4ftige(r)<\/td><td>Tag \/ Member \/ Mitglied<\/td><td> <\/td><td> <\/td><td>2023-09-01<\/td><td>2026-08-31<\/td><td><a href=\"https:\/\/semmelweis.hu\/jogigfoig\/files\/2023\/07\/61_2023_EEB-szemelyi-osszetetelenek-modositasa.pdf\">Megbizat\u00e1si dokumentum \/ Mandate document \/ Mandatsdokument<\/a><\/td><\/tr><tr><td>Dr. Taga<\/td><td>\u00c9va<\/td><td>Foglalkoztatott \/ Employee \/ Besch\u00e4ftige(r)<\/td><td>Tag \/ Member \/ Mitglied<\/td><td> <\/td><td> <\/td><td>2023-09-01<\/td><td>2026-08-31<\/td><td><a href=\"https:\/\/semmelweis.hu\/jogigfoig\/files\/2023\/07\/61_2023_EEB-szemelyi-osszetetelenek-modositasa.pdf\">Megbizat\u00e1si dokumentum \/ Mandate document \/ Mandatsdokument<\/a><\/td><\/tr><tr><td>Dr. Haba<\/td><td>Kata<\/td><td>Hallgat\u00f3i jogviszony\/ Student status\/ Studierendenrechtsverh\u00e4ltnis<\/td><td>Tag \/ Member \/ Mitglied<\/td><td> <\/td><td> <\/td><td>2024-02-29<\/td><td>2026-08-31<\/td><td><a href=\"https:\/\/semmelweis.hu\/jogigfoig\/files\/2024\/03\/15_2024_allando-bizottsagok-doktorandusz-hallgatok_.pdf?_gl=1*1n46vsl*_up*MQ..*_ga*MTMyNTAxMTUwNi4xNzA5ODk3MzQ2*_ga_5B3MMKXDLW*MTcwOTg5NzM0NS4xLjEuMTcwOTg5NzQxMC4wLjAuMA..\">Megbizat\u00e1si dokumentum \/ Mandate document \/ Mandatsdokument<\/a><\/td><\/tr><tr><td>Fejes<\/td><td>Istv\u00e1n<\/td><td>Hallgat\u00f3i jogviszony\/ Student status\/ Studierendenrechtsverh\u00e4ltnis<\/td><td>Tag \/ Member \/ Mitglied<\/td><td>Tag \/ Member \/ Mitglied<\/td><td> <\/td><td>2025-06-26<\/td><td>2026-08-31<\/td><td><a href=\"https:\/\/semmelweis.hu\/jogigfoig\/files\/2025\/07\/61_2025_allando-bizottsagok-hallgatoi-tagsagai.pdf\">Megbizat\u00e1si dokumentum \/ Mandate document \/ Mandatsdokument<\/a><\/td><\/tr><tr><td>Sz\u00fcr\u00f6s<\/td><td>M\u00e1t\u00e9<\/td><td>Hallgat\u00f3i jogviszony\/ Student status\/ Studierendenrechtsverh\u00e4ltnis<\/td><td>Tag \/ Member \/ Mitglied<\/td><td>Tag \/ Member \/ Mitglied<\/td><td> <\/td><td>2025-06-26<\/td><td>2026-08-31<\/td><td><a href=\"https:\/\/semmelweis.hu\/jogigfoig\/files\/2025\/07\/61_2025_allando-bizottsagok-hallgatoi-tagsagai.pdf\">Megbizat\u00e1si dokumentum \/ Mandate document \/ Mandatsdokument<\/a><\/td><\/tr>        \r\n        \r\n        <\/tbody>\r\n        <\/table>\r\n        <\/div>\r\n\r\n    <div id=\"archivTagokContainer\" style=\"overflow:auto;\">\r\n            <div class=\"exp-col-content-holder\" style=\"border: none;\">\r\n        <a class=\"expand-cnt-link ecf_closed\" href=\"#\">Arch\u00edv<\/a>\r\n        <div class=\"hidden-content\" style=\"display: none;\">\r\n                <table>\r\n            <thead style=\"text-align:center;\">\r\n                <th>Nachname<\/th><th>Vorname<\/th><th>Grundlage des Mandats<\/th><th>Unterkomission f\u00fcr studentische Angelegenheiten<\/th><th>Unterkomission f\u00fcr Arbeitnehmerangelegenheiten<\/th><th>Art des Mandats<\/th><th>Beginn des <br \/>\nMandats<\/th><th>Ende des Mandats<\/th><th>Mandatsdokument<\/th><th>Grund f\u00fcr das Erl\u00f6schen<\/th><th>Datum des <br \/>\nErl\u00f6schens<\/th>            <\/thead>\r\n            <tbody>\r\n            <tr><td>Dr. Sz\u0151ke<\/td><td>D\u00e1niel Imre<\/td><td>Hallgat\u00f3i jogviszony\/ Student status\/ Studierendenrechtsverh\u00e4ltnis<\/td><td>Tag \/ Memeber \/ Mitglied<\/td><td>Tag \/ Memeber \/ Mitglied<\/td><td>  <\/td><td>2020-09-01<\/td><td>2023-08-31<\/td><td><a href=\"https:\/\/semmelweis.hu\/jogigfoig\/files\/2020\/09\/164_2020_Egyetemi-Es%C3%A9lyegyenl%C5%91s%C3%A9gi-Bizotts%C3%A1g-szem%C3%A9lyi-%C3%B6sszet%C3%A9tel%C3%A9nek-meg%C3%BAj%C3%ADt%C3%A1s%C3%A1r%C3%B3l.pdf\">Megbizat\u00e1si dokumentum \/ Mandate document \/ Mandatsdokument<\/a><\/td><td>Megb\u00edzat\u00e1s lej\u00e1rta<\/td><td>2023-08-31<\/td><\/tr><tr><td>Sz\u0171cs<\/td><td>Attila<\/td><td>Hallgat\u00f3i jogviszony\/ Student status\/ Studierendenrechtsverh\u00e4ltnis<\/td><td>Tag \/ Memeber \/ Mitglied<\/td><td>Tag \/ Memeber \/ Mitglied<\/td><td>  <\/td><td>2020-09-01<\/td><td>2023-08-31<\/td><td><a href=\"https:\/\/semmelweis.hu\/jogigfoig\/files\/2020\/09\/164_2020_Egyetemi-Es%C3%A9lyegyenl%C5%91s%C3%A9gi-Bizotts%C3%A1g-szem%C3%A9lyi-%C3%B6sszet%C3%A9tel%C3%A9nek-meg%C3%BAj%C3%ADt%C3%A1s%C3%A1r%C3%B3l.pdf\">Megbizat\u00e1si dokumentum \/ Mandate document \/ Mandatsdokument<\/a><\/td><td>Egy\u00e9b megsz\u0171n\u00e9si ok<\/td><td>2023-06-28<\/td><\/tr><tr><td>V\u00f6lcsei<\/td><td>Norbert<\/td><td>Hallgat\u00f3i jogviszony\/ Student status\/ Studierendenrechtsverh\u00e4ltnis<\/td><td>Tag \/ Member \/ Mitglied<\/td><td>Tag \/ Member \/ Mitglied<\/td><td>  <\/td><td>2020-09-01<\/td><td>2023-08-31<\/td><td><a href=\"https:\/\/semmelweis.hu\/jogigfoig\/files\/2020\/09\/164_2020_Egyetemi-Es%C3%A9lyegyenl%C5%91s%C3%A9gi-Bizotts%C3%A1g-szem%C3%A9lyi-%C3%B6sszet%C3%A9tel%C3%A9nek-meg%C3%BAj%C3%ADt%C3%A1s%C3%A1r%C3%B3l.pdf\">Megbizat\u00e1si dokumentum \/ Mandate document \/ Mandatsdokument<\/a><\/td><td>Egy\u00e9b megsz\u0171n\u00e9si ok<\/td><td>2023-06-28<\/td><\/tr><tr><td>Farkas<\/td><td>G\u00e1bor<\/td><td>Foglalkoztatott \/ Employee \/ Besch\u00e4ftige(r)\t<\/td><td>Tag \/ Member \/ Mitglied<\/td><td>  <\/td><td>Tag \/ Member \/ Mitglied<\/td><td>2020-09-01<\/td><td>2023-08-31<\/td><td><a href=\"https:\/\/semmelweis.hu\/jogigfoig\/files\/2020\/09\/164_2020_Egyetemi-Es%C3%A9lyegyenl%C5%91s%C3%A9gi-Bizotts%C3%A1g-szem%C3%A9lyi-%C3%B6sszet%C3%A9tel%C3%A9nek-meg%C3%BAj%C3%ADt%C3%A1s%C3%A1r%C3%B3l.pdf\">Megbizat\u00e1si dokumentum \/ Mandate document \/ Mandatsdokument<\/a><\/td><td>Megb\u00edzat\u00e1s lej\u00e1rta<\/td><td>2023-08-31<\/td><\/tr><tr><td>Nagy<\/td><td>L\u00e1szl\u00f3<\/td><td>Foglalkoztatott \/ Employee \/ Besch\u00e4ftige(r)<\/td><td>Tag \/ Member \/ Mitglied<\/td><td>  <\/td><td>Tag \/ Member \/ Mitglied<\/td><td>2020-09-01<\/td><td>2023-08-31<\/td><td><a href=\"https:\/\/semmelweis.hu\/jogigfoig\/files\/2020\/09\/164_2020_Egyetemi-Es%C3%A9lyegyenl%C5%91s%C3%A9gi-Bizotts%C3%A1g-szem%C3%A9lyi-%C3%B6sszet%C3%A9tel%C3%A9nek-meg%C3%BAj%C3%ADt%C3%A1s%C3%A1r%C3%B3l.pdf\">Megbizat\u00e1si dokumentum \/ Mandate document \/ Mandatsdokument<\/a><\/td><td>Megb\u00edzat\u00e1s lej\u00e1rta<\/td><td>2023-08-31<\/td><\/tr><tr><td>P\u00e1l<\/td><td>Kinga \u00c1gnes<\/td><td>Hallgat\u00f3i jogviszony\/ Student status\/ Studierendenrechtsverh\u00e4ltnis<\/td><td>Tag \/ Member \/ Mitglied<\/td><td> Tag \/ Member \/ Mitglied<\/td><td> <\/td><td>2023-09-01<\/td><td>2026-08-31<\/td><td><a href=\"https:\/\/semmelweis.hu\/jogigfoig\/files\/2023\/07\/61_2023_EEB-szemelyi-osszetetelenek-modositasa.pdf\">Megbizat\u00e1si dokumentum \/ Mandate document \/ Mandatsdokument<\/a><\/td><td>Egy\u00e9b megsz\u0171n\u00e9si ok<\/td><td>2025-06-26<\/td><\/tr><tr><td>Ko\u00f3s<\/td><td>G\u00e1bor<\/td><td>Hallgat\u00f3i jogviszony\/ Student status\/ Studierendenrechtsverh\u00e4ltnis<\/td><td>Tag \/ Member \/ Mitglied<\/td><td>Tag \/ Member \/ Mitglied<\/td><td> <\/td><td>2023-09-01<\/td><td>2026-08-31<\/td><td><a href=\"https:\/\/semmelweis.hu\/jogigfoig\/files\/2023\/07\/61_2023_EEB-szemelyi-osszetetelenek-modositasa.pdf\">Megbizat\u00e1si dokumentum \/ Mandate document \/ Mandatsdokument<\/a><\/td><td>Egy\u00e9b megsz\u0171n\u00e9si ok<\/td><td>2025-06-25<\/td><\/tr><tr><td>Dr. \u00c1rm\u00f3s<\/td><td>Rich\u00e1rd Levente<\/td><td>Hallgat\u00f3i jogviszony\/ Student status\/ Studierendenrechtsverh\u00e4ltnis<\/td><td>Tag \/ Member \/ Mitglied<\/td><td>Tag \/ Member \/ Mitglied<\/td><td> <\/td><td>2023-09-01<\/td><td>2026-08-31<\/td><td><a href=\"https:\/\/semmelweis.hu\/jogigfoig\/files\/2023\/07\/61_2023_EEB-szemelyi-osszetetelenek-modositasa.pdf\">Megbizat\u00e1si dokumentum \/ Mandate document \/ Mandatsdokument<\/a><\/td><td>Egy\u00e9b megsz\u0171n\u00e9si ok<\/td><td>2024-02-28<\/td><\/tr>            <\/tbody>\r\n            <\/table>\r\n        <\/div>\r\n        <\/div>\r\n    <\/div>\r\n    <\/div>\r\n    \n\n<\/div><h2 class=\"tabtitle\">Gesch\u00e4ftsordnung<\/h2>\n<div class=\"tabcontent\">\n\n<p><u><a href=\"https:\/\/semmelweis.hu\/jogigfoig\/files\/2020\/08\/SE_EEB-%C3%BCgyrend.pdf\">Gesch\u00e4ftsordnung von Gleichstellungskommission<\/a><\/u><\/p>\n<p><u><a href=\"https:\/\/semmelweis.hu\/jogigfoig\/files\/2017\/12\/141_sz_XI_30_2017.pdf\">Beschluss Nr. 141\/2017 (XI. 30.) des Senates der Semmelweis Universit\u00e4t Muster-Entwurf der Gesch\u00e4ftsordnung der st\u00e4ndigen gesamtuniversit\u00e4ren Kommissionen und der st\u00e4ndigen Fakult\u00e4tskommissionen in einheitlicher Fassung und Anhang: GESCH\u00c4FTSORDNUNG DER KOMMISSION Gesch\u00e4ftsordnung der st\u00e4ndigen gesamtuniversit\u00e4ren Kommissionen und der st\u00e4ndigen Fakult\u00e4tskommissionen<\/a><\/u><\/p>\n\n<\/div><h2 class=\"tabtitle\">Jahresbericht<\/h2>\n<div class=\"tabcontent\">\n\n<p><a href=\"https:\/\/semmelweis.hu\/bizottsagok\/files\/2023\/03\/12_2023_az-Egyetem-egeszere-kiterjedo-hataskorrel-rendelkezo-allando-bizottsagok-munkajarol.pdf\" target=\"_blank\" rel=\"noopener\">Beschluss Nr. 12\/2023 (II.9.) des Senates der Semmelweis Universit\u00e4t \u00fcber die Annahme des Berichts \u00fcber die T\u00e4tigkeit der vom Senat eingesetzten gesamtuniversit\u00e4ren st\u00e4ndigen Kommissionen<\/a><\/p>\n<p><a href=\"https:\/\/semmelweis.hu\/bizottsagok\/files\/2023\/03\/Beszamolo_Egyetemi-Eselyegyenlosegi-Bizottsag_2022.pdf\" target=\"_blank\" rel=\"noopener\">Jahresbericht der Gleichstellungskommission der Universit\u00e4t \u2013 2022<\/a><\/p>\n<p><a href=\"https:\/\/semmelweis.hu\/bizottsagok\/files\/2023\/03\/Beszamolo_Egyetemi-Eselyegyenlosegi-Bizottsag_2021.pdf\" target=\"_blank\" rel=\"noopener\">Jahresbericht der Gleichstellungskommission der Universit\u00e4t \u2013 2021<\/a><\/p>\n<p><a href=\"https:\/\/semmelweis.hu\/bizottsagok\/files\/2021\/03\/Egyetemi-Es\u00e9lyegyenl\u0151s\u00e9gi-Bizotts\u00e1g_\u00e9ves-besz\u00e1mol\u00f3_2020-1.pdf\" target=\"_blank\" rel=\"noopener\">Jahresbericht der Gleichstellungskommission der Universit\u00e4t \u2013 2020<\/a><\/p>\n<p><a href=\"https:\/\/semmelweis.hu\/jogigfoig\/files\/2020\/03\/Es%C3%A9lyegyenl%C5%91s%C3%A9gi-bizotts%C3%A1g.pdf\" target=\"_blank\" rel=\"noopener\">Jahresbericht der Gleichstellungskommission der Universit\u00e4t <\/a><a href=\"https:\/\/semmelweis.hu\/bizottsagok\/files\/2021\/03\/Egyetemi-Es\u00e9lyegyenl\u0151s\u00e9gi-Bizotts\u00e1g_\u00e9ves-besz\u00e1mol\u00f3_2020-1.pdf\" target=\"_blank\" rel=\"noopener\">\u2013<\/a><a href=\"https:\/\/semmelweis.hu\/jogigfoig\/files\/2020\/03\/Es%C3%A9lyegyenl%C5%91s%C3%A9gi-bizotts%C3%A1g.pdf\" target=\"_blank\" rel=\"noopener\"> 2019<\/a><\/p>\n<\/div><\/div>\n","protected":false},"excerpt":{"rendered":"<p>&nbsp; Die Gleichstellungskommission der Universit\u00e4t hat gem\u00e4\u00df dem Gleichstellungsplan der Universit\u00e4t folgende Aufgaben: Die Kommission begutachtet den Gleichstellungsplan und legt dem Rektor und dem Kanzler einen Vorschlag zu dessen Annahme oder \u00c4nderung vor; verfolgt die proportionale Vertretung von M\u00e4nnern und Frauen in den Gremien der Universit\u00e4t und legt dem Rektor und dem Kanzler gegebenenfalls am &hellip;<\/p>\n","protected":false},"author":101595,"featured_media":0,"parent":1260,"menu_order":0,"comment_status":"closed","ping_status":"closed","template":"","meta":{"_acf_changed":false,"footnotes":""},"categories":[],"tags":[],"class_list":["post-984","page","type-page","status-publish","hentry"],"acf":[],"_links":{"self":[{"href":"https:\/\/semmelweis.hu\/bizottsagok\/wp-json\/wp\/v2\/pages\/984","targetHints":{"allow":["GET"]}}],"collection":[{"href":"https:\/\/semmelweis.hu\/bizottsagok\/wp-json\/wp\/v2\/pages"}],"about":[{"href":"https:\/\/semmelweis.hu\/bizottsagok\/wp-json\/wp\/v2\/types\/page"}],"author":[{"embeddable":true,"href":"https:\/\/semmelweis.hu\/bizottsagok\/wp-json\/wp\/v2\/users\/101595"}],"replies":[{"embeddable":true,"href":"https:\/\/semmelweis.hu\/bizottsagok\/wp-json\/wp\/v2\/comments?post=984"}],"version-history":[{"count":11,"href":"https:\/\/semmelweis.hu\/bizottsagok\/wp-json\/wp\/v2\/pages\/984\/revisions"}],"predecessor-version":[{"id":2309,"href":"https:\/\/semmelweis.hu\/bizottsagok\/wp-json\/wp\/v2\/pages\/984\/revisions\/2309"}],"up":[{"embeddable":true,"href":"https:\/\/semmelweis.hu\/bizottsagok\/wp-json\/wp\/v2\/pages\/1260"}],"wp:attachment":[{"href":"https:\/\/semmelweis.hu\/bizottsagok\/wp-json\/wp\/v2\/media?parent=984"}],"wp:term":[{"taxonomy":"category","embeddable":true,"href":"https:\/\/semmelweis.hu\/bizottsagok\/wp-json\/wp\/v2\/categories?post=984"},{"taxonomy":"post_tag","embeddable":true,"href":"https:\/\/semmelweis.hu\/bizottsagok\/wp-json\/wp\/v2\/tags?post=984"}],"curies":[{"name":"wp","href":"https:\/\/api.w.org\/{rel}","templated":true}]}}