{"id":1087,"date":"2021-01-04T14:35:06","date_gmt":"2021-01-04T13:35:06","guid":{"rendered":"https:\/\/semmelweis.hu\/bizottsagok\/?page_id=1087"},"modified":"2023-03-16T12:34:17","modified_gmt":"2023-03-16T11:34:17","slug":"scientific-council","status":"publish","type":"page","link":"https:\/\/semmelweis.hu\/bizottsagok\/en\/constant-committees\/committees-with-university-competence\/scientific-council\/","title":{"rendered":"SCIENTIFIC COUNCIL"},"content":{"rendered":"<div class=\"responsive-tabs\">\n<h2 class=\"tabtitle\">Tasks and Competences<\/h2>\n<div class=\"tabcontent\">\n\n<p>In order to perform the tasks included in the current SZMSZ:<\/p>\n<ul>\n<li>makes proposals for the general research and development preferences and strategies of the University,<\/li>\n<li>formulates the general evaluation criteria for the scientific research field of the University,<\/li>\n<li>evaluates the scientific performance of the University on the basis of national and international standards,<\/li>\n<li>ensures the appropriate presentation of the scientific results obtained at the university and supervises the process,<\/li>\n<li>develops a strategy to enhance the research performance and the recognition of the University,<\/li>\n<li>delivers opinion on research projects, applications, and the use of university research funding sources,<\/li>\n<li>\u2022 assesses research applications, awards, and prizes which are to be evaluated at a university-level and which are announced by the Vice-Rector for Science and Innovation,<\/li>\n<li>prepares the international award of the university-founded Semmelweis Budapest Award, as well as the Ign\u00e1c Semmelweis, Vilma Hugonnai, Tivadar Huzella, Ern\u0151 Jendrassik commemorating medals and prizes,<\/li>\n<li>prepares the award of the organization of the Semmelweis Symposium within its competence set forth in the Semmelweis Symposium Regulations,<\/li>\n<li>\u2022 also delivers opinion on all issues on which the Senate, the Rector and \/ or the Chancellor request a resolution.<\/li>\n<\/ul>\n\n<\/div><h2 class=\"tabtitle\">Members<\/h2>\n<div class=\"tabcontent\">\n\n<p><strong><em>Contact:<\/em><\/strong>\u00a0Dr. Csenge Sel\u00e9nyi <br \/>\n<strong><em>Email:<\/em><\/strong>\u00a0<u><a href=\"mailto:selenyi.csenge@semmelweis-univ.hu\">selenyi.csenge@semmelweis-univ.hu<\/a><\/u><\/p>\n    \r\n    <div id=\"peopleContainer\" style=\"text-align:center;\">\r\n    <input type=\"hidden\" name=\"cimkek\" id=\"cimkek\" value=\"\">\r\n    <input type=\"hidden\" name=\"kihagy_aktiv\" id=\"kihagy_aktiv\" value=\"Reason for termination||megszunes_oka,Date of termination||<br \/>\nmegszunes_datuma\">\r\n    <input type=\"hidden\" name=\"kihagy_archiv\" id=\"kihagy_archiv\" value=\"\">\r\n    <div id=\"aktivTagokContainer\" style=\"overflow:auto;\">\r\n        <table>\r\n        <thead style=\"text-align:center;\">\r\n            <th><\/th>        <\/thead>\r\n        <tbody>\r\n        <tr><td>Dr. Ferdinandy <\/td><td>P\u00e9ter<\/td><td>Tudom\u00e1nyos \u00e9s innov\u00e1ci\u00f3s rektorhelyettes\/ Vice-Rector for Science and Innovation\/ Vizerektor f\u00fcr Wissenschaft und Innovation<\/td><td>Eln\u00f6k\/ Chairperson\/ Vorsitzender<\/td><td>2023-10-01<\/td><td>2026-09-30<\/td><td><a href=\"https:\/\/semmelweis.hu\/jogigfoig\/files\/2023\/10\/78_2023_ETT-szemelyi-osszetetel.pdf\">Megb\u00edzat\u00e1si dokumentum\/ Mandate document\/ Mandatsdokument<\/a><\/td><td> <\/td><\/tr><tr><td>Dr. Ungv\u00e1ri<\/td><td> Zolt\u00e1n<\/td><td>Foglalkoztatott \/Employee \/ Besch\u00e4ftigte(r)<\/td><td>Tag\/ Member\/ Mitglied<\/td><td>2023-10-01<\/td><td>2026-09-30<\/td><td><a href=\"https:\/\/semmelweis.hu\/jogigfoig\/files\/2023\/10\/78_2023_ETT-szemelyi-osszetetel.pdf\">Megb\u00edzat\u00e1si dokumentum\/ Mandate document\/ Mandatsdokument<\/a><\/td><td> <\/td><\/tr><tr><td>Dr. Pethesn\u00e9 D\u00e1vid<\/td><td> Be\u00e1ta<\/td><td>Foglalkoztatott\/ Employee\/ Besch\u00e4ftigte(r)<\/td><td>Tag\/ Member\/ Mitglied<\/td><td>2023-10-01<\/td><td>2026-09-30<\/td><td><a href=\"https:\/\/semmelweis.hu\/jogigfoig\/files\/2023\/10\/78_2023_ETT-szemelyi-osszetetel.pdf\">Megb\u00edzat\u00e1si dokumentum\/ Mandate document\/ Mandatsdokument<\/a><\/td><td> <\/td><\/tr><tr><td>Dr. D\u00f6rnyei <\/td><td>Gabriella<\/td><td>Foglalkoztatott\/ Employee\/ Besch\u00e4ftigte(r)<\/td><td>Tag\/ Member\/ Mitglied<\/td><td>2023-10-01<\/td><td>2026-09-30<\/td><td><a href=\"https:\/\/semmelweis.hu\/jogigfoig\/files\/2023\/10\/78_2023_ETT-szemelyi-osszetetel.pdf\">Megb\u00edzat\u00e1si dokumentum\/ Mandate document\/ Mandatsdokument<\/a><\/td><td> <\/td><\/tr><tr><td>Dr. T\u00fari <\/td><td>Ibolya<\/td><td>Foglalkoztatott\/ Employee\/ Besch\u00e4ftigte(r)<\/td><td>Tag\/ Member\/ Mitglied<\/td><td>2023-10-01<\/td><td>2026-09-30<\/td><td><a href=\"https:\/\/semmelweis.hu\/jogigfoig\/files\/2023\/10\/78_2023_ETT-szemelyi-osszetetel.pdf\">Megb\u00edzat\u00e1si dokumentum\/ Mandate document\/ Mandatsdokument<\/a><\/td><td> <\/td><\/tr><tr><td>Dr. Beny\u00f3 <\/td><td>Zolt\u00e1n<\/td><td>Foglalkoztatott\/ Employee\/ Besch\u00e4ftigte(r)<\/td><td>Tag\/ Member\/ Mitglied<\/td><td>2023-10-01<\/td><td>2026-09-30<\/td><td><a href=\"https:\/\/semmelweis.hu\/jogigfoig\/files\/2023\/10\/78_2023_ETT-szemelyi-osszetetel.pdf\">Megb\u00edzat\u00e1si dokumentum\/ Mandate document\/ Mandatsdokument<\/a><\/td><td> <\/td><\/tr><tr><td>Dr. Szij\u00e1rt\u00f3<\/td><td> Attila<\/td><td>Foglalkoztatott\/ Employee\/ Besch\u00e4ftigte(r)<\/td><td>Tag\/ Member\/ Mitglied<\/td><td>2023-10-01<\/td><td>2026-09-30<\/td><td><a href=\"https:\/\/semmelweis.hu\/jogigfoig\/files\/2023\/10\/78_2023_ETT-szemelyi-osszetetel.pdf\">Megb\u00edzat\u00e1si dokumentum\/ Mandate document\/ Mandatsdokument<\/a><\/td><td> <\/td><\/tr><tr><td>Dr. Gy\u0151rffy <\/td><td>Bal\u00e1zs<\/td><td>Foglalkoztatott\/ Employee\/ Besch\u00e4ftigte(r)<\/td><td>Tag\/ Member\/ Mitglied<\/td><td>2023-10-01<\/td><td>2026-09-30<\/td><td><a href=\"https:\/\/semmelweis.hu\/jogigfoig\/files\/2023\/10\/78_2023_ETT-szemelyi-osszetetel.pdf\">Megb\u00edzat\u00e1si dokumentum\/ Mandate document\/ Mandatsdokument<\/a><\/td><td> <\/td><\/tr><tr><td>Dr. Dob\u00f3 Nagy<\/td><td>Csaba<\/td><td>Foglalkoztatott\/ Employee\/ Besch\u00e4ftigte(r)<\/td><td>Tag\/ Member\/ Mitglied<\/td><td>2023-10-01<\/td><td>2026-09-30<\/td><td><a href=\"https:\/\/semmelweis.hu\/jogigfoig\/files\/2023\/10\/78_2023_ETT-szemelyi-osszetetel.pdf\">Megb\u00edzat\u00e1si dokumentum\/ Mandate document\/ Mandatsdokument<\/a><\/td><td> <\/td><\/tr><tr><td>Dr. Lud\u00e1nyi<\/td><td>Krisztina<\/td><td>Foglalkoztatott\/ Employee\/ Besch\u00e4ftigte(r)<\/td><td>Tag\/ Member\/ Mitglied<\/td><td>2023-10-01<\/td><td>2026-09-30<\/td><td><a href=\"https:\/\/semmelweis.hu\/jogigfoig\/files\/2023\/10\/78_2023_ETT-szemelyi-osszetetel.pdf\">Megb\u00edzat\u00e1si dokumentum\/ Mandate document\/ Mandatsdokument<\/a><\/td><td> <\/td><\/tr><tr><td>Dr. Hegyi<\/td><td>P\u00e9ter<\/td><td>Foglalkoztatott\/ Employee\/ Besch\u00e4ftigte(r)<\/td><td>Tag\/ Member\/ Mitglied<\/td><td>2023-10-01<\/td><td>2026-09-30<\/td><td><a href=\"https:\/\/semmelweis.hu\/jogigfoig\/files\/2023\/10\/78_2023_ETT-szemelyi-osszetetel.pdf\">Megb\u00edzat\u00e1si dokumentum\/ Mandate document\/ Mandatsdokument<\/a><\/td><td> <\/td><\/tr><tr><td>Dr. Maurovich Horvat<\/td><td>P\u00e1l<\/td><td>Foglalkoztatott\/ Employee\/ Besch\u00e4ftigte(r)<\/td><td>Tag\/ Member\/ Mitglied<\/td><td>2024-08-29<\/td><td>2026-09-30<\/td><td><a href=\"https:\/\/semmelweis.hu\/jogigfoig\/files\/2024\/08\/70_2024_TT-osszetetel.pdf\">Megb\u00edzat\u00e1si dokumentum\/ Mandate document\/ Mandatsdokument<\/a><\/td><td> <\/td><\/tr>        \r\n        \r\n        <\/tbody>\r\n        <\/table>\r\n        <\/div>\r\n\r\n    <div id=\"archivTagokContainer\" style=\"overflow:auto;\">\r\n            <div class=\"exp-col-content-holder\" style=\"border: none;\">\r\n        <a class=\"expand-cnt-link ecf_closed\" href=\"#\">Arch\u00edv<\/a>\r\n        <div class=\"hidden-content\" style=\"display: none;\">\r\n                <table>\r\n            <thead style=\"text-align:center;\">\r\n                <th><\/th>            <\/thead>\r\n            <tbody>\r\n            <tr><td>Dr. Varga <\/td><td>G\u00e1bor<\/td><td>Foglalkoztatott\/ Employee\/ Besch\u00e4ftigte(r)<\/td><td>Tag\/ Member\/ Mitglied<\/td><td>2020-10-01<\/td><td>2023-09-30<\/td><td><a href=\"https:\/\/semmelweis.hu\/jogigfoig\/files\/2020\/10\/179_2020_mell%C3%A9klet_Egyetemi-Tudom%C3%A1nyos-Tan%C3%A1cs-%C3%B6sszet%C3%A9tele.pdf\">Megb\u00edzat\u00e1si dokumentum\/ Mandate document\/ Mandatsdokument<\/a><\/td><td>Egy\u00e9b megsz\u0171n\u00e9si ok<\/td><td>2021-06-23<\/td><\/tr><tr><td>Dr. Bagdy <\/td><td>Gy\u00f6rgy<\/td><td>Foglalkoztatott\/ Employee\/ Besch\u00e4ftigte(r)<\/td><td>Tag\/ Member\/ Mitglied<\/td><td>2020-10-01<\/td><td>2023-09-30<\/td><td><a href=\"https:\/\/semmelweis.hu\/jogigfoig\/files\/2020\/10\/179_2020_mell%C3%A9klet_Egyetemi-Tudom%C3%A1nyos-Tan%C3%A1cs-%C3%B6sszet%C3%A9tele.pdf\">Megb\u00edzat\u00e1si dokumentum\/ Mandate document\/ Mandatsdokument<\/a><\/td><td>Megb\u00edzat\u00e1s lej\u00e1rta<\/td><td>2023-09-30<\/td><\/tr><tr><td>Dr. Szigeti <\/td><td>Gyula P\u00e9ter<\/td><td>Foglalkoztatott\/ Employee\/ Besch\u00e4ftigte(r)<\/td><td>Tag\/ Member\/ Mitglied<\/td><td>2020-10-01<\/td><td>2023-09-30<\/td><td><a href=\"https:\/\/semmelweis.hu\/jogigfoig\/files\/2020\/10\/179_2020_mell%C3%A9klet_Egyetemi-Tudom%C3%A1nyos-Tan%C3%A1cs-%C3%B6sszet%C3%A9tele.pdf\">Megb\u00edzat\u00e1si dokumentum\/ Mandate document\/ Mandatsdokument<\/a><\/td><td>Megb\u00edzat\u00e1s lej\u00e1rta<\/td><td>2023-09-30<\/td><\/tr><tr><td>Dr. M\u00fcller<\/td><td>Veronika<\/td><td>Foglalkoztatott\/ Employee\/ Besch\u00e4ftigte(r)<\/td><td>Tag\/ Member\/ Mitglied<\/td><td>2023-10-01<\/td><td>2026-09-30<\/td><td><a href=\"https:\/\/semmelweis.hu\/jogigfoig\/files\/2023\/10\/78_2023_ETT-szemelyi-osszetetel.pdf\">Megb\u00edzat\u00e1si dokumentum\/ Mandate document\/ Mandatsdokument<\/a><\/td><td>Egy\u00e9b megsz\u0171n\u00e9si ok<\/td><td>2026-08-28<\/td><\/tr>            <\/tbody>\r\n            <\/table>\r\n        <\/div>\r\n        <\/div>\r\n    <\/div>\r\n    <\/div>\r\n    \n\n<\/div><h2 class=\"tabtitle\">Rules of Procedure<\/h2>\n<div class=\"tabcontent\">\n\n<p><u><a href=\"https:\/\/semmelweis.hu\/jogigfoig\/files\/2020\/10\/178_2020_mell%C3%A9klet_Bizotts%C3%A1gi-%C3%9Cgyrend.pdf\">Rules of Procedure of the University Scientific Council<\/a><\/u><\/p>\n\n<\/div><h2 class=\"tabtitle\">Annual Report<\/h2>\n<div class=\"tabcontent\">\n\n<p><a href=\"https:\/\/semmelweis.hu\/bizottsagok\/files\/2023\/03\/12_2023_az-Egyetem-egeszere-kiterjedo-hataskorrel-rendelkezo-allando-bizottsagok-munkajarol.pdf\" target=\"_blank\" rel=\"noopener\">Decision no. 12\/2023. (II. 9.) of the Semmelweis University Senate approving the report on the work of the standing committees with University-wide competencies established by the Senate<\/a><\/p>\n<p><a href=\"https:\/\/semmelweis.hu\/bizottsagok\/files\/2023\/03\/Beszamolo_Egyetemi-Tudomanyos-Tanacs_2022.pdf\" target=\"_blank\" rel=\"noopener\">Annual report of the University Scientific Council (i.e. ETT) \u2013 2022<\/a><\/p>\n<p><a href=\"https:\/\/semmelweis.hu\/bizottsagok\/files\/2023\/03\/Beszamolo_Egyetemi-Tudomanyos-Tanacs_2021.pdf\" target=\"_blank\" rel=\"noopener\">Annual report of the University Scientific Council (i.e. ETT) \u2013 2021<\/a><\/p>\n<p><a href=\"https:\/\/semmelweis.hu\/bizottsagok\/files\/2021\/03\/ETT_\u00e9ves-besz\u00e1mol\u00f3_2020-1.pdf\" target=\"_blank\" rel=\"noopener\">Annual report of the University Scientific Council (i.e. ETT) \u2013 2020<\/a><\/p>\n<p><a href=\"https:\/\/semmelweis.hu\/jogigfoig\/files\/2020\/03\/ETT_2019_eves_beszamolo_20200203.pdf\" target=\"_blank\" rel=\"noopener\">Annual report of the University Scientific Council (i.e. ETT) \u2013 2019<\/a><\/p>\n<\/div><\/div>\n","protected":false},"excerpt":{"rendered":"<p>In order to perform the tasks included in the current SZMSZ: makes proposals for the general research and development preferences and strategies of the University, formulates the general evaluation criteria for the scientific research field of the University, evaluates the scientific performance of the University on the basis of national and international standards, ensures the &hellip;<\/p>\n","protected":false},"author":101595,"featured_media":0,"parent":1094,"menu_order":0,"comment_status":"closed","ping_status":"closed","template":"","meta":{"_acf_changed":false,"footnotes":""},"categories":[],"tags":[],"class_list":["post-1087","page","type-page","status-publish","hentry"],"acf":[],"_links":{"self":[{"href":"https:\/\/semmelweis.hu\/bizottsagok\/wp-json\/wp\/v2\/pages\/1087","targetHints":{"allow":["GET"]}}],"collection":[{"href":"https:\/\/semmelweis.hu\/bizottsagok\/wp-json\/wp\/v2\/pages"}],"about":[{"href":"https:\/\/semmelweis.hu\/bizottsagok\/wp-json\/wp\/v2\/types\/page"}],"author":[{"embeddable":true,"href":"https:\/\/semmelweis.hu\/bizottsagok\/wp-json\/wp\/v2\/users\/101595"}],"replies":[{"embeddable":true,"href":"https:\/\/semmelweis.hu\/bizottsagok\/wp-json\/wp\/v2\/comments?post=1087"}],"version-history":[{"count":7,"href":"https:\/\/semmelweis.hu\/bizottsagok\/wp-json\/wp\/v2\/pages\/1087\/revisions"}],"predecessor-version":[{"id":2300,"href":"https:\/\/semmelweis.hu\/bizottsagok\/wp-json\/wp\/v2\/pages\/1087\/revisions\/2300"}],"up":[{"embeddable":true,"href":"https:\/\/semmelweis.hu\/bizottsagok\/wp-json\/wp\/v2\/pages\/1094"}],"wp:attachment":[{"href":"https:\/\/semmelweis.hu\/bizottsagok\/wp-json\/wp\/v2\/media?parent=1087"}],"wp:term":[{"taxonomy":"category","embeddable":true,"href":"https:\/\/semmelweis.hu\/bizottsagok\/wp-json\/wp\/v2\/categories?post=1087"},{"taxonomy":"post_tag","embeddable":true,"href":"https:\/\/semmelweis.hu\/bizottsagok\/wp-json\/wp\/v2\/tags?post=1087"}],"curies":[{"name":"wp","href":"https:\/\/api.w.org\/{rel}","templated":true}]}}