{"id":1056,"date":"2021-01-04T14:11:08","date_gmt":"2021-01-04T13:11:08","guid":{"rendered":"https:\/\/semmelweis.hu\/bizottsagok\/?page_id=1056"},"modified":"2023-03-16T11:49:20","modified_gmt":"2023-03-16T10:49:20","slug":"kommission-fuer-die-begutachtung-externer-forschungsarbeiten","status":"publish","type":"page","link":"https:\/\/semmelweis.hu\/bizottsagok\/de\/feste-kimissionen\/komissionen-mit-universitaetskompetenz\/kommission-fuer-die-begutachtung-externer-forschungsarbeiten\/","title":{"rendered":"KOMMISSION F\u00dcR DIE BEGUTACHTUNG EXTERNER FORSCHUNGSARBEITEN"},"content":{"rendered":"<div class=\"responsive-tabs\">\n<h2 class=\"tabtitle\">Aufgaben und Zust\u00e4ndigkeit<\/h2>\n<div class=\"tabcontent\">\n\n<p>Die Kommission f\u00fcr die Begutachtung externer Forschungsarbeiten f\u00fchrt die Bewertung der entsprechend der Ordnung f\u00fcr klinische und pr\u00e4klinische Forschung bei der Universit\u00e4t eingereichten und von ihr genehmigten Vertr\u00e4ge auf Jahresebene durch, insbesondere im Hinblick darauf, ob die Interessen der Universit\u00e4t ausreichend zur Geltung gekommen sind;\u00a0unterst\u00fctzt auf Ersuchen den in der Ordnung f\u00fcr klinische und pr\u00e4klinische Forschung genannten Referenten f\u00fcr Arzneimittelstudien bei der Kl\u00e4rung der in der Forschung auftretenden fachlichen Fragen;\u00a0informiert unter Hinzuziehung des Facharztes f\u00fcr Klinische Pharmakologie des Krankenhauses zum Zwecke der Weiterbildung die betroffenen Organisationseinheiten \u00fcber die Prinzipien der klinischen Pharmakologie sowie \u00fcber die Bestimmungen in der Ordnung f\u00fcr klinische und pr\u00e4klinische Forschung bzw. deren \u00c4nderungen.<\/p>\n\n<\/div><h2 class=\"tabtitle\">Mitglieder<\/h2>\n<div class=\"tabcontent\">\n\n<p><strong><em>Ansprechpartner:<\/em><\/strong><\/p>\n<p><strong><em>E-Mail:<\/em><\/strong> <u><a href=\"mailto:titkarsag.psych@med.semmelweis-univ.hu\">titkarsag.psych@med.semmelweis-univ.hu<\/a><\/u><\/p>\n    \r\n    <div id=\"peopleContainer\" style=\"text-align:center;\">\r\n    <input type=\"hidden\" name=\"cimkek\" id=\"cimkek\" value=\"Nachname,Vorname,Grundlage des Mandats,Art des Mandats,Beginn des <br \/>\nMandats,Ende des Mandats,Mandatsdokument,Grund f\u00fcr das Erl\u00f6schen,Datum des <br \/>\nErl\u00f6schens\">\r\n    <input type=\"hidden\" name=\"kihagy_aktiv\" id=\"kihagy_aktiv\" value=\"Grund f\u00fcr das Erl\u00f6schen||megszunes_oka,Datum des <br \/>\nErl\u00f6schens||megszunes_datuma\">\r\n    <input type=\"hidden\" name=\"kihagy_archiv\" id=\"kihagy_archiv\" value=\"\">\r\n    <div id=\"aktivTagokContainer\" style=\"overflow:auto;\">\r\n        <table>\r\n        <thead style=\"text-align:center;\">\r\n            <th>Nachname<\/th><th>Vorname<\/th><th>Grundlage des Mandats<\/th><th>Art des Mandats<\/th><th>Beginn des <br \/>\nMandats<\/th><th>Ende des Mandats<\/th><th>Mandatsdokument<\/th>        <\/thead>\r\n        <tbody>\r\n        <tr><td>Dr. Bitter <\/td><td>Istv\u00e1n<\/td><td>Foglalkoztatott\/ Employee\/ Besch\u00e4ftigte(r)<\/td><td>Eln\u00f6khelyettes\/ Vice-Chairperson\/ Stellvertretender Vorsitzender<\/td><td>2025-01-01<\/td><td>2027-12-31<\/td><td><a href=\"https:\/\/semmelweis.hu\/jogigfoig\/files\/2024\/12\/115_2024_Kulso-Kutatasi-Munkakat-Velemenyezo-Bizottsag-szemelyi-osszetetelenek-megujitasa.pdf\">Megb\u00edzat\u00e1si dokumentum\/ Mandate document\/ Mandatsdokument<\/a><\/td><\/tr><tr><td>Dr. Tak\u00e1cs<\/td><td> Istv\u00e1n<\/td><td>Foglalkoztatott\/ Employee\/ Besch\u00e4ftigte(r)<\/td><td>Eln\u00f6k\/ Chairperson\/ Vorsitzender<\/td><td>2025-01-01<\/td><td>2027-12-31<\/td><td><a href=\"https:\/\/semmelweis.hu\/jogigfoig\/files\/2024\/12\/115_2024_Kulso-Kutatasi-Munkakat-Velemenyezo-Bizottsag-szemelyi-osszetetelenek-megujitasa.pdf\">Megb\u00edzat\u00e1si dokumentum\/ Mandate document\/ Mandatsdokument<\/a><\/td><\/tr><tr><td>Dr. Varga <\/td><td>Gergely<\/td><td>Foglalkoztatott\/ Employee\/ Besch\u00e4ftigte(r)<\/td><td>Tag\/ Member\/ Mitglied<\/td><td>2025-01-01<\/td><td>2027-12-31<\/td><td><a href=\"https:\/\/semmelweis.hu\/jogigfoig\/files\/2024\/12\/115_2024_Kulso-Kutatasi-Munkakat-Velemenyezo-Bizottsag-szemelyi-osszetetelenek-megujitasa.pdf\">Megb\u00edzat\u00e1si dokumentum\/ Mandate document\/ Mandatsdokument<\/a><\/td><\/tr><tr><td>Dr. Farkas <\/td><td>Krist\u00f3f<\/td><td>Foglalkoztatott\/ Employee\/ Besch\u00e4ftigte(r)<\/td><td>Tag\/Member\/Mitglied<\/td><td>2025-01-01<\/td><td>2027-12-31<\/td><td><a href=\"https:\/\/semmelweis.hu\/jogigfoig\/files\/2024\/12\/115_2024_Kulso-Kutatasi-Munkakat-Velemenyezo-Bizottsag-szemelyi-osszetetelenek-megujitasa.pdf\">Megb\u00edzat\u00e1si dokumentum\/ Mandate document\/ Mandatsdokument<\/a><\/td><\/tr><tr><td>Dr. Tam\u00e1si <\/td><td>Lilla<\/td><td>Foglalkoztatott\/ Employee\/ Besch\u00e4ftigte(r)<\/td><td>Tag\/ Member\/ Mitglied<\/td><td>2025-01-01<\/td><td>2027-12-31<\/td><td><a href=\"https:\/\/semmelweis.hu\/jogigfoig\/files\/2024\/12\/115_2024_Kulso-Kutatasi-Munkakat-Velemenyezo-Bizottsag-szemelyi-osszetetelenek-megujitasa.pdf\">Megb\u00edzat\u00e1si dokumentum\/ Mandate document\/ Mandatsdokument<\/a><\/td><\/tr><tr><td>Dr. Sz\u0171cs <\/td><td>\u00c1kos<\/td><td>Foglalkoztatott\/ Employee\/ Besch\u00e4ftigte(r)<\/td><td>Tag\/ Member\/ Mitglied<\/td><td>2025-01-01<\/td><td>2027-12-31<\/td><td><a href=\"https:\/\/semmelweis.hu\/jogigfoig\/files\/2024\/12\/115_2024_Kulso-Kutatasi-Munkakat-Velemenyezo-Bizottsag-szemelyi-osszetetelenek-megujitasa.pdf\">Megb\u00edzat\u00e1si dokumentum\/ Mandate document\/ Mandatsdokument<\/a><\/td><\/tr><tr><td>Dr. Nagy <\/td><td>Klaudia Vivien<\/td><td>Foglalkoztatott\/ Employee\/ Besch\u00e4ftigte(r)<\/td><td>Tag\/ Member\/ Mitglied<\/td><td>2025-01-01<\/td><td>2027-12-31<\/td><td><a href=\"https:\/\/semmelweis.hu\/jogigfoig\/files\/2024\/12\/115_2024_Kulso-Kutatasi-Munkakat-Velemenyezo-Bizottsag-szemelyi-osszetetelenek-megujitasa.pdf\">Megb\u00edzat\u00e1si dokumentum\/ Mandate document\/ Mandatsdokument<\/a><\/td><\/tr><tr><td>T\u00f3dorn\u00e9 Bogn\u00e1r <\/td><td>Krisztina <\/td><td>Foglalkoztatott\/ Employee\/ Besch\u00e4ftigte(r)<\/td><td>Tag\/ Member\/ Mitglied<\/td><td>2025-01-01<\/td><td>2027-12-31<\/td><td><a href=\"https:\/\/semmelweis.hu\/jogigfoig\/files\/2024\/12\/115_2024_Kulso-Kutatasi-Munkakat-Velemenyezo-Bizottsag-szemelyi-osszetetelenek-megujitasa.pdf\">Megb\u00edzat\u00e1si dokumentum\/ Mandate document\/ Mandatsdokument<\/a><\/td><\/tr><tr><td>Dr. Mezei<\/td><td>Zsolt<\/td><td>Foglalkoztatott \/ Employee \/ Besch\u00e4ftige(r)<\/td><td>Tag\/ Member\/ Mitglied<\/td><td>2025-01-01<\/td><td>2027-12-31<\/td><td><a href=\"https:\/\/semmelweis.hu\/jogigfoig\/files\/2024\/12\/115_2024_Kulso-Kutatasi-Munkakat-Velemenyezo-Bizottsag-szemelyi-osszetetelenek-megujitasa.pdf\">Megb\u00edzat\u00e1si dokumentum \/ Mandate document \/ Mandatsdokument<\/a><\/td><\/tr><tr><td>Dr. Maurovich Horvat<\/td><td>P\u00e1l<\/td><td>Foglalkoztatott\/ Employee\/ Besch\u00e4ftigte(r)<\/td><td>Tag\/ Member\/ Mitglied<\/td><td>2025-01-01<\/td><td>2027-12-31<\/td><td><a href=\"https:\/\/semmelweis.hu\/jogigfoig\/files\/2024\/12\/115_2024_Kulso-Kutatasi-Munkakat-Velemenyezo-Bizottsag-szemelyi-osszetetelenek-megujitasa.pdf\">Megb\u00edzat\u00e1si dokumentum\/ Mandate document\/ Mandatsdokument<\/a><\/td><\/tr><tr><td>Dr. Papp<\/td><td>Andr\u00e1s<\/td><td>Foglalkoztatott\/ Employee\/ Besch\u00e4ftigte(r)<\/td><td>Tag\/ Member\/ Mitglied<\/td><td>2025-01-01<\/td><td>2027-12-31<\/td><td><a href=\"https:\/\/semmelweis.hu\/jogigfoig\/files\/2024\/12\/115_2024_Kulso-Kutatasi-Munkakat-Velemenyezo-Bizottsag-szemelyi-osszetetelenek-megujitasa.pdf\">Megb\u00edzat\u00e1si dokumentum \/ Mandate document \/ Mandatsdokument<\/a><\/td><\/tr><tr><td>Mikl\u00f3s<\/td><td>Ren\u00e1ta Dalma<\/td><td>Hallgat\u00f3i jogviszony\/ Student status\/ Studierendenrechtsverh\u00e4ltnis<\/td><td>Tag\/ Member\/ Mitglied<\/td><td>2025-06-26<\/td><td>2027-12-31<\/td><td><a href=\"https:\/\/semmelweis.hu\/jogigfoig\/files\/2025\/07\/61_2025_allando-bizottsagok-hallgatoi-tagsagai.pdf\">Megb\u00edzat\u00e1si dokumentum\/ Mandate document\/ Mandatsdokument<\/a><\/td><\/tr><tr><td>Farkas<\/td><td>Enz\u00f3 Brendon<\/td><td>Hallgat\u00f3i jogviszony\/ Student status\/ Studierendenrechtsverh\u00e4ltnis<\/td><td>Tag\/ Member\/ Mitglied<\/td><td>2025-06-26<\/td><td>2027-12-31<\/td><td><a href=\"https:\/\/semmelweis.hu\/jogigfoig\/files\/2025\/07\/61_2025_allando-bizottsagok-hallgatoi-tagsagai.pdf\">Megb\u00edzat\u00e1si dokumentum\/ Mandate document\/ Mandatsdokument<\/a><\/td><\/tr><tr><td>Dr. Horv\u00e1th<\/td><td>Istv\u00e1n L\u00e1szl\u00f3<\/td><td>Foglalkoztatott\/ Employee\/ Besch\u00e4ftigte(r)<\/td><td>Tag\/ Member\/ Mitglied<\/td><td>2025-01-01<\/td><td>2027-12-31<\/td><td><a href=\"https:\/\/semmelweis.hu\/jogigfoig\/files\/2024\/12\/115_2024_Kulso-Kutatasi-Munkakat-Velemenyezo-Bizottsag-szemelyi-osszetetelenek-megujitasa.pdf\">Megb\u00edzat\u00e1si dokumentum\/ Mandate document\/ Mandatsdokument<\/a><\/td><\/tr>        \r\n        \r\n        <\/tbody>\r\n        <\/table>\r\n        <\/div>\r\n\r\n    <div id=\"archivTagokContainer\" style=\"overflow:auto;\">\r\n            <div class=\"exp-col-content-holder\" style=\"border: none;\">\r\n        <a class=\"expand-cnt-link ecf_closed\" href=\"#\">Arch\u00edv<\/a>\r\n        <div class=\"hidden-content\" style=\"display: none;\">\r\n                <table>\r\n            <thead style=\"text-align:center;\">\r\n                <th>Nachname<\/th><th>Vorname<\/th><th>Grundlage des Mandats<\/th><th>Art des Mandats<\/th><th>Beginn des <br \/>\nMandats<\/th><th>Ende des Mandats<\/th><th>Mandatsdokument<\/th><th>Grund f\u00fcr das Erl\u00f6schen<\/th><th>Datum des <br \/>\nErl\u00f6schens<\/th>            <\/thead>\r\n            <tbody>\r\n            <tr><td>Dr. Szab\u00f3 <\/td><td>Attila<\/td><td>Foglalkoztatott\/ Employee\/ Besch\u00e4ftigte(r)<\/td><td>Tag\/ Member\/ Mitglied<\/td><td>2021-01-01<\/td><td>2023-12-31<\/td><td><a href=\"https:\/\/semmelweis.hu\/jogigfoig\/files\/2020\/12\/212_2020_%C3%A1lland%C3%B3-bizotts%C3%A1gok-1.pdf\">Megb\u00edzat\u00e1si dokumentum\/ Mandate document\/ Mandatsdokument<\/a><\/td><td>Egy\u00e9b megsz\u0171n\u00e9si ok<\/td><td>2022-09-30<\/td><\/tr><tr><td>Dr. Ferdinandy <\/td><td>P\u00e9ter<\/td><td>Foglalkoztatott\/ Employee\/ Besch\u00e4ftigte(r)<\/td><td>Tag\/ Member\/ Mitglied<\/td><td>2021-01-01<\/td><td>2023-12-31<\/td><td><a href=\"https:\/\/semmelweis.hu\/jogigfoig\/files\/2020\/12\/212_2020_%C3%A1lland%C3%B3-bizotts%C3%A1gok-1.pdf\">Megb\u00edzat\u00e1si dokumentum\/ Mandate document\/ Mandatsdokument<\/a><\/td><td>Egy\u00e9b megsz\u0171n\u00e9si ok<\/td><td>2022-09-30<\/td><\/tr><tr><td>Dr. Szili <\/td><td>Bal\u00e1zs<\/td><td>Foglalkoztatott\/ Employee\/ Besch\u00e4ftigte(r)<\/td><td>Tag\/ Member\/ Mitglied<\/td><td>2021-01-01<\/td><td>2023-12-31<\/td><td><a href=\"https:\/\/semmelweis.hu\/jogigfoig\/files\/2020\/12\/212_2020_%C3%A1lland%C3%B3-bizotts%C3%A1gok-1.pdf\">Megb\u00edzat\u00e1si dokumentum\/ Mandate document\/ Mandatsdokument<\/a><\/td><td>Egy\u00e9b megsz\u0171n\u00e9si ok<\/td><td>2022-09-30<\/td><\/tr><tr><td>Dr. Garami <\/td><td>Mikl\u00f3s<\/td><td>Foglalkoztatott\/ Employee\/ Besch\u00e4ftigte(r)<\/td><td>Tag\/ Member\/ Mitglied<\/td><td>2021-01-01<\/td><td>2023-12-31<\/td><td><a href=\"https:\/\/semmelweis.hu\/jogigfoig\/files\/2020\/12\/212_2020_%C3%A1lland%C3%B3-bizotts%C3%A1gok-1.pdf\">Megb\u00edzat\u00e1si dokumentum\/ Mandate document\/ Mandatsdokument<\/a><\/td><td>Egy\u00e9b megsz\u0171n\u00e9si ok<\/td><td>2022-09-30<\/td><\/tr><tr><td>Dr. Kov\u00e1cs <\/td><td>Tibor<\/td><td>Foglalkoztatott\/ Employee\/ Besch\u00e4ftigte(r)<\/td><td>Tag\/ Member\/ Mitglied<\/td><td>2021-01-01<\/td><td>2023-12-31<\/td><td><a href=\"https:\/\/semmelweis.hu\/jogigfoig\/files\/2020\/12\/212_2020_%C3%A1lland%C3%B3-bizotts%C3%A1gok-1.pdf\">Megb\u00edzat\u00e1si dokumentum\/ Mandate document\/ Mandatsdokument<\/a><\/td><td>Egy\u00e9b megsz\u0171n\u00e9si ok<\/td><td>2022-09-30<\/td><\/tr><tr><td>Dr. Sz\u00e1sz <\/td><td>Attila Marcell<\/td><td>Foglalkoztatott\/ Employee\/ Besch\u00e4ftigte(r)<\/td><td>Tag\/ Member\/ Mitglied<\/td><td>2021-01-01<\/td><td>2023-12-31<\/td><td><a href=\"https:\/\/semmelweis.hu\/jogigfoig\/files\/2020\/12\/212_2020_%C3%A1lland%C3%B3-bizotts%C3%A1gok-1.pdf\">Megb\u00edzat\u00e1si dokumentum\/ Mandate document\/ Mandatsdokument<\/a><\/td><td>Egy\u00e9b megsz\u0171n\u00e9si ok<\/td><td>2022-09-30<\/td><\/tr><tr><td>Dr. Skaliczki <\/td><td>G\u00e1bor<\/td><td>Foglalkoztatott\/ Employee\/ Besch\u00e4ftigte(r)<\/td><td>Tag\/ Member\/ Mitglied<\/td><td>2021-01-01<\/td><td>2023-12-31<\/td><td><a href=\"https:\/\/semmelweis.hu\/jogigfoig\/files\/2020\/12\/212_2020_%C3%A1lland%C3%B3-bizotts%C3%A1gok-1.pdf\">Megb\u00edzat\u00e1si dokumentum\/ Mandate document\/ Mandatsdokument<\/a><\/td><td>Egy\u00e9b megsz\u0171n\u00e9si ok<\/td><td>2022-09-30<\/td><\/tr><tr><td>Dr. Csukly <\/td><td>G\u00e1bor<\/td><td>Foglalkoztatott\/ Employee\/ Besch\u00e4ftigte(r)<\/td><td>Tag\/ Member\/ Mitglied<\/td><td>2021-01-01<\/td><td>2023-12-31<\/td><td><a href=\"https:\/\/semmelweis.hu\/jogigfoig\/files\/2020\/12\/212_2020_%C3%A1lland%C3%B3-bizotts%C3%A1gok-1.pdf\">Megb\u00edzat\u00e1si dokumentum\/ Mandate document\/ Mandatsdokument<\/a><\/td><td>Egy\u00e9b megsz\u0171n\u00e9si ok<\/td><td>2022-09-30<\/td><\/tr><tr><td>Dr. Sobel <\/td><td>G\u00e1bor<\/td><td>Foglalkoztatott\/ Employee\/ Besch\u00e4ftigte(r)<\/td><td>Tag\/ Member\/ Mitglied<\/td><td>2021-01-01<\/td><td>2023-12-31<\/td><td><a href=\"https:\/\/semmelweis.hu\/jogigfoig\/files\/2020\/12\/212_2020_%C3%A1lland%C3%B3-bizotts%C3%A1gok-1.pdf\">Megb\u00edzat\u00e1si dokumentum\/ Mandate document\/ Mandatsdokument<\/a><\/td><td>Egy\u00e9b megsz\u0171n\u00e9si ok<\/td><td>2022-09-30<\/td><\/tr><tr><td>Dr. Horv\u00e1th <\/td><td>Andr\u00e1s<\/td><td>Foglalkoztatott\/ Employee\/ Besch\u00e4ftigte(r)<\/td><td>Tag\/ Member\/ Mitglied<\/td><td>2021-01-01<\/td><td>2023-12-31<\/td><td><a href=\"https:\/\/semmelweis.hu\/jogigfoig\/files\/2020\/12\/212_2020_%C3%A1lland%C3%B3-bizotts%C3%A1gok-1.pdf\">Megbizat\u00e1si dokumentum \/ Mandate document \/ Mandatsdokument<\/a><\/td><td>Egy\u00e9b megsz\u0171n\u00e9si ok<\/td><td>2022-09-30<\/td><\/tr><tr><td>Dr. B\u00e1rczi<\/td><td> Gy\u00f6rgy<\/td><td>Foglalkoztatott\/ Employee\/ Besch\u00e4ftigte(r)<\/td><td>Tag\/ Member\/ Mitglied<\/td><td>2021-01-01<\/td><td>2023-12-31<\/td><td><a href=\"https:\/\/semmelweis.hu\/jogigfoig\/files\/2020\/12\/212_2020_%C3%A1lland%C3%B3-bizotts%C3%A1gok-1.pdf\">Megb\u00edzat\u00e1si dokumentum\/ Mandate document\/ Mandatsdokument<\/a><\/td><td>Egy\u00e9b megsz\u0171n\u00e9si ok<\/td><td>2022-09-30<\/td><\/tr><tr><td>Dr. Riba <\/td><td>P\u00e1l<\/td><td>Foglalkoztatott\/ Employee\/ Besch\u00e4ftigte(r)<\/td><td>Tag\/ Member\/ Mitglied<\/td><td>2021-01-01<\/td><td>2023-12-31<\/td><td><a href=\"https:\/\/semmelweis.hu\/jogigfoig\/files\/2020\/12\/212_2020_%C3%A1lland%C3%B3-bizotts%C3%A1gok-1.pdf\">Megb\u00edzat\u00e1si dokumentum\/ Mandate document\/ Mandatsdokument<\/a><\/td><td>Egy\u00e9b megsz\u0171n\u00e9si ok<\/td><td>2022-09-30<\/td><\/tr><tr><td>Dr. T\u00f6r\u00f6k <\/td><td>Szabolcs<\/td><td>Foglalkoztatott\/ Employee\/ Besch\u00e4ftigte(r)<\/td><td>Tag\/ Member\/ Mitglied<\/td><td>2021-01-01<\/td><td>2023-12-31<\/td><td><a href=\"https:\/\/semmelweis.hu\/jogigfoig\/files\/2020\/12\/212_2020_%C3%A1lland%C3%B3-bizotts%C3%A1gok-1.pdf\">Megb\u00edzat\u00e1si dokumentum\/ Mandate document\/ Mandatsdokument<\/a><\/td><td>Egy\u00e9b megsz\u0171n\u00e9si ok<\/td><td>2022-09-30<\/td><\/tr><tr><td>Dr. Dob\u00f3 Nagy <\/td><td>Csaba<\/td><td>Foglalkoztatott\/ Employee\/ Besch\u00e4ftigte(r)<\/td><td>Tag\/ Member\/ Mitglied<\/td><td>2021-01-01<\/td><td>2023-12-31<\/td><td><a href=\"https:\/\/semmelweis.hu\/jogigfoig\/files\/2020\/12\/212_2020_%C3%A1lland%C3%B3-bizotts%C3%A1gok-1.pdf\">Megb\u00edzat\u00e1si dokumentum\/ Mandate document\/ Mandatsdokument<\/a><\/td><td>Egy\u00e9b megsz\u0171n\u00e9si ok<\/td><td>2022-09-30<\/td><\/tr><tr><td>Dr. Borb\u00e9ly <\/td><td>Judit<\/td><td>Foglalkoztatott\/ Employee\/ Besch\u00e4ftigte(r)<\/td><td>Tag\/ Member\/ Mitglied<\/td><td>2021-01-01<\/td><td>2023-12-31<\/td><td><a href=\"https:\/\/semmelweis.hu\/jogigfoig\/files\/2020\/12\/212_2020_%C3%A1lland%C3%B3-bizotts%C3%A1gok-1.pdf\">Megb\u00edzat\u00e1si dokumentum\/ Mandate document\/ Mandatsdokument<\/a><\/td><td>Egy\u00e9b megsz\u0171n\u00e9si ok<\/td><td>2022-09-30<\/td><\/tr><tr><td>Dr. T\u00e1bi <\/td><td>Tam\u00e1s<\/td><td>Foglalkoztatott\/ Employee\/ Besch\u00e4ftigte(r)<\/td><td>Tag\/ Member\/ Mitglied<\/td><td>2021-01-01<\/td><td>2023-12-31<\/td><td><a href=\"https:\/\/semmelweis.hu\/jogigfoig\/files\/2020\/12\/212_2020_%C3%A1lland%C3%B3-bizotts%C3%A1gok-1.pdf\">Megb\u00edzat\u00e1si dokumentum\/ Mandate document\/ Mandatsdokument<\/a><\/td><td>Egy\u00e9b megsz\u0171n\u00e9si ok<\/td><td>2022-09-30<\/td><\/tr><tr><td>Dr. Seb\u0151k <\/td><td>Szilvia<\/td><td>Foglalkoztatott\/ Employee\/ Besch\u00e4ftigte(r)<\/td><td>Tag\/ Member\/ Mitglied<\/td><td>2021-01-01<\/td><td>2023-12-31<\/td><td><a href=\"https:\/\/semmelweis.hu\/jogigfoig\/files\/2020\/12\/212_2020_%C3%A1lland%C3%B3-bizotts%C3%A1gok-1.pdf\">Megb\u00edzat\u00e1si dokumentum\/ Mandate document\/ Mandatsdokument<\/a><\/td><td>Egy\u00e9b megsz\u0171n\u00e9si ok<\/td><td>2022-09-30<\/td><\/tr><tr><td>Dr. T\u00fari<\/td><td> Ibolya<\/td><td>Foglalkoztatott\/ Employee\/ Besch\u00e4ftigte(r)<\/td><td>Tag\/ Member\/ Mitglied<\/td><td>2021-01-01<\/td><td>2023-12-31<\/td><td><a href=\"https:\/\/semmelweis.hu\/jogigfoig\/files\/2020\/12\/212_2020_%C3%A1lland%C3%B3-bizotts%C3%A1gok-1.pdf\">Megb\u00edzat\u00e1si dokumentum\/ Mandate document\/ Mandatsdokument<\/a><\/td><td>Egy\u00e9b megsz\u0171n\u00e9si ok<\/td><td>2022-09-30<\/td><\/tr><tr><td>V\u00f6lcsei <\/td><td>Norbert<\/td><td>Hallgat\u00f3i jogviszony\/ Student status\/ Studierendenrechtsverh\u00e4ltnis<\/td><td>Tag\/ Member\/ Mitglied<\/td><td>2021-01-01<\/td><td>2023-12-31<\/td><td><a href=\"https:\/\/semmelweis.hu\/jogigfoig\/files\/2020\/12\/212_2020_%C3%A1lland%C3%B3-bizotts%C3%A1gok-1.pdf\">Megb\u00edzat\u00e1si dokumentum\/ Mandate document\/ Mandatsdokument<\/a><\/td><td>Egy\u00e9b megsz\u0171n\u00e9si ok<\/td><td>2022-09-30<\/td><\/tr><tr><td>Dr. Sallai <\/td><td>Imre<\/td><td>Hallgat\u00f3i jogviszony\/ Student status\/ Studierendenrechtsverh\u00e4ltnis<\/td><td>Tag\/ Member\/ Mitglied<\/td><td>2021-01-01<\/td><td>2023-12-31<\/td><td><a href=\"https:\/\/semmelweis.hu\/jogigfoig\/files\/2020\/12\/212_2020_%C3%A1lland%C3%B3-bizotts%C3%A1gok-1.pdf\">Megb\u00edzat\u00e1si dokumentum\/ Mandate document\/ Mandatsdokument<\/a><\/td><td>Egy\u00e9b megsz\u0171n\u00e9si ok<\/td><td>2022-09-30<\/td><\/tr><tr><td>Dr. Vok\u00f3 <\/td><td>Zolt\u00e1n<\/td><td>Foglalkoztatott\/ Employee\/ Besch\u00e4ftigte(r)<\/td><td>Tag\/ Member\/ Mitglied<\/td><td>2021-01-01<\/td><td>2023-12-31<\/td><td><a href=\"https:\/\/semmelweis.hu\/jogigfoig\/files\/2020\/12\/212_2020_%C3%A1lland%C3%B3-bizotts%C3%A1gok-1.pdf\">Megb\u00edzat\u00e1si dokumentum\/ Mandate document\/ Mandatsdokument<\/a><\/td><td>Egy\u00e9b megsz\u0171n\u00e9si ok<\/td><td>2022-09-30<\/td><\/tr><tr><td>Dr. Barna<\/td><td>\u00c1d\u00e1m<\/td><td>Hallgat\u00f3i jogviszony\/ Student status\/ Studierendenrechtsverh\u00e4ltnis<\/td><td>Tag\/ Member\/ Mitglied<\/td><td>2022-12-02<\/td><td>2024-12-31<\/td><td><a href=\"https:\/\/semmelweis.hu\/jogigfoig\/files\/2022\/12\/99_2022_allando-bizottsagok-doktorandusz-hallgatok.pdf\">Megb\u00edzat\u00e1si dokumentum\/ Mandate document\/ Mandatsdokument<\/a><\/td><td>Egy\u00e9b megsz\u0171n\u00e9si ok<\/td><td>2024-02-28<\/td><\/tr><tr><td>Ko\u00f3s<\/td><td>G\u00e1bor<\/td><td>Hallgat\u00f3i jogviszony\/ Student status\/ Studierendenrechtsverh\u00e4ltnis<\/td><td>Tag\/ Member\/ Mitglied<\/td><td>2023-06-29<\/td><td>2024-12-31<\/td><td><a href=\"https:\/\/semmelweis.hu\/jogigfoig\/files\/2023\/07\/62_2023_egyetemi-hataskoru-bizottsagok.pdf\">Megb\u00edzat\u00e1si dokumentum\/ Mandate document\/ Mandatsdokument<\/a><\/td><td>Egy\u00e9b megsz\u0171n\u00e9si ok<\/td><td>2025-06-25<\/td><\/tr><tr><td>Dr. Artner<\/td><td>Anna<\/td><td>Hallgat\u00f3i jogviszony\/ Student status\/ Studierendenrechtsverh\u00e4ltnis<\/td><td>Tag\/ Member\/ Mitglied<\/td><td>2024-02-29<\/td><td>2024-12-31<\/td><td><a href=\"https:\/\/semmelweis.hu\/jogigfoig\/files\/2024\/03\/15_2024_allando-bizottsagok-doktorandusz-hallgatok_.pdf?_gl=1*1n46vsl*_up*MQ..*_ga*MTMyNTAxMTUwNi4xNzA5ODk3MzQ2*_ga_5B3MMKXDLW*MTcwOTg5NzM0NS4xLjEuMTcwOTg5NzQxMC4wLjAuMA..\">Megb\u00edzat\u00e1si dokumentum\/ Mandate document\/ Mandatsdokument<\/a><\/td><td>Egy\u00e9b megsz\u0171n\u00e9si ok<\/td><td>2025-06-25<\/td><\/tr>            <\/tbody>\r\n            <\/table>\r\n        <\/div>\r\n        <\/div>\r\n    <\/div>\r\n    <\/div>\r\n    \n\n<\/div><h2 class=\"tabtitle\">Gesch\u00e4ftsordnung<\/h2>\n<div class=\"tabcontent\">\n\n<p><u><a href=\"https:\/\/semmelweis.hu\/jogigfoig\/files\/2018\/12\/139_XI_29_2018_sz_hat_KK_bizottsag_ugyrend.pdf\">Beschluss Nr. 139\/2018 (XI. 29.) des Senates der Semmelweis Universit\u00e4t \u00fcber die \u00c4nderung der Gesch\u00e4ftsordnung der Kommission f\u00fcr die Begutachtung externer Forschungsarbeiten<\/a><\/u><\/p>\n<p><u><a href=\"https:\/\/semmelweis.hu\/jogigfoig\/files\/2018\/02\/KK_Bizottsag_Ugyrend.pdf\">Gesch\u00e4ftsordnung der Kommission f\u00fcr die Begutachtung externer Forschungsarbeiten<\/a><\/u><\/p>\n\n<\/div><h2 class=\"tabtitle\">Jahresbericht<\/h2>\n<div class=\"tabcontent\">\n\n<p><a href=\"https:\/\/semmelweis.hu\/bizottsagok\/files\/2023\/03\/12_2023_az-Egyetem-egeszere-kiterjedo-hataskorrel-rendelkezo-allando-bizottsagok-munkajarol.pdf\" target=\"_blank\" rel=\"noopener\">Beschluss Nr. 12\/2023 (II.9.) des Senates der Semmelweis Universit\u00e4t \u00fcber die Annahme des Berichts \u00fcber die T\u00e4tigkeit der vom Senat eingesetzten gesamtuniversit\u00e4ren st\u00e4ndigen Kommissionen<\/a>\u00a0<\/p>\n<p><a href=\"https:\/\/semmelweis.hu\/bizottsagok\/files\/2023\/03\/Beszamolo_Kulso-Klinikai-Munkakat-Velemenyezo-Bizottsag_2022.pdf\" target=\"_blank\" rel=\"noopener\">Jahresbericht der Kommission f\u00fcr die Begutachtung externer Forschungsarbeiten \u2013 2022<\/a><\/p>\n<p><a href=\"https:\/\/semmelweis.hu\/bizottsagok\/files\/2023\/03\/Beszamolo_Kulso-Klinikai-Munkakat-Velemenyezo-Bizottsag_2021.pdf\" target=\"_blank\" rel=\"noopener\">Jahresbericht der Kommission f\u00fcr die Begutachtung externer Forschungsarbeiten \u2013 2021<\/a><\/p>\n<p><a href=\"https:\/\/semmelweis.hu\/bizottsagok\/files\/2021\/03\/KK-Bizotts\u00e1g_\u00e9ves-besz\u00e1mol\u00f3_2020-2.pdf\" target=\"_blank\" rel=\"noopener\">Jahresbericht der Kommission f\u00fcr die Begutachtung externer Forschungsarbeiten \u2013 2020<\/a><\/p>\n<p><a href=\"https:\/\/semmelweis.hu\/jogigfoig\/files\/2020\/03\/KK_bizotts%C3%A1g1.pdf\" target=\"_blank\" rel=\"noopener\">Jahresbericht der Kommission f\u00fcr die Begutachtung externer Forschungsarbeiten \u2013 2019<\/a><\/p>\n<\/div><\/div>\n","protected":false},"excerpt":{"rendered":"<p>Die Kommission f\u00fcr die Begutachtung externer Forschungsarbeiten f\u00fchrt die Bewertung der entsprechend der Ordnung f\u00fcr klinische und pr\u00e4klinische Forschung bei der Universit\u00e4t eingereichten und von ihr genehmigten Vertr\u00e4ge auf Jahresebene durch, insbesondere im Hinblick darauf, ob die Interessen der Universit\u00e4t ausreichend zur Geltung gekommen sind;\u00a0unterst\u00fctzt auf Ersuchen den in der Ordnung f\u00fcr klinische und pr\u00e4klinische &hellip;<\/p>\n","protected":false},"author":101595,"featured_media":0,"parent":1260,"menu_order":0,"comment_status":"closed","ping_status":"closed","template":"","meta":{"_acf_changed":false,"footnotes":""},"categories":[],"tags":[],"class_list":["post-1056","page","type-page","status-publish","hentry"],"acf":[],"_links":{"self":[{"href":"https:\/\/semmelweis.hu\/bizottsagok\/wp-json\/wp\/v2\/pages\/1056","targetHints":{"allow":["GET"]}}],"collection":[{"href":"https:\/\/semmelweis.hu\/bizottsagok\/wp-json\/wp\/v2\/pages"}],"about":[{"href":"https:\/\/semmelweis.hu\/bizottsagok\/wp-json\/wp\/v2\/types\/page"}],"author":[{"embeddable":true,"href":"https:\/\/semmelweis.hu\/bizottsagok\/wp-json\/wp\/v2\/users\/101595"}],"replies":[{"embeddable":true,"href":"https:\/\/semmelweis.hu\/bizottsagok\/wp-json\/wp\/v2\/comments?post=1056"}],"version-history":[{"count":8,"href":"https:\/\/semmelweis.hu\/bizottsagok\/wp-json\/wp\/v2\/pages\/1056\/revisions"}],"predecessor-version":[{"id":2276,"href":"https:\/\/semmelweis.hu\/bizottsagok\/wp-json\/wp\/v2\/pages\/1056\/revisions\/2276"}],"up":[{"embeddable":true,"href":"https:\/\/semmelweis.hu\/bizottsagok\/wp-json\/wp\/v2\/pages\/1260"}],"wp:attachment":[{"href":"https:\/\/semmelweis.hu\/bizottsagok\/wp-json\/wp\/v2\/media?parent=1056"}],"wp:term":[{"taxonomy":"category","embeddable":true,"href":"https:\/\/semmelweis.hu\/bizottsagok\/wp-json\/wp\/v2\/categories?post=1056"},{"taxonomy":"post_tag","embeddable":true,"href":"https:\/\/semmelweis.hu\/bizottsagok\/wp-json\/wp\/v2\/tags?post=1056"}],"curies":[{"name":"wp","href":"https:\/\/api.w.org\/{rel}","templated":true}]}}