{"id":1047,"date":"2021-01-04T14:06:05","date_gmt":"2021-01-04T13:06:05","guid":{"rendered":"https:\/\/semmelweis.hu\/bizottsagok\/?page_id=1047"},"modified":"2023-03-16T13:05:50","modified_gmt":"2023-03-16T12:05:50","slug":"habilitationskommission","status":"publish","type":"page","link":"https:\/\/semmelweis.hu\/bizottsagok\/de\/feste-kimissionen\/komissionen-mit-universitaetskompetenz\/habilitationskommission\/","title":{"rendered":"HABILITATIONSKOMMISSION"},"content":{"rendered":"<div class=\"responsive-tabs\">\n<h2 class=\"tabtitle\">Aufgaben und Zust\u00e4ndigkeit<\/h2>\n<div class=\"tabcontent\">\n\n<p>Aufgabe der Habilitationskommission ist die Durchf\u00fchrung des Habilitationsverfahrens. Die diesbez\u00fcglichen ausf\u00fchrlichen Regeln sind in einer gesonderten Ordnung der Universit\u00e4t \u2013 die Bestandteil der Organisations- und Betriebsordnung (OUB) ist &#8211; enthalten.<\/p>\n\n<\/div><h2 class=\"tabtitle\">Mitglieder<\/h2>\n<div class=\"tabcontent\">\n\n<p><strong><em>Ansprechpartner:<\/em><\/strong>\u00a0Ibolya Balog<br \/>\n<strong><em>E-Mail:<\/em><\/strong>\u00a0<u><a href=\"mailto:balog.ibolya@med.semmelweis-univ.hu\">balog.ibolya@med.semmelweis-univ.hu<\/a><\/u><\/p>\n    \r\n    <div id=\"peopleContainer\" style=\"text-align:center;\">\r\n    <input type=\"hidden\" name=\"cimkek\" id=\"cimkek\" value=\"Nachname,Vorname,Grundlage des Mandats,Art des Mandats,Beginn des <br \/>\nMandats,Ende des Mandats,Mandatsdokument,Grund f\u00fcr das Erl\u00f6schen,Datum des <br \/>\nErl\u00f6schens\">\r\n    <input type=\"hidden\" name=\"kihagy_aktiv\" id=\"kihagy_aktiv\" value=\"Grund f\u00fcr das Erl\u00f6schen||megszunes_oka,Datum des <br \/>\nErl\u00f6schens||megszunes_datuma\">\r\n    <input type=\"hidden\" name=\"kihagy_archiv\" id=\"kihagy_archiv\" value=\"\">\r\n    <div id=\"aktivTagokContainer\" style=\"overflow:auto;\">\r\n        <table>\r\n        <thead style=\"text-align:center;\">\r\n            <th>Nachname<\/th><th>Vorname<\/th><th>Grundlage des Mandats<\/th><th>Art des Mandats<\/th><th>Beginn des <br \/>\nMandats<\/th><th>Ende des Mandats<\/th><th>Mandatsdokument<\/th>        <\/thead>\r\n        <tbody>\r\n        <tr><td>Dr. Nagy<\/td><td>Zolt\u00e1n Zsolt<\/td><td>Foglalkoztatott\/ Employee\/ Besch\u00e4ftigte(r)<\/td><td>Eln\u00f6k\/ Chairperson\/ Vorsitzender<\/td><td>2023-04-01<\/td><td>2027-03-31<\/td><td><a href=\"https:\/\/semmelweis.hu\/bizottsagok\/files\/2023\/04\/16_2023_a-Habilitacios-Bizottsag-szemelyi-osszetetelenek-megujitasarol.pdf\">Megb\u00edzat\u00e1si dokumentum\/ Mandate document\/ Mandatsdokument<\/a><\/td><\/tr><tr><td>Dr. Beny\u00f3<\/td><td>Zolt\u00e1n<\/td><td>Foglalkoztatott\/ Employee\/ Besch\u00e4ftigte(r)<\/td><td>Tag\/ Member\/ Mitglied<\/td><td>2023-04-01<\/td><td>2027-03-31<\/td><td><a href=\"https:\/\/semmelweis.hu\/bizottsagok\/files\/2023\/04\/16_2023_a-Habilitacios-Bizottsag-szemelyi-osszetetelenek-megujitasarol.pdf\">Megb\u00edzat\u00e1si dokumentum\/ Mandate document\/ Mandatsdokument<\/a><\/td><\/tr><tr><td>Dr. Csan\u00e1dy<\/td><td>L\u00e1szl\u00f3<\/td><td>Foglalkoztatott\/ Employee\/ Besch\u00e4ftigte(r)<\/td><td>Tag\/ Member\/ Mitglied<\/td><td>2023-04-01<\/td><td>2027-03-31<\/td><td><a href=\"https:\/\/semmelweis.hu\/bizottsagok\/files\/2023\/04\/16_2023_a-Habilitacios-Bizottsag-szemelyi-osszetetelenek-megujitasarol.pdf\">Megb\u00edzat\u00e1si dokumentum\/ Mandate document\/ Mandatsdokument<\/a><\/td><\/tr><tr><td>Dr. Dob\u00f3 Nagy<\/td><td>Csaba<\/td><td>Foglalkoztatott\/ Employee\/ Besch\u00e4ftigte(r)<\/td><td>Tag\/ Member\/ Mitglied<\/td><td>2023-04-01<\/td><td>2027-03-31<\/td><td><a href=\"https:\/\/semmelweis.hu\/bizottsagok\/files\/2023\/04\/16_2023_a-Habilitacios-Bizottsag-szemelyi-osszetetelenek-megujitasarol.pdf\">Megb\u00edzat\u00e1si dokumentum\/ Mandate document\/ Mandatsdokument<\/a><\/td><\/tr><tr><td>Dr. Gell\u00e9r<\/td><td>L\u00e1szl\u00f3<\/td><td>Foglalkoztatott\/ Employee\/ Besch\u00e4ftigte(r)<\/td><td>Tag\/ Member\/ Mitglied<\/td><td>2023-04-01<\/td><td>2027-03-31<\/td><td><a href=\"https:\/\/semmelweis.hu\/bizottsagok\/files\/2023\/04\/16_2023_a-Habilitacios-Bizottsag-szemelyi-osszetetelenek-megujitasarol.pdf\">Megb\u00edzat\u00e1si dokumentum\/ Mandate document\/ Mandatsdokument<\/a><\/td><\/tr><tr><td>Dr. Hermann<\/td><td>P\u00e9ter<\/td><td>Foglalkoztatott\/ Employee\/ Besch\u00e4ftigte(r)<\/td><td>Tag\/ Member\/ Mitglied<\/td><td>2023-04-01<\/td><td>2027-03-31<\/td><td><a href=\"https:\/\/semmelweis.hu\/bizottsagok\/files\/2023\/04\/16_2023_a-Habilitacios-Bizottsag-szemelyi-osszetetelenek-megujitasarol.pdf\">Megb\u00edzat\u00e1si dokumentum\/ Mandate document\/ Mandatsdokument<\/a><\/td><\/tr><tr><td>Dr. Nyir\u00e1dy<\/td><td>P\u00e9ter<\/td><td>Foglalkoztatott\/ Employee\/ Besch\u00e4ftigte(r)<\/td><td>Tag\/ Member\/ Mitglied<\/td><td>2023-04-01<\/td><td>2027-03-31<\/td><td><a href=\"https:\/\/semmelweis.hu\/bizottsagok\/files\/2023\/04\/16_2023_a-Habilitacios-Bizottsag-szemelyi-osszetetelenek-megujitasarol.pdf\">Megb\u00edzat\u00e1si dokumentum\/ Mandate document\/ Mandatsdokument<\/a><\/td><\/tr><tr><td>Dr. Proh\u00e1szka<\/td><td>Zolt\u00e1n<\/td><td>Foglalkoztatott\/ Employee\/ Besch\u00e4ftigte(r)<\/td><td>Tag\/ Member\/ Mitglied<\/td><td>2023-04-01<\/td><td>2027-03-31<\/td><td><a href=\"https:\/\/semmelweis.hu\/bizottsagok\/files\/2023\/04\/16_2023_a-Habilitacios-Bizottsag-szemelyi-osszetetelenek-megujitasarol.pdf\">Megb\u00edzat\u00e1si dokumentum\/ Mandate document\/ Mandatsdokument<\/a><\/td><\/tr><tr><td>Dr. Szab\u00f3<\/td><td>Attila<\/td><td>Foglalkoztatott\/ Employee\/ Besch\u00e4ftigte(r)<\/td><td>Tag\/ Member\/ Mitglied<\/td><td>2023-04-01<\/td><td>2027-03-31<\/td><td><a href=\"https:\/\/semmelweis.hu\/bizottsagok\/files\/2023\/04\/16_2023_a-Habilitacios-Bizottsag-szemelyi-osszetetelenek-megujitasarol.pdf\">Megb\u00edzat\u00e1si dokumentum\/ Mandate document\/ Mandatsdokument<\/a><\/td><\/tr><tr><td>Dr. Szij\u00e1rt\u00f3<\/td><td>Attila<\/td><td>Foglalkoztatott\/ Employee\/ Besch\u00e4ftigte(r)<\/td><td>Tag\/ Member\/ Mitglied<\/td><td>2023-04-01<\/td><td>2027-03-31<\/td><td><a href=\"https:\/\/semmelweis.hu\/bizottsagok\/files\/2023\/04\/16_2023_a-Habilitacios-Bizottsag-szemelyi-osszetetelenek-megujitasarol.pdf\">Megb\u00edzat\u00e1si dokumentum\/ Mandate document\/ Mandatsdokument<\/a><\/td><\/tr><tr><td>Dr. Sz\u00f6k\u0151<\/td><td>\u00c9va<\/td><td>Foglalkoztatott\/ Employee\/ Besch\u00e4ftigte(r)<\/td><td>Tag\/Member\/Mitglied<\/td><td>2023-04-01<\/td><td>2027-03-31<\/td><td><a href=\"https:\/\/semmelweis.hu\/bizottsagok\/files\/2023\/04\/16_2023_a-Habilitacios-Bizottsag-szemelyi-osszetetelenek-megujitasarol.pdf\">Megb\u00edzat\u00e1si dokumentum\/ Mandate document\/ Mandatsdokument<\/a><\/td><\/tr><tr><td>Dr. Zelk\u00f3<\/td><td>Rom\u00e1na<\/td><td>Foglalkoztatott\/ Employee\/ Besch\u00e4ftigte(r)<\/td><td>Tag\/ Member\/ Mitglied<\/td><td>2023-04-01<\/td><td>2027-03-31<\/td><td><a href=\"https:\/\/semmelweis.hu\/bizottsagok\/files\/2023\/04\/16_2023_a-Habilitacios-Bizottsag-szemelyi-osszetetelenek-megujitasarol.pdf\">Megb\u00edzat\u00e1si dokumentum\/ Mandate document\/ Mandatsdokument<\/a><\/td><\/tr><tr><td>Dr. Balla<\/td><td>Gy\u00f6rgy<\/td><td>Foglalkoztatott\/ Employee\/ Besch\u00e4ftigte(r)<\/td><td>K\u00fcls\u0151 tag\/ External member\/ Externes Mitglied<\/td><td>2023-04-01<\/td><td>2027-03-31<\/td><td><a href=\"https:\/\/semmelweis.hu\/bizottsagok\/files\/2023\/04\/16_2023_a-Habilitacios-Bizottsag-szemelyi-osszetetelenek-megujitasarol.pdf\">Megb\u00edzat\u00e1si dokumentum\/ Mandate document\/ Mandatsdokument<\/a><\/td><\/tr><tr><td>Dr. Ol\u00e1h<\/td><td>Edit<\/td><td>Foglalkoztatott\/ Employee\/ Besch\u00e4ftigte(r)<\/td><td>K\u00fcls\u0151 tag\/ External member\/ Externes Mitglied<\/td><td>2023-04-01<\/td><td>2027-03-31<\/td><td><a href=\"https:\/\/semmelweis.hu\/bizottsagok\/files\/2023\/04\/16_2023_a-Habilitacios-Bizottsag-szemelyi-osszetetelenek-megujitasarol.pdf\">Megb\u00edzat\u00e1si dokumentum\/ Mandate document\/ Mandatsdokument<\/a><\/td><\/tr><tr><td>Dr. Vok\u00f3<\/td><td>Zolt\u00e1n<\/td><td>Foglalkoztatott\/ Employee\/ Besch\u00e4ftigte(r)<\/td><td>K\u00fcls\u0151 tag\/ External member\/ Externes Mitglied<\/td><td>2023-04-01<\/td><td>2027-03-31<\/td><td><a href=\"https:\/\/semmelweis.hu\/bizottsagok\/files\/2023\/04\/16_2023_a-Habilitacios-Bizottsag-szemelyi-osszetetelenek-megujitasarol.pdf\">Megb\u00edzat\u00e1si dokumentum\/ Mandate document\/ Mandatsdokument<\/a><\/td><\/tr><tr><td>Dr. Helyes<\/td><td>Zsuzsanna<\/td><td>Foglalkoztatott\/ Employee\/ Besch\u00e4ftigte(r)<\/td><td>K\u00fcls\u0151 tag\/ External member\/ Externes Mitglied<\/td><td>2023-04-01<\/td><td>2027-03-31<\/td><td><a href=\"https:\/\/semmelweis.hu\/bizottsagok\/files\/2023\/04\/16_2023_a-Habilitacios-Bizottsag-szemelyi-osszetetelenek-megujitasarol.pdf\">Megb\u00edzat\u00e1si dokumentum\/ Mandate document\/ Mandatsdokument<\/a><\/td><\/tr><tr><td>Dr. R\u00f3zsa<\/td><td>No\u00e9mi Katinka<\/td><td>Foglalkoztatott\/ Employee\/ Besch\u00e4ftigte(r)<\/td><td>Tag\/ Member\/ Mitglied<\/td><td>2023-04-01<\/td><td>2027-03-31<\/td><td><a href=\"https:\/\/semmelweis.hu\/bizottsagok\/files\/2023\/04\/16_2023_a-Habilitacios-Bizottsag-szemelyi-osszetetelenek-megujitasarol.pdf\">Megb\u00edzat\u00e1si dokumentum\/ Mandate document\/ Mandatsdokument<\/a><\/td><\/tr><tr><td>Dr. Pethesn\u00e9 D\u00e1vid<\/td><td>Be\u00e1ta<\/td><td>Foglalkoztatott\/ Employee\/ Besch\u00e4ftigte(r)<\/td><td>Tag\/ Member\/ Mitglied<\/td><td>2023-04-01<\/td><td>2027-03-31<\/td><td><a href=\"https:\/\/semmelweis.hu\/bizottsagok\/files\/2023\/04\/16_2023_a-Habilitacios-Bizottsag-szemelyi-osszetetelenek-megujitasarol.pdf\">Megb\u00edzat\u00e1si dokumentum\/ Mandate document\/ Mandatsdokument<\/a><\/td><\/tr><tr><td>Dr. Holl\u00f3<\/td><td>P\u00e9ter<\/td><td>Foglalkoztatott\/ Employee\/ Besch\u00e4ftigte(r)<\/td><td>Tag\/ Member\/ Mitglied<\/td><td>2023-04-01<\/td><td>2027-03-31<\/td><td><a href=\"https:\/\/semmelweis.hu\/bizottsagok\/files\/2023\/04\/16_2023_a-Habilitacios-Bizottsag-szemelyi-osszetetelenek-megujitasarol.pdf\">Megb\u00edzat\u00e1si dokumentum\/ Mandate document\/ Mandatsdokument<\/a><\/td><\/tr><tr><td>Dr. Hegyi<\/td><td>P\u00e9ter<\/td><td>Foglalkoztatott\/ Employee\/ Besch\u00e4ftigte(r)<\/td><td>Tag\/ Member\/ Mitglied<\/td><td>2023-04-01<\/td><td>2027-03-31<\/td><td><a href=\"https:\/\/semmelweis.hu\/bizottsagok\/files\/2023\/04\/16_2023_a-Habilitacios-Bizottsag-szemelyi-osszetetelenek-megujitasarol.pdf\">Megb\u00edzat\u00e1si dokumentum\/ Mandate document\/ Mandatsdokument<\/a><\/td><\/tr><tr><td>Dr. Fogarasi<\/td><td>Andr\u00e1s<\/td><td>Foglalkoztatott\/ Employee\/ Besch\u00e4ftigte(r)<\/td><td>Tag\/ Member\/ Mitglied<\/td><td>2023-04-01<\/td><td>2027-03-31<\/td><td><a href=\"https:\/\/semmelweis.hu\/bizottsagok\/files\/2023\/04\/16_2023_a-Habilitacios-Bizottsag-szemelyi-osszetetelenek-megujitasarol.pdf\">Megb\u00edzat\u00e1si dokumentum\/ Mandate document\/ Mandatsdokument<\/a><\/td><\/tr><tr><td>Dr. Kem\u00e9ny<\/td><td>Lajos<\/td><td>Foglalkoztatott\/ Employee\/ Besch\u00e4ftigte(r)<\/td><td>K\u00fcls\u0151 tag\/ External member\/ Externes Mitglied<\/td><td>2023-04-01<\/td><td>2027-03-31<\/td><td><a href=\"https:\/\/semmelweis.hu\/bizottsagok\/files\/2023\/04\/16_2023_a-Habilitacios-Bizottsag-szemelyi-osszetetelenek-megujitasarol.pdf\">Megb\u00edzat\u00e1si dokumentum\/ Mandate document\/ Mandatsdokument<\/a><\/td><\/tr><tr><td>Dr. V\u00e1mosi<\/td><td>P\u00e9ter<\/td><td>Foglalkoztatott\/ Employee\/ Besch\u00e4ftigte(r)<\/td><td>Megfigyel\u0151\/ Spectator\/ Zuschauer<\/td><td>2024-09-01<\/td><td>2027-03-31<\/td><td><a href=\"https:\/\/semmelweis.hu\/jogigfoig\/files\/2024\/08\/73_2024_Habilitacios-Bizottsag-doktorandusz.pdf\">Megb\u00edzat\u00e1si dokumentum\/ Mandate document\/ Mandatsdokument<\/a><\/td><\/tr>        \r\n        \r\n        <\/tbody>\r\n        <\/table>\r\n        <\/div>\r\n\r\n    <div id=\"archivTagokContainer\" style=\"overflow:auto;\">\r\n            <div class=\"exp-col-content-holder\" style=\"border: none;\">\r\n        <a class=\"expand-cnt-link ecf_closed\" href=\"#\">Arch\u00edv<\/a>\r\n        <div class=\"hidden-content\" style=\"display: none;\">\r\n                <table>\r\n            <thead style=\"text-align:center;\">\r\n                <th>Nachname<\/th><th>Vorname<\/th><th>Grundlage des Mandats<\/th><th>Art des Mandats<\/th><th>Beginn des <br \/>\nMandats<\/th><th>Ende des Mandats<\/th><th>Mandatsdokument<\/th><th>Grund f\u00fcr das Erl\u00f6schen<\/th><th>Datum des <br \/>\nErl\u00f6schens<\/th>            <\/thead>\r\n            <tbody>\r\n            <tr><td>Dr. Ligeti<\/td><td>Erzs\u00e9bet<\/td><td>Foglalkoztatott\/ Employee\/ Besch\u00e4ftigte(r)<\/td><td>Tag\/ Member\/ Mitglied<\/td><td>2019-01-01<\/td><td>2023-03-31<\/td><td><a href=\"https:\/\/semmelweis.hu\/bizottsagok\/files\/2023\/03\/105_2022_Habilitacios-Bizottsag-szemelyi-osszetetel.pdf\">Megb\u00edzat\u00e1si dokumentum\/ Mandate document\/ Mandatsdokument<\/a><\/td><td>Megb\u00edzat\u00e1s lej\u00e1rta<\/td><\/tr><tr><td>Dr. Matolcsy<\/td><td>Andr\u00e1s<\/td><td>Foglalkoztatott\/ Employee\/ Besch\u00e4ftigte(r)<\/td><td>Tag\/ Member\/ Mitglied<\/td><td>2019-01-01<\/td><td>2023-03-31<\/td><td><a href=\"https:\/\/semmelweis.hu\/bizottsagok\/files\/2023\/03\/105_2022_Habilitacios-Bizottsag-szemelyi-osszetetel.pdf\">Megb\u00edzat\u00e1si dokumentum\/ Mandate document\/ Mandatsdokument<\/a><\/td><td>Megb\u00edzat\u00e1s lej\u00e1rta<\/td><\/tr><tr><td>Dr. Sz\u00e9m\u00e1n<\/td><td>Zsuzsanna<\/td><td>Foglalkoztatott\/ Employee\/ Besch\u00e4ftigte(r)<\/td><td>Tag\/ Member\/ Mitglied<\/td><td>2019-01-01<\/td><td>2023-03-31<\/td><td><a href=\"https:\/\/semmelweis.hu\/bizottsagok\/files\/2023\/03\/105_2022_Habilitacios-Bizottsag-szemelyi-osszetetel.pdf\">Megb\u00edzat\u00e1si dokumentum\/ Mandate document\/ Mandatsdokument<\/a><\/td><td>Megb\u00edzat\u00e1s lej\u00e1rta<\/td><\/tr><tr><td>Dr. Freund<\/td><td>Tam\u00e1s<\/td><td>Foglalkoztatott\/ Employee\/ Besch\u00e4ftigte(r)<\/td><td>K\u00fcls\u0151 tag\/ External member\/ Externes Mitglied<\/td><td>2019-01-01<\/td><td>2023-03-31<\/td><td><a href=\"https:\/\/semmelweis.hu\/bizottsagok\/files\/2023\/03\/105_2022_Habilitacios-Bizottsag-szemelyi-osszetetel.pdf\">Megb\u00edzat\u00e1si dokumentum\/ Mandate document\/ Mandatsdokument<\/a><\/td><td>Megb\u00edzat\u00e1s lej\u00e1rta<\/td><\/tr><tr><td>Dr. Kov\u00e1cs L.<\/td><td>G\u00e1bor<\/td><td>Foglalkoztatott\/ Employee\/ Besch\u00e4ftigte(r)<\/td><td>K\u00fcls\u0151 tag\/ External member\/ Externes Mitglied<\/td><td>2019-01-01<\/td><td>2023-03-31<\/td><td><a href=\"https:\/\/semmelweis.hu\/bizottsagok\/files\/2023\/03\/105_2022_Habilitacios-Bizottsag-szemelyi-osszetetel.pdf\">Megb\u00edzat\u00e1si dokumentum\/ Mandate document\/ Mandatsdokument<\/a><\/td><td>Megb\u00edzat\u00e1s lej\u00e1rta<\/td><\/tr><tr><td>Dr. R\u00e9v\u00e9sz<\/td><td>Piroska<\/td><td>Foglalkoztatott\/ Employee\/ Besch\u00e4ftigte(r)<\/td><td>K\u00fcls\u0151 tag\/ External member\/ Externes Mitglied<\/td><td>2019-01-01<\/td><td>2023-03-31<\/td><td><a href=\"https:\/\/semmelweis.hu\/bizottsagok\/files\/2023\/03\/105_2022_Habilitacios-Bizottsag-szemelyi-osszetetel.pdf\">Megb\u00edzat\u00e1si dokumentum\/ Mandate document\/ Mandatsdokument<\/a><\/td><td>Megb\u00edzat\u00e1s lej\u00e1rta<\/td><\/tr><tr><td>Dr. Sallai<\/td><td>Imre<\/td><td>Hallgat\u00f3i jogviszony\/ Student status\/ Studierendenrechtsverh\u00e4ltnis<\/td><td>Megfigyel\u0151\/ Spectator\/ Zuschauer<\/td><td>2020-10-09<\/td><td>2023-03-31<\/td><td><a href=\"https:\/\/semmelweis.hu\/bizottsagok\/files\/2023\/03\/105_2022_Habilitacios-Bizottsag-szemelyi-osszetetel.pdf\">Megb\u00edzat\u00e1si dokumentum\/ Mandate document\/ Mandatsdokument<\/a><\/td><td>Megb\u00edzat\u00e1s lej\u00e1rta<\/td><\/tr><tr><td>Dr. Kiss<\/td><td>Boldizs\u00e1r<\/td><td>Hallgat\u00f3i jogviszony\/ Student status\/ Studierendenrechtsverh\u00e4ltnis<\/td><td>Tag\/ Member\/ Mitglied<\/td><td>2024-02-29<\/td><td>2027-03-31<\/td><td><a href=\"https:\/\/semmelweis.hu\/jogigfoig\/files\/2024\/03\/15_2024_allando-bizottsagok-doktorandusz-hallgatok_.pdf?_gl=1*1n46vsl*_up*MQ..*_ga*MTMyNTAxMTUwNi4xNzA5ODk3MzQ2*_ga_5B3MMKXDLW*MTcwOTg5NzM0NS4xLjEuMTcwOTg5NzQxMC4wLjAuMA..\">Megb\u00edzat\u00e1si dokumentum\/ Mandate document\/ Mandatsdokument<\/a><\/td><td>Egy\u00e9b megsz\u0171n\u00e9si ok<\/td><td>2024-08-30<\/td><\/tr>            <\/tbody>\r\n            <\/table>\r\n        <\/div>\r\n        <\/div>\r\n    <\/div>\r\n    <\/div>\r\n    \n\n<\/div><h2 class=\"tabtitle\">Gesch\u00e4ftsordnung<\/h2>\n<div class=\"tabcontent\">\n\n<p>\u00a0<u><a href=\"https:\/\/semmelweis.hu\/jogigfoig\/files\/2020\/08\/SE-HB-SZR_szenatusra.pdf\">Gesch\u00e4ftsordnung der Habilitationskommission<\/a><\/u><\/p>\n\n<\/div><h2 class=\"tabtitle\">Jahresbericht<\/h2>\n<div class=\"tabcontent\">\n\n<p><a href=\"https:\/\/semmelweis.hu\/bizottsagok\/files\/2023\/03\/12_2023_az-Egyetem-egeszere-kiterjedo-hataskorrel-rendelkezo-allando-bizottsagok-munkajarol.pdf\" target=\"_blank\" rel=\"noopener\">Beschluss Nr. 12\/2023 (II.9.) des Senates der Semmelweis Universit\u00e4t \u00fcber die Annahme des Berichts \u00fcber die T\u00e4tigkeit der vom Senat eingesetzten gesamtuniversit\u00e4ren st\u00e4ndigen Kommissionen<\/a><\/p>\n<p><a href=\"https:\/\/semmelweis.hu\/bizottsagok\/files\/2023\/03\/Beszamolo_Habilitacios-Bizottsag.pdf\" target=\"_blank\" rel=\"noopener\">Jahresbericht 2022 der Habilitationskommission<\/a><\/p>\n<p><a href=\"https:\/\/semmelweis.hu\/bizottsagok\/files\/2023\/03\/Beszamolo_Habilitacios-Bizottsag_2021.pdf\" target=\"_blank\" rel=\"noopener\">Jahresbericht 2021 der Habilitationskommission<\/a><\/p>\n<p><a href=\"https:\/\/semmelweis.hu\/bizottsagok\/files\/2021\/03\/Habilit\u00e1ci\u00f3s-Bizotts\u00e1g_\u00e9ves-besz\u00e1mol\u00f3_2020-2.pdf\" target=\"_blank\" rel=\"noopener\">Jahresbericht 2020 der Habilitationskommission<\/a><\/p>\n<p><a href=\"https:\/\/semmelweis.hu\/jogigfoig\/files\/2020\/03\/Habilit%C3%A1ci%C3%B3s-Bizotts%C3%A1g.pdf\">Jahresbericht 2019 der Habilitationskommission<\/a><\/p>\n<\/div><\/div>\n","protected":false},"excerpt":{"rendered":"<p>Aufgabe der Habilitationskommission ist die Durchf\u00fchrung des Habilitationsverfahrens. Die diesbez\u00fcglichen ausf\u00fchrlichen Regeln sind in einer gesonderten Ordnung der Universit\u00e4t \u2013 die Bestandteil der Organisations- und Betriebsordnung (OUB) ist &#8211; enthalten.<\/p>\n<p>Ansprechpartner:\u00a0Ibolya Balog<br \/>\nE-Mail:\u00a0<a href=\"mailto:balog.ibolya@med.semmelweis-univ.hu\">balog.ibolya@med.semmelweis-univ.hu<\/a><\/p>\n<p>\u00a0<a href=\"https:\/\/semmelweis.hu\/jogigfoig\/files\/2020\/08\/SE-HB-SZR_szenatusra.pdf\">Gesch\u00e4ftsordnung der Habilitationskommission<\/a><\/p>\n<p><a href=\"https:\/\/semmelweis.hu\/bizottsagok\/files\/2023\/03\/12_2023_az-Egyetem-egeszere-kiterjedo-hataskorrel-rendelkezo-allando-bizottsagok-munkajarol.pdf\" target=\"_blank\" rel=\"noopener\">Beschluss Nr. 12\/2023 (II.9.) des Senates der Semmelweis Universit\u00e4t \u00fcber die Annahme des Berichts \u00fcber die T\u00e4tigkeit der vom Senat eingesetzten gesamtuniversit\u00e4ren st\u00e4ndigen Kommissionen<\/a><br \/>\n<a href=\"https:\/\/semmelweis.hu\/bizottsagok\/files\/2023\/03\/Beszamolo_Habilitacios-Bizottsag.pdf\" target=\"_blank\" rel=\"noopener\">Jahresbericht 2022 der Habilitationskommission<\/a><br \/>\n<a href=\"https:\/\/semmelweis.hu\/bizottsagok\/files\/2023\/03\/Beszamolo_Habilitacios-Bizottsag_2021.pdf\" target=\"_blank\" rel=\"noopener\">Jahresbericht 2021 der Habilitationskommission<\/a><br \/>\n<a href=\"https:\/\/semmelweis.hu\/bizottsagok\/files\/2021\/03\/Habilit\u00e1ci\u00f3s-Bizotts\u00e1g_\u00e9ves-besz\u00e1mol\u00f3_2020-2.pdf\" target=\"_blank\" rel=\"noopener\">Jahresbericht 2020 der Habilitationskommission<\/a><br \/>\n<a href=\"https:\/\/semmelweis.hu\/jogigfoig\/files\/2020\/03\/Habilit%C3%A1ci%C3%B3s-Bizotts%C3%A1g.pdf\">Jahresbericht 2019 der Habilitationskommission<\/a><\/p>\n","protected":false},"author":101595,"featured_media":0,"parent":1260,"menu_order":0,"comment_status":"closed","ping_status":"closed","template":"","meta":{"_acf_changed":false,"footnotes":""},"categories":[],"tags":[],"class_list":["post-1047","page","type-page","status-publish","hentry"],"acf":[],"_links":{"self":[{"href":"https:\/\/semmelweis.hu\/bizottsagok\/wp-json\/wp\/v2\/pages\/1047","targetHints":{"allow":["GET"]}}],"collection":[{"href":"https:\/\/semmelweis.hu\/bizottsagok\/wp-json\/wp\/v2\/pages"}],"about":[{"href":"https:\/\/semmelweis.hu\/bizottsagok\/wp-json\/wp\/v2\/types\/page"}],"author":[{"embeddable":true,"href":"https:\/\/semmelweis.hu\/bizottsagok\/wp-json\/wp\/v2\/users\/101595"}],"replies":[{"embeddable":true,"href":"https:\/\/semmelweis.hu\/bizottsagok\/wp-json\/wp\/v2\/comments?post=1047"}],"version-history":[{"count":8,"href":"https:\/\/semmelweis.hu\/bizottsagok\/wp-json\/wp\/v2\/pages\/1047\/revisions"}],"predecessor-version":[{"id":2314,"href":"https:\/\/semmelweis.hu\/bizottsagok\/wp-json\/wp\/v2\/pages\/1047\/revisions\/2314"}],"up":[{"embeddable":true,"href":"https:\/\/semmelweis.hu\/bizottsagok\/wp-json\/wp\/v2\/pages\/1260"}],"wp:attachment":[{"href":"https:\/\/semmelweis.hu\/bizottsagok\/wp-json\/wp\/v2\/media?parent=1047"}],"wp:term":[{"taxonomy":"category","embeddable":true,"href":"https:\/\/semmelweis.hu\/bizottsagok\/wp-json\/wp\/v2\/categories?post=1047"},{"taxonomy":"post_tag","embeddable":true,"href":"https:\/\/semmelweis.hu\/bizottsagok\/wp-json\/wp\/v2\/tags?post=1047"}],"curies":[{"name":"wp","href":"https:\/\/api.w.org\/{rel}","templated":true}]}}