{"id":1043,"date":"2021-01-04T14:03:37","date_gmt":"2021-01-04T13:03:37","guid":{"rendered":"https:\/\/semmelweis.hu\/bizottsagok\/?page_id=1043"},"modified":"2026-04-29T16:13:36","modified_gmt":"2026-04-29T14:13:36","slug":"studien-und-pruefungskommission-der-fakultaet-fuer-pharmazeutische-wissenschaften-gytk","status":"publish","type":"page","link":"https:\/\/semmelweis.hu\/bizottsagok\/de\/feste-kimissionen\/gytk-komissionen\/studien-und-pruefungskommission-der-fakultaet-fuer-pharmazeutische-wissenschaften-gytk\/","title":{"rendered":"STUDIEN- UND PR\u00dcFUNGSKOMMISSION DER GYTK"},"content":{"rendered":"<section class=\"committee lang-de\"><div class=\"keretes w-100\"><ul style=\"list-style-type: square;\"><li><a href=\"#feladat-es-hataskoer\">Feladat- \u00e9s hat\u00e1sk\u00f6r<\/a><\/li><li><a href=\"#a-bizottsag-tagjai\">A bizotts\u00e1g tagjai<\/a><\/li><li><a href=\"#a-bizottsag-uegyrendje\">A bizotts\u00e1g \u00fcgyrendje<\/a><\/li><\/ul><\/div>\n\n\n<div class=\"committee-tab tab-1\" id=\"feladat-es-hataskoer\">\n    <h2>Feladat- \u00e9s hat\u00e1sk\u00f6r<\/h2>\n    <div class=\"committee-tab-content\">\n        <ul>\n<li>Genehmigung einer verg\u00fcnstigten Studienordnung,<\/li>\n<li>Erkl\u00e4rung eines bereits begonnenen Semesters nachtr\u00e4glich zum passiven Semester,<\/li>\n<li>Genehmigung von Antr\u00e4gen auf Zulassung zum\u00a0Doppelstudium oder auf Gasth\u00f6rerschaft,<\/li>\n<li>Genehmigung von Pr\u00fcfungen und Genehmigung von Pr\u00fcfungen au\u00dferhalb des Pr\u00fcfungszeitraums in besonders begr\u00fcndeten F\u00e4llen,<\/li>\n<li>Beurteilung von Billigkeitsantr\u00e4gen,<\/li>\n<li>Genehmigung von Antr\u00e4gen auf Fakult\u00e4ts- bzw. Hochschulwechsel,<\/li>\n<li>sonstige Studienangelegenheiten,<\/li>\n<li>die Zust\u00e4ndigkeit der Kommission erstreckt sich ferner auf sonstige in den Rechtsvorschriften oder der Universit\u00e4ts- bzw. Fakult\u00e4tsordnung genannte Aufgaben.\u00a0<\/li>\n<\/ul>\n    <\/div>\n<\/div><br>\n\n\n<div class=\"committee-tab tab-2\" id=\"a-bizottsag-tagjai\">\n    <h2>A bizotts\u00e1g tagjai<\/h2>\n    <div class=\"committee-tab-content\">\n        \n                        <p class=\"contact-person\">\n                <span><strong>Kapcsolattart\u00f3: <\/strong>\/ GYTK Dean\u2019s Office \/ GYTK Dekanat GYTK D\u00e9k\u00e1ni Hivatal<\/span><br>\n                <span><strong>Email: <\/strong>gytkdhivatal@semmelweis.hu<\/span>\n            <\/p>\n\n\n            \n                            <table id=\"active-members\" \n                    class=\" has-mandate-doc\" \n                    data-subcommittee=\"0\">\n                    <thead>\n                        <tr>\n                            <th class=\"member-name\">N\u00e9v<\/th>\n                            <th class=\"mandate-basis\">Megb\u00edzat\u00e1s alapja<\/th>\n                            <th class=\"mandate-type\">Megb\u00edzat\u00e1s t\u00edpusa<\/th>\n                                                                                    <th class=\"start-date col-group-start\" data-label=\"Megb\u00edzat\u00e1s id\u0151tartama\">Megb\u00edzat\u00e1s kezdete<\/th>\n                            <th class=\"end-date col-group-end\">Megb\u00edzat\u00e1s v\u00e9ge<\/th>\n                            <th class=\"mandate-doc\">Megb\u00edzat\u00e1si dokumentum<\/th>\n                        <\/tr>\n                    <\/thead>\n                    <tbody>\n                        <tr><td class=\"member-name\" data-label=\"N\u00e9v\">Dr. L\u00edvia Budai<\/td><td class=\"mandate-basis\" data-label=\"Megb\u00edzat\u00e1s alapja\">Foglalkoztatott<a href = \"https:\/\/semmelweis.hu\/gytk\/files\/2025\/12\/5_2025_2026_XII_02_GYTK_KT.pdf\" target=\"_blank\">Megb\u00edzat\u00e1si dokumentum<\/a><\/td><td class=\"mandate-type\" data-label=\"Megb\u00edzat\u00e1s t\u00edpusa\">Tag<\/td><td class=\"start-date col-group-start\" data-label=\"Megb\u00edzat\u00e1s kezdete\">01\/01\/2026<\/td><td class=\"end-date col-group-end\" data-label=\"Megb\u00edzat\u00e1s v\u00e9ge\">31\/12\/2028<\/td><td class=\"mandate-doc\" data-label=\"Megb\u00edzat\u00e1si dokumentum\"><a href = \"https:\/\/semmelweis.hu\/gytk\/files\/2025\/12\/5_2025_2026_XII_02_GYTK_KT.pdf\" target=\"_blank\">Megb\u00edzat\u00e1si dokumentum<\/a><\/td><\/tr><tr><td class=\"member-name\" data-label=\"N\u00e9v\">Dr. Tam\u00e1s T\u00e1bi<\/td><td class=\"mandate-basis\" data-label=\"Megb\u00edzat\u00e1s alapja\">Foglalkoztatott<a href = \"https:\/\/semmelweis.hu\/gytk\/files\/2025\/12\/5_2025_2026_XII_02_GYTK_KT.pdf\" target=\"_blank\">Megb\u00edzat\u00e1si dokumentum<\/a><\/td><td class=\"mandate-type\" data-label=\"Megb\u00edzat\u00e1s t\u00edpusa\">Tag<\/td><td class=\"start-date col-group-start\" data-label=\"Megb\u00edzat\u00e1s kezdete\">01\/01\/2026<\/td><td class=\"end-date col-group-end\" data-label=\"Megb\u00edzat\u00e1s v\u00e9ge\">31\/12\/2028<\/td><td class=\"mandate-doc\" data-label=\"Megb\u00edzat\u00e1si dokumentum\"><a href = \"https:\/\/semmelweis.hu\/gytk\/files\/2025\/12\/5_2025_2026_XII_02_GYTK_KT.pdf\" target=\"_blank\">Megb\u00edzat\u00e1si dokumentum<\/a><\/td><\/tr><tr><td class=\"member-name\" data-label=\"N\u00e9v\">Dr. M\u00e1rta Maz\u00e1kn\u00e9 Dr. Kraszni<\/td><td class=\"mandate-basis\" data-label=\"Megb\u00edzat\u00e1s alapja\">Foglalkoztatott<a href = \"https:\/\/semmelweis.hu\/gytk\/files\/2025\/12\/5_2025_2026_XII_02_GYTK_KT.pdf\" target=\"_blank\">Megb\u00edzat\u00e1si dokumentum<\/a><\/td><td class=\"mandate-type\" data-label=\"Megb\u00edzat\u00e1s t\u00edpusa\">Eln\u00f6k<\/td><td class=\"start-date col-group-start\" data-label=\"Megb\u00edzat\u00e1s kezdete\">01\/01\/2026<\/td><td class=\"end-date col-group-end\" data-label=\"Megb\u00edzat\u00e1s v\u00e9ge\">31\/12\/2028<\/td><td class=\"mandate-doc\" data-label=\"Megb\u00edzat\u00e1si dokumentum\"><a href = \"https:\/\/semmelweis.hu\/gytk\/files\/2025\/12\/5_2025_2026_XII_02_GYTK_KT.pdf\" target=\"_blank\">Megb\u00edzat\u00e1si dokumentum<\/a><\/td><\/tr><tr><td class=\"member-name\" data-label=\"N\u00e9v\">Dr. Tam\u00e1s P\u00e1lla<\/td><td class=\"mandate-basis\" data-label=\"Megb\u00edzat\u00e1s alapja\">Foglalkoztatott<a href = \"https:\/\/semmelweis.hu\/gytk\/files\/2025\/12\/5_2025_2026_XII_02_GYTK_KT.pdf\" target=\"_blank\">Megb\u00edzat\u00e1si dokumentum<\/a><\/td><td class=\"mandate-type\" data-label=\"Megb\u00edzat\u00e1s t\u00edpusa\">Tag<\/td><td class=\"start-date col-group-start\" data-label=\"Megb\u00edzat\u00e1s kezdete\">01\/01\/2026<\/td><td class=\"end-date col-group-end\" data-label=\"Megb\u00edzat\u00e1s v\u00e9ge\">31\/12\/2028<\/td><td class=\"mandate-doc\" data-label=\"Megb\u00edzat\u00e1si dokumentum\"><a href = \"https:\/\/semmelweis.hu\/gytk\/files\/2025\/12\/5_2025_2026_XII_02_GYTK_KT.pdf\" target=\"_blank\">Megb\u00edzat\u00e1si dokumentum<\/a><\/td><\/tr><tr><td class=\"member-name\" data-label=\"N\u00e9v\">Lilla Lankovics<\/td><td class=\"mandate-basis\" data-label=\"Megb\u00edzat\u00e1s alapja\">Hallgat\u00f3<a href = \"https:\/\/semmelweis.hu\/gytk\/files\/2025\/12\/5_2025_2026_XII_02_GYTK_KT.pdf\" target=\"_blank\">Megb\u00edzat\u00e1si dokumentum<\/a><\/td><td class=\"mandate-type\" data-label=\"Megb\u00edzat\u00e1s t\u00edpusa\">Tag<\/td><td class=\"start-date col-group-start\" data-label=\"Megb\u00edzat\u00e1s kezdete\">01\/01\/2026<\/td><td class=\"end-date col-group-end\" data-label=\"Megb\u00edzat\u00e1s v\u00e9ge\">31\/12\/2028<\/td><td class=\"mandate-doc\" data-label=\"Megb\u00edzat\u00e1si dokumentum\"><a href = \"https:\/\/semmelweis.hu\/gytk\/files\/2025\/12\/5_2025_2026_XII_02_GYTK_KT.pdf\" target=\"_blank\">Megb\u00edzat\u00e1si dokumentum<\/a><\/td><\/tr><tr><td class=\"member-name\" data-label=\"N\u00e9v\">P\u00e9ter Szil\u00e1gyi<\/td><td class=\"mandate-basis\" data-label=\"Megb\u00edzat\u00e1s alapja\">Hallgat\u00f3<a href = \"https:\/\/semmelweis.hu\/gytk\/files\/2025\/12\/5_2025_2026_XII_02_GYTK_KT.pdf\" target=\"_blank\">Megb\u00edzat\u00e1si dokumentum<\/a><\/td><td class=\"mandate-type\" data-label=\"Megb\u00edzat\u00e1s t\u00edpusa\">Tag<\/td><td class=\"start-date col-group-start\" data-label=\"Megb\u00edzat\u00e1s kezdete\">01\/01\/2026<\/td><td class=\"end-date col-group-end\" data-label=\"Megb\u00edzat\u00e1s v\u00e9ge\">31\/12\/2028<\/td><td class=\"mandate-doc\" data-label=\"Megb\u00edzat\u00e1si dokumentum\"><a href = \"https:\/\/semmelweis.hu\/gytk\/files\/2025\/12\/5_2025_2026_XII_02_GYTK_KT.pdf\" target=\"_blank\">Megb\u00edzat\u00e1si dokumentum<\/a><\/td><\/tr><tr><td class=\"member-name\" data-label=\"N\u00e9v\">Fi\u00f3na Vir\u00e1g<\/td><td class=\"mandate-basis\" data-label=\"Megb\u00edzat\u00e1s alapja\">Hallgat\u00f3<a href = \"https:\/\/semmelweis.hu\/gytk\/files\/2025\/12\/5_2025_2026_XII_02_GYTK_KT.pdf\" target=\"_blank\">Megb\u00edzat\u00e1si dokumentum<\/a><\/td><td class=\"mandate-type\" data-label=\"Megb\u00edzat\u00e1s t\u00edpusa\">Tag<\/td><td class=\"start-date col-group-start\" data-label=\"Megb\u00edzat\u00e1s kezdete\">01\/01\/2026<\/td><td class=\"end-date col-group-end\" data-label=\"Megb\u00edzat\u00e1s v\u00e9ge\">31\/12\/2028<\/td><td class=\"mandate-doc\" data-label=\"Megb\u00edzat\u00e1si dokumentum\"><a href = \"https:\/\/semmelweis.hu\/gytk\/files\/2025\/12\/5_2025_2026_XII_02_GYTK_KT.pdf\" target=\"_blank\">Megb\u00edzat\u00e1si dokumentum<\/a><\/td><\/tr>                    <\/tbody>\n                <\/table>\n            \n\n                            <input type=\"checkbox\" id=\"former-members\" name=\"former-members\">\n                <label for=\"former-members\">\n                    <h4 class=\"former-members-title\">\n                        <i class=\"fa fa-plus-circle\"><\/i> \n                        Kor\u00e1bbi tagok list\u00e1ja                    <\/h4>\n                <\/label>\n                <div id=\"archive-members-container\">\n                    <div class=\"archive-members-container-inner\">\n                        <table id=\"archive-members\" \n                            class=\" has-mandate-doc\" \n                            data-subcommittee=\"0\">\n                            <thead>\n                                <tr>\n                                    <th class=\"member-name\">N\u00e9v<\/th>\n                                    <th class=\"mandate-basis\">Megb\u00edzat\u00e1s alapja<\/th>\n                                    <th class=\"mandate-type\">Megb\u00edzat\u00e1s t\u00edpusa<\/th>\n                                                                                                            <th class=\"start-date col-group-start\" data-label=\"Megb\u00edzat\u00e1s id\u0151tartama\">Megb\u00edzat\u00e1s kezdete<\/th>\n                                    <th class=\"end-date col-group-end\">Megb\u00edzat\u00e1s v\u00e9ge<\/th>\n                                    <th class=\"mandate-doc\">Megb\u00edzat\u00e1si dokumentum<\/th>\n                                    <th class=\"term-reason col-group-start\" data-label=\"Megsz\u0171n\u00e9s\">Megsz\u0171n\u00e9s oka<\/th>\n                                    <th class=\"term-date col-group-end\">Megsz\u0171n\u00e9s d\u00e1tuma<\/th>\n                                <\/tr>\n                            <\/thead>\n                            <tbody>\n                                <tr><td class=\"member-name\" data-label=\"N\u00e9v\">Dr. Gergely V\u00f6lgyi<\/td><td class=\"mandate-basis\" data-label=\"Megb\u00edzat\u00e1s alapja\">Foglalkoztatott<a href = \"https:\/\/semmelweis.hu\/bizottsagok\/files\/2022\/12\/8_2022_2023_XII_07_GYTK_KT.pdf\" target=\"_blank\">Megb\u00edzat\u00e1si dokumentum<\/a><\/td><td class=\"mandate-type\" data-label=\"Megb\u00edzat\u00e1s t\u00edpusa\">Eln\u00f6k<\/td><td class=\"start-date col-group-start\" data-label=\"Megb\u00edzat\u00e1s kezdete\">12\/12\/2022<\/td><td class=\"end-date col-group-end\" data-label=\"Megb\u00edzat\u00e1s v\u00e9ge\">31\/12\/2025<\/td><td class=\"mandate-doc\" data-label=\"Megb\u00edzat\u00e1si dokumentum\"><a href = \"https:\/\/semmelweis.hu\/bizottsagok\/files\/2022\/12\/8_2022_2023_XII_07_GYTK_KT.pdf\" target=\"_blank\">Megb\u00edzat\u00e1si dokumentum<\/a><\/td><td class=\"term-reason col-group-start\" data-label=\"Megsz\u0171n\u00e9s oka\">Egy\u00e9b megsz\u0171n\u00e9si ok<\/td><td class=\"term-date col-group-end\" data-label=\"Megsz\u0171n\u00e9s d\u00e1tuma\">31\/08\/2023<\/td><\/tr><tr><td class=\"member-name\" data-label=\"N\u00e9v\">Dr. D\u00f3ra Bogd\u00e1n<\/td><td class=\"mandate-basis\" data-label=\"Megb\u00edzat\u00e1s alapja\">Foglalkoztatott<a href = \"https:\/\/semmelweis.hu\/bizottsagok\/files\/2022\/12\/8_2022_2023_XII_07_GYTK_KT.pdf\" target=\"_blank\">Megb\u00edzat\u00e1si dokumentum<\/a><\/td><td class=\"mandate-type\" data-label=\"Megb\u00edzat\u00e1s t\u00edpusa\">Tag<\/td><td class=\"start-date col-group-start\" data-label=\"Megb\u00edzat\u00e1s kezdete\">12\/12\/2022<\/td><td class=\"end-date col-group-end\" data-label=\"Megb\u00edzat\u00e1s v\u00e9ge\">31\/12\/2025<\/td><td class=\"mandate-doc\" data-label=\"Megb\u00edzat\u00e1si dokumentum\"><a href = \"https:\/\/semmelweis.hu\/bizottsagok\/files\/2022\/12\/8_2022_2023_XII_07_GYTK_KT.pdf\" target=\"_blank\">Megb\u00edzat\u00e1si dokumentum<\/a><\/td><td class=\"term-reason col-group-start\" data-label=\"Megsz\u0171n\u00e9s oka\">Megb\u00edzat\u00e1s lej\u00e1rta<\/td><td class=\"term-date col-group-end\" data-label=\"Megsz\u0171n\u00e9s d\u00e1tuma\">31\/12\/2025<\/td><\/tr><tr><td class=\"member-name\" data-label=\"N\u00e9v\">Dr. L\u00e1szl\u00f3 T\u00f3thfalusi<\/td><td class=\"mandate-basis\" data-label=\"Megb\u00edzat\u00e1s alapja\">Foglalkoztatott<a href = \"https:\/\/semmelweis.hu\/gytk\/files\/2025\/12\/5_2025_2026_XII_02_GYTK_KT.pdf\" target=\"_blank\">Megb\u00edzat\u00e1si dokumentum<\/a><\/td><td class=\"mandate-type\" data-label=\"Megb\u00edzat\u00e1s t\u00edpusa\">Tag<\/td><td class=\"start-date col-group-start\" data-label=\"Megb\u00edzat\u00e1s kezdete\">12\/12\/2022<\/td><td class=\"end-date col-group-end\" data-label=\"Megb\u00edzat\u00e1s v\u00e9ge\">31\/12\/2025<\/td><td class=\"mandate-doc\" data-label=\"Megb\u00edzat\u00e1si dokumentum\"><a href = \"https:\/\/semmelweis.hu\/gytk\/files\/2025\/12\/5_2025_2026_XII_02_GYTK_KT.pdf\" target=\"_blank\">Megb\u00edzat\u00e1si dokumentum<\/a><\/td><td class=\"term-reason col-group-start\" data-label=\"Megsz\u0171n\u00e9s oka\">Megb\u00edzat\u00e1s lej\u00e1rta<\/td><td class=\"term-date col-group-end\" data-label=\"Megsz\u0171n\u00e9s d\u00e1tuma\">31\/12\/2025<\/td><\/tr><tr><td class=\"member-name\" data-label=\"N\u00e9v\">Bettina Bancs\u00f3<\/td><td class=\"mandate-basis\" data-label=\"Megb\u00edzat\u00e1s alapja\">Hallgat\u00f3<a href = \"https:\/\/semmelweis.hu\/bizottsagok\/files\/2022\/12\/8_2022_2023_XII_07_GYTK_KT.pdf\" target=\"_blank\">Megb\u00edzat\u00e1si dokumentum<\/a><\/td><td class=\"mandate-type\" data-label=\"Megb\u00edzat\u00e1s t\u00edpusa\">Tag<\/td><td class=\"start-date col-group-start\" data-label=\"Megb\u00edzat\u00e1s kezdete\">12\/12\/2022<\/td><td class=\"end-date col-group-end\" data-label=\"Megb\u00edzat\u00e1s v\u00e9ge\">31\/12\/2025<\/td><td class=\"mandate-doc\" data-label=\"Megb\u00edzat\u00e1si dokumentum\"><a href = \"https:\/\/semmelweis.hu\/bizottsagok\/files\/2022\/12\/8_2022_2023_XII_07_GYTK_KT.pdf\" target=\"_blank\">Megb\u00edzat\u00e1si dokumentum<\/a><\/td><td class=\"term-reason col-group-start\" data-label=\"Megsz\u0171n\u00e9s oka\">Egy\u00e9b megsz\u0171n\u00e9si ok<\/td><td class=\"term-date col-group-end\" data-label=\"Megsz\u0171n\u00e9s d\u00e1tuma\">24\/06\/2023<\/td><\/tr><tr><td class=\"member-name\" data-label=\"N\u00e9v\">Noel Nyariki<\/td><td class=\"mandate-basis\" data-label=\"Megb\u00edzat\u00e1s alapja\">Hallgat\u00f3<a href = \"https:\/\/semmelweis.hu\/jogigfoig\/files\/2019\/12\/127_2019_GYTk-n-m%C5%B1k%C3%B6d%C5%91-%C3%A1lland%C3%B3-bizotts%C3%A1gok-meg%C3%BAj%C3%ADt%C3%A1s%C3%A1r%C3%B3l.pdf\" target=\"_blank\">Megb\u00edzat\u00e1si dokumentum<\/a><\/td><td class=\"mandate-type\" data-label=\"Megb\u00edzat\u00e1s t\u00edpusa\">Tag<\/td><td class=\"start-date col-group-start\" data-label=\"Megb\u00edzat\u00e1s kezdete\">01\/12\/2019<\/td><td class=\"end-date col-group-end\" data-label=\"Megb\u00edzat\u00e1s v\u00e9ge\">30\/11\/2022<\/td><td class=\"mandate-doc\" data-label=\"Megb\u00edzat\u00e1si dokumentum\"><a href = \"https:\/\/semmelweis.hu\/jogigfoig\/files\/2019\/12\/127_2019_GYTk-n-m%C5%B1k%C3%B6d%C5%91-%C3%A1lland%C3%B3-bizotts%C3%A1gok-meg%C3%BAj%C3%ADt%C3%A1s%C3%A1r%C3%B3l.pdf\" target=\"_blank\">Megb\u00edzat\u00e1si dokumentum<\/a><\/td><td class=\"term-reason col-group-start\" data-label=\"Megsz\u0171n\u00e9s oka\">Megb\u00edzat\u00e1s lej\u00e1rta<\/td><td class=\"term-date col-group-end\" data-label=\"Megsz\u0171n\u00e9s d\u00e1tuma\">01\/12\/2022<\/td><\/tr><tr><td class=\"member-name\" data-label=\"N\u00e9v\">G\u00e1bor Filipszki<\/td><td class=\"mandate-basis\" data-label=\"Megb\u00edzat\u00e1s alapja\">Hallgat\u00f3<a href = \"https:\/\/semmelweis.hu\/bizottsagok\/files\/2022\/12\/8_2022_2023_XII_07_GYTK_KT.pdf\" target=\"_blank\">Megb\u00edzat\u00e1si dokumentum<\/a><\/td><td class=\"mandate-type\" data-label=\"Megb\u00edzat\u00e1s t\u00edpusa\">Tag<\/td><td class=\"start-date col-group-start\" data-label=\"Megb\u00edzat\u00e1s kezdete\">12\/12\/2022<\/td><td class=\"end-date col-group-end\" data-label=\"Megb\u00edzat\u00e1s v\u00e9ge\">31\/12\/2025<\/td><td class=\"mandate-doc\" data-label=\"Megb\u00edzat\u00e1si dokumentum\"><a href = \"https:\/\/semmelweis.hu\/bizottsagok\/files\/2022\/12\/8_2022_2023_XII_07_GYTK_KT.pdf\" target=\"_blank\">Megb\u00edzat\u00e1si dokumentum<\/a><\/td><td class=\"term-reason col-group-start\" data-label=\"Megsz\u0171n\u00e9s oka\">Egy\u00e9b megsz\u0171n\u00e9si ok<\/td><td class=\"term-date col-group-end\" data-label=\"Megsz\u0171n\u00e9s d\u00e1tuma\">28\/06\/2024<\/td><\/tr><tr><td class=\"member-name\" data-label=\"N\u00e9v\">B\u00e1lint Kecsk\u00e9s<\/td><td class=\"mandate-basis\" data-label=\"Megb\u00edzat\u00e1s alapja\">Hallgat\u00f3<a href = \"https:\/\/semmelweis.hu\/bizottsagok\/files\/2022\/12\/8_2022_2023_XII_07_GYTK_KT.pdf\" target=\"_blank\">Megb\u00edzat\u00e1si dokumentum<\/a><\/td><td class=\"mandate-type\" data-label=\"Megb\u00edzat\u00e1s t\u00edpusa\">Tag<\/td><td class=\"start-date col-group-start\" data-label=\"Megb\u00edzat\u00e1s kezdete\">12\/12\/2022<\/td><td class=\"end-date col-group-end\" data-label=\"Megb\u00edzat\u00e1s v\u00e9ge\">31\/12\/2025<\/td><td class=\"mandate-doc\" data-label=\"Megb\u00edzat\u00e1si dokumentum\"><a href = \"https:\/\/semmelweis.hu\/bizottsagok\/files\/2022\/12\/8_2022_2023_XII_07_GYTK_KT.pdf\" target=\"_blank\">Megb\u00edzat\u00e1si dokumentum<\/a><\/td><td class=\"term-reason col-group-start\" data-label=\"Megsz\u0171n\u00e9s oka\">Egy\u00e9b megsz\u0171n\u00e9si ok<\/td><td class=\"term-date col-group-end\" data-label=\"Megsz\u0171n\u00e9s d\u00e1tuma\">28\/06\/2024<\/td><\/tr><tr><td class=\"member-name\" data-label=\"N\u00e9v\">Imre Richard Nagy<\/td><td class=\"mandate-basis\" data-label=\"Megb\u00edzat\u00e1s alapja\">Hallgat\u00f3<a href = \"https:\/\/semmelweis.hu\/bizottsagok\/files\/2023\/06\/19_2022_2023_VI_21_GYTK_KT.pdf\" target=\"_blank\">Megb\u00edzat\u00e1si dokumentum<\/a><\/td><td class=\"mandate-type\" data-label=\"Megb\u00edzat\u00e1s t\u00edpusa\">Tag<\/td><td class=\"start-date col-group-start\" data-label=\"Megb\u00edzat\u00e1s kezdete\">01\/07\/2023<\/td><td class=\"end-date col-group-end\" data-label=\"Megb\u00edzat\u00e1s v\u00e9ge\">31\/12\/2025<\/td><td class=\"mandate-doc\" data-label=\"Megb\u00edzat\u00e1si dokumentum\"><a href = \"https:\/\/semmelweis.hu\/bizottsagok\/files\/2023\/06\/19_2022_2023_VI_21_GYTK_KT.pdf\" target=\"_blank\">Megb\u00edzat\u00e1si dokumentum<\/a><\/td><td class=\"term-reason col-group-start\" data-label=\"Megsz\u0171n\u00e9s oka\">Megb\u00edzat\u00e1s lej\u00e1rta<\/td><td class=\"term-date col-group-end\" data-label=\"Megsz\u0171n\u00e9s d\u00e1tuma\">31\/12\/2025<\/td><\/tr><tr><td class=\"member-name\" data-label=\"N\u00e9v\">Dr. Tam\u00e1s T\u00e1bi<\/td><td class=\"mandate-basis\" data-label=\"Megb\u00edzat\u00e1s alapja\">Foglalkoztatott<a href = \"https:\/\/semmelweis.hu\/gytk\/files\/2026\/04\/TVB_FELKERO_elnoki_TT_20230901_30.pdf\" target=\"_blank\">Megb\u00edzat\u00e1si dokumentum<\/a><\/td><td class=\"mandate-type\" data-label=\"Megb\u00edzat\u00e1s t\u00edpusa\">Eln\u00f6k<\/td><td class=\"start-date col-group-start\" data-label=\"Megb\u00edzat\u00e1s kezdete\">01\/09\/2023<\/td><td class=\"end-date col-group-end\" data-label=\"Megb\u00edzat\u00e1s v\u00e9ge\">30\/09\/2023<\/td><td class=\"mandate-doc\" data-label=\"Megb\u00edzat\u00e1si dokumentum\"><a href = \"https:\/\/semmelweis.hu\/gytk\/files\/2026\/04\/TVB_FELKERO_elnoki_TT_20230901_30.pdf\" target=\"_blank\">Megb\u00edzat\u00e1si dokumentum<\/a><\/td><td class=\"term-reason col-group-start\" data-label=\"Megsz\u0171n\u00e9s oka\">Megb\u00edzat\u00e1s lej\u00e1rta<\/td><td class=\"term-date col-group-end\" data-label=\"Megsz\u0171n\u00e9s d\u00e1tuma\">01\/10\/2023<\/td><\/tr><tr><td class=\"member-name\" data-label=\"N\u00e9v\">Tam\u00e1s Dobi<\/td><td class=\"mandate-basis\" data-label=\"Megb\u00edzat\u00e1s alapja\">Hallgat\u00f3<a href = \"https:\/\/semmelweis.hu\/bizottsagok\/files\/2024\/06\/19_2023_24_VI.19_GYTK_KT_hatarozat.pdf\" target=\"_blank\">Megb\u00edzat\u00e1si dokumentum<\/a><\/td><td class=\"mandate-type\" data-label=\"Megb\u00edzat\u00e1s t\u00edpusa\">Tag<\/td><td class=\"start-date col-group-start\" data-label=\"Megb\u00edzat\u00e1s kezdete\">01\/07\/2024<\/td><td class=\"end-date col-group-end\" data-label=\"Megb\u00edzat\u00e1s v\u00e9ge\">31\/12\/2025<\/td><td class=\"mandate-doc\" data-label=\"Megb\u00edzat\u00e1si dokumentum\"><a href = \"https:\/\/semmelweis.hu\/bizottsagok\/files\/2024\/06\/19_2023_24_VI.19_GYTK_KT_hatarozat.pdf\" target=\"_blank\">Megb\u00edzat\u00e1si dokumentum<\/a><\/td><td class=\"term-reason col-group-start\" data-label=\"Megsz\u0171n\u00e9s oka\">Megb\u00edzat\u00e1s lej\u00e1rta<\/td><td class=\"term-date col-group-end\" data-label=\"Megsz\u0171n\u00e9s d\u00e1tuma\">31\/12\/2025<\/td><\/tr><tr><td class=\"member-name\" data-label=\"N\u00e9v\">Petra G\u00e1l<\/td><td class=\"mandate-basis\" data-label=\"Megb\u00edzat\u00e1s alapja\">Hallgat\u00f3<a href = \"https:\/\/semmelweis.hu\/bizottsagok\/files\/2024\/06\/19_2023_24_VI.19_GYTK_KT_hatarozat.pdf\" target=\"_blank\">Megb\u00edzat\u00e1si dokumentum<\/a><\/td><td class=\"mandate-type\" data-label=\"Megb\u00edzat\u00e1s t\u00edpusa\">Tag<\/td><td class=\"start-date col-group-start\" data-label=\"Megb\u00edzat\u00e1s kezdete\">01\/07\/2024<\/td><td class=\"end-date col-group-end\" data-label=\"Megb\u00edzat\u00e1s v\u00e9ge\">31\/12\/2025<\/td><td class=\"mandate-doc\" data-label=\"Megb\u00edzat\u00e1si dokumentum\"><a href = \"https:\/\/semmelweis.hu\/bizottsagok\/files\/2024\/06\/19_2023_24_VI.19_GYTK_KT_hatarozat.pdf\" target=\"_blank\">Megb\u00edzat\u00e1si dokumentum<\/a><\/td><td class=\"term-reason col-group-start\" data-label=\"Megsz\u0171n\u00e9s oka\">Megb\u00edzat\u00e1s lej\u00e1rta<\/td><td class=\"term-date col-group-end\" data-label=\"Megsz\u0171n\u00e9s d\u00e1tuma\">31\/12\/2025<\/td><\/tr>                            <\/tbody>\n                        <\/table>\n                    <\/div>\n                <\/div>\n            \n\n            <\/div>\n<\/div><br><br>\n<div class=\"committee-tab tab-4\" id=\"a-bizottsag-uegyrendje\">\n    <h2>A bizotts\u00e1g \u00fcgyrendje<\/h2>\n    <div class=\"committee-tab-content\">\n        <div class=\"keretes w-100\">\n            <ul style=\"list-style-type: square;\">\n                <li><a href=\"https:\/\/semmelweis.hu\/gytk\/files\/2021\/10\/TVB-%C3%BCgyrend_2021.pdf\" target=\"_blank\">Gesch\u00e4ftsordnung der Studien- und Pr\u00fcfungsorganisation der Fakult\u00e4t f\u00fcr Pharmazeutische Wissenschaften der Semmelweis Universit\u00e4t - Ungarisch<\/a><\/li>            <\/ul>\n        <\/div>\n    <\/div>\n<\/div>\n\n<br><\/section>\n","protected":false},"excerpt":{"rendered":"","protected":false},"author":101431,"featured_media":0,"parent":1311,"menu_order":0,"comment_status":"closed","ping_status":"closed","template":"template-fullwidth.php","meta":{"_acf_changed":false,"footnotes":""},"categories":[],"tags":[],"class_list":["post-1043","page","type-page","status-publish","hentry"],"acf":[],"_links":{"self":[{"href":"https:\/\/semmelweis.hu\/bizottsagok\/wp-json\/wp\/v2\/pages\/1043","targetHints":{"allow":["GET"]}}],"collection":[{"href":"https:\/\/semmelweis.hu\/bizottsagok\/wp-json\/wp\/v2\/pages"}],"about":[{"href":"https:\/\/semmelweis.hu\/bizottsagok\/wp-json\/wp\/v2\/types\/page"}],"author":[{"embeddable":true,"href":"https:\/\/semmelweis.hu\/bizottsagok\/wp-json\/wp\/v2\/users\/101431"}],"replies":[{"embeddable":true,"href":"https:\/\/semmelweis.hu\/bizottsagok\/wp-json\/wp\/v2\/comments?post=1043"}],"version-history":[{"count":10,"href":"https:\/\/semmelweis.hu\/bizottsagok\/wp-json\/wp\/v2\/pages\/1043\/revisions"}],"predecessor-version":[{"id":3101,"href":"https:\/\/semmelweis.hu\/bizottsagok\/wp-json\/wp\/v2\/pages\/1043\/revisions\/3101"}],"up":[{"embeddable":true,"href":"https:\/\/semmelweis.hu\/bizottsagok\/wp-json\/wp\/v2\/pages\/1311"}],"wp:attachment":[{"href":"https:\/\/semmelweis.hu\/bizottsagok\/wp-json\/wp\/v2\/media?parent=1043"}],"wp:term":[{"taxonomy":"category","embeddable":true,"href":"https:\/\/semmelweis.hu\/bizottsagok\/wp-json\/wp\/v2\/categories?post=1043"},{"taxonomy":"post_tag","embeddable":true,"href":"https:\/\/semmelweis.hu\/bizottsagok\/wp-json\/wp\/v2\/tags?post=1043"}],"curies":[{"name":"wp","href":"https:\/\/api.w.org\/{rel}","templated":true}]}}