{"id":1039,"date":"2021-01-04T14:00:37","date_gmt":"2021-01-04T13:00:37","guid":{"rendered":"https:\/\/semmelweis.hu\/bizottsagok\/?page_id=1039"},"modified":"2026-04-29T16:13:16","modified_gmt":"2026-04-29T14:13:16","slug":"anrechnungskommission-der-fakultaet-fuer-pharmazeutische-wissenschaften-gytk","status":"publish","type":"page","link":"https:\/\/semmelweis.hu\/bizottsagok\/de\/feste-kimissionen\/gytk-komissionen\/anrechnungskommission-der-fakultaet-fuer-pharmazeutische-wissenschaften-gytk\/","title":{"rendered":"ANRECHNUNGS- UND STUDIEN KOMMISSION DER GYTK"},"content":{"rendered":"<section class=\"committee lang-de\"><div class=\"keretes w-100\"><ul style=\"list-style-type: square;\"><li><a href=\"#feladat-es-hataskoer\">Feladat- \u00e9s hat\u00e1sk\u00f6r<\/a><\/li><li><a href=\"#a-bizottsag-tagjai\">A bizotts\u00e1g tagjai<\/a><\/li><li><a href=\"#a-bizottsag-uegyrendje\">A bizotts\u00e1g \u00fcgyrendje<\/a><\/li><\/ul><\/div>\n\n\n<div class=\"committee-tab tab-1\" id=\"feladat-es-hataskoer\">\n    <h2>Feladat- \u00e9s hat\u00e1sk\u00f6r<\/h2>\n    <div class=\"committee-tab-content\">\n        <ul>\n<li>Anrechnung von Kreditpunkten, die an einer anderen Hochschuleinrichtung erworben wurden,<\/li>\n<li>Anerkennung von Berufserfahrung,<\/li>\n<li>Festlegung der Anzahl der Kreditpunkte, die f\u00fcr den Erwerb eines Pharmazie-Diploms aufgrund der an einer anderen Hochschuleinrichtung erworbenen Kreditpunkte maximal angerechnet werden k\u00f6nnen,<\/li>\n<li>Anerkennung von Pr\u00fcfungsleistungen in F\u00e4chern, die an einer Hochschuleinrichtung abgelegt wurden,<\/li>\n<li>gegebenenfalls Feststellung der mit dem Fach verbundenen Kreditpunkte und der Ersetzbarkeit durch ein anderes Fach, bzw. Feststellung des Unterschieds zu anderen F\u00e4chern, Regelung der Ordnung f\u00fcr das Verfahren zur Anrechnung von Studienleistungen,<\/li>\n<li>Regelung der Registrierung von Antr\u00e4gen auf Anerkennung von Studienleistungen,<\/li>\n<li>Durchf\u00fchrung von vorl\u00e4ufigen Verfahren zur Anerkennung von Studienleistungen,<\/li>\n<li>Entscheidungsvorbereitung und Konsultation im Zusammenhang mit der Einf\u00fchrung neuer Studienf\u00e4cher,<\/li>\n<li>die Zust\u00e4ndigkeit der Kommission erstreckt sich ferner auf sonstige in den Rechtsvorschriften oder der Universit\u00e4ts- bzw. Fakult\u00e4tsordnung genannte Aufgaben.<\/li>\n<\/ul>\n    <\/div>\n<\/div><br>\n\n\n<div class=\"committee-tab tab-2\" id=\"a-bizottsag-tagjai\">\n    <h2>A bizotts\u00e1g tagjai<\/h2>\n    <div class=\"committee-tab-content\">\n        \n                        <p class=\"contact-person\">\n                <span><strong>Kapcsolattart\u00f3: <\/strong>GYTK Dean\u2019s Office \/ GYTK Dekanat GYTK D\u00e9k\u00e1ni Hivatal<\/span><br>\n                <span><strong>Email: <\/strong>gytkdhivatal@semmelweis.hu<\/span>\n            <\/p>\n\n\n            \n                            <table id=\"active-members\" \n                    class=\" has-mandate-doc\" \n                    data-subcommittee=\"0\">\n                    <thead>\n                        <tr>\n                            <th class=\"member-name\">N\u00e9v<\/th>\n                            <th class=\"mandate-basis\">Megb\u00edzat\u00e1s alapja<\/th>\n                            <th class=\"mandate-type\">Megb\u00edzat\u00e1s t\u00edpusa<\/th>\n                                                                                    <th class=\"start-date col-group-start\" data-label=\"Megb\u00edzat\u00e1s id\u0151tartama\">Megb\u00edzat\u00e1s kezdete<\/th>\n                            <th class=\"end-date col-group-end\">Megb\u00edzat\u00e1s v\u00e9ge<\/th>\n                            <th class=\"mandate-doc\">Megb\u00edzat\u00e1si dokumentum<\/th>\n                        <\/tr>\n                    <\/thead>\n                    <tbody>\n                        <tr><td class=\"member-name\" data-label=\"N\u00e9v\">Dr. Tam\u00e1s T\u00e1bi<\/td><td class=\"mandate-basis\" data-label=\"Megb\u00edzat\u00e1s alapja\">Foglalkoztatott<a href = \"https:\/\/semmelweis.hu\/gytk\/files\/2025\/12\/5_2025_2026_XII_02_GYTK_KT.pdf\" target=\"_blank\">Megb\u00edzat\u00e1si dokumentum<\/a><\/td><td class=\"mandate-type\" data-label=\"Megb\u00edzat\u00e1s t\u00edpusa\">Eln\u00f6k<\/td><td class=\"start-date col-group-start\" data-label=\"Megb\u00edzat\u00e1s kezdete\">01\/01\/2026<\/td><td class=\"end-date col-group-end\" data-label=\"Megb\u00edzat\u00e1s v\u00e9ge\">31\/12\/2028<\/td><td class=\"mandate-doc\" data-label=\"Megb\u00edzat\u00e1si dokumentum\"><a href = \"https:\/\/semmelweis.hu\/gytk\/files\/2025\/12\/5_2025_2026_XII_02_GYTK_KT.pdf\" target=\"_blank\">Megb\u00edzat\u00e1si dokumentum<\/a><\/td><\/tr><tr><td class=\"member-name\" data-label=\"N\u00e9v\">Dr. Rom\u00e1na Zelk\u00f3<\/td><td class=\"mandate-basis\" data-label=\"Megb\u00edzat\u00e1s alapja\">Foglalkoztatott<a href = \"https:\/\/semmelweis.hu\/gytk\/files\/2025\/12\/5_2025_2026_XII_02_GYTK_KT.pdf\" target=\"_blank\">Megb\u00edzat\u00e1si dokumentum<\/a><\/td><td class=\"mandate-type\" data-label=\"Megb\u00edzat\u00e1s t\u00edpusa\">Tag<\/td><td class=\"start-date col-group-start\" data-label=\"Megb\u00edzat\u00e1s kezdete\">01\/01\/2026<\/td><td class=\"end-date col-group-end\" data-label=\"Megb\u00edzat\u00e1s v\u00e9ge\">31\/12\/2028<\/td><td class=\"mandate-doc\" data-label=\"Megb\u00edzat\u00e1si dokumentum\"><a href = \"https:\/\/semmelweis.hu\/gytk\/files\/2025\/12\/5_2025_2026_XII_02_GYTK_KT.pdf\" target=\"_blank\">Megb\u00edzat\u00e1si dokumentum<\/a><\/td><\/tr><tr><td class=\"member-name\" data-label=\"N\u00e9v\">Dr. \u00c9va Sz\u00f6k\u0151<\/td><td class=\"mandate-basis\" data-label=\"Megb\u00edzat\u00e1s alapja\">Foglalkoztatott<a href = \"https:\/\/semmelweis.hu\/gytk\/files\/2025\/12\/5_2025_2026_XII_02_GYTK_KT.pdf\" target=\"_blank\">Megb\u00edzat\u00e1si dokumentum<\/a><\/td><td class=\"mandate-type\" data-label=\"Megb\u00edzat\u00e1s t\u00edpusa\">Tag<\/td><td class=\"start-date col-group-start\" data-label=\"Megb\u00edzat\u00e1s kezdete\">01\/01\/2026<\/td><td class=\"end-date col-group-end\" data-label=\"Megb\u00edzat\u00e1s v\u00e9ge\">31\/12\/2028<\/td><td class=\"mandate-doc\" data-label=\"Megb\u00edzat\u00e1si dokumentum\"><a href = \"https:\/\/semmelweis.hu\/gytk\/files\/2025\/12\/5_2025_2026_XII_02_GYTK_KT.pdf\" target=\"_blank\">Megb\u00edzat\u00e1si dokumentum<\/a><\/td><\/tr><tr><td class=\"member-name\" data-label=\"N\u00e9v\">Dr. Bal\u00e1zs Hank\u00f3<\/td><td class=\"mandate-basis\" data-label=\"Megb\u00edzat\u00e1s alapja\">Foglalkoztatott<a href = \"https:\/\/semmelweis.hu\/gytk\/files\/2025\/12\/5_2025_2026_XII_02_GYTK_KT.pdf\" target=\"_blank\">Megb\u00edzat\u00e1si dokumentum<\/a><\/td><td class=\"mandate-type\" data-label=\"Megb\u00edzat\u00e1s t\u00edpusa\">Tag<\/td><td class=\"start-date col-group-start\" data-label=\"Megb\u00edzat\u00e1s kezdete\">01\/01\/2026<\/td><td class=\"end-date col-group-end\" data-label=\"Megb\u00edzat\u00e1s v\u00e9ge\">31\/12\/2028<\/td><td class=\"mandate-doc\" data-label=\"Megb\u00edzat\u00e1si dokumentum\"><a href = \"https:\/\/semmelweis.hu\/gytk\/files\/2025\/12\/5_2025_2026_XII_02_GYTK_KT.pdf\" target=\"_blank\">Megb\u00edzat\u00e1si dokumentum<\/a><\/td><\/tr><tr><td class=\"member-name\" data-label=\"N\u00e9v\">M\u00e1rta Dr. Maz\u00e1kn\u00e9 Dr. Kraszni<\/td><td class=\"mandate-basis\" data-label=\"Megb\u00edzat\u00e1s alapja\">Foglalkoztatott<a href = \"https:\/\/semmelweis.hu\/gytk\/files\/2025\/12\/5_2025_2026_XII_02_GYTK_KT.pdf\" target=\"_blank\">Megb\u00edzat\u00e1si dokumentum<\/a><\/td><td class=\"mandate-type\" data-label=\"Megb\u00edzat\u00e1s t\u00edpusa\">Tag<\/td><td class=\"start-date col-group-start\" data-label=\"Megb\u00edzat\u00e1s kezdete\">01\/01\/2026<\/td><td class=\"end-date col-group-end\" data-label=\"Megb\u00edzat\u00e1s v\u00e9ge\">31\/12\/2028<\/td><td class=\"mandate-doc\" data-label=\"Megb\u00edzat\u00e1si dokumentum\"><a href = \"https:\/\/semmelweis.hu\/gytk\/files\/2025\/12\/5_2025_2026_XII_02_GYTK_KT.pdf\" target=\"_blank\">Megb\u00edzat\u00e1si dokumentum<\/a><\/td><\/tr><tr><td class=\"member-name\" data-label=\"N\u00e9v\">Lilla Lankovics<\/td><td class=\"mandate-basis\" data-label=\"Megb\u00edzat\u00e1s alapja\">Hallgat\u00f3<a href = \"https:\/\/semmelweis.hu\/gytk\/files\/2025\/12\/5_2025_2026_XII_02_GYTK_KT.pdf\" target=\"_blank\">Megb\u00edzat\u00e1si dokumentum<\/a><\/td><td class=\"mandate-type\" data-label=\"Megb\u00edzat\u00e1s t\u00edpusa\">Tag<\/td><td class=\"start-date col-group-start\" data-label=\"Megb\u00edzat\u00e1s kezdete\">01\/01\/2026<\/td><td class=\"end-date col-group-end\" data-label=\"Megb\u00edzat\u00e1s v\u00e9ge\">31\/12\/2028<\/td><td class=\"mandate-doc\" data-label=\"Megb\u00edzat\u00e1si dokumentum\"><a href = \"https:\/\/semmelweis.hu\/gytk\/files\/2025\/12\/5_2025_2026_XII_02_GYTK_KT.pdf\" target=\"_blank\">Megb\u00edzat\u00e1si dokumentum<\/a><\/td><\/tr><tr><td class=\"member-name\" data-label=\"N\u00e9v\">Anna Ter\u00e9zia Kun<\/td><td class=\"mandate-basis\" data-label=\"Megb\u00edzat\u00e1s alapja\">Hallgat\u00f3<a href = \"https:\/\/semmelweis.hu\/gytk\/files\/2025\/12\/5_2025_2026_XII_02_GYTK_KT.pdf\" target=\"_blank\">Megb\u00edzat\u00e1si dokumentum<\/a><\/td><td class=\"mandate-type\" data-label=\"Megb\u00edzat\u00e1s t\u00edpusa\">Tag<\/td><td class=\"start-date col-group-start\" data-label=\"Megb\u00edzat\u00e1s kezdete\">01\/01\/2026<\/td><td class=\"end-date col-group-end\" data-label=\"Megb\u00edzat\u00e1s v\u00e9ge\">31\/12\/2028<\/td><td class=\"mandate-doc\" data-label=\"Megb\u00edzat\u00e1si dokumentum\"><a href = \"https:\/\/semmelweis.hu\/gytk\/files\/2025\/12\/5_2025_2026_XII_02_GYTK_KT.pdf\" target=\"_blank\">Megb\u00edzat\u00e1si dokumentum<\/a><\/td><\/tr>                    <\/tbody>\n                <\/table>\n            \n\n                            <input type=\"checkbox\" id=\"former-members\" name=\"former-members\">\n                <label for=\"former-members\">\n                    <h4 class=\"former-members-title\">\n                        <i class=\"fa fa-plus-circle\"><\/i> \n                        Kor\u00e1bbi tagok list\u00e1ja                    <\/h4>\n                <\/label>\n                <div id=\"archive-members-container\">\n                    <div class=\"archive-members-container-inner\">\n                        <table id=\"archive-members\" \n                            class=\" has-mandate-doc\" \n                            data-subcommittee=\"0\">\n                            <thead>\n                                <tr>\n                                    <th class=\"member-name\">N\u00e9v<\/th>\n                                    <th class=\"mandate-basis\">Megb\u00edzat\u00e1s alapja<\/th>\n                                    <th class=\"mandate-type\">Megb\u00edzat\u00e1s t\u00edpusa<\/th>\n                                                                                                            <th class=\"start-date col-group-start\" data-label=\"Megb\u00edzat\u00e1s id\u0151tartama\">Megb\u00edzat\u00e1s kezdete<\/th>\n                                    <th class=\"end-date col-group-end\">Megb\u00edzat\u00e1s v\u00e9ge<\/th>\n                                    <th class=\"mandate-doc\">Megb\u00edzat\u00e1si dokumentum<\/th>\n                                    <th class=\"term-reason col-group-start\" data-label=\"Megsz\u0171n\u00e9s\">Megsz\u0171n\u00e9s oka<\/th>\n                                    <th class=\"term-date col-group-end\">Megsz\u0171n\u00e9s d\u00e1tuma<\/th>\n                                <\/tr>\n                            <\/thead>\n                            <tbody>\n                                <tr><td class=\"member-name\" data-label=\"N\u00e9v\">Noel Nyariki<\/td><td class=\"mandate-basis\" data-label=\"Megb\u00edzat\u00e1s alapja\">Hallgat\u00f3<a href = \"https:\/\/semmelweis.hu\/jogigfoig\/files\/2020\/10\/183_2020_GYTK-kari-bizotts%C3%A1gok-%C3%B6sszet%C3%A9tele-1.pdf\" target=\"_blank\">Megb\u00edzat\u00e1si dokumentum<\/a><\/td><td class=\"mandate-type\" data-label=\"Megb\u00edzat\u00e1s t\u00edpusa\">Tag<\/td><td class=\"start-date col-group-start\" data-label=\"Megb\u00edzat\u00e1s kezdete\">01\/10\/2020<\/td><td class=\"end-date col-group-end\" data-label=\"Megb\u00edzat\u00e1s v\u00e9ge\">30\/11\/2022<\/td><td class=\"mandate-doc\" data-label=\"Megb\u00edzat\u00e1si dokumentum\"><a href = \"https:\/\/semmelweis.hu\/jogigfoig\/files\/2020\/10\/183_2020_GYTK-kari-bizotts%C3%A1gok-%C3%B6sszet%C3%A9tele-1.pdf\" target=\"_blank\">Megb\u00edzat\u00e1si dokumentum<\/a><\/td><td class=\"term-reason col-group-start\" data-label=\"Megsz\u0171n\u00e9s oka\">Megb\u00edzat\u00e1s lej\u00e1rta<\/td><td class=\"term-date col-group-end\" data-label=\"Megsz\u0171n\u00e9s d\u00e1tuma\">01\/12\/2022<\/td><\/tr><tr><td class=\"member-name\" data-label=\"N\u00e9v\">Dr. Istv\u00e1n M\u00e1ndity<\/td><td class=\"mandate-basis\" data-label=\"Megb\u00edzat\u00e1s alapja\">Foglalkoztatott<a href = \"https:\/\/semmelweis.hu\/bizottsagok\/files\/2022\/12\/8_2022_2023_XII_07_GYTK_KT.pdf\" target=\"_blank\">Megb\u00edzat\u00e1si dokumentum<\/a><\/td><td class=\"mandate-type\" data-label=\"Megb\u00edzat\u00e1s t\u00edpusa\">Tag<\/td><td class=\"start-date col-group-start\" data-label=\"Megb\u00edzat\u00e1s kezdete\">01\/10\/2020<\/td><td class=\"end-date col-group-end\" data-label=\"Megb\u00edzat\u00e1s v\u00e9ge\">30\/11\/2022<\/td><td class=\"mandate-doc\" data-label=\"Megb\u00edzat\u00e1si dokumentum\"><a href = \"https:\/\/semmelweis.hu\/bizottsagok\/files\/2022\/12\/8_2022_2023_XII_07_GYTK_KT.pdf\" target=\"_blank\">Megb\u00edzat\u00e1si dokumentum<\/a><\/td><td class=\"term-reason col-group-start\" data-label=\"Megsz\u0171n\u00e9s oka\">Megb\u00edzat\u00e1s lej\u00e1rta<\/td><td class=\"term-date col-group-end\" data-label=\"Megsz\u0171n\u00e9s d\u00e1tuma\">01\/12\/2022<\/td><\/tr><tr><td class=\"member-name\" data-label=\"N\u00e9v\">G\u00e1bor Filipszki<\/td><td class=\"mandate-basis\" data-label=\"Megb\u00edzat\u00e1s alapja\">Hallgat\u00f3<a href = \"https:\/\/semmelweis.hu\/bizottsagok\/files\/2022\/12\/8_2022_2023_XII_07_GYTK_KT.pdf\" target=\"_blank\">Megb\u00edzat\u00e1si dokumentum<\/a><\/td><td class=\"mandate-type\" data-label=\"Megb\u00edzat\u00e1s t\u00edpusa\">Tag<\/td><td class=\"start-date col-group-start\" data-label=\"Megb\u00edzat\u00e1s kezdete\">12\/12\/2022<\/td><td class=\"end-date col-group-end\" data-label=\"Megb\u00edzat\u00e1s v\u00e9ge\">31\/12\/2025<\/td><td class=\"mandate-doc\" data-label=\"Megb\u00edzat\u00e1si dokumentum\"><a href = \"https:\/\/semmelweis.hu\/bizottsagok\/files\/2022\/12\/8_2022_2023_XII_07_GYTK_KT.pdf\" target=\"_blank\">Megb\u00edzat\u00e1si dokumentum<\/a><\/td><td class=\"term-reason col-group-start\" data-label=\"Megsz\u0171n\u00e9s oka\">Egy\u00e9b megsz\u0171n\u00e9si ok<\/td><td class=\"term-date col-group-end\" data-label=\"Megsz\u0171n\u00e9s d\u00e1tuma\">28\/06\/2024<\/td><\/tr><tr><td class=\"member-name\" data-label=\"N\u00e9v\">Dr. Gergely V\u00f6lgyi<\/td><td class=\"mandate-basis\" data-label=\"Megb\u00edzat\u00e1s alapja\">Foglalkoztatott<a href = \"https:\/\/semmelweis.hu\/bizottsagok\/files\/2022\/12\/8_2022_2023_XII_07_GYTK_KT.pdf\" target=\"_blank\">Megb\u00edzat\u00e1si dokumentum<\/a><\/td><td class=\"mandate-type\" data-label=\"Megb\u00edzat\u00e1s t\u00edpusa\">Tag<\/td><td class=\"start-date col-group-start\" data-label=\"Megb\u00edzat\u00e1s kezdete\">12\/12\/2022<\/td><td class=\"end-date col-group-end\" data-label=\"Megb\u00edzat\u00e1s v\u00e9ge\">31\/12\/2025<\/td><td class=\"mandate-doc\" data-label=\"Megb\u00edzat\u00e1si dokumentum\"><a href = \"https:\/\/semmelweis.hu\/bizottsagok\/files\/2022\/12\/8_2022_2023_XII_07_GYTK_KT.pdf\" target=\"_blank\">Megb\u00edzat\u00e1si dokumentum<\/a><\/td><td class=\"term-reason col-group-start\" data-label=\"Megsz\u0171n\u00e9s oka\">Egy\u00e9b megsz\u0171n\u00e9si ok<\/td><td class=\"term-date col-group-end\" data-label=\"Megsz\u0171n\u00e9s d\u00e1tuma\">30\/09\/2023<\/td><\/tr><tr><td class=\"member-name\" data-label=\"N\u00e9v\">Anna Mih\u00f3ky<\/td><td class=\"mandate-basis\" data-label=\"Megb\u00edzat\u00e1s alapja\">Hallgat\u00f3<a href = \"https:\/\/semmelweis.hu\/bizottsagok\/files\/2022\/12\/8_2022_2023_XII_07_GYTK_KT.pdf\" target=\"_blank\">Megb\u00edzat\u00e1si dokumentum<\/a><\/td><td class=\"mandate-type\" data-label=\"Megb\u00edzat\u00e1s t\u00edpusa\">Tag<\/td><td class=\"start-date col-group-start\" data-label=\"Megb\u00edzat\u00e1s kezdete\">12\/12\/2022<\/td><td class=\"end-date col-group-end\" data-label=\"Megb\u00edzat\u00e1s v\u00e9ge\">01\/07\/2025<\/td><td class=\"mandate-doc\" data-label=\"Megb\u00edzat\u00e1si dokumentum\"><a href = \"https:\/\/semmelweis.hu\/bizottsagok\/files\/2022\/12\/8_2022_2023_XII_07_GYTK_KT.pdf\" target=\"_blank\">Megb\u00edzat\u00e1si dokumentum<\/a><\/td><td class=\"term-reason col-group-start\" data-label=\"Megsz\u0171n\u00e9s oka\">Megb\u00edzat\u00e1s lej\u00e1rta<\/td><td class=\"term-date col-group-end\" data-label=\"Megsz\u0171n\u00e9s d\u00e1tuma\">01\/07\/2025<\/td><\/tr><tr><td class=\"member-name\" data-label=\"N\u00e9v\">Tam\u00e1s Bolyki<\/td><td class=\"mandate-basis\" data-label=\"Megb\u00edzat\u00e1s alapja\">Hallgat\u00f3<a href = \"https:\/\/semmelweis.hu\/gytk\/files\/2025\/12\/5_2025_2026_XII_02_GYTK_KT.pdf\" target=\"_blank\">Megb\u00edzat\u00e1si dokumentum<\/a><\/td><td class=\"mandate-type\" data-label=\"Megb\u00edzat\u00e1s t\u00edpusa\">Tag<\/td><td class=\"start-date col-group-start\" data-label=\"Megb\u00edzat\u00e1s kezdete\">01\/07\/2024<\/td><td class=\"end-date col-group-end\" data-label=\"Megb\u00edzat\u00e1s v\u00e9ge\">31\/12\/2025<\/td><td class=\"mandate-doc\" data-label=\"Megb\u00edzat\u00e1si dokumentum\"><a href = \"https:\/\/semmelweis.hu\/gytk\/files\/2025\/12\/5_2025_2026_XII_02_GYTK_KT.pdf\" target=\"_blank\">Megb\u00edzat\u00e1si dokumentum<\/a><\/td><td class=\"term-reason col-group-start\" data-label=\"Megsz\u0171n\u00e9s oka\">Megb\u00edzat\u00e1s lej\u00e1rta<\/td><td class=\"term-date col-group-end\" data-label=\"Megsz\u0171n\u00e9s d\u00e1tuma\">31\/12\/2025<\/td><\/tr>                            <\/tbody>\n                        <\/table>\n                    <\/div>\n                <\/div>\n            \n\n            <\/div>\n<\/div><br><br>\n<div class=\"committee-tab tab-4\" id=\"a-bizottsag-uegyrendje\">\n    <h2>A bizotts\u00e1g \u00fcgyrendje<\/h2>\n    <div class=\"committee-tab-content\">\n        <div class=\"keretes w-100\">\n            <ul style=\"list-style-type: square;\">\n                <li><a href=\"https:\/\/semmelweis.hu\/gytk\/files\/2026\/02\/KAOB-ugyrend.pdf\" target=\"_blank\">Gesch\u00e4ftsordnung der Anrechnungs- und Studienkommission der GYTK - Ungarisch<\/a><\/li>            <\/ul>\n        <\/div>\n    <\/div>\n<\/div>\n\n<br><\/section>\n","protected":false},"excerpt":{"rendered":"","protected":false},"author":101431,"featured_media":0,"parent":1311,"menu_order":0,"comment_status":"closed","ping_status":"closed","template":"template-fullwidth.php","meta":{"_acf_changed":false,"footnotes":""},"categories":[],"tags":[],"class_list":["post-1039","page","type-page","status-publish","hentry"],"acf":[],"_links":{"self":[{"href":"https:\/\/semmelweis.hu\/bizottsagok\/wp-json\/wp\/v2\/pages\/1039","targetHints":{"allow":["GET"]}}],"collection":[{"href":"https:\/\/semmelweis.hu\/bizottsagok\/wp-json\/wp\/v2\/pages"}],"about":[{"href":"https:\/\/semmelweis.hu\/bizottsagok\/wp-json\/wp\/v2\/types\/page"}],"author":[{"embeddable":true,"href":"https:\/\/semmelweis.hu\/bizottsagok\/wp-json\/wp\/v2\/users\/101431"}],"replies":[{"embeddable":true,"href":"https:\/\/semmelweis.hu\/bizottsagok\/wp-json\/wp\/v2\/comments?post=1039"}],"version-history":[{"count":12,"href":"https:\/\/semmelweis.hu\/bizottsagok\/wp-json\/wp\/v2\/pages\/1039\/revisions"}],"predecessor-version":[{"id":3099,"href":"https:\/\/semmelweis.hu\/bizottsagok\/wp-json\/wp\/v2\/pages\/1039\/revisions\/3099"}],"up":[{"embeddable":true,"href":"https:\/\/semmelweis.hu\/bizottsagok\/wp-json\/wp\/v2\/pages\/1311"}],"wp:attachment":[{"href":"https:\/\/semmelweis.hu\/bizottsagok\/wp-json\/wp\/v2\/media?parent=1039"}],"wp:term":[{"taxonomy":"category","embeddable":true,"href":"https:\/\/semmelweis.hu\/bizottsagok\/wp-json\/wp\/v2\/categories?post=1039"},{"taxonomy":"post_tag","embeddable":true,"href":"https:\/\/semmelweis.hu\/bizottsagok\/wp-json\/wp\/v2\/tags?post=1039"}],"curies":[{"name":"wp","href":"https:\/\/api.w.org\/{rel}","templated":true}]}}