{"id":1026,"date":"2021-01-04T13:46:33","date_gmt":"2021-01-04T12:46:33","guid":{"rendered":"https:\/\/semmelweis.hu\/bizottsagok\/?page_id=1026"},"modified":"2026-04-29T16:09:46","modified_gmt":"2026-04-29T14:09:46","slug":"studien-und-pruefungskommission-der-fakultaet-fuer-zahnheilkunde-fok","status":"publish","type":"page","link":"https:\/\/semmelweis.hu\/bizottsagok\/de\/feste-kimissionen\/fok-komissionen\/studien-und-pruefungskommission-der-fakultaet-fuer-zahnheilkunde-fok\/","title":{"rendered":"STUDIEN- UND PR\u00dcFUNGSKOMMISSION DER FOK"},"content":{"rendered":"<section class=\"committee lang-de\"><div class=\"keretes w-100\"><ul style=\"list-style-type: square;\"><li><a href=\"#feladat-es-hataskoer\">Feladat- \u00e9s hat\u00e1sk\u00f6r<\/a><\/li><li><a href=\"#a-bizottsag-tagjai\">A bizotts\u00e1g tagjai<\/a><\/li><li><a href=\"#a-bizottsag-uegyrendje\">A bizotts\u00e1g \u00fcgyrendje<\/a><\/li><\/ul><\/div>\n\n\n<div class=\"committee-tab tab-1\" id=\"feladat-es-hataskoer\">\n    <h2>Feladat- \u00e9s hat\u00e1sk\u00f6r<\/h2>\n    <div class=\"committee-tab-content\">\n        <p>Gremium, das \u2013 unabh\u00e4ngig von der Sprache, in der die Ausbildung stattfindet \u2013 in erster Instanz f\u00fcr die Studien- und Pr\u00fcfungsangelegenheiten der Studierenden der Fakult\u00e4t f\u00fcr Zahnheilkunde zust\u00e4ndig ist und gem\u00e4\u00df der Studien- und Pr\u00fcfungsordnung (SPO) folgende Aufgaben hat:<\/p>\n<ul>\n<li>Genehmigung\u00a0eines\u00a0Doppelstudiums,<\/li>\n<li>Genehmigung von Pr\u00fcfungen au\u00dferhalb des Pr\u00fcfungszeitraums in besonders begr\u00fcndeten F\u00e4llen,<\/li>\n<li>Gew\u00e4hrung von Verg\u00fcnstigungen aus Billigkeitsgr\u00fcnden,<\/li>\n<li>Genehmigung von Antr\u00e4gen auf Fachwechsel oder Fakult\u00e4ts- bzw. Hochschulwechsel,<\/li>\n<li>Genehmigung von Antr\u00e4gen auf Fachwechsel,<\/li>\n<li>Genehmigung\u00a0von Antr\u00e4gen auf Gasth\u00f6rerschaft,<\/li>\n<li>Genehmigung von Studierendenrechtsverh\u00e4ltnissen,<\/li>\n<li>Entscheidung \u00fcber Antr\u00e4ge von Studierenden betreffend den Studienplan<\/li>\n<li>Entscheidung \u00fcber die Erkl\u00e4rung eines bereits begonnenen Semesters nachtr\u00e4glich zum passiven Semester,<\/li>\n<li>die Zust\u00e4ndigkeit der Kommission erstreckt sich ferner auf sonstige in den Rechtsvorschriften oder der Universit\u00e4ts- bzw. Fakult\u00e4tsordnung genannte Aufgaben,<\/li>\n<li>im Falle der Einlegung eines Rechtsbehelfs Zusammenstellung der Unterlagen betreffend die Angelegenheit f\u00fcr die zweitinstanzliche \u00dcberpr\u00fcfungskommission,<\/li>\n<li>Festlegung von Bestimmungen in Bezug auf Antr\u00e4ge<\/li>\n<\/ul>\n    <\/div>\n<\/div><br>\n\n\n<div class=\"committee-tab tab-2\" id=\"a-bizottsag-tagjai\">\n    <h2>A bizotts\u00e1g tagjai<\/h2>\n    <div class=\"committee-tab-content\">\n        \n                        <p class=\"contact-person\">\n                <span><strong>Kapcsolattart\u00f3: <\/strong>\/ FOK Dean\u2019s Office \/ FOK Dekanat \/ FOK D\u00e9k\u00e1ni Hivatal<\/span><br>\n                <span><strong>Email: <\/strong>fok.dekan@semmelweis.hu<\/span>\n            <\/p>\n\n\n            \n                            <table id=\"active-members\" \n                    class=\" has-mandate-doc\" \n                    data-subcommittee=\"0\">\n                    <thead>\n                        <tr>\n                            <th class=\"member-name\">N\u00e9v<\/th>\n                            <th class=\"mandate-basis\">Megb\u00edzat\u00e1s alapja<\/th>\n                            <th class=\"mandate-type\">Megb\u00edzat\u00e1s t\u00edpusa<\/th>\n                                                                                    <th class=\"start-date col-group-start\" data-label=\"Megb\u00edzat\u00e1s id\u0151tartama\">Megb\u00edzat\u00e1s kezdete<\/th>\n                            <th class=\"end-date col-group-end\">Megb\u00edzat\u00e1s v\u00e9ge<\/th>\n                            <th class=\"mandate-doc\">Megb\u00edzat\u00e1si dokumentum<\/th>\n                        <\/tr>\n                    <\/thead>\n                    <tbody>\n                        <tr><td class=\"member-name\" data-label=\"N\u00e9v\">Dr. K\u00e1roly Bartha<\/td><td class=\"mandate-basis\" data-label=\"Megb\u00edzat\u00e1s alapja\">Foglalkoztatott<a href = \"https:\/\/semmelweis.hu\/jogigfoig\/files\/2020\/11\/193_2020_FOK_bizotts%C3%A1gok-szem%C3%A9lyi-%C3%B6sszet%C3%A9tel%C3%A9nek-m%C3%B3dos%C3%ADt%C3%A1sa.pdf\" target=\"_blank\">Megb\u00edzat\u00e1si dokumentum<\/a><\/td><td class=\"mandate-type\" data-label=\"Megb\u00edzat\u00e1s t\u00edpusa\">Eln\u00f6k<\/td><td class=\"start-date col-group-start\" data-label=\"Megb\u00edzat\u00e1s kezdete\">29\/10\/2020<\/td><td class=\"end-date col-group-end\" data-label=\"Megb\u00edzat\u00e1s v\u00e9ge\">28\/10\/2023<\/td><td class=\"mandate-doc\" data-label=\"Megb\u00edzat\u00e1si dokumentum\"><a href = \"https:\/\/semmelweis.hu\/jogigfoig\/files\/2020\/11\/193_2020_FOK_bizotts%C3%A1gok-szem%C3%A9lyi-%C3%B6sszet%C3%A9tel%C3%A9nek-m%C3%B3dos%C3%ADt%C3%A1sa.pdf\" target=\"_blank\">Megb\u00edzat\u00e1si dokumentum<\/a><\/td><\/tr><tr><td class=\"member-name\" data-label=\"N\u00e9v\">Dr. Attila Sz\u0171cs<\/td><td class=\"mandate-basis\" data-label=\"Megb\u00edzat\u00e1s alapja\">Foglalkoztatott<a href = \"https:\/\/semmelweis.hu\/jogigfoig\/files\/2020\/11\/193_2020_FOK_bizotts%C3%A1gok-szem%C3%A9lyi-%C3%B6sszet%C3%A9tel%C3%A9nek-m%C3%B3dos%C3%ADt%C3%A1sa.pdf\" target=\"_blank\">Megb\u00edzat\u00e1si dokumentum<\/a><\/td><td class=\"mandate-type\" data-label=\"Megb\u00edzat\u00e1s t\u00edpusa\">Tag<\/td><td class=\"start-date col-group-start\" data-label=\"Megb\u00edzat\u00e1s kezdete\">29\/10\/2020<\/td><td class=\"end-date col-group-end\" data-label=\"Megb\u00edzat\u00e1s v\u00e9ge\">28\/10\/2023<\/td><td class=\"mandate-doc\" data-label=\"Megb\u00edzat\u00e1si dokumentum\"><a href = \"https:\/\/semmelweis.hu\/jogigfoig\/files\/2020\/11\/193_2020_FOK_bizotts%C3%A1gok-szem%C3%A9lyi-%C3%B6sszet%C3%A9tel%C3%A9nek-m%C3%B3dos%C3%ADt%C3%A1sa.pdf\" target=\"_blank\">Megb\u00edzat\u00e1si dokumentum<\/a><\/td><\/tr><tr><td class=\"member-name\" data-label=\"N\u00e9v\">Dr. Bence Szab\u00f3<\/td><td class=\"mandate-basis\" data-label=\"Megb\u00edzat\u00e1s alapja\">Foglalkoztatott<a href = \"https:\/\/semmelweis.hu\/jogigfoig\/files\/2020\/11\/193_2020_FOK_bizotts%C3%A1gok-szem%C3%A9lyi-%C3%B6sszet%C3%A9tel%C3%A9nek-m%C3%B3dos%C3%ADt%C3%A1sa.pdf\" target=\"_blank\">Megb\u00edzat\u00e1si dokumentum<\/a><\/td><td class=\"mandate-type\" data-label=\"Megb\u00edzat\u00e1s t\u00edpusa\">Tag<\/td><td class=\"start-date col-group-start\" data-label=\"Megb\u00edzat\u00e1s kezdete\">29\/10\/2020<\/td><td class=\"end-date col-group-end\" data-label=\"Megb\u00edzat\u00e1s v\u00e9ge\">28\/10\/2023<\/td><td class=\"mandate-doc\" data-label=\"Megb\u00edzat\u00e1si dokumentum\"><a href = \"https:\/\/semmelweis.hu\/jogigfoig\/files\/2020\/11\/193_2020_FOK_bizotts%C3%A1gok-szem%C3%A9lyi-%C3%B6sszet%C3%A9tel%C3%A9nek-m%C3%B3dos%C3%ADt%C3%A1sa.pdf\" target=\"_blank\">Megb\u00edzat\u00e1si dokumentum<\/a><\/td><\/tr><tr><td class=\"member-name\" data-label=\"N\u00e9v\">Dr. \u00c1kos Zsembery<\/td><td class=\"mandate-basis\" data-label=\"Megb\u00edzat\u00e1s alapja\">Foglalkoztatott<a href = \"https:\/\/semmelweis.hu\/jogigfoig\/files\/2020\/11\/193_2020_FOK_bizotts%C3%A1gok-szem%C3%A9lyi-%C3%B6sszet%C3%A9tel%C3%A9nek-m%C3%B3dos%C3%ADt%C3%A1sa.pdf\" target=\"_blank\">Megb\u00edzat\u00e1si dokumentum<\/a><\/td><td class=\"mandate-type\" data-label=\"Megb\u00edzat\u00e1s t\u00edpusa\">Tag<\/td><td class=\"start-date col-group-start\" data-label=\"Megb\u00edzat\u00e1s kezdete\">29\/10\/2020<\/td><td class=\"end-date col-group-end\" data-label=\"Megb\u00edzat\u00e1s v\u00e9ge\">28\/10\/2023<\/td><td class=\"mandate-doc\" data-label=\"Megb\u00edzat\u00e1si dokumentum\"><a href = \"https:\/\/semmelweis.hu\/jogigfoig\/files\/2020\/11\/193_2020_FOK_bizotts%C3%A1gok-szem%C3%A9lyi-%C3%B6sszet%C3%A9tel%C3%A9nek-m%C3%B3dos%C3%ADt%C3%A1sa.pdf\" target=\"_blank\">Megb\u00edzat\u00e1si dokumentum<\/a><\/td><\/tr><tr><td class=\"member-name\" data-label=\"N\u00e9v\">Patrik Kreuter<\/td><td class=\"mandate-basis\" data-label=\"Megb\u00edzat\u00e1s alapja\">Hallgat\u00f3<a href = \"https:\/\/semmelweis.hu\/jogigfoig\/files\/2020\/11\/193_2020_FOK_bizotts%C3%A1gok-szem%C3%A9lyi-%C3%B6sszet%C3%A9tel%C3%A9nek-m%C3%B3dos%C3%ADt%C3%A1sa.pdf\" target=\"_blank\">Megb\u00edzat\u00e1si dokumentum<\/a><\/td><td class=\"mandate-type\" data-label=\"Megb\u00edzat\u00e1s t\u00edpusa\">Tag<\/td><td class=\"start-date col-group-start\" data-label=\"Megb\u00edzat\u00e1s kezdete\">29\/10\/2020<\/td><td class=\"end-date col-group-end\" data-label=\"Megb\u00edzat\u00e1s v\u00e9ge\">28\/10\/2023<\/td><td class=\"mandate-doc\" data-label=\"Megb\u00edzat\u00e1si dokumentum\"><a href = \"https:\/\/semmelweis.hu\/jogigfoig\/files\/2020\/11\/193_2020_FOK_bizotts%C3%A1gok-szem%C3%A9lyi-%C3%B6sszet%C3%A9tel%C3%A9nek-m%C3%B3dos%C3%ADt%C3%A1sa.pdf\" target=\"_blank\">Megb\u00edzat\u00e1si dokumentum<\/a><\/td><\/tr><tr><td class=\"member-name\" data-label=\"N\u00e9v\">Bernadett Kov\u00e1cs<\/td><td class=\"mandate-basis\" data-label=\"Megb\u00edzat\u00e1s alapja\">Hallgat\u00f3<a href = \"http:\/\/placeholder-url.com\" target=\"_blank\">Megb\u00edzat\u00e1si dokumentum<\/a><\/td><td class=\"mandate-type\" data-label=\"Megb\u00edzat\u00e1s t\u00edpusa\">Tag<\/td><td class=\"start-date col-group-start\" data-label=\"Megb\u00edzat\u00e1s kezdete\">01\/09\/2022<\/td><td class=\"end-date col-group-end\" data-label=\"Megb\u00edzat\u00e1s v\u00e9ge\">31\/08\/2025<\/td><td class=\"mandate-doc\" data-label=\"Megb\u00edzat\u00e1si dokumentum\"><a href = \"http:\/\/placeholder-url.com\" target=\"_blank\">Megb\u00edzat\u00e1si dokumentum<\/a><\/td><\/tr>                    <\/tbody>\n                <\/table>\n            \n\n            \n\n            <\/div>\n<\/div><br><br>\n<div class=\"committee-tab tab-4\" id=\"a-bizottsag-uegyrendje\">\n    <h2>A bizotts\u00e1g \u00fcgyrendje<\/h2>\n    <div class=\"committee-tab-content\">\n        <div class=\"keretes w-100\">\n            <ul style=\"list-style-type: square;\">\n                <li><a href=\"https:\/\/semmelweis.hu\/fok\/files\/2021\/12\/SE-FOK-TVB-SZR.pdf\" target=\"_blank\">Gesch\u00e4ftsordnung der Studien- und Pr\u00fcfungskommission<\/a><\/li>            <\/ul>\n        <\/div>\n    <\/div>\n<\/div>\n\n<br><\/section>\n","protected":false},"excerpt":{"rendered":"","protected":false},"author":101171,"featured_media":0,"parent":1303,"menu_order":0,"comment_status":"closed","ping_status":"closed","template":"template-fullwidth.php","meta":{"_acf_changed":false,"footnotes":""},"categories":[],"tags":[],"class_list":["post-1026","page","type-page","status-publish","hentry"],"acf":[],"_links":{"self":[{"href":"https:\/\/semmelweis.hu\/bizottsagok\/wp-json\/wp\/v2\/pages\/1026","targetHints":{"allow":["GET"]}}],"collection":[{"href":"https:\/\/semmelweis.hu\/bizottsagok\/wp-json\/wp\/v2\/pages"}],"about":[{"href":"https:\/\/semmelweis.hu\/bizottsagok\/wp-json\/wp\/v2\/types\/page"}],"author":[{"embeddable":true,"href":"https:\/\/semmelweis.hu\/bizottsagok\/wp-json\/wp\/v2\/users\/101171"}],"replies":[{"embeddable":true,"href":"https:\/\/semmelweis.hu\/bizottsagok\/wp-json\/wp\/v2\/comments?post=1026"}],"version-history":[{"count":7,"href":"https:\/\/semmelweis.hu\/bizottsagok\/wp-json\/wp\/v2\/pages\/1026\/revisions"}],"predecessor-version":[{"id":3093,"href":"https:\/\/semmelweis.hu\/bizottsagok\/wp-json\/wp\/v2\/pages\/1026\/revisions\/3093"}],"up":[{"embeddable":true,"href":"https:\/\/semmelweis.hu\/bizottsagok\/wp-json\/wp\/v2\/pages\/1303"}],"wp:attachment":[{"href":"https:\/\/semmelweis.hu\/bizottsagok\/wp-json\/wp\/v2\/media?parent=1026"}],"wp:term":[{"taxonomy":"category","embeddable":true,"href":"https:\/\/semmelweis.hu\/bizottsagok\/wp-json\/wp\/v2\/categories?post=1026"},{"taxonomy":"post_tag","embeddable":true,"href":"https:\/\/semmelweis.hu\/bizottsagok\/wp-json\/wp\/v2\/tags?post=1026"}],"curies":[{"name":"wp","href":"https:\/\/api.w.org\/{rel}","templated":true}]}}