{"id":13018,"date":"2021-03-02T17:03:47","date_gmt":"2021-03-02T16:03:47","guid":{"rendered":"https:\/\/semmelweis.hu\/biokemia\/?page_id=13018"},"modified":"2026-02-02T15:06:03","modified_gmt":"2026-02-02T14:06:03","slug":"tdk","status":"publish","type":"page","link":"https:\/\/semmelweis.hu\/biokemia\/kutatas\/tdk\/","title":{"rendered":"TDK-munk\u00e1k \u2013 2025\/2026"},"content":{"rendered":"<p><span lang=\"HU\">Tansz\u00e9ki TDK felel\u0151s: Dr. Kolev Kraszimir egyetemi tan\u00e1r, kapcsolatfelv\u00e9tel <a href=\"mailto:kolev.krasimir@semmelweis.hu\">emailben<\/a>.<\/span><\/p>\n<table width=\"723\">\n<tbody>\n<tr>\n<td style=\"width: 325.717px\"><strong>TDK-munka c\u00edme<\/strong><\/td>\n<td style=\"width: 396.283px\"><strong>T\u00e9mavezet\u0151 neve (fokozattal)<\/strong><\/td>\n<\/tr>\n<tr>\n<td style=\"width: 325.717px\">A hum\u00e1n dihidrolipoamid-dehidrogen\u00e1z deficiencia molekul\u00e1ris pathomechanizmus\u00e1nak vizsg\u00e1lata<\/td>\n<td style=\"width: 396.283px\">Dr. Ambrus Attila, az MTA doktora<\/td>\n<\/tr>\n<tr>\n<td style=\"width: 325.717px\">Az \u03b1-ketoglutar\u00e1t dehidrogen\u00e1z enzimkomplex ROS-termel\u00e9s\u00e9nek mechanizmusa \u00e9s szerkezeti vonatkoz\u00e1sai<\/td>\n<td style=\"width: 396.283px\">Dr. Ambrus Attila, az MTA doktora<\/td>\n<\/tr>\n<tr>\n<td style=\"width: 325.717px\">Multienzim komplexek szerkezete<\/td>\n<td style=\"width: 396.283px\">Dr. Ambrus Attila, az MTA doktora<\/td>\n<\/tr>\n<tr>\n<td style=\"width: 325.717px\">A\u00a0TRPM2 kation csatorna szerkezet\/funkci\u00f3 vizsg\u00e1lata<\/td>\n<td style=\"width: 396.283px\">Dr. Bart\u00f3k \u00c1d\u00e1m, PhD<\/td>\n<\/tr>\n<tr>\n<td style=\"width: 325.717px\">A CFTR klorid csatorna szerkezet\/funkci\u00f3 vizsg\u00e1lata<\/td>\n<td style=\"width: 396.283px\">Dr. Csan\u00e1dy L\u00e1szl\u00f3, az MTA doktora, Dr. T\u00f3th Bal\u00e1zs, PhD<\/td>\n<\/tr>\n<tr>\n<td style=\"width: 325.717px\">A\u00a0TRPM2 kation csatorna szerkezet\/funkci\u00f3 vizsg\u00e1lata<\/td>\n<td style=\"width: 396.283px\">Dr. Csan\u00e1dy L\u00e1szl\u00f3, az MTA doktora, Dr. T\u00f3th Bal\u00e1zs, PhD<\/td>\n<\/tr>\n<tr>\n<td style=\"width: 325.717px\">Az \u03b1-ketoglutar\u00e1t-dehidrogen\u00e1z enzimkomplex alegys\u00e9geinek szerkezetvizsg\u00e1lata NMR spektroszk\u00f3pi\u00e1val<\/td>\n<td style=\"width: 396.283px\">Dr. Czajlik Andr\u00e1s, PhD<\/td>\n<\/tr>\n<tr>\n<td style=\"width: 325.717px\">Mitokondri\u00e1lis funkci\u00f3k vizsg\u00e1lata \u00e9l\u0151 sejteken ritka mitokondri\u00e1lis megbeteged\u00e9sekben<\/td>\n<td style=\"width: 396.283px\">Dr. D\u00f3czi Judit, PhD<\/td>\n<\/tr>\n<tr>\n<td style=\"width: 325.717px\">Fibrinszerkezet hat\u00e1sa a fibrinol\u00edzisre<\/td>\n<td style=\"width: 396.283px\">Dr. Kolev Kraszimir, az MTA doktora<\/td>\n<\/tr>\n<tr>\n<td style=\"width: 325.717px\">A CFTR szerkezet\/funkci\u00f3 vizsg\u00e1lata<\/td>\n<td style=\"width: 396.283px\">Dr. Mih\u00e1lyi Csaba, PhD, Dr. Bart\u00f3k \u00c1d\u00e1m, PhD<\/td>\n<\/tr>\n<tr>\n<td style=\"width: 325.717px\">Kovalens jel\u00f6l\u00e9s-t\u00f6megspektrometria dietil-pirokarbon\u00e1ttal feh\u00e9rj\u00e9k szerkezet\u00e9nek \u00e9s feh\u00e9rje-feh\u00e9rje k\u00f6lcs\u00f6nhat\u00e1s vizsg\u00e1lat\u00e1ra<\/td>\n<td style=\"width: 396.283px\">Dr. Ozohanics Oliv\u00e9r, PhD<\/td>\n<\/tr>\n<tr>\n<td style=\"width: 325.717px\">Mitokondri\u00e1lis energiatermel\u0151 mechanizmusok vizsg\u00e1lata<\/td>\n<td style=\"width: 396.283px\">Dr. Ravasz D\u00f3ra, PhD<\/td>\n<\/tr>\n<tr>\n<td style=\"width: 325.717px\">Az l\u00e1gysz\u00f6veti, pathol\u00f3gi\u00e1s meszesed\u00e9s molekul\u00e1ris mechanizmusa<\/td>\n<td style=\"width: 396.283px\">Dr. Szeri Fl\u00f3ra, PhD<\/td>\n<\/tr>\n<tr>\n<td style=\"width: 325.717px\">Feh\u00e9rje szerkezet-funkci\u00f3 vizsg\u00e1lata biok\u00e9miai m\u00f3dszerekkel<\/td>\n<td style=\"width: 396.283px\">Dr. Sz\u00f6ll\u0151si Andr\u00e1s, PhD; Dr. Iordan Iordanov, PhD<\/td>\n<\/tr>\n<tr>\n<td style=\"width: 325.717px\">A\u00a0trombol\u00edzis molekul\u00e1ris modul\u00e1torai<\/td>\n<td style=\"width: 396.283px\">Dr. Tanka-Salamon Anna, PhD<\/td>\n<\/tr>\n<tr>\n<td style=\"width: 325.717px\">A k\u00f6zponti idegrendszer bioenergetik\u00e1ja<\/td>\n<td style=\"width: 396.283px\">Dr. Tretter L\u00e1szl\u00f3, az MTA doktora<\/td>\n<\/tr>\n<tr>\n<td style=\"width: 325.717px\">A neurodegener\u00e1ci\u00f3hoz vezet\u0151 biok\u00e9miai folyamatok<\/td>\n<td style=\"width: 396.283px\">Dr. Tretter L\u00e1szl\u00f3, az MTA doktora<\/td>\n<\/tr>\n<tr>\n<td style=\"width: 325.717px\">Mitokondri\u00e1lis funkci\u00f3k a k\u00f6zponti idegrendszer sejtjeiben<\/td>\n<td style=\"width: 396.283px\">Dr. Tretter L\u00e1szl\u00f3, az MTA doktora<\/td>\n<\/tr>\n<tr>\n<td style=\"width: 325.717px\">Neutrofil extracellul\u00e1ris csapd\u00e1k tromb\u00f3zisban \u00e9s hemoszt\u00e1zisban<\/td>\n<td style=\"width: 396.283px\">Dr. Wohner Nikolett, PhD<\/td>\n<\/tr>\n<\/tbody>\n<\/table>\n","protected":false},"excerpt":{"rendered":"<p>Tansz\u00e9ki TDK felel\u0151s: Dr. Kolev Kraszimir egyetemi tan\u00e1r, kapcsolatfelv\u00e9tel <a href=\"mailto:kolev.krasimir@semmelweis.hu\">emailben<\/a> . TDK-munka c\u00edme T\u00e9mavezet\u0151 neve (fokozattal) A hum\u00e1n dihidrolipoamid-dehidrogen\u00e1z deficiencia molekul\u00e1ris pathomechanizmus\u00e1nak vizsg\u00e1lata Dr. Ambrus Attila, az MTA doktora Az \u03b1-ketoglutar\u00e1t dehidrogen\u00e1z enzimkomplex ROS-termel\u00e9s\u00e9nek mechanizmusa \u00e9s szerkezeti vonatkoz\u00e1sai Dr. Ambrus Attila, az MTA doktora Multienzim komplexek szerkezete Dr. Ambrus Attila, az MTA doktora A\u00a0TRPM2 kation csatorna &hellip;<\/p>\n","protected":false},"author":101604,"featured_media":0,"parent":53,"menu_order":0,"comment_status":"closed","ping_status":"closed","template":"","meta":{"_acf_changed":false,"footnotes":""},"categories":[],"tags":[],"class_list":["post-13018","page","type-page","status-publish","hentry"],"acf":[],"_links":{"self":[{"href":"https:\/\/semmelweis.hu\/biokemia\/wp-json\/wp\/v2\/pages\/13018","targetHints":{"allow":["GET"]}}],"collection":[{"href":"https:\/\/semmelweis.hu\/biokemia\/wp-json\/wp\/v2\/pages"}],"about":[{"href":"https:\/\/semmelweis.hu\/biokemia\/wp-json\/wp\/v2\/types\/page"}],"author":[{"embeddable":true,"href":"https:\/\/semmelweis.hu\/biokemia\/wp-json\/wp\/v2\/users\/101604"}],"replies":[{"embeddable":true,"href":"https:\/\/semmelweis.hu\/biokemia\/wp-json\/wp\/v2\/comments?post=13018"}],"version-history":[{"count":11,"href":"https:\/\/semmelweis.hu\/biokemia\/wp-json\/wp\/v2\/pages\/13018\/revisions"}],"predecessor-version":[{"id":14135,"href":"https:\/\/semmelweis.hu\/biokemia\/wp-json\/wp\/v2\/pages\/13018\/revisions\/14135"}],"up":[{"embeddable":true,"href":"https:\/\/semmelweis.hu\/biokemia\/wp-json\/wp\/v2\/pages\/53"}],"wp:attachment":[{"href":"https:\/\/semmelweis.hu\/biokemia\/wp-json\/wp\/v2\/media?parent=13018"}],"wp:term":[{"taxonomy":"category","embeddable":true,"href":"https:\/\/semmelweis.hu\/biokemia\/wp-json\/wp\/v2\/categories?post=13018"},{"taxonomy":"post_tag","embeddable":true,"href":"https:\/\/semmelweis.hu\/biokemia\/wp-json\/wp\/v2\/tags?post=13018"}],"curies":[{"name":"wp","href":"https:\/\/api.w.org\/{rel}","templated":true}]}}