{"id":9763,"date":"2023-10-24T15:03:44","date_gmt":"2023-10-24T13:03:44","guid":{"rendered":"https:\/\/semmelweis.hu\/bioinformatika\/?page_id=9763"},"modified":"2023-11-11T12:59:42","modified_gmt":"2023-11-11T11:59:42","slug":"dr-tusnady-gabor","status":"publish","type":"page","link":"https:\/\/semmelweis.hu\/bioinformatika\/tanszekunk-bemutatasa\/oktato-kutatok\/dr-tusnady-gabor\/","title":{"rendered":"Dr. Tusn\u00e1dy G\u00e1bor"},"content":{"rendered":"<p lang=\"hu-HU\"><img loading=\"lazy\" decoding=\"async\" class=\" wp-image-9901 alignleft\" src=\"https:\/\/semmelweis.hu\/bioinformatika\/files\/2023\/11\/tusnady_portre-1-288x400.jpg\" alt=\"\" width=\"233\" height=\"324\" srcset=\"https:\/\/semmelweis.hu\/bioinformatika\/files\/2023\/11\/tusnady_portre-1-288x400.jpg 288w, https:\/\/semmelweis.hu\/bioinformatika\/files\/2023\/11\/tusnady_portre-1-738x1024.jpg 738w, https:\/\/semmelweis.hu\/bioinformatika\/files\/2023\/11\/tusnady_portre-1-768x1066.jpg 768w, https:\/\/semmelweis.hu\/bioinformatika\/files\/2023\/11\/tusnady_portre-1-1107x1536.jpg 1107w, https:\/\/semmelweis.hu\/bioinformatika\/files\/2023\/11\/tusnady_portre-1-1475x2048.jpg 1475w, https:\/\/semmelweis.hu\/bioinformatika\/files\/2023\/11\/tusnady_portre-1-753x1045.jpg 753w, https:\/\/semmelweis.hu\/bioinformatika\/files\/2023\/11\/tusnady_portre-1.jpg 1536w\" sizes=\"auto, (max-width: 233px) 100vw, 233px\" \/><strong>N\u00e9<\/strong><strong>v:<\/strong> Dr. Tusn\u00e1dy G\u00e1bor<\/p>\n<p lang=\"hu-HU\"><strong>T\u00e9ma:<\/strong> Transzmembr\u00e1n feh\u00e9rj\u00e9k bioinformatikai vizsg\u00e1lata<\/p>\n<p lang=\"hu-HU\"><strong>Beoszt\u00e1s:<\/strong> kutat\u00e1si szak\u00e9rt\u0151<\/p>\n<p lang=\"hu-HU\"><strong>Bemutatkoz\u00e1s:<\/strong><\/p>\n<p lang=\"hu-HU\">Az ELTE Term\u00e9szettudom\u00e1nyi Kar Vegy\u00e9sz szak\u00e1n szerezte diplom\u00e1j\u00e1t, majd az ELTE Biol\u00f3giai Doktori Iskol\u00e1j\u00e1ban a Szerkezeti biok\u00e9mia programban a PhD fokozat\u00e1t. 1992-t\u0151l az MTA SZBK Enzimol\u00f3giai Int\u00e9zet munkat\u00e1rsa, 2023-t\u00f3l a tansz\u00e9k\u00fcnk kutat\u00e1si szak\u00e9rt\u0151je. Kutat\u00e1si ter\u00fclete a transzmembr\u00e1n feh\u00e9rj\u00e9k bioinformatika vizsg\u00e1lata. Ezen feh\u00e9rj\u00e9k rendk\u00edv\u00fcl fontos szerepet j\u00e1tszanak az \u00e9lettani folyamatok szinte minden ter\u00fclet\u00e9n, r\u00e9szt vesznek az anyagok sejtekbe \u00e9s sejt-organellumokba t\u00f6rt\u00e9n\u0151 ki- \u00e9s besz\u00e1ll\u00edt\u00e1s\u00e1ban, az inform\u00e1ci\u00f3 \u00e1tad\u00e1sban, jel\u00e1tviteli \u00fatvonalak \u00e9rz\u00e9kel\u0151ik\u00e9nt, s\u0151t m\u00e9g a sejtek energiatermel\u00e9s\u00e9ben. \u00c9ppen emiatt ezen feh\u00e9rj\u00e9k szerkezet\u00e9nek \u00e9s m\u0171k\u00f6d\u00e9s\u00e9nek a meg\u00e9rt\u00e9se orvosbiol\u00f3giai szempontb\u00f3l rendk\u00edv\u00fcl fontos. Mivel a transzmembr\u00e1n feh\u00e9rj\u00e9k k\u00eds\u00e9rletesen nehezen \u00e9s k\u00f6lts\u00e9gesen vizsg\u00e1lhat\u00f3k, ez\u00e9rt szerkezet\u00fcknek, tulajdons\u00e1gaiknak bioinformatika m\u00f3dszerekkel val\u00f3 felt\u00e1r\u00e1sa szinte az egyetlen j\u00e1rhat\u00f3 \u00fat. Tusn\u00e1dy G\u00e1bor \u00e1ltal l\u00e9trehozott <a href=\"http:\/\/counter.getlab.hu\/\" target=\"_blank\" rel=\"noopener\">adatb\u00e1zisokat \u00e9s szervereket<\/a>, amelyek a transzmembr\u00e1n feh\u00e9rj\u00e9k szerkezet\u00e9nek k\u00fcl\u00f6nb\u00f6z\u0151 szintjeir\u0151l ny\u00fajtanak inform\u00e1ci\u00f3t \u00e9vente t\u00f6bb milli\u00f3an haszn\u00e1lj\u00e1k vil\u00e1gszerte.<\/p>\n<p lang=\"hu-HU\">Munk\u00e1j\u00e1t sz\u00e1mos d\u00edjban ismert\u00e9k el (Magyary Zolt\u00e1n posztdoktori \u00f6szt\u00f6nd\u00edj, Bolyai J\u00e1nos Eml\u00e9kplakett, Kajt\u00e1r M\u00e1rton D\u00edj), t\u00f6bb hazai is nemzetk\u00f6zi tudom\u00e1nyos t\u00e1rsas\u00e1g tagja (Magyar Biok\u00e9miai T\u00e1rsas\u00e1g, Magyar Biofizikai t\u00e1rsas\u00e1g, Magyar Bioinformatikai T\u00e1rsas\u00e1g, International Society for Computational Biology), 2016 \u00f3ta a Magyar Bioinformatika T\u00e1rsas\u00e1g F\u0151titk\u00e1ra.<\/p>\n<p lang=\"hu-HU\">T\u00f6bb doktori iskol\u00e1ban (ELTE BDI, FDI; BME Ol\u00e1h Gy\u00f6rgy DI, SE) \u00e9s MSc szak\u00e1n oktatott \u00e9s oktat Feh\u00e9rje Bioinformatik\u00e1t, di\u00e1kjai k\u00f6z\u00fcl 2 OTDK 1 helyez\u00e9st \u00e9rt el, 1 Pro Sciencia D\u00edjat kapott.<\/p>\n","protected":false},"excerpt":{"rendered":"<p>N\u00e9v: Dr. Tusn\u00e1dy G\u00e1bor T\u00e9ma: Transzmembr\u00e1n feh\u00e9rj\u00e9k bioinformatikai vizsg\u00e1lata Beoszt\u00e1s: kutat\u00e1si szak\u00e9rt\u0151 Bemutatkoz\u00e1s: Az ELTE Term\u00e9szettudom\u00e1nyi Kar Vegy\u00e9sz szak\u00e1n szerezte diplom\u00e1j\u00e1t, majd az ELTE Biol\u00f3giai Doktori Iskol\u00e1j\u00e1ban a Szerkezeti biok\u00e9mia programban a PhD fokozat\u00e1t. 1992-t\u0151l az MTA SZBK Enzimol\u00f3giai Int\u00e9zet munkat\u00e1rsa, 2023-t\u00f3l a tansz\u00e9k\u00fcnk kutat\u00e1si szak\u00e9rt\u0151je. Kutat\u00e1si ter\u00fclete a transzmembr\u00e1n feh\u00e9rj\u00e9k bioinformatika vizsg\u00e1lata. Ezen feh\u00e9rj\u00e9k &hellip;<\/p>\n","protected":false},"author":102018,"featured_media":0,"parent":9740,"menu_order":6,"comment_status":"closed","ping_status":"closed","template":"","meta":{"_acf_changed":false,"footnotes":""},"categories":[],"tags":[],"class_list":["post-9763","page","type-page","status-publish","hentry"],"acf":[],"_links":{"self":[{"href":"https:\/\/semmelweis.hu\/bioinformatika\/wp-json\/wp\/v2\/pages\/9763","targetHints":{"allow":["GET"]}}],"collection":[{"href":"https:\/\/semmelweis.hu\/bioinformatika\/wp-json\/wp\/v2\/pages"}],"about":[{"href":"https:\/\/semmelweis.hu\/bioinformatika\/wp-json\/wp\/v2\/types\/page"}],"author":[{"embeddable":true,"href":"https:\/\/semmelweis.hu\/bioinformatika\/wp-json\/wp\/v2\/users\/102018"}],"replies":[{"embeddable":true,"href":"https:\/\/semmelweis.hu\/bioinformatika\/wp-json\/wp\/v2\/comments?post=9763"}],"version-history":[{"count":3,"href":"https:\/\/semmelweis.hu\/bioinformatika\/wp-json\/wp\/v2\/pages\/9763\/revisions"}],"predecessor-version":[{"id":9902,"href":"https:\/\/semmelweis.hu\/bioinformatika\/wp-json\/wp\/v2\/pages\/9763\/revisions\/9902"}],"up":[{"embeddable":true,"href":"https:\/\/semmelweis.hu\/bioinformatika\/wp-json\/wp\/v2\/pages\/9740"}],"wp:attachment":[{"href":"https:\/\/semmelweis.hu\/bioinformatika\/wp-json\/wp\/v2\/media?parent=9763"}],"wp:term":[{"taxonomy":"category","embeddable":true,"href":"https:\/\/semmelweis.hu\/bioinformatika\/wp-json\/wp\/v2\/categories?post=9763"},{"taxonomy":"post_tag","embeddable":true,"href":"https:\/\/semmelweis.hu\/bioinformatika\/wp-json\/wp\/v2\/tags?post=9763"}],"curies":[{"name":"wp","href":"https:\/\/api.w.org\/{rel}","templated":true}]}}