{"id":920,"date":"2023-05-16T19:57:16","date_gmt":"2023-05-16T17:57:16","guid":{"rendered":"https:\/\/semmelweis.hu\/belhema\/?page_id=920"},"modified":"2025-01-07T12:12:17","modified_gmt":"2025-01-07T11:12:17","slug":"ausbildung","status":"publish","type":"page","link":"https:\/\/semmelweis.hu\/belhema\/de\/ausbildung\/","title":{"rendered":"Ausbildung"},"content":{"rendered":"<div class=\"keretes w-100\">\n<p><strong>Lehrverantwortliche: Dr. Zsuzsa Nebenf\u00fchrer<\/strong><br \/>\n<strong>E-Mail:<\/strong> nebenfuhrer.zsuzsanna@semmelweis.hu\u00a0<\/p>\n<p><strong>Ausbildungskoordination<\/strong>: Incze Oliv\u00e9rn\u00e9 (Marcsi)<br \/>\n<strong>B\u00fcro:<\/strong> Geb\u00e4ude G, Erdgeschoss<br \/>\n<strong>E-Mail:<\/strong> incze.oliver.antalne@semmelweis.hu<\/p>\n<p><strong>Studierendenadministration:<\/strong> Cs\u0171r\u00f6s \u00c1gnes<br \/>\n<strong>B\u00fcro:<\/strong> Direktion, Geb\u00e4ude B, Hochparterre<br \/>\n<strong>E-Mail:<\/strong> csuros.agnes@semmelweis.hu<br \/>\n<strong>Telefon:<\/strong> <a href=\"tel:+3613754364\">+36 1 375-4364<\/a><\/p>\n<\/div>\n<p><strong>In der Klinik unterrichten wir Studierende des 3., 5. und 6. Jahrgangs der Medizinischen Fakult\u00e4t und des 4. Jahrgangs der Fakult\u00e4t f\u00fcr Innere Medizin.<\/strong><\/p>\n<p>Das <a href=\"http:\/\/www.irgalmasrend.hu\/site\/budapest\/sprachen\/de\" target=\"_blank\" rel=\"noopener\">Krankenhaus der Barmherzigen Br\u00fcder Budapest<\/a> (Abteilung f\u00fcr Rheumatologie und klinische Immunologie) (auf Ungarisch: Budai Irgalmarendi K\u00f3rh\u00e1z) und das Nationalinstitut f\u00fcr Rheumatologie und Physiotherapie (Abteilung f\u00fcr Rheumatologie und Muskel-Skelett-Pr\u00e4vention) (auf Ungarisch: Orsz\u00e1gos Reumatol\u00f3giai \u00e9s Fizioter\u00e1pi\u00e1s Int\u00e9zet) sind an der Lehre der Immunologie und Rheumatologie f\u00fcr Studierende des f\u00fcnften Jahrganges, das Krankenhaus Szent L\u00e1szl\u00f3 (Abteilung f\u00fcr Infektiologie) an der Lehre der Infektiologie f\u00fcr Studierende des f\u00fcnften und sechsten Jahrganges beteiligt.\u00a0<\/p>\n<p>F\u00fcr alle Fragen im Zusammenhang mit dem Fach <strong>INFEKTIOLOGIE<\/strong> wenden Sie sich bitte an die Lehrstuhlgruppe Infektiologie (Dr. Gergely Kriv\u00e1n, J\u00falia Nagy) unter den folgenden Adresse: infectology.hun@gmail.com!<\/p>\n<div class=\"fontos_div\">\n<p><strong>Aktualisierte Unterrichtsmaterialien sind am <a href=\"https:\/\/itc.semmelweis.hu\/moodle\/course\/view.php?id=152\">Moodle-System<\/a> zu finden.<\/strong><\/p>\n<\/div>\n","protected":false},"excerpt":{"rendered":"<p>Lehrverantwortliche: Dr. Zsuzsa Nebenf\u00fchrer E-Mail: nebenfuhrer.zsuzsanna@semmelweis.hu\u00a0 Ausbildungskoordination: Incze Oliv\u00e9rn\u00e9 (Marcsi) B\u00fcro: Geb\u00e4ude G, Erdgeschoss E-Mail: incze.oliver.antalne@semmelweis.hu Studierendenadministration: Cs\u0171r\u00f6s \u00c1gnes B\u00fcro: Direktion, Geb\u00e4ude B, Hochparterre E-Mail: csuros.agnes@semmelweis.hu Telefon: <a href=\"tel:+3613754364\">+36 1 375-4364<\/a> In der Klinik unterrichten wir Studierende des 3., 5. und 6. Jahrgangs der Medizinischen Fakult\u00e4t und des 4. Jahrgangs der Fakult\u00e4t f\u00fcr Innere Medizin. Das <a href=\"http:\/\/www.irgalmasrend.hu\/site\/budapest\/sprachen\/de\" target=\"_blank\" rel=\"noopener\">Krankenhaus der Barmherzigen Br\u00fcder Budapest<\/a> (Abteilung f\u00fcr Rheumatologie &hellip;<\/p>\n","protected":false},"author":334,"featured_media":0,"parent":0,"menu_order":2,"comment_status":"closed","ping_status":"closed","template":"","meta":{"_acf_changed":false,"footnotes":""},"categories":[],"tags":[],"class_list":["post-920","page","type-page","status-publish","hentry"],"acf":[],"_links":{"self":[{"href":"https:\/\/semmelweis.hu\/belhema\/wp-json\/wp\/v2\/pages\/920","targetHints":{"allow":["GET"]}}],"collection":[{"href":"https:\/\/semmelweis.hu\/belhema\/wp-json\/wp\/v2\/pages"}],"about":[{"href":"https:\/\/semmelweis.hu\/belhema\/wp-json\/wp\/v2\/types\/page"}],"author":[{"embeddable":true,"href":"https:\/\/semmelweis.hu\/belhema\/wp-json\/wp\/v2\/users\/334"}],"replies":[{"embeddable":true,"href":"https:\/\/semmelweis.hu\/belhema\/wp-json\/wp\/v2\/comments?post=920"}],"version-history":[{"count":8,"href":"https:\/\/semmelweis.hu\/belhema\/wp-json\/wp\/v2\/pages\/920\/revisions"}],"predecessor-version":[{"id":8807,"href":"https:\/\/semmelweis.hu\/belhema\/wp-json\/wp\/v2\/pages\/920\/revisions\/8807"}],"wp:attachment":[{"href":"https:\/\/semmelweis.hu\/belhema\/wp-json\/wp\/v2\/media?parent=920"}],"wp:term":[{"taxonomy":"category","embeddable":true,"href":"https:\/\/semmelweis.hu\/belhema\/wp-json\/wp\/v2\/categories?post=920"},{"taxonomy":"post_tag","embeddable":true,"href":"https:\/\/semmelweis.hu\/belhema\/wp-json\/wp\/v2\/tags?post=920"}],"curies":[{"name":"wp","href":"https:\/\/api.w.org\/{rel}","templated":true}]}}