{"id":821,"date":"2023-05-15T14:36:50","date_gmt":"2023-05-15T12:36:50","guid":{"rendered":"https:\/\/semmelweis.hu\/belhema\/?page_id=821"},"modified":"2023-05-16T20:16:40","modified_gmt":"2023-05-16T18:16:40","slug":"kontakt","status":"publish","type":"page","link":"https:\/\/semmelweis.hu\/belhema\/de\/kontakt\/","title":{"rendered":"Kontakt"},"content":{"rendered":"<p><strong>Anschrift:<\/strong> Szentkir\u00e1lyi utca 46, 1088 Budapest<\/p>\n<p><strong>Telefon:<\/strong> +36 1 459-1500<\/p>\n<p><strong>E-Mail:<\/strong> titkarsag3bel@med.semmelweis-univ.hu<\/p>\n<div class=\"fontos_div\">\n<p>Die Abteilung besteht aus zwei Geb\u00e4uden: Geb\u00e4ude B befindet sich an der Ecke \u00dcll\u0151i \u00fat und Szentkir\u00e1lyi utca, Geb\u00e4ude A befindet sich entlang der Szentkir\u00e1lyi utca.<\/p>\n<\/div>\n<h6>ERREICHBARKEIT:<\/h6>\n<ul style=\"list-style-type: square\">\n<li><strong>Zu Fu\u00df:<\/strong> von den Eing\u00e4ngen Szentkir\u00e1lyi utca, Baross utca oder M\u00e1ria utca des Klinikblocks (siehe Hinweisschilder).<\/li>\n<li><strong>Mit dem Auto:<\/strong> Auf dem Klinikgel\u00e4nde gibt es keine Parkm\u00f6glichkeiten. Das Autofahren ist nur f\u00fcr die kurze Zeit erlaubt, die der Patient mit eingeschr\u00e4nkter Mobilit\u00e4t zum Aussteigen ben\u00f6tigt. Parken ist in den umliegenden Stra\u00dfen m\u00f6glich (\u00dcll\u0151i \u00fat, M\u00e1ria utca, Szentkir\u00e1lyi utca, Baross utca), aber an Wochentagen zwischen 8:00 und 18:00 Uhr ist das Parken geb\u00fchrenpflichtig!<\/li>\n<li><strong>\u00d6ffentliche Verkehrsmittel:<\/strong> U-Bahnlinie M3 \/ Stra\u00dfenbahnlinie 4-6 Haltestelle Corvin-Viertel, Oberleitungsbus 83 Haltestelle \u00dcll\u0151i \u00fat, Oberleitungsbus 72 und Bus 9 Haltestelle Szentkir\u00e1lyi utca.<\/li>\n<\/ul>\n\n<!-- iframe plugin v.4.9 wordpress.org\/plugins\/iframe\/ -->\n<iframe src=\"https:\/\/www.google.com\/maps\/embed?pb=!1m18!1m12!1m3!1d2696.1205049030114!2d19.064689315626403!3d47.48756577917703!2m3!1f0!2f0!3f0!3m2!1i1024!2i768!4f13.1!3m3!1m2!1s0x4741dc5985da58d1%3A0xd3e7e399ad4bb144!2sSemmelweis%20University%20II.%20No.%20Of%20Internal%20Medicine!5e0!3m2!1sen!2shu!4v1679559196934!5m2!1sen!2shu\" width=\"100%\" height=\"350\" style=\"border:0;\" allowfullscreen loading=\"lazy\" referrerpolicy=\"no-referrer-when-downgrade\" scrolling=\"yes\" class=\"iframe-class\" frameborder=\"0\"><\/iframe>\n\n","protected":false},"excerpt":{"rendered":"<p>Anschrift: Szentkir\u00e1lyi utca 46, 1088 Budapest Telefon: +36 1 459-1500 E-Mail: titkarsag3bel@med.semmelweis-univ.hu Die Abteilung besteht aus zwei Geb\u00e4uden: Geb\u00e4ude B befindet sich an der Ecke \u00dcll\u0151i \u00fat und Szentkir\u00e1lyi utca, Geb\u00e4ude A befindet sich entlang der Szentkir\u00e1lyi utca. ERREICHBARKEIT: Zu Fu\u00df: von den Eing\u00e4ngen Szentkir\u00e1lyi utca, Baross utca oder M\u00e1ria utca des Klinikblocks (siehe Hinweisschilder). &hellip;<\/p>\n","protected":false},"author":102160,"featured_media":0,"parent":0,"menu_order":9,"comment_status":"closed","ping_status":"closed","template":"","meta":{"_acf_changed":false,"footnotes":""},"categories":[],"tags":[],"class_list":["post-821","page","type-page","status-publish","hentry"],"acf":[],"_links":{"self":[{"href":"https:\/\/semmelweis.hu\/belhema\/wp-json\/wp\/v2\/pages\/821","targetHints":{"allow":["GET"]}}],"collection":[{"href":"https:\/\/semmelweis.hu\/belhema\/wp-json\/wp\/v2\/pages"}],"about":[{"href":"https:\/\/semmelweis.hu\/belhema\/wp-json\/wp\/v2\/types\/page"}],"author":[{"embeddable":true,"href":"https:\/\/semmelweis.hu\/belhema\/wp-json\/wp\/v2\/users\/102160"}],"replies":[{"embeddable":true,"href":"https:\/\/semmelweis.hu\/belhema\/wp-json\/wp\/v2\/comments?post=821"}],"version-history":[{"count":4,"href":"https:\/\/semmelweis.hu\/belhema\/wp-json\/wp\/v2\/pages\/821\/revisions"}],"predecessor-version":[{"id":926,"href":"https:\/\/semmelweis.hu\/belhema\/wp-json\/wp\/v2\/pages\/821\/revisions\/926"}],"wp:attachment":[{"href":"https:\/\/semmelweis.hu\/belhema\/wp-json\/wp\/v2\/media?parent=821"}],"wp:term":[{"taxonomy":"category","embeddable":true,"href":"https:\/\/semmelweis.hu\/belhema\/wp-json\/wp\/v2\/categories?post=821"},{"taxonomy":"post_tag","embeddable":true,"href":"https:\/\/semmelweis.hu\/belhema\/wp-json\/wp\/v2\/tags?post=821"}],"curies":[{"name":"wp","href":"https:\/\/api.w.org\/{rel}","templated":true}]}}