{"id":35,"date":"2021-04-30T12:37:45","date_gmt":"2021-04-30T10:37:45","guid":{"rendered":"http:\/\/semmelweis.hu\/belgyogyaszat3-v3\/?page_id=35"},"modified":"2024-01-17T12:34:31","modified_gmt":"2024-01-17T11:34:31","slug":"hazirend","status":"publish","type":"page","link":"https:\/\/semmelweis.hu\/belhema\/fekvobeteg-ellatas\/hazirend\/","title":{"rendered":"H\u00e1zirend"},"content":{"rendered":"<p><strong>Tisztelt Betegeink, L\u00e1togat\u00f3k!<\/strong><\/p>\n<p>Jelen h\u00e1zirend mindazokat az \u00e1ltal\u00e1nos tudnival\u00f3kat tartalmazza, amelyek a Semmelweis Egyetem Belgy\u00f3gy\u00e1szati \u00e9s Hematol\u00f3giai Klinika minden fekv\u0151beteg-ell\u00e1t\u00f3 r\u00e9szleg\u00e9re egys\u00e9gesen \u00e9rv\u00e9nyesek.<\/p>\n<p>Az egyes oszt\u00e1lyok napi m\u0171k\u00f6d\u00e9si rendj\u00e9r\u0151l a felv\u00e9telt k\u00f6vet\u0151en az oszt\u00e1lyon kapnak pontos t\u00e1j\u00e9koztat\u00e1st.<\/p>\n<p>A Klinik\u00e1n foly\u00f3 gy\u00f3gy\u00edt\u00f3 munka eredm\u00e9nyess\u00e9ge \u00e9s betegeink nyugalma \u00e9rdek\u00e9ben a H\u00e1zirendben foglalt szab\u00e1lyokat, k\u00e9rj\u00fck, tartsa be. Ezzel nemcsak az orvosok \u00e9s az \u00e1pol\u00f3k munk\u00e1j\u00e1t seg\u00edti, hanem saj\u00e1t \u00e9s betegt\u00e1rsai gy\u00f3gyul\u00e1s\u00e1t is.<\/p>\n<p>T\u00e1j\u00e9koztatjuk, hogy a Klinik\u00e1n orvostanhallgat\u00f3k, rezidensek, \u00e1pol\u00f3- \u00e9s egy\u00e9b szakk\u00e9pz\u00e9sben r\u00e9szt vev\u0151, valamint f\u0151iskolai hallgat\u00f3k gyakorlati k\u00e9pz\u00e9se t\u00f6rt\u00e9nik, akik ennek keret\u00e9ben r\u00e9szt vesznek az \u00d6n gy\u00f3gy\u00edt\u00e1s\u00e1ban \u00e9s \u00e1pol\u00e1s\u00e1ban. A hallgat\u00f3k tev\u00e9kenys\u00e9g\u00fcket szakorvosok, szak\u00e1pol\u00f3k ir\u00e1ny\u00edt\u00e1s\u00e1val v\u00e9gzik.<\/p>\n<p><strong>Betegfelv\u00e9tel<\/strong><\/p>\n<p>A k\u00f3rh\u00e1zi felv\u00e9telhez sz\u00fcks\u00e9ges dokumentumok, iratok:<\/p>\n<ul>\n<li>k\u00f3rh\u00e1zi beutal\u00f3 (kiv\u00e9tel s\u00fcrg\u0151ss\u00e9gi esetek vagy visszarendel\u00e9s), szem\u00e9lyi igazolv\u00e1ny, lakc\u00edmk\u00e1rtya, TAJ-k\u00e1rtya (k\u00fclf\u00f6ldi \u00e1llampolg\u00e1rok eset\u00e9ben \u00fatlev\u00e9l, eur\u00f3pai eg\u00e9szs\u00e9gbiztos\u00edt\u00e1si k\u00e1rtya),<\/li>\n<li>kor\u00e1bbi leletek, z\u00e1r\u00f3jelent\u00e9sek, az otthon szedett gy\u00f3gyszerek list\u00e1ja<\/li>\n<\/ul>\n<p><strong>Elbocs\u00e1t\u00e1s, t\u00e1voz\u00e1s<\/strong><\/p>\n<p>A Klinik\u00e1r\u00f3l naponta van hazabocs\u00e1t\u00e1s, melynek id\u0151pontj\u00e1r\u00f3l a beteget kezel\u0151orvosa t\u00e1j\u00e9koztatja. A folyamatos ell\u00e1t\u00e1s biztos\u00edt\u00e1sa \u00e9rdek\u00e9ben k\u00e9rj\u00fck, hogy lehet\u0151s\u00e9g szerint 12:00 \u00f3r\u00e1ig t\u00e1vozzanak az oszt\u00e1lyr\u00f3l.<\/p>\n<p>A beteg saj\u00e1t felel\u0151ss\u00e9g\u00e9re d\u00f6nthet \u00fagy, hogy \u00f6nk\u00e9nt elhagyja a Klinik\u00e1t. A t\u00e1voz\u00e1si sz\u00e1nd\u00e9kot el\u0151zetesen a kezel\u0151orvosnak kell bejelenteni. A gy\u00f3gykezel\u00e9s megszak\u00edt\u00e1s\u00e1nak v\u00e1rhat\u00f3 k\u00f6vetkezm\u00e9nyeir\u0151l, az \u00e1llapot\u00e1r\u00f3l felvil\u00e1gos\u00edt\u00e1st kap, ennek tudat\u00e1ban d\u00f6nthet az \u00f6nk\u00e9nt t\u00e1voz\u00e1s mellett. A kezel\u0151orvos ezt a t\u00e9nyt r\u00f6gz\u00edti a betegdokument\u00e1ci\u00f3ban, amelyet a beteg al\u00e1\u00edr\u00e1s\u00e1val meger\u0151s\u00edt, \u00e9s a beteg z\u00e1r\u00f3jelent\u00e9st kap a k\u00f3rh\u00e1zi kezel\u00e9sr\u0151l.<\/p>\n<p>Amennyiben el\u0151zetes bejelent\u00e9s n\u00e9lk\u00fcl t\u00e1vozik a Klinik\u00e1r\u00f3l, akkor ezt a t\u00e9nyt a kezel\u0151orvos a beteg dokument\u00e1ci\u00f3j\u00e1ban felt\u00fcnteti; amennyiben a beteg eg\u00e9szs\u00e9gi \u00e1llapota sz\u00fcks\u00e9gess\u00e9 teszi, az \u00f6nk\u00e9nyes t\u00e1voz\u00e1s t\u00e9ny\u00e9r\u0151l \u00e9rtes\u00edti a t\u00e1voz\u00f3 beteg h\u00e1ziorvos\u00e1t \u00e9s\/vagy az illet\u00e9kes hat\u00f3s\u00e1got, illetve a beteg legk\u00f6zelebbi hozz\u00e1tartoz\u00f3j\u00e1t vagy t\u00f6rv\u00e9nyes k\u00e9pvisel\u0151j\u00e9t, t\u00e1mogat\u00f3j\u00e1t.<\/p>\n<p><strong>A betegek jogai<\/strong><\/p>\n<p>A betegek jogair\u00f3l, valamint <strong>a betegjogi k\u00e9pvisel\u0151 el\u00e9rhet\u0151s\u00e9g\u00e9r\u0151l<\/strong> az oszt\u00e1lyokon kif\u00fcggesztett t\u00e1j\u00e9koztat\u00f3kb\u00f3l \u00e9rtes\u00fclhetnek. A beteg \u00e9s hozz\u00e1tartoz\u00f3i jogaik gyakorl\u00e1sa sor\u00e1n k\u00f6telesek tiszteletben tartani m\u00e1s betegek jogait, ezek gyakorl\u00e1sa nem s\u00e9rtheti az eg\u00e9szs\u00e9g\u00fcgyi dolgoz\u00f3knak t\u00f6rv\u00e9nyben foglalt jogait.<\/p>\n<p><strong><em>Az eg\u00e9szs\u00e9g\u00fcgyi dolgoz\u00f3 eg\u00e9szs\u00e9g\u00fcgyi szolg\u00e1ltat\u00e1s ny\u00fajt\u00e1s\u00e1val \u00f6sszef\u00fcgg\u0151 tev\u00e9kenys\u00e9g v\u00e9gz\u00e9se sor\u00e1n k\u00f6zfeladatot ell\u00e1t\u00f3 szem\u00e9lynek min\u0151s\u00fcl.<\/em><\/strong><\/p>\n<p><strong>A betegek k\u00f6telezetts\u00e9gei<\/strong><\/p>\n<p>A beteg az eg\u00e9szs\u00e9g\u00fcgyi szolg\u00e1ltat\u00e1s ig\u00e9nybev\u00e9telekor<\/p>\n<ul>\n<li>k\u00f6teles tiszteletben tartani az erre vonatkoz\u00f3 jogszab\u00e1lyokat \u00e9s az eg\u00e9szs\u00e9g\u00fcgyi szolg\u00e1ltat\u00f3 m\u0171k\u00f6d\u00e9si rendj\u00e9t, h\u00e1zirendj\u00e9t,<\/li>\n<li>k\u00f6teles az ell\u00e1t\u00e1s\u00e1ban k\u00f6zrem\u0171k\u00f6d\u0151 eg\u00e9szs\u00e9g\u00fcgyi dolgoz\u00f3kkal k\u00e9pess\u00e9gei \u00e9s ismeretei szerint egy\u00fcttm\u0171k\u00f6dni,<\/li>\n<li>t\u00e1j\u00e9koztat\u00e1st adni mindarr\u00f3l, amely a k\u00f3risme meg\u00e1llap\u00edt\u00e1s\u00e1hoz sz\u00fcks\u00e9ges, vagy m\u00e1sok \u00e9let\u00e9t vagy testi \u00e9ps\u00e9g\u00e9t vesz\u00e9lyeztetheti, valamint az eg\u00e9szs\u00e9g\u00fcgyi ell\u00e1t\u00e1st \u00e9rint\u0151, kor\u00e1bban tett jognyilatkozat\u00e1r\u00f3l,<\/li>\n<li>k\u00f6teles a gy\u00f3gykezel\u00e9s\u00e9vel kapcsolatban t\u0151l\u00fck kapott rendelkez\u00e9seket betartani,<\/li>\n<li>szem\u00e9lyes adatait hitelt \u00e9rdeml\u0151en igazolni,<\/li>\n<li>a jogszab\u00e1ly \u00e1ltal el\u0151\u00edrt vagy a jogszab\u00e1ly alapj\u00e1n a szolg\u00e1ltat\u00f3 \u00e1ltal meg\u00e1llap\u00edtott t\u00e9r\u00edt\u00e9si d\u00edjat megfizetni.<\/li>\n<\/ul>\n<p><strong>Panaszok kezel\u00e9se<\/strong><\/p>\n<p>Panaszaival, \u00e9szrev\u00e9teleivel kezel\u0151orvos\u00e1hoz, a r\u00e9szlegvezet\u0151 orvoshoz, az oszt\u00e1lyvezet\u0151 \u00e1pol\u00f3hoz, a Klinika igazgat\u00f3j\u00e1hoz, valamint a klinikai vezet\u0151 \u00e1pol\u00f3hoz vagy a betegjogi k\u00e9pvisel\u0151h\u00f6z fordulhat.<\/p>\n<p><strong>\u00c9rt\u00e9kt\u00e1rgyak kezel\u00e9se<\/strong><\/p>\n<p>A betegek \u00e9rt\u00e9kt\u00e1rgyaikat, k\u00e9szp\u00e9nz\u00fcket csak saj\u00e1t felel\u0151ss\u00e9g\u00fckre tarthatnak magukn\u00e1l, azok meg\u0151rz\u00e9s\u00e9r\u0151l akkor tudunk gondoskodni, ha let\u00e9tk\u00e9nt elhelyezik.<\/p>\n<p>Befekv\u00e9sekor az oszt\u00e1lyon t\u00e1j\u00e9koztat\u00e1st kap az \u00e9rt\u00e9kkezel\u00e9sr\u0151l. <strong><em>Let\u00e9tbe nem helyezett p\u00e9nz\u00f6sszeg\u00e9rt, \u00e9rt\u00e9kt\u00e1rgyak\u00e9rt a Klinika nem tud felel\u0151ss\u00e9get v\u00e1llalni.<\/em><\/strong><\/p>\n<p><strong>Kapcsolattart\u00e1s<\/strong><\/p>\n<p><strong>L\u00e1togat\u00e1si id\u0151:<\/strong><\/p>\n<ul>\n<li>munkanapokon 15:00\u201317:00 \u00f3ra k\u00f6z\u00f6tt,<\/li>\n<li>h\u00e9tv\u00e9g\u00e9n \u00e9s munkasz\u00fcneti napokon 10:00\u201312:00 \u00f3ra, valamint 15:00\u201317:00 \u00f3ra k\u00f6z\u00f6tt.<\/li>\n<\/ul>\n<p>Fennj\u00e1r\u00f3 betegek hozz\u00e1tartoz\u00f3ikat, l\u00e1togat\u00f3ikat lehet\u0151s\u00e9g szerint a k\u00f3rtermen k\u00edv\u00fcl (folyos\u00f3k, k\u00f6z\u00f6s ter\u00fcletek) fogadj\u00e1k. Fekv\u0151betegek l\u00e1togat\u00e1sa a k\u00f3rteremben t\u00f6rt\u00e9nik.<strong><em> Egy betegn\u00e9l egyszerre lehet\u0151s\u00e9g szerint csak egy l\u00e1togat\u00f3 tart\u00f3zkodjon.<\/em><\/strong> A k\u00f3rtermekben az \u00e1gyakra \u00fclni TILOS!<\/p>\n<p><strong><em>A k\u00f3rterembe bel\u00e9pve, illetve t\u00e1voz\u00e1skor, k\u00e9rj\u00fck, haszn\u00e1lj\u00e1k a kihelyezett k\u00e9zfert\u0151tlen\u00edt\u0151 szereket!<\/em><\/strong><\/p>\n<p>Gyermekek csak kiv\u00e9teles esetben l\u00e1togassanak beteget, ilyenkor k\u00e9rj\u00fck a sz\u00fcl\u0151ket a fokozott fel\u00fcgyeletre.<\/p>\n<p>S\u00falyos \u00e1llapot\u00fa betegek eset\u00e9n, ha a hozz\u00e1tartoz\u00f3 a beteg mellett k\u00edv\u00e1n tart\u00f3zkodni, k\u00e9r\u00e9s\u00e9t a kezel\u0151orvosnak kell jeleznie, aki a m\u0171k\u00f6d\u00e9si rendben foglaltak szerint enged\u00e9lyezi a beteg melletti benntart\u00f3zkod\u00e1st.<\/p>\n<p>Vizitek, orvosi \u00e9s\/vagy \u00e1pol\u00f3i beavatkoz\u00e1sok alatt l\u00e1togat\u00f3 nem tart\u00f3zkodhat a k\u00f3rteremben.<\/p>\n<p><strong><em>Elk\u00fcl\u00f6n\u00edtett betegek l\u00e1togat\u00e1sa:<\/em><\/strong> betegek elk\u00fcl\u00f6n\u00edt\u00e9s\u00e9re (izol\u00e1ci\u00f3ra) k\u00e9t esetben ker\u00fcl sor:<\/p>\n<ul>\n<li>a beteg \u00e1llapot\u00e1b\u00f3l ad\u00f3d\u00f3an fokozottan hajlamos fert\u0151z\u00e9sre, vagy<\/li>\n<li>olyan k\u00f3rokoz\u00f3val fert\u0151z\u00f6tt, amely k\u00f3rh\u00e1zi j\u00e1rv\u00e1ny kialakul\u00e1s\u00e1hoz vezethet.<\/li>\n<\/ul>\n<p>Az elk\u00fcl\u00f6n\u00edtett beteg a k\u00f3rtermet NEM HAGYHATJA EL, csak indokolt esetben (pl. k\u00f3rteremben nem kivitelezhet\u0151 vizsg\u00e1lat). A k\u00f3rteremben a l\u00e1togat\u00f3k sz\u00e1m\u00e1ra is k\u00f6telez\u0151 a v\u00e9d\u0151felszerel\u00e9s visel\u00e9se (k\u00f6peny, cip\u0151v\u00e9d\u0151, maszk, k\u00e9zfert\u0151tlen\u00edt\u0151 haszn\u00e1lata). A v\u00e9d\u0151felszerel\u00e9st a k\u00f3rterembe l\u00e9p\u00e9s el\u0151tt fel kell venni, kil\u00e9p\u00e9skor levenni. V\u00e9d\u0151felszerel\u00e9st az adott k\u00f3rtermen k\u00edv\u00fcl nem szabad viselni.<\/p>\n<p>J\u00e1rv\u00e1nyok idej\u00e9n a Klinika igazgat\u00f3ja teljes vagy r\u00e9szleges l\u00e1togat\u00e1si tilalmat rendelhet el.<\/p>\n<p><strong>Telefonos t\u00e1j\u00e9koztat\u00e1s<\/strong><\/p>\n<p>Telefonon csak az ell\u00e1t\u00e1s t\u00e9ny\u00e9r\u0151l adunk felvil\u00e1gos\u00edt\u00e1st, amennyiben a beteg hozz\u00e1j\u00e1rult. Kiv\u00e9telt k\u00e9peznek a rendk\u00edv\u00fcli esetek, amelyben a beteg \u00e1ltal megadott hozz\u00e1tartoz\u00f3t \u00e9rtes\u00edtj\u00fck.<\/p>\n<p><strong>Beteg\u00e9tkeztet\u00e9s<\/strong><\/p>\n<p>A Klinika az orvosi el\u0151\u00edr\u00e1soknak megfelel\u0151 di\u00e9t\u00e1s \u00e9tkez\u00e9st biztos\u00edt az \u00e1pol\u00e1s r\u00e9szek\u00e9nt. Az \u00e9tkez\u00e9ssel kapcsolatos k\u00e9rd\u00e9seiket, \u00e9szrev\u00e9teleiket az \u00e1pol\u00f3nak, az oszt\u00e1lyos dietetikusnak vagy a kezel\u0151orvosnak jelezz\u00e9k. A di\u00e9ta a kezel\u00e9s r\u00e9sze, ez\u00e9rt k\u00e9rj\u00fck, hogy csak az \u00d6n sz\u00e1m\u00e1ra enged\u00e9lyezett \u00e9lelmiszereket fogyassz\u00e1k. \u00a0A szolg\u00e1ltat\u00e1st a Semmelweis Egyetem szerz\u0151d\u00e9ses partnere biztos\u00edtja. Minden oszt\u00e1lyon mikrohull\u00e1m\u00fa \u00e9telmeleg\u00edt\u0151 \u00e9s h\u0171t\u0151szekr\u00e9ny \u00e1ll betegeink rendelkez\u00e9sre. \u00c9lelmiszert kisebb mennyis\u00e9gben, n\u00e9v, k\u00f3rterem, \u00e1gysz\u00e1m \u00e9s d\u00e1tum megjel\u00f6l\u00e9s\u00e9vel a betegek sz\u00e1m\u00e1ra biztos\u00edtott h\u0171t\u0151szekr\u00e9nyben lehet t\u00e1rolni. (A n\u00e9v \u00e9s d\u00e1tum n\u00e9lk\u00fcli \u00e9lelmiszerek megsemmis\u00edt\u00e9sre ker\u00fclnek.) T\u00e1voz\u00e1skor a marad\u00e9kot dobj\u00e1k ki. K\u00e9rj\u00fck betegeinket, hogy a k\u00f3rterem ablakaiban, padl\u00f3n, \u00e9jjeli szekr\u00e9nyben ne tartsanak romland\u00f3 \u00e9lelmiszert, mert a nem megfelel\u0151en t\u00e1rolt \u00e9lelmiszerek vesz\u00e9lyt jelentenek.<\/p>\n<p><strong>Egy\u00e9b, \u00e1ltal\u00e1nos szab\u00e1lyok<\/strong><\/p>\n<p>A Klinika ter\u00fclet\u00e9n tilos a doh\u00e1nyz\u00e1s, a szeszesital-fogyaszt\u00e1s, valamint tudatm\u00f3dos\u00edt\u00f3 szerek (k\u00e1b\u00edt\u00f3szer) haszn\u00e1lata!<\/p>\n<p>Telev\u00edzi\u00f3z\u00e1s, r\u00e1di\u00f3hallgat\u00e1s, internet- \u00e9s mobiltelefon-haszn\u00e1lat az oszt\u00e1ly m\u0171k\u00f6d\u00e9si rendje szerint \u00e9s a betegt\u00e1rsak zavar\u00e1sa n\u00e9lk\u00fcl enged\u00e9lyezett.<\/p>\n<p>A Klinika ter\u00fclet\u00e9n k\u00e9p- \u00e9s hangfelv\u00e9tel k\u00e9sz\u00edt\u00e9se \u00edr\u00e1sos enged\u00e9ly n\u00e9lk\u00fcl TILOS!<\/p>\n","protected":false},"excerpt":{"rendered":"<p>Tisztelt Betegeink, L\u00e1togat\u00f3k! Jelen h\u00e1zirend mindazokat az \u00e1ltal\u00e1nos tudnival\u00f3kat tartalmazza, amelyek a Semmelweis Egyetem Belgy\u00f3gy\u00e1szati \u00e9s Hematol\u00f3giai Klinika minden fekv\u0151beteg-ell\u00e1t\u00f3 r\u00e9szleg\u00e9re egys\u00e9gesen \u00e9rv\u00e9nyesek. Az egyes oszt\u00e1lyok napi m\u0171k\u00f6d\u00e9si rendj\u00e9r\u0151l a felv\u00e9telt k\u00f6vet\u0151en az oszt\u00e1lyon kapnak pontos t\u00e1j\u00e9koztat\u00e1st. A Klinik\u00e1n foly\u00f3 gy\u00f3gy\u00edt\u00f3 munka eredm\u00e9nyess\u00e9ge \u00e9s betegeink nyugalma \u00e9rdek\u00e9ben a H\u00e1zirendben foglalt szab\u00e1lyokat, k\u00e9rj\u00fck, tartsa be. Ezzel &hellip;<\/p>\n","protected":false},"author":334,"featured_media":0,"parent":251,"menu_order":2,"comment_status":"closed","ping_status":"closed","template":"","meta":{"_acf_changed":false,"footnotes":""},"categories":[],"tags":[],"class_list":["post-35","page","type-page","status-publish","hentry"],"acf":[],"_links":{"self":[{"href":"https:\/\/semmelweis.hu\/belhema\/wp-json\/wp\/v2\/pages\/35","targetHints":{"allow":["GET"]}}],"collection":[{"href":"https:\/\/semmelweis.hu\/belhema\/wp-json\/wp\/v2\/pages"}],"about":[{"href":"https:\/\/semmelweis.hu\/belhema\/wp-json\/wp\/v2\/types\/page"}],"author":[{"embeddable":true,"href":"https:\/\/semmelweis.hu\/belhema\/wp-json\/wp\/v2\/users\/334"}],"replies":[{"embeddable":true,"href":"https:\/\/semmelweis.hu\/belhema\/wp-json\/wp\/v2\/comments?post=35"}],"version-history":[{"count":9,"href":"https:\/\/semmelweis.hu\/belhema\/wp-json\/wp\/v2\/pages\/35\/revisions"}],"predecessor-version":[{"id":1295,"href":"https:\/\/semmelweis.hu\/belhema\/wp-json\/wp\/v2\/pages\/35\/revisions\/1295"}],"up":[{"embeddable":true,"href":"https:\/\/semmelweis.hu\/belhema\/wp-json\/wp\/v2\/pages\/251"}],"wp:attachment":[{"href":"https:\/\/semmelweis.hu\/belhema\/wp-json\/wp\/v2\/media?parent=35"}],"wp:term":[{"taxonomy":"category","embeddable":true,"href":"https:\/\/semmelweis.hu\/belhema\/wp-json\/wp\/v2\/categories?post=35"},{"taxonomy":"post_tag","embeddable":true,"href":"https:\/\/semmelweis.hu\/belhema\/wp-json\/wp\/v2\/tags?post=35"}],"curies":[{"name":"wp","href":"https:\/\/api.w.org\/{rel}","templated":true}]}}