{"id":243,"date":"2023-03-21T10:12:35","date_gmt":"2023-03-21T09:12:35","guid":{"rendered":"https:\/\/semmelweis.hu\/belhema\/?page_id=243"},"modified":"2025-06-03T09:49:18","modified_gmt":"2025-06-03T07:49:18","slug":"szakdolgozatok-rektori-palyamunkak","status":"publish","type":"page","link":"https:\/\/semmelweis.hu\/belhema\/oktatas\/szakdolgozatok-rektori-palyamunkak\/","title":{"rendered":"Szakdolgozatok\/rektori p\u00e1lyamunk\u00e1k"},"content":{"rendered":"<h4 style=\"text-align: center\">Szakdolgozat\/REKTORI P\u00c1LYAMUNKA c\u00edmlista<br \/>\n2025\/2026. tan\u00e9v<\/h4>\n<p style=\"text-align: center\">(friss\u00edtve: 2025.06.03.)<\/p>\n<p><strong>Konzulens: Dr. Bod\u00f3 Imre egyetemi docens<\/strong><\/p>\n<ul style=\"list-style-type: square\">\n<li>A szerzett hemof\u00edlia immunszuppressz\u00edv kezel\u00e9se<\/li>\n<\/ul>\n<p><strong>Konzulens: Dr. Farkas Henriette egyetemi tan\u00e1r<\/strong><\/p>\n<ul style=\"list-style-type: square\">\n<li>T\u00e1rsul\u00f3 betegs\u00e9gek felm\u00e9r\u00e9se C1-INH-HAE-ban<\/li>\n<li>Quality of life felm\u00e9r\u00e9se feln\u0151tt C1-INH-HAE betegekben<\/li>\n<li>Fejf\u00e1j\u00e1s felm\u00e9r\u00e9se C1-INH-HAE-ban<\/li>\n<li>A mikrobiom vizsg\u00e1lata C1-INH-HAE-ban<\/li>\n<li>Az erythema marginatum klinikai param\u00e9tereinek vizsg\u00e1lata<\/li>\n<li>Erythema marginatum sor\u00e1n t\u00f6rt\u00e9n\u0151 kezel\u00e9s hat\u00e1soss\u00e1g\u00e1nak felm\u00e9r\u00e9se<\/li>\n<li>Kil\u00e9legzett leveg\u0151 vizsg\u00e1lata C1-INH-HAE betegekben<\/li>\n<li>Szexu\u00e1lhormonok felm\u00e9r\u00e9se C1-INH-HAE betegekben<\/li>\n<li>Endorfinszintek m\u00e9r\u00e9se C1-INH-HAE-ban<\/li>\n<li>\u00d6ninjekci\u00f3z\u00e1s sikeress\u00e9g\u00e9nek felm\u00e9r\u00e9se C1-INH-HAE-ban<\/li>\n<li>H\u00fagysav \u00e9s XII-es faktor vizsg\u00e1lata C1-INH-HAE betegekben<\/li>\n<li>HANO, allergia \u00e1s autoimmunit\u00e1s<\/li>\n<\/ul>\n<p><strong>Konzulens: Dr. Farkas Henriette egyetemi tan\u00e1r, Dr. Szil\u00e1gyi \u00c1gnes tudom\u00e1nyos f\u0151munkat\u00e1rs<\/strong><\/p>\n<ul style=\"list-style-type: square\">\n<li>HANO, allergia \u00e9s a nem-C1inh hi\u00e1nyos angio\u00f6d\u00e9ma genetikai vizsg\u00e1lta<\/li>\n<\/ul>\n<p><strong>Konzulens: Dr. Farkas P\u00e9ter klinikai f\u0151orvos<\/strong><\/p>\n<ul style=\"list-style-type: square\">\n<li>Akut lymphoid leukaemia<\/li>\n<\/ul>\n<p><strong>Konzulens: Dr. Horv\u00e1th Anna adjunktus<\/strong><\/p>\n<ul style=\"list-style-type: square\">\n<li>A nyirok\u00f6d\u00e9ma \u00e9s kezel\u00e9si lehet\u0151s\u00e9gei<\/li>\n<li>F\u00e1jdalomcsillap\u00edt\u00e1s az onkol\u00f3giai betegek k\u00f6r\u00e9ben<\/li>\n<li>A Von Hippel-Lindau szindr\u00f3ma patogenezise \u00e9s a sziszt\u00e9m\u00e1s kezel\u00e9si szempontok \u00e1ttekint\u00e9se<\/li>\n<\/ul>\n<p><strong>Konzulens: Dr. Hossz\u00fafalusi N\u00f3ra egyetemi tan\u00e1r, Dr. Kis J\u00e1nos Tibor PhD<\/strong><\/p>\n<ul style=\"list-style-type: square\">\n<li>Pankreatog\u00e9n diabetes &#8211; a pancreatectomiz\u00e1lt betegek cukorbetegs\u00e9g\u00e9nek kezel\u00e9se<\/li>\n<\/ul>\n<p><strong>Konzulens: Dr. Jenei Zsigmond adjunktus<\/strong><\/p>\n<ul style=\"list-style-type: square\">\n<li>Az \u00e9letm\u00f3d \u00e9s a kardiovaszkul\u00e1ris betegs\u00e9gek kapcsolata<\/li>\n<li>A kardiovaszkul\u00e1ris prevenci\u00f3 hat\u00e9konys\u00e1g\u00e1nak n\u00f6vel\u00e9se<\/li>\n<li>A kardiorespiratorikus fitts\u00e9g felm\u00e9r\u00e9se<\/li>\n<li>Sz\u00edvel\u00e9gtelen betegek szupport\u00edv ell\u00e1t\u00e1sa<\/li>\n<li>Sz\u00edvamyloidosisos betegek szupport\u00edv ell\u00e1t\u00e1sa<\/li>\n<li>A cukorbetegs\u00e9g \u00e9s a praediabetes korai diagnosztiz\u00e1l\u00e1sa<\/li>\n<li>Magasv\u00e9rnyom\u00e1s \u00e9s az \u00e9letm\u00f3d szerepe<\/li>\n<li>Az ultrahang szerepe az akut betegell\u00e1t\u00e1sban<\/li>\n<li>A POCUS szerepe a differenci\u00e1ldiagn\u00f3zisban<\/li>\n<li>A t\u00fcd\u0151 ultrahangvizsg\u00e1lat\u00e1nak szerepe a differenci\u00e1ldiagn\u00f3zisban<\/li>\n<li>Clostridium difficile fert\u0151z\u00e9s sz\u00edvel\u00e9gtelen betegek k\u00f6r\u00e9ben<\/li>\n<li>A Clostridium difficile fert\u0151z\u00e9s visszaszor\u00edt\u00e1s\u00e1nak lehet\u0151s\u00e9gei<\/li>\n<\/ul>\n<p><strong>Konzulens: Dr. Kalabay L\u00e1szl\u00f3 egyetemi tan\u00e1r<\/strong><\/p>\n<ul style=\"list-style-type: square\">\n<li>Fetuin-A: \u00e9lettani m\u0171k\u00f6d\u00e9s, diagnosztikus jelent\u0151s\u00e9g, ter\u00e1pi\u00e1s t\u00e1vlatok<\/li>\n<\/ul>\n<p><strong>Konzulens: Dr. M\u0171zes Gy\u00f6rgyi egyetemi docens<\/strong><\/p>\n<ul style=\"list-style-type: square\">\n<li>COVID-19 \u00e9s autoimmunit\u00e1s<\/li>\n<li>Paraneoplasi\u00e1s autoimmun szindr\u00f3m\u00e1k<\/li>\n<li>Behcet-k\u00f3r: egy ritka vasculitis<\/li>\n<li>Autoinflamm\u00e1ci\u00f3s k\u00f3rk\u00e9pek<\/li>\n<li>Az immunrendszer \u00e9s a malignit\u00e1s \u00f6sszef\u00fcgg\u00e9sei<\/li>\n<li>IgG4-asszoci\u00e1lt k\u00f3rk\u00e9pek<\/li>\n<li>A microbiom jelent\u0151s\u00e9ge autoimmun k\u00f3rk\u00e9pekben<\/li>\n<li>Antiphospholipid szindr\u00f3ma<\/li>\n<li>A coeliakia, mint sziszt\u00e9m\u00e1s autoimmun betegs\u00e9g<\/li>\n<li>\u00dajabb ter\u00e1pi\u00e1s lehet\u0151s\u00e9gek autoimmun betegs\u00e9gekben<\/li>\n<li>Anti-tumor immunter\u00e1pia<\/li>\n<\/ul>\n<p><strong>Konzulens: Dr. Nagy G\u00e9za adjunktus<\/strong><\/p>\n<ul style=\"list-style-type: square\">\n<li>\u0150ssejtter\u00e1pia 1-es t\u00edpus\u00fa diab\u00e9teszben<\/li>\n<li>Diabetes mellitus \u00e9s pszichi\u00e1triai k\u00f3rk\u00e9pek kapcsolata<\/li>\n<li>1-es t\u00edpus\u00fa diabetes mellitus \u00e9s a nem alkoholos zs\u00edrm\u00e1j betegs\u00e9g<\/li>\n<li>Az 1-es t\u00edpus\u00fa cukorbetegs\u00e9g modern kezel\u00e9se: betegs\u00e9gm\u00f3dos\u00edt\u00f3 ter\u00e1pi\u00e1s lehet\u0151s\u00e9gek<\/li>\n<li>1-es t\u00edpus\u00fa diabetes mellitus<\/li>\n<li>Az 1-es t\u00edpus\u00fa cukorbetegs\u00e9g pszichol\u00f3giai vonatkoz\u00e1sai \u00e9s \u00f6sszef\u00fcgg\u00e9sek a folyamatos gl\u00fck\u00f3zm\u00e9r\u0151 rendszerekkel<\/li>\n<\/ul>\n<p><strong>Konzulens: Dr. Pesk\u00f3 Gergely adjunktus<\/strong><\/p>\n<ul style=\"list-style-type: square\">\n<li>Multirezisztens k\u00f3rokoz\u00f3k a klinikumban<\/li>\n<li>H\u00fagy\u00fati fert\u0151z\u00e9sek a klinikai gyakorlatban<\/li>\n<li>Akut leuk\u00e9mi\u00e1s betegek infekci\u00f3i a klinikumban<\/li>\n<li>E. coli fert\u0151z\u00e9sek a klinikumban<\/li>\n<li>Belgy\u00f3gy\u00e1szati betegek infekci\u00f3i a klinikumban<\/li>\n<li>Karbapenem-rezisztens Enterobacteralesek (CRE) okozta fert\u0151z\u00e9sek a klinikumban<\/li>\n<li>S. aureus okozta v\u00e9r\u00e1ram fert\u0151z\u00e9sek a klinikai gyakorlatban<\/li>\n<li>Pseudomonas aeruginosa okozta v\u00e9r\u00e1ram fert\u0151z\u00e9sek a klinikai gyakorlatban<\/li>\n<li>Hemokult\u00far\u00e1k haszn\u00e1lata a klinikumban<\/li>\n<\/ul>\n<p><strong>Konzulens: Dr. Pozsonyi Zolt\u00e1n egyetemi docens<\/strong><\/p>\n<ul style=\"list-style-type: square\">\n<li>A sz\u00edv amyloidosis diagnosztik\u00e1ja, kezel\u00e9se<\/li>\n<li>Az onko-kardiol\u00f3gia evol\u00faci\u00f3ja<\/li>\n<li>Colorectalis daganatok kezel\u00e9s\u00e9nek kardiol\u00f3giai vonatkoz\u00e1sai<\/li>\n<li>A sz\u00edvel\u00e9gtelens\u00e9g onko-kardiol\u00f3giai vonatkoz\u00e1sai<\/li>\n<li>Infekt\u00edv endocarditis modern diagnosztik\u00e1ja \u00e9s kezel\u00e9se<\/li>\n<li>Infekt\u00edv endocarditis kezel\u00e9s\u00e9ben szerzett tapasztalatok a Belgy\u00f3gy\u00e1szati \u00e9s Hematol\u00f3gia Klinik\u00e1n<\/li>\n<\/ul>\n<p><strong>Konzulens: Dr. Proh\u00e1szka Zolt\u00e1n egyetemi tan\u00e1r<\/strong><\/p>\n<ul style=\"list-style-type: square\">\n<li>A trombotikus mikroangiop\u00e1ti\u00e1k etiopatogenezis\u00e9nek vizsg\u00e1lata<\/li>\n<li>Patogenetikai t\u00e9nyez\u0151k vizsg\u00e1lata az at\u00edpusos HUS autoimmun form\u00e1j\u00e1nak h\u00e1tter\u00e9ben<\/li>\n<li>Trombotikus mikroangiop\u00e1ti\u00e1k laborat\u00f3riumi differenci\u00e1ldiagnosztik\u00e1ja<\/li>\n<\/ul>\n<p><strong>Konzulens: Dr. S\u00e1rm\u00e1n Beatrix egyetemi docens<\/strong><\/p>\n<ul style=\"list-style-type: square\">\n<li>Gl\u00fck\u00f3zmonitoroz\u00e1si lehet\u0151s\u00e9gek 1-es t\u00edpus\u00fa diabetes mellitusos any\u00e1k v\u00e1rand\u00f3ss\u00e1ga alatt<\/li>\n<li>24 \u00f3r\u00e1s folyamatos gl\u00fck\u00f3zmonitoroz\u00e1ssal szerzett tapasztalatok 1-es t\u00edpus\u00fa diabetes mellitusban<\/li>\n<li>Inzulinpumpa \u00e9s terhess\u00e9g<\/li>\n<li>Az intrauterin milieu fontoss\u00e1ga cukorbetegs\u00e9gben<\/li>\n<li>A v\u00e1rand\u00f3ss\u00e1g endokrin vonatkoz\u00e1sai<\/li>\n<\/ul>\n<p><strong>Konzulens: Dr. Sinkovits Gy\u00f6rgy tudom\u00e1nyos munkat\u00e1rs<\/strong><\/p>\n<ul style=\"list-style-type: square\">\n<li>Rituximab-induk\u00e1lt komplement medi\u00e1lt l\u00edzist befoly\u00e1sol\u00f3 t\u00e9nyez\u0151k vizsg\u00e1lata \u00e1raml\u00e1si citometri\u00e1val, Raji B-sejt modellen<\/li>\n<\/ul>\n<p><strong>Konzulens: Dr. Sinkovits Gy\u00f6rgy tudom\u00e1nyos munkat\u00e1rs, Dr. Csuka Dorottya tudom\u00e1nyos f\u0151munkat\u00e1rs<\/strong><\/p>\n<ul style=\"list-style-type: square\">\n<li>A SARS CoV-2 infekci\u00f3 patogenezise<\/li>\n<\/ul>\n<p><strong>Konzulens: Dr. Sipos Ferenc adjunktus<\/strong><\/p>\n<ul style=\"list-style-type: square\">\n<li>A microbiom jelent\u0151s\u00e9ge Crohn-betegs\u00e9gben<\/li>\n<li>A vastagb\u00e9lr\u00e1k \u00fajabb kezel\u00e9si lehet\u0151s\u00e9gei<\/li>\n<li>A SARS-CoV2 infekci\u00f3 \u00e9s a GI rendszer \u00f6sszef\u00fcgg\u00e9sei<\/li>\n<li>A gyullad\u00e1sos b\u00e9lbetegs\u00e9g extraintestinalis megnyilv\u00e1nul\u00e1sai<\/li>\n<li>Autoimmun m\u00e1jbetegs\u00e9gek<\/li>\n<li>\u00c9telallergia vs. \u00e9telintolerancia<\/li>\n<li>Eosinophili\u00e1val asszoci\u00e1lt GI k\u00f3rk\u00e9pek<\/li>\n<li>Hepatorenalis szindr\u00f3ma<\/li>\n<\/ul>\n<p><strong>Konzulens: Dr. Sipter Emese adjunktus<\/strong><\/p>\n<ul style=\"list-style-type: square\">\n<li>K\u00f6rnyezeti \u00e1rtalmak \u00e9s cukorbetegs\u00e9g<\/li>\n<li>Hyperlipidaemi\u00e1k a klinikai gyakorlatban<\/li>\n<li>NAFLD \u00e9s diabetes<\/li>\n<li>Infekci\u00f3k szerepe cukorbetegs\u00e9gben<\/li>\n<li>Gyullad\u00e1s \u00e9s komplementrendszer vizsg\u00e1lata 2-es t\u00edpus\u00fa cukorbetegekben<\/li>\n<\/ul>\n<p><strong>Konzulens: Dr. Szombath Gergely tan\u00e1rseg\u00e9d<\/strong><\/p>\n<ul style=\"list-style-type: square\">\n<li>\u00daj lehet\u0151s\u00e9gek az AML kezel\u00e9s\u00e9ben<\/li>\n<li>\u00daj lehet\u0151s\u00e9gek a non-Hodgkin lymphom\u00e1k kezel\u00e9s\u00e9ben<\/li>\n<\/ul>\n<p><strong>Konzulens: Dr. Varga Gergely egyetemi docens<\/strong><\/p>\n<ul style=\"list-style-type: square\">\n<li>A myeloma multiplex progn\u00f3zisa \u00e9s kezel\u00e9se<\/li>\n<li>Az akut myeloid leukaemia kezel\u00e9si lehet\u0151s\u00e9gei \u00e9s progn\u00f3zisa<\/li>\n<\/ul>\n<p><strong>Konzulens: Dr. V\u00e1rkonyi Judit egyetemi docens<\/strong><\/p>\n<ul style=\"list-style-type: square\">\n<li>Hemokromat\u00f3zis g\u00e9nvizsg\u00e1lat jelent\u0151s\u00e9ge hematol\u00f3giai betegs\u00e9gekben<\/li>\n<li>Sziszt\u00e9m\u00e1s masztocit\u00f3zis &#8211; kih\u00edv\u00e1sok a diagnosztik\u00e1ban<\/li>\n<\/ul>\n","protected":false},"excerpt":{"rendered":"<p>Szakdolgozat\/REKTORI P\u00c1LYAMUNKA c\u00edmlista 2025\/2026. tan\u00e9v (friss\u00edtve: 2025.06.03.) Konzulens: Dr. Bod\u00f3 Imre egyetemi docens A szerzett hemof\u00edlia immunszuppressz\u00edv kezel\u00e9se Konzulens: Dr. Farkas Henriette egyetemi tan\u00e1r T\u00e1rsul\u00f3 betegs\u00e9gek felm\u00e9r\u00e9se C1-INH-HAE-ban Quality of life felm\u00e9r\u00e9se feln\u0151tt C1-INH-HAE betegekben Fejf\u00e1j\u00e1s felm\u00e9r\u00e9se C1-INH-HAE-ban A mikrobiom vizsg\u00e1lata C1-INH-HAE-ban Az erythema marginatum klinikai param\u00e9tereinek vizsg\u00e1lata Erythema marginatum sor\u00e1n t\u00f6rt\u00e9n\u0151 kezel\u00e9s hat\u00e1soss\u00e1g\u00e1nak felm\u00e9r\u00e9se &hellip;<\/p>\n","protected":false},"author":334,"featured_media":0,"parent":46,"menu_order":3,"comment_status":"closed","ping_status":"closed","template":"","meta":{"_acf_changed":false,"footnotes":""},"categories":[],"tags":[],"class_list":["post-243","page","type-page","status-publish","hentry"],"acf":[],"_links":{"self":[{"href":"https:\/\/semmelweis.hu\/belhema\/wp-json\/wp\/v2\/pages\/243","targetHints":{"allow":["GET"]}}],"collection":[{"href":"https:\/\/semmelweis.hu\/belhema\/wp-json\/wp\/v2\/pages"}],"about":[{"href":"https:\/\/semmelweis.hu\/belhema\/wp-json\/wp\/v2\/types\/page"}],"author":[{"embeddable":true,"href":"https:\/\/semmelweis.hu\/belhema\/wp-json\/wp\/v2\/users\/334"}],"replies":[{"embeddable":true,"href":"https:\/\/semmelweis.hu\/belhema\/wp-json\/wp\/v2\/comments?post=243"}],"version-history":[{"count":11,"href":"https:\/\/semmelweis.hu\/belhema\/wp-json\/wp\/v2\/pages\/243\/revisions"}],"predecessor-version":[{"id":8832,"href":"https:\/\/semmelweis.hu\/belhema\/wp-json\/wp\/v2\/pages\/243\/revisions\/8832"}],"up":[{"embeddable":true,"href":"https:\/\/semmelweis.hu\/belhema\/wp-json\/wp\/v2\/pages\/46"}],"wp:attachment":[{"href":"https:\/\/semmelweis.hu\/belhema\/wp-json\/wp\/v2\/media?parent=243"}],"wp:term":[{"taxonomy":"category","embeddable":true,"href":"https:\/\/semmelweis.hu\/belhema\/wp-json\/wp\/v2\/categories?post=243"},{"taxonomy":"post_tag","embeddable":true,"href":"https:\/\/semmelweis.hu\/belhema\/wp-json\/wp\/v2\/tags?post=243"}],"curies":[{"name":"wp","href":"https:\/\/api.w.org\/{rel}","templated":true}]}}